{"id":149478,"date":"2022-09-12T07:18:57","date_gmt":"2022-09-12T10:18:57","guid":{"rendered":"https:\/\/sme.goiania.go.gov.br\/conexaoescola\/?post_type=ensino_fundamental&#038;p=149478"},"modified":"2024-02-22T09:55:21","modified_gmt":"2024-02-22T12:55:21","slug":"geografia-natureza-tempo-e-clima","status":"publish","type":"ensino_fundamental","link":"https:\/\/sme.goiania.go.gov.br\/conexaoescola\/ensino_fundamental\/geografia-natureza-tempo-e-clima\/","title":{"rendered":"GEOGRAFIA &#8211; NATUREZA: TEMPO E CLIMA"},"content":{"rendered":"\n<p class=\"has-text-align-center has-background has-medium-font-size\" style=\"background-color:#e2ecf1\"> ESTA PROPOSTA DE ATIVIDADE DE&nbsp;<strong>GEOGRAFIA<\/strong>&nbsp;\u00c9 DESTINADA AOS ESTUDANTES DO&nbsp;<strong>1\u00ba ANO DOS ANOS INICIAIS DO ENSINO FUNDAMENTAL.<\/strong><\/p>\n\n\n\n<p class=\"has-text-align-center\"><img decoding=\"async\" width=\"1078px;\" height=\"606px;\" src=\"https:\/\/lh4.googleusercontent.com\/8N_ckyJ-yfJbqTJxCEkuqIj7LWq_Afq581yrV8H12m_w9k1p7xMo_Va0p0o3LVO_xmRHWPjP9uhA-WwRLL3lQUxWqHCRNVRTvkohKYZcqt0tWxJPzbo0Xea2BaMGigZ6OlD3fcgHjm5F30L1KW3_rMJDIlR_Loh-_TsQ_c7eW9rAu8Q5XSya5ZmIFtAIKSA=s2048\"><\/p>\n\n\n\n<div class=\"wp-block-buttons is-content-justification-center is-layout-flex wp-container-core-buttons-is-layout-16018d1d wp-block-buttons-is-layout-flex\">\n<div class=\"wp-block-button\"><a class=\"wp-block-button__link wp-element-button\" href=\"https:\/\/docs.google.com\/document\/d\/15S2mdufy_bUHt7yIeAYb_nGbEd_mOJVQ\/copy\" target=\"_blank\" rel=\"noreferrer noopener\">BAIXE AS ATIVIDADES<\/a><\/div>\n\n\n\n<div class=\"wp-block-button\"><a class=\"wp-block-button__link wp-element-button\" href=\"https:\/\/docs.google.com\/presentation\/d\/1G45MVewodk-BFv-NnysD3ZrLKVvGC8ze\/copy\" target=\"_blank\" rel=\"noreferrer noopener\">BAIXE OS SLIDES<\/a><\/div>\n<\/div>\n\n\n\n<hr class=\"wp-block-separator has-css-opacity\"\/>\n\n\n\n<p class=\"has-text-align-center has-background has-medium-font-size\" style=\"background-color:#eff4ef\">EM SEU SENTIDO MAIS AMPLO, A NATUREZA EQUIVALE AO MUNDO NATURAL OU AO FEN\u00d4MENO DO MUNDO F\u00cdSICO QUE N\u00c3O DEPENDE DA INTERVEN\u00c7\u00c3O HUMANA PARA NASCER OU SE DESENVOLVER.<\/p>\n\n\n\n<p class=\"has-text-align-center has-background has-medium-font-size\" style=\"background-color:#f2e8eb\">A NATUREZA POSSUI UMA IMPORT\u00c2NCIA ESSENCIAL NA VIDA DOS SERES VIVOS, PRINCIPALMENTE PARA OS HUMANOS, QUE DEPENDEM DIARIAMENTE DOS SEUS IN\u00daMEROS RECURSOS, COMO \u00c1GUA POT\u00c1VEL, ANIMAIS, ALIMENTOS, OXIG\u00caNIO, CLIMA E O SOLO F\u00c9RTIL PARA O PLANTIO. <\/p>\n\n\n\n<p class=\"has-text-align-center has-background has-medium-font-size\" style=\"background-color:#f3f2fb\">O CLIMA \u00c9 O CONJUNTO DE FEN\u00d4MENOS ASSOCIADOS \u00c0S VARIA\u00c7\u00d5ES DO TEMPO DA ATMOSFERA TERRESTRE EM UM DETERMINADO LOCAL. <\/p>\n\n\n\n<p class=\"has-text-align-center has-background has-medium-font-size\" style=\"background-color:#f3f2fb\">GERALMENTE, O SEU CONCEITO APARECE EM OPOSI\u00c7\u00c3O \u00c0 IDEIA DE \u201cTEMPO\u201d, QUE SERIA O ESTADO MOMENT\u00c2NEO DA ATMOSFERA. <\/p>\n\n\n\n<p class=\"has-text-align-center has-background has-medium-font-size\" style=\"background-color:#f6efec\">PORTANTO, PARA SE CONHECER UM CLIMA DE UM DADO LUGAR, \u00c9 PRECISO V\u00c1RIOS ANOS DE ESTUDOS E OBSERVA\u00c7\u00d5ES PARA, FINALMENTE, ESTABELECER A CONCLUS\u00c3O SOBRE UM DETERMINADO TIPO CLIM\u00c1TICO.<\/p>\n\n\n\n<hr class=\"wp-block-separator has-css-opacity\"\/>\n\n\n\n<p class=\"has-text-align-center has-background has-medium-font-size\" style=\"background-color:#eef1e8\">VAMOS FAZER AS ATIVIDADES?<\/p>\n\n\n\n<p class=\"has-background has-medium-font-size\" style=\"background-color:#e5edf1\">QUEST\u00c3O 1<\/p>\n\n\n\n<p class=\"has-medium-font-size\">FA\u00c7A UM DESENHO QUE DEMONSTRE VOC\u00ca NOS DIAS QUENTES. DEPOIS, ESCREVA O QUE VOC\u00ca COSTUMA FAZER NESSES DIAS DE MUITO CALOR.<\/p>\n\n\n\n<figure class=\"wp-block-table is-style-regular\"><table><tbody><tr><td><br><br><br><br><br><br><br><br><br><br><br><br><\/td><\/tr><\/tbody><\/table><\/figure>\n\n\n\n<p class=\"has-text-align-center has-medium-font-size\">___________________________________________________________________<\/p>\n\n\n\n<p class=\"has-text-align-center has-medium-font-size\">___________________________________________________________________<\/p>\n\n\n\n<p class=\"has-text-align-center has-medium-font-size\">___________________________________________________________________<\/p>\n\n\n\n<p class=\"has-text-align-center has-medium-font-size\">___________________________________________________________________<\/p>\n\n\n\n<p class=\"has-text-align-center has-medium-font-size\">___________________________________________________________________<\/p>\n\n\n\n<p class=\"has-text-align-center has-medium-font-size\">___________________________________________________________________<\/p>\n\n\n\n<p class=\"has-text-align-center has-medium-font-size\">___________________________________________________________________<\/p>\n\n\n\n<hr class=\"wp-block-separator has-css-opacity\"\/>\n\n\n\n<p class=\"has-background has-medium-font-size\" style=\"background-color:#eaf2f6\">QUEST\u00c3O 2<\/p>\n\n\n\n<p class=\"has-medium-font-size\">FA\u00c7A UMA LISTA DE ALIMENTOS QUE VOC\u00ca COSTUMA COMER NOS DIAS QUENTES E FRIOS.&nbsp;<\/p>\n\n\n\n<figure class=\"wp-block-image\"><img decoding=\"async\" src=\"https:\/\/lh4.googleusercontent.com\/497dwD74I6RysDAuefb8fmCPAieh1HO5PRGqHFkL1lzVf35LSg-XaqmHJLi9lEcjeh7G1iKwKWKzecUw10ryuRYZYZC3sM6xJh8lq7lNY_pJwaBFNEt5EXQJTH7IvwCCF69SKWMMrQAulZnq8MoQJfBDSfC6ZPL_AdOUEsjBHi5XCNbGSfi9Uz-3Zg\" alt=\"\"\/><\/figure>\n\n\n\n<figure class=\"wp-block-table is-style-regular\"><table><tbody><tr><td class=\"has-text-align-center\" data-align=\"center\"><strong>DIAS QUENTES<\/strong><\/td><td class=\"has-text-align-center\" data-align=\"center\"><strong>DIAS FRIOS<\/strong><\/td><\/tr><tr><td class=\"has-text-align-center\" data-align=\"center\"><\/td><td class=\"has-text-align-center\" data-align=\"center\"><\/td><\/tr><tr><td class=\"has-text-align-center\" data-align=\"center\"><\/td><td class=\"has-text-align-center\" data-align=\"center\"><\/td><\/tr><tr><td class=\"has-text-align-center\" data-align=\"center\"><\/td><td class=\"has-text-align-center\" data-align=\"center\"><\/td><\/tr><tr><td class=\"has-text-align-center\" data-align=\"center\"><\/td><td class=\"has-text-align-center\" data-align=\"center\"><\/td><\/tr><\/tbody><\/table><\/figure>\n\n\n\n<hr class=\"wp-block-separator has-css-opacity\"\/>\n\n\n\n<p class=\"has-background has-medium-font-size\" style=\"background-color:#e2eaed\"><strong>Acesse os materiais referentes a essa atividade clicando aqui:<\/strong><a href=\"https:\/\/sme.goiania.go.gov.br\/conexaoescola\/propostas_didaticas\/propostas-didaticas-geografia-1o-ano\/\" target=\"_blank\" rel=\"noreferrer noopener\">https:\/\/sme.goiania.go.gov.br\/conexaoescola\/propostas_didaticas\/propostas-didaticas-geografia-1o-ano\/<\/a><\/p>\n\n\n\n<hr class=\"wp-block-separator has-css-opacity\"\/>\n\n\n\n<figure class=\"wp-block-table is-style-stripes\"><table><tbody><tr><td><strong>Componente Curricular:<\/strong><\/td><td>GEOGRAFIA<\/td><\/tr><tr><td><strong>Habilidade:<\/strong><\/td><td>(EF01GE11-A). RECONHECER E ASSOCIAR MUDAN\u00c7AS DE VESTU\u00c1RIO E H\u00c1BITOS ALIMENTARES EM SUA COMUNIDADE AO LONGO DO ANO, DECORRENTES DA VARIA\u00c7\u00c3O DE TEMPERATURA E UMIDADE NO AMBIENTE.<\/td><\/tr><\/tbody><\/table><\/figure>\n\n\n\n<hr class=\"wp-block-separator has-css-opacity\"\/>\n\n\n\n<figure class=\"wp-block-table is-style-stripes\"><table><tbody><tr><td>REFER\u00caNCIAS<\/td><td>GOVERNO DO ESTADO DE GOI\u00c1S. SECRET\u00c1RIA DE ESTADO DE EDUCA\u00c7\u00c3O \u2013 SEDUC\/CONSED. DOCUMENTO CURRICULAR PARA GOI\u00c1S \u2013 AMPLIADO: <strong>VOLUME II ENSINO FUNDAMENTAL ANOS INICIAIS<\/strong>.<br>IMAGENS RETIRADAS DO SITE: CANVA<\/td><\/tr><\/tbody><\/table><\/figure>\n\n\n\n<hr class=\"wp-block-separator has-css-opacity\"\/>\n","protected":false},"author":39,"featured_media":149479,"template":"","ef_categoria":[28],"ef_ano":[84],"ef_componente":[96],"class_list":["post-149478","ensino_fundamental","type-ensino_fundamental","status-publish","has-post-thumbnail","hentry","ef_categoria-educacao-ambiental-e-saude-ciclo-da-adolescencia-fg","ef_ano-1o-ano","ef_componente-geografia","entry","has-media"],"acf":[],"_links":{"self":[{"href":"https:\/\/sme.goiania.go.gov.br\/conexaoescola\/wp-json\/wp\/v2\/ensino_fundamental\/149478","targetHints":{"allow":["GET"]}}],"collection":[{"href":"https:\/\/sme.goiania.go.gov.br\/conexaoescola\/wp-json\/wp\/v2\/ensino_fundamental"}],"about":[{"href":"https:\/\/sme.goiania.go.gov.br\/conexaoescola\/wp-json\/wp\/v2\/types\/ensino_fundamental"}],"author":[{"embeddable":true,"href":"https:\/\/sme.goiania.go.gov.br\/conexaoescola\/wp-json\/wp\/v2\/users\/39"}],"version-history":[{"count":3,"href":"https:\/\/sme.goiania.go.gov.br\/conexaoescola\/wp-json\/wp\/v2\/ensino_fundamental\/149478\/revisions"}],"predecessor-version":[{"id":177295,"href":"https:\/\/sme.goiania.go.gov.br\/conexaoescola\/wp-json\/wp\/v2\/ensino_fundamental\/149478\/revisions\/177295"}],"wp:featuredmedia":[{"embeddable":true,"href":"https:\/\/sme.goiania.go.gov.br\/conexaoescola\/wp-json\/wp\/v2\/media\/149479"}],"wp:attachment":[{"href":"https:\/\/sme.goiania.go.gov.br\/conexaoescola\/wp-json\/wp\/v2\/media?parent=149478"}],"wp:term":[{"taxonomy":"ef_categoria","embeddable":true,"href":"https:\/\/sme.goiania.go.gov.br\/conexaoescola\/wp-json\/wp\/v2\/ef_categoria?post=149478"},{"taxonomy":"ef_ano","embeddable":true,"href":"https:\/\/sme.goiania.go.gov.br\/conexaoescola\/wp-json\/wp\/v2\/ef_ano?post=149478"},{"taxonomy":"ef_componente","embeddable":true,"href":"https:\/\/sme.goiania.go.gov.br\/conexaoescola\/wp-json\/wp\/v2\/ef_componente?post=149478"}],"curies":[{"name":"wp","href":"https:\/\/api.w.org\/{rel}","templated":true}]}}