{"id":149275,"date":"2022-09-09T07:35:00","date_gmt":"2022-09-09T10:35:00","guid":{"rendered":"https:\/\/sme.goiania.go.gov.br\/conexaoescola\/?post_type=ensino_fundamental&#038;p=149275"},"modified":"2024-05-06T11:11:34","modified_gmt":"2024-05-06T14:11:34","slug":"arte-duracao-longo-e-curto","status":"publish","type":"ensino_fundamental","link":"https:\/\/sme.goiania.go.gov.br\/conexaoescola\/ensino_fundamental\/arte-duracao-longo-e-curto\/","title":{"rendered":"Arte &#8211; DURA\u00c7\u00c3O DE UM SOM"},"content":{"rendered":"\n<p class=\"has-background has-medium-font-size\" style=\"background-color:#e5cffa\">Esta proposta de atividade de <strong>Arte<\/strong>, \u00e9 destinada a estudantes de <strong>2\u00ba ano<\/strong> do <strong>Ensino Fundamental.<\/strong><\/p>\n\n\n\n<div class=\"wp-block-buttons is-content-justification-center is-layout-flex wp-container-core-buttons-is-layout-16018d1d wp-block-buttons-is-layout-flex\">\n<div class=\"wp-block-button\"><a class=\"wp-block-button__link wp-element-button\" href=\"https:\/\/drive.google.com\/uc?export=download&amp;id=1Hu1bdwlzENYHyefDgfBIOcvWVW-v0ptE\">BAIXE A ATIVIDADE<\/a><\/div>\n\n\n\n<div class=\"wp-block-button\"><a class=\"wp-block-button__link wp-element-button\" href=\"https:\/\/drive.google.com\/uc?export=download&amp;id=1Hcme_On9mmIRj23z1H3YkyOlPirfEEva\">BAIXE OS SLIDES<\/a><\/div>\n\n\n\n<div class=\"wp-block-button\"><a class=\"wp-block-button__link wp-element-button\" href=\"https:\/\/drive.google.com\/uc?export=download&amp;id=1-H1ofzQIzSRgft62gc_S2poalfeoXP0K\">BAIXE O TEXTO<\/a><\/div>\n<\/div>\n\n\n\n<div style=\"height:32px\" aria-hidden=\"true\" class=\"wp-block-spacer\"><\/div>\n\n\n\n<p class=\"has-medium-font-size\">O QUE \u00c9 NECESS\u00c1RIO PARA QUE UMA M\u00daSICA SEJA CRIADA, VOC\u00ca SABE?<\/p>\n\n\n<div class=\"wp-block-image\">\n<figure class=\"aligncenter size-large is-resized\"><img fetchpriority=\"high\" decoding=\"async\" width=\"1024\" height=\"576\" src=\"https:\/\/sme.goiania.go.gov.br\/conexaoescola\/wp-content\/uploads\/2022\/08\/4-8-1024x576.png\" alt=\"\" class=\"wp-image-149283\" style=\"width:546px;height:auto\" srcset=\"https:\/\/sme.goiania.go.gov.br\/conexaoescola\/wp-content\/uploads\/2022\/08\/4-8-1024x576.png 1024w, https:\/\/sme.goiania.go.gov.br\/conexaoescola\/wp-content\/uploads\/2022\/08\/4-8-300x169.png 300w, https:\/\/sme.goiania.go.gov.br\/conexaoescola\/wp-content\/uploads\/2022\/08\/4-8-768x432.png 768w, https:\/\/sme.goiania.go.gov.br\/conexaoescola\/wp-content\/uploads\/2022\/08\/4-8-1536x864.png 1536w, https:\/\/sme.goiania.go.gov.br\/conexaoescola\/wp-content\/uploads\/2022\/08\/4-8.png 1920w\" sizes=\"(max-width: 1024px) 100vw, 1024px\" \/><figcaption class=\"wp-element-caption\">Imagem criada a partir do Canva Educacional. <a href=\"http:\/\/www.canva.com\">www.canva.com<\/a>&nbsp;<br><\/figcaption><\/figure><\/div>\n\n\n<p class=\"has-medium-font-size\">PARA CRIAR UMA M\u00daSICA, \u00c9 NECESS\u00c1RIO UM MONTE DE COISA COMO: INSPIRA\u00c7\u00c3O, HABILIDADES MUSICAIS E SENSIBILIDADE. A CRIA\u00c7\u00c3O, TAMB\u00c9M&nbsp; ENVOLVE A COMPOSI\u00c7\u00c3O DE MELODIAS, HARMONIAS E LETRAS E INSTRUMENTOS.<\/p>\n\n\n\n<p class=\"has-medium-font-size\">AL\u00c9M DESSES ELEMENTOS, H\u00c1 MUITOS OUTROS COMO A DURA\u00c7\u00c3O, O RITMO, O TIMBRE&nbsp; E DIN\u00c2MICA. VOC\u00ca SABE O QUE \u00c9 DURA\u00c7\u00c3O DE UM SOM NA M\u00daSICA?<\/p>\n\n\n\n<p class=\"has-medium-font-size\">A <strong>DURA\u00c7\u00c3O<\/strong> DO SOM EM UMA M\u00daSICA REFERE-SE AO TEMPO QUE CADA NOTA OU SOM \u00c9 EMITIDO OU N\u00c3O (DESLIGADO). A DURA\u00c7\u00c3O PORTANTO, PODE VARIAR DE BREVE, COMO EM UM PIADO DE PINTINHO, A LONGO, COMO EM UM RUGIDO DE LE\u00c3O OU O MUGIDO DE UMA VACA. A DURA\u00c7\u00c3O \u00c9 ESSENCIAL PARA CRIAR RITMO E FLUIDEZ DAS M\u00daSICAS.<\/p>\n\n\n\n<p class=\"has-medium-font-size\">VEJA O EXEMPLO REPRESENTADO NO DESENHO:<\/p>\n\n\n<div class=\"wp-block-image\">\n<figure class=\"aligncenter size-large is-resized\"><img decoding=\"async\" width=\"1024\" height=\"432\" src=\"https:\/\/sme.goiania.go.gov.br\/conexaoescola\/wp-content\/uploads\/2022\/08\/som-1-1024x432.png\" alt=\"\" class=\"wp-image-149285\" style=\"width:490px;height:auto\" srcset=\"https:\/\/sme.goiania.go.gov.br\/conexaoescola\/wp-content\/uploads\/2022\/08\/som-1-1024x432.png 1024w, https:\/\/sme.goiania.go.gov.br\/conexaoescola\/wp-content\/uploads\/2022\/08\/som-1-300x127.png 300w, https:\/\/sme.goiania.go.gov.br\/conexaoescola\/wp-content\/uploads\/2022\/08\/som-1-768x324.png 768w, https:\/\/sme.goiania.go.gov.br\/conexaoescola\/wp-content\/uploads\/2022\/08\/som-1-1536x648.png 1536w, https:\/\/sme.goiania.go.gov.br\/conexaoescola\/wp-content\/uploads\/2022\/08\/som-1.png 2000w\" sizes=\"(max-width: 1024px) 100vw, 1024px\" \/><figcaption class=\"wp-element-caption\">IMAGEM CRIADA NO PAINT<\/figcaption><\/figure><\/div>\n\n\n<p class=\"has-medium-font-size\">ASSIM, EXISTEM SONS CURTOS E LONGOS, UM QUE DURA MAIS QUE O OUTRO, MAS PARA DEFINI-LOS \u00c9 NECESS\u00c1RIO FAZER UMA COMPARA\u00c7\u00c3O COM ALGUM OUTRO SOM.<\/p>\n\n\n\n<div style=\"height:29px\" aria-hidden=\"true\" class=\"wp-block-spacer\"><\/div>\n\n\n\n<p class=\"has-background has-medium-font-size\" style=\"background-color:#e5cffa\"><strong>QUEST\u00c3O 1<\/strong><\/p>\n\n\n\n<p class=\"has-medium-font-size\">SER\u00c1 QUE VOC\u00ca CONSEGUE IDENTIFICAR QUANDO UM SOM \u00c9 CURTO OU LONGO?<\/p>\n\n\n\n<p class=\"has-medium-font-size\">TENTE IDENTIFICAR SONS CURTOS E LONGOS\u00a0DO V\u00cdDEO <\/p>\n\n\n\n<figure class=\"wp-block-embed is-type-video is-provider-youtube wp-block-embed-youtube wp-embed-aspect-16-9 wp-has-aspect-ratio\"><div class=\"wp-block-embed__wrapper\">\n<p class=\"responsive-video-wrap clr\"><iframe title=\"Identificando a dura\u00e7\u00e3o dos sons\" width=\"1200\" height=\"675\" src=\"https:\/\/www.youtube.com\/embed\/yDC3FDLeMc8?feature=oembed\" frameborder=\"0\" allow=\"accelerometer; autoplay; clipboard-write; encrypted-media; gyroscope; picture-in-picture; web-share\" referrerpolicy=\"strict-origin-when-cross-origin\" allowfullscreen><\/iframe><\/p>\n<\/div><figcaption class=\"wp-element-caption\">V\u00eddeo: Canal Ariadiny C Morais. Identificando a dura\u00e7\u00e3o dos sons, Dispon\u00edvel em: <a href=\"https:\/\/youtu.be\/yDC3FDLeMc8\">https:\/\/youtu.be\/yDC3FDLeMc8<\/a><\/figcaption><\/figure>\n\n\n\n<div style=\"height:32px\" aria-hidden=\"true\" class=\"wp-block-spacer\"><\/div>\n\n\n\n<p class=\"has-background has-medium-font-size\" style=\"background-color:#e5cffa\"><strong>QUEST\u00c3O 2<\/strong><\/p>\n\n\n<div class=\"wp-block-image\">\n<figure class=\"aligncenter size-large is-resized\"><img decoding=\"async\" width=\"1024\" height=\"576\" src=\"https:\/\/sme.goiania.go.gov.br\/conexaoescola\/wp-content\/uploads\/2022\/08\/1-2-3-4-5-1024x576.png\" alt=\"\" class=\"wp-image-149291\" style=\"width:620px;height:auto\" srcset=\"https:\/\/sme.goiania.go.gov.br\/conexaoescola\/wp-content\/uploads\/2022\/08\/1-2-3-4-5-1024x576.png 1024w, https:\/\/sme.goiania.go.gov.br\/conexaoescola\/wp-content\/uploads\/2022\/08\/1-2-3-4-5-300x169.png 300w, https:\/\/sme.goiania.go.gov.br\/conexaoescola\/wp-content\/uploads\/2022\/08\/1-2-3-4-5-768x432.png 768w, https:\/\/sme.goiania.go.gov.br\/conexaoescola\/wp-content\/uploads\/2022\/08\/1-2-3-4-5-1536x864.png 1536w, https:\/\/sme.goiania.go.gov.br\/conexaoescola\/wp-content\/uploads\/2022\/08\/1-2-3-4-5.png 1920w\" sizes=\"(max-width: 1024px) 100vw, 1024px\" \/><figcaption class=\"wp-element-caption\">Imagem criada a partir do Canva Educacional. <a href=\"http:\/\/www.canva.com\">www.canva.com<\/a>&nbsp;<br><\/figcaption><\/figure><\/div>\n\n\n<p class=\"has-medium-font-size\">A PARTIR DA QUEST\u00c3O ANTERIOR, RESPONDA COM <strong>V<\/strong> DE VERDADEIRO OU <strong>F<\/strong> DE FALSO<\/p>\n\n\n\n<ol class=\"has-medium-font-size wp-block-list\">\n<li class=\"has-medium-font-size\">A DURA\u00c7\u00c3O \u00c9 BASEADA EM UMA CONTAGEM DE TEMPO.<\/li>\n\n\n\n<li class=\"has-medium-font-size\">SONS CURTOS E LONGOS PODEM SER FEITOS TANTO POR INSTRUMENTOS QUANTO POR PESSOAS E ANIMAIS.<\/li>\n\n\n\n<li class=\"has-medium-font-size\">PARA DEFINIR SE UM SOM \u00c9 CURTO OU LONGO, N\u00c3O PRECISA COMPARAR COM OUTRO.<\/li>\n\n\n\n<li class=\"has-medium-font-size\">O MIADO DO GATO \u00c9 CURTO EM RELA\u00c7\u00c3O AO PIO DO PINTINHO.<\/li>\n\n\n\n<li class=\"has-medium-font-size\">O PIO DO PINTINHO \u00c9 LONGO EM RELA\u00c7\u00c3O AO MUGIDO DA VACA.<\/li>\n<\/ol>\n\n\n\n<div style=\"height:31px\" aria-hidden=\"true\" class=\"wp-block-spacer\"><\/div>\n\n\n\n<p class=\"has-background has-medium-font-size\" style=\"background-color:#e5cffa\"><strong>QUEST\u00c3O 3<\/strong><\/p>\n\n\n\n<p class=\"has-medium-font-size\">RESPONDA \u00c0S QUEST\u00d5ES DEPOIS DE VER E OUVIR CADA V\u00cdDEO.<\/p>\n\n\n\n<figure class=\"wp-block-embed aligncenter is-type-video is-provider-youtube wp-block-embed-youtube wp-embed-aspect-16-9 wp-has-aspect-ratio\"><div class=\"wp-block-embed__wrapper\">\n<p class=\"responsive-video-wrap clr\"><iframe title=\"Palavra Cantada | Um Fantasma\" width=\"1200\" height=\"675\" src=\"https:\/\/www.youtube.com\/embed\/kynxWSbphiA?feature=oembed\" frameborder=\"0\" allow=\"accelerometer; autoplay; clipboard-write; encrypted-media; gyroscope; picture-in-picture; web-share\" referrerpolicy=\"strict-origin-when-cross-origin\" allowfullscreen><\/iframe><\/p>\n<\/div><figcaption class=\"wp-element-caption\">Palavra Cantada &#8211; Um Fantasma. cc. Dispon\u00edvel em:&nbsp; <a href=\"https:\/\/www.youtube.com\/watch?v=kynxWSbphiA\">https:\/\/www.youtube.com\/watch?v=kynxWSbphiA<\/a><\/figcaption><\/figure>\n\n\n\n<ul class=\"has-medium-font-size wp-block-list\">\n<li class=\"has-medium-font-size\">M\u00daSICA UM FANTASMA EXISTEM MAIS SONS CURTOS OU LONGOS?<\/li>\n\n\n\n<li class=\"has-medium-font-size\">CONSEGUE IDENTIFICAR QUAIS S\u00c3O CURTOS E QUAIS S\u00c3O LONGOS?<\/li>\n<\/ul>\n\n\n\n<figure class=\"wp-block-embed aligncenter is-type-video is-provider-youtube wp-block-embed-youtube wp-embed-aspect-16-9 wp-has-aspect-ratio\"><div class=\"wp-block-embed__wrapper\">\n<p class=\"responsive-video-wrap clr\"><iframe title=\"Palavra Cantada | Turminha Animal em: Toda Comida Boa!\" width=\"1200\" height=\"675\" src=\"https:\/\/www.youtube.com\/embed\/3-NibWZcW1U?feature=oembed\" frameborder=\"0\" allow=\"accelerometer; autoplay; clipboard-write; encrypted-media; gyroscope; picture-in-picture; web-share\" referrerpolicy=\"strict-origin-when-cross-origin\" allowfullscreen><\/iframe><\/p>\n<\/div><figcaption class=\"wp-element-caption\">Palavra Cantada &#8211; Turminha Animal em: Toda Comida Boa! cc. Dispon\u00edvel em:&nbsp;<br><a href=\"https:\/\/www.youtube.com\/watch?v=3-NibWZcW1U\">https:\/\/www.youtube.com\/watch?v=3-NibWZcW1U<\/a><\/figcaption><\/figure>\n\n\n\n<ul class=\"has-medium-font-size wp-block-list\">\n<li class=\"has-medium-font-size\">NA M\u00daSICA TODA COMIDA BOA EXISTEM MAIS SONS CURTOS OU LONGOS?<\/li>\n\n\n\n<li class=\"has-medium-font-size\">CONSEGUE IDENTIFICAR QUAIS S\u00c3O CURTOS E QUAIS S\u00c3O LONGOS?<\/li>\n<\/ul>\n\n\n\n<div style=\"height:32px\" aria-hidden=\"true\" class=\"wp-block-spacer\"><\/div>\n\n\n\n<p class=\"has-background has-medium-font-size\" style=\"background-color:#e5cffa\"><strong>QUEST\u00c3O 4<\/strong><\/p>\n\n\n\n<p class=\"has-medium-font-size\">DURA\u00c7\u00c3O NA M\u00daSICA \u00c9 O TEMPO<\/p>\n\n\n\n<div class=\"wp-block-group is-vertical is-layout-flex wp-container-core-group-is-layout-8cf370e7 wp-block-group-is-layout-flex\">\n<p class=\"has-medium-font-size\">A) DE UMA M\u00daSICA INTEIRA<\/p>\n\n\n\n<p class=\"has-medium-font-size\">B) DE APRENDER UM INSTRUMENTO<\/p>\n\n\n\n<p class=\"has-medium-font-size\">C) DE UM SOM EM RELA\u00c7\u00c3O A OUTRO<\/p>\n\n\n\n<p class=\"has-medium-font-size\">D) NENHUMA DAS ALTERNATIVAS<\/p>\n\n\n\n<div style=\"height:0px\" aria-hidden=\"true\" class=\"wp-block-spacer wp-container-content-dee2fb34\"><\/div>\n<\/div>\n\n\n\n<ol class=\"has-medium-font-size wp-block-list\"><\/ol>\n\n\n\n<p class=\"has-background has-medium-font-size\" style=\"background-color:#e5cffa\"><strong>QUEST\u00c3O 5<\/strong><\/p>\n\n\n\n<p class=\"has-medium-font-size\">EM RELA\u00c7\u00c3O AO MIADO DE GATO, O PIADO DE UM PINTINHO \u00c9<br>A) UM SOM LONGO<br>B) UM SOM CURTO<br>C) UM SOM MAIS OU MENOS<br>D) NENHUMA DAS ALTERNATIVAS<\/p>\n\n\n\n<hr class=\"wp-block-separator has-css-opacity\"\/>\n\n\n\n<p class=\"has-background has-medium-font-size\" style=\"background-color:#e5cffa\"><strong>PARA SABER MAIS<\/strong><\/p>\n\n\n\n<figure class=\"wp-block-embed aligncenter is-type-video is-provider-youtube wp-block-embed-youtube wp-embed-aspect-16-9 wp-has-aspect-ratio\"><div class=\"wp-block-embed__wrapper\">\n<p class=\"responsive-video-wrap clr\"><iframe title=\"Musica - Ritmo e Dura\u00e7\u00e3o\" width=\"1200\" height=\"675\" src=\"https:\/\/www.youtube.com\/embed\/G2TL1pAGIBc?feature=oembed\" frameborder=\"0\" allow=\"accelerometer; autoplay; clipboard-write; encrypted-media; gyroscope; picture-in-picture; web-share\" referrerpolicy=\"strict-origin-when-cross-origin\" allowfullscreen><\/iframe><\/p>\n<\/div><figcaption class=\"wp-element-caption\">Canal: Ariadiny C\u00e2ndido &#8211; Musica &#8211; Ritmo e Dura\u00e7\u00e3o. Dispon\u00edvel em: https:\/\/youtu.be\/G2TL1pAGIBc<\/figcaption><\/figure>\n\n\n\n<p class=\"has-medium-font-size\">Acesse e leia: NOVAIS. Entendendo M\u00fasica: 4 Par\u00e2metros sonoros. Dispon\u00edvel em: <a href=\"https:\/\/amigoviolao.com\/entendendo-musica-4-parametros-sonoros\/#:~:text=Come%C3%A7ar%20com%20a%20altura%20%C3%A9,grave%2C%20o%20alto%20%C3%A9%20agudo\">https:\/\/amigoviolao.com\/entendendo-musica-4-parametros-sonoros\/#:~:text=Come%C3%A7ar%20com%20a%20altura%20%C3%A9,grave%2C%20o%20alto%20%C3%A9%20agudo<\/a><\/p>\n\n\n\n<p class=\"has-medium-font-size\">Acesse: O canal do YouTube do professor Jo\u00e3o San, Dispon\u00edvel em: <a href=\"https:\/\/www.youtube.com\/channel\/UCoBNbQOGtJIvC-1wbo_PDFQ\/videos\">https:\/\/www.youtube.com\/channel\/UCoBNbQOGtJIvC-1wbo_PDFQ\/videos<\/a><\/p>\n\n\n\n<hr class=\"wp-block-separator has-css-opacity\"\/>\n\n\n\n<figure class=\"wp-block-table\"><table class=\"has-fixed-layout\"><tbody><tr><td><strong>Autoria:<\/strong><\/td><td>Ariadiny C\u00e2ndido Morais<\/td><\/tr><tr><td><strong>Forma\u00e7\u00e3o:<\/strong><\/td><td>Pedagoga E Mestre Em Educa\u00e7\u00e3o<\/td><\/tr><tr><td><strong>Componente Curricular<\/strong>:<\/td><td>Arte<\/td><\/tr><tr><td><strong>Objetivos de aprendizagem e desenvolvimento<\/strong>:<br>Materialidades: Os par\u00e2metros sonoros<\/td><td><strong>Habilidade<\/strong>:<br>(GO-EF02AR15-A\/B) Discriminar e classificar fontes sonoras de acordo com os par\u00e2metros do som: altura, dura\u00e7\u00e3o, timbre e intensidade e os elementos constitutivos da m\u00fasica: a melodia e o ritmo.<\/td><\/tr><tr><td><strong>Refer\u00eancias:<\/strong><\/td><td>Documento Curricular para Goi\u00e1s &#8211; Ampliado &#8211; Cortes Temporais.pdf. Dispon\u00edvel em: <a href=\"https:\/\/sme.goiania.go.gov.br\/site\/index.php\/institucional\/documentos-oficiais-2\">https:\/sme.goiania.go.gov.br\/site\/index.php\/institucional\/documentos-oficiais-2\/<\/a>&nbsp;<br><br>Documento Curricular para Goi\u00e1s Ampliado_vol II.pdf. Goi\u00e2nia\/GO: CONSED\/ UNDIME Goi\u00e1s, 2018.&nbsp;<br><br>SABRA no Conselho Municipal de Assist\u00eancia Social de Betim &#8211; O que \u00e9 Ritmo. Dispon\u00edvel em: <a href=\"https:\/\/www.significados.com.br\/ritmo\/\">https:\/\/www.significados.com.br\/ritmo\/<\/a> Acessado em: 30\/08\/2022<br><br>NOVAIS. Entendendo M\u00fasica: 4 Par\u00e2metros sonoros. Dispon\u00edvel em: <a href=\"https:\/\/amigoviolao.com\/entendendo-musica-4-parametros-sonoros\/#:~:text=Come%C3%A7ar%20com%20a%20altura%20%C3%A9,grave%2C%20o%20alto%20%C3%A9%20agudo\">https:\/\/amigoviolao.com\/entendendo-musica-4-parametros-sonoros\/#:~:text=Come%C3%A7ar%20com%20a%20altura%20%C3%A9,grave%2C%20o%20alto%20%C3%A9%20agudo<\/a> Acessado em 31\/08\/2022.<\/td><\/tr><\/tbody><\/table><\/figure>\n","protected":false},"author":12,"featured_media":149283,"template":"","ef_categoria":[13,17],"ef_ano":[85],"ef_componente":[99],"class_list":["post-149275","ensino_fundamental","type-ensino_fundamental","status-publish","has-post-thumbnail","hentry","ef_categoria-ciclo-da-infancia-abc","ef_categoria-corpo-e-movimento","ef_ano-2o-ano","ef_componente-arte-ef","entry","has-media"],"acf":[],"_links":{"self":[{"href":"https:\/\/sme.goiania.go.gov.br\/conexaoescola\/wp-json\/wp\/v2\/ensino_fundamental\/149275","targetHints":{"allow":["GET"]}}],"collection":[{"href":"https:\/\/sme.goiania.go.gov.br\/conexaoescola\/wp-json\/wp\/v2\/ensino_fundamental"}],"about":[{"href":"https:\/\/sme.goiania.go.gov.br\/conexaoescola\/wp-json\/wp\/v2\/types\/ensino_fundamental"}],"author":[{"embeddable":true,"href":"https:\/\/sme.goiania.go.gov.br\/conexaoescola\/wp-json\/wp\/v2\/users\/12"}],"version-history":[{"count":5,"href":"https:\/\/sme.goiania.go.gov.br\/conexaoescola\/wp-json\/wp\/v2\/ensino_fundamental\/149275\/revisions"}],"predecessor-version":[{"id":182102,"href":"https:\/\/sme.goiania.go.gov.br\/conexaoescola\/wp-json\/wp\/v2\/ensino_fundamental\/149275\/revisions\/182102"}],"wp:featuredmedia":[{"embeddable":true,"href":"https:\/\/sme.goiania.go.gov.br\/conexaoescola\/wp-json\/wp\/v2\/media\/149283"}],"wp:attachment":[{"href":"https:\/\/sme.goiania.go.gov.br\/conexaoescola\/wp-json\/wp\/v2\/media?parent=149275"}],"wp:term":[{"taxonomy":"ef_categoria","embeddable":true,"href":"https:\/\/sme.goiania.go.gov.br\/conexaoescola\/wp-json\/wp\/v2\/ef_categoria?post=149275"},{"taxonomy":"ef_ano","embeddable":true,"href":"https:\/\/sme.goiania.go.gov.br\/conexaoescola\/wp-json\/wp\/v2\/ef_ano?post=149275"},{"taxonomy":"ef_componente","embeddable":true,"href":"https:\/\/sme.goiania.go.gov.br\/conexaoescola\/wp-json\/wp\/v2\/ef_componente?post=149275"}],"curies":[{"name":"wp","href":"https:\/\/api.w.org\/{rel}","templated":true}]}}