{"id":149134,"date":"2022-09-04T08:51:35","date_gmt":"2022-09-04T11:51:35","guid":{"rendered":"https:\/\/sme.goiania.go.gov.br\/conexaoescola\/?post_type=ensino_fundamental&#038;p=149134"},"modified":"2022-09-07T12:10:27","modified_gmt":"2022-09-07T15:10:27","slug":"historia-o-trabalho-no-comercio","status":"publish","type":"ensino_fundamental","link":"https:\/\/sme.goiania.go.gov.br\/conexaoescola\/ensino_fundamental\/historia-o-trabalho-no-comercio\/","title":{"rendered":"Hist\u00f3ria &#8211; O trabalho no com\u00e9rcio"},"content":{"rendered":"\n<p class=\"has-text-align-center has-black-color has-text-color has-background has-medium-font-size\" style=\"background-color:#bad5e6\">Esta proposta de atividade de<strong>&nbsp;HIST\u00d3RIA&nbsp;<\/strong>\u00e9 destinada aos estudantes do <strong>3\u00ba ano&nbsp;do Ensino Fundamental<\/strong><\/p>\n\n\n\n<p class=\"has-text-align-left has-medium-font-size\">PODEMOS ADQUIRIR PRODUTOS NECESS\u00c1RIOS PARA O NOSSO COTIDIANO NOS COM\u00c9RCIOS. SEM A PRESEN\u00c7A DOS COM\u00c9RCIOS TER\u00cdAMOS QUE PLANTAR OS ALIMENTOS E REALIZAR TROCAS. ATUALMENTE, ENCONTRAMOS VARIADAS FORMAS DE COM\u00c9RCIOS PRESENCIAIS E ELETR\u00d4NICOS.<\/p>\n\n\n\n<p class=\"has-text-align-center has-black-color has-text-color has-background has-medium-font-size\" style=\"background-color:#efefef\"><strong>VAMOS RESPONDER ALGUMAS QUEST\u00d5ES?<\/strong><\/p>\n\n\n\n<p class=\"has-text-align-center\"><\/p>\n\n\n\n<figure class=\"wp-block-image size-full is-style-default\"><img fetchpriority=\"high\" decoding=\"async\" width=\"934\" height=\"424\" src=\"https:\/\/sme.goiania.go.gov.br\/conexaoescola\/wp-content\/uploads\/2022\/08\/COMERCIO1-e1661899899677.jpg\" alt=\"\" class=\"wp-image-149135\" srcset=\"https:\/\/sme.goiania.go.gov.br\/conexaoescola\/wp-content\/uploads\/2022\/08\/COMERCIO1-e1661899899677.jpg 934w, https:\/\/sme.goiania.go.gov.br\/conexaoescola\/wp-content\/uploads\/2022\/08\/COMERCIO1-e1661899899677-300x136.jpg 300w, https:\/\/sme.goiania.go.gov.br\/conexaoescola\/wp-content\/uploads\/2022\/08\/COMERCIO1-e1661899899677-768x349.jpg 768w\" sizes=\"(max-width: 934px) 100vw, 934px\" \/><figcaption><strong>&nbsp;<\/strong>Dispon\u00edvel em: https:\/\/diaonline.ig.com.br\/2020\/05\/29\/prefeitura-de-goiania-discute-plano-para-reabertura-do-comercio\/. Acesso em 29 ago. 2022<\/figcaption><\/figure>\n\n\n\n<p class=\"has-black-color has-text-color has-background has-medium-font-size\" style=\"background-color:#bad5e6\"><strong>QUEST\u00c3O 1<\/strong><\/p>\n\n\n\n<p class=\"has-medium-font-size\">O COM\u00c9RCIO EST\u00c1 PRESENTE EM V\u00c1RIAS REGI\u00d5ES DA CIDADE E, DE ACORDO, COM O PERFIL DO CONSUMIDOR PODE APRESENTAR DIFERENTES OP\u00c7\u00d5ES.<\/p>\n\n\n\n<p class=\"has-medium-font-size\">COMO \u00c9 O COM\u00c9RCIO EM SEU BAIRRO? FA\u00c7A UMA LISTA DOS PRINCIPAIS COM\u00c9RCIOS EXISTENTES E REGISTRE AS INFORMA\u00c7\u00d5ES.<\/p>\n\n\n\n<p class=\"has-black-color has-text-color has-background has-medium-font-size\" style=\"background-color:#bad5e6\"><strong>QUEST\u00c3O 2<\/strong><\/p>\n\n\n\n<p class=\"has-medium-font-size\">LEIA O TRECHO DE UMA NOT\u00cdCIA:<\/p>\n\n\n\n<p class=\"has-medium-font-size\">\u201cO FATURAMENTO DO COM\u00c9RCIO ELETR\u00d4NICO TEVE UM RESULTADO EXPRESSIVO NO ANO DE 2021: A ALTA FOI DE 48,41% NA COMPARA\u00c7\u00c3O COM 2020. O FORTE CRESCIMENTO DAS VENDAS ONLINE EM 2021 REVELA UM NOVO H\u00c1BITO DO CONSUMO, COM MIGRA\u00c7\u00c3O DE COMPRAS PARA A INTERNET. NO ANO PASSADO, N\u00c3O TIVEMOS PER\u00cdODOS CR\u00cdTICOS DE CONFINAMENTO E QUARENTENA COMO EM 2020, E, MESMO ASSIM, OS CONSUMIDORES ADOTARAM EM MAIOR PROPOR\u00c7\u00c3O AS COMPRAS REMOTAS. EM NOVEMBRO DE 2021, O E-COMMERCE REPRESENTOU 17,9% DAS VENDAS VAREJISTAS, UM RECORDE NO HIST\u00d3RICO OBSERVADO DESDE JANEIRO DE 2018\u201d.<\/p>\n\n\n\n<p class=\"has-small-font-size\">FONTE: MERCADO E CONSUMO. Faturamento do e-commerce brasileiro tem alta de 48,4% em 2021 . Dispon\u00edvel em: https:\/\/mercadoeconsumo.com.br\/24\/01\/2022\/noticias\/faturamento-do-e-commerce-brasileiro-tem-alta-de-484-em-2021\/. Acesso em 29 ago. 2022<\/p>\n\n\n\n<ol class=\"has-medium-font-size wp-block-list\"><li>VOC\u00ca OU SUA FAM\u00cdLIA J\u00c1 REALIZARAM COMPRAS PELA INTERNET? POR QUAIS MOTIVOS?<\/li><li>QUAIS CUIDADOS DEVEMOS TOMAR AO REALIZAR COMPRAS ELETRONICAMENTE?<\/li><\/ol>\n\n\n\n<p class=\"has-black-color has-text-color has-background has-medium-font-size\" style=\"background-color:#bad5e6\"><strong>QUEST\u00c3O 3<\/strong><\/p>\n\n\n\n<p class=\"has-medium-font-size\">OBSERVE AS FOTOGRAFIAS QUE MOSTRAM DOIS TIPOS DE COM\u00c9RCIO:<\/p>\n\n\n\n<p class=\"has-text-align-center\"><img decoding=\"async\" src=\"https:\/\/lh4.googleusercontent.com\/dHWSoWz0EZZDRbj3JPLHrVfRlhYP4ge5ylw4Vre010RjpfHi_4FrJ6o0JBxJZyAM4Y7BSiZmnD-nJJH-fYFPo4AYUuCa0Er7K_8UOOZp2sjydonHG0aSn3DEfIGMwY4hR8ysWy4-7nAx7KnbfYGSr9pYy_q6DEIMVNhU3e1Wlvbew2DUzAyDgsrRtA\" width=\"615\" height=\"460\"><\/p>\n\n\n\n<p class=\"has-text-align-center has-small-font-size\"><strong>&nbsp;<\/strong>Dispon\u00edvel em:https:\/\/commons.wikimedia.org\/wiki\/File:Feira_Livre_de_Monte_Alegre.JPG. Acesso em 29 ago. 2022<\/p>\n\n\n\n<p class=\"has-text-align-center\"><img decoding=\"async\" src=\"https:\/\/lh4.googleusercontent.com\/IJun_ttxC-L6Wu_O7VgpiYKCTSboCOT0198FNB9F8A3iqm-RWnPW8Z3dsmlfm72cose_qTEzgEjsml-mDsT-SKf8ynC5mqDmLwzhdH9QWHWI3ty0gMk7b4DhhVXyZ_Bbe6z_q3xyCPQHMfA5Z8_gZ4WuQ3uFgSJ2SH7EgpFHTx5xStd2Gi-EtPC55Q\" width=\"538\" height=\"403\"><\/p>\n\n\n\n<p class=\"has-text-align-center has-small-font-size\">Dispon\u00edvel em:https:\/\/commons.wikimedia.org\/wiki\/File:Supermercado_Princesa,_n%C2%BA_519_-_interior.JPG. Acesso em 29 ago. 2022<\/p>\n\n\n\n<p class=\"has-medium-font-size\">A) QUAIS OS TIPOS DE COM\u00c9RCIO REPRESENTADOS NAS IMAGENS? VOC\u00ca J\u00c1 FREQUENTOU ALGUM DELES?<\/p>\n\n\n\n<p class=\"has-medium-font-size\">B) OBSERVANDO AS IMAGENS, QUAIS AS DIFEREN\u00c7AS ENTRE AS FORMAS DE TRABALHO DESENVOLVIDAS EM CADA UM DOS AMBIENTES COMERCIAIS?<\/p>\n\n\n\n<p class=\"has-black-color has-text-color has-background has-medium-font-size\" style=\"background-color:#bad5e6\"><strong>SAIBA MAIS<\/strong><\/p>\n\n\n\n<figure class=\"wp-block-embed is-type-video is-provider-youtube wp-block-embed-youtube wp-embed-aspect-16-9 wp-has-aspect-ratio\"><div class=\"wp-block-embed__wrapper\">\n<p class=\"responsive-video-wrap clr\"><iframe title=\"Dinheiro\" width=\"1200\" height=\"675\" src=\"https:\/\/www.youtube.com\/embed\/hmNB_o9JqcA?feature=oembed\" frameborder=\"0\" allow=\"accelerometer; autoplay; clipboard-write; encrypted-media; gyroscope; picture-in-picture\" allowfullscreen><\/iframe><\/p>\n<\/div><figcaption>Canal Lorena Guimar\u00e3es de Oliveira Dispon\u00edvel em: https:\/\/www.youtube.com\/watch?v=hmNB_o9JqcA Acesso em 07 set 2022<\/figcaption><\/figure>\n\n\n\n<hr class=\"wp-block-separator\"\/>\n\n\n\n<p class=\"has-black-color has-text-color has-background has-medium-font-size\" style=\"background-color:#bad5e6\"><strong>ACESSE OS MATERIAIS REFERENTES A ESSA ATIVIDADE CLICANDO AQUI: <\/strong><a href=\"https:\/\/sme.goiania.go.gov.br\/conexaoescola\/propostas_didaticas\/propostas-didaticas-historia-3o-ano\/\" data-type=\"URL\" data-id=\"https:\/\/sme.goiania.go.gov.br\/conexaoescola\/propostas_didaticas\/propostas-didaticas-historia-3o-ano\/\">https:\/\/sme.goiania.go.gov.br\/conexaoescola\/propostas_didaticas\/propostas-didaticas-historia-3o-ano\/<\/a><\/p>\n\n\n\n<hr class=\"wp-block-separator\"\/>\n\n\n\n<figure class=\"wp-block-table is-style-stripes\"><table><tbody><tr><td><strong>Componente Curricular:<\/strong><\/td><td>Hist\u00f3ria<\/td><\/tr><tr><td><strong>Habilidades:<\/strong><\/td><td>(EF03HI11) Identificar diferen\u00e7as entre formas de trabalho realizadas na cidade e no campo, considerando tamb\u00e9m o uso da tecnologia nesses diferentes contextos.<br><br>(EF03HI12) Comparar as rela\u00e7\u00f5es de trabalho e lazer do presente com as de outros tempos e espa\u00e7os, analisando mudan\u00e7as e perman\u00eancias.<br><br><\/td><\/tr><\/tbody><\/table><\/figure>\n\n\n\n<figure class=\"wp-block-table is-style-stripes\"><table><tbody><tr><td><strong>Refer\u00eancias<\/strong><\/td><td><br>BRASIL ESCOLA. A hist\u00f3ria do com\u00e9rcio. Dispon\u00edvel em:https:\/\/brasilescola.uol.com.br\/historia\/historia-do-comercio.htm. Acesso em 29 ago. 2022.<br><br>GSPP. Curiosidades sobre a hist\u00f3ria do com\u00e9rcio. Dispon\u00edvel em: https:\/\/www.gspp.com.br\/blog\/curiosidades-sobre-a-historia-do-comercio\/#:~:text=O%20in%C3%ADcio%20do%20com%C3%A9rcio%20entre,madeira%20t%C3%ADpica%20de%20sua%20regi%C3%A3o.. Acesso em: 29 ago. 2022.<br><br>RECORD TV GOI\u00c1S. S\u00f3 Goi\u00e1s tem: hist\u00f3ria e tradi\u00e7\u00e3o no mercado central de Goi\u00e2nia. Dispon\u00edvel em: https:\/\/www.youtube.com\/watch?v=f8Sbc1r10Ek. Acesso em: 29 ago. 2022.<br><\/td><\/tr><\/tbody><\/table><\/figure>\n","protected":false},"author":59,"featured_media":149135,"template":"","ef_categoria":[13,20],"ef_ano":[86],"ef_componente":[95],"class_list":["post-149134","ensino_fundamental","type-ensino_fundamental","status-publish","has-post-thumbnail","hentry","ef_categoria-ciclo-da-infancia-abc","ef_categoria-etica-e-cidadania","ef_ano-3o-ano","ef_componente-historia","entry","has-media"],"acf":[],"_links":{"self":[{"href":"https:\/\/sme.goiania.go.gov.br\/conexaoescola\/wp-json\/wp\/v2\/ensino_fundamental\/149134","targetHints":{"allow":["GET"]}}],"collection":[{"href":"https:\/\/sme.goiania.go.gov.br\/conexaoescola\/wp-json\/wp\/v2\/ensino_fundamental"}],"about":[{"href":"https:\/\/sme.goiania.go.gov.br\/conexaoescola\/wp-json\/wp\/v2\/types\/ensino_fundamental"}],"author":[{"embeddable":true,"href":"https:\/\/sme.goiania.go.gov.br\/conexaoescola\/wp-json\/wp\/v2\/users\/59"}],"version-history":[{"count":0,"href":"https:\/\/sme.goiania.go.gov.br\/conexaoescola\/wp-json\/wp\/v2\/ensino_fundamental\/149134\/revisions"}],"wp:featuredmedia":[{"embeddable":true,"href":"https:\/\/sme.goiania.go.gov.br\/conexaoescola\/wp-json\/wp\/v2\/media\/149135"}],"wp:attachment":[{"href":"https:\/\/sme.goiania.go.gov.br\/conexaoescola\/wp-json\/wp\/v2\/media?parent=149134"}],"wp:term":[{"taxonomy":"ef_categoria","embeddable":true,"href":"https:\/\/sme.goiania.go.gov.br\/conexaoescola\/wp-json\/wp\/v2\/ef_categoria?post=149134"},{"taxonomy":"ef_ano","embeddable":true,"href":"https:\/\/sme.goiania.go.gov.br\/conexaoescola\/wp-json\/wp\/v2\/ef_ano?post=149134"},{"taxonomy":"ef_componente","embeddable":true,"href":"https:\/\/sme.goiania.go.gov.br\/conexaoescola\/wp-json\/wp\/v2\/ef_componente?post=149134"}],"curies":[{"name":"wp","href":"https:\/\/api.w.org\/{rel}","templated":true}]}}