{"id":149065,"date":"2022-08-26T09:40:00","date_gmt":"2022-08-26T12:40:00","guid":{"rendered":"https:\/\/sme.goiania.go.gov.br\/conexaoescola\/?post_type=ensino_fundamental&#038;p=149065"},"modified":"2023-09-29T11:22:14","modified_gmt":"2023-09-29T14:22:14","slug":"arte-teatro-jogos-teatrais-4","status":"publish","type":"ensino_fundamental","link":"https:\/\/sme.goiania.go.gov.br\/conexaoescola\/ensino_fundamental\/arte-teatro-jogos-teatrais-4\/","title":{"rendered":"Arte\/Teatro &#8211; Elementos da Linguagem Teatral"},"content":{"rendered":"\n<p class=\"has-black-color has-text-color has-background has-medium-font-size\" style=\"background-color:#8ebde4\">Esta proposta de atividade de ARTE\/TEATRO \u00e9 destinada aos estudantes do 9\u00ba ano do Ensino Fundamental.<\/p>\n\n\n\n<div class=\"wp-block-buttons is-content-justification-center is-layout-flex wp-container-core-buttons-is-layout-16018d1d wp-block-buttons-is-layout-flex\">\n<div class=\"wp-block-button\"><a class=\"wp-block-button__link wp-element-button\" href=\"https:\/\/drive.google.com\/uc?export=download&amp;id=1DhtqQJlttJ3OU6eXUPDicX6gXbv2DXKY\" target=\"_blank\" rel=\"noreferrer noopener\">Baixe a atividade<\/a><\/div>\n\n\n\n<div class=\"wp-block-button\"><a class=\"wp-block-button__link wp-element-button\" href=\"https:\/\/drive.google.com\/uc?export=download&amp;id=1TS4y9UCaS_MlHeg3ho6_W5zt4exF6CTs\" target=\"_blank\" rel=\"noreferrer noopener\">Baixe os slides<\/a><\/div>\n\n\n\n<div class=\"wp-block-button\"><a class=\"wp-block-button__link wp-element-button\" href=\"https:\/\/drive.google.com\/uc?export=download&amp;id=1TRrQTMtg1wSTCRvV55ojQSQQpivxNORi\" target=\"_blank\" rel=\"noreferrer noopener\">Baixe o texto<\/a><\/div>\n<\/div>\n\n\n\n<div style=\"height:24px\" aria-hidden=\"true\" class=\"wp-block-spacer\"><\/div>\n\n\n<div class=\"wp-block-image\">\n<figure class=\"aligncenter size-full is-resized\"><img fetchpriority=\"high\" decoding=\"async\" src=\"https:\/\/sme.goiania.go.gov.br\/conexaoescola\/wp-content\/uploads\/2023\/09\/image-115.png\" alt=\"\" class=\"wp-image-170550\" width=\"375\" height=\"251\" srcset=\"https:\/\/sme.goiania.go.gov.br\/conexaoescola\/wp-content\/uploads\/2023\/09\/image-115.png 745w, https:\/\/sme.goiania.go.gov.br\/conexaoescola\/wp-content\/uploads\/2023\/09\/image-115-300x201.png 300w\" sizes=\"(max-width: 375px) 100vw, 375px\" \/><\/figure><\/div>\n\n\n<p class=\"has-text-align-center has-small-font-size\">Dispon\u00edvel em <a href=\"https:\/\/www.flickr.com\/photos\/bernardogs\/40344385992\/\">https:\/\/www.flickr.com\/photos\/bernardogs\/40344385992\/<\/a> Acesso em 27, set. 2023.<\/p>\n\n\n\n<p class=\"has-medium-font-size\">A linguagem teatral \u00e9 uma forma de express\u00e3o art\u00edstica que combina diversos elementos para criar uma experi\u00eancia significativa para o p\u00fablico. Esses elementos constitutivos da linguagem teatral s\u00e3o fundamentais para a constru\u00e7\u00e3o e compreens\u00e3o de uma pe\u00e7a de teatro.<\/p>\n\n\n<div class=\"wp-block-image\">\n<figure class=\"aligncenter size-full is-resized\"><img decoding=\"async\" src=\"https:\/\/sme.goiania.go.gov.br\/conexaoescola\/wp-content\/uploads\/2023\/09\/image-116.png\" alt=\"\" class=\"wp-image-170551\" width=\"499\" height=\"333\" srcset=\"https:\/\/sme.goiania.go.gov.br\/conexaoescola\/wp-content\/uploads\/2023\/09\/image-116.png 650w, https:\/\/sme.goiania.go.gov.br\/conexaoescola\/wp-content\/uploads\/2023\/09\/image-116-300x200.png 300w\" sizes=\"(max-width: 499px) 100vw, 499px\" \/><\/figure><\/div>\n\n\n<p class=\"has-text-align-center has-small-font-size\">Dispon\u00edvel em <a href=\"https:\/\/www.flickr.com\/photos\/bernardogs\/40344384342\/\">https:\/\/www.flickr.com\/photos\/bernardogs\/40344384342\/<\/a> Acesso em 27, set. 2023.<\/p>\n\n\n\n<p class=\"has-text-align-center has-medium-font-size\"><strong>Elementos da linguagem teatral<\/strong><\/p>\n\n\n\n<p class=\"has-text-align-center has-medium-font-size\"><strong>Texto<\/strong><\/p>\n\n\n\n<p class=\"has-medium-font-size\">A fun\u00e7\u00e3o do texto teatral \u00e9 servir como a base para uma produ\u00e7\u00e3o teatral, ou seja, uma pe\u00e7a de teatro. Conta uma hist\u00f3ria atrav\u00e9s de di\u00e1logos entre personagens, mon\u00f3logos e outras formas de express\u00e3o verbal. Ele fornece o enredo, os personagens, os conflitos e os temas que ser\u00e3o explorados na pe\u00e7a.<\/p>\n\n\n\n<p class=\"has-medium-font-size\">Descreve ainda, as a\u00e7\u00f5es f\u00edsicas dos personagens, suas falas e seus gestos, fornecendo indica\u00e7\u00f5es de cen\u00e1rios, figurinos, ilumina\u00e7\u00e3o e outros aspectos da produ\u00e7\u00e3o, ajudando a orientar o diretor, os atores e a equipe de produ\u00e7\u00e3o na cria\u00e7\u00e3o da pe\u00e7a.<\/p>\n\n\n\n<p class=\"has-medium-font-size\">O texto teatral \u00e9 uma forma de express\u00e3o art\u00edstica e os dramaturgos frequentemente exploram a linguagem, a estrutura e a forma teatral de maneira criativa e inovadora como um meio de transmitir mensagens e provocar reflex\u00f5es no p\u00fablico.<\/p>\n\n\n\n<p class=\"has-text-align-center has-medium-font-size\"><strong>Personagem<\/strong><\/p>\n\n\n\n<p class=\"has-medium-font-size\">Os atores que interpretam os personagens t\u00eam a oportunidade de dar vida a essas figuras, interpretando seus pap\u00e9is com base na dire\u00e7\u00e3o e na vis\u00e3o do diretor. Impulsionam a hist\u00f3ria por meio de suas a\u00e7\u00f5es, di\u00e1logos e decis\u00f5es.<\/p>\n\n\n<div class=\"wp-block-image\">\n<figure class=\"aligncenter size-full is-resized\"><img decoding=\"async\" src=\"https:\/\/sme.goiania.go.gov.br\/conexaoescola\/wp-content\/uploads\/2023\/09\/image-117.png\" alt=\"\" class=\"wp-image-170552\" width=\"535\" height=\"356\" srcset=\"https:\/\/sme.goiania.go.gov.br\/conexaoescola\/wp-content\/uploads\/2023\/09\/image-117.png 761w, https:\/\/sme.goiania.go.gov.br\/conexaoescola\/wp-content\/uploads\/2023\/09\/image-117-300x200.png 300w\" sizes=\"(max-width: 535px) 100vw, 535px\" \/><\/figure><\/div>\n\n\n<p class=\"has-text-align-center has-small-font-size\">Dispon\u00edvel em <a href=\"https:\/\/www.flickr.com\/photos\/veredaestreita\/4491918839\/\">https:\/\/www.flickr.com\/photos\/veredaestreita\/4491918839\/<\/a> Acesso em 27, set. 2023.<\/p>\n\n\n\n<p class=\"has-medium-font-size\">Suas intera\u00e7\u00f5es e conflitos s\u00e3o fundamentais para o desenvolvimento do enredo, podendo representar diferentes pontos de vista, interesses opostos, valores conflitantes ou desejos contradit\u00f3rios, gerando tens\u00e3o e drama na hist\u00f3ria.<\/p>\n\n\n\n<p class=\"has-text-align-center has-medium-font-size\"><strong>Cen\u00e1rio<\/strong><\/p>\n\n\n\n<p class=\"has-medium-font-size\">No teatro, o cen\u00e1rio se refere ao conjunto de elementos f\u00edsicos e visuais colocados no palco para representar o ambiente ou o espa\u00e7o onde a a\u00e7\u00e3o da pe\u00e7a teatral ocorre e ajuda o p\u00fablico a identificar o local e as circunst\u00e2ncias em que a hist\u00f3ria se desenrola. Isso pode incluir elementos como paredes, m\u00f3veis, objetos de decora\u00e7\u00e3o, paisagens, constru\u00e7\u00f5es, como por exemplo, a representa\u00e7\u00e3o de um quarto de uma casa, uma rua da cidade, uma floresta ou qualquer outro local relevante para a narrativa.<\/p>\n\n\n<div class=\"wp-block-image\">\n<figure class=\"aligncenter size-full is-resized\"><img loading=\"lazy\" decoding=\"async\" src=\"https:\/\/sme.goiania.go.gov.br\/conexaoescola\/wp-content\/uploads\/2023\/09\/image-118.png\" alt=\"\" class=\"wp-image-170553\" width=\"550\" height=\"302\" srcset=\"https:\/\/sme.goiania.go.gov.br\/conexaoescola\/wp-content\/uploads\/2023\/09\/image-118.png 680w, https:\/\/sme.goiania.go.gov.br\/conexaoescola\/wp-content\/uploads\/2023\/09\/image-118-300x165.png 300w\" sizes=\"(max-width: 550px) 100vw, 550px\" \/><\/figure><\/div>\n\n\n<p class=\"has-text-align-center has-small-font-size\">Dispon\u00edvel em <a href=\"https:\/\/www.flickr.com\/photos\/bernardogs\/40344385172\/\">https:\/\/www.flickr.com\/photos\/bernardogs\/40344385172\/<\/a> Acesso em 27, set. 2023.<\/p>\n\n\n\n<p class=\"has-medium-font-size\">Em muitas pe\u00e7as teatrais, o cen\u00e1rio pode ser modificado ou trocado para representar diferentes locais \u00e0 medida que a trama progride. Isso permite que a hist\u00f3ria se desenrole em diversos ambientes ao longo da pe\u00e7a.<\/p>\n\n\n\n<p class=\"has-medium-font-size\">O cen\u00e1rio faz parte do conjunto maior de elementos c\u00eanicos que inclui tamb\u00e9m a ilumina\u00e7\u00e3o, o som e os figurinos e a atua\u00e7\u00e3o dos atores.<\/p>\n\n\n\n<p class=\"has-text-align-center has-medium-font-size\"><strong>Figurinos e maquiagem<\/strong><\/p>\n\n\n\n<p class=\"has-medium-font-size\">Os figurinos e a maquiagem dos personagens s\u00e3o essenciais para a caracteriza\u00e7\u00e3o dos personagens, a cria\u00e7\u00e3o de atmosfera e a comunica\u00e7\u00e3o com o p\u00fablico.<\/p>\n\n\n<div class=\"wp-block-image\">\n<figure class=\"aligncenter size-full is-resized\"><img loading=\"lazy\" decoding=\"async\" src=\"https:\/\/sme.goiania.go.gov.br\/conexaoescola\/wp-content\/uploads\/2023\/09\/image-119.png\" alt=\"\" class=\"wp-image-170554\" width=\"550\" height=\"369\" srcset=\"https:\/\/sme.goiania.go.gov.br\/conexaoescola\/wp-content\/uploads\/2023\/09\/image-119.png 764w, https:\/\/sme.goiania.go.gov.br\/conexaoescola\/wp-content\/uploads\/2023\/09\/image-119-300x201.png 300w\" sizes=\"(max-width: 550px) 100vw, 550px\" \/><\/figure><\/div>\n\n\n<p class=\"has-text-align-center has-small-font-size\">Dispon\u00edvel em <a href=\"https:\/\/www.flickr.com\/photos\/portalpbh\/6772145011%20Acesso%20em%2027\">https:\/\/www.flickr.com\/photos\/portalpbh\/6772145011 Acesso em 27<\/a>, set. 2023.<\/p>\n\n\n\n<p class=\"has-medium-font-size\">Os <strong>figurinos<\/strong> podem indicar a \u00e9poca em que a hist\u00f3ria se passa, bem como o ambiente social e cultural. Ajudam o p\u00fablico a distinguir os diferentes personagens, especialmente em pe\u00e7as com um elenco grande. As roupas de cada personagem devem refletir sua identidade e fun\u00e7\u00e3o na hist\u00f3ria.<\/p>\n\n\n<div class=\"wp-block-image\">\n<figure class=\"aligncenter size-full is-resized\"><img loading=\"lazy\" decoding=\"async\" src=\"https:\/\/sme.goiania.go.gov.br\/conexaoescola\/wp-content\/uploads\/2023\/09\/image-120.png\" alt=\"\" class=\"wp-image-170555\" width=\"554\" height=\"370\" srcset=\"https:\/\/sme.goiania.go.gov.br\/conexaoescola\/wp-content\/uploads\/2023\/09\/image-120.png 729w, https:\/\/sme.goiania.go.gov.br\/conexaoescola\/wp-content\/uploads\/2023\/09\/image-120-300x200.png 300w\" sizes=\"(max-width: 554px) 100vw, 554px\" \/><\/figure><\/div>\n\n\n<p class=\"has-text-align-center has-small-font-size\">Dispon\u00edvel em <a href=\"https:\/\/www.flickr.com\/photos\/bernardogs\/40344386562\/\">https:\/\/www.flickr.com\/photos\/bernardogs\/40344386562\/<\/a> Acesso em 27, set. 2023.<\/p>\n\n\n\n<p class=\"has-medium-font-size\">A <strong>maquiagem<\/strong> \u00e9 uma ferramenta importante para a cria\u00e7\u00e3o de personagens. \u00c9 usada para criar caracter\u00edsticas f\u00edsicas espec\u00edficas nos atores, como envelhecimento, ferimentos, cicatrizes, deformidades, entre outros. Ela \u00e9 fundamental para transformar a apar\u00eancia dos atores de acordo com as necessidades da pe\u00e7a.<\/p>\n\n\n<div class=\"wp-block-image\">\n<figure class=\"aligncenter size-full is-resized\"><img loading=\"lazy\" decoding=\"async\" src=\"https:\/\/sme.goiania.go.gov.br\/conexaoescola\/wp-content\/uploads\/2023\/09\/image-121.png\" alt=\"\" class=\"wp-image-170556\" width=\"590\" height=\"331\" srcset=\"https:\/\/sme.goiania.go.gov.br\/conexaoescola\/wp-content\/uploads\/2023\/09\/image-121.png 694w, https:\/\/sme.goiania.go.gov.br\/conexaoescola\/wp-content\/uploads\/2023\/09\/image-121-300x168.png 300w\" sizes=\"(max-width: 590px) 100vw, 590px\" \/><\/figure><\/div>\n\n\n<p class=\"has-text-align-center has-small-font-size\">Dispon\u00edvel em <a href=\"https:\/\/www.pxfuel.com\/pt\/free-photo-xsdhn%20Acesso%20em%2027\">https:\/\/www.pxfuel.com\/pt\/free-photo-xsdhn Acesso em 27<\/a>, set. 2023.<\/p>\n\n\n\n<p class=\"has-text-align-center has-medium-font-size\"><strong>Ilumina\u00e7\u00e3o e som<\/strong><\/p>\n\n\n\n<p class=\"has-medium-font-size\">A <strong>ilumina\u00e7\u00e3o <\/strong>\u00e9 usada para estabelecer a atmosfera de uma cena ou de toda a pe\u00e7a. Pode criar um ambiente aconchegante, rom\u00e2ntico, misterioso, sombrio, entre outros, dependendo das necessidades da hist\u00f3ria.<\/p>\n\n\n\n<p class=\"has-medium-font-size\">Atrav\u00e9s da ilumina\u00e7\u00e3o, \u00e9 poss\u00edvel direcionar a aten\u00e7\u00e3o do p\u00fablico para \u00e1reas espec\u00edficas do palco ou para personagens espec\u00edficos. Isso ajuda a enfatizar a\u00e7\u00f5es importantes e di\u00e1logos cruciais.<\/p>\n\n\n<div class=\"wp-block-image\">\n<figure class=\"aligncenter size-full is-resized\"><img loading=\"lazy\" decoding=\"async\" src=\"https:\/\/sme.goiania.go.gov.br\/conexaoescola\/wp-content\/uploads\/2023\/09\/image-122.png\" alt=\"\" class=\"wp-image-170557\" width=\"648\" height=\"318\" srcset=\"https:\/\/sme.goiania.go.gov.br\/conexaoescola\/wp-content\/uploads\/2023\/09\/image-122.png 759w, https:\/\/sme.goiania.go.gov.br\/conexaoescola\/wp-content\/uploads\/2023\/09\/image-122-300x147.png 300w\" sizes=\"(max-width: 648px) 100vw, 648px\" \/><\/figure><\/div>\n\n\n<p class=\"has-text-align-center has-small-font-size\">Dispon\u00edvel em <a href=\"https:\/\/www.flickr.com\/photos\/bernardogs\/39492501955\/\">https:\/\/www.flickr.com\/photos\/bernardogs\/39492501955\/<\/a> Acesso em 27, set. 2023.<\/p>\n\n\n\n<p class=\"has-medium-font-size\">A ilumina\u00e7\u00e3o pode ser usada para indicar a passagem do tempo (amanhecer, entardecer, noite) e para situar a a\u00e7\u00e3o no espa\u00e7o (interiores, exteriores, diferentes locais).<\/p>\n\n\n\n<p class=\"has-medium-font-size\">A ilumina\u00e7\u00e3o \u00e9 essencial para suavizar as transi\u00e7\u00f5es entre cenas, podendo ocultar ou revelar cen\u00e1rios, objetos e atores conforme necess\u00e1rio.<\/p>\n\n\n\n<p class=\"has-medium-font-size\">O <strong>som<\/strong> \u00e9 usado para criar a atmosfera auditiva de uma cena ou pe\u00e7a, incluindo ru\u00eddos de fundo, m\u00fasica e efeitos sonoros que complementam a a\u00e7\u00e3o e a ambienta\u00e7\u00e3o. Pode ser usado para transmitir informa\u00e7\u00f5es importantes para o p\u00fablico, como di\u00e1logos que n\u00e3o podem ser facilmente ouvidos devido \u00e0 dist\u00e2ncia ou \u00e0 ac\u00fastica do teatro.<\/p>\n\n\n\n<p class=\"has-medium-font-size\">A m\u00fasica e os efeitos sonoros podem real\u00e7ar as emo\u00e7\u00f5es e as inten\u00e7\u00f5es dos personagens, refor\u00e7ando a interpreta\u00e7\u00e3o dos atores.<\/p>\n\n\n<div class=\"wp-block-image\">\n<figure class=\"aligncenter size-full is-resized\"><img loading=\"lazy\" decoding=\"async\" src=\"https:\/\/sme.goiania.go.gov.br\/conexaoescola\/wp-content\/uploads\/2023\/09\/image-123.png\" alt=\"\" class=\"wp-image-170558\" width=\"582\" height=\"388\" srcset=\"https:\/\/sme.goiania.go.gov.br\/conexaoescola\/wp-content\/uploads\/2023\/09\/image-123.png 736w, https:\/\/sme.goiania.go.gov.br\/conexaoescola\/wp-content\/uploads\/2023\/09\/image-123-300x200.png 300w\" sizes=\"(max-width: 582px) 100vw, 582px\" \/><\/figure><\/div>\n\n\n<p class=\"has-text-align-center has-small-font-size\">Dispon\u00edvel em <a href=\"https:\/\/www.flickr.com\/photos\/bernardogs\/25517186417\/\">https:\/\/www.flickr.com\/photos\/bernardogs\/25517186417\/<\/a> Acesso em 27, set. 2023.<\/p>\n\n\n\n<p class=\"has-medium-font-size\">O som \u00e9 frequentemente usado para indicar transi\u00e7\u00f5es entre cenas, fornecendo trilhas sonoras ou sons espec\u00edficos que sinalizam uma mudan\u00e7a de tempo ou lugar, manter o ritmo da pe\u00e7a e garantir que as a\u00e7\u00f5es, as falas e os efeitos ocorram no momento certo.<\/p>\n\n\n\n<p class=\"has-medium-font-size\">A combina\u00e7\u00e3o desses elementos constitutivos permite que o teatro seja uma express\u00e3o art\u00edstica capaz de envolver, emocionar e provocar reflex\u00e3o no p\u00fablico. Cada um desses elementos contribui para a cria\u00e7\u00e3o de uma experi\u00eancia teatral significativa.<\/p>\n\n\n\n<p class=\"has-black-color has-text-color has-background has-medium-font-size\" style=\"background-color:#8ebde4\"><strong>QUEST\u00c3O 1<\/strong><\/p>\n\n\n\n<p class=\"has-medium-font-size\">O texto teatral \u00e9 uma forma de express\u00e3o art\u00edstica e os dramaturgos frequentemente exploram a linguagem, a estrutura e a forma teatral de maneira criativa e inovadora como um meio de transmitir mensagens e provocar reflex\u00f5es no p\u00fablico. Assim, qual \u00e9 a fun\u00e7\u00e3o principal do texto teatral?<\/p>\n\n\n\n<p class=\"has-medium-font-size\">(A) Criar uma atmosfera no palco.<\/p>\n\n\n\n<p class=\"has-medium-font-size\">(B) Orientar a equipe de produ\u00e7\u00e3o.<\/p>\n\n\n\n<p class=\"has-medium-font-size\">(C) Expressar a psicologia dos personagens.<\/p>\n\n\n\n<p class=\"has-medium-font-size\">(D) Real\u00e7ar a ilumina\u00e7\u00e3o do cen\u00e1rio.<\/p>\n\n\n\n<p class=\"has-black-color has-text-color has-background has-medium-font-size\" style=\"background-color:#8ebde4\"><strong>QUEST\u00c3O 2<\/strong><\/p>\n\n\n\n<p class=\"has-medium-font-size\">Os atores que interpretam os personagens t\u00eam a oportunidade de dar vida a essas figuras, interpretando seus pap\u00e9is com base na dire\u00e7\u00e3o e na vis\u00e3o do diretor. Como os personagens impulsionam a hist\u00f3ria em uma pe\u00e7a teatral?<\/p>\n\n\n\n<p class=\"has-medium-font-size\">(A) Atrav\u00e9s da ilumina\u00e7\u00e3o nos personagens.<\/p>\n\n\n\n<p class=\"has-medium-font-size\">(B) Com figurinos espec\u00edficos e criativos.<\/p>\n\n\n\n<p class=\"has-medium-font-size\">(C) Por meio de a\u00e7\u00f5es, di\u00e1logos e decis\u00f5es.<\/p>\n\n\n\n<p class=\"has-medium-font-size\">(D) Com a utiliza\u00e7\u00e3o de efeitos sonoros.<\/p>\n\n\n\n<p class=\"has-black-color has-text-color has-background has-medium-font-size\" style=\"background-color:#8ebde4\"><strong>QUEST\u00c3O 3<\/strong><\/p>\n\n\n\n<p class=\"has-medium-font-size\">Quais s\u00e3o os elementos constitutivos da linguagem teatral?<\/p>\n\n\n\n<p class=\"has-black-color has-text-color has-background has-medium-font-size\" style=\"background-color:#8ebde4\"><strong>QUEST\u00c3O 4<\/strong><\/p>\n\n\n\n<p class=\"has-medium-font-size\">Qual \u00e9 a fun\u00e7\u00e3o principal do cen\u00e1rio no teatro?<\/p>\n\n\n\n<figure class=\"wp-block-table is-style-stripes\"><table><tbody><tr><td><strong>Autoria<\/strong><\/td><td>Veruska Bettiol<\/td><\/tr><tr><td><strong>Forma\u00e7\u00e3o <\/strong><\/td><td>Arte<\/td><\/tr><tr><td><strong>Componente Curricular<\/strong><\/td><td><strong>Arte\/Teatro<\/strong><\/td><\/tr><tr><td><strong>Habilidade<\/strong><\/td><td>(GO-EF09AR25-B) Conhecer, explorar, valorizar e refletir sobre os elementos constitutivos da linguagem teatral presentes em diferentes manifesta\u00e7\u00f5es culturais mundiais, com foco no continente asi\u00e1tico.<\/td><\/tr><tr><td><strong>Refer\u00eancias<\/strong><\/td><td><strong>MAGALDI<\/strong>, S\u00e1bato. Inicia\u00e7\u00e3o ao teatro. 7. ed. S\u00e3o Paulo: \u00c1tica, 1998.<br><strong>PAVIS<\/strong>, Patrice. A encena\u00e7\u00e3o contempor\u00e2nea: Origens, tend\u00eancias, perspectivas. S\u00e3o Paulo: Perspectiva, 2013.<br><strong>ROUBINE<\/strong>, Jean Jacques. A linguagem da encena\u00e7\u00e3o teatral. 2. ed. Rio de Janeiro: Jorge Zahar, 1998.<\/td><\/tr><\/tbody><\/table><\/figure>\n","protected":false},"author":62,"featured_media":170559,"template":"","ef_categoria":[16,32],"ef_ano":[92],"ef_componente":[99],"class_list":["post-149065","ensino_fundamental","type-ensino_fundamental","status-publish","has-post-thumbnail","hentry","ef_categoria-ciclo-da-adolescencia-hi","ef_categoria-corpo-e-movimento-ciclo-da-adolescencia-hi","ef_ano-9o-ano","ef_componente-arte-ef","entry","has-media"],"acf":[],"_links":{"self":[{"href":"https:\/\/sme.goiania.go.gov.br\/conexaoescola\/wp-json\/wp\/v2\/ensino_fundamental\/149065","targetHints":{"allow":["GET"]}}],"collection":[{"href":"https:\/\/sme.goiania.go.gov.br\/conexaoescola\/wp-json\/wp\/v2\/ensino_fundamental"}],"about":[{"href":"https:\/\/sme.goiania.go.gov.br\/conexaoescola\/wp-json\/wp\/v2\/types\/ensino_fundamental"}],"author":[{"embeddable":true,"href":"https:\/\/sme.goiania.go.gov.br\/conexaoescola\/wp-json\/wp\/v2\/users\/62"}],"version-history":[{"count":2,"href":"https:\/\/sme.goiania.go.gov.br\/conexaoescola\/wp-json\/wp\/v2\/ensino_fundamental\/149065\/revisions"}],"predecessor-version":[{"id":170668,"href":"https:\/\/sme.goiania.go.gov.br\/conexaoescola\/wp-json\/wp\/v2\/ensino_fundamental\/149065\/revisions\/170668"}],"wp:featuredmedia":[{"embeddable":true,"href":"https:\/\/sme.goiania.go.gov.br\/conexaoescola\/wp-json\/wp\/v2\/media\/170559"}],"wp:attachment":[{"href":"https:\/\/sme.goiania.go.gov.br\/conexaoescola\/wp-json\/wp\/v2\/media?parent=149065"}],"wp:term":[{"taxonomy":"ef_categoria","embeddable":true,"href":"https:\/\/sme.goiania.go.gov.br\/conexaoescola\/wp-json\/wp\/v2\/ef_categoria?post=149065"},{"taxonomy":"ef_ano","embeddable":true,"href":"https:\/\/sme.goiania.go.gov.br\/conexaoescola\/wp-json\/wp\/v2\/ef_ano?post=149065"},{"taxonomy":"ef_componente","embeddable":true,"href":"https:\/\/sme.goiania.go.gov.br\/conexaoescola\/wp-json\/wp\/v2\/ef_componente?post=149065"}],"curies":[{"name":"wp","href":"https:\/\/api.w.org\/{rel}","templated":true}]}}