{"id":149002,"date":"2022-08-28T21:59:03","date_gmt":"2022-08-29T00:59:03","guid":{"rendered":"https:\/\/sme.goiania.go.gov.br\/conexaoescola\/?post_type=ensino_fundamental&#038;p=149002"},"modified":"2024-11-04T13:05:50","modified_gmt":"2024-11-04T16:05:50","slug":"geografia-meus-vizinhos","status":"publish","type":"ensino_fundamental","link":"https:\/\/sme.goiania.go.gov.br\/conexaoescola\/ensino_fundamental\/geografia-meus-vizinhos\/","title":{"rendered":"Geografia &#8211; MEUS VIZINHOS"},"content":{"rendered":"\n<p class=\"has-black-color has-text-color has-background has-medium-font-size\" style=\"background-color:#ccffcc\">Esta proposta de atividade de&nbsp;<strong>GEOGRAFIA <\/strong>\u00e9 destinada aos estudantes do<strong> 2\u00ba ano<\/strong>&nbsp;do Ensino Fundamental. <\/p>\n\n\n\n<div class=\"wp-block-buttons has-custom-font-size has-medium-font-size is-content-justification-center is-layout-flex wp-container-core-buttons-is-layout-16018d1d wp-block-buttons-is-layout-flex\">\n<div class=\"wp-block-button has-custom-font-size has-medium-font-size\"><a class=\"wp-block-button__link has-white-color has-black-background-color has-text-color has-background wp-element-button\" href=\"https:\/\/drive.google.com\/uc?export=download&amp;id=1Iii7q8VknX1zVrHi5KriAicT6KkRLhKp\" target=\"_blank\" rel=\"noreferrer noopener\">BAIXE A ATIVIDADE<\/a><\/div>\n\n\n\n<div class=\"wp-block-button has-custom-font-size has-medium-font-size\"><a class=\"wp-block-button__link has-white-color has-black-background-color has-text-color has-background wp-element-button\" href=\"https:\/\/drive.google.com\/uc?export=download&amp;id=1ifw8RR1y3Dv4wTsQ9JBu25dfB8p1l23I\" target=\"_blank\" rel=\"noreferrer noopener\">BAIXE OS SLIDES<\/a><\/div>\n\n\n\n<div class=\"wp-block-button has-custom-font-size has-medium-font-size\"><a class=\"wp-block-button__link has-white-color has-black-background-color has-text-color has-background wp-element-button\" href=\"https:\/\/drive.google.com\/uc?export=download&amp;id=13ecWrx3UmyzXQZHF3mr50a31k-MyBimh\" target=\"_blank\" rel=\"noreferrer noopener\">BAIXE O TEXTO<\/a><\/div>\n<\/div>\n\n\n\n<p class=\"has-white-color has-text-color has-link-color wp-elements-7e4ac651328708ea719ac0894fa30934\">.<\/p>\n\n\n<div class=\"wp-block-image is-resized is-style-default\">\n<figure class=\"aligncenter size-full\"><img fetchpriority=\"high\" decoding=\"async\" width=\"809\" height=\"615\" src=\"https:\/\/sme.goiania.go.gov.br\/conexaoescola\/wp-content\/uploads\/2022\/08\/image-51.png\" alt=\"\" class=\"wp-image-149003\" srcset=\"https:\/\/sme.goiania.go.gov.br\/conexaoescola\/wp-content\/uploads\/2022\/08\/image-51.png 809w, https:\/\/sme.goiania.go.gov.br\/conexaoescola\/wp-content\/uploads\/2022\/08\/image-51-300x228.png 300w, https:\/\/sme.goiania.go.gov.br\/conexaoescola\/wp-content\/uploads\/2022\/08\/image-51-768x584.png 768w\" sizes=\"(max-width: 809px) 100vw, 809px\" \/><figcaption class=\"wp-element-caption\">IMAGEM: GOOGLE MAPS<\/figcaption><\/figure><\/div>\n\n\n<p class=\"has-text-align-center has-black-color has-text-color has-medium-font-size\"><strong>MEUS VIZINHOS<\/strong><br>MORAMOS EM NOSSAS CASAS, APARTAMENTOS OU OUTROS TIPOS DE MORADIAS. MAS N\u00c3O VIVEMOS SOZINHOS. MORAMOS COM NOSSOS FAMILIARES EM NOSSAS CASAS. E OS VIZINHOS, MORAM EM CASAS PERTO DA NOSSA. TER UMA BOA CONVIV\u00caNCIA COM AS PESSOAS DO BAIRRO \u00c9 IMPORTANTE PARA QUE TODOS VIVAM BEM.<\/p>\n\n\n\n<p class=\"has-medium-font-size\">AS PESSOAS QUE <strong>MORAM OU TRABALHAM PR\u00d3XIMO DE ONDE MORAMOS<\/strong>, S\u00c3O NOSSOS VIZINHOS. \u00c9 \u00d3TIMO TER UMA BOA CONVIV\u00caNCIA COM O NOSSO VIZINHOS!<\/p>\n\n\n\n<p class=\"has-medium-font-size\">LAURA MORA NA RUA DONA ESTELA.ELA TEM VIZINHOS QUE MORAM DO LADO DIREITO E TAMB\u00c9M DO LADO ESQUERDO. H\u00c1 TAMB\u00c9M OS VIZINHOS QUE MORAM DO OUTRO LADO DA RUA.<\/p>\n\n\n\n<p><\/p>\n\n\n\n<p class=\"has-medium-font-size\">VOC\u00ca SABE COMO SER UM <strong>BOM VIZINHO<\/strong>? VEJA O QUE N\u00c3O FAZER:<\/p>\n\n\n\n<p class=\"has-medium-font-size\">&nbsp;&nbsp;&nbsp;&nbsp;\u2022 OFERE\u00c7A AJUDA QUANDO NECESS\u00c1RIO<\/p>\n\n\n\n<p class=\"has-medium-font-size\">&nbsp;&nbsp;&nbsp;&nbsp;\u2022 CUMPRIMENTE-OS COM EDUCA\u00c7\u00c3O<\/p>\n\n\n\n<p class=\"has-medium-font-size\">&nbsp;&nbsp;&nbsp;&nbsp;\u2022 RESPEITE AS DIFEREN\u00c7AS, OS COSTUMES E H\u00c1BITOS DAS PESSOAS<\/p>\n\n\n\n<p class=\"has-medium-font-size\">&nbsp;&nbsp;&nbsp;&nbsp;\u2022 EVITE BARULHO EXCESSIVO E EM HOR\u00c1RIOS PROIBIDOS<\/p>\n\n\n\n<p class=\"has-medium-font-size\">&nbsp;&nbsp;&nbsp;&nbsp;&nbsp;&nbsp;SEJA UM VIZINHO LEGAL!<\/p>\n\n\n\n<p><\/p>\n\n\n\n<p class=\"has-medium-font-size\">&nbsp;&nbsp;&nbsp;&nbsp;&nbsp;&nbsp;<strong>EVITE<\/strong>:<\/p>\n\n\n\n<p class=\"has-medium-font-size\">&nbsp;&nbsp;&nbsp;&nbsp;\u2022 JOGAR LIXO NO CH\u00c3O DA RUA OU DO CONDOM\u00cdNIO<\/p>\n\n\n\n<p class=\"has-medium-font-size\">&nbsp;&nbsp;&nbsp;&nbsp;\u2022 BATER NAS PAREDES E NO CH\u00c3O COM OBJETOS BARULHENTOS<\/p>\n\n\n\n<p class=\"has-medium-font-size\">&nbsp;&nbsp;&nbsp;&nbsp;\u2022 PULAR, GRITAR OU FAZER MUITOS RU\u00cdDOS<\/p>\n\n\n\n<p class=\"has-medium-font-size\">&nbsp;&nbsp;&nbsp;&nbsp;\u2022 DEIXAR OS CACHORROS LATIREM MUITO E ALTO<\/p>\n\n\n\n<p class=\"has-medium-font-size\">AS PESSOAS QUE MORAM PERTO DA NOSSA CASA, S\u00c3O MUITO IMPORTANTES PARA A BOA QUALIDADE DE VIDA. SE TODOS FOREM BONS VIZINHOS, A CONVIV\u00caNCIA NA RUA, NO BAIRRO OU NO CONDOM\u00cdNIO SER\u00c1 BOA PARA TODOS.<\/p>\n\n\n\n<p><\/p>\n\n\n\n<p class=\"has-text-align-center has-medium-font-size\"><strong>AGORA VOC\u00ca VAI REALIZAR ATIVIDADES SOBRE O TEMA.<\/strong><\/p>\n\n\n\n<p class=\"has-black-color has-text-color has-background has-medium-font-size\" style=\"background-color:#ccffcc\"><strong> QUEST\u00c3O 1 <\/strong><\/p>\n\n\n\n<p class=\"has-text-align-center has-medium-font-size\"><strong>FA\u00c7A TODAS AS ATIVIDADES EM SEU CADERNO<\/strong><\/p>\n\n\n\n<p class=\"has-medium-font-size\">a. OBSERVE A IMAGEM ANTERIOR E FA\u00c7A UM DESENHO PARECIDO. DESENHE SUA CASA, SUA RUA E A CASA DOS SEUS VIZINHOS.<\/p>\n\n\n\n<p class=\"has-medium-font-size\">b. SE VOC\u00ca SOUBER O NOME DOS VIZINHOS, ESCREVA EM CIMA DO DESENHO DAS CASAS DELES.<\/p>\n\n\n\n<p class=\"has-medium-font-size\">c. N\u00c3O ESQUE\u00c7A DE COLOCAR O NOME DA SUA RUA E TAMB\u00c9M OS VIZINHOS DO OUTRO LADO DA RUA.<\/p>\n\n\n\n<p class=\"has-black-color has-text-color has-background has-medium-font-size\" style=\"background-color:#ccffcc\"><strong> QUEST\u00c3O 2<\/strong><\/p>\n\n\n\n<p class=\"has-text-align-center has-medium-font-size\"><strong>HORA DA ENTREVISTA!<\/strong><\/p>\n\n\n\n<p class=\"has-text-align-center has-medium-font-size\"><span class=\"has-inline-color has-vivid-red-color\">CONVERSE COM SEUS FAMILIARES E RESPONDA AS QUEST\u00d5ES A SEGUIR.<\/span><\/p>\n\n\n\n<ol style=\"list-style-type:lower-alpha\" class=\"wp-block-list has-medium-font-size\">\n<li class=\"has-medium-font-size\">QUEM S\u00c3O OS VIZINHOS DA NOSSA CASA?<\/li>\n\n\n\n<li class=\"has-medium-font-size\">OS VIZINHOS S\u00c3O SIMP\u00c1TICOS?<\/li>\n\n\n\n<li class=\"has-medium-font-size\">H\u00c1 UM GRUPO OU ASSOCIA\u00c7\u00c3O DE MORADORES?<\/li>\n\n\n\n<li class=\"has-medium-font-size\">COMO REIVINDICAM JUNTOS MELHORIAS PARA O BAIRRO?<\/li>\n\n\n\n<li class=\"has-medium-font-size\">AS CRIAN\u00c7AS DA VIZINHAN\u00c7A COSTUMAM BRINCAR JUNTAS?<\/li>\n\n\n\n<li class=\"has-medium-font-size\">J\u00c1 AJUDARAM ALGUM VIZINHO? CONTE COMO FOI.<\/li>\n\n\n\n<li class=\"has-medium-font-size\">J\u00c1 FOI AJUDADO PARA ALGUM VIZINHO? CONTE COMO FOI.<\/li>\n<\/ol>\n\n\n\n<p class=\"has-black-color has-text-color has-background has-medium-font-size\" style=\"background-color:#ccffcc\"><strong> QUEST\u00c3O 3<\/strong><\/p>\n\n\n\n<p class=\"has-medium-font-size\">\u2022 CONVIVER BEM COM OS VIZINHOS \u00c9 MUITO IMPORTANTE.<br>\u2022 ESCREVA EM SEU CADERNO, QUAIS ATITUDES PODEMOS TOMAR NO DIA A DIA PARA SER UM BOM VIZINHO.<\/p>\n\n\n\n<p class=\"has-black-color has-text-color has-background has-medium-font-size\" style=\"background-color:#ccffcc\"><strong> QUEST\u00c3O 4<\/strong><\/p>\n\n\n\n<p class=\"has-medium-font-size\"><strong>DURANTE UM ACONTECIMENTO NO CONDOM\u00cdNIO, AS FAM\u00cdLIAS DISCUTIAM A IMPORT\u00c2NCIA DA LIMPEZA E DA ORGANIZA\u00c7\u00c3O NO ESPA\u00c7O COMUM. A MENSAGEM PRINCIPAL \u00c9 <\/strong><\/p>\n\n\n\n<p class=\"has-medium-font-size\">(A) JOGAR LIXO NO CH\u00c3O \u00c9 ACEIT\u00c1VEL E SEM PROBLEMAS.<\/p>\n\n\n\n<p class=\"has-medium-font-size\">(B) MANTER O ESPA\u00c7O LIMPO \u00c9 RESPONSABILIDADE DE TODOS OS VIZINHOS.<\/p>\n\n\n\n<p class=\"has-medium-font-size\">(C) NINGU\u00c9M DEVE SE PREOCUPAR COM A LIMPEZA DO LOCAL.<\/p>\n\n\n\n<p class=\"has-medium-font-size\">(D) A LIMPEZA \u00c9 UMA TAREFA SOMENTE DOS FUNCION\u00c1RIOS DO CONDOM\u00cdNIO.<\/p>\n\n\n\n<p class=\"has-black-color has-text-color has-background has-medium-font-size\" style=\"background-color:#ccffcc\"><strong> QUEST\u00c3O 5<\/strong><\/p>\n\n\n\n<p class=\"has-text-align-center has-medium-font-size\"><strong>A IMPORT\u00c2NCIA DA BOA CONVIV\u00caNCIA ENTRE VIZINHOS<\/strong><\/p>\n\n\n\n<p class=\"has-medium-font-size\"><em>\u201cA CONVIV\u00caNCIA ENTRE VIZINHOS \u00c9 UMA PARTE IMPORTANTE PARA O BEM-ESTAR DE TODOS. MANTER UMA BOA RELA\u00c7\u00c3O NA VIZINHAN\u00c7A AJUDA A CRIAR UM AMBIENTE HARMONIOSO E AGRAD\u00c1VEL PARA VIVER. A AJUDA M\u00daTUA \u00c9 ESSENCIAL PARA MANTER RELA\u00c7\u00d5ES SAUD\u00c1VEIS, POIS FORTALECE OS LA\u00c7OS DE CONFIAN\u00c7A E COOPERA\u00c7\u00c3O. QUANDO OS VIZINHOS SE APOIAM E RESPEITAM UNS AOS OUTROS, A CONVIV\u00caNCIA SE TORNA MAIS LEVE E AGRAD\u00c1VEL. PEQUENOS GESTOS DE GENTILEZA, COMO OFERECER AJUDA EM MOMENTOS DE NECESSIDADE, PODEM FAZER UMA GRANDE DIFEREN\u00c7A NA VIDA DE CADA UM.\u201d<\/em><\/p>\n\n\n\n<p class=\"has-text-align-right has-cyan-bluish-gray-color has-text-color has-link-color has-medium-font-size wp-elements-f0f28ec6eeab90f02189d18b7311faf6\">GAZETA DO BAIRRO &#8211; 22\/11\/2024<br><\/p>\n\n\n\n<p class=\"has-medium-font-size\"><strong>NA REPORTAGEM SOBRE A CONVIV\u00caNCIA EM VIZINHAN\u00c7A, FALOU-SE SOBRE A IMPORT\u00c2NCIA DE SE AJUDAR UNS AOS OUTROS. O TEXTO DESTACA QUE<\/strong>,<\/p>\n\n\n\n<p class=\"has-medium-font-size\">(A) N\u00c3O \u00c9 NECESS\u00c1RIO SE PREOCUPAR COM OS VIZINHOS NUNCA.<\/p>\n\n\n\n<p class=\"has-medium-font-size\">(B) A AJUDA M\u00daTUA \u00c9 ESSENCIAL PARA MANTER RELA\u00c7\u00d5ES SAUD\u00c1VEIS.<\/p>\n\n\n\n<p class=\"has-medium-font-size\">(C) AS PESSOAS DEVEM FICAR SOZINHAS E EVITAR INTERA\u00c7\u00d5ES.<\/p>\n\n\n\n<p class=\"has-medium-font-size\">(D) AJUDAR OS VIZINHOS PODE CAUSAR BRIGAS E DESENTENDIMENTOS.<\/p>\n\n\n\n<p class=\"has-black-color has-text-color has-background has-medium-font-size\" style=\"background-color:#ccffcc\"> <strong>SAIBA MAIS<\/strong> <\/p>\n\n\n\n<p class=\"has-medium-font-size\">AGORA, ASSISTA O V\u00cdDEO: LAR DOCE LAR<br>AS CASAS S\u00c3O NOSSO ABRIGO E LUGAR DE DESCANSO.<\/p>\n\n\n\n<figure class=\"wp-block-embed is-type-video is-provider-youtube wp-block-embed-youtube wp-embed-aspect-16-9 wp-has-aspect-ratio\"><div class=\"wp-block-embed__wrapper\">\n<p class=\"responsive-video-wrap clr\"><iframe title=\"Lar doce lar: As casas s\u00e3o abrigos - Prof.a Amarolina Ribeiro - Geografia EF1\" width=\"1200\" height=\"675\" src=\"https:\/\/www.youtube.com\/embed\/lOv_qz2NZ5w?feature=oembed\" frameborder=\"0\" allow=\"accelerometer; autoplay; clipboard-write; encrypted-media; gyroscope; picture-in-picture; web-share\" referrerpolicy=\"strict-origin-when-cross-origin\" allowfullscreen><\/iframe><\/p>\n<\/div><\/figure>\n\n\n\n<p class=\"has-medium-font-size\"><\/p>\n\n\n\n<figure class=\"wp-block-table is-style-stripes\"><table><tbody><tr><td><strong>Autoria:<\/strong><\/td><td><strong>Amarolina Ribeiro Silva<\/strong><\/td><\/tr><tr><td><strong>Forma\u00e7\u00e3o:<\/strong><\/td><td>Graduada em Geografia e em Pedagogia. <br>Mestra em Ensino na Educa\u00e7\u00e3o B\u00e1sica.<\/td><\/tr><tr><td><strong>Componente Curricular:<\/strong><\/td><td><strong>Geografia<\/strong><\/td><\/tr><tr><td><strong>Habilidades<\/strong><\/td><td>(EF02GE04) RECONHECER SEMELHAN\u00c7AS E DIFEREN\u00c7AS NOS H\u00c1BITOS, NAS RELA\u00c7\u00d5ES COM A NATUREZA E NO MODO DE VIVER DE PESSOAS EM DIFERENTES LUGARES.<\/td><\/tr><tr><td><strong>Refer\u00eancia <\/strong><\/td><td>GOI\u00c1S. Documento Curricular para Goi\u00e1s. CONSED\/UNDIME \u2013 Ampliado \u2013 Cortes Temporais.pdf. Dispon\u00edvel em: <a href=\"https:\/sme.goiania.go.gov.br\/site\/index.php\/institucional\/documentos-oficiais-2\/\">https:\/sme.goiania.go.gov.br\/site\/index.php\/institucional\/documentos-oficiais-2\/<\/a><br><\/td><\/tr><\/tbody><\/table><\/figure>\n\n\n\n<p class=\"has-medium-font-size\"><\/p>\n\n\n\n<p><\/p>\n","protected":false},"author":61,"featured_media":149003,"template":"","ef_categoria":[],"ef_ano":[85],"ef_componente":[96],"class_list":["post-149002","ensino_fundamental","type-ensino_fundamental","status-publish","has-post-thumbnail","hentry","ef_ano-2o-ano","ef_componente-geografia","entry","has-media"],"acf":[],"_links":{"self":[{"href":"https:\/\/sme.goiania.go.gov.br\/conexaoescola\/wp-json\/wp\/v2\/ensino_fundamental\/149002","targetHints":{"allow":["GET"]}}],"collection":[{"href":"https:\/\/sme.goiania.go.gov.br\/conexaoescola\/wp-json\/wp\/v2\/ensino_fundamental"}],"about":[{"href":"https:\/\/sme.goiania.go.gov.br\/conexaoescola\/wp-json\/wp\/v2\/types\/ensino_fundamental"}],"author":[{"embeddable":true,"href":"https:\/\/sme.goiania.go.gov.br\/conexaoescola\/wp-json\/wp\/v2\/users\/61"}],"version-history":[{"count":12,"href":"https:\/\/sme.goiania.go.gov.br\/conexaoescola\/wp-json\/wp\/v2\/ensino_fundamental\/149002\/revisions"}],"predecessor-version":[{"id":189706,"href":"https:\/\/sme.goiania.go.gov.br\/conexaoescola\/wp-json\/wp\/v2\/ensino_fundamental\/149002\/revisions\/189706"}],"wp:featuredmedia":[{"embeddable":true,"href":"https:\/\/sme.goiania.go.gov.br\/conexaoescola\/wp-json\/wp\/v2\/media\/149003"}],"wp:attachment":[{"href":"https:\/\/sme.goiania.go.gov.br\/conexaoescola\/wp-json\/wp\/v2\/media?parent=149002"}],"wp:term":[{"taxonomy":"ef_categoria","embeddable":true,"href":"https:\/\/sme.goiania.go.gov.br\/conexaoescola\/wp-json\/wp\/v2\/ef_categoria?post=149002"},{"taxonomy":"ef_ano","embeddable":true,"href":"https:\/\/sme.goiania.go.gov.br\/conexaoescola\/wp-json\/wp\/v2\/ef_ano?post=149002"},{"taxonomy":"ef_componente","embeddable":true,"href":"https:\/\/sme.goiania.go.gov.br\/conexaoescola\/wp-json\/wp\/v2\/ef_componente?post=149002"}],"curies":[{"name":"wp","href":"https:\/\/api.w.org\/{rel}","templated":true}]}}