{"id":148887,"date":"2022-08-29T05:55:00","date_gmt":"2022-08-29T08:55:00","guid":{"rendered":"https:\/\/sme.goiania.go.gov.br\/conexaoescola\/?post_type=ensino_fundamental&#038;p=148887"},"modified":"2024-05-02T11:23:13","modified_gmt":"2024-05-02T14:23:13","slug":"geoeuras","status":"publish","type":"ensino_fundamental","link":"https:\/\/sme.goiania.go.gov.br\/conexaoescola\/ensino_fundamental\/geoeuras\/","title":{"rendered":"Geografia &#8211; Eur\u00e1sia"},"content":{"rendered":"\n<p class=\"has-black-color has-text-color has-background has-medium-font-size\" style=\"background-color:#ffcccc\">Esta proposta de atividade de <strong>GEOGRAFIA<\/strong> \u00e9 destinada aos estudantes do <strong>9\u00b0 Ano<\/strong> do Ensino Fundamental Anos Finais.<\/p>\n\n\n\n<div class=\"wp-block-buttons is-content-justification-center is-layout-flex wp-container-core-buttons-is-layout-16018d1d wp-block-buttons-is-layout-flex\">\n<div class=\"wp-block-button has-custom-font-size has-medium-font-size\"><a class=\"wp-block-button__link has-white-color has-black-background-color has-text-color has-background has-link-color has-text-align-center wp-element-button\" href=\"https:\/\/drive.google.com\/uc?export=download&amp;id=1zVV7wQflZveuzqiZasA7UeQLNoxMC3sU\" target=\"_blank\" rel=\"noreferrer noopener\"><strong>BAIXE A ATIVIDADE<\/strong><\/a><\/div>\n\n\n\n<div class=\"wp-block-button has-custom-font-size has-medium-font-size\"><a class=\"wp-block-button__link has-white-color has-black-background-color has-text-color has-background has-link-color has-text-align-center wp-element-button\" href=\"https:\/\/drive.google.com\/uc?export=download&amp;id=1MClKLir-X6ebhiwYxeE5Xc_C3izxLu-n\" target=\"_blank\" rel=\"noreferrer noopener\"><strong>BAIXE OS SLIDES<\/strong><\/a><\/div>\n\n\n\n<div class=\"wp-block-button has-custom-font-size has-medium-font-size\"><a class=\"wp-block-button__link has-white-color has-black-background-color has-text-color has-background has-link-color has-text-align-center wp-element-button\" href=\"https:\/\/drive.google.com\/uc?export=download&amp;id=18njS1cmuAHc247cXGHhAp-1kcRkGtAyP\" target=\"_blank\" rel=\"noreferrer noopener\"><strong>BAIXE O TEXTO<\/strong><\/a><\/div>\n<\/div>\n\n\n\n<p><\/p>\n\n\n<div class=\"wp-block-image is-style-rounded\">\n<figure class=\"aligncenter size-large\"><img fetchpriority=\"high\" decoding=\"async\" width=\"1024\" height=\"548\" src=\"https:\/\/sme.goiania.go.gov.br\/conexaoescola\/wp-content\/uploads\/2022\/08\/turkey-g8ccb9ac1f_1280-e1661609415265-1024x548.jpg\" alt=\"\" class=\"wp-image-148890\" srcset=\"https:\/\/sme.goiania.go.gov.br\/conexaoescola\/wp-content\/uploads\/2022\/08\/turkey-g8ccb9ac1f_1280-e1661609415265-1024x548.jpg 1024w, https:\/\/sme.goiania.go.gov.br\/conexaoescola\/wp-content\/uploads\/2022\/08\/turkey-g8ccb9ac1f_1280-e1661609415265-300x161.jpg 300w, https:\/\/sme.goiania.go.gov.br\/conexaoescola\/wp-content\/uploads\/2022\/08\/turkey-g8ccb9ac1f_1280-e1661609415265-768x411.jpg 768w, https:\/\/sme.goiania.go.gov.br\/conexaoescola\/wp-content\/uploads\/2022\/08\/turkey-g8ccb9ac1f_1280-e1661609415265.jpg 1280w\" sizes=\"(max-width: 1024px) 100vw, 1024px\" \/><figcaption class=\"wp-element-caption\">Estreito de B\u00f3sforo\u2013 Fonte: https:\/\/pixabay.com\/pt\/photos\/turquia-b%C3%B3sforo-estreito-istambul-2416767\/<\/figcaption><\/figure><\/div>\n\n\n<p class=\"has-text-align-center has-white-color has-vivid-cyan-blue-background-color has-text-color has-background has-link-color has-medium-font-size wp-elements-220156bb7f7da79743fdf210013bc5b2\"><strong>Eur\u00e1sia<\/strong><\/p>\n\n\n\n<p class=\"has-black-color has-text-color has-link-color has-medium-font-size wp-elements-ae4b78b3d33b0d16c4d03a51859c6b1e\">Quando observamos o Mapa- M\u00fandi percebemos que os continentes est\u00e3o separados pelos oceanos. Por\u00e9m, esse n\u00e3o \u00e9 o caso da Europa e da \u00c1sia que est\u00e3o ligadas formando uma \u00fanica massa continental, que conhecemos por Eur\u00e1sia.&nbsp;<\/p>\n\n\n\n<p class=\"has-black-color has-text-color has-link-color has-medium-font-size wp-elements-e34330b3601f3d2c9d26e9e11627ac47\">Do ponto de vista geol\u00f3gico, o continente europeu \u00e9 uma pen\u00ednsula asi\u00e1tica. Compreendemos por pen\u00ednsula o ponto de terra unida ao continente por apenas uma das suas fronteiras. Reconhecemos o continente europeu considerando aspectos hist\u00f3ricos, culturais, sociais e pol\u00edticos.<\/p>\n\n\n\n<p class=\"has-black-color has-text-color has-link-color has-medium-font-size wp-elements-3856e56c3b02f45016009058365ce2fa\">Ao longo da hist\u00f3ria a Europa foi palco de diversos eventos importantes para o mundo ocidental como a democracia grega, o direito romano, as grandes navega\u00e7\u00f5es, revolu\u00e7\u00e3o Industrial, surgimento do capitalismo e socialismo, guerras mundiais, primeiros blocos econ\u00f4micos, dentre outros.&nbsp;<\/p>\n\n\n\n<p class=\"has-black-color has-text-color has-link-color has-medium-font-size wp-elements-58eb0d13cf369264c9f1be41b37e1b85\">A Europa exerce forte influ\u00eancia sobre o mundo ocidental e diverge da cultura oriental. A fronteira entre Europa e \u00c1sia considera apenas fatores &nbsp;f\u00edsico-naturais. Os Montes Urais e sua bacia hidrogr\u00e1fica marcam a divis\u00e3o entre os dois continentes<\/p>\n\n\n\n<p class=\"has-black-color has-text-color has-link-color has-medium-font-size wp-elements-103139a232f41153b051182761d9190e\">Na Eur\u00e1sia encontramos os pa\u00edses transcontinentais, que s\u00e3o aqueles em que seus territ\u00f3rios est\u00e3o localizados em dois continentes, como por exemplo: Arm\u00eania, Azerbaij\u00e3o, Cazaquist\u00e3o, Chipre, Ge\u00f3rgia, R\u00fassia e Turquia.<\/p>\n\n\n\n<p class=\"has-black-color has-text-color has-link-color has-medium-font-size wp-elements-96e1c32bab7783385909cbcac3f83f4e\">Istambul, na Turquia, \u00e9 a \u00fanica cidade transcontinental do mundo.&nbsp; A cidade turca \u00e9 dividida pelo estreito de B\u00f3sforo e sua por\u00e7\u00e3o oeste fica na Europa, enquanto o&nbsp; leste est\u00e1 localizado no continente asi\u00e1tico.<\/p>\n\n\n\n<p class=\"has-white-color has-vivid-cyan-blue-background-color has-text-color has-background has-medium-font-size\"><strong>Quest\u00e3o 01<\/strong><\/p>\n\n\n<div class=\"wp-block-image is-style-default\">\n<figure class=\"aligncenter is-resized\"><img decoding=\"async\" src=\"https:\/\/lh6.googleusercontent.com\/cV8y8aQZ0ecwrLYtoIdbmWqR9rGLHT1g6rB2flA3RwWKmKqz-Cfm3Co51C1YpaeQH_b1rkUE1D3fHG-KUFcknxUlpoKislWAmlm55WkAF9mW2sAVd2JDdxamx02RfMIoY_6eCp0x5N2hfGSnxnbQ5V0\" alt=\"\" style=\"width:896px;height:377px\"\/><figcaption class=\"wp-element-caption\"> Istambul. Dispon\u00edvel em: &lt;http:\/\/cosmopolitando.com\/istambul-saiba-mais-porque-essa-cidade-me\/&gt;. Acesso em 22, ago. 2022. <\/figcaption><\/figure><\/div>\n\n\n<p class=\"has-medium-font-size\"><strong>Istambul est\u00e1 localizada na Turquia, a cidade tem cerca de 12 milh\u00f5es de habitantes e \u00e9 considerada a \u00fanica cidade transcontinental do mundo sendo dividida pelo estreito de B\u00f3sforo. O que s\u00e3o pa\u00edses transcontinentais? Istambul est\u00e1 localizada em quais continentes?<\/strong><\/p>\n\n\n\n<p class=\"has-white-color has-vivid-cyan-blue-background-color has-text-color has-background has-medium-font-size\"><strong>Quest\u00e3o 02<\/strong><\/p>\n\n\n<div class=\"wp-block-image\">\n<figure class=\"aligncenter\"><img decoding=\"async\" src=\"https:\/\/lh3.googleusercontent.com\/1y4TefrtvA6wM7ENBp5w1cHIg7KsrzNGwyC5ta-EbdFrlZZkh_EyDSYTeXV5uMqsGUdERmyvKVMovz-v6skm4lSH-bf1OFylsNN3Z9wPbHDuCzAozchMcTu2hTpccoXKxigct_awS-_AjvpXjFSq1wo\" alt=\"\"\/><figcaption class=\"wp-element-caption\"> Eur\u00e1sia<strong> &#8211; Fonte: <\/strong>https:\/\/www.estudopratico.com.br\/eurasia\/ <\/figcaption><\/figure><\/div>\n\n\n<p class=\"has-medium-font-size\"><strong>Ao observar o planisf\u00e9rio, Europa e \u00c1sia n\u00e3o est\u00e3o separadas por oceanos como ocorre com as demais massas continentais. <\/strong><strong>Eur\u00e1sia \u00e9 o nome dado \u00e0 jun\u00e7\u00e3o do continente europeu e asi\u00e1tico.&nbsp;<\/strong><\/p>\n\n\n\n<p class=\"has-medium-font-size\"><strong>a) Quais fatores pol\u00edticos, hist\u00f3ricos e culturais justificam o reconhecimento da Europa como continente?&nbsp;<\/strong><\/p>\n\n\n\n<p class=\"has-medium-font-size\"><strong>b) Quais s\u00e3o as fronteiras f\u00edsico-naturais que dividem a Europa da \u00c1sia?<\/strong><\/p>\n\n\n\n<p class=\"has-white-color has-vivid-cyan-blue-background-color has-text-color has-background has-medium-font-size\"><strong>Quest\u00e3o 03<\/strong><\/p>\n\n\n\n<p class=\"has-black-color has-text-color has-link-color has-medium-font-size wp-elements-b66bb8be57232eed2667370e7cab4374\"><strong>Historicamente, a regi\u00e3o da Eur\u00e1sia foi palco de grandes imp\u00e9rios e civiliza\u00e7\u00f5es. Desde os tempos antigos, imp\u00e9rios como o Romano, Persa, Mongol e Otomano deixaram sua marca na paisagem e na cultura da regi\u00e3o que geograficamente \u00e9&nbsp;<\/strong><\/p>\n\n\n\n<p class=\"has-black-color has-text-color has-link-color has-medium-font-size wp-elements-15f34795bf9297db48b82cdb407e66c9\">(A) Situada entre a Am\u00e9rica do Norte e a Am\u00e9rica do Sul.<\/p>\n\n\n\n<p class=\"has-black-color has-text-color has-link-color has-medium-font-size wp-elements-09c004ef0eff487d7eb0259d5dbd8c32\">(B) Limitada pelo Oceano Atl\u00e2ntico a oeste e pelo Oceano Pac\u00edfico a leste.<\/p>\n\n\n\n<p class=\"has-black-color has-text-color has-link-color has-medium-font-size wp-elements-1b59eaaec45269b6a231d0136ebb3d9c\">(C) Composta pela jun\u00e7\u00e3o dos continentes Europeu e Asi\u00e1tico.<\/p>\n\n\n\n<p class=\"has-black-color has-text-color has-link-color has-medium-font-size wp-elements-dd3b4328683ac53aa99495620d1b5be8\">(D) Delimitada pelo Oceano \u00cdndico ao sul e pelo Oceano \u00c1rtico ao norte.<\/p>\n\n\n\n<p class=\"has-white-color has-vivid-cyan-blue-background-color has-text-color has-background has-link-color has-medium-font-size wp-elements-0f7b8c42d2e64bb432510b831606f8b5\"><strong>Quest\u00e3o 04 <\/strong><\/p>\n\n\n\n<p class=\"has-black-color has-text-color has-link-color has-medium-font-size wp-elements-fe7d1b5e2a25d8dbb073bd8a33e7cfb9\"><strong>Do ponto de vista geol\u00f3gico, o continente europeu \u00e9 uma pen\u00ednsula asi\u00e1tica.<\/strong><strong> Reconhecemos o continente europeu considerando&nbsp;<\/strong><\/p>\n\n\n\n<p class=\"has-black-color has-text-color has-link-color has-medium-font-size wp-elements-a2efd1bc05a94749afe624d75e9dae30\">(A) aspectos hist\u00f3ricos, culturais, sociais e pol\u00edticos.<\/p>\n\n\n\n<p class=\"has-black-color has-text-color has-link-color has-medium-font-size wp-elements-8561a45355a4b3f8b648b1728fd59e96\">(B) a localiza\u00e7\u00e3o geogr\u00e1ficas das terras europeias&nbsp;<\/p>\n\n\n\n<p class=\"has-black-color has-text-color has-link-color has-medium-font-size wp-elements-7350e05bcfdc8e8528470938ca9b02ec\">(C) a preval\u00eancia do clima na regi\u00e3o.<\/p>\n\n\n\n<p class=\"has-black-color has-text-color has-link-color has-medium-font-size wp-elements-4d1d8a3b4f4e48f43479319e27ee0d4d\">(D) a rela\u00e7\u00e3o entre clima, relevo e vegeta\u00e7\u00e3o.<\/p>\n\n\n\n<p class=\"has-white-color has-vivid-cyan-blue-background-color has-text-color has-background has-medium-font-size\"><strong>SAIBA MAIS<\/strong><\/p>\n\n\n\n<figure class=\"wp-block-embed is-type-video is-provider-youtube wp-block-embed-youtube aligncenter wp-embed-aspect-16-9 wp-has-aspect-ratio\"><div class=\"wp-block-embed__wrapper\">\n<p class=\"responsive-video-wrap clr\"><iframe title=\"Atividade 10 - Oriente e Ocidente - 9\u00b0 Ano\" width=\"1200\" height=\"675\" src=\"https:\/\/www.youtube.com\/embed\/MrsbHQszx7k?feature=oembed\" frameborder=\"0\" allow=\"accelerometer; autoplay; clipboard-write; encrypted-media; gyroscope; picture-in-picture; web-share\" referrerpolicy=\"strict-origin-when-cross-origin\" allowfullscreen><\/iframe><\/p>\n<\/div><figcaption class=\"wp-element-caption\">Canal Geo Power &#8220;Atividade 11 &#8211; Eur\u00e1sia &#8211; 9\u00b0 Ano. Dispon\u00edvel em<a rel=\"noreferrer noopener\" href=\"https:\/\/www.youtube.com\/watch?v=_3Zz_5eFy1c\" target=\"_blank\">: &lt;<\/a><a rel=\"noreferrer noopener\" href=\"https:\/\/www.youtube.com\/watch?v=aXm4GTgGvIs\" target=\"_blank\">https:\/\/www.youtube.com\/watch?v=MrsbHQszx7k<\/a>&gt;. Acesso em:  26, ago.22.<\/figcaption><\/figure>\n\n\n\n<p class=\"has-background has-medium-font-size\" style=\"background-color:#fff5d8\"><strong>Acesse os materiais referentes a essa atividade clicando aqui:<\/strong>   <a href=\"https:\/\/sme.goiania.go.gov.br\/conexaoescola\/propostas_didaticas\/propostas-didaticas-geografia-9o-ano\/\" target=\"_blank\" rel=\"noreferrer noopener\">https:\/\/sme.goiania.go.gov.br\/conexaoescola\/propostas_didaticas\/propostas-didaticas-geografia-9o-ano\/<\/a> <\/p>\n\n\n\n<figure class=\"wp-block-table alignfull is-style-stripes\"><table><tbody><tr><td><strong>Habilidade:<\/strong><\/td><td>(EF09GE07-A) Analisar e localizar em mapas e imagens os determinantes hist\u00f3rico-geogr\u00e1ficos e f\u00edsicos naturais para a divis\u00e3o da Eur\u00e1sia, em Europa e \u00c1sia.<\/td><\/tr><tr><td><strong>Referencial Te\u00f3rico:&nbsp;<\/strong><\/td><td><em>ADAS, M; ADAS, S. <em>Expedi\u00e7\u00f5es Geogr\u00e1ficas: 9\u00b0 ano<\/em>. 3\u00b0 Edi\u00e7\u00e3o. S\u00e3o Paulo: Moderna, 2018.&nbsp;<br>DOR\u00c9, A. <em>Rela\u00e7\u00f5es entre oriente e ocidente (S\u00e9c. XIII-XVII): Mercadores, mission\u00e1rios e homens de armas<\/em>. Dispon\u00edvel em:&lt;<a href=\"https:\/\/brapci.inf.br\/index.php\/res\/download\/56257\">https:\/\/brapci.inf.br\/index.php\/res\/download\/56257<\/a>&gt;. Acesso em: 05, ago. 22.<br>SEGRILLO, A . O. <em>EUROPA OU \u00c1SIA? A QUEST\u00c3O DA IDENTIDADE RUSSA NOS DEBATES ENTRE OCIDENTALISTAS, ESLAV\u00d3FILOS E EURASIANISTAS<\/em>. Dispon\u00edvel em: &lt;lea.vitis.uspnet.usp.br\/arquivos\/angelosegrillotesedelivredocencia.pdf&gt;. Acesso em: 21, ago. 2022.<\/em><\/td><\/tr><\/tbody><\/table><\/figure>\n\n\n\n<p><\/p>\n","protected":false},"author":52,"featured_media":148890,"template":"","ef_categoria":[],"ef_ano":[92],"ef_componente":[96],"class_list":["post-148887","ensino_fundamental","type-ensino_fundamental","status-publish","has-post-thumbnail","hentry","ef_ano-9o-ano","ef_componente-geografia","entry","has-media"],"acf":[],"_links":{"self":[{"href":"https:\/\/sme.goiania.go.gov.br\/conexaoescola\/wp-json\/wp\/v2\/ensino_fundamental\/148887","targetHints":{"allow":["GET"]}}],"collection":[{"href":"https:\/\/sme.goiania.go.gov.br\/conexaoescola\/wp-json\/wp\/v2\/ensino_fundamental"}],"about":[{"href":"https:\/\/sme.goiania.go.gov.br\/conexaoescola\/wp-json\/wp\/v2\/types\/ensino_fundamental"}],"author":[{"embeddable":true,"href":"https:\/\/sme.goiania.go.gov.br\/conexaoescola\/wp-json\/wp\/v2\/users\/52"}],"version-history":[{"count":1,"href":"https:\/\/sme.goiania.go.gov.br\/conexaoescola\/wp-json\/wp\/v2\/ensino_fundamental\/148887\/revisions"}],"predecessor-version":[{"id":181874,"href":"https:\/\/sme.goiania.go.gov.br\/conexaoescola\/wp-json\/wp\/v2\/ensino_fundamental\/148887\/revisions\/181874"}],"wp:featuredmedia":[{"embeddable":true,"href":"https:\/\/sme.goiania.go.gov.br\/conexaoescola\/wp-json\/wp\/v2\/media\/148890"}],"wp:attachment":[{"href":"https:\/\/sme.goiania.go.gov.br\/conexaoescola\/wp-json\/wp\/v2\/media?parent=148887"}],"wp:term":[{"taxonomy":"ef_categoria","embeddable":true,"href":"https:\/\/sme.goiania.go.gov.br\/conexaoescola\/wp-json\/wp\/v2\/ef_categoria?post=148887"},{"taxonomy":"ef_ano","embeddable":true,"href":"https:\/\/sme.goiania.go.gov.br\/conexaoescola\/wp-json\/wp\/v2\/ef_ano?post=148887"},{"taxonomy":"ef_componente","embeddable":true,"href":"https:\/\/sme.goiania.go.gov.br\/conexaoescola\/wp-json\/wp\/v2\/ef_componente?post=148887"}],"curies":[{"name":"wp","href":"https:\/\/api.w.org\/{rel}","templated":true}]}}