{"id":148405,"date":"2022-08-23T05:26:06","date_gmt":"2022-08-23T08:26:06","guid":{"rendered":"https:\/\/sme.goiania.go.gov.br\/conexaoescola\/?post_type=ensino_fundamental&#038;p=148405"},"modified":"2024-09-26T14:48:41","modified_gmt":"2024-09-26T17:48:41","slug":"ciencias-da-natureza-como-a-luz-influencia-na-formacao-das-cores","status":"publish","type":"ensino_fundamental","link":"https:\/\/sme.goiania.go.gov.br\/conexaoescola\/ensino_fundamental\/ciencias-da-natureza-como-a-luz-influencia-na-formacao-das-cores\/","title":{"rendered":"Ci\u00eancias da Natureza \u2013 Luz e cores"},"content":{"rendered":"\n<p class=\"has-text-align-center has-background has-medium-font-size\" style=\"background-color:#ffc3d2\">Esta proposta de atividade de\u00a0<strong>Ci\u00eancias da Natureza<\/strong>\u00a0\u00e9 destinada aos estudantes do<strong>\u00a09\u00ba ano\u00a0<\/strong>dos anos finais do Ensino Fundamental<\/p>\n\n\n\n<div class=\"wp-block-buttons is-content-justification-center is-layout-flex wp-container-core-buttons-is-layout-16018d1d wp-block-buttons-is-layout-flex\">\n<div class=\"wp-block-button has-custom-font-size has-medium-font-size\"><a class=\"wp-block-button__link wp-element-button\" href=\"https:\/\/drive.google.com\/uc?export=download&amp;id=18wKqdATVlQhjwdG_YIK6cHziZ7tDbi02\" target=\"_blank\" rel=\"noreferrer noopener\"><strong>BAIXE A ATIVIDADE<\/strong><\/a><\/div>\n\n\n\n<div class=\"wp-block-button has-custom-font-size has-medium-font-size\"><a class=\"wp-block-button__link wp-element-button\" href=\"https:\/\/drive.google.com\/uc?export=download&amp;id=1QG4n6ZPNHKEnos180At46kg54VxO_zwk\" target=\"_blank\" rel=\"noreferrer noopener\"><strong>BAIXE OS SLIDES<\/strong><\/a><\/div>\n\n\n\n<div class=\"wp-block-button has-custom-font-size has-medium-font-size\"><a class=\"wp-block-button__link wp-element-button\" href=\"https:\/\/drive.google.com\/uc?export=download&amp;id=1xg4YlW6Tj-hyKZA8_7Zcw_Ra1l1vHw68\" target=\"_blank\" rel=\"noreferrer noopener\"><strong>BAIXE O TEXTO<\/strong><\/a><\/div>\n<\/div>\n\n\n\n<hr class=\"wp-block-separator has-alpha-channel-opacity\"\/>\n\n\n\n<figure class=\"wp-block-image size-large\"><img fetchpriority=\"high\" decoding=\"async\" width=\"1024\" height=\"683\" src=\"https:\/\/sme.goiania.go.gov.br\/conexaoescola\/wp-content\/uploads\/2022\/08\/2019-05-15-15-02-10-1200x800-1-e1661153204118-1024x683.jpg\" alt=\"\" class=\"wp-image-148406\" srcset=\"https:\/\/sme.goiania.go.gov.br\/conexaoescola\/wp-content\/uploads\/2022\/08\/2019-05-15-15-02-10-1200x800-1-e1661153204118-1024x683.jpg 1024w, https:\/\/sme.goiania.go.gov.br\/conexaoescola\/wp-content\/uploads\/2022\/08\/2019-05-15-15-02-10-1200x800-1-e1661153204118-300x200.jpg 300w, https:\/\/sme.goiania.go.gov.br\/conexaoescola\/wp-content\/uploads\/2022\/08\/2019-05-15-15-02-10-1200x800-1-e1661153204118-768x512.jpg 768w, https:\/\/sme.goiania.go.gov.br\/conexaoescola\/wp-content\/uploads\/2022\/08\/2019-05-15-15-02-10-1200x800-1-e1661153204118.jpg 1200w\" sizes=\"(max-width: 1024px) 100vw, 1024px\" \/><figcaption class=\"wp-element-caption\"><strong>Imagem 1.<\/strong> BICANSKI. Arco-\u00edris. Pixnio. Dispon\u00edvel em &lt;<a href=\"https:\/\/pixnio.com\/pt\/media\/arco-iris-sol-atmosfera-tempo-nuvens\">https:\/\/pixnio.com\/pt\/media\/arco-iris-sol-atmosfera-tempo-nuvens<\/a>&gt;. Acesso em 07\/08\/2022.<\/figcaption><\/figure>\n\n\n\n<h1 class=\"wp-block-heading has-text-align-center\"><strong>LUZ E CORES<\/strong><\/h1>\n\n\n\n<p class=\"has-medium-font-size\">De forma geral, a esp\u00e9cie humana apresenta a capacidade de interpretar e distinguir cores atrav\u00e9s da luz circundante. Assim, nossa percep\u00e7\u00e3o visual \u00e9 capaz de apreender parte do espectro eletromagn\u00e9tico, revelando-nos o mundo em uma variedade de cores que fascinam e encantam.&nbsp;<\/p>\n\n\n\n<p class=\"has-medium-font-size\">As ondas eletromagn\u00e9ticas s\u00e3o formadas pela oscila\u00e7\u00e3o de cargas el\u00e9tricas \u2013 como os el\u00e9trons. Elas s\u00e3o longitudinais, j\u00e1 que a perturba\u00e7\u00e3o e a oscila\u00e7\u00e3o t\u00eam a mesma dire\u00e7\u00e3o.<\/p>\n\n\n\n<p class=\"has-medium-font-size\">Tais ondas, no v\u00e1cuo, se deslocam \u201c\u00e0 velocidade da luz\u201d. Assim, elas n\u00e3o dependem de meio material para propaga\u00e7\u00e3o. Nas situa\u00e7\u00f5es em que h\u00e1 esse meio, elas podem refletir de maneira regular (em superf\u00edcies lisas e planas) ou difusa (em superf\u00edcies irregulares). J\u00e1 quando uma onda eletromagn\u00e9tica se propaga de um meio para outro, alterando a sua velocidade, dizemos que ocorreu a refra\u00e7\u00e3o.&nbsp;<\/p>\n\n\n\n<p class=\"has-medium-font-size\">Em todo o espectro eletromagn\u00e9tico, o espectro vis\u00edvel, que \u00e9 a faixa em que a esp\u00e9cie humana pode ver, \u00e9 significativamente pequeno. Ele inclui sete cores principais, cada uma correspondendo a um comprimento de onda espec\u00edfico: vermelho (700 nm), laranja (600 nm), amarelo (580 nm), verde (550 nm), azul (475 nm), anil (450 nm) e violeta (400 nm)<\/p>\n\n\n\n<figure class=\"wp-block-image size-full\"><img decoding=\"async\" width=\"773\" height=\"405\" src=\"https:\/\/sme.goiania.go.gov.br\/conexaoescola\/wp-content\/uploads\/2022\/08\/yu1w_rple_201208-e1689963765404.jpg\" alt=\"\" class=\"wp-image-166212\" srcset=\"https:\/\/sme.goiania.go.gov.br\/conexaoescola\/wp-content\/uploads\/2022\/08\/yu1w_rple_201208-e1689963765404.jpg 773w, https:\/\/sme.goiania.go.gov.br\/conexaoescola\/wp-content\/uploads\/2022\/08\/yu1w_rple_201208-e1689963765404-300x157.jpg 300w, https:\/\/sme.goiania.go.gov.br\/conexaoescola\/wp-content\/uploads\/2022\/08\/yu1w_rple_201208-e1689963765404-768x402.jpg 768w\" sizes=\"(max-width: 773px) 100vw, 773px\" \/><figcaption class=\"wp-element-caption\">BRGX. Espectro eletromagn\u00e9tico. Freepik. Dispon\u00edvel em &lt;<a href=\"https:\/\/br.freepik.com\/vetores-gratis\/diagrama-de-espectro-eletromagnetico-da-ciencia_15662378.htm#query=espectro%20magn%C3%A9tico&amp;position=0&amp;from_view=search&amp;track=ais\">https:\/\/br.freepik.com\/vetores-gratis\/diagrama-de-espectro-eletromagnetico-da-ciencia_15662378.htm#query=espectro%20magn%C3%A9tico&amp;position=0&amp;from_view=search&amp;track=ais<\/a>&gt;. Acesso em 07\/08\/2022.<\/figcaption><\/figure>\n\n\n\n<p class=\"has-medium-font-size\">Dessa maneira, a compreens\u00e3o das cores est\u00e1 diretamente relacionada \u00e0s ondas eletromagn\u00e9ticas, especialmente a luz. Assim, a cor de um objeto \u00e9 determinada pelos comprimentos de onda nos quais ele reflete, atrav\u00e9s de impulsos nervosos gerados por c\u00e9lulas chamadas cones, presentes na retina dos nossos olhos.&nbsp;<\/p>\n\n\n\n<p class=\"has-medium-font-size\">Eles detectam as cores vermelha, verde e azul, sendo as demais cores formadas pelas suas combina\u00e7\u00f5es. Na retina, h\u00e1 tamb\u00e9m outras c\u00e9lulas, denominadas bastonetes, que auxiliam na percep\u00e7\u00e3o da luminosidade e, portanto, na forma\u00e7\u00e3o das imagens formadas pelos olhos.<\/p>\n\n\n\n<p class=\"has-medium-font-size\">Ao compreendermos a rela\u00e7\u00e3o entre a cor de um objeto e a cor da luz que o ilumina, apreciamos melhor a beleza que a luz e os n\u00facleos conferem \u00e0 nossa exist\u00eancia.<\/p>\n\n\n\n<p class=\"has-background has-medium-font-size\" style=\"background-color:#ffdb7a\"><strong>QUEST\u00c3O 1<\/strong><\/p>\n\n\n\n<p class=\"has-medium-font-size\">A dispers\u00e3o das cores do espectro vis\u00edvel de luz \u00e9 um fen\u00f4meno \u00f3ptico. Sobre ele, pode-se afirmar que, quando a luz do Sol atravessa gotas d\u2019\u00e1gua da atmosfera<\/p>\n\n\n\n<p class=\"has-medium-font-size\">(A) ocorrem outros dois outros fen\u00f4menos: os rel\u00e2mpagos e os trov\u00f5es.<br>(B) h\u00e1 a refra\u00e7\u00e3o da \u00e1gua atmosf\u00e9rica, formando o alaranjado do p\u00f4r-do-sol.<br>(C) ocorre a decomposi\u00e7\u00e3o da cor branca, formando as cores do arco-\u00edris.<br>(D) formam-se cores, em ordem aleat\u00f3ria, de acordo com a hora do dia.<\/p>\n\n\n\n<p class=\"has-background has-medium-font-size\" style=\"background-color:#ffdb7a\"><strong>QUEST\u00c3O 2<\/strong><\/p>\n\n\n\n<p class=\"has-medium-font-size\">Marcela, recentemente, resolveu comercializar camisetas com estampas no estilo tie-dye.<\/p>\n\n\n<div class=\"wp-block-image\">\n<figure class=\"aligncenter size-large is-resized\"><img decoding=\"async\" width=\"1024\" height=\"680\" src=\"https:\/\/sme.goiania.go.gov.br\/conexaoescola\/wp-content\/uploads\/2022\/08\/1599px-Oficina_de_Tie_Dye_9779445022-e1661153592751-1024x680.jpg\" alt=\"\" class=\"wp-image-148407\" style=\"width:768px;height:510px\" srcset=\"https:\/\/sme.goiania.go.gov.br\/conexaoescola\/wp-content\/uploads\/2022\/08\/1599px-Oficina_de_Tie_Dye_9779445022-e1661153592751-1024x680.jpg 1024w, https:\/\/sme.goiania.go.gov.br\/conexaoescola\/wp-content\/uploads\/2022\/08\/1599px-Oficina_de_Tie_Dye_9779445022-e1661153592751-300x199.jpg 300w, https:\/\/sme.goiania.go.gov.br\/conexaoescola\/wp-content\/uploads\/2022\/08\/1599px-Oficina_de_Tie_Dye_9779445022-e1661153592751-768x510.jpg 768w, https:\/\/sme.goiania.go.gov.br\/conexaoescola\/wp-content\/uploads\/2022\/08\/1599px-Oficina_de_Tie_Dye_9779445022-e1661153592751-1536x1020.jpg 1536w, https:\/\/sme.goiania.go.gov.br\/conexaoescola\/wp-content\/uploads\/2022\/08\/1599px-Oficina_de_Tie_Dye_9779445022-e1661153592751.jpg 1599w\" sizes=\"(max-width: 1024px) 100vw, 1024px\" \/><figcaption class=\"wp-element-caption\"><strong>Imagem 2. <\/strong>FESTIVAL CONTATO. Oficina de Tie Dye. Wikimedia Commons. Dispon\u00edvel em &lt;<a href=\"https:\/\/commons.wikimedia.org\/wiki\/File:Oficina_de_Tie_Dye_(9779445022).jpg\">https:\/\/commons.wikimedia.org\/wiki\/File:Oficina_de_Tie_Dye_(9779445022).jpg<\/a>&gt;. Acesso em 07\/08\/2022.<\/figcaption><\/figure><\/div>\n\n\n<p class=\"has-medium-font-size\">Inicialmente, Marcela tem pouco recurso para arcar com as mais diversas cores de tinta para os pedidos de seus clientes. Nesse sentido, as cores essenciais para o in\u00edcio desse novo projeto s\u00e3o&nbsp;<\/p>\n\n\n\n<p class=\"has-medium-font-size\">(A) verde, azul e vermelho, que s\u00e3o cores prim\u00e1rias.<br>(B) vermelho, azul e amarelo, que s\u00e3o cores prim\u00e1rias.<br>(C) laranja, roxo e verde, que s\u00e3o cores secund\u00e1rias.<br>(D) vermelho, o azul e o amarelo, que s\u00e3o cores secund\u00e1rias.<\/p>\n\n\n\n<p class=\"has-background has-medium-font-size\" style=\"background-color:#ffdb7a\"><strong>QUEST\u00c3O 3<\/strong><\/p>\n\n\n\n<p class=\"has-medium-font-size\">M\u00e1rcio gosta muito de rock n\u2019 roll e, conforme muitos integrantes das bandas que ele curte, a cor preta \u00e9 a sua preferida ao se vestir. Ao estudar sobre as cores nas aulas de Ci\u00eancias, ele perguntou ao professor se a cor de sua vestimenta poderia interferir em algo no seu dia a dia, como o conforto ou mesmo o aprendizado. O professor indicou a leitura do artigo a seguir, da BBC News Brasil:<\/p>\n\n\n\n<p class=\"has-medium-font-size\"><strong>Link texto:<\/strong> <a href=\"https:\/\/www.bbc.com\/portuguese\/geral-40448655\" target=\"_blank\" rel=\"noreferrer noopener\">https:\/\/www.bbc.com\/portuguese\/geral-40448655<\/a><\/p>\n\n\n\n<p class=\"has-medium-font-size\">Que explica\u00e7\u00f5es poderiam ser dadas pelo professor? Desenvolva o racioc\u00ednio com suas pr\u00f3prias palavras.<\/p>\n\n\n\n<p class=\"has-background has-medium-font-size\" style=\"background-color:#ffdb7a\"><strong>QUEST\u00c3O 4<\/strong><\/p>\n\n\n\n<p class=\"has-medium-font-size\">Ana Catarina \u00e9 uma excelente fot\u00f3grafa. Ao retratar uma a imagem abaixo, muitas pessoas perguntaram a ela por que os lim\u00f5es aparecem \u201cdistorcidos\u201d atr\u00e1s do copo. Elabore essa explica\u00e7\u00e3o, com base no que aprendeu sobre as ondas eletromagn\u00e9ticas.<\/p>\n\n\n<div class=\"wp-block-image\">\n<figure class=\"aligncenter size-large\"><img loading=\"lazy\" decoding=\"async\" width=\"1024\" height=\"516\" src=\"https:\/\/sme.goiania.go.gov.br\/conexaoescola\/wp-content\/uploads\/2022\/08\/glass-gcbce79870_1280-e1689957092280-1024x516.jpg\" alt=\"\" class=\"wp-image-166208\" srcset=\"https:\/\/sme.goiania.go.gov.br\/conexaoescola\/wp-content\/uploads\/2022\/08\/glass-gcbce79870_1280-e1689957092280-1024x516.jpg 1024w, https:\/\/sme.goiania.go.gov.br\/conexaoescola\/wp-content\/uploads\/2022\/08\/glass-gcbce79870_1280-e1689957092280-300x151.jpg 300w, https:\/\/sme.goiania.go.gov.br\/conexaoescola\/wp-content\/uploads\/2022\/08\/glass-gcbce79870_1280-e1689957092280-768x387.jpg 768w, https:\/\/sme.goiania.go.gov.br\/conexaoescola\/wp-content\/uploads\/2022\/08\/glass-gcbce79870_1280-e1689957092280.jpg 1215w\" sizes=\"(max-width: 1024px) 100vw, 1024px\" \/><figcaption class=\"wp-element-caption\"><strong>Imagem 3. <\/strong>STEVEPB. Refra\u00e7\u00e3o. Vidro. Dispon\u00edvel em <a href=\"https:\/\/pixabay.com\/pt\/photos\/vidro-bebida-agua-lima-citrino-3306625\/\">https:\/\/pixabay.com\/pt\/photos\/vidro-bebida-agua-lima-citrino-3306625\/<\/a>. Acesso em 07\/08\/2022.<\/figcaption><\/figure><\/div>\n\n\n<p class=\"has-background has-medium-font-size\" style=\"background-color:#ffc3d2\"><strong>SAIBA MAIS<\/strong><\/p>\n\n\n\n<p class=\"has-medium-font-size\">Por que ser\u00e1 que o eletrodom\u00e9stico \u201cmicro-ondas\u201d tem esse nome? Ser\u00e1 que existe alguma rela\u00e7\u00e3o com o que tem estudado? Encontre essas respostas no v\u00eddeo abaixo, da professora Mariana Araguaia.<\/p>\n\n\n\n<figure class=\"wp-block-embed is-type-video is-provider-youtube wp-block-embed-youtube wp-embed-aspect-16-9 wp-has-aspect-ratio\"><div class=\"wp-block-embed__wrapper\">\n<p class=\"responsive-video-wrap clr\"><iframe title=\"[O forno micro-ondas e as micro-ondas]\" width=\"1200\" height=\"675\" src=\"https:\/\/www.youtube.com\/embed\/dC-7UqcEwMs?feature=oembed\" frameborder=\"0\" allow=\"accelerometer; autoplay; clipboard-write; encrypted-media; gyroscope; picture-in-picture; web-share\" allowfullscreen><\/iframe><\/p>\n<\/div><figcaption class=\"wp-element-caption\">Canal Mariana Araguaia. O forno micro-ondas e as micro-ondas. Dispon\u00edvel em &lt;<a rel=\"noreferrer noopener\" href=\"https:\/\/youtu.be\/dC-7UqcEwMs\" target=\"_blank\">https:\/\/youtu.be\/dC-7UqcEwMs<\/a>&gt;. Acesso em 07\/08\/2022.<\/figcaption><\/figure>\n\n\n\n<figure class=\"wp-block-table is-style-stripes\"><table><tbody><tr><td><strong>Autoria<\/strong><\/td><td>Mariana Araguaia<\/td><\/tr><tr><td><strong>Forma\u00e7\u00e3o<\/strong><\/td><td>Ci\u00eancias Biol\u00f3gicas<\/td><\/tr><tr><td><strong>Componente curricular<\/strong><\/td><td>Ci\u00eancias da Natureza<\/td><\/tr><tr><td><strong>Habilidade<\/strong><\/td><td>(EF09CI04) Planejar e executar experimentos que evidenciem que todas as cores de luz podem ser formadas pela composi\u00e7\u00e3o das tr\u00eas cores prim\u00e1rias da luz e que a cor de um objeto est\u00e1 relacionada tamb\u00e9m \u00e0 cor da luz que o ilumina.<\/td><\/tr><tr><td><strong>Refer\u00eancias<\/strong><\/td><td>CARNEVALLE, M. R. Ararib\u00e1 mais Ci\u00eancias: 9\u00ba ano: ensino fundamental: anos finais. 1. ed. S\u00e3o Paulo: Moderna, 2018. 272 p.<br><br>GOI\u00c1S. Documento Curricular para Goi\u00e1s \u2013 Ampliado. Volume III Ensino Fundamental Anos Finais. Dispon\u00edvel em &lt;<a href=\"https:\/\/sme.goiania.go.gov.br\/site\/index.php\/institucional\/documentos-oficiais-2\/category\/27-documentos-gerais\">https:\/\/sme.goiania.go.gov.br\/site\/index.php\/institucional\/documentos-oficiais-2\/category\/27-documentos-gerais<\/a>&gt;. Acesso em 16\/06\/2023.<br><br>______. Documento Curricular para Goi\u00e1s \u2013 Ampliado &#8211; Cortes Temporais. CONSED; UNDIME, 2019. p. 143. Dispon\u00edvel em: &lt;sme.goiania.go.gov.br\/site\/index.php\/institucional\/documentos-oficiais-2&gt;. Acesso em 16\/06\/2023.<br><br>HIRANAKA. R. A. B.; HORTENCIO, T. M. A. Inspire Ci\u00eancias: 9\u00ba ano: ensino fundamental: anos finais. 1. ed. S\u00e3o Paulo: FTD, 2018. 256 p.<br>OLIVEIRA, Carlos L. Fen\u00f4menos Ondulat\u00f3rios. Dispon\u00edvel em &lt;<a href=\"http:\/\/www.lief.if.ufrgs.br\/~cloliveira\/introducao.html\">http:\/\/www.lief.if.ufrgs.br\/~cloliveira\/introducao.html<\/a>&gt;. Acesso em ago. 22.<\/td><\/tr><\/tbody><\/table><\/figure>\n","protected":false},"author":44,"featured_media":148406,"template":"","ef_categoria":[33,37],"ef_ano":[92],"ef_componente":[98],"class_list":["post-148405","ensino_fundamental","type-ensino_fundamental","status-publish","has-post-thumbnail","hentry","ef_categoria-educacao-ambiental-e-saude-ciclo-da-adolescencia-hi","ef_categoria-experiencias-e-curiosidades-ciclo-da-adolescencia-hi","ef_ano-9o-ano","ef_componente-ciencia-da-natureza-ef","entry","has-media"],"acf":[],"_links":{"self":[{"href":"https:\/\/sme.goiania.go.gov.br\/conexaoescola\/wp-json\/wp\/v2\/ensino_fundamental\/148405","targetHints":{"allow":["GET"]}}],"collection":[{"href":"https:\/\/sme.goiania.go.gov.br\/conexaoescola\/wp-json\/wp\/v2\/ensino_fundamental"}],"about":[{"href":"https:\/\/sme.goiania.go.gov.br\/conexaoescola\/wp-json\/wp\/v2\/types\/ensino_fundamental"}],"author":[{"embeddable":true,"href":"https:\/\/sme.goiania.go.gov.br\/conexaoescola\/wp-json\/wp\/v2\/users\/44"}],"version-history":[{"count":9,"href":"https:\/\/sme.goiania.go.gov.br\/conexaoescola\/wp-json\/wp\/v2\/ensino_fundamental\/148405\/revisions"}],"predecessor-version":[{"id":188125,"href":"https:\/\/sme.goiania.go.gov.br\/conexaoescola\/wp-json\/wp\/v2\/ensino_fundamental\/148405\/revisions\/188125"}],"wp:featuredmedia":[{"embeddable":true,"href":"https:\/\/sme.goiania.go.gov.br\/conexaoescola\/wp-json\/wp\/v2\/media\/148406"}],"wp:attachment":[{"href":"https:\/\/sme.goiania.go.gov.br\/conexaoescola\/wp-json\/wp\/v2\/media?parent=148405"}],"wp:term":[{"taxonomy":"ef_categoria","embeddable":true,"href":"https:\/\/sme.goiania.go.gov.br\/conexaoescola\/wp-json\/wp\/v2\/ef_categoria?post=148405"},{"taxonomy":"ef_ano","embeddable":true,"href":"https:\/\/sme.goiania.go.gov.br\/conexaoescola\/wp-json\/wp\/v2\/ef_ano?post=148405"},{"taxonomy":"ef_componente","embeddable":true,"href":"https:\/\/sme.goiania.go.gov.br\/conexaoescola\/wp-json\/wp\/v2\/ef_componente?post=148405"}],"curies":[{"name":"wp","href":"https:\/\/api.w.org\/{rel}","templated":true}]}}