{"id":148395,"date":"2024-11-04T14:04:25","date_gmt":"2024-11-04T17:04:25","guid":{"rendered":"https:\/\/sme.goiania.go.gov.br\/conexaoescola\/?post_type=ensino_fundamental&#038;p=148395"},"modified":"2025-06-10T10:39:14","modified_gmt":"2025-06-10T13:39:14","slug":"geografia-tipos-de-poluicao","status":"publish","type":"ensino_fundamental","link":"https:\/\/sme.goiania.go.gov.br\/conexaoescola\/ensino_fundamental\/geografia-tipos-de-poluicao\/","title":{"rendered":"Geografia &#8211; Tipos de Polui\u00e7\u00e3o"},"content":{"rendered":"\n<p class=\"has-text-align-center has-black-color has-text-color has-background has-medium-font-size\" style=\"background-color:#f0f0f0\">Esta proposta de atividade de&nbsp;<strong>GEOGRAFIA <\/strong>\u00e9 destinada aos estudantes do<strong> 5\u00ba ano&nbsp;do Ensino Fundamental.<\/strong><\/p>\n\n\n\n<div class=\"wp-block-buttons has-custom-font-size has-medium-font-size is-content-justification-center is-layout-flex wp-container-core-buttons-is-layout-16018d1d wp-block-buttons-is-layout-flex\">\n<div class=\"wp-block-button\"><a class=\"wp-block-button__link has-white-color has-black-background-color has-text-color has-background has-medium-font-size has-custom-font-size wp-element-button\" href=\"https:\/\/drive.google.com\/uc?export=download&amp;id=1VbeybnxyNjDap7cG7ZnXUM11X0tYgr-h\" target=\"_blank\" rel=\"noreferrer noopener\">BAIXE A ATIVIDADE<\/a><\/div>\n\n\n\n<div class=\"wp-block-button\"><a class=\"wp-block-button__link has-white-color has-black-background-color has-text-color has-background has-medium-font-size has-custom-font-size wp-element-button\" href=\"https:\/\/drive.google.com\/uc?export=download&amp;id=1ROWaICZK8Gpg-4txdtaSyRb88Wu6x1qy\" target=\"_blank\" rel=\"noreferrer noopener\">BAIXE OS SLIDES<\/a><\/div>\n\n\n\n<div class=\"wp-block-button\"><a class=\"wp-block-button__link has-white-color has-black-background-color has-text-color has-background has-medium-font-size has-custom-font-size wp-element-button\" href=\"https:\/\/drive.google.com\/uc?export=download&amp;id=19ubf9gE2y1dtzsdTerjj71ui9sNPkdMc\" target=\"_blank\" rel=\"noreferrer noopener\">BAIXE O TEXTO<\/a><\/div>\n<\/div>\n\n\n\n<p class=\"has-white-color has-text-color has-link-color wp-elements-7e4ac651328708ea719ac0894fa30934\">.<\/p>\n\n\n<div class=\"wp-block-image is-style-default\">\n<figure class=\"aligncenter size-full\"><img fetchpriority=\"high\" decoding=\"async\" width=\"671\" height=\"556\" src=\"https:\/\/sme.goiania.go.gov.br\/conexaoescola\/wp-content\/uploads\/2022\/08\/image-32.png\" alt=\"\" class=\"wp-image-148396\" srcset=\"https:\/\/sme.goiania.go.gov.br\/conexaoescola\/wp-content\/uploads\/2022\/08\/image-32.png 671w, https:\/\/sme.goiania.go.gov.br\/conexaoescola\/wp-content\/uploads\/2022\/08\/image-32-300x249.png 300w\" sizes=\"(max-width: 671px) 100vw, 671px\" \/><figcaption class=\"wp-element-caption\">Fonte: https:\/\/www.freepik.com\/free-vector\/ecological-disasters-element-collection_7439100.htm<\/figcaption><\/figure><\/div>\n\n\n<p class=\"has-text-align-center has-black-color has-text-color has-medium-font-size\"><strong>TIPOS DE POLUI\u00c7\u00c3O<\/strong><\/p>\n\n\n\n<p class=\"has-text-align-center has-medium-font-size\">Os seres vivos s\u00e3o afetados pela polui\u00e7\u00e3o, em seus diferentes tipos. A \u00e1gua, o ar, o solo s\u00e3o diariamente polu\u00eddos pelas atividades humanas que os prejudicam. A polui\u00e7\u00e3o visual e sonora, tamb\u00e9m s\u00e3o recorrentes nos centros urbanos. Conhecer cada um dos tipos de polui\u00e7\u00e3o \u00e9 importante para buscar solu\u00e7\u00f5es para estes problemas ambientais.<\/p>\n\n\n\n<p class=\"has-medium-font-size\">A polui\u00e7\u00e3o pode ser entendida como modifica\u00e7\u00f5es que prejudicam o meio ambiente e a vida das pessoas e demais seres vivos. Estas altera\u00e7\u00f5es s\u00e3o ocasionadas pelas atividades humanas.<\/p>\n\n\n\n<p class=\"has-medium-font-size\"><strong>TIPOS DE POLUI\u00c7\u00c3O<\/strong><\/p>\n\n\n\n<ul class=\"wp-block-list\">\n<li class=\"has-medium-font-size\">POLUI\u00c7\u00c3O DO SOLO&nbsp;<\/li>\n\n\n\n<li class=\"has-medium-font-size\">POLUI\u00c7\u00c3O H\u00cdDRICA (DAS \u00c1GUAS)<\/li>\n\n\n\n<li class=\"has-medium-font-size\">POLUI\u00c7\u00c3O ATMOSF\u00c9RICA (DO AR)<\/li>\n\n\n\n<li class=\"has-medium-font-size\">POLUI\u00c7\u00c3O SONORA<\/li>\n\n\n\n<li class=\"has-medium-font-size\">POLUI\u00c7\u00c3O VISUAL<\/li>\n<\/ul>\n\n\n\n<p class=\"has-medium-font-size\">Embora existam diversas leis e tratados que buscam evitar a polui\u00e7\u00e3o e suas causas, este ainda \u00e9 um grande problema ambiental.<\/p>\n\n\n\n<p class=\"has-medium-font-size\"><strong>Vamos conhecer cada um dos tipos de polui\u00e7\u00e3o.<\/strong><\/p>\n\n\n\n<ul class=\"wp-block-list\">\n<li class=\"has-medium-font-size\"><strong>POLUI\u00c7\u00c3O DAS \u00c1GUAS<\/strong><\/li>\n<\/ul>\n\n\n\n<p class=\"has-medium-font-size\">Tamb\u00e9m chamada de POLUI\u00c7\u00c3O H\u00cdDRICA, prejudica rios, c\u00f3rregos, lagos, mares e oceanos. As \u00e1guas subterr\u00e2neas tamb\u00e9m podem ser contaminadas pela polui\u00e7\u00e3o.&nbsp;<\/p>\n\n\n\n<p class=\"has-medium-font-size\"><strong>Ocorre quando<\/strong> h\u00e1 o lan\u00e7amento de:<\/p>\n\n\n\n<ul class=\"wp-block-list\">\n<li class=\"has-medium-font-size\">esgotos (dom\u00e9stico e industrial),&nbsp;<\/li>\n\n\n\n<li class=\"has-medium-font-size\">agrot\u00f3xicos (usados na agricultura),<\/li>\n\n\n\n<li class=\"has-medium-font-size\">lixo das ruas, locais de dep\u00f3sito e lix\u00f5es,<\/li>\n\n\n\n<li class=\"has-medium-font-size\">entulho e res\u00edduos despejados nas \u00e1guas,<\/li>\n\n\n\n<li class=\"has-medium-font-size\">subst\u00e2ncias qu\u00edmicas ou biol\u00f3gicas das f\u00e1bricas,<\/li>\n\n\n\n<li class=\"has-medium-font-size\">petr\u00f3leo e derivados (vazamentos de embarca\u00e7\u00f5es).<\/li>\n<\/ul>\n\n\n\n<ul class=\"wp-block-list\">\n<li class=\"has-medium-font-size\"><strong>POLUI\u00c7\u00c3O DO AR<\/strong><\/li>\n<\/ul>\n\n\n\n<p class=\"has-medium-font-size\">Tamb\u00e9m conhecida como POLUI\u00c7\u00c3O ATMOSF\u00c9RICA.&nbsp;Ocorre quando o ar \u00e9 contaminado ou polu\u00eddo por gases, ou part\u00edculas s\u00f3lidas. \u00c9 mais comum em grandes centros urbanos, cidades pr\u00f3ximas \u00e0 ind\u00fastria e em&nbsp;\u00e1reas rurais e urbanas que sofrem queimadas.<\/p>\n\n\n\n<p class=\"has-medium-font-size\"><strong>Causas:<\/strong>&nbsp;<\/p>\n\n\n\n<ul class=\"wp-block-list\">\n<li class=\"has-medium-font-size\">queima de combust\u00edveis,<\/li>\n\n\n\n<li class=\"has-medium-font-size\">usinas termel\u00e9tricas,&nbsp;<\/li>\n\n\n\n<li class=\"has-medium-font-size\">chamin\u00e9s das f\u00e1bricas,<\/li>\n\n\n\n<li class=\"has-medium-font-size\">queimadas da vegeta\u00e7\u00e3o e lixo.<\/li>\n<\/ul>\n\n\n\n<p class=\"has-medium-font-size\">A polui\u00e7\u00e3o pode provocar doen\u00e7as respirat\u00f3rias e alergias.<\/p>\n\n\n\n<ul class=\"wp-block-list\">\n<li class=\"has-medium-font-size\"><strong>POLUI\u00c7\u00c3O DO SOLO<\/strong><\/li>\n<\/ul>\n\n\n\n<p class=\"has-medium-font-size\">A polui\u00e7\u00e3o do solo (e subsolo) ocorre quando h\u00e1 a presen\u00e7a de res\u00edduos s\u00f3lidos ou l\u00edquidos que provocam a contamina\u00e7\u00e3o. Este tipo de polui\u00e7\u00e3o ocorre nas \u00e1reas rurais e tamb\u00e9m urbanas.<\/p>\n\n\n\n<p class=\"has-medium-font-size\"><strong>Ocorre quando<\/strong> h\u00e1:<\/p>\n\n\n\n<ul class=\"wp-block-list has-medium-font-size\">\n<li class=\"has-medium-font-size\">Descarte incorreto de res\u00edduos dom\u00e9sticos, industriais e hospitalares.<\/li>\n\n\n\n<li class=\"has-medium-font-size\">O uso de agrot\u00f3xicos, fertilizantes e corretivos do solo nas lavouras.<\/li>\n\n\n\n<li class=\"has-medium-font-size\">As queimadas e o desmatamento<\/li>\n<\/ul>\n\n\n\n<p class=\"has-medium-font-size\">A polui\u00e7\u00e3o do solo pode alcan\u00e7ar tamb\u00e9m as \u00e1guas subterr\u00e2neas e dos rios.<\/p>\n\n\n\n<ul class=\"wp-block-list\">\n<li class=\"has-medium-font-size\"><strong>POLUI\u00c7\u00c3O SONORA:<\/strong><\/li>\n<\/ul>\n\n\n\n<p class=\"has-medium-font-size\">\u00c9 comum nas grandes cidades e ocorre quando o volume dos ru\u00eddos adequado para os seres humanos, ultrapassa o limite do saud\u00e1vel. O barulho excessivo pode causar perda da capacidade auditiva, doen\u00e7as psicol\u00f3gicas como ansiedade e estresse.<\/p>\n\n\n\n<p class=\"has-medium-font-size\"><strong>\u00c9 provocada, <\/strong>por exemplo, por ru\u00eddos do tr\u00e2nsito, avi\u00f5es, atividades industriais e da constru\u00e7\u00e3o civil, m\u00fasica muito alta, aglomera\u00e7\u00e3o de pessoas, fogos de artif\u00edcios e outros.<\/p>\n\n\n\n<p class=\"has-medium-font-size\">Os animais tamb\u00e9m s\u00e3o afetados pela polui\u00e7\u00e3o sonora. Pessoas com hipersensibilidade auditiva, como autistas, tamb\u00e9m sofrem com o barulho excessivo.<\/p>\n\n\n\n<ul class=\"wp-block-list\">\n<li class=\"has-medium-font-size\"><strong>POLUI\u00c7\u00c3O VISUAL:<\/strong><\/li>\n<\/ul>\n\n\n\n<p class=\"has-medium-font-size\">Ocorre nas grandes cidades.<\/p>\n\n\n\n<p class=\"has-medium-font-size\">Resulta do excesso de placas, postes, outdoors, banners, cartazes, an\u00fancios luminosos, fios de eletricidade, ac\u00famulo de res\u00edduos, com\u00e9rcio de rua e outros. Ela dificulta a visibilidade e causa desconforto. Pode gerar distra\u00e7\u00e3o, estresse, e at\u00e9 impactar a seguran\u00e7a no tr\u00e2nsito ao confundir motoristas e pedestres.<\/p>\n\n\n\n<ul class=\"wp-block-list\">\n<li class=\"has-medium-font-size\"><strong>OUTROS TIPOS DE POLUI\u00c7\u00c3O<\/strong><\/li>\n<\/ul>\n\n\n\n<p class=\"has-medium-font-size\">POLUI\u00c7\u00c3O T\u00c9RMICA \u2013 aumento artificial da temperatura do ar ou da \u00e1gua, causada pelos seres humanos.<\/p>\n\n\n\n<p class=\"has-medium-font-size\">POLUI\u00c7\u00c3O RADIOATIVA OU NUCLEAR \u2013 resulta da radia\u00e7\u00e3o excessiva, emitida por subst\u00e2ncias radioativas.<\/p>\n\n\n\n<p class=\"has-medium-font-size\">POLUI\u00c7\u00c3O LUMINOSA &#8211; gerada pelo excesso de luz artificial, especialmente nas grandes cidades.<\/p>\n\n\n\n<p class=\"has-medium-font-size\">Embora estes outros tipos de polui\u00e7\u00e3o possam ser compreendidos como parte da polui\u00e7\u00e3o do ar, das \u00e1guas, do solo e polui\u00e7\u00e3o visual, alguns autores as classificam separadamente.<\/p>\n\n\n\n<p class=\"has-text-align-center has-medium-font-size\"><strong>AGORA VOC\u00ca VAI REALIZAR ATIVIDADES SOBRE O TEMA.<\/strong><\/p>\n\n\n\n<p class=\"has-black-color has-cyan-bluish-gray-background-color has-text-color has-background has-medium-font-size\"><strong> QUEST\u00c3O 1<\/strong><\/p>\n\n\n\n<p class=\"has-text-align-center has-medium-font-size\"><span class=\"has-inline-color has-vivid-red-color\">FA\u00c7A TODAS AS ATIVIDADES EM SEU CADER<strong>NO<\/strong><\/span><br><strong>\u2022\u00c9 hora da pesquisa em grupo<\/strong><\/p>\n\n\n\n<p class=\"has-text-align-center has-medium-font-size\">Para aprofundar os seus conhecimentos sobre as origens e consequ\u00eancias de cada um dos tipos de polui\u00e7\u00e3o, voc\u00ea e seus colegas (divididos em grupos) para pesquisar sobre um tipo espec\u00edfico de polui\u00e7\u00e3o, seguindo o <strong>roteiro <\/strong>a seguir.<\/p>\n\n\n\n<p class=\"has-text-align-left has-medium-font-size\">\u2022a. Qual a origem deste tipo de polui\u00e7\u00e3o?<\/p>\n\n\n\n<p class=\"has-text-align-left has-medium-font-size\">\u2022b. Onde ela ocorre com mais frequ\u00eancia? (No campo, nas cidades, no mar, nos rios, em regi\u00f5es industriais, etc.)<\/p>\n\n\n\n<p class=\"has-text-align-left has-medium-font-size\">\u2022c. Qual processo que d\u00e1 origem a este tipo de polui\u00e7\u00e3o?<\/p>\n\n\n\n<p class=\"has-text-align-left has-medium-font-size\">\u2022d. Quais s\u00e3o as consequ\u00eancias deste tipo de polui\u00e7\u00e3o para o meio ambiente, para os animais, plantas e seres humanos.<\/p>\n\n\n\n<p class=\"has-text-align-left has-medium-font-size\">\u2022e. Quais s\u00e3o as formas de prevenir, evitar, reparar ou diminuir a ocorr\u00eancia deste tipo de polui\u00e7\u00e3o?<\/p>\n\n\n\n<p class=\"has-text-align-left has-medium-font-size\">\u2022f. No seu lugar de viv\u00eancia (rua, bairro, cidade), como este tipo de polui\u00e7\u00e3o se manifesta? H\u00e1 este tipo de polui\u00e7\u00e3o perto da sua escola?<\/p>\n\n\n\n<p class=\"has-text-align-center has-medium-font-size\"><strong>Com a pesquisa pronta, apresentem o que voc\u00eas descobriram para os seus colegas e a professora e ou\u00e7a os outros grupos apresentarem suas conclus\u00f5es.<\/strong><\/p>\n\n\n\n<p class=\"has-black-color has-cyan-bluish-gray-background-color has-text-color has-background has-medium-font-size\"><strong>  QUEST\u00c3O 2<\/strong><\/p>\n\n\n\n<p class=\"has-text-align-center has-medium-font-size\">\u2022<strong><span class=\"has-inline-color has-vivid-red-color\"> Associe a segunda coluna de acordo com a primeira<\/span><\/strong>:<\/p>\n\n\n\n<figure class=\"wp-block-image size-large is-style-default\"><img decoding=\"async\" width=\"1024\" height=\"416\" src=\"https:\/\/sme.goiania.go.gov.br\/conexaoescola\/wp-content\/uploads\/2022\/08\/image-33-1024x416.png\" alt=\"\" class=\"wp-image-148397\" srcset=\"https:\/\/sme.goiania.go.gov.br\/conexaoescola\/wp-content\/uploads\/2022\/08\/image-33-1024x416.png 1024w, https:\/\/sme.goiania.go.gov.br\/conexaoescola\/wp-content\/uploads\/2022\/08\/image-33-300x122.png 300w, https:\/\/sme.goiania.go.gov.br\/conexaoescola\/wp-content\/uploads\/2022\/08\/image-33-768x312.png 768w, https:\/\/sme.goiania.go.gov.br\/conexaoescola\/wp-content\/uploads\/2022\/08\/image-33.png 1071w\" sizes=\"(max-width: 1024px) 100vw, 1024px\" \/><figcaption class=\"wp-element-caption\">Fonte da imagem: Amarolina Ribeiro<\/figcaption><\/figure>\n\n\n\n<p class=\"has-medium-font-size\"><\/p>\n\n\n\n<p class=\"has-black-color has-cyan-bluish-gray-background-color has-text-color has-background has-medium-font-size\"><strong>  QUEST\u00c3O 3<\/strong><\/p>\n\n\n\n<p class=\"has-medium-font-size\">Em uma cidade grande, Paulo notou que o barulho era constante. Ele come\u00e7ou a se sentir irritado e at\u00e9 com dores de cabe\u00e7a. Ele estava sentindo os efeitos da polui\u00e7\u00e3o sonora, que ocorre quando<\/p>\n\n\n\n<p class=\"has-medium-font-size\">(A) as ind\u00fastrias funcionam em sil\u00eancio para respeitar o ambiente das cidades grandes.<br>(B) o volume dos ru\u00eddos ultrapassa o limite saud\u00e1vel para pessoas e animais.<br>(C) a cidade mant\u00e9m o controle de barulhos e ru\u00eddos de maneira eficiente.<br>(D) os carros e avi\u00f5es passam a diminuir a polui\u00e7\u00e3o gerada em seu entorno.<\/p>\n\n\n\n<p class=\"has-black-color has-cyan-bluish-gray-background-color has-text-color has-background has-medium-font-size\"><strong>  QUEST\u00c3O 4<\/strong><\/p>\n\n\n\n<p class=\"has-text-align-center\"><\/p>\n\n\n<div class=\"wp-block-image\">\n<figure class=\"aligncenter is-resized\"><img decoding=\"async\" src=\"https:\/\/lh7-rt.googleusercontent.com\/docsz\/AD_4nXfZHx5dYs-PR3vVn_eCT4WCB4DAtP8-k1KWbY2odzjcVeFn0h4fDHpQMTu1wPz8xzh3I6_XbjpF5ddujXJBpZRRCYZUG0zVQ_Zzn1hhqxVqjyJWxLaB4qAXBLVipjOAP17KRdP0pFT64uyTeaHu6irgltubDPbbtK-YV4QdyA?key=cwCulF6njBI2dlqvu7XZPQ\" alt=\"\" style=\"width:552px;height:auto\"\/><figcaption class=\"wp-element-caption\"><a href=\"https:\/\/chatgpt.com\/c\/670ec4a7-7168-8010-b881-2ce66bcbef07\">https:\/\/chatgpt.com\/c\/670ec4a7-7168-8010-b881-2ce66bcbef07<\/a><\/figcaption><\/figure><\/div>\n\n\n<p><a href=\"\"><\/a><\/p>\n\n\n\n<p class=\"has-medium-font-size\">Observe a imagem de um rio com lixo e garrafas pl\u00e1sticas na margem, esgoto despejado e peixes mortos na superf\u00edcie. A polui\u00e7\u00e3o das \u00e1guas ocorre quando,<\/p>\n\n\n\n<p class=\"has-medium-font-size\">(A) subst\u00e2ncias t\u00f3xicas e res\u00edduos dom\u00e9sticos s\u00e3o lan\u00e7ados nos rios e mares.<\/p>\n\n\n\n<p class=\"has-medium-font-size\">(B) os rios s\u00e3o limpos regularmente e mantidos livres de qualquer polui\u00e7\u00e3o.<\/p>\n\n\n\n<p class=\"has-medium-font-size\">(C) o esgoto passa por tratamento antes de ser lan\u00e7ado nas \u00e1guas dos rios.<\/p>\n\n\n\n<p class=\"has-medium-font-size\">(D) os oceanos e lagos permanecem sem interfer\u00eancia de subst\u00e2ncias qu\u00edmicas.<\/p>\n\n\n\n<p class=\"has-black-color has-cyan-bluish-gray-background-color has-text-color has-background has-medium-font-size\"> <strong>SAIBA MAIS<\/strong><\/p>\n\n\n\n<p class=\"has-text-align-center has-medium-font-size\"><strong>AGORA, ASSISTA O V\u00cdDEO:&nbsp;CUIDANDO DO SOLO<\/strong><\/p>\n\n\n\n<p class=\"has-medium-font-size\">Aprenda a cuidar do solo!<\/p>\n\n\n\n<figure class=\"wp-block-embed is-type-video is-provider-youtube wp-block-embed-youtube wp-embed-aspect-16-9 wp-has-aspect-ratio\"><div class=\"wp-block-embed__wrapper\">\n<p class=\"responsive-video-wrap clr\"><iframe title=\"Cuidando do solo - Prof.a Ma. Amarolina Ribeiro - Geografia EF1\" width=\"1200\" height=\"675\" src=\"https:\/\/www.youtube.com\/embed\/wUp3w2QrZN8?feature=oembed\" frameborder=\"0\" allow=\"accelerometer; autoplay; clipboard-write; encrypted-media; gyroscope; picture-in-picture; web-share\" referrerpolicy=\"strict-origin-when-cross-origin\" allowfullscreen><\/iframe><\/p>\n<\/div><\/figure>\n\n\n\n<p class=\"has-text-align-center has-medium-font-size\"><\/p>\n\n\n\n<figure class=\"wp-block-table is-style-stripes\"><table><tbody><tr><td><strong>Autoria:<\/strong><\/td><td><strong>Amarolina Ribeiro Silva<\/strong><\/td><\/tr><tr><td><strong>Forma\u00e7\u00e3o:<\/strong><\/td><td>Graduada em Geografia e em Pedagogia. <br>Mestra em Ensino na Educa\u00e7\u00e3o B\u00e1sica.<\/td><\/tr><tr><td><strong>Componente Curricular:<\/strong><\/td><td><strong>Geografia<\/strong><\/td><\/tr><tr><td><strong>Habilidades<\/strong><\/td><td>(EF05GE11) Identificar e descrever problemas ambientais que ocorrem no entorno da escola e da resid\u00eancia (lix\u00f5es, ind\u00fastrias poluentes, destrui\u00e7\u00e3o do patrim\u00f4nio hist\u00f3rico etc.), propondo solu\u00e7\u00f5es (inclusive tecnol\u00f3gicas) para esses problemas.<\/td><\/tr><tr><td><strong>Refer\u00eancia <\/strong><\/td><td>GOI\u00c1S. Documento Curricular para Goi\u00e1s. CONSED\/UNDIME \u2013 Ampliado \u2013 Cortes Temporais.pdf. Dispon\u00edvel em: <a href=\"https:\/sme.goiania.go.gov.br\/site\/index.php\/institucional\/documentos-oficiais-2\/\">https:\/sme.goiania.go.gov.br\/site\/index.php\/institucional\/documentos-oficiais-2\/<\/a><br><\/td><\/tr><\/tbody><\/table><\/figure>\n\n\n\n<p class=\"has-text-align-center has-medium-font-size\"><\/p>\n\n\n\n<p class=\"has-medium-font-size\"><\/p>\n\n\n\n<p><\/p>\n","protected":false},"author":61,"featured_media":148396,"template":"","ef_categoria":[],"ef_ano":[88],"ef_componente":[96],"class_list":["post-148395","ensino_fundamental","type-ensino_fundamental","status-publish","has-post-thumbnail","hentry","ef_ano-5o-ano","ef_componente-geografia","entry","has-media"],"acf":[],"_links":{"self":[{"href":"https:\/\/sme.goiania.go.gov.br\/conexaoescola\/wp-json\/wp\/v2\/ensino_fundamental\/148395","targetHints":{"allow":["GET"]}}],"collection":[{"href":"https:\/\/sme.goiania.go.gov.br\/conexaoescola\/wp-json\/wp\/v2\/ensino_fundamental"}],"about":[{"href":"https:\/\/sme.goiania.go.gov.br\/conexaoescola\/wp-json\/wp\/v2\/types\/ensino_fundamental"}],"author":[{"embeddable":true,"href":"https:\/\/sme.goiania.go.gov.br\/conexaoescola\/wp-json\/wp\/v2\/users\/61"}],"version-history":[{"count":9,"href":"https:\/\/sme.goiania.go.gov.br\/conexaoescola\/wp-json\/wp\/v2\/ensino_fundamental\/148395\/revisions"}],"predecessor-version":[{"id":197131,"href":"https:\/\/sme.goiania.go.gov.br\/conexaoescola\/wp-json\/wp\/v2\/ensino_fundamental\/148395\/revisions\/197131"}],"wp:featuredmedia":[{"embeddable":true,"href":"https:\/\/sme.goiania.go.gov.br\/conexaoescola\/wp-json\/wp\/v2\/media\/148396"}],"wp:attachment":[{"href":"https:\/\/sme.goiania.go.gov.br\/conexaoescola\/wp-json\/wp\/v2\/media?parent=148395"}],"wp:term":[{"taxonomy":"ef_categoria","embeddable":true,"href":"https:\/\/sme.goiania.go.gov.br\/conexaoescola\/wp-json\/wp\/v2\/ef_categoria?post=148395"},{"taxonomy":"ef_ano","embeddable":true,"href":"https:\/\/sme.goiania.go.gov.br\/conexaoescola\/wp-json\/wp\/v2\/ef_ano?post=148395"},{"taxonomy":"ef_componente","embeddable":true,"href":"https:\/\/sme.goiania.go.gov.br\/conexaoescola\/wp-json\/wp\/v2\/ef_componente?post=148395"}],"curies":[{"name":"wp","href":"https:\/\/api.w.org\/{rel}","templated":true}]}}