{"id":148129,"date":"2022-08-22T07:56:00","date_gmt":"2022-08-22T10:56:00","guid":{"rendered":"https:\/\/sme.goiania.go.gov.br\/conexaoescola\/?post_type=ensino_fundamental&#038;p=148129"},"modified":"2024-02-16T15:38:22","modified_gmt":"2024-02-16T18:38:22","slug":"arte-autorretrato","status":"publish","type":"ensino_fundamental","link":"https:\/\/sme.goiania.go.gov.br\/conexaoescola\/ensino_fundamental\/arte-autorretrato\/","title":{"rendered":"Arte &#8211; Autorretrato"},"content":{"rendered":"\n<p class=\"has-background has-medium-font-size\" style=\"background-color:#e6e8ea\">Esta proposta de atividade de <strong>Arte<\/strong>, \u00e9 destinada a estudantes de <strong>2\u00ba ano<\/strong> do <strong>Ensino Fundamental.<\/strong><\/p>\n\n\n\n<div class=\"wp-block-buttons is-content-justification-center is-layout-flex wp-container-core-buttons-is-layout-16018d1d wp-block-buttons-is-layout-flex\">\n<div class=\"wp-block-button has-custom-font-size has-medium-font-size\"><a class=\"wp-block-button__link wp-element-button\" href=\"https:\/\/drive.google.com\/uc?export=download&amp;id=1mtF4YJqXn9z6FjQwmzD6gOAGaaJhxcWD\">BAIXE A ATIVIDADE<\/a><\/div>\n\n\n\n<div class=\"wp-block-button has-custom-font-size has-medium-font-size\"><a class=\"wp-block-button__link wp-element-button\" href=\"https:\/\/drive.google.com\/uc?export=download&amp;id=1g9CN_m5uWSRe2PRtG8RA6dDBbCslQP9d\">BAIXE OS SLIDES<\/a><\/div>\n\n\n\n<div class=\"wp-block-button has-custom-font-size has-medium-font-size\"><a class=\"wp-block-button__link wp-element-button\" href=\"https:\/\/drive.google.com\/uc?export=download&amp;id=1Ck0qI6upsvDgQekLjtEdxNa67Dfk3--P\">BAIXE O TEXTO<\/a><\/div>\n<\/div>\n\n\n\n<div style=\"height:17px\" aria-hidden=\"true\" class=\"wp-block-spacer\"><\/div>\n\n\n<div class=\"wp-block-image\">\n<figure class=\"aligncenter size-large is-resized\"><img fetchpriority=\"high\" decoding=\"async\" src=\"https:\/\/sme.goiania.go.gov.br\/conexaoescola\/wp-content\/uploads\/2024\/02\/ALMADA-1024x464.png\" alt=\"\" class=\"wp-image-177236\" width=\"1024\" height=\"464\" srcset=\"https:\/\/sme.goiania.go.gov.br\/conexaoescola\/wp-content\/uploads\/2024\/02\/ALMADA-1024x464.png 1024w, https:\/\/sme.goiania.go.gov.br\/conexaoescola\/wp-content\/uploads\/2024\/02\/ALMADA-300x136.png 300w, https:\/\/sme.goiania.go.gov.br\/conexaoescola\/wp-content\/uploads\/2024\/02\/ALMADA-768x348.png 768w, https:\/\/sme.goiania.go.gov.br\/conexaoescola\/wp-content\/uploads\/2024\/02\/ALMADA.png 1193w\" sizes=\"(max-width: 1024px) 100vw, 1024px\" \/><figcaption class=\"wp-element-caption\">1 &#8211; <em>Autorretrato <\/em>(1940) de Jos\u00e9 Sobral de Almada Negreiros.Em: Calouste Gulbenkian Museum. Dispon\u00edvel em: www.flickr.com\/photos\/pedrosimoes7\/34126109625\/in\/album-72157678386084872\/. Acesso em: 17\/08\/2022.<br>2 &#8211; Foto, Dispon\u00edvel em: www.flickr.com\/photos\/hemerotecadigital\/40633029654. Acesso em: 17\/08\/2022.<br>3 &#8211; Auto-Retrato, 1950, Grafite sobre papel, Inv. DP195. CC. Dispon\u00edvel em: www.<a href=\"https:\/\/gulbenkian.pt\/cam\/works_cam\/auto-retrato-152564\/\">gulbenkian.pt\/cam\/works_cam\/auto-retrato-152564<\/a>. Acesso em: 16\/02\/2024.<\/figcaption><\/figure><\/div>\n\n\n<p class=\"has-medium-font-size\">JOS\u00c9 SOBRAL DE ALMADA NEGREIROS FOI UM ARTISTA FAMOSO DE PORTUGAL (UM PA\u00cdS BEM LONJE DAQUI) QUE FAZIA PINTURAS E DESENHOS. ELE TAMB\u00c9M GOSTAVA DE FAZER AUTORRETRATOS, QUE S\u00c3O DESENHOS OU PINTURAS DE SI MESMO. NOS AUTORRETRATOS, ELE USAVA CORES, TRA\u00c7OS E LINHAS FORTES, MOSTRANDO COMO ELE SE VIA E SENTIA.<\/p>\n\n\n\n<p class=\"has-medium-font-size\">OS AUTORRETRATOS NOS AJUDAM A ENTENDER COMO ERA SUA PERSONALIDADE E O QUE ELE GOSTAVA DE FAZER, S\u00c3O MUITO ESPECIAIS PORQUE NOS MOSTRAM COMO ELE ERA TALENTOSO, CRIATIVO E \u00daNICO.<\/p>\n\n\n\n<p class=\"has-medium-font-size\">VOC\u00ca SABE O QUE \u00c9 UM <strong>AUTORRETRATO<\/strong>?<\/p>\n\n\n<div class=\"wp-block-image\">\n<figure class=\"aligncenter size-full is-resized\"><img decoding=\"async\" src=\"https:\/\/sme.goiania.go.gov.br\/conexaoescola\/wp-content\/uploads\/2022\/08\/AUTORRETRATO.jpg\" alt=\"\" class=\"wp-image-148152\" width=\"752\" height=\"491\"\/><\/figure><\/div>\n\n\n<p class=\"has-medium-font-size\">DESDE O IN\u00cdCIO DA HUMANIDADE H\u00c1 UMA FASC\u00cdNIO POR REGISTRAR A PR\u00d3PRIA IMAGEM, ASSIM SURGE O AUTORRETRATO.<\/p>\n\n\n\n<p class=\"has-medium-font-size\"><strong>AUTORRETRATO<\/strong>, PODE SER DEFINIDO COMO UM RETRATO, QUE O ARTISTA FAZ DE SI MESMO, INDEPENDENTE DO SUPORTE ESCOLHIDO. MUITAS VEZES O AUTORRETRATO N\u00c3O \u00c9 UMA C\u00d3PIA EXATA DO ARTISTA, MAS UMA REPRESENTA\u00c7\u00c3O DE SUA ESS\u00caNCIA, DE SEUS SENTIMENTOS.<\/p>\n\n\n\n<div style=\"height:26px\" aria-hidden=\"true\" class=\"wp-block-spacer\"><\/div>\n\n\n\n<p class=\"has-background has-medium-font-size\" style=\"background-color:#e6e8ea\"><strong>QUEST\u00c3O 1<\/strong><\/p>\n\n\n\n<p class=\"has-medium-font-size\">MARQUE A ALTERNATIVA CORRETA:<\/p>\n\n\n\n<div class=\"wp-block-group is-vertical is-layout-flex wp-container-core-group-is-layout-8cf370e7 wp-block-group-is-layout-flex\">\n<div class=\"wp-block-group is-vertical is-layout-flex wp-container-core-group-is-layout-8cf370e7 wp-block-group-is-layout-flex\">\n<p class=\"has-medium-font-size\">A) AUTORRETRATO \u00c9 A C\u00d3PIA EXATA DO ARTISTA<\/p>\n\n\n\n<p class=\"has-medium-font-size\">B) AUTORRETRATO \u00c9 O MESMO QUE UMA FOTO<\/p>\n\n\n\n<p class=\"has-medium-font-size\">C) O AUTORRETRATO \u00c9 UMA OBRA DE ARTE<\/p>\n\n\n\n<p class=\"has-medium-font-size\">D) NENHUMA DAS ANTERIORES.<\/p>\n<\/div>\n<\/div>\n\n\n\n<div style=\"height:34px\" aria-hidden=\"true\" class=\"wp-block-spacer\"><\/div>\n\n\n\n<p class=\"has-background has-medium-font-size\" style=\"background-color:#e6e8ea\"><strong>QUEST\u00c3O 2<\/strong><\/p>\n\n\n\n<p class=\"has-medium-font-size\">MARQUE A ALTERNATIVA CORRETA, SOBRE QUEM ERA ALMADA NEGREIROS:<\/p>\n\n\n\n<div class=\"wp-block-group is-vertical is-layout-flex wp-container-core-group-is-layout-8cf370e7 wp-block-group-is-layout-flex\">\n<p class=\"has-medium-font-size\">A) UM ARTISTA<\/p>\n\n\n\n<p class=\"has-medium-font-size\">B) UM FOT\u00d3GRAFO<\/p>\n\n\n\n<p class=\"has-medium-font-size\">C) UM PROFESSOR<\/p>\n\n\n\n<p class=\"has-medium-font-size\">D) NENHUMA DAS ANTERIORES.<\/p>\n<\/div>\n\n\n\n<div style=\"height:32px\" aria-hidden=\"true\" class=\"wp-block-spacer\"><\/div>\n\n\n\n<p class=\"has-background has-medium-font-size\" style=\"background-color:#e6e8ea\"><strong>QUEST\u00c3O 3<\/strong><\/p>\n\n\n\n<p class=\"has-medium-font-size\">COMO VOC\u00ca FARIA SEU AUTORRETRATO?<\/p>\n\n\n\n<p class=\"has-medium-font-size\">QUAL ASPECTO OU CARACTER\u00cdSTICA SUA GOSTARIA DE RETRATAR?<\/p>\n\n\n\n<p class=\"has-medium-font-size\">O GRANDE ARTISTA PABLO PICASSO FEZ V\u00c1RIOS AUTORRETRATOS AO LONGO DE SUA VIDA, E EM CADA \u00c9POCA DESTACA ASPECTOS DIFERENTES DE SI.<\/p>\n\n\n\n<p class=\"has-medium-font-size\">OBSERVE:<\/p>\n\n\n<div class=\"wp-block-image\">\n<figure class=\"aligncenter size-full is-resized\"><img decoding=\"async\" src=\"https:\/\/sme.goiania.go.gov.br\/conexaoescola\/wp-content\/uploads\/2022\/08\/picasso.png\" alt=\"\" class=\"wp-image-148156\" width=\"962\" height=\"479\"\/><figcaption class=\"wp-element-caption\">Hypeness &#8211; Conte\u00fado sob licen\u00e7a Creative Commons by nc-sa 2.5 br &#8211; Dispon\u00edvel em: <a href=\"https:\/\/www.hypeness.com.br\/2016\/02\/a-incrivel-evolucao-dos-autorretratos-do-genio-pablo-picasso\/\">https:\/\/www.hypeness.com.br\/2016\/02\/a-incrivel-evolucao-dos-autorretratos-do-genio-pablo-picasso\/<\/a>. Acessado em 17\/08\/2022.<\/figcaption><\/figure><\/div>\n\n\n<p class=\"has-background has-medium-font-size\" style=\"background-color:#e6e8ea\"><strong>QUEST\u00c3O 4<\/strong><\/p>\n\n\n\n<p class=\"has-medium-font-size\">VAMOS CONSTRUIR UM AUTORRETRATO?<\/p>\n\n\n\n<p class=\"has-medium-font-size\">ESCOLHA COMO GOSTARIA DE SE RETRATAR E M\u00c3OS \u00c0 OBRA!<\/p>\n\n\n\n<p class=\"has-medium-font-size\"><strong>ATEN\u00c7\u00c3O: <\/strong><em>SE NECESS\u00c1RIO USE UM ESPELHO<\/em> OU UMA FOTO QUE LHE AJUDE. VOC\u00ca PODE USAR CANETINHA DE QUALQUER COR, TINTA GUACHE, GIZ DE CERA, L\u00c1PIS DE COR OU L\u00c1PIS DE ESCREVER.<\/p>\n\n\n\n<p class=\"has-medium-font-size\"><em>USE SUA CRIATIVIDADE, N\u00c3O H\u00c1 CERTO OU ERRADO!<\/em><\/p>\n\n\n\n<p class=\"has-medium-font-size\"><em>NO FINAL EXPONHA E SOCIALIZE OS AUTORRETRATOS COM OS AMIGOS, COLEGAS E FAMILIARES.<\/em><\/p>\n\n\n\n<hr class=\"wp-block-separator has-css-opacity\"\/>\n\n\n\n<p class=\"has-background has-medium-font-size\" style=\"background-color:#e6e8ea\"><strong>SABER MAIS<\/strong><\/p>\n\n\n\n<figure class=\"wp-block-embed is-type-video is-provider-youtube wp-block-embed-youtube wp-embed-aspect-16-9 wp-has-aspect-ratio\"><div class=\"wp-block-embed__wrapper\">\n<p class=\"responsive-video-wrap clr\"><iframe title=\"Arte - Autorretrato\" width=\"1200\" height=\"675\" src=\"https:\/\/www.youtube.com\/embed\/fZtOuTblU6c?feature=oembed\" frameborder=\"0\" allow=\"accelerometer; autoplay; clipboard-write; encrypted-media; gyroscope; picture-in-picture; web-share\" allowfullscreen><\/iframe><\/p>\n<\/div><\/figure>\n\n\n\n<p class=\"has-small-font-size\">V\u00eddeo: Quintal da Cultura &#8211; O retrato (https:\/\/youtu.be\/ZHbvGmUcU8U), In: Juliana Fernanda Amorim Sarmento &#8211; RETRATO E AUTORRETRATO &#8211; Dispon\u00edvel em: <a href=\"https:\/\/www.escolaweb.educacao.al.gov.br\/roteiro-de-estudo\/retrato-e-autorretrato-1o-ano-02-54011\">https:\/\/www.escolaweb.educacao.al.gov.br\/roteiro-de-estudo\/retrato-e-autorretrato-1o-ano-02-54011<\/a> Acessado em: 17\/08\/2022.<\/p>\n\n\n\n<div style=\"height:38px\" aria-hidden=\"true\" class=\"wp-block-spacer\"><\/div>\n\n\n\n<figure class=\"wp-block-table is-style-stripes\"><table><tbody><tr><td><strong>Autoria:\u00a0<\/strong><\/td><td>Ariadiny C\u00e2ndido Morais<\/td><\/tr><tr><td><strong>Forma\u00e7\u00e3o:<\/strong><\/td><td>Pedagoga e Mestre em educa\u00e7\u00e3o<\/td><\/tr><tr><td><strong>Componente Curricular<\/strong><\/td><td>Arte<\/td><\/tr><tr><td><strong>Objetivos de aprendizagem e desenvolvimento<\/strong><br>Processos de Cria\u00e7\u00e3o: Sentidos plurais Rela\u00e7\u00e3o entre os processos de cria\u00e7\u00e3o e produ\u00e7\u00e3o entre as diversas linguagens art\u00edsticas<br><br><br>Contextos e Pr\u00e1ticas: Formas distintas das artes visuais tradicionais e contempor\u00e2neas locais, regionais e nacionais<br><\/td><td><br>(GO-EF02AR06) Dialogar sobre a pr\u00f3pria cria\u00e7\u00e3o e sobre a dos colegas, para alcan\u00e7ar sentidos plurais e ampliar o universo de possibilidades de se expressar criativamente em seu fazer investigativo e comparativo.<br><br>(GO-EF02AR23) Reconhecer e experimentar, em projetos tem\u00e1ticos, as possibilidades de relacionar os processos de cria\u00e7\u00e3o com a produ\u00e7\u00e3o entre as diversas linguagens art\u00edsticas, respeitando os seus contextos pessoais, sociais e culturais.\u00a0<br><br><br><br>(GO-EF02AR01-A) Apontar, relacionar, compreender, explorar, representar e criar criticamente formas distintas das artes visuais tradicionais e contempor\u00e2neas locais, regionais e nacionais, desenvolvendo a percep\u00e7\u00e3o, o imagin\u00e1rio, a capacidade de simbolizar e valorizar o repert\u00f3rio imag\u00e9tico do cotidiano individual e coletivo, fortalecendo as no\u00e7\u00f5es de alteridade, reconhecimento e respeito \u00e0 diversidade.<br><\/td><\/tr><tr><td><strong>Refer\u00eancia&nbsp;<\/strong><\/td><td>Documento Curricular para Goi\u00e1s &#8211; Ampliado &#8211; Cortes Temporais.pdf. Dispon\u00edvel em: <a href=\"https:\/\/sme.goiania.go.gov.br\/site\/index.php\/institucional\/documentos-oficiais-2\">https:\/sme.goiania.go.gov.br\/site\/index.php\/institucional\/documentos-oficiais-2\/<\/a>&nbsp;<br><br>Documento Curricular para Goi\u00e1s Ampliado_vol II.pdf. Goi\u00e2nia\/GO: CONSED\/ UNDIME Goi\u00e1s, 2018.&nbsp;<br><br>Arte e Artistas AUTORRETRATOS DE FRIDA KAHLO 24 DE OUTUBRO DE 2017https:\/\/arteeartistas.com.br\/autorretratos-de-frida-kahlo\/Reda\u00e7\u00e3o <br><br>Hypeness, A incr\u00edvel evolu\u00e7\u00e3o dos autorretratos do g\u00eanio Pablo Picasso, 2016. Dispon\u00edvel em: <a href=\"https:\/\/www.hypeness.com.br\/2016\/02\/a-incrivel-evolucao-dos-autorretratos-do-genio-pablo-picasso\/\">https:\/\/www.hypeness.com.br\/2016\/02\/a-incrivel-evolucao-dos-autorretratos-do-genio-pablo-picasso\/<\/a>. Acessado em: 17\/08\/2022.<\/td><\/tr><\/tbody><\/table><\/figure>\n","protected":false},"author":12,"featured_media":177236,"template":"","ef_categoria":[13,17],"ef_ano":[85],"ef_componente":[99],"class_list":["post-148129","ensino_fundamental","type-ensino_fundamental","status-publish","has-post-thumbnail","hentry","ef_categoria-ciclo-da-infancia-abc","ef_categoria-corpo-e-movimento","ef_ano-2o-ano","ef_componente-arte-ef","entry","has-media"],"acf":[],"_links":{"self":[{"href":"https:\/\/sme.goiania.go.gov.br\/conexaoescola\/wp-json\/wp\/v2\/ensino_fundamental\/148129","targetHints":{"allow":["GET"]}}],"collection":[{"href":"https:\/\/sme.goiania.go.gov.br\/conexaoescola\/wp-json\/wp\/v2\/ensino_fundamental"}],"about":[{"href":"https:\/\/sme.goiania.go.gov.br\/conexaoescola\/wp-json\/wp\/v2\/types\/ensino_fundamental"}],"author":[{"embeddable":true,"href":"https:\/\/sme.goiania.go.gov.br\/conexaoescola\/wp-json\/wp\/v2\/users\/12"}],"version-history":[{"count":1,"href":"https:\/\/sme.goiania.go.gov.br\/conexaoescola\/wp-json\/wp\/v2\/ensino_fundamental\/148129\/revisions"}],"predecessor-version":[{"id":177243,"href":"https:\/\/sme.goiania.go.gov.br\/conexaoescola\/wp-json\/wp\/v2\/ensino_fundamental\/148129\/revisions\/177243"}],"wp:featuredmedia":[{"embeddable":true,"href":"https:\/\/sme.goiania.go.gov.br\/conexaoescola\/wp-json\/wp\/v2\/media\/177236"}],"wp:attachment":[{"href":"https:\/\/sme.goiania.go.gov.br\/conexaoescola\/wp-json\/wp\/v2\/media?parent=148129"}],"wp:term":[{"taxonomy":"ef_categoria","embeddable":true,"href":"https:\/\/sme.goiania.go.gov.br\/conexaoescola\/wp-json\/wp\/v2\/ef_categoria?post=148129"},{"taxonomy":"ef_ano","embeddable":true,"href":"https:\/\/sme.goiania.go.gov.br\/conexaoescola\/wp-json\/wp\/v2\/ef_ano?post=148129"},{"taxonomy":"ef_componente","embeddable":true,"href":"https:\/\/sme.goiania.go.gov.br\/conexaoescola\/wp-json\/wp\/v2\/ef_componente?post=148129"}],"curies":[{"name":"wp","href":"https:\/\/api.w.org\/{rel}","templated":true}]}}