{"id":146868,"date":"2022-08-08T07:24:00","date_gmt":"2022-08-08T10:24:00","guid":{"rendered":"https:\/\/sme.goiania.go.gov.br\/conexaoescola\/?post_type=ensino_fundamental&#038;p=146868"},"modified":"2024-07-29T09:30:48","modified_gmt":"2024-07-29T12:30:48","slug":"arte-obras-de-arte-e-os-museus-2","status":"publish","type":"ensino_fundamental","link":"https:\/\/sme.goiania.go.gov.br\/conexaoescola\/ensino_fundamental\/arte-obras-de-arte-e-os-museus-2\/","title":{"rendered":"Arte &#8211; Obras e museus"},"content":{"rendered":"\n<p class=\"has-background has-medium-font-size\" style=\"background-color:#c4d8e8\">Esta proposta de atividade de <strong>Arte<\/strong>, \u00e9 destinada a estudantes de <strong>3\u00ba ano<\/strong> do <strong>Ensino Fundamental.<\/strong><\/p>\n\n\n\n<div class=\"wp-block-buttons is-content-justification-center is-layout-flex wp-container-core-buttons-is-layout-16018d1d wp-block-buttons-is-layout-flex\">\n<div class=\"wp-block-button has-custom-font-size has-medium-font-size\"><a class=\"wp-block-button__link wp-element-button\" href=\"https:\/\/drive.google.com\/uc?export=download&amp;id=11ZFJVK5SgjwJ7aVbbCm2HtnWjrMeLxrr\">BAIXE A ATIVIDADE<\/a><\/div>\n\n\n\n<div class=\"wp-block-button has-custom-font-size has-medium-font-size\"><a class=\"wp-block-button__link wp-element-button\" href=\"https:\/\/drive.google.com\/uc?export=download&amp;id=1MiKdWPGrLi_8bye-icV6Cyl2dZkAwpiS\">BAIXE OS SLIDES<\/a><\/div>\n\n\n\n<div class=\"wp-block-button has-custom-font-size has-medium-font-size\"><a class=\"wp-block-button__link wp-element-button\" href=\"https:\/\/drive.google.com\/uc?export=download&amp;id=1ajsYagcVqccxncMEWGqexKbkY5nSoq4K\">BAIXE O TEXTO<\/a><\/div>\n<\/div>\n\n\n\n<div style=\"height:26px\" aria-hidden=\"true\" class=\"wp-block-spacer\"><\/div>\n\n\n\n<p class=\"has-medium-font-size\"><strong>Museus: muito mais que objetos antigos<\/strong><\/p>\n\n\n<div class=\"wp-block-image\">\n<figure class=\"aligncenter size-large is-resized\"><img fetchpriority=\"high\" decoding=\"async\" width=\"1024\" height=\"618\" src=\"https:\/\/sme.goiania.go.gov.br\/conexaoescola\/wp-content\/uploads\/2022\/08\/20180117_211514-1024x618.jpg\" alt=\"\" class=\"wp-image-146903\" style=\"width:768px;height:464px\" srcset=\"https:\/\/sme.goiania.go.gov.br\/conexaoescola\/wp-content\/uploads\/2022\/08\/20180117_211514-1024x618.jpg 1024w, https:\/\/sme.goiania.go.gov.br\/conexaoescola\/wp-content\/uploads\/2022\/08\/20180117_211514-300x181.jpg 300w, https:\/\/sme.goiania.go.gov.br\/conexaoescola\/wp-content\/uploads\/2022\/08\/20180117_211514-768x463.jpg 768w, https:\/\/sme.goiania.go.gov.br\/conexaoescola\/wp-content\/uploads\/2022\/08\/20180117_211514-1536x927.jpg 1536w, https:\/\/sme.goiania.go.gov.br\/conexaoescola\/wp-content\/uploads\/2022\/08\/20180117_211514-2048x1236.jpg 2048w\" sizes=\"(max-width: 1024px) 100vw, 1024px\" \/><figcaption class=\"wp-element-caption\">Imagem de Acervo Pessoal da Professora Ana Cristina Diniz<\/figcaption><\/figure><\/div>\n\n\n<p class=\"has-medium-font-size\">Voc\u00ea j\u00e1 ouviu frases como: &#8220;museu \u00e9 um lugar onde se guardam objetos antigos&#8221; ou \u201cmuseu \u00e9 sem gra\u00e7a\u201d<\/p>\n\n\n\n<p class=\"has-medium-font-size\">Muitos museus abrigam cole\u00e7\u00f5es hist\u00f3ricas, mas a realidade \u00e9 bem mais rica e diversificada. <strong>Museus s\u00e3o verdadeiras riquezas<\/strong>, que nos permitem viajar para diferentes \u00e9pocas, culturas e realidades.<\/p>\n\n\n\n<p class=\"has-medium-font-size\">Existem museus para todos os gostos: de arte a ci\u00eancia, de hist\u00f3ria natural a culturas diversas. Cada um oferece uma experi\u00eancia \u00fanica, permitindo que exploremos diferentes \u00e9pocas, culturas e conhecimentos.<\/p>\n\n\n\n<p class=\"has-medium-font-size\"><strong>Tipos de museus: um universo de possibilidades<\/strong><\/p>\n\n\n\n<p class=\"has-medium-font-size\">Existem museus para todos os gostos e interesses.&nbsp;<\/p>\n\n\n\n<ul class=\"wp-block-list\">\n<li class=\"has-medium-font-size\"><strong>Museus de Arte:<\/strong> com pinturas, esculturas e instala\u00e7\u00f5es.&nbsp;<\/li>\n\n\n\n<li class=\"has-medium-font-size\"><strong>Museus de Hist\u00f3ria Natural:<\/strong> neles voc\u00ea encontra f\u00f3sseis, animais empalhados e exposi\u00e7\u00f5es sobre a evolu\u00e7\u00e3o da vida na Terra.<\/li>\n\n\n\n<li class=\"has-medium-font-size\"><strong>Museus de Ci\u00eancia e Tecnologia:<\/strong> voltados para a ci\u00eancia s\u00e3o lugares divertidos e interativos, com experimentos, m\u00e1quinas e simula\u00e7\u00f5es que exploram a f\u00edsica, qu\u00edmica, biologia e muito mais.<\/li>\n\n\n\n<li class=\"has-medium-font-size\"><strong>Museus de Arqueologia:<\/strong> abriga informa\u00e7\u00f5es e artefatos de civiliza\u00e7\u00f5es antigas e os mist\u00e9rios do passado como: M\u00famias, joias e objetos de outros tempos.<\/li>\n\n\n\n<li class=\"has-medium-font-size\"><strong>Museus Etnogr\u00e1ficos:<\/strong> neles podemos conhecer diferentes culturas, costumes, tradi\u00e7\u00f5es e artefatos de povos do mundo todo.<\/li>\n\n\n\n<li class=\"has-medium-font-size\"><strong>Museus Tem\u00e1ticos:<\/strong> s\u00e3o conhecidos pela criatividade, podem ser dedicados a tudo, desde o chocolate at\u00e9 o futebol, passando por instrumentos musicais e brinquedos antigos.<\/li>\n<\/ul>\n\n\n\n<p class=\"has-medium-font-size\">Os museus n\u00e3o s\u00e3o apenas lugares para visitar, mas tamb\u00e9m espa\u00e7os de aprendizado, reflex\u00e3o e intera\u00e7\u00e3o. Muitas institui\u00e7\u00f5es oferecem atividades educativas, como oficinas, palestras e visitas guiadas, para todas as idades. Al\u00e9m disso, os museus est\u00e3o cada vez mais conectados, utilizando tecnologias digitais para criar experi\u00eancias imersivas e acess\u00edveis a todos.<\/p>\n\n\n\n<p class=\"has-medium-font-size\"><strong>Lembre-se:<\/strong> a visita a um museu \u00e9 uma experi\u00eancia \u00fanica e enriquecedora. Prepare-se para se maravilhar, aprender e se divertir!<\/p>\n\n\n\n<p class=\"has-medium-font-size\"><strong>E a\u00ed, pronto para embarcar nessa jornada?<\/strong><\/p>\n\n\n\n<p class=\"has-medium-font-size\"><em>A escolha \u00e9 sua!<\/em><\/p>\n\n\n\n<div style=\"height:32px\" aria-hidden=\"true\" class=\"wp-block-spacer\"><\/div>\n\n\n\n<p class=\"has-background has-medium-font-size\" style=\"background-color:#c4d8e8\"><strong>Quest\u00e3o 1<\/strong><\/p>\n\n\n\n<p class=\"has-medium-font-size\">Dos tipos de museus que vimos no texto, qual ficou curioso(a) em conhecer?<\/p>\n\n\n\n<div style=\"height:26px\" aria-hidden=\"true\" class=\"wp-block-spacer\"><\/div>\n\n\n\n<p class=\"has-background has-medium-font-size\" style=\"background-color:#c4d8e8\"><strong>Quest\u00e3o 2<\/strong><\/p>\n\n\n\n<p class=\"has-medium-font-size\">Vamos ler mais um pouco e conhecer?<\/p>\n\n\n\n<p class=\"has-medium-font-size\">Em Goi\u00e2nia temos dois Museus de Arte que se destacam pela beleza e f\u00e1cil acesso, veja:<\/p>\n\n\n\n<ol class=\"has-medium-font-size wp-block-list\">\n<li><strong>Beco da Codorna <\/strong>&#8211; <a href=\"https:\/\/www.google.com\/search?rlz=1C1GCEA_enBR1010BR1010&amp;cs=0&amp;sxsrf=ALiCzsaAWmkdKQnis7cQhUMRd4ks4_6FxQ:1656351303998&amp;q=museu+antropologico+ufg+endere%C3%A7o&amp;ludocid=14049211105183980101&amp;sa=X&amp;ved=2ahUKEwjF9824lc74AhWJuZUCHVO0A_8Q6BN6BAgWEAI\">Endere\u00e7o<\/a>: Av. Anhanguera, 5331 &#8211; St. Central, Goi\u00e2nia &#8211; GO, Cep: 74040-010.<\/li>\n<\/ol>\n\n\n\n<figure class=\"wp-block-image size-large\"><img decoding=\"async\" width=\"2560\" height=\"545\" src=\"https:\/\/sme.goiania.go.gov.br\/conexaoescola\/wp-content\/uploads\/2024\/07\/IMG_20191112_170920947-edited-scaled.jpg\" alt=\"\" class=\"wp-image-185111\" srcset=\"https:\/\/sme.goiania.go.gov.br\/conexaoescola\/wp-content\/uploads\/2024\/07\/IMG_20191112_170920947-edited-scaled.jpg 2560w, https:\/\/sme.goiania.go.gov.br\/conexaoescola\/wp-content\/uploads\/2024\/07\/IMG_20191112_170920947-edited-300x64.jpg 300w, https:\/\/sme.goiania.go.gov.br\/conexaoescola\/wp-content\/uploads\/2024\/07\/IMG_20191112_170920947-edited-1024x218.jpg 1024w, https:\/\/sme.goiania.go.gov.br\/conexaoescola\/wp-content\/uploads\/2024\/07\/IMG_20191112_170920947-edited-768x163.jpg 768w, https:\/\/sme.goiania.go.gov.br\/conexaoescola\/wp-content\/uploads\/2024\/07\/IMG_20191112_170920947-edited-1536x327.jpg 1536w, https:\/\/sme.goiania.go.gov.br\/conexaoescola\/wp-content\/uploads\/2024\/07\/IMG_20191112_170920947-edited-2048x436.jpg 2048w\" sizes=\"(max-width: 2560px) 100vw, 2560px\" \/><figcaption class=\"wp-element-caption\">Fotografia de Acervo pessoal do Beco da Codorna, Goi\u00e2nia &#8211; Ariadiny C Morais, 2019.<\/figcaption><\/figure>\n\n\n\n<p class=\"has-medium-font-size\">Inaugurado no ano de 2014, tornou-se reflexo da tend\u00eancia do <a href=\"https:\/\/diaonline.ig.com.br\/2018\/09\/28\/conheca-ambientes-que-fortalecem-a-cultura-em-goiania\/\">urbanismo<\/a>, no ano de 2015 que o espa\u00e7o caiu no gosto popular, representando uma verdadeira galeria a c\u00e9u aberto prestigiando a cultura do grafite. O museu foi idealizado por alunos de Publicidade e Propaganda e os respons\u00e1veis por dar vida ao projeto foram artistas goianos, moradores e membros da Associa\u00e7\u00e3o dos Grafiteiros de Goi\u00e2nia.<\/p>\n\n\n\n<p class=\"has-medium-font-size\">O Beco passou por uma reforma recente em 2022 e novas obras em grafite foram criadas e est\u00e3o expostas. A fotografia panor\u00e2mica abaixo \u00e9 da exposi\u00e7\u00e3o anterior. Como ser\u00e1 que o Beco est\u00e1 atualmente?<\/p>\n\n\n\n<div style=\"height:30px\" aria-hidden=\"true\" class=\"wp-block-spacer\"><\/div>\n\n\n\n<p class=\"has-medium-font-size\">2. <strong>Museu Aberto De Esculturas &#8211; <\/strong><a href=\"https:\/\/www.google.com\/search?rlz=1C1GCEA_enBR1010BR1010&amp;cs=0&amp;sxsrf=ALiCzsaEO4qj3ZP2bgjOJ7IbhZHdagkFKQ:1656351460946&amp;q=museu+aberto+de+esculturas+goi%C3%A2nia+endere%C3%A7o&amp;ludocid=1572212897627809245&amp;sa=X&amp;ved=2ahUKEwjh8LmDls74AhX-J7kGHYYYCOcQ6BN6BAgNEAI\">Endere\u00e7o<\/a>: Pra\u00e7a Universit\u00e1ria, 295 &#8211; Setor Leste Universit\u00e1rio, Goi\u00e2nia &#8211; GO, Cep: 74605-220<\/p>\n\n\n<div class=\"wp-block-image\">\n<figure class=\"aligncenter size-full is-resized\"><img decoding=\"async\" width=\"450\" height=\"600\" src=\"https:\/\/sme.goiania.go.gov.br\/conexaoescola\/wp-content\/uploads\/2022\/07\/Praca_Universitaria_Goiania_Brasil_-_Divino_jorge_-_O_escultor_-_bronze_02.jpg\" alt=\"\" class=\"wp-image-146583\" style=\"width:338px;height:450px\" srcset=\"https:\/\/sme.goiania.go.gov.br\/conexaoescola\/wp-content\/uploads\/2022\/07\/Praca_Universitaria_Goiania_Brasil_-_Divino_jorge_-_O_escultor_-_bronze_02.jpg 450w, https:\/\/sme.goiania.go.gov.br\/conexaoescola\/wp-content\/uploads\/2022\/07\/Praca_Universitaria_Goiania_Brasil_-_Divino_jorge_-_O_escultor_-_bronze_02-225x300.jpg 225w\" sizes=\"(max-width: 450px) 100vw, 450px\" \/><figcaption class=\"wp-element-caption\">Pra\u00e7a Universit\u00e1ria (Goi\u00e2nia, Brasil) &#8211; Fotografia de Divino Jorge &#8211; O escultor &#8211; bronze. Dispin\u00edvel em: <a href=\"https:\/\/commons.m.wikimedia.org\/wiki\/File:Pra%C3%A7a_Universit%C3%A1ria_%28Goi%C3%A2nia,_Brasil%29_-_Divino_jorge_-_O_escultor_-_bronze_02.jpg\">https:\/\/commons.m.wikimedia.org\/wiki\/File:Pra%C3%A7a_Universit%C3%A1ria_%28Goi%C3%A2nia,_Brasil%29_-_Divino_jorge_-_O_escultor_-_bronze_02.jpg<\/a>. Acessado em: 20\/07\/2022.<\/figcaption><\/figure><\/div>\n\n\n<p class=\"has-medium-font-size\">O local abriga 26 esculturas produzidas em diversas t\u00e9cnicas, entre elas: bronze, argila e concreto, al\u00e9m de v\u00e1rias interven\u00e7\u00f5es urbanas como grafites.&nbsp;<\/p>\n\n\n\n<p class=\"has-medium-font-size\">Na verdade se chama Pra\u00e7a Honestino Guimar\u00e3es,&nbsp; foi projetada na d\u00e9cada de 1930 por Attilio Corr\u00eaa Lima, mas sua constru\u00e7\u00e3o se deu tardiamente, apenas em 1969. Aos domingos, fim de tarde a pra\u00e7a conta tamb\u00e9m com uma feira popular, outro patrim\u00f4nio cultural.<\/p>\n\n\n\n<div style=\"height:34px\" aria-hidden=\"true\" class=\"wp-block-spacer\"><\/div>\n\n\n\n<p class=\"has-background has-medium-font-size\" style=\"background-color:#c4d8e8\"><strong>Quest\u00e3o 3<\/strong><\/p>\n\n\n\n<p class=\"has-medium-font-size\"><strong>O que \u00e9 um museu?<\/strong><\/p>\n\n\n\n<div class=\"wp-block-group\"><div class=\"wp-block-group__inner-container is-layout-constrained wp-block-group-is-layout-constrained\">\n<div class=\"wp-block-group\"><div class=\"wp-block-group__inner-container is-layout-constrained wp-block-group-is-layout-constrained\">\n<p class=\"has-medium-font-size\">(A) Um lugar onde s\u00f3 se guardam coisas antigas e estragada.&nbsp;<\/p>\n\n\n\n<p class=\"has-medium-font-size\">(B) Um lugar onde aprendemos sobre o mundo e a hist\u00f3ria.&nbsp;<\/p>\n\n\n\n<p class=\"has-medium-font-size\">(C) Um lugar onde s\u00f3 vivem os cientistas e idosos.&nbsp;<\/p>\n\n\n\n<p class=\"has-medium-font-size\">(D) Um lugar onde s\u00f3 se vende comida e temperos.<\/p>\n<\/div><\/div>\n<\/div><\/div>\n\n\n\n<p class=\"has-background has-medium-font-size\" style=\"background-color:#c4d8e8\"><strong>Quest\u00e3o 4<\/strong><\/p>\n\n\n\n<p class=\"has-medium-font-size\"><strong>Por que os museus s\u00e3o importantes?<\/strong><\/p>\n\n\n\n<div class=\"wp-block-group\"><div class=\"wp-block-group__inner-container is-layout-constrained wp-block-group-is-layout-constrained\">\n<p class=\"has-medium-font-size\">(A) Porque eles s\u00e3o lugares escuros e assustadores.&nbsp;<\/p>\n\n\n\n<p class=\"has-medium-font-size\">(B) Porque neles compreendemos nosso passado e o presente.&nbsp;<\/p>\n\n\n\n<p class=\"has-medium-font-size\">(C) Porque eles vendem os melhores brinquedos do mundo.&nbsp;<\/p>\n\n\n\n<p class=\"has-medium-font-size\">(D) Porque eles s\u00e3o importantes apenas para os adultos.<\/p>\n<\/div><\/div>\n\n\n\n<p class=\"has-background has-medium-font-size\" style=\"background-color:#c4d8e8\"><strong>Quest\u00e3o <\/strong>5<\/p>\n\n\n\n<p class=\"has-medium-font-size\">Agora \u00e9 sua vez, escolha um museu para visitar, mas antes de ir pesquise um pouco sobre o que ir\u00e1 encontrar nele, isso lhe ajudar\u00e1 a perceber e apreciar as obras\/objetos que ver\u00e1.<\/p>\n\n\n\n<p class=\"has-medium-font-size\">Por fim, com um celular e a ajuda de um respons\u00e1vel registe um momento, obra ou objeto que lhe chamou a aten\u00e7\u00e3o.<\/p>\n\n\n\n<p class=\"has-medium-font-size\">Depois socialize com os colegas, familiares ou nas redes sociais seu registro, convidando-os a visit\u00e1-lo tamb\u00e9m.<\/p>\n\n\n\n<div style=\"height:37px\" aria-hidden=\"true\" class=\"wp-block-spacer\"><\/div>\n\n\n\n<hr class=\"wp-block-separator has-css-opacity\"\/>\n\n\n\n<p class=\"has-background has-medium-font-size\" style=\"background-color:#c4d8e8\"><strong>Saber Mais<\/strong><\/p>\n\n\n\n<p class=\"has-medium-font-size\">Lista de Alguns Museus de Goi\u00e2nia<\/p>\n\n\n\n<h2 class=\"wp-block-heading\"><strong>&#8211;<\/strong> <strong>Museu de Zoologia<\/strong>&nbsp;<\/h2>\n\n\n\n<p>Endere\u00e7o: Parque Zool\u00f3gico de Goi\u00e2nia &#8211; St. Oeste, Goi\u00e2nia &#8211; GO, 74215-030<\/p>\n\n\n\n<h2 class=\"wp-block-heading\">&#8211; <strong>Museu Antropol\u00f3gico da UFG<\/strong><\/h2>\n\n\n\n<p><a href=\"https:\/\/www.google.com\/search?rlz=1C1GCEA_enBR1010BR1010&amp;cs=0&amp;sxsrf=ALiCzsaAWmkdKQnis7cQhUMRd4ks4_6FxQ:1656351303998&amp;q=museu+antropologico+ufg+endere%C3%A7o&amp;ludocid=14049211105183980101&amp;sa=X&amp;ved=2ahUKEwjF9824lc74AhWJuZUCHVO0A_8Q6BN6BAgWEAI\">Endere\u00e7o<\/a>: Av. Universit\u00e1ria, 1166 &#8211; Setor Leste Universit\u00e1rio, Goi\u00e2nia &#8211; GO, 74605-010<\/p>\n\n\n\n<h2 class=\"wp-block-heading\">&#8211; <strong>Museu de Arte Contempor\u00e2nea de Goi\u00e1s<\/strong><\/h2>\n\n\n\n<p><a href=\"https:\/\/www.google.com\/search?rlz=1C1GCEA_enBR1010BR1010&amp;cs=0&amp;sxsrf=ALiCzsaJ953sUxoH-IvBwjZULsUc7nP0Hw:1656351336403&amp;q=museu+de+arte+contempor%C3%A2nea+de+goi%C3%A1s+endere%C3%A7o&amp;ludocid=7451772736107858806&amp;sa=X&amp;ved=2ahUKEwiO0YfIlc74AhUSr5UCHbfPBkgQ6BN6BAgREAI\">Endere\u00e7o<\/a>: Av. Deputado Jamel Cec\u00edlio, Qd. Gleba, n\u00b04.490 &#8211; Setor Fazenda Gameleira, Goi\u00e2nia &#8211; GO, 74884-801<\/p>\n\n\n\n<h2 class=\"wp-block-heading has-medium-font-size\">&#8211; <strong>Memorial do Cerrado da PUC Goi\u00e1s<\/strong><\/h2>\n\n\n\n<p><a href=\"https:\/\/www.google.com\/search?rlz=1C1GCEA_enBR1010BR1010&amp;cs=0&amp;sxsrf=ALiCzsaAWmkdKQnis7cQhUMRd4ks4_6FxQ:1656351303998&amp;q=museu+antropologico+ufg+endere%C3%A7o&amp;ludocid=14049211105183980101&amp;sa=X&amp;ved=2ahUKEwjF9824lc74AhWJuZUCHVO0A_8Q6BN6BAgWEAI\">Endere\u00e7o<\/a>: PUC Goi\u00e1s &#8211; Campus II &#8211; Av. Engler, s\/n &#8211; Jardim Mariliza, Goi\u00e2nia &#8211; GO, 74885-460<\/p>\n\n\n\n<h2 class=\"wp-block-heading has-medium-font-size\">&#8211; <strong>Centro Audiovisual \/ Museu do \u00cdndio<\/strong><\/h2>\n\n\n\n<p><a href=\"https:\/\/www.google.com\/search?rlz=1C1GCEA_enBR1010BR1010&amp;cs=0&amp;sxsrf=ALiCzsZI4X56bpFl1GTe90BYNPoCaHsKfA:1656351492938&amp;q=centro+audiovisual+\/+museu+do+%C3%ADndio+goi%C3%A2nia+endere%C3%A7o&amp;ludocid=4765429031935644053&amp;sa=X&amp;ved=2ahUKEwjxntuSls74AhWyJrkGHd1mCUgQ6BN6BAgPEAI\">Endere\u00e7o<\/a>: Alameda Leopoldo de Bulh\u00f5es, Rua L-1, 4 &#8211; s\/n quadra 3 &#8211; St. Pedro Ludovico, Goi\u00e2nia &#8211; GO, 74820-060<\/p>\n\n\n\n<figure class=\"wp-block-embed is-type-video is-provider-youtube wp-block-embed-youtube wp-embed-aspect-16-9 wp-has-aspect-ratio\"><div class=\"wp-block-embed__wrapper\">\n<p class=\"responsive-video-wrap clr\"><iframe title=\"Vila Cultural Cora Coralina\" width=\"1200\" height=\"675\" src=\"https:\/\/www.youtube.com\/embed\/rwXEJwugpAY?feature=oembed\" frameborder=\"0\" allow=\"accelerometer; autoplay; clipboard-write; encrypted-media; gyroscope; picture-in-picture; web-share\" referrerpolicy=\"strict-origin-when-cross-origin\" allowfullscreen><\/iframe><\/p>\n<\/div><\/figure>\n\n\n\n<hr class=\"wp-block-separator has-css-opacity\"\/>\n\n\n\n<div style=\"height:38px\" aria-hidden=\"true\" class=\"wp-block-spacer\"><\/div>\n\n\n\n<figure class=\"wp-block-table is-style-regular\"><table><tbody><tr><td><strong>Autoria<\/strong><\/td><td>Ariadiny C\u00e2ndido Morais<\/td><\/tr><tr><td><strong>Forma\u00e7\u00e3o<\/strong><\/td><td>Pedagoga e Mestre em Educa\u00e7\u00e3o.<\/td><\/tr><tr><td><strong>Componente Curricular<\/strong><\/td><td>Arte<\/td><\/tr><tr><td><strong>Objetivos de aprendizagem e desenvolvimento<\/strong><br>Sistemas (Espa\u00e7os e Atua\u00e7\u00f5es)da Linguagem:Sistema das artes visuaisArtistas e artes\u00e3os<\/td><td>(GO-EF03AR07-A) Conhecer, valorizar e habituar-se a frequentar espa\u00e7os do sistema das artes visuais, tais como: museus, espa\u00e7os culturais, centros culturais, funda\u00e7\u00f5es, ateli\u00eas de artistas e artes\u00e3os, ampliar o sentido de pertencimento a uma cultura, aprender de forma significativa as rela\u00e7\u00f5es entre o sujeito e as experi\u00eancias em artes visuais, ampliar o seu repert\u00f3rio imag\u00e9tico, est\u00e9tico, bem como o pensamento cr\u00edtico e sens\u00edvel.<br>(GO-EF03AR07-B) Conhecer e respeitar os artistas e artes\u00e3os locais e regionais, bem como estabelecer rela\u00e7\u00f5es com os nacionais e internacionais de forma investigativa e cr\u00edtica.<\/td><\/tr><tr><td><strong>Refer\u00eancias&nbsp;<\/strong><\/td><td>Documento Curricular para Goi\u00e1s &#8211; Ampliado &#8211; Cortes Temporais.pdf. Dispon\u00edvel em: <a href=\"https:\/\/sme.goiania.go.gov.br\/site\/index.php\/institucional\/documentos-oficiais-2\">https:\/sme.goiania.go.gov.br\/site\/index.php\/institucional\/documentos-oficiais-2\/<\/a>\u00a0<br><br>Documento Curricular para Goi\u00e1s Ampliado_vol II.pdf. Goi\u00e2nia\/GO: CONSED\/ UNDIME Goi\u00e1s, 2018.\u00a0<\/td><\/tr><\/tbody><\/table><\/figure>\n","protected":false},"author":12,"featured_media":146903,"template":"","ef_categoria":[13,17],"ef_ano":[86],"ef_componente":[99],"class_list":["post-146868","ensino_fundamental","type-ensino_fundamental","status-publish","has-post-thumbnail","hentry","ef_categoria-ciclo-da-infancia-abc","ef_categoria-corpo-e-movimento","ef_ano-3o-ano","ef_componente-arte-ef","entry","has-media"],"acf":[],"_links":{"self":[{"href":"https:\/\/sme.goiania.go.gov.br\/conexaoescola\/wp-json\/wp\/v2\/ensino_fundamental\/146868","targetHints":{"allow":["GET"]}}],"collection":[{"href":"https:\/\/sme.goiania.go.gov.br\/conexaoescola\/wp-json\/wp\/v2\/ensino_fundamental"}],"about":[{"href":"https:\/\/sme.goiania.go.gov.br\/conexaoescola\/wp-json\/wp\/v2\/types\/ensino_fundamental"}],"author":[{"embeddable":true,"href":"https:\/\/sme.goiania.go.gov.br\/conexaoescola\/wp-json\/wp\/v2\/users\/12"}],"version-history":[{"count":5,"href":"https:\/\/sme.goiania.go.gov.br\/conexaoescola\/wp-json\/wp\/v2\/ensino_fundamental\/146868\/revisions"}],"predecessor-version":[{"id":185116,"href":"https:\/\/sme.goiania.go.gov.br\/conexaoescola\/wp-json\/wp\/v2\/ensino_fundamental\/146868\/revisions\/185116"}],"wp:featuredmedia":[{"embeddable":true,"href":"https:\/\/sme.goiania.go.gov.br\/conexaoescola\/wp-json\/wp\/v2\/media\/146903"}],"wp:attachment":[{"href":"https:\/\/sme.goiania.go.gov.br\/conexaoescola\/wp-json\/wp\/v2\/media?parent=146868"}],"wp:term":[{"taxonomy":"ef_categoria","embeddable":true,"href":"https:\/\/sme.goiania.go.gov.br\/conexaoescola\/wp-json\/wp\/v2\/ef_categoria?post=146868"},{"taxonomy":"ef_ano","embeddable":true,"href":"https:\/\/sme.goiania.go.gov.br\/conexaoescola\/wp-json\/wp\/v2\/ef_ano?post=146868"},{"taxonomy":"ef_componente","embeddable":true,"href":"https:\/\/sme.goiania.go.gov.br\/conexaoescola\/wp-json\/wp\/v2\/ef_componente?post=146868"}],"curies":[{"name":"wp","href":"https:\/\/api.w.org\/{rel}","templated":true}]}}