{"id":146736,"date":"2022-08-25T07:01:25","date_gmt":"2022-08-25T10:01:25","guid":{"rendered":"https:\/\/sme.goiania.go.gov.br\/conexaoescola\/?post_type=ensino_fundamental&#038;p=146736"},"modified":"2024-02-26T09:26:58","modified_gmt":"2024-02-26T12:26:58","slug":"lingua-portuguesa-escrita-compartilhada-parlendas","status":"publish","type":"ensino_fundamental","link":"https:\/\/sme.goiania.go.gov.br\/conexaoescola\/ensino_fundamental\/lingua-portuguesa-escrita-compartilhada-parlendas\/","title":{"rendered":"L\u00cdNGUA PORTUGUESA &#8211; ESCRITA COMPARTILHADA: PARLENDAS"},"content":{"rendered":"\n<p class=\"has-text-align-center has-background has-medium-font-size\" style=\"background-color:#f2f7f0\"> <strong>ESTA ATIVIDADE TEM COMO BASE AS SEQU\u00caNCIAS DID\u00c1TICAS PROPOSTAS PELO PROGRAMA APRENDER SEMPRE, DA SME-GOI\u00c2NIA, COM BASE NO DC\/GO &#8211; AMPLIADO E EST\u00c1 DESTINADA A ESTUDANTES DO 1\u00ba ANO DO ENSINO FUNDAMENTAL<\/strong>.<\/p>\n\n\n\n<p class=\"has-text-align-center\"><img decoding=\"async\" width=\"842px;\" height=\"473px;\" src=\"https:\/\/lh6.googleusercontent.com\/4gaCfv7mIdVrd-uqHoOwFXLPhf1t-M_G6c2tJmfUxOysU2ajl6GhKBkwjgsZQ5tCiSdp2GEr0SftJrfEVPwYKjcKP5RDclhm4nK6CzvCtBKM3wj6o8GsOuYFaxVv_xf4Ba-O4Yxu9EI\"><\/p>\n\n\n\n<p class=\"has-text-align-center has-background has-medium-font-size\" style=\"background-color:#fbf1fc\"><strong>RELEMBRANDO&#8230;<\/strong><\/p>\n\n\n\n<p class=\"has-text-align-center has-background has-medium-font-size\" style=\"background-color:#fbf1fc\">PODEMOS CARACTERIZAR A <strong>REESCRITA<\/strong> COMO AS RETOMADAS QUE S\u00c3O FEITAS NO <strong>TEXTO<\/strong> E QUE NELE PRODUZEM ALGUMA ALTERA\u00c7\u00c3O, QUE PODE SER DESDE UMA PEQUENA CORRE\u00c7\u00c3O, COMO QUEST\u00d5ES DE CONVEN\u00c7\u00d5ES ORTOGR\u00c1FICAS, AT\u00c9 ALTERA\u00c7\u00d5ES QUE MUDAM O SIGNIFICADO DO <strong>TEXTO<\/strong><\/p>\n\n\n\n<p class=\"has-text-align-center has-background has-medium-font-size\" style=\"background-color:#f7eef7\">SE TOMARMOS A PALAVRA REESCRITA NO SEU SENTIDO LITERAL, CONCLU\u00cdMOS QUE SE TRATA DE ALGO LIGADO \u00c0 CORRE\u00c7\u00c3O.&nbsp;<\/p>\n\n\n\n<p class=\"has-text-align-center has-background has-medium-font-size\" style=\"background-color:#f7eef7\">MAS NESTE CONTEXTO, ELA DEVE SER ENTENDIDA COMO UM AUX\u00cdLIO, PRINCIPALMENTE AO NOS REFERIRMOS \u00c0 PRODU\u00c7\u00c3O DE TEXTOS NARRATIVOS.<\/p>\n\n\n\n<div class=\"wp-block-buttons is-content-justification-center is-layout-flex wp-container-core-buttons-is-layout-16018d1d wp-block-buttons-is-layout-flex\">\n<div class=\"wp-block-button\"><a class=\"wp-block-button__link wp-element-button\" href=\"https:\/\/docs.google.com\/document\/d\/11KZzwqHR3fwGhEf9nd2ruPT1OognwzHr\/copy\" target=\"_blank\" rel=\"noreferrer noopener\">BAIXE AS ATIVIDADES<\/a><\/div>\n\n\n\n<div class=\"wp-block-button\"><a class=\"wp-block-button__link wp-element-button\" href=\"https:\/\/docs.google.com\/presentation\/d\/1OGjzLs-ylqAeC1ohJeC__pn0TRM95Yuz\/copy\" target=\"_blank\" rel=\"noreferrer noopener\">BAIXE OS SLIDES<\/a><\/div>\n<\/div>\n\n\n\n<hr class=\"wp-block-separator has-alpha-channel-opacity\"\/>\n\n\n\n<p class=\"has-medium-font-size\">VAMOS VER A VIDEOAULA E APRENDER NOVAS PARLENDAS.<\/p>\n\n\n\n<figure class=\"wp-block-embed is-type-video is-provider-youtube wp-block-embed-youtube wp-embed-aspect-16-9 wp-has-aspect-ratio\"><div class=\"wp-block-embed__wrapper\">\n<p class=\"responsive-video-wrap clr\"><iframe title=\"Aprender Sempre - L. Portuguesa - 1\u00ba Ano - 3\u00ba Bim - Videoaula 1 - ESCRITA COMPARTILHADA - PARLENDAS\" width=\"1200\" height=\"675\" src=\"https:\/\/www.youtube.com\/embed\/Nv4Ek6ZvzYk?feature=oembed\" frameborder=\"0\" allow=\"accelerometer; autoplay; clipboard-write; encrypted-media; gyroscope; picture-in-picture; web-share\" allowfullscreen><\/iframe><\/p>\n<\/div><figcaption class=\"wp-element-caption\">FONTE: &lt;!&#8211;td {border: 1px solid #ccc;}br {mso-data-placement:same-cell;}&#8211;&gt;<br><a rel=\"noreferrer noopener\" href=\"https:\/\/youtu.be\/Nv4Ek6ZvzYk\" target=\"_blank\">https:\/\/youtu.be\/Nv4Ek6ZvzYk<\/a><\/figcaption><\/figure>\n\n\n\n<hr class=\"wp-block-separator has-css-opacity\"\/>\n\n\n\n<p class=\"has-background has-medium-font-size\" style=\"background-color:#f2fbf2\">HORA DA ATIVIDADE<\/p>\n\n\n\n<p class=\"has-background has-medium-font-size\" style=\"background-color:#f2f7f9\">QUEST\u00c3O 1<\/p>\n\n\n\n<p class=\"has-medium-font-size\"> VAMOS FAZER O QUEBRA-CABE\u00c7A DE PARLENDAS? RECORTE, COLOQUE OS VERSOS EM ORDEM E, DEPOIS, COLE.<\/p>\n\n\n\n<figure class=\"wp-block-table is-style-regular\"><table><tbody><tr><td class=\"has-text-align-center\" data-align=\"center\">FOI CARREGAR TRIGO. CAD\u00ca O TRIGO?A GALINHA ESPALHOU.<\/td><td><\/td><td class=\"has-text-align-center\" data-align=\"center\">A \u00c1GUA APAGOU.CAD\u00ca A \u00c1GUA?O BOI BEBEU.CAD\u00ca O BOI?<\/td><\/tr><tr><td class=\"has-text-align-center\" data-align=\"center\">CAD\u00ca O TOUCINHO QUE ESTAVA AQUI?O GATO COMEU.CAD\u00ca O GATO?<\/td><td><\/td><td class=\"has-text-align-center\" data-align=\"center\">O FRADE COMEU.CAD\u00ca O FRADE?FOI CELEBRAR A MISSA.<\/td><\/tr><tr><td class=\"has-text-align-center\" data-align=\"center\"><\/td><td><\/td><td class=\"has-text-align-center\" data-align=\"center\"><\/td><\/tr><tr><td class=\"has-text-align-center\" data-align=\"center\">FOI PRO MATO.CAD\u00ca O MATO?O FOGO QUEIMOU.CAD\u00ca O FOGO?<\/td><td><\/td><td class=\"has-text-align-center\" data-align=\"center\">CAD\u00ca A MISSA?EST\u00c1 NO ALTAR.CAD\u00ca O ALTAR?T\u00c1 NO SEU LUGAR.<\/td><\/tr><tr><td class=\"has-text-align-center\" data-align=\"center\"><\/td><td><\/td><td class=\"has-text-align-center\" data-align=\"center\"><\/td><\/tr><tr><td class=\"has-text-align-center\" data-align=\"center\">CAD\u00ca A GALINHA?FOI BOTAR OVO.CAD\u00ca O OVO?<\/td><td><\/td><td class=\"has-text-align-center\" data-align=\"center\">CAD\u00ca A MISSA?EST\u00c1 NO ALTAR.CAD\u00ca O ALTAR?T\u00c1 NO SEU LUGAR.<\/td><\/tr><\/tbody><\/table><\/figure>\n\n\n\n<hr class=\"wp-block-separator has-css-opacity\"\/>\n\n\n\n<p class=\"has-background has-medium-font-size\" style=\"background-color:#ebf1f4\">QUEST\u00c3O 2<\/p>\n\n\n\n<p class=\"has-medium-font-size\">VAMOS COMPLETAR O TEXTO LACUNADO?<\/p>\n\n\n\n<p class=\"has-medium-font-size\">CAD\u00ca O&nbsp; ____________________________________&nbsp;  QUE ESTAVA AQUI?<\/p>\n\n\n\n<p class=\"has-medium-font-size\">O  ______________________________________ COMEU.<\/p>\n\n\n\n<p class=\"has-medium-font-size\">CAD\u00ca O GATO?<\/p>\n\n\n\n<p class=\"has-medium-font-size\">FOI PRO ________________________________.                                         .<\/p>\n\n\n\n<p class=\"has-medium-font-size\">CAD\u00ca O MATO?<\/p>\n\n\n\n<p class=\"has-medium-font-size\">O _____________________________ QUEIMOU.<\/p>\n\n\n\n<figure class=\"wp-block-table is-style-regular\"><table><tbody><tr><td class=\"has-text-align-center\" data-align=\"center\">GATO<\/td><\/tr><tr><td class=\"has-text-align-center\" data-align=\"center\">MATO<\/td><\/tr><tr><td class=\"has-text-align-center\" data-align=\"center\">TOUCINHO<\/td><\/tr><tr><td class=\"has-text-align-center\" data-align=\"center\">FOGO<\/td><\/tr><\/tbody><\/table><\/figure>\n\n\n\n<hr class=\"wp-block-separator has-css-opacity\"\/>\n\n\n\n<p class=\"has-text-align-center has-black-color has-text-color has-background has-medium-font-size\" style=\"background-color:#f4f8f5\"><strong>Acesse os materiais referentes a essa atividade clicando aqui:<\/strong> <a href=\"https:\/\/sme.goiania.go.gov.br\/conexaoescola\/propostas_didaticas\/propostas-didaticas-lingua-portuguesa-1o-ano\/\" target=\"_blank\" rel=\"noreferrer noopener\">https:\/\/sme.goiania.go.gov.br\/conexaoescola\/propostas_didaticas\/propostas-didaticas-lingua-portuguesa-1o-ano\/<\/a><\/p>\n\n\n\n<figure class=\"wp-block-table is-style-stripes\"><table><tbody><tr><td><strong>Componente Curricular:<\/strong><\/td><td>L\u00cdNGUA PORTUGUESA<\/td><\/tr><tr><td><strong>Habilidade:<\/strong><\/td><td>(EF01LP19-A) Recitar parlendas, quadras, quadrinhas, traval\u00ednguas, dentre outros, com entona\u00e7\u00e3o adequada e observando as rimas, em sala de aula e em apresenta\u00e7\u00f5es p\u00fablicas.(EF01LP02) Escrever, espontaneamente ou por ditado, palavras e frases de forma alfab\u00e9tica \u2013 usando letras\/grafemas que representem fonemas(EF01LP18) Registrar, em colabora\u00e7\u00e3o com os colegas e com a ajuda do professor, cantigas, quadras, quadrinhas, parlendas, trava-l\u00ednguas, dentre outros g\u00eaneros, considerando a situa\u00e7\u00e3o comunicativa e o tema\/assunto\/finalidade do texto.(EF15LP06) Reler e revisar o texto produzido com a ajuda do professor e a colabora\u00e7\u00e3o dos colegas, para corrigi-lo e aprimor\u00e1-lo, fazendo cortes, acr\u00e9scimos, reformula\u00e7\u00f5es, corre\u00e7\u00f5es de ortografia e pontua\u00e7\u00e3o.&nbsp;<\/td><\/tr><\/tbody><\/table><\/figure>\n\n\n\n<hr class=\"wp-block-separator has-css-opacity\"\/>\n\n\n\n<figure class=\"wp-block-table is-style-stripes\"><table><tbody><tr><td>REFER\u00caNCIAS<\/td><td>GOI\u00c2NIA. Secretaria Municipal de Educa\u00e7\u00e3o. <strong>Aprender sempre. <\/strong>1o. Ano &#8211; Ensino Fundamental; L\u00edngua Portuguesa e Matem\u00e1tica; 1o. Bimestre; Goi\u00e2nia, 2022.<br>GOVERNO DO ESTADO DE GOI\u00c1S. SECRET\u00c1RIA DE ESTADO DE EDUCA\u00c7\u00c3O \u2013 SEDUC\/CONSED. DOCUMENTO CURRICULAR PARA GOI\u00c1S \u2013 AMPLIADO: <strong>VOLUME II ENSINO FUNDAMENTAL ANOS INICIAIS<\/strong>.&nbsp;<br><br>IMAGENS RETIRADAS DO SITE:<br><a href=\"https:\/\/br.freepik.com\/\">HTTPS:\/\/BR.FREEPIK.COM\/<\/a><br><a href=\"https:\/\/pixabay.com\/pt\/\">HTTPS:\/\/PIXABAY.COM\/PT\/<\/a><br>CANVA<\/td><\/tr><\/tbody><\/table><\/figure>\n","protected":false},"author":39,"featured_media":148664,"template":"","ef_categoria":[30],"ef_ano":[84],"ef_componente":[93],"class_list":["post-146736","ensino_fundamental","type-ensino_fundamental","status-publish","has-post-thumbnail","hentry","ef_categoria-etica-e-cidadania-ciclo-da-adolescencia-fg","ef_ano-1o-ano","ef_componente-portugues","entry","has-media"],"acf":[],"_links":{"self":[{"href":"https:\/\/sme.goiania.go.gov.br\/conexaoescola\/wp-json\/wp\/v2\/ensino_fundamental\/146736","targetHints":{"allow":["GET"]}}],"collection":[{"href":"https:\/\/sme.goiania.go.gov.br\/conexaoescola\/wp-json\/wp\/v2\/ensino_fundamental"}],"about":[{"href":"https:\/\/sme.goiania.go.gov.br\/conexaoescola\/wp-json\/wp\/v2\/types\/ensino_fundamental"}],"author":[{"embeddable":true,"href":"https:\/\/sme.goiania.go.gov.br\/conexaoescola\/wp-json\/wp\/v2\/users\/39"}],"version-history":[{"count":5,"href":"https:\/\/sme.goiania.go.gov.br\/conexaoescola\/wp-json\/wp\/v2\/ensino_fundamental\/146736\/revisions"}],"predecessor-version":[{"id":177704,"href":"https:\/\/sme.goiania.go.gov.br\/conexaoescola\/wp-json\/wp\/v2\/ensino_fundamental\/146736\/revisions\/177704"}],"wp:featuredmedia":[{"embeddable":true,"href":"https:\/\/sme.goiania.go.gov.br\/conexaoescola\/wp-json\/wp\/v2\/media\/148664"}],"wp:attachment":[{"href":"https:\/\/sme.goiania.go.gov.br\/conexaoescola\/wp-json\/wp\/v2\/media?parent=146736"}],"wp:term":[{"taxonomy":"ef_categoria","embeddable":true,"href":"https:\/\/sme.goiania.go.gov.br\/conexaoescola\/wp-json\/wp\/v2\/ef_categoria?post=146736"},{"taxonomy":"ef_ano","embeddable":true,"href":"https:\/\/sme.goiania.go.gov.br\/conexaoescola\/wp-json\/wp\/v2\/ef_ano?post=146736"},{"taxonomy":"ef_componente","embeddable":true,"href":"https:\/\/sme.goiania.go.gov.br\/conexaoescola\/wp-json\/wp\/v2\/ef_componente?post=146736"}],"curies":[{"name":"wp","href":"https:\/\/api.w.org\/{rel}","templated":true}]}}