{"id":146591,"date":"2022-08-08T07:38:00","date_gmt":"2022-08-08T10:38:00","guid":{"rendered":"https:\/\/sme.goiania.go.gov.br\/conexaoescola\/?post_type=ensino_fundamental&#038;p=146591"},"modified":"2024-02-21T15:05:35","modified_gmt":"2024-02-21T18:05:35","slug":"arte-explorando-museus","status":"publish","type":"ensino_fundamental","link":"https:\/\/sme.goiania.go.gov.br\/conexaoescola\/ensino_fundamental\/arte-explorando-museus\/","title":{"rendered":"Arte &#8211; Explorando Museus"},"content":{"rendered":"\n<p class=\"has-background has-medium-font-size\" style=\"background-color:#81aec2\">Esta proposta de atividade de <strong>Arte<\/strong>, \u00e9 destinada a estudantes do <strong>2\u00ba ano<\/strong> do <strong>Ensino Fundamental.<\/strong><\/p>\n\n\n\n<div style=\"height:16px\" aria-hidden=\"true\" class=\"wp-block-spacer\"><\/div>\n\n\n\n<div class=\"wp-block-buttons is-content-justification-center is-layout-flex wp-container-core-buttons-is-layout-16018d1d wp-block-buttons-is-layout-flex\">\n<div class=\"wp-block-button has-custom-font-size has-medium-font-size\"><a class=\"wp-block-button__link wp-element-button\" href=\"https:\/\/drive.google.com\/uc?export=download&amp;id=1Y-2EJo81YgWfFynTC8J7j0-nYoNxesuX\">BAIXE A ATIVIDADE<\/a><\/div>\n\n\n\n<div class=\"wp-block-button has-custom-font-size has-medium-font-size\"><a class=\"wp-block-button__link wp-element-button\" href=\"https:\/\/drive.google.com\/uc?export=download&amp;id=1uyawp0sqdZVOxYe-CHU_3BnB_G1xD-lK\">BAIXE OS SLIDES<\/a><\/div>\n\n\n\n<div class=\"wp-block-button has-custom-font-size has-medium-font-size\"><a class=\"wp-block-button__link wp-element-button\" href=\"https:\/\/drive.google.com\/uc?export=download&amp;id=1aa2GjSETscVqSL7SfnTbX5KrVTjZsPC0\">BAIXE O TEXTO<\/a><\/div>\n<\/div>\n\n\n\n<div style=\"height:22px\" aria-hidden=\"true\" class=\"wp-block-spacer\"><\/div>\n\n\n\n<p class=\"has-medium-font-size\">VOC\u00ca SABIA QUE EXISTEM V\u00c1RIOS TIPOS DE MUSEUS?<\/p>\n\n\n<div class=\"wp-block-image\">\n<figure class=\"aligncenter size-full is-resized\"><img fetchpriority=\"high\" decoding=\"async\" src=\"https:\/\/sme.goiania.go.gov.br\/conexaoescola\/wp-content\/uploads\/2022\/07\/Museu_do_Amanha_em_sua_inauguracao_01.jpg\" alt=\"\" class=\"wp-image-146592\" width=\"600\" height=\"399\" srcset=\"https:\/\/sme.goiania.go.gov.br\/conexaoescola\/wp-content\/uploads\/2022\/07\/Museu_do_Amanha_em_sua_inauguracao_01.jpg 800w, https:\/\/sme.goiania.go.gov.br\/conexaoescola\/wp-content\/uploads\/2022\/07\/Museu_do_Amanha_em_sua_inauguracao_01-300x200.jpg 300w, https:\/\/sme.goiania.go.gov.br\/conexaoescola\/wp-content\/uploads\/2022\/07\/Museu_do_Amanha_em_sua_inauguracao_01-768x511.jpg 768w\" sizes=\"(max-width: 600px) 100vw, 600px\" \/><figcaption class=\"wp-element-caption\">Museu do Amanh\u00e3, Rio de Janeiro &#8211; Tomaz Silva\/Ag\u00eancia Brasil, 2015. Dispon\u00edvel em: https:\/\/commons.wikimedia.org\/wiki\/File:Museu_do_Amanh%C3%A3_em_sua_inaugura%C3%A7%C3%A3o_01.jpg <br>Acesso em 19\/07\/2022.<\/figcaption><\/figure><\/div>\n\n\n<p class=\"has-medium-font-size\">INCLUSIVE MUSEUS SOBRE O FUTURO, TECNOLOGIA E OBRAS DE ARTE CRIADOS POR MEIO DO GRAFITE? <\/p>\n\n\n\n<p class=\"has-medium-font-size\">EM GOI\u00c2NIA TEMOS O <strong>BECO DA CODORNA<\/strong>, VEJA:<\/p>\n\n\n<div class=\"wp-block-image\">\n<figure class=\"aligncenter size-large is-resized\"><img decoding=\"async\" src=\"https:\/\/sme.goiania.go.gov.br\/conexaoescola\/wp-content\/uploads\/2024\/02\/Apresentacao-criada-a-partir-do-seu-documento-1024x576.jpg\" alt=\"\" class=\"wp-image-177219\" width=\"793\" height=\"446\" srcset=\"https:\/\/sme.goiania.go.gov.br\/conexaoescola\/wp-content\/uploads\/2024\/02\/Apresentacao-criada-a-partir-do-seu-documento-1024x576.jpg 1024w, https:\/\/sme.goiania.go.gov.br\/conexaoescola\/wp-content\/uploads\/2024\/02\/Apresentacao-criada-a-partir-do-seu-documento-300x169.jpg 300w, https:\/\/sme.goiania.go.gov.br\/conexaoescola\/wp-content\/uploads\/2024\/02\/Apresentacao-criada-a-partir-do-seu-documento-768x432.jpg 768w, https:\/\/sme.goiania.go.gov.br\/conexaoescola\/wp-content\/uploads\/2024\/02\/Apresentacao-criada-a-partir-do-seu-documento-1536x864.jpg 1536w, https:\/\/sme.goiania.go.gov.br\/conexaoescola\/wp-content\/uploads\/2024\/02\/Apresentacao-criada-a-partir-do-seu-documento.jpg 1920w\" sizes=\"(max-width: 793px) 100vw, 793px\" \/><figcaption class=\"wp-element-caption\">Beco da Codorna, Goi\u00e2nia. Outubro de 2016. Fronteira, Dispon\u00edvel em: https:\/\/commons.wikimedia.org\/wiki\/File:Beco_da_Codorna_%281%29,_Goi%C3%A2nia,_outubro_de_2016.jpg. Acesso em 16\/02\/2024.<\/figcaption><\/figure><\/div>\n\n\n<p>&#8211; <a href=\"https:\/\/www.google.com\/search?rlz=1C1GCEA_enBR1010BR1010&amp;cs=0&amp;sxsrf=ALiCzsaAWmkdKQnis7cQhUMRd4ks4_6FxQ:1656351303998&amp;q=museu+antropologico+ufg+endere%C3%A7o&amp;ludocid=14049211105183980101&amp;sa=X&amp;ved=2ahUKEwjF9824lc74AhWJuZUCHVO0A_8Q6BN6BAgWEAI\">ENDERE\u00c7O<\/a>: AV. ANHANGUERA, 5331 &#8211; ST. CENTRAL, GOI\u00c2NIA &#8211; GO, CEP: 74040-010.<\/p>\n\n\n\n<p class=\"has-medium-font-size\">O MUSEU FOI IDEALIZADO POR ALUNOS DE PUBLICIDADE E PROPAGANDA E ARTISTAS GOIANOS, MORADORES E MEMBROS DA ASSOCIA\u00c7\u00c3O DOS GRAFITEIROS DE GOI\u00c2NIA.<\/p>\n\n\n\n<p class=\"has-medium-font-size\">O BECO PASSOU POR UMA REFORMA RECENTE EM 2022 E NOVAS OBRAS EST\u00c3O EXPOSTAS. A FOTOGRAFIA ABAIXO \u00c9 DA EXPOSI\u00c7\u00c3O ANTERIOR. COMO SER\u00c1 QUE O BECO EST\u00c1 ATUALMENTE?<\/p>\n\n\n<div class=\"wp-block-image\">\n<figure class=\"aligncenter size-large is-resized\"><img decoding=\"async\" src=\"https:\/\/sme.goiania.go.gov.br\/conexaoescola\/wp-content\/uploads\/2022\/07\/IMG_20191112_170910676_2-1024x576.jpg\" alt=\"\" class=\"wp-image-146588\" width=\"768\" height=\"432\" srcset=\"https:\/\/sme.goiania.go.gov.br\/conexaoescola\/wp-content\/uploads\/2022\/07\/IMG_20191112_170910676_2-1024x576.jpg 1024w, https:\/\/sme.goiania.go.gov.br\/conexaoescola\/wp-content\/uploads\/2022\/07\/IMG_20191112_170910676_2-300x169.jpg 300w, https:\/\/sme.goiania.go.gov.br\/conexaoescola\/wp-content\/uploads\/2022\/07\/IMG_20191112_170910676_2-768x432.jpg 768w, https:\/\/sme.goiania.go.gov.br\/conexaoescola\/wp-content\/uploads\/2022\/07\/IMG_20191112_170910676_2-1536x864.jpg 1536w, https:\/\/sme.goiania.go.gov.br\/conexaoescola\/wp-content\/uploads\/2022\/07\/IMG_20191112_170910676_2-2048x1152.jpg 2048w\" sizes=\"(max-width: 768px) 100vw, 768px\" \/><figcaption class=\"wp-element-caption\">Acervo pessoal do Beco da Codorna, Goi\u00e2nia &#8211; Ariadiny Morais, 2019<br>Av. Anhanguera, 5331 &#8211; St. Central, Goi\u00e2nia &#8211; GO, 74040-010<\/figcaption><\/figure><\/div>\n\n\n<p class=\"has-medium-font-size\"><strong style=\"font-size: revert;\">MUSEU ABERTO DE ESCULTURAS <\/strong><\/p>\n\n\n\n<p><strong style=\"font-size: revert;\">&#8211; <\/strong><a style=\"font-size: revert;\" href=\"https:\/\/www.google.com\/search?rlz=1C1GCEA_enBR1010BR1010&amp;cs=0&amp;sxsrf=ALiCzsaEO4qj3ZP2bgjOJ7IbhZHdagkFKQ:1656351460946&amp;q=museu+aberto+de+esculturas+goi%C3%A2nia+endere%C3%A7o&amp;ludocid=1572212897627809245&amp;sa=X&amp;ved=2ahUKEwjh8LmDls74AhX-J7kGHYYYCOcQ6BN6BAgNEAI\">ENDERE\u00c7O<\/a><span style=\"font-size: revert;\">: PRA\u00c7A UNIVERSIT\u00c1RIA, 295, SETOR LESTE UNIVERSIT\u00c1RIO, GOI\u00c2NIA &#8211; GO, CEP: 74605-22<\/span> <\/p>\n\n\n\n<p class=\"has-medium-font-size\">S\u00c3O 26 ESCULTURAS PRODUZIDAS EM DIVERSAS T\u00c9CNICAS, ENTRE ELAS: BRONZE, ARGILA E CONCRETO, AL\u00c9M DE V\u00c1RIAS INTERVEN\u00c7\u00d5ES URBANAS COMO GRAFITES. A PRA\u00c7A HONESTINO GUIMAR\u00c3ES, FOI CONSTRU\u00cdDA EM 1969. O MUSEU \u00c9 TOMBADO PELO PATRIM\u00d4NIO HIST\u00d3RICO E CULTURAL DE GOI\u00c1S. POR LOCALIZAR-SE NO SETOR UNIVERSIT\u00c1RIO EST\u00c1 PR\u00d3XIMO A OUTROS MUSEUS E PR\u00c9DIOS LIGADOS \u00c0 CULTURA, CI\u00caNCIA E POL\u00cdTICA DE GOI\u00c2NIA E GOI\u00c1S.<\/p>\n\n\n<div class=\"wp-block-image\">\n<figure class=\"aligncenter size-full is-resized\"><img loading=\"lazy\" decoding=\"async\" src=\"https:\/\/sme.goiania.go.gov.br\/conexaoescola\/wp-content\/uploads\/2022\/07\/450px-Praca_Universitaria_Goiania_Brasil_-_Julio_Valente_-_Venus_2000_-_bronze_fundido_02.jpg\" alt=\"\" class=\"wp-image-146589\" width=\"338\" height=\"450\" srcset=\"https:\/\/sme.goiania.go.gov.br\/conexaoescola\/wp-content\/uploads\/2022\/07\/450px-Praca_Universitaria_Goiania_Brasil_-_Julio_Valente_-_Venus_2000_-_bronze_fundido_02.jpg 450w, https:\/\/sme.goiania.go.gov.br\/conexaoescola\/wp-content\/uploads\/2022\/07\/450px-Praca_Universitaria_Goiania_Brasil_-_Julio_Valente_-_Venus_2000_-_bronze_fundido_02-225x300.jpg 225w\" sizes=\"(max-width: 338px) 100vw, 338px\" \/><figcaption class=\"wp-element-caption\">Pra\u00e7a Universit\u00e1ria (Goi\u00e2nia, Brasil) \u2013 J\u00falio Valente \u2013 Venus 2000 \u2013 bronze fundido. Dispon\u00edvel em: <a href=\"https:\/\/commons.wikimedia.org\/wiki\/File:Pra%C3%A7a_Universit%C3%A1ria_%28Goi%C3%A2nia,_Brasil%29_-_Julio_Valente_-_V%C3%AAnus_2000_-_bronze_fundido_02.jpg\">https:\/\/commons.wikimedia.org\/wiki\/File:Pra%C3%A7a_Universit%C3%A1ria_%28Goi%C3%A2nia,_Brasil%29_-_Julio_Valente_-_V%C3%AAnus_2000_-_bronze_fundido_02.jpg<\/a>. Acesso em: 20\/07\/2022.<\/figcaption><\/figure><\/div>\n\n\n<div style=\"height:42px\" aria-hidden=\"true\" class=\"wp-block-spacer\"><\/div>\n\n\n\n<p class=\"has-background has-medium-font-size\" style=\"background-color:#81aec2\"><strong>QUEST\u00c3O 1 <\/strong><\/p>\n\n\n\n<p class=\"has-medium-font-size\">O QUE O BECO DA CODORNA E O MUSEU ABERTO DE ESCULTURAS T\u00caM COMUM?<\/p>\n\n\n\n<div class=\"wp-block-group is-vertical is-layout-flex wp-container-core-group-is-layout-8cf370e7 wp-block-group-is-layout-flex\">\n<p class=\"has-medium-font-size\">A) S\u00c3O LUGARES FECHADOS<\/p>\n\n\n\n<p class=\"has-medium-font-size\">B) S\u00c3O LUGARES FECHADOS E RESTRITOS<\/p>\n\n\n\n<p class=\"has-medium-font-size\">C) S\u00c3O LUGARES ABANDONADOS<\/p>\n\n\n\n<p class=\"has-medium-font-size\">D) S\u00c3O LUGARES P\u00daBLICOS E GRATUITOS<\/p>\n<\/div>\n\n\n\n<div style=\"height:32px\" aria-hidden=\"true\" class=\"wp-block-spacer\"><\/div>\n\n\n\n<p class=\"has-background has-medium-font-size\" style=\"background-color:#81aec2\"><strong>QUEST\u00c3O 2 <\/strong><\/p>\n\n\n\n<p class=\"has-medium-font-size\">MARQUE A ALTERNATIVA CORRETA<\/p>\n\n\n\n<div class=\"wp-block-group is-vertical is-layout-flex wp-container-core-group-is-layout-8cf370e7 wp-block-group-is-layout-flex\">\n<p class=\"has-medium-font-size\">A) MUSEU \u00c9 UM LUGAR FECHADO<\/p>\n\n\n\n<p class=\"has-medium-font-size\">B) MUSEU \u00c9 PARA GUARDAR OBJETOS<\/p>\n\n\n\n<p class=\"has-medium-font-size\">C) EXISTEM V\u00c1RIOS TIPOS DE MUSEUS<\/p>\n\n\n\n<p class=\"has-medium-font-size\">D) MUSEUS S\u00c3O LUGARES TRISTES<\/p>\n<\/div>\n\n\n\n<div style=\"height:35px\" aria-hidden=\"true\" class=\"wp-block-spacer\"><\/div>\n\n\n\n<p class=\"has-background has-medium-font-size\" style=\"background-color:#81aec2\"><strong>QUEST\u00c3O 3<\/strong><\/p>\n\n\n\n<p class=\"has-medium-font-size\">VAMOS AO MUSEU?<\/p>\n\n\n\n<p class=\"has-medium-font-size\">AGORA \u00c9 SUA VEZ, ESCOLHA UM DESTES DOIS MUSEUS A C\u00c9U ABERTO QUE ACABAMOS DE VER PARA VISITAR, A QUALQUER HORA DO DIA DE MANEIRA GRATUITA.<\/p>\n\n\n\n<p class=\"has-medium-font-size\">V\u00c1 SEM PRESSA!<\/p>\n\n\n\n<p class=\"has-medium-font-size\">COM UM CELULAR E A AJUDA DE UM RESPONS\u00c1VEL REGISTE UM MOMENTO, OBRA OU OBJETO QUE LHE CHAMOU A ATEN\u00c7\u00c3O.<\/p>\n\n\n\n<div style=\"height:25px\" aria-hidden=\"true\" class=\"wp-block-spacer\"><\/div>\n\n\n\n<p class=\"has-background has-medium-font-size\" style=\"background-color:#81aec2\"><strong>QUEST\u00c3O 4<\/strong><\/p>\n\n\n\n<p class=\"has-medium-font-size\">COMO FOI O PASSEIO?<\/p>\n\n\n\n<ul class=\"wp-block-list\">\n<li class=\"has-medium-font-size\">DEPOIS SOCIALIZE COM OS COLEGAS, FAMILIARES OU NAS REDES SOCIAIS, SUA EXPERIENCIA E REGISTROS.<\/li>\n\n\n\n<li class=\"has-medium-font-size\">APROVEITE E CONVIDE-OS A VISIT\u00c1-LO TAMB\u00c9M!<\/li>\n<\/ul>\n\n\n\n<hr class=\"wp-block-separator has-css-opacity\"\/>\n\n\n\n<div style=\"height:41px\" aria-hidden=\"true\" class=\"wp-block-spacer\"><\/div>\n\n\n\n<p class=\"has-background has-medium-font-size\" style=\"background-color:#81aec2\"><strong>SABER MAIS<\/strong><\/p>\n\n\n\n<figure class=\"wp-block-embed is-type-video is-provider-youtube wp-block-embed-youtube wp-embed-aspect-16-9 wp-has-aspect-ratio\"><div class=\"wp-block-embed__wrapper\">\n<p class=\"responsive-video-wrap clr\"><iframe title=\"Conectarte #20  - O Museu de Esculturas a C\u00e9u Aberto da Pra\u00e7a Universit\u00e1ria de Goi\u00e2nia (GO)\" width=\"1200\" height=\"675\" src=\"https:\/\/www.youtube.com\/embed\/O3ZLcH9QD9g?feature=oembed\" frameborder=\"0\" allow=\"accelerometer; autoplay; clipboard-write; encrypted-media; gyroscope; picture-in-picture; web-share\" allowfullscreen><\/iframe><\/p>\n<\/div><figcaption class=\"wp-element-caption\">Conectarte #20 &#8211; O Museu de Esculturas a C\u00e9u Aberto da Pra\u00e7a Universit\u00e1ria de Goi\u00e2nia (GO)<br><a href=\"https:\/\/www.youtube.com\/@portalconexaoescola703\"><\/a><a href=\"https:\/\/www.youtube.com\/@portalconexaoescola703\">Portal Conex\u00e3o Escola<\/a><\/figcaption><\/figure>\n\n\n\n<ul class=\"wp-block-list\">\n<li style=\"font-size:24px\"><strong>LISTA DE ALGUNS MUSEUS EM GOI\u00c2NIA<\/strong>:<\/li>\n<\/ul>\n\n\n\n<h2 class=\"wp-block-heading has-medium-font-size\"><strong>MUSEU DE ZOOLOGIA<\/strong>&nbsp;<\/h2>\n\n\n\n<p><a href=\"https:\/\/www.google.com\/search?rlz=1C1GCEA_enBR1010BR1010&amp;cs=0&amp;sxsrf=ALiCzsaAWmkdKQnis7cQhUMRd4ks4_6FxQ:1656351303998&amp;q=museu+antropologico+ufg+endere%C3%A7o&amp;ludocid=14049211105183980101&amp;sa=X&amp;ved=2ahUKEwjF9824lc74AhWJuZUCHVO0A_8Q6BN6BAgWEAI\">ENDERE\u00c7O<\/a>: PARQUE ZOOL\u00d3GICO DE GOI\u00c2NIA &#8211; ST. OESTE, GOI\u00c2NIA &#8211; GO, 74215-030<\/p>\n\n\n\n<h2 class=\"wp-block-heading has-medium-font-size\"><strong>MUSEU ANTROPOL\u00d3GICO DA UFG<\/strong><\/h2>\n\n\n\n<p><a href=\"https:\/\/www.google.com\/search?rlz=1C1GCEA_enBR1010BR1010&amp;cs=0&amp;sxsrf=ALiCzsaAWmkdKQnis7cQhUMRd4ks4_6FxQ:1656351303998&amp;q=museu+antropologico+ufg+endere%C3%A7o&amp;ludocid=14049211105183980101&amp;sa=X&amp;ved=2ahUKEwjF9824lc74AhWJuZUCHVO0A_8Q6BN6BAgWEAI\">ENDERE\u00c7O<\/a>: AV. UNIVERSIT\u00c1RIA, 1166 &#8211; SETOR LESTE UNIVERSIT\u00c1RIO, GOI\u00c2NIA &#8211; GO, 74605-010<\/p>\n\n\n\n<h2 class=\"wp-block-heading has-medium-font-size\"><strong>MUSEU DE ARTE CONTEMPOR\u00c2NEA DE GOI\u00c1S<\/strong><\/h2>\n\n\n\n<p><a href=\"https:\/\/www.google.com\/search?rlz=1C1GCEA_enBR1010BR1010&amp;cs=0&amp;sxsrf=ALiCzsaJ953sUxoH-IvBwjZULsUc7nP0Hw:1656351336403&amp;q=museu+de+arte+contempor%C3%A2nea+de+goi%C3%A1s+endere%C3%A7o&amp;ludocid=7451772736107858806&amp;sa=X&amp;ved=2ahUKEwiO0YfIlc74AhUSr5UCHbfPBkgQ6BN6BAgREAI\">ENDERE\u00c7O<\/a>: AV. DEPUTADO JAMEL CEC\u00cdLIO, QD. GLEBA, N\u00b04.490 &#8211; SETOR FAZENDA GAMELEIRA, GOI\u00c2NIA &#8211; GO, 74884-801<\/p>\n\n\n\n<h2 class=\"wp-block-heading has-medium-font-size\"><strong>MEMORIAL DO CERRADO DA PUC GOI\u00c1S<\/strong><\/h2>\n\n\n\n<p><a href=\"https:\/\/www.google.com\/search?rlz=1C1GCEA_enBR1010BR1010&amp;cs=0&amp;sxsrf=ALiCzsaAWmkdKQnis7cQhUMRd4ks4_6FxQ:1656351303998&amp;q=museu+antropologico+ufg+endere%C3%A7o&amp;ludocid=14049211105183980101&amp;sa=X&amp;ved=2ahUKEwjF9824lc74AhWJuZUCHVO0A_8Q6BN6BAgWEAI\">ENDERE\u00c7O<\/a>: PUC GOI\u00c1S &#8211; CAMPUS II &#8211; AV. ENGLER, S\/N &#8211; JARDIM MARILIZA, GOI\u00c2NIA &#8211; GO, 74885-460<\/p>\n\n\n\n<h2 class=\"wp-block-heading\"><strong>CENTRO AUDIOVISUAL \/ MUSEU DO \u00cdNDIO<\/strong><\/h2>\n\n\n\n<p><a href=\"https:\/\/www.google.com\/search?rlz=1C1GCEA_enBR1010BR1010&amp;cs=0&amp;sxsrf=ALiCzsZI4X56bpFl1GTe90BYNPoCaHsKfA:1656351492938&amp;q=centro+audiovisual+\/+museu+do+%C3%ADndio+goi%C3%A2nia+endere%C3%A7o&amp;ludocid=4765429031935644053&amp;sa=X&amp;ved=2ahUKEwjxntuSls74AhWyJrkGHd1mCUgQ6BN6BAgPEAI\">ENDERE\u00c7O<\/a>: ALAMEDA LEOPOLDO DE BULH\u00d5ES, RUA L-1, 4 &#8211; S\/N QUADRA 3 &#8211; ST. PEDRO LUDOVICO, GOI\u00c2NIA &#8211; GO, 74820-060<\/p>\n\n\n\n<figure class=\"wp-block-embed is-type-video is-provider-youtube wp-block-embed-youtube wp-embed-aspect-16-9 wp-has-aspect-ratio\"><div class=\"wp-block-embed__wrapper\">\n<p class=\"responsive-video-wrap clr\"><iframe title=\"Vila Cultural Cora Coralina\" width=\"1200\" height=\"675\" src=\"https:\/\/www.youtube.com\/embed\/rwXEJwugpAY?feature=oembed\" frameborder=\"0\" allow=\"accelerometer; autoplay; clipboard-write; encrypted-media; gyroscope; picture-in-picture; web-share\" allowfullscreen><\/iframe><\/p>\n<\/div><\/figure>\n\n\n\n<div style=\"height:39px\" aria-hidden=\"true\" class=\"wp-block-spacer\"><\/div>\n\n\n\n<hr class=\"wp-block-separator has-alpha-channel-opacity\"\/>\n\n\n\n<figure class=\"wp-block-table is-style-stripes\"><table><tbody><tr><td><strong>Autoria:&nbsp;<\/strong><\/td><td>Ariadiny C\u00e2ndido Morais<\/td><\/tr><tr><td><strong>Forma\u00e7\u00e3o:<\/strong><\/td><td>Pedagoga e Mestre em Educa\u00e7\u00e3o<\/td><\/tr><tr><td><strong>Componente Curricular<\/strong>:<\/td><td>Arte<\/td><\/tr><tr><td><strong>Objetivos<\/strong>:<br><br>Contextos e Pr\u00e1ticas:<br>Formas distintas das artes visuais tradicionais e contempor\u00e2neas locais, regionais e nacionais<\/td><td><strong>Habilidades:<\/strong><br><br>(GO-EF02AR01-A) Apontar, relacionar, compreender, explorar, representar e criar criticamente formas distintas das artes visuais tradicionais e contempor\u00e2neas locais, regionais e nacionais, desenvolvendo a percep\u00e7\u00e3o, o imagin\u00e1rio, a capacidade de simbolizar e valorizar o repert\u00f3rio imag\u00e9tico do cotidiano individual e coletivo, fortalecendo as no\u00e7\u00f5es de alteridade, reconhecimento e respeito \u00e0 diversidade.<\/td><\/tr><tr><td><strong>Refer\u00eancia<\/strong>s:<\/td><td>Documento Curricular para Goi\u00e1s &#8211; Ampliado &#8211; Cortes Temporais.pdf. Dispon\u00edvel em: <a href=\"https:\/\/sme.goiania.go.gov.br\/site\/index.php\/institucional\/documentos-oficiais-2\">https:\/sme.goiania.go.gov.br\/site\/index.php\/institucional\/documentos-oficiais-2\/<\/a>&nbsp;<br><br>Documento Curricular para Goi\u00e1s Ampliado_vol II.pdf. Goi\u00e2nia\/GO: CONSED\/ UNDIME Goi\u00e1s, 2018.&nbsp;<\/td><\/tr><\/tbody><\/table><\/figure>\n","protected":false},"author":12,"featured_media":146592,"template":"","ef_categoria":[13,17],"ef_ano":[85],"ef_componente":[99],"class_list":["post-146591","ensino_fundamental","type-ensino_fundamental","status-publish","has-post-thumbnail","hentry","ef_categoria-ciclo-da-infancia-abc","ef_categoria-corpo-e-movimento","ef_ano-2o-ano","ef_componente-arte-ef","entry","has-media"],"acf":[],"_links":{"self":[{"href":"https:\/\/sme.goiania.go.gov.br\/conexaoescola\/wp-json\/wp\/v2\/ensino_fundamental\/146591","targetHints":{"allow":["GET"]}}],"collection":[{"href":"https:\/\/sme.goiania.go.gov.br\/conexaoescola\/wp-json\/wp\/v2\/ensino_fundamental"}],"about":[{"href":"https:\/\/sme.goiania.go.gov.br\/conexaoescola\/wp-json\/wp\/v2\/types\/ensino_fundamental"}],"author":[{"embeddable":true,"href":"https:\/\/sme.goiania.go.gov.br\/conexaoescola\/wp-json\/wp\/v2\/users\/12"}],"version-history":[{"count":4,"href":"https:\/\/sme.goiania.go.gov.br\/conexaoescola\/wp-json\/wp\/v2\/ensino_fundamental\/146591\/revisions"}],"predecessor-version":[{"id":177465,"href":"https:\/\/sme.goiania.go.gov.br\/conexaoescola\/wp-json\/wp\/v2\/ensino_fundamental\/146591\/revisions\/177465"}],"wp:featuredmedia":[{"embeddable":true,"href":"https:\/\/sme.goiania.go.gov.br\/conexaoescola\/wp-json\/wp\/v2\/media\/146592"}],"wp:attachment":[{"href":"https:\/\/sme.goiania.go.gov.br\/conexaoescola\/wp-json\/wp\/v2\/media?parent=146591"}],"wp:term":[{"taxonomy":"ef_categoria","embeddable":true,"href":"https:\/\/sme.goiania.go.gov.br\/conexaoescola\/wp-json\/wp\/v2\/ef_categoria?post=146591"},{"taxonomy":"ef_ano","embeddable":true,"href":"https:\/\/sme.goiania.go.gov.br\/conexaoescola\/wp-json\/wp\/v2\/ef_ano?post=146591"},{"taxonomy":"ef_componente","embeddable":true,"href":"https:\/\/sme.goiania.go.gov.br\/conexaoescola\/wp-json\/wp\/v2\/ef_componente?post=146591"}],"curies":[{"name":"wp","href":"https:\/\/api.w.org\/{rel}","templated":true}]}}