{"id":146342,"date":"2022-07-31T13:13:43","date_gmt":"2022-07-31T16:13:43","guid":{"rendered":"https:\/\/sme.goiania.go.gov.br\/conexaoescola\/?post_type=ensino_fundamental&#038;p=146342"},"modified":"2024-03-26T08:24:25","modified_gmt":"2024-03-26T11:24:25","slug":"educacao-fisica-yoga-2","status":"publish","type":"ensino_fundamental","link":"https:\/\/sme.goiania.go.gov.br\/conexaoescola\/ensino_fundamental\/educacao-fisica-yoga-2\/","title":{"rendered":"Educa\u00e7\u00e3o F\u00edsica &#8211; Yoga &#8211; Caracter\u00edsticas hist\u00f3ricas e culturais."},"content":{"rendered":"\n<p class=\"has-text-align-center has-black-color has-luminous-vivid-orange-background-color has-text-color has-background has-medium-font-size\">Esta proposta de atividade de <strong>EDUCA\u00c7\u00c3O F\u00cdSICA<\/strong> \u00e9 destinada aos estudantes do <strong>8\u00aa ANO do Ensino fundamental<\/strong> &#8211; Anos finais.<\/p>\n\n\n\n<p class=\"has-medium-font-size\"><\/p>\n\n\n\n<div class=\"wp-block-buttons is-content-justification-center is-layout-flex wp-container-core-buttons-is-layout-16018d1d wp-block-buttons-is-layout-flex\">\n<div class=\"wp-block-button has-custom-font-size has-medium-font-size\"><a class=\"wp-block-button__link wp-element-button\" href=\"https:\/\/drive.google.com\/uc?export=douwnload&amp;id=1ZFqCKUSlf4o_wPiyVaH9qKAGRyv_4X1R\" target=\"_blank\" rel=\"noreferrer noopener\"><strong>BAIXE A ATIVIDADE<\/strong><\/a><\/div>\n\n\n\n<div class=\"wp-block-button has-custom-font-size has-medium-font-size\"><a class=\"wp-block-button__link wp-element-button\" href=\"https:\/\/drive.google.com\/uc?export=douwnload&amp;id=13gYwlX7WLSyNFYVQ7dTy7BxB1B0Al6c_\" style=\"border-radius:100px\" target=\"_blank\" rel=\"noreferrer noopener\"><strong>BAIXE OS SLIDES<\/strong><\/a><\/div>\n\n\n\n<div class=\"wp-block-button has-custom-font-size has-medium-font-size\"><a class=\"wp-block-button__link wp-element-button\" href=\"https:\/\/drive.google.com\/uc?export=douwnload&amp;id=1GgpugWxfZcFzI74rv9HAw3PgiyBxWfLq\" target=\"_blank\" rel=\"noreferrer noopener\"><strong>BAIXE O TEXTO<\/strong><\/a><\/div>\n<\/div>\n\n\n\n<p><\/p>\n\n\n<div class=\"wp-block-image is-style-rounded\">\n<figure class=\"aligncenter size-full is-resized\"><img fetchpriority=\"high\" decoding=\"async\" width=\"507\" height=\"611\" src=\"https:\/\/sme.goiania.go.gov.br\/conexaoescola\/wp-content\/uploads\/2023\/08\/image-30.png\" alt=\"\" class=\"wp-image-167309\" style=\"width:507px;height:611px\" srcset=\"https:\/\/sme.goiania.go.gov.br\/conexaoescola\/wp-content\/uploads\/2023\/08\/image-30.png 507w, https:\/\/sme.goiania.go.gov.br\/conexaoescola\/wp-content\/uploads\/2023\/08\/image-30-249x300.png 249w\" sizes=\"(max-width: 507px) 100vw, 507px\" \/><figcaption class=\"wp-element-caption\"><strong>Imagem do arquivo pessoal: Elaine Faria de Oliveira. <\/strong><br><strong>Acesso: 28 de Junho de 2022. <\/strong><\/figcaption><\/figure><\/div>\n\n\n<p class=\"has-text-align-center has-luminous-vivid-amber-background-color has-background has-medium-font-size\"><strong>ORIGEM<\/strong><\/p>\n\n\n\n<p class=\"has-text-align-center has-medium-font-size\">A origem do Yoga remonta a milhares de anos atr\u00e1s, na antiga \u00cdndia. Acredita-se que o Yoga tenha se desenvolvido como uma pr\u00e1tica espiritual e filos\u00f3fica, com o objetivo de alcan\u00e7ar a ilumina\u00e7\u00e3o e a uni\u00e3o com o divino.<\/p>\n\n\n\n<p class=\"has-text-align-center has-medium-font-size\">Os primeiros registros escritos sobre o Yoga s\u00e3o encontrados nos Vedas, textos sagrados hindus que datam de cerca de 1500 a.C. No entanto, a pr\u00e1tica do Yoga provavelmente existia muito antes disso, transmitida oralmente de gera\u00e7\u00e3o em gera\u00e7\u00e3o.<\/p>\n\n\n\n<p class=\"has-text-align-center has-luminous-vivid-amber-background-color has-background has-medium-font-size\"><strong>EVOLU\u00c7\u00c3O <\/strong><\/p>\n\n\n\n<p class=\"has-text-align-center has-medium-font-size\">Ao longo dos s\u00e9culos, o Yoga passou por diversas transforma\u00e7\u00f5es e adapta\u00e7\u00f5es. Diferentes escolas e tradi\u00e7\u00f5es surgiram, cada uma com suas pr\u00f3prias t\u00e9cnicas e abordagens. Uma das escolas mais conhecidas \u00e9 o <strong>Hatha Yoga<\/strong>, que se concentra na pr\u00e1tica f\u00edsica e no controle da respira\u00e7\u00e3o.<\/p>\n\n\n\n<p class=\"has-text-align-center has-luminous-vivid-amber-background-color has-background has-medium-font-size\"><strong>POPULARIZA\u00c7\u00c3O <\/strong><\/p>\n\n\n\n<p class=\"has-text-align-center has-medium-font-size\">No s\u00e9culo XX, o Yoga come\u00e7ou a se popularizar no Ocidente, principalmente atrav\u00e9s de mestres indianos que viajaram para o exterior e ensinaram a pr\u00e1tica. Um dos principais respons\u00e1veis por essa difus\u00e3o foi Swami Vivekananda, que participou do Parlamento das Religi\u00f5es em Chicago, em 1893, e apresentou o Yoga ao p\u00fablico ocidental.<\/p>\n\n\n\n<p class=\"has-text-align-center has-medium-font-size\">Nos anos seguintes, o Yoga continuou a se espalhar pelo mundo, ganhando cada vez mais adeptos. Diversas escolas e estilos surgiram, adaptando a pr\u00e1tica \u00e0s necessidades e prefer\u00eancias dos praticantes ocidentais.<\/p>\n\n\n\n<p class=\"has-text-align-center has-luminous-vivid-amber-background-color has-background has-medium-font-size\"><strong>BENEF\u00cdCIOS <\/strong><\/p>\n\n\n\n<p class=\"has-text-align-center has-medium-font-size\">Hoje em dia, o Yoga \u00e9 praticado por milh\u00f5es de pessoas em todo o mundo, tanto como uma forma de exerc\u00edcio f\u00edsico e relaxamento, quanto como uma pr\u00e1tica espiritual e filos\u00f3fica. Existem in\u00fameras modalidades e abordagens diferentes, mas todas t\u00eam em comum o objetivo de promover o bem-estar f\u00edsico, mental e espiritual.<\/p>\n\n\n\n<p class=\"has-text-align-center has-medium-font-size\"><a href=\"\"><\/a> <strong>VAMOS RESPONDER ALGUMAS QUEST\u00d5ES?<\/strong> <\/p>\n\n\n\n<p class=\"has-light-green-cyan-background-color has-background has-medium-font-size\"><strong>QUEST\u00c3O 01 <\/strong><\/p>\n\n\n\n<p class=\"has-medium-font-size\"><strong>O pa\u00eds de origem da Yoga refere-se <\/strong><\/p>\n\n\n\n<p class=\"has-medium-font-size\">A) a \u00cdndia.<br>B) a China.<br>C) ao Jap\u00e3o.<br>D) ao Egito.<\/p>\n\n\n\n<p class=\"has-text-align-left has-light-green-cyan-background-color has-background has-medium-font-size\"><strong>QUEST\u00c3O 02<\/strong><\/p>\n\n\n\n<p class=\"has-medium-font-size\"><strong>Preencha as lacunas do texto abaixo alusivas \u00e0s caracter\u00edsticas da Yoga&nbsp;com as respectivas palavras do quadro abaixo e marque a alternativa correta<\/strong>.<\/p>\n\n\n\n<figure class=\"wp-block-table is-style-regular has-medium-font-size\"><table class=\"has-luminous-vivid-amber-background-color has-background\"><tbody><tr><td class=\"has-text-align-center\" data-align=\"center\"><strong>CONSCI\u00caNCIA<\/strong><\/td><td class=\"has-text-align-center\" data-align=\"center\"><strong>POSTURAS <\/strong><\/td><td class=\"has-text-align-center\" data-align=\"center\"><strong>CORPO<\/strong><\/td><td class=\"has-text-align-center\" data-align=\"center\"><strong>YOGA&nbsp;<\/strong><\/td><td class=\"has-text-align-center\" data-align=\"center\"><strong>ASANAS<\/strong><\/td><\/tr><\/tbody><\/table><\/figure>\n\n\n\n<p class=\"has-medium-font-size\">A _________________________ \u00e9 uma modalidade da gin\u00e1stica de conscientiza\u00e7\u00e3o corporal rica e multifacetada. Cada pessoa pode encontrar na nessa pr\u00e1tica aquilo que mais ressoa com ela, seja como uma forma de exerc\u00edcio f\u00edsico, uma pr\u00e1tica espiritual ou uma combina\u00e7\u00e3o de ambos. A pr\u00e1tica de posturas f\u00edsicas na Yoga s\u00e3o chamadas _______________________ que ajudam a fortalecer e flexibilizar o ____________________. Essas __________________________ s\u00e3o realizadas com ____________________ e controle da respira\u00e7\u00e3o.<\/p>\n\n\n\n<p class=\"has-medium-font-size\">(A) yoga, asanas, corpo, posturas e consci\u00eancia. <\/p>\n\n\n\n<p class=\"has-medium-font-size\">(B) asanas, corpo, yoga, posturas e consci\u00eancia. <\/p>\n\n\n\n<p class=\"has-medium-font-size\">(C) consci\u00eancia, posturas, corpo, yoga e asanas. <\/p>\n\n\n\n<p class=\"has-medium-font-size\">(D) posturas, corpo, yoga, asanas e consci\u00eancia.<\/p>\n\n\n\n<p class=\"has-light-green-cyan-background-color has-background has-medium-font-size\"><strong>QUEST\u00c3O 0<\/strong>3<\/p>\n\n\n\n<p class=\"has-medium-font-size\"><strong>Para responder em seu caderno.<\/strong> Ao longo dos s\u00e9culos, a yoga passou por diversas transforma\u00e7\u00f5es e adapta\u00e7\u00f5es, tornando-se uma pr\u00e1tica popular em todo o mundo. Como a pr\u00e1tica da Yoga desenvolveu-se ao longo dos s\u00e9culos e quais foram suas principais influ\u00eancias? <\/p>\n\n\n\n<p class=\"has-light-green-cyan-background-color has-background has-medium-font-size\"><strong>QUEST\u00c3O 04<\/strong><\/p>\n\n\n\n<p class=\"has-medium-font-size\"><strong>Relacione as colunas sobre as filosofias da Yoga de acordo com suas caracter\u00edsticas.<\/strong><\/p>\n\n\n\n<figure class=\"wp-block-table is-style-regular has-medium-font-size\"><table><tbody><tr><td> <strong>01<\/strong><\/td><td class=\"has-text-align-center\" data-align=\"center\"><strong>YAMA<\/strong><\/td><td class=\"has-text-align-center\" data-align=\"center\">&nbsp;       <\/td><td class=\"has-text-align-center\" data-align=\"center\">Concentra\u00e7\u00e3o.<\/td><\/tr><tr><td><strong>&nbsp; &nbsp;02<\/strong><\/td><td class=\"has-text-align-center\" data-align=\"center\"><strong>NYIAMA<\/strong><\/td><td class=\"has-text-align-center\" data-align=\"center\">&nbsp;<\/td><td class=\"has-text-align-center\" data-align=\"center\">Absor\u00e7\u00e3o dos sentidos | abstra\u00e7\u00e3o dos fatores externos.&nbsp;<\/td><\/tr><tr><td><strong>&nbsp; &nbsp;03<\/strong><\/td><td class=\"has-text-align-center\" data-align=\"center\"><strong>ASANA<\/strong><\/td><td class=\"has-text-align-center\" data-align=\"center\"><\/td><td class=\"has-text-align-center\" data-align=\"center\">Controle de respira\u00e7\u00e3o.<\/td><\/tr><tr><td><strong>&nbsp; &nbsp;04<\/strong><\/td><td class=\"has-text-align-center\" data-align=\"center\"><strong>PRANAYAMA<\/strong><\/td><td class=\"has-text-align-center\" data-align=\"center\"><\/td><td class=\"has-text-align-center\" data-align=\"center\">Sentado | pr\u00e1tica f\u00edsica.<\/td><\/tr><tr><td><strong>&nbsp; &nbsp;05<\/strong><\/td><td class=\"has-text-align-center\" data-align=\"center\"><strong>PRATYAHARA<\/strong><\/td><td class=\"has-text-align-center\" data-align=\"center\"><\/td><td class=\"has-text-align-center\" data-align=\"center\">Valores (morais e \u00e9ticos) e pr\u00e1ticas pessoais | <br>auto- regula\u00e7\u00e3o.<\/td><\/tr><tr><td><strong>&nbsp; &nbsp;06<\/strong><\/td><td class=\"has-text-align-center\" data-align=\"center\"><strong>DHARANA<\/strong><\/td><td class=\"has-text-align-center\" data-align=\"center\"><\/td><td class=\"has-text-align-center\" data-align=\"center\">Valores (morais e \u00e9ticos) e pr\u00e1ticas sociais | auto-controle.<\/td><\/tr><tr><td><strong>&nbsp; &nbsp;07<\/strong><\/td><td class=\"has-text-align-center\" data-align=\"center\"><strong>DHYANA<\/strong><\/td><td class=\"has-text-align-center\" data-align=\"center\"><\/td><td class=\"has-text-align-center\" data-align=\"center\">Auto-realiza\u00e7\u00e3o, estado elevado de consci\u00eancia.<\/td><\/tr><tr><td><strong>&nbsp; &nbsp;08<\/strong><\/td><td class=\"has-text-align-center\" data-align=\"center\"><strong>SAMADHI<\/strong><\/td><td class=\"has-text-align-center\" data-align=\"center\"><\/td><td class=\"has-text-align-center\" data-align=\"center\">Medita\u00e7\u00e3o.<\/td><\/tr><\/tbody><\/table><\/figure>\n\n\n\n<p class=\"has-text-align-center\"><strong>ASSISTA AO V\u00cdDEO &#8221; POSTURAS B\u00c1SICAS DA YOGA&#8221;<\/strong><\/p>\n\n\n\n<figure class=\"wp-block-embed is-type-video is-provider-youtube wp-block-embed-youtube wp-embed-aspect-16-9 wp-has-aspect-ratio\"><div class=\"wp-block-embed__wrapper\">\n<p class=\"responsive-video-wrap clr\"><iframe title=\"POSTURAS B\u00c1SICAS DA YOGA\" width=\"1200\" height=\"675\" src=\"https:\/\/www.youtube.com\/embed\/89iLFHDMm9w?feature=oembed\" frameborder=\"0\" allow=\"accelerometer; autoplay; clipboard-write; encrypted-media; gyroscope; picture-in-picture; web-share\" allowfullscreen><\/iframe><\/p>\n<\/div><figcaption class=\"wp-element-caption\"><strong>CANAL: 100 % MOVIMENTO &#8221; Posturas b\u00e1sicas da Yoga &lt; https:\/\/www.youtube.com\/watch?v=89iLFHDMm9w &gt; <br>Data de acesso: 28 de Junho de 2022. <\/strong><\/figcaption><\/figure>\n\n\n\n<figure class=\"wp-block-table is-style-stripes has-medium-font-size\"><table><tbody><tr><td><strong>Autoria<\/strong><\/td><td>Elaine Faria de Oliveira <\/td><\/tr><tr><td><strong>Forma\u00e7\u00e3o<\/strong><\/td><td>Educa\u00e7\u00e3o F\u00edsica <\/td><\/tr><tr><td><strong>Componentes Curriculares<\/strong><\/td><td>Educa\u00e7\u00e3o F\u00edsica <\/td><\/tr><tr><td><strong>Objetivos de Aprendizagem e Desenvolvimento<\/strong><\/td><td>(GO-EF08EF07) Vivenciar e fruir diferentes modalidades da gin\u00e1stica, contemplando a conscientiza\u00e7\u00e3o corporal, identificando as exig\u00eancias corporais dessas pr\u00e1ticas, e reconhecendo a import\u00e2ncia de uma pr\u00e1tica individualizada, adequada \u00e0s caracter\u00edsticas e necessidades de cada sujeito.<\/td><\/tr><tr><td><strong>Refer\u00eancias<\/strong><\/td><td>DC-GO Ampliado &#8211; Base&nbsp; Nacional&nbsp; Comum&nbsp; Curricular&nbsp; (BNCC)&nbsp; da Educa\u00e7\u00e3o Infantil e do Ensino&nbsp;Fundamental, 2017.<br><br>Pr\u00e1ticas corporais: educa\u00e7\u00e3o f\u00edsica: 6\u00ba ao 9\u00ba anos: manual do professor\/ Suraya Cristina Darido. et AL 1 ed. &#8211; S\u00e3o Paulo:: Moderna, 2018<br>Gin\u00e1stica, dan\u00e7a e atividades circenses \/ Fernando Jaime Gonz\u00e1lez; Suraya Cristina Darido; Amauri Aparecido B\u00e1ssoli de Oliveira, org.; pref\u00e1cio de Leandro Cruz Fr\u00f3es da Silva. 2. ed. \u2013 Maring\u00e1 : Eduem, 2017. v. 3 (232 p.) : il. (algumas color); 25,0&#215;17,6 cm.&#8211; (Pr\u00e1ticas corporais e a organiza\u00e7\u00e3o do conhecimento).&nbsp;<br><br>&nbsp;Gin\u00e1stica. 2. Dan\u00e7a. 3.Artes circenses.I. Jaime Gonz\u00e1lez, Fernando. II. Darido, Suraya Cristina. III. Oliveira, Amauri Aparecido B\u00e1ssoli de. IV. Cappelli, Ricardo Garcia, pref. V. T\u00edtulo&nbsp;Cdd 22.ed.796.<\/td><\/tr><\/tbody><\/table><\/figure>\n","protected":false},"author":56,"featured_media":167315,"template":"","ef_categoria":[16,32],"ef_ano":[91],"ef_componente":[97],"class_list":["post-146342","ensino_fundamental","type-ensino_fundamental","status-publish","has-post-thumbnail","hentry","ef_categoria-ciclo-da-adolescencia-hi","ef_categoria-corpo-e-movimento-ciclo-da-adolescencia-hi","ef_ano-8o-ano","ef_componente-educacao-fisica","entry","has-media"],"acf":[],"_links":{"self":[{"href":"https:\/\/sme.goiania.go.gov.br\/conexaoescola\/wp-json\/wp\/v2\/ensino_fundamental\/146342","targetHints":{"allow":["GET"]}}],"collection":[{"href":"https:\/\/sme.goiania.go.gov.br\/conexaoescola\/wp-json\/wp\/v2\/ensino_fundamental"}],"about":[{"href":"https:\/\/sme.goiania.go.gov.br\/conexaoescola\/wp-json\/wp\/v2\/types\/ensino_fundamental"}],"author":[{"embeddable":true,"href":"https:\/\/sme.goiania.go.gov.br\/conexaoescola\/wp-json\/wp\/v2\/users\/56"}],"version-history":[{"count":32,"href":"https:\/\/sme.goiania.go.gov.br\/conexaoescola\/wp-json\/wp\/v2\/ensino_fundamental\/146342\/revisions"}],"predecessor-version":[{"id":179846,"href":"https:\/\/sme.goiania.go.gov.br\/conexaoescola\/wp-json\/wp\/v2\/ensino_fundamental\/146342\/revisions\/179846"}],"wp:featuredmedia":[{"embeddable":true,"href":"https:\/\/sme.goiania.go.gov.br\/conexaoescola\/wp-json\/wp\/v2\/media\/167315"}],"wp:attachment":[{"href":"https:\/\/sme.goiania.go.gov.br\/conexaoescola\/wp-json\/wp\/v2\/media?parent=146342"}],"wp:term":[{"taxonomy":"ef_categoria","embeddable":true,"href":"https:\/\/sme.goiania.go.gov.br\/conexaoescola\/wp-json\/wp\/v2\/ef_categoria?post=146342"},{"taxonomy":"ef_ano","embeddable":true,"href":"https:\/\/sme.goiania.go.gov.br\/conexaoescola\/wp-json\/wp\/v2\/ef_ano?post=146342"},{"taxonomy":"ef_componente","embeddable":true,"href":"https:\/\/sme.goiania.go.gov.br\/conexaoescola\/wp-json\/wp\/v2\/ef_componente?post=146342"}],"curies":[{"name":"wp","href":"https:\/\/api.w.org\/{rel}","templated":true}]}}