{"id":146279,"date":"2022-07-29T07:00:00","date_gmt":"2022-07-29T10:00:00","guid":{"rendered":"https:\/\/sme.goiania.go.gov.br\/conexaoescola\/?post_type=ensino_fundamental&#038;p=146279"},"modified":"2023-08-30T18:12:31","modified_gmt":"2023-08-30T21:12:31","slug":"ciencias-da-natureza-planeta-terra-2","status":"publish","type":"ensino_fundamental","link":"https:\/\/sme.goiania.go.gov.br\/conexaoescola\/ensino_fundamental\/ciencias-da-natureza-planeta-terra-2\/","title":{"rendered":"Ci\u00eancias da Natureza &#8211; Planeta Terra"},"content":{"rendered":"\n<p class=\"has-text-align-center has-black-color has-vivid-cyan-blue-to-vivid-purple-gradient-background has-text-color has-background has-medium-font-size\"><strong>ESTA PROPOSTA DE ATIVIDADE DE CI\u00caNCIAS DA NATUREZA&nbsp;\u00c9 DESTINADA AOS ESTUDANTES<\/strong>&nbsp;<strong>DO<\/strong>&nbsp;<strong>3\u00ba ANO DO ENSINO FUNDAMENTAL<\/strong>.<\/p>\n\n\n\n<hr class=\"wp-block-separator has-alpha-channel-opacity\"\/>\n\n\n\n<div class=\"wp-block-buttons alignwide is-content-justification-center is-layout-flex wp-container-core-buttons-is-layout-14c487f4 wp-block-buttons-is-layout-flex\">\n<div class=\"wp-block-button has-custom-width wp-block-button__width-25\"><a class=\"wp-block-button__link has-white-color has-black-background-color has-text-color has-background wp-element-button\" href=\"https:\/\/drive.google.com\/uc?export=download&amp;id=1lysAPKhi19SwU8giihVmH0OagdgWcQKk\" target=\"_blank\" rel=\"noreferrer noopener\"><strong>BAIXE A ATIVIDADE<\/strong><\/a><\/div>\n\n\n\n<div class=\"wp-block-button has-custom-width wp-block-button__width-25 aligncenter\"><a class=\"wp-block-button__link has-white-color has-black-background-color has-text-color has-background wp-element-button\" href=\"https:\/\/drive.google.com\/uc?export=download&amp;id=1ZxZu8TAmDv6Z9m0xWFVxsJ2ENOiZ57nK\" target=\"_blank\" rel=\"noreferrer noopener\"><strong>BAIXE OS SLIDES<\/strong><\/a><\/div>\n\n\n\n<div class=\"wp-block-button has-custom-width wp-block-button__width-25\"><a class=\"wp-block-button__link has-white-color has-black-background-color has-text-color has-background wp-element-button\" href=\"https:\/\/drive.google.com\/uc?export=download&amp;id=1ujPPk7CqiAtseX6IFGPjbuoAvEc3BDh7\" target=\"_blank\" rel=\"noreferrer noopener\"><strong>BAIXE O TEXTO<\/strong><\/a><\/div>\n<\/div>\n\n\n\n<p><\/p>\n\n\n\n<p class=\"has-text-align-center has-black-color has-text-color has-medium-font-size\"><strong>PLANETA TERRA<\/strong><\/p>\n\n\n\n<p class=\"has-medium-font-size\"><strong>O planeta Terra \u00e9 fascinante! Est\u00e1 repleto de vida! Nele, existem aproximadamente nove milh\u00f5es de esp\u00e9cies catalogadas pelos cientistas, por\u00e9m acredita-se que h\u00e1 muito mais do que isso. Precisa ser muito grande para abrigar tantas esp\u00e9cies.<\/strong><\/p>\n\n\n\n<p class=\"has-medium-font-size\"><strong>Visto l\u00e1 de cima, \u00e9 percept\u00edvel sua cor azulada, por conta da quantidade de \u00e1gua em sua superf\u00edcie. Pensando no Sistema Solar, ele \u00e9 o terceiro planeta a partir do Sol. Tem o formato de uma esfera, aproximadamente, o mesmo formato de uma bola.<\/strong><\/p>\n\n\n\n<p class=\"has-medium-font-size\"><strong>Para estud\u00e1-lo s\u00e3o necess\u00e1rios in\u00fameros equipamentos, como: sat\u00e9lites, mapas, GPS, globo terrestre, dentre outros. Mas, para mant\u00ea-lo em perfeita harmonia, \u00e9 necess\u00e1rio preserv\u00e1-lo. Pense nisso!<\/strong><\/p>\n\n\n\n<p class=\"has-text-align-center has-medium-font-size\"><strong>OBSERVE A SEGUINTE IMAGEM PARA RESPONDER \u00c0S QUEST\u00d5ES:<\/strong><\/p>\n\n\n<div class=\"wp-block-image\">\n<figure class=\"aligncenter size-full is-resized\"><img fetchpriority=\"high\" decoding=\"async\" src=\"https:\/\/sme.goiania.go.gov.br\/conexaoescola\/wp-content\/uploads\/2022\/07\/world-1301744_960_720-e1657135388833.png\" alt=\"\" class=\"wp-image-146282\" width=\"360\" height=\"360\"\/><figcaption class=\"wp-element-caption\"> Dispon\u00edvel em: &lt;https:\/\/pixabay.com\/pt\/vectors\/mundo-terra-planeta-globo-mapa-1301744\/&gt;. Acesso em: 09, ago.  2023. <\/figcaption><\/figure><\/div>\n\n\n<p class=\"has-vivid-cyan-blue-to-vivid-purple-gradient-background has-background has-medium-font-size\"><strong>QUEST\u00c3O 1<\/strong><\/p>\n\n\n\n<p class=\"has-black-color has-text-color has-medium-font-size\">Voc\u00ea estudou que o planeta Terra \u00e9 banhado por \u00e1gua, em sua maior parte. No restante da superf\u00edcie, h\u00e1 muito solo, em forma de serras, morros, plan\u00edcies, etc. <strong>Pinte<\/strong> cada continente do mapa abaixo de acordo com a legenda:<\/p>\n\n\n<div class=\"wp-block-image\">\n<figure class=\"aligncenter size-full is-resized\"><img decoding=\"async\" src=\"https:\/\/sme.goiania.go.gov.br\/conexaoescola\/wp-content\/uploads\/2022\/07\/mapa-mundi-e1657135974821.png\" alt=\"\" class=\"wp-image-146286\" width=\"720\" height=\"387\" srcset=\"https:\/\/sme.goiania.go.gov.br\/conexaoescola\/wp-content\/uploads\/2022\/07\/mapa-mundi-e1657135974821.png 960w, https:\/\/sme.goiania.go.gov.br\/conexaoescola\/wp-content\/uploads\/2022\/07\/mapa-mundi-e1657135974821-300x161.png 300w, https:\/\/sme.goiania.go.gov.br\/conexaoescola\/wp-content\/uploads\/2022\/07\/mapa-mundi-e1657135974821-768x413.png 768w\" sizes=\"(max-width: 720px) 100vw, 720px\" \/><figcaption class=\"wp-element-caption\"><br><br><br>Dispon\u00edvel em: &lt;https:\/\/pixabay.com\/pt\/vectors\/mapa-mundo-geografia-continentes-117174\/&gt;. Acesso em 04, jul. 2022.<\/figcaption><\/figure><\/div>\n\n\n<p class=\"has-medium-font-size\">LEGENDA:<\/p>\n\n\n\n<p class=\"has-medium-font-size\">Am\u00e9rica: verde<\/p>\n\n\n\n<p class=\"has-medium-font-size\">\u00c1frica: amarelo<\/p>\n\n\n\n<p class=\"has-medium-font-size\">Europa: vermelho<\/p>\n\n\n\n<p class=\"has-medium-font-size\">\u00c1sia: laranja<\/p>\n\n\n\n<p class=\"has-medium-font-size\">Oceania: rosa<\/p>\n\n\n\n<p class=\"has-black-color has-vivid-cyan-blue-to-vivid-purple-gradient-background has-text-color has-background has-medium-font-size\"><strong> QUEST\u00c3O 2<\/strong><\/p>\n\n\n\n<p class=\"has-black-color has-text-color has-medium-font-size\"><strong>Localize<\/strong> no ca\u00e7a-palavras quatro palavras relacionadas ao planeta Terra e depois <strong>transcreva-<\/strong>as nas linhas ao lado.<\/p>\n\n\n<div class=\"wp-block-image\">\n<figure class=\"aligncenter size-full\"><img decoding=\"async\" width=\"687\" height=\"185\" src=\"https:\/\/sme.goiania.go.gov.br\/conexaoescola\/wp-content\/uploads\/2022\/07\/CACA-PALAVRAS-e1657142793266.jpg\" alt=\"\" class=\"wp-image-146288\" srcset=\"https:\/\/sme.goiania.go.gov.br\/conexaoescola\/wp-content\/uploads\/2022\/07\/CACA-PALAVRAS-e1657142793266.jpg 687w, https:\/\/sme.goiania.go.gov.br\/conexaoescola\/wp-content\/uploads\/2022\/07\/CACA-PALAVRAS-e1657142793266-300x81.jpg 300w\" sizes=\"(max-width: 687px) 100vw, 687px\" \/><\/figure><\/div>\n\n\n<p class=\"has-black-color has-vivid-cyan-blue-to-vivid-purple-gradient-background has-text-color has-background has-medium-font-size\"><strong>  QUEST\u00c3O 3 <\/strong><\/p>\n\n\n\n<p class=\"has-black-color has-text-color has-medium-font-size\"><strong>Complete<\/strong> a frase:<\/p>\n\n\n\n<p class=\"has-black-color has-text-color has-medium-font-size\"> Preservar o planeta Terra \u00e9 importante porque ___________________________________.<\/p>\n\n\n\n<p class=\"has-black-color has-text-color has-background has-medium-font-size\" style=\"background:linear-gradient(135deg,rgb(6,147,227) 0%,rgb(155,81,224) 100%)\"><strong>QUEST\u00c3O 4 <\/strong><\/p>\n\n\n\n<p class=\"has-medium-font-size\">A Terra n\u00e3o tem luz pr\u00f3pria. De onde ela recebe luz e calor? Para responder a essa pergunta, <strong>fa\u00e7a<\/strong> uma bela ilustra\u00e7\u00e3o. Ap\u00f3s, <strong>compare<\/strong> seu desenho ao de seus colegas. <strong>\u00d3tima partilha!<\/strong><\/p>\n\n\n\n<p class=\"has-black-color has-text-color has-background has-medium-font-size\" style=\"background:linear-gradient(135deg,rgb(6,147,227) 0%,rgb(156,82,225) 100%)\"><strong>QUEST\u00c3O 5<\/strong><\/p>\n\n\n\n<p class=\"has-medium-font-size\">Segundo o texto, <strong>qual<\/strong> \u00e9 a cor predominante do planeta Terra quando visto de cima? <strong>Assinale <\/strong>a alternativa correta.<\/p>\n\n\n\n<p class=\"has-medium-font-size\">(A) Amarela <\/p>\n\n\n\n<p class=\"has-medium-font-size\">(B) Verde <\/p>\n\n\n\n<p class=\"has-medium-font-size\">(C) Azulada <\/p>\n\n\n\n<p class=\"has-medium-font-size\">(D) Vermelha<\/p>\n\n\n\n<p class=\"has-black-color has-text-color has-background has-medium-font-size\" style=\"background:linear-gradient(135deg,rgb(6,147,227) 0%,rgb(158,82,228) 100%)\"><strong>QUEST\u00c3O 6<\/strong><\/p>\n\n\n\n<p class=\"has-medium-font-size\"><strong>Qual <\/strong>o equipamento mencionado no texto que <strong>n\u00e3o \u00e9<\/strong> utilizado para estudar o planeta Terra? <strong>Marque<\/strong> um X na alternativa correta.<\/p>\n\n\n\n<p class=\"has-medium-font-size\">(A) Sat\u00e9lites <\/p>\n\n\n\n<p class=\"has-medium-font-size\">(B) Mapas <\/p>\n\n\n\n<p class=\"has-medium-font-size\">(C) GPS <\/p>\n\n\n\n<p class=\"has-medium-font-size\">(D) V\u00eddeo game<\/p>\n\n\n\n<hr class=\"wp-block-separator has-css-opacity\"\/>\n\n\n\n<p class=\"has-black-color has-text-color has-background has-medium-font-size\" style=\"background-color:#a8d8f4\"><strong>SAIBA MAIS<\/strong> <\/p>\n\n\n\n<p class=\"has-black-color has-text-color has-medium-font-size\">O planeta Terra est\u00e1 &#8220;pedindo socorro&#8221;! <strong>Clique <\/strong>no play e saiba mais.<\/p>\n\n\n\n<figure class=\"wp-block-embed is-type-video is-provider-youtube wp-block-embed-youtube wp-embed-aspect-16-9 wp-has-aspect-ratio\"><div class=\"wp-block-embed__wrapper\">\n<p class=\"responsive-video-wrap clr\"><iframe title=\"PLANETA TERRA #ci\u00eancias #planeta\" width=\"1200\" height=\"675\" src=\"https:\/\/www.youtube.com\/embed\/YrkBcqtU4GE?feature=oembed\" frameborder=\"0\" allow=\"accelerometer; autoplay; clipboard-write; encrypted-media; gyroscope; picture-in-picture; web-share\" allowfullscreen><\/iframe><\/p>\n<\/div><figcaption class=\"wp-element-caption\"> Canal Danielle Assis \u201cCi\u00eancias da Natureza: Planeta Terra\u201d. Dispon\u00edvel em: &lt;<a rel=\"noreferrer noopener\" href=\"https:\/\/www.youtube.com\/watch?v=YrkBcqtU4GE\" data-type=\"URL\" data-id=\"https:\/\/www.youtube.com\/watch?v=YrkBcqtU4GE\" target=\"_blank\">https:\/\/www.youtube.com\/watch?v=YrkBcqtU4GE<\/a>&gt;. Acesso 09, ago. 2023. <\/figcaption><\/figure>\n\n\n\n<hr class=\"wp-block-separator has-css-opacity\"\/>\n\n\n\n<figure class=\"wp-block-table is-style-stripes\"><table><tbody><tr><td><strong>Autora:<\/strong><\/td><td>Prof.\u00aa Esp. Danielle Assis Borges Fantini<\/td><\/tr><tr><td><strong>Forma\u00e7\u00e3o:<\/strong><\/td><td>Gradua\u00e7\u00e3o:<br>\u2013 Graduada em Pedagogia e Graduanda em Jornalismo&nbsp;<br><br>P\u00f3s-gradua\u00e7\u00e3o:<br>\u2013 MBA em Gest\u00e3o das Tecnologias da Informa\u00e7\u00e3o e da Comunica\u00e7\u00e3o \u2013 Educa\u00e7\u00e3o<br>\u2013 Doc\u00eancia Universit\u00e1ria<br>\u2013 Psicopedagogia Institucional e Cl\u00ednica<br>\u2013 Neuropedagogia Aplicada \u00e0 Educa\u00e7\u00e3o<\/td><\/tr><tr><td><strong>Componente Curricular:<\/strong><\/td><td>CI\u00caNCIAS DA NATUREZA<\/td><\/tr><tr><td><strong>Habilidade (s):<\/strong><\/td><td>(EF03CI07) Identificar caracter\u00edsticas da Terra (como seu formato esf\u00e9rico, a presen\u00e7a de \u00e1gua, solo etc.), com base na observa\u00e7\u00e3o, manipula\u00e7\u00e3o e compara\u00e7\u00e3o de diferentes formas de representa\u00e7\u00e3o do planeta (mapas, globos, fotografias etc.).<\/td><\/tr><tr><td><strong>Refer\u00eancia (s):<\/strong><\/td><td><br>\u00c1GUA, Dia Mundial da. WWF-Brasil, 2022. Dispon\u00edvel em: &lt;https:\/\/www.wwf.org.br\/?56622\/22-de-maro-Dia-Mundial-da-gua#:~:text=22%20de%20mar%C3%A7o%20%C3%A9%20um,1%25%20%C3%A9%20pr%C3%B3pria%20para%20consumo.&gt;.Acesso em: 09, ago. 2023.<br><br>APRENDER JUNTOS CI\u00caNCIAS, 3\u00ba ano: ensino fundamental. Organizadora SM Educa\u00e7\u00e3o. 7\u00aa ed. S\u00e3o Paulo: Edi\u00e7\u00f5es SM, 2021.<br><br>COELHO, Geslie. Ci\u00eancias, Viv\u00eancias e Descobertas, 3\u00ba ano. 1 ed. S\u00e3o Paulo: FTD, 2012.<br><br>CI\u00caNCIA, Meio Ambiente.&nbsp;Escola Kids, 2022. Dispon\u00edvel em: &lt;https:\/\/escolakids.uol.com.br\/ciencias\/meio-ambiente.htm&gt;.Acesso em: 09, ago. 2023.<br><br>COELHO, Geslie. Ci\u00eancias, Viv\u00eancias e Descobertas, 3\u00ba ano. 1 ed. S\u00e3o Paulo: FTD, 2012.<\/td><\/tr><tr><td><strong>Documento norteador:<\/strong><\/td><td>DOCUMENTO CURRICULAR PARA GOI\u00c1S \u2013 AMPLIADO (DC-GO AMPLIADO)<\/td><\/tr><\/tbody><\/table><\/figure>\n","protected":false},"author":64,"featured_media":146282,"template":"","ef_categoria":[13,18],"ef_ano":[86],"ef_componente":[98],"class_list":["post-146279","ensino_fundamental","type-ensino_fundamental","status-publish","has-post-thumbnail","hentry","ef_categoria-ciclo-da-infancia-abc","ef_categoria-educacao-ambiental-e-saude","ef_ano-3o-ano","ef_componente-ciencia-da-natureza-ef","entry","has-media"],"acf":[],"_links":{"self":[{"href":"https:\/\/sme.goiania.go.gov.br\/conexaoescola\/wp-json\/wp\/v2\/ensino_fundamental\/146279","targetHints":{"allow":["GET"]}}],"collection":[{"href":"https:\/\/sme.goiania.go.gov.br\/conexaoescola\/wp-json\/wp\/v2\/ensino_fundamental"}],"about":[{"href":"https:\/\/sme.goiania.go.gov.br\/conexaoescola\/wp-json\/wp\/v2\/types\/ensino_fundamental"}],"author":[{"embeddable":true,"href":"https:\/\/sme.goiania.go.gov.br\/conexaoescola\/wp-json\/wp\/v2\/users\/64"}],"version-history":[{"count":10,"href":"https:\/\/sme.goiania.go.gov.br\/conexaoescola\/wp-json\/wp\/v2\/ensino_fundamental\/146279\/revisions"}],"predecessor-version":[{"id":169065,"href":"https:\/\/sme.goiania.go.gov.br\/conexaoescola\/wp-json\/wp\/v2\/ensino_fundamental\/146279\/revisions\/169065"}],"wp:featuredmedia":[{"embeddable":true,"href":"https:\/\/sme.goiania.go.gov.br\/conexaoescola\/wp-json\/wp\/v2\/media\/146282"}],"wp:attachment":[{"href":"https:\/\/sme.goiania.go.gov.br\/conexaoescola\/wp-json\/wp\/v2\/media?parent=146279"}],"wp:term":[{"taxonomy":"ef_categoria","embeddable":true,"href":"https:\/\/sme.goiania.go.gov.br\/conexaoescola\/wp-json\/wp\/v2\/ef_categoria?post=146279"},{"taxonomy":"ef_ano","embeddable":true,"href":"https:\/\/sme.goiania.go.gov.br\/conexaoescola\/wp-json\/wp\/v2\/ef_ano?post=146279"},{"taxonomy":"ef_componente","embeddable":true,"href":"https:\/\/sme.goiania.go.gov.br\/conexaoescola\/wp-json\/wp\/v2\/ef_componente?post=146279"}],"curies":[{"name":"wp","href":"https:\/\/api.w.org\/{rel}","templated":true}]}}