{"id":146194,"date":"2024-11-21T15:36:20","date_gmt":"2024-11-21T18:36:20","guid":{"rendered":"https:\/\/sme.goiania.go.gov.br\/conexaoescola\/?post_type=ensino_fundamental&#038;p=146194"},"modified":"2024-11-27T20:31:06","modified_gmt":"2024-11-27T23:31:06","slug":"geografia-as-profissoes-ao-longo-do-tempo","status":"publish","type":"ensino_fundamental","link":"https:\/\/sme.goiania.go.gov.br\/conexaoescola\/ensino_fundamental\/geografia-as-profissoes-ao-longo-do-tempo\/","title":{"rendered":"Geografia &#8211; As profiss\u00f5es ao longo do tempo"},"content":{"rendered":"\n<p class=\"has-text-align-center has-black-color has-text-color has-background has-medium-font-size\" style=\"background-color:#f0f0f0\">Esta proposta de atividade de&nbsp;<strong>GEOGRAFIA <\/strong>\u00e9 destinada aos estudantes do<strong> 5\u00ba ano&nbsp;do Ensino Fundamental.<\/strong><\/p>\n\n\n\n<div class=\"wp-block-buttons is-content-justification-center is-layout-flex wp-container-core-buttons-is-layout-16018d1d wp-block-buttons-is-layout-flex\">\n<div class=\"wp-block-button has-custom-font-size has-medium-font-size\"><a class=\"wp-block-button__link has-white-color has-black-background-color has-text-color has-background wp-element-button\" href=\"https:\/\/drive.google.com\/uc?export=download&amp;id=1565e8wbpLZPrBFRsUK0UcE35OkEemwue\" target=\"_blank\" rel=\"noreferrer noopener\">BAIXE A ATIVIDADE<\/a><\/div>\n\n\n\n<div class=\"wp-block-button has-custom-font-size has-medium-font-size\"><a class=\"wp-block-button__link has-white-color has-black-background-color has-text-color has-background wp-element-button\" href=\"https:\/\/drive.google.com\/uc?export=download&amp;id=1g9QT14J2blaVrvWOqdf7n4q9rUFLONgp\" target=\"_blank\" rel=\"noreferrer noopener\">BAIXE OS SLIDES<\/a><\/div>\n\n\n\n<div class=\"wp-block-button has-custom-font-size has-medium-font-size\"><a class=\"wp-block-button__link has-white-color has-black-background-color has-text-color has-background wp-element-button\" href=\"https:\/\/drive.google.com\/uc?export=download&amp;id=1aGcXzYa4FXTAEFyYzOFNHw9ZVFryvba4\" target=\"_blank\" rel=\"noreferrer noopener\">BAIXE O TEXTO<\/a><\/div>\n<\/div>\n\n\n\n<p class=\"has-white-color has-text-color has-link-color wp-elements-7e4ac651328708ea719ac0894fa30934\">.<\/p>\n\n\n\n<p class=\"has-text-align-center has-black-color has-text-color has-medium-font-size\"><strong>AS PROFISS\u00d5ES AO LONGO DO TEMPO<\/strong><\/p>\n\n\n\n<p class=\"has-text-align-center has-medium-font-size\">Antes do surgimento da ind\u00fastria, os produtos eram fabricados de forma artesanal. Todas as etapas da produ\u00e7\u00e3o eram realizadas por apenas uma pessoa. M\u00f3veis, sapatos, roupas, pratos, vassouras e quase tudo era feito por um \u00fanico profissional. Com a industrializa\u00e7\u00e3o, esse tipo de trabalho se tornou mais raro e quase tudo \u00e9 produzido em f\u00e1bricas. A tecnologia criou tamb\u00e9m novas profiss\u00f5es.<\/p>\n\n\n<div class=\"wp-block-image is-style-default\">\n<figure class=\"aligncenter size-full\"><img fetchpriority=\"high\" decoding=\"async\" width=\"624\" height=\"486\" src=\"https:\/\/sme.goiania.go.gov.br\/conexaoescola\/wp-content\/uploads\/2022\/06\/image-26.png\" alt=\"\" class=\"wp-image-146195\" srcset=\"https:\/\/sme.goiania.go.gov.br\/conexaoescola\/wp-content\/uploads\/2022\/06\/image-26.png 624w, https:\/\/sme.goiania.go.gov.br\/conexaoescola\/wp-content\/uploads\/2022\/06\/image-26-300x234.png 300w\" sizes=\"(max-width: 624px) 100vw, 624px\" \/><figcaption class=\"wp-element-caption\">Fonte da imagem https:\/\/www.freepik.com\/free-photo\/two-african-dressmaker-woman-sews-clothes-sewing-machine-tailor-office-black-seamstress-girls_26152772.htm<\/figcaption><\/figure><\/div>\n\n\n<p class=\"has-medium-font-size\"><strong>O TRABALHO E AS PROFISS\u00d5ES DO PASSADO<\/strong><\/p>\n\n\n\n<p class=\"has-medium-font-size\"><strong>Antes <\/strong>do surgimento <strong>das ind\u00fastrias<\/strong>, as pessoas transformavam as mat\u00e9rias-primas em produtos, por meio do <strong>artesanato<\/strong>. A produ\u00e7\u00e3o artesanal, \u00e9 aquela na qual o trabalhador realiza todas as etapas da produ\u00e7\u00e3o. E em boa parte das vezes, o <strong>artes\u00e3o faz tudo sozinho<\/strong> e realiza o trabalho em sua casa ou em uma pequena oficina.<\/p>\n\n\n\n<p class=\"has-medium-font-size\">Hoje compramos sapatos, t\u00eanis, sand\u00e1lias produzidos nas f\u00e1bricas. Mas <strong>antes<\/strong>, era o <strong>sapateiro<\/strong>, que <strong>fazia os sapatos<\/strong> de todas as pessoas l\u00e1 na sua sapataria, bem antes da ind\u00fastria de cal\u00e7ados. Cada sapato era feito de forma artesanal, com as medidas do cliente e com os materiais escolhidos por ele.<\/p>\n\n\n\n<p class=\"has-medium-font-size\">At\u00e9 os <strong>tecidos<\/strong> eram <strong>feitos manualmente<\/strong>. A tecel\u00e3 fabricava manualmente o tecido no tear. O <strong>tear <\/strong>manual \u00e9 uma ferramenta usada para criar tecidos, entrela\u00e7ando fios verticais e horizontais.<\/p>\n\n\n\n<p class=\"has-medium-font-size\">Al\u00e9m dos tecidos, as <strong>roupas <\/strong>tamb\u00e9m eram produzidas de forma <strong>personalizada <\/strong>e artesanal. A <strong>costureira <\/strong>usava a tesoura, linha, m\u00e1quina de costura, tecido, bot\u00f5es e outros acess\u00f3rios para fazer <strong>roupas sob medida<\/strong> para cada um dos seus clientes. Hoje, quase todas as roupas que compramos, s\u00e3o feitas em f\u00e1bricas.<\/p>\n\n\n\n<p class=\"has-medium-font-size\"><strong>TRABALHO E INDUSTRIALIZA\u00c7\u00c3O<\/strong><\/p>\n\n\n\n<p class=\"has-medium-font-size\">O surgimento das ind\u00fastrias, a partir do s\u00e9culo XVIII, mudou a forma de fabricar os produtos. O uso de novas t\u00e9cnicas e tecnologias mudou tamb\u00e9m as formas de trabalho.<\/p>\n\n\n\n<p class=\"has-medium-font-size\"><strong>TRABALHADORES ASSALARIADOS<\/strong><\/p>\n\n\n\n<p class=\"has-medium-font-size\">Com a industrializa\u00e7\u00e3o, as pessoas passaram a trabalhar em f\u00e1bricas, <strong>onde operam m\u00e1quinas<\/strong>.&nbsp;<\/p>\n\n\n\n<p class=\"has-medium-font-size\">Estes trabalhadores s\u00e3o, por isso, chamados de <strong>oper\u00e1rios<\/strong>.<\/p>\n\n\n\n<p class=\"has-medium-font-size\"><strong>Trabalham <\/strong>durante horas por dia, durante todo o m\u00eas <strong>em troca de um sal\u00e1rio<\/strong>.<\/p>\n\n\n\n<p class=\"has-medium-font-size\">Os <strong>produtos <\/strong>fabricados nas ind\u00fastrias, <strong>v\u00e3o para as lojas<\/strong> para ser vendidos aos consumidores. Nas lojas, nos shoppings e outros tipos de estabelecimentos onde se vendem produtos, existem os<strong> trabalhadores do com\u00e9rcio<\/strong>.<\/p>\n\n\n\n<p class=\"has-medium-font-size\"><strong>NOVAS PROFISS\u00d5ES<\/strong><\/p>\n\n\n\n<p class=\"has-medium-font-size\">Com o surgimento de <strong>novas tecnologias<\/strong>, v\u00e1rias novas <strong>profiss\u00f5es <\/strong>surgiram.<\/p>\n\n\n\n<p class=\"has-medium-font-size\">Youtuber, Designer de Jogos, Analista de TI, Programador, T\u00e9cnico de Automa\u00e7\u00e3o Industrial, T\u00e9cnico de Celular\/Smartphone e outras surgiram h\u00e1 poucos anos.<\/p>\n\n\n\n<p class=\"has-medium-font-size\"><strong>PROFISS\u00d5ES QUE ACABARAM (ou quase)<\/strong><\/p>\n\n\n\n<p class=\"has-medium-font-size\">A moderniza\u00e7\u00e3o tamb\u00e9m fez com que algumas profiss\u00f5es tamb\u00e9m deixassem de existir. <strong>Leiteiro<\/strong>, <strong>Acendedor de postes<\/strong>, <strong>Alfaiate<\/strong>, <strong>Tecel\u00e3<\/strong>, <strong>Atendente de Locadora de DVDs<\/strong>, <strong>Vendedor de Enciclop\u00e9dia<\/strong> e v\u00e1rios outros postos de trabalho deixaram de existir.<\/p>\n\n\n\n<p class=\"has-medium-font-size\">Boa parte das <strong>novas profiss\u00f5es<\/strong> t\u00eam rela\u00e7\u00e3o com as <strong>novas tecnologias<\/strong> e com os neg\u00f3cios virtuais.<\/p>\n\n\n\n<p class=\"has-medium-font-size\"><strong>AS PROFISS\u00d5ES NO CAMPO<\/strong><\/p>\n\n\n\n<p class=\"has-medium-font-size\">No campo, tamb\u00e9m houve modifica\u00e7\u00f5es nas profiss\u00f5es. Embora os agricultores ainda sejam muito importantes para a produ\u00e7\u00e3o de alimentos.<\/p>\n\n\n\n<p class=\"has-medium-font-size\">A <strong>mecaniza\u00e7\u00e3o do campo<\/strong> criou profiss\u00f5es como <strong>operador de m\u00e1quinas agr\u00edcolas<\/strong> e t\u00e9cnico de sistema de irriga\u00e7\u00e3o, entre outros.&nbsp;<\/p>\n\n\n\n<p class=\"has-white-color has-text-color has-link-color wp-elements-7e4ac651328708ea719ac0894fa30934\">.<\/p>\n\n\n\n<p class=\"has-text-align-center has-medium-font-size\"><strong>AGORA VOC\u00ca VAI REALIZAR ATIVIDADES SOBRE O TEMA.<\/strong><\/p>\n\n\n\n<p class=\"has-black-color has-cyan-bluish-gray-background-color has-text-color has-background has-medium-font-size\"><strong> QUEST\u00c3O 1<\/strong><\/p>\n\n\n\n<p class=\"has-text-align-center has-medium-font-size\"><strong><span class=\"has-inline-color has-vivid-red-color\">OBSERVE AS IMAGENS A SEGUIR COM ATEN\u00c7\u00c3O<\/span><br><\/strong>R<strong>ESPONDA AS QUEST\u00d5ES A SEGUIR NO SEU CADERNO.<\/strong><\/p>\n\n\n<div class=\"wp-block-image is-resized is-style-default\">\n<figure class=\"aligncenter size-full\"><img decoding=\"async\" width=\"658\" height=\"640\" src=\"https:\/\/sme.goiania.go.gov.br\/conexaoescola\/wp-content\/uploads\/2022\/06\/image-27.png\" alt=\"\" class=\"wp-image-146196\" srcset=\"https:\/\/sme.goiania.go.gov.br\/conexaoescola\/wp-content\/uploads\/2022\/06\/image-27.png 658w, https:\/\/sme.goiania.go.gov.br\/conexaoescola\/wp-content\/uploads\/2022\/06\/image-27-300x292.png 300w\" sizes=\"(max-width: 658px) 100vw, 658px\" \/><figcaption class=\"wp-element-caption\">https:\/\/www.freepik.com\/free-vector\/creative-hobby-set-man-cooking-food-gardening-flower-planting-playing-guitar-carpentry_24758242.htm<\/figcaption><\/figure><\/div>\n\n\n<p class=\"has-text-align-left has-medium-font-size\"><strong>A<\/strong>. As profiss\u00f5es da imagem s\u00e3o artesanais ou modernas?<\/p>\n\n\n\n<p class=\"has-text-align-left has-medium-font-size\"><strong>B<\/strong>. . Qual \u00e9 a profiss\u00e3o de cada imagem?<\/p>\n\n\n\n<p class=\"has-text-align-left has-medium-font-size\"><strong>C.<\/strong> Descreva o que cada profissional faz de acordo com a numera\u00e7\u00e3o.<\/p>\n\n\n\n<p class=\"has-text-align-left has-medium-font-size\"><strong>D<\/strong>. Voc\u00ea conhece algu\u00e9m que trabalha em alguma dessas profiss\u00f5es?<\/p>\n\n\n\n<p class=\"has-text-align-left has-medium-font-size\"><strong>E.<\/strong> Em que locais esses trabalhos podem ser realizados?<\/p>\n\n\n\n<p class=\"has-black-color has-cyan-bluish-gray-background-color has-text-color has-background has-medium-font-size\"><strong>  QUEST\u00c3O 2<\/strong><\/p>\n\n\n\n<p class=\"has-text-align-center has-medium-font-size\">\u2022<strong><span class=\"has-inline-color has-vivid-red-color\"> QUAL SER\u00c1 A SUA PROFISS\u00c3O?<\/span><\/strong><br>(responda as quest\u00f5es em seu caderno)<\/p>\n\n\n\n<p class=\"has-medium-font-size\">&nbsp;<strong>A.<\/strong> Qual \u00e9 a profiss\u00e3o que voc\u00ea gostaria de ter quando for adulto?<\/p>\n\n\n\n<p class=\"has-medium-font-size\"><strong>B.<\/strong> Voc\u00ea conhece algu\u00e9m que tenha esta profiss\u00e3o?<\/p>\n\n\n\n<p class=\"has-medium-font-size\"><strong>C.<\/strong> Explique o motivo da escolha desta profiss\u00e3o?<\/p>\n\n\n\n<p class=\"has-medium-font-size\"><strong>D.<\/strong> \u00c9 um trabalho artesanal, moderno ou tecnol\u00f3gico, esportivo ou art\u00edstico?<\/p>\n\n\n\n<p class=\"has-medium-font-size\"><strong>E.<\/strong> A profiss\u00e3o escolhida \u00e9 faz parte do com\u00e9rcio, ind\u00fastria ou servi\u00e7os?<\/p>\n\n\n\n<p class=\"has-medium-font-size\"><strong>F.<\/strong> \u00c9 um trabalho que \u00e9 realizado no campo ou na cidade?<\/p>\n\n\n\n<p class=\"has-text-align-center has-medium-font-size\"><strong><span class=\"has-inline-color has-vivid-red-color\">DEPOIS DE RESPONDER TUDO, CONVERSE COM A PROFESSORA E SEUS COLEGAS. CONTE PARA ELES SOBRE A SUA FUTURA PROFISS\u00c3O E ESCUTE-OS FALAR SOBRE AS SUAS PROFISS\u00d5ES TAMB\u00c9M.<\/span><\/strong><\/p>\n\n\n\n<p class=\"has-black-color has-cyan-bluish-gray-background-color has-text-color has-background has-medium-font-size\"><strong>  QUEST\u00c3O 3<\/strong><\/p>\n\n\n<div class=\"wp-block-image\">\n<figure class=\"aligncenter\"><img decoding=\"async\" src=\"https:\/\/lh7-rt.googleusercontent.com\/docsz\/AD_4nXebO1TdEj2djMZ_Fb1qkwwlnSuiBO002Wjm0myYcv0gleUxAImEz5WAdA9UPDYn3KTwiQ0f3fMHFYZ3mTHIHv7Jwj2RYQr_fqIIbD-BRXLQPc1o1krmgxtDHZNuniykRA0PktsxxUf4SXuZvlXTEL0?key=W42hOi1LU7cOodh1WUQH0wez\" alt=\"Tractor agricultural machine cultivating field Free Photo\"\/><figcaption class=\"wp-element-caption\">Fonte da imagem: https:\/\/www.freepik.com\/free-photo\/tractor-agricultural-machine-cultivating-field_11137387.htm<\/figcaption><\/figure><\/div>\n\n\n<p class=\"has-medium-font-size\"><strong>As profiss\u00f5es mudaram ao longo do tempo, mas essas mudan\u00e7as n\u00e3o ocorreram apenas nas cidades. No campo, a mecaniza\u00e7\u00e3o trouxe mudan\u00e7as como,<\/strong><\/p>\n\n\n\n<p class=\"has-medium-font-size\">(A) a utiliza\u00e7\u00e3o de m\u00e1quinas que eliminam a necessidade de agricultores.<\/p>\n\n\n\n<p class=\"has-medium-font-size\">(B) o surgimento de novos profissionais, como operadores de m\u00e1quinas agr\u00edcolas.<\/p>\n\n\n\n<p class=\"has-medium-font-size\">(C) a substitui\u00e7\u00e3o dos alimentos naturais por produtos industrializados no campo.<\/p>\n\n\n\n<p class=\"has-medium-font-size\">(D) o aumento do uso de ferramentas manuais e m\u00e9todos tradicionais de plantio.<\/p>\n\n\n\n<p class=\"has-black-color has-cyan-bluish-gray-background-color has-text-color has-background has-medium-font-size\"><strong>  QUEST\u00c3O 4<\/strong><\/p>\n\n\n\n<p class=\"has-medium-font-size\"><\/p>\n\n\n<div class=\"wp-block-image\">\n<figure class=\"aligncenter size-large is-resized\"><img decoding=\"async\" width=\"1024\" height=\"683\" src=\"https:\/\/sme.goiania.go.gov.br\/conexaoescola\/wp-content\/uploads\/2024\/11\/image-69-1024x683.png\" alt=\"\" class=\"wp-image-190729\" style=\"width:532px;height:auto\" srcset=\"https:\/\/sme.goiania.go.gov.br\/conexaoescola\/wp-content\/uploads\/2024\/11\/image-69-1024x683.png 1024w, https:\/\/sme.goiania.go.gov.br\/conexaoescola\/wp-content\/uploads\/2024\/11\/image-69-300x200.png 300w, https:\/\/sme.goiania.go.gov.br\/conexaoescola\/wp-content\/uploads\/2024\/11\/image-69-768x512.png 768w, https:\/\/sme.goiania.go.gov.br\/conexaoescola\/wp-content\/uploads\/2024\/11\/image-69.png 1380w\" sizes=\"(max-width: 1024px) 100vw, 1024px\" \/><figcaption class=\"wp-element-caption\"><a href=\"https:\/\/www.freepik.com\/free-photo\/assembly-line-production-new-car-automated-welding-car-body-production-line-robotic-arm-car-production-line-is-working_26150931.htm\">https:\/\/www.freepik.com\/free-photo\/assembly-line-production-new-car-automated-welding-car-body-production-line-robotic-arm-car-production-line-is-working_26150931.htm <\/a><\/figcaption><\/figure><\/div>\n\n\n<p class=\"has-medium-font-size\">A substitui\u00e7\u00e3o da m\u00e3o de obra humana pelas m\u00e1quinas, nas f\u00e1bricas, durante a revolu\u00e7\u00e3o industrial, foi um marco na hist\u00f3ria do trabalho. Isso ocorreu principalmente porque,<\/p>\n\n\n\n<p class=\"has-medium-font-size\">(A) as m\u00e1quinas permitiram a produ\u00e7\u00e3o em grande escala e com mais rapidez.<\/p>\n\n\n\n<p class=\"has-medium-font-size\">(B) os trabalhadores artesanais come\u00e7aram a produzir suas pr\u00f3prias m\u00e1quinas.<\/p>\n\n\n\n<p class=\"has-medium-font-size\">(C) as m\u00e1quinas diminu\u00edram a necessidade de materiais nas f\u00e1bricas.<\/p>\n\n\n\n<p class=\"has-medium-font-size\">(D) os oper\u00e1rios passaram a trabalhar menos e ganhar mais dinheiro.<\/p>\n\n\n\n<p class=\"has-medium-font-size\"><\/p>\n\n\n\n<p class=\"has-black-color has-cyan-bluish-gray-background-color has-text-color has-background has-medium-font-size\"> <strong>SAIBA MAIS<\/strong><\/p>\n\n\n\n<p class=\"has-text-align-center has-medium-font-size\"><strong>&nbsp;AGORA, QUE TAL ASSISTIR O V\u00cdDEO:<\/strong> <strong>TRABALHADORES DA EMERG\u00caNCIA?<\/strong><\/p>\n\n\n\n<p class=\"has-text-align-center has-medium-font-size\">VEM COMIGO CONHECER PROFISS\u00d5ES ESSENCIAIS EM UMA EMERG\u00caNCIA.<\/p>\n\n\n\n<figure class=\"wp-block-embed is-type-video is-provider-youtube wp-block-embed-youtube wp-embed-aspect-16-9 wp-has-aspect-ratio\"><div class=\"wp-block-embed__wrapper\">\n<p class=\"responsive-video-wrap clr\"><iframe title=\"Trabalhadores da Emerg\u00eancia - Prof\u00aa Ma. Amarolina Ribeiro - Geografia EF1\" width=\"1200\" height=\"675\" src=\"https:\/\/www.youtube.com\/embed\/x798UeoYI1c?feature=oembed\" frameborder=\"0\" allow=\"accelerometer; autoplay; clipboard-write; encrypted-media; gyroscope; picture-in-picture; web-share\" referrerpolicy=\"strict-origin-when-cross-origin\" allowfullscreen><\/iframe><\/p>\n<\/div><\/figure>\n\n\n\n<hr class=\"wp-block-separator has-alpha-channel-opacity\"\/>\n\n\n\n<figure class=\"wp-block-table aligncenter is-style-stripes\"><table><tbody><tr><td><strong>Autoria:<\/strong><\/td><td>Amarolina Ribeiro<\/td><\/tr><tr><td><strong>Forma\u00e7\u00e3o:<\/strong><\/td><td>Graduada em Geografia e em Pedagogia. Mestra em Ensino na Educa\u00e7\u00e3o B\u00e1sica.<\/td><\/tr><tr><td><strong>Componente Curricular:<\/strong><\/td><td>Geografia<\/td><\/tr><tr><td><strong>Habilidade<\/strong>:<\/td><td>(EF05GE05) Identificar e comparar as mudan\u00e7as dos tipos de trabalho e desenvolvimento tecnol\u00f3gico na agropecu\u00e1ria, na ind\u00fastria, no com\u00e9rcio e nos servi\u00e7os.<\/td><\/tr><tr><td><strong>Refer\u00eancia(s):<\/strong><\/td><td>CALLAI, Helena Copetti. <strong>Aprendendo a ler o mundo: a Geografia nos anos iniciais do Ensino Fundamental.<\/strong> Cad. Cedes, Campinas, v. 25, n. 66, 2005.&nbsp;<br><br>_______. <strong>Educa\u00e7\u00e3o Geogr\u00e1fica: reflex\u00e3o e pr\u00e1tica<\/strong>. Iju\u00ed: Uniju\u00ed, 2011.<br><br>CAVALCANTI, Lana de Souza (Org.). <strong>Geografia, escola e constru\u00e7\u00e3o de conhecimentos.<\/strong> Campinas: Papirus, 2010.<br><br>RIBEIRO, Amarolina. <strong>Fun\u00e7\u00f5es das Cidades.<\/strong> Portal Conex\u00e3o Escola. Goi\u00e2nia. Texto e atividade. Dispon\u00edvel em: <a href=\"https:\/\/sme.goiania.go.gov.br\/conexaoescola\/ensino_fundamental\/geografia-funcoes-das-cidades\/\">https:\/\/sme.goiania.go.gov.br\/conexaoescola\/ensino_fundamental\/geografia-funcoes-das-cidades\/<\/a> Acesso em: 13 mai. 2023.<\/td><\/tr><\/tbody><\/table><\/figure>\n\n\n\n<p class=\"has-medium-font-size\"><\/p>\n","protected":false},"author":61,"featured_media":146195,"template":"","ef_categoria":[],"ef_ano":[88],"ef_componente":[96],"class_list":["post-146194","ensino_fundamental","type-ensino_fundamental","status-publish","has-post-thumbnail","hentry","ef_ano-5o-ano","ef_componente-geografia","entry","has-media"],"acf":[],"_links":{"self":[{"href":"https:\/\/sme.goiania.go.gov.br\/conexaoescola\/wp-json\/wp\/v2\/ensino_fundamental\/146194","targetHints":{"allow":["GET"]}}],"collection":[{"href":"https:\/\/sme.goiania.go.gov.br\/conexaoescola\/wp-json\/wp\/v2\/ensino_fundamental"}],"about":[{"href":"https:\/\/sme.goiania.go.gov.br\/conexaoescola\/wp-json\/wp\/v2\/types\/ensino_fundamental"}],"author":[{"embeddable":true,"href":"https:\/\/sme.goiania.go.gov.br\/conexaoescola\/wp-json\/wp\/v2\/users\/61"}],"version-history":[{"count":5,"href":"https:\/\/sme.goiania.go.gov.br\/conexaoescola\/wp-json\/wp\/v2\/ensino_fundamental\/146194\/revisions"}],"predecessor-version":[{"id":190951,"href":"https:\/\/sme.goiania.go.gov.br\/conexaoescola\/wp-json\/wp\/v2\/ensino_fundamental\/146194\/revisions\/190951"}],"wp:featuredmedia":[{"embeddable":true,"href":"https:\/\/sme.goiania.go.gov.br\/conexaoescola\/wp-json\/wp\/v2\/media\/146195"}],"wp:attachment":[{"href":"https:\/\/sme.goiania.go.gov.br\/conexaoescola\/wp-json\/wp\/v2\/media?parent=146194"}],"wp:term":[{"taxonomy":"ef_categoria","embeddable":true,"href":"https:\/\/sme.goiania.go.gov.br\/conexaoescola\/wp-json\/wp\/v2\/ef_categoria?post=146194"},{"taxonomy":"ef_ano","embeddable":true,"href":"https:\/\/sme.goiania.go.gov.br\/conexaoescola\/wp-json\/wp\/v2\/ef_ano?post=146194"},{"taxonomy":"ef_componente","embeddable":true,"href":"https:\/\/sme.goiania.go.gov.br\/conexaoescola\/wp-json\/wp\/v2\/ef_componente?post=146194"}],"curies":[{"name":"wp","href":"https:\/\/api.w.org\/{rel}","templated":true}]}}