{"id":145825,"date":"2022-06-22T14:43:37","date_gmt":"2022-06-22T17:43:37","guid":{"rendered":"https:\/\/sme.goiania.go.gov.br\/conexaoescola\/?post_type=ensino_fundamental&#038;p=145825"},"modified":"2024-04-16T11:22:09","modified_gmt":"2024-04-16T14:22:09","slug":"arte-os-movimentos-e-a-danca","status":"publish","type":"ensino_fundamental","link":"https:\/\/sme.goiania.go.gov.br\/conexaoescola\/ensino_fundamental\/arte-os-movimentos-e-a-danca\/","title":{"rendered":"Arte &#8211; Os Movimentos e a Dan\u00e7a"},"content":{"rendered":"\n<p class=\"has-background has-medium-font-size\" style=\"background-color:#c2d0d6\">Esta proposta de atividade de <strong>Arte<\/strong>, \u00e9 destinada a estudantes de <strong>4\u00ba ano<\/strong> do <strong>Ensino Fundamental.<\/strong><\/p>\n\n\n\n<div class=\"wp-block-buttons is-content-justification-center is-layout-flex wp-container-core-buttons-is-layout-16018d1d wp-block-buttons-is-layout-flex\">\n<div class=\"wp-block-button has-custom-font-size has-medium-font-size\"><a class=\"wp-block-button__link wp-element-button\" href=\"https:\/\/drive.google.com\/uc?export=download&amp;id=1aW6SfYILw2-k4DdPnCg1zFbsMjTWZSGu\">BAIXE A ATIVIDADE<\/a><\/div>\n\n\n\n<div class=\"wp-block-button has-custom-font-size has-medium-font-size\"><a class=\"wp-block-button__link wp-element-button\" href=\"https:\/\/drive.google.com\/uc?export=download&amp;id=15wOwrbNsEhJSogYY6v-i-dH1lKtcWP_3\">BAIXE OS SLIDES<\/a><\/div>\n\n\n\n<div class=\"wp-block-button has-custom-font-size has-medium-font-size\"><a class=\"wp-block-button__link wp-element-button\" href=\"https:\/\/drive.google.com\/uc?export=download&amp;id=17deG-6xeCR3buP-wO4LUbicmtSDSut0Y\">BAIXE O TEXTO<\/a><\/div>\n<\/div>\n\n\n\n<div style=\"height:31px\" aria-hidden=\"true\" class=\"wp-block-spacer\"><\/div>\n\n\n\n<p class=\"has-medium-font-size\">Voc\u00ea gosta de dan\u00e7ar?<\/p>\n\n\n<div class=\"wp-block-image is-style-default\">\n<figure class=\"aligncenter size-large is-resized\"><img fetchpriority=\"high\" decoding=\"async\" width=\"1024\" height=\"683\" src=\"https:\/\/sme.goiania.go.gov.br\/conexaoescola\/wp-content\/uploads\/2022\/06\/dancer-5576002_1920-1024x683.jpg\" alt=\"\" class=\"wp-image-145826\" style=\"width:768px;height:512px\" srcset=\"https:\/\/sme.goiania.go.gov.br\/conexaoescola\/wp-content\/uploads\/2022\/06\/dancer-5576002_1920-1024x683.jpg 1024w, https:\/\/sme.goiania.go.gov.br\/conexaoescola\/wp-content\/uploads\/2022\/06\/dancer-5576002_1920-300x200.jpg 300w, https:\/\/sme.goiania.go.gov.br\/conexaoescola\/wp-content\/uploads\/2022\/06\/dancer-5576002_1920-768x512.jpg 768w, https:\/\/sme.goiania.go.gov.br\/conexaoescola\/wp-content\/uploads\/2022\/06\/dancer-5576002_1920-1536x1024.jpg 1536w, https:\/\/sme.goiania.go.gov.br\/conexaoescola\/wp-content\/uploads\/2022\/06\/dancer-5576002_1920.jpg 1920w\" sizes=\"(max-width: 1024px) 100vw, 1024px\" \/><figcaption class=\"wp-element-caption\">Imagem de <a href=\"https:\/\/pixabay.com\/pt\/users\/marcelkessler-3217273\/?utm_source=link-attribution&amp;utm_medium=referral&amp;utm_campaign=image&amp;utm_content=5576002\">marcelkessler<\/a> por <a href=\"https:\/\/pixabay.com\/pt\/?utm_source=link-attribution&amp;utm_medium=referral&amp;utm_campaign=image&amp;utm_content=5576002\">Pixabay<\/a>. Dispon\u00edvel em: &lt;<a href=\"https:\/\/pixabay.com\/pt\/photos\/dan%c3%a7arino-dan%c3%a7ando-areia-praia-5576002\/\">https:\/\/pixabay.com\/pt\/photos\/dan%c3%a7arino-dan%c3%a7ando-areia-praia-5576002\/<\/a>&gt;<\/figcaption><\/figure><\/div>\n\n\n<p class=\"has-medium-font-size\">Explorando o Mundo da Dan\u00e7a<\/p>\n\n\n\n<p class=\"has-medium-font-size\">Voc\u00ea gosta de dan\u00e7ar?&nbsp;<\/p>\n\n\n\n<p class=\"has-medium-font-size\">A dan\u00e7a \u00e9 uma arte antiga e universal que transcende culturas e \u00e9pocas. Desde os povos primitivos, os movimentos corporais foram utilizados como forma de comunica\u00e7\u00e3o e express\u00e3o, conectando as pessoas e manifestando suas emo\u00e7\u00f5es.<\/p>\n\n\n\n<p class=\"has-medium-font-size\">Para dan\u00e7ar, n\u00e3o s\u00e3o necess\u00e1rios muitos requisitos. Com tudo, \u00e9 importante ter roupas confort\u00e1veis e adequadas, respeitar um ritmo e estar aberto para expressar sentimentos ou representar algo, bem como criar um ambiente estimulante.<\/p>\n\n\n\n<p class=\"has-medium-font-size\">Ao longo dos anos, a dan\u00e7a evoluiu, e com ela a busca pela perfei\u00e7\u00e3o e t\u00e9cnica resultou em movimentos cada vez mais elaborados. No entanto, hoje entendemos que dan\u00e7ar vai al\u00e9m da t\u00e9cnica. A vontade e o desejo de se movimentar s\u00e3o fundamentais. N\u00e3o \u00e9 preciso uma coreografia complexa, nem mesmo m\u00fasica ou um local espec\u00edfico. Muitas vezes, basta sentir o ritmo e deixar o corpo fluir, se expressar livremente.<\/p>\n\n\n\n<p class=\"has-medium-font-size\">Na dan\u00e7a encontramos uma express\u00e3o rica da diversidade cultural, que simboliza a exist\u00eancia humana e sua conex\u00e3o com os sentimentos, religi\u00f5es e cren\u00e7as do mundo. Ou seja, ela \u00e9 uma forma de vivenciar e representar a nossa rela\u00e7\u00e3o com a sociedade e o ambiente ao nosso redor. Por meio dela, podemos explorar nossa criatividade e nos conectar com nossas emo\u00e7\u00f5es mais profundas.<\/p>\n\n\n\n<p class=\"has-medium-font-size\">Agora \u00e9 hora de colocar em pr\u00e1tica! Escolha uma m\u00fasica que voc\u00ea goste ou experimente uma das sugest\u00f5es abaixo. Deixe-se levar pelo ritmo e pela m\u00fasica, explorando movimentos que expressem seus sentimentos e sensa\u00e7\u00f5es.<\/p>\n\n\n\n<p class=\"has-medium-font-size\">Divirta-se explorando o mundo da dan\u00e7a e permita-se conectar-se consigo mesmo, seus sentimentos e com a m\u00fasica!<\/p>\n\n\n\n<div style=\"height:31px\" aria-hidden=\"true\" class=\"wp-block-spacer\"><\/div>\n\n\n\n<p class=\"has-background has-medium-font-size\" style=\"background-color:#c2d0d6\"><strong>Quest\u00e3o<\/strong> <strong>1<\/strong><\/p>\n\n\n<div class=\"wp-block-image\">\n<figure class=\"aligncenter size-medium is-resized\"><img decoding=\"async\" width=\"300\" height=\"220\" src=\"https:\/\/sme.goiania.go.gov.br\/conexaoescola\/wp-content\/uploads\/2024\/04\/11-300x220.png\" alt=\"\" class=\"wp-image-181070\" style=\"width:460px;height:auto\" srcset=\"https:\/\/sme.goiania.go.gov.br\/conexaoescola\/wp-content\/uploads\/2024\/04\/11-300x220.png 300w, https:\/\/sme.goiania.go.gov.br\/conexaoescola\/wp-content\/uploads\/2024\/04\/11-1024x751.png 1024w, https:\/\/sme.goiania.go.gov.br\/conexaoescola\/wp-content\/uploads\/2024\/04\/11-768x563.png 768w, https:\/\/sme.goiania.go.gov.br\/conexaoescola\/wp-content\/uploads\/2024\/04\/11.png 1386w\" sizes=\"(max-width: 300px) 100vw, 300px\" \/><\/figure><\/div>\n\n\n<p class=\"has-medium-font-size\">A dan\u00e7a \u00e9 descrita em rela\u00e7\u00e3o \u00e0 evolu\u00e7\u00e3o ao longo dos anos, como<\/p>\n\n\n\n<div class=\"wp-block-group is-vertical is-layout-flex wp-container-core-group-is-layout-8cf370e7 wp-block-group-is-layout-flex\">\n<p class=\"has-medium-font-size\">(A) A t\u00e9cnica que tornou-se menos importante.<\/p>\n\n\n\n<p class=\"has-medium-font-size\">(B) Os movimentos tornaram-se menos elaborados.<\/p>\n\n\n\n<p class=\"has-medium-font-size\">(C) A busca pela perfei\u00e7\u00e3o t\u00e9cnica aumentou.<\/p>\n\n\n\n<p class=\"has-medium-font-size\">(D) A m\u00fasica tornou-se dispens\u00e1vel para dan\u00e7ar.<\/p>\n<\/div>\n\n\n\n<div style=\"height:26px\" aria-hidden=\"true\" class=\"wp-block-spacer\"><\/div>\n\n\n\n<p class=\"has-background has-medium-font-size\" style=\"background-color:#c2d0d6\"><strong>Quest\u00e3o 2<\/strong><\/p>\n\n\n<div class=\"wp-block-image\">\n<figure class=\"aligncenter size-medium is-resized\"><img decoding=\"async\" width=\"300\" height=\"225\" src=\"https:\/\/sme.goiania.go.gov.br\/conexaoescola\/wp-content\/uploads\/2024\/04\/14-300x225.png\" alt=\"\" class=\"wp-image-181071\" style=\"width:460px;height:auto\" srcset=\"https:\/\/sme.goiania.go.gov.br\/conexaoescola\/wp-content\/uploads\/2024\/04\/14-300x225.png 300w, https:\/\/sme.goiania.go.gov.br\/conexaoescola\/wp-content\/uploads\/2024\/04\/14-1024x767.png 1024w, https:\/\/sme.goiania.go.gov.br\/conexaoescola\/wp-content\/uploads\/2024\/04\/14-768x576.png 768w, https:\/\/sme.goiania.go.gov.br\/conexaoescola\/wp-content\/uploads\/2024\/04\/14.png 1329w\" sizes=\"(max-width: 300px) 100vw, 300px\" \/><\/figure><\/div>\n\n\n<p class=\"has-medium-font-size\">A fun\u00e7\u00e3o da dan\u00e7a como express\u00e3o cultural,&nbsp;<\/p>\n\n\n\n<div class=\"wp-block-group is-vertical is-layout-flex wp-container-core-group-is-layout-8cf370e7 wp-block-group-is-layout-flex\">\n<p class=\"has-medium-font-size\">A) Limita a criatividade humana.<\/p>\n\n\n\n<p class=\"has-medium-font-size\">B) Simboliza a desconex\u00e3o humana com o mundo.<\/p>\n\n\n\n<p class=\"has-medium-font-size\">C) Representa a diversidade cultural.<\/p>\n\n\n\n<p class=\"has-medium-font-size\">D) Reduz as emo\u00e7\u00f5es humanas.<\/p>\n<\/div>\n\n\n\n<div style=\"height:26px\" aria-hidden=\"true\" class=\"wp-block-spacer\"><\/div>\n\n\n\n<p class=\"has-background has-medium-font-size\" style=\"background-color:#c2d0d6\"><strong>Quest\u00e3o 3<\/strong><\/p>\n\n\n\n<h1 class=\"wp-block-heading has-medium-font-size\" style=\"font-style:normal;font-weight:400\">Como sabemos, ao longo dos anos, a performance\/rendimento do corpo foram aprimorados, elevando os n\u00edveis de qualidade t\u00e9cnica, a dan\u00e7a foi sendo marcada pelos movimentos repetitivos elaborados.<\/h1>\n\n\n\n<p class=\"has-medium-font-size\">Contudo, hoje compreende-se que para dan\u00e7ar s\u00f3 precisamos de \u201cvontade\/desejo\u201d, \u00e9 importante soltar o corpo e perceber o ritmo. N\u00e3o \u00e9 necess\u00e1rio uma coreografia, nem hora ou lugar e \u00e0s vezes tamb\u00e9m n\u00e3o \u00e9 preciso m\u00fasica.<\/p>\n\n\n\n<div class=\"wp-block-group is-vertical is-layout-flex wp-container-core-group-is-layout-8cf370e7 wp-block-group-is-layout-flex\">\n<h1 class=\"wp-block-heading has-medium-font-size\" style=\"font-style:normal;font-weight:400\">Pensando nisso, qual g\u00eanero musical voc\u00ea gosta? Sabe como se dan\u00e7a ou j\u00e1 dan\u00e7ou ele?<\/h1>\n\n\n\n<p class=\"has-medium-font-size\">Se n\u00e3o, pesquise reportagens e v\u00eddeos e conhe\u00e7a.<\/p>\n\n\n\n<p class=\"has-medium-font-size\">Se poss\u00edvel dialogue ou mostre aos colegas ou familiares.<\/p>\n<\/div>\n\n\n\n<div style=\"height:64px\" aria-hidden=\"true\" class=\"wp-block-spacer\"><\/div>\n\n\n\n<p class=\"has-background has-medium-font-size\" style=\"background-color:#c2d0d6\"><strong>Quest\u00e3o 3<\/strong><\/p>\n\n\n\n<p class=\"has-medium-font-size\">A\u00a0Dan\u00e7a se insere no universo cultural, expressando significados, simbolizando a exist\u00eancia humana; trata-se de uma diversidade interessante para essas manifesta\u00e7\u00f5es. A Dan\u00e7a \u00e9 objeto de viv\u00eancia e representa\u00e7\u00e3o, encontra-se o seu sentido como s\u00edmbolo de uma outra forma de se apresentar e participar no\/do mundo.<\/p>\n\n\n\n<p class=\"has-medium-font-size\">Vamos explorar nossa criatividade, agora que j\u00e1 falamos sobre dan\u00e7a e fizemos v\u00e1rios movimentos, vamos aproveitar e soltar o corpo.&nbsp;<\/p>\n\n\n\n<p class=\"has-medium-font-size\">Escolha uma m\u00fasica que goste ou uma das duas m\u00fasicas abaixo e dance, mas tente perceber o ritmo e movimentos que voc\u00ea acha que combinam com ela.<\/p>\n\n\n\n<p class=\"has-medium-font-size\">Palavra Cantada | Trem de Brincar<\/p>\n\n\n\n<figure class=\"wp-block-embed is-type-video is-provider-youtube wp-block-embed-youtube wp-embed-aspect-16-9 wp-has-aspect-ratio\"><div class=\"wp-block-embed__wrapper\">\n<p class=\"responsive-video-wrap clr\"><iframe title=\"Palavra Cantada | Trem de Brincar\" width=\"1200\" height=\"675\" src=\"https:\/\/www.youtube.com\/embed\/Tk98GCjEWNk?feature=oembed\" frameborder=\"0\" allow=\"accelerometer; autoplay; clipboard-write; encrypted-media; gyroscope; picture-in-picture; web-share\" referrerpolicy=\"strict-origin-when-cross-origin\" allowfullscreen><\/iframe><\/p>\n<\/div><figcaption class=\"wp-element-caption\"> Dispon\u00edvel em: &lt;<a href=\"https:\/\/www.youtube.com\/watch?v=Tk98GCjEWNk\">https:\/\/www.youtube.com\/watch?v=Tk98GCjEWNk<\/a>&gt;  <\/figcaption><\/figure>\n\n\n\n<p class=\"has-medium-font-size\"> <br>Palavra Cantada | Ciranda Dos Bichos<\/p>\n\n\n\n<figure class=\"wp-block-embed is-type-video is-provider-youtube wp-block-embed-youtube wp-embed-aspect-16-9 wp-has-aspect-ratio\"><div class=\"wp-block-embed__wrapper\">\n<p class=\"responsive-video-wrap clr\"><iframe title=\"Palavra Cantada | Ciranda dos Bichos\" width=\"1200\" height=\"675\" src=\"https:\/\/www.youtube.com\/embed\/po-Xc2Yh7Ck?feature=oembed\" frameborder=\"0\" allow=\"accelerometer; autoplay; clipboard-write; encrypted-media; gyroscope; picture-in-picture; web-share\" referrerpolicy=\"strict-origin-when-cross-origin\" allowfullscreen><\/iframe><\/p>\n<\/div><figcaption class=\"wp-element-caption\"> Dispon\u00edvel em: &lt;<a href=\"https:\/\/www.youtube.com\/watch?v=po-Xc2Yh7Ck\">https:\/\/www.youtube.com\/watch?v=po-Xc2Yh7Ck<\/a>&gt; <\/figcaption><\/figure>\n\n\n\n<p class=\"has-medium-font-size\">Divirtam-se!!!<\/p>\n\n\n\n<hr class=\"wp-block-separator has-css-opacity\"\/>\n\n\n\n<div style=\"height:30px\" aria-hidden=\"true\" class=\"wp-block-spacer\"><\/div>\n\n\n\n<p class=\"has-background has-medium-font-size\" style=\"background-color:#c2d0d6\"><strong>Saber Mais<\/strong><\/p>\n\n\n\n<p class=\"has-medium-font-size\">Dan\u00e7a: Linguagem do Corpo, Autor: <a href=\"http:\/\/portaldoprofessor.mec.gov.br\/perfil.html?id=52144\">Ruth Regina Melo De Lima<\/a>. Dispon\u00edvel em: &lt;<a href=\"http:\/\/portaldoprofessor.mec.gov.br\/fichaTecnicaAula.html?aula=28120\">http:\/\/portaldoprofessor.mec.gov.br\/fichaTecnicaAula.html?aula=28120<\/a>&gt;&nbsp;<\/p>\n\n\n\n<p><\/p>\n\n\n\n<figure class=\"wp-block-embed is-type-video is-provider-youtube wp-block-embed-youtube wp-embed-aspect-16-9 wp-has-aspect-ratio\"><div class=\"wp-block-embed__wrapper\">\n<p class=\"responsive-video-wrap clr\"><iframe title=\"Preconceito e estere\u00f3tipos na dan\u00e7a. Um breve estudo de caso.\" width=\"1200\" height=\"675\" src=\"https:\/\/www.youtube.com\/embed\/xHpWuXngo7M?feature=oembed\" frameborder=\"0\" allow=\"accelerometer; autoplay; clipboard-write; encrypted-media; gyroscope; picture-in-picture; web-share\" referrerpolicy=\"strict-origin-when-cross-origin\" allowfullscreen><\/iframe><\/p>\n<\/div><figcaption class=\"wp-element-caption\"><a href=\"https:\/\/www.youtube.com\/channel\/UCc4EvXtPw0IYC8mc_0Wbq3g\">Eurim Pablo &#8211; Arte Educa\u00e7\u00e3o<\/a> &#8211; Preconceito e estere\u00f3tipos na dan\u00e7a. Um breve estudo de caso. Dispon\u00edvel em: &lt;https:\/\/www.youtube.com\/watch?v=xHpWuXngo7M&gt;<\/figcaption><\/figure>\n\n\n\n<figure class=\"wp-block-embed is-type-video is-provider-youtube wp-block-embed-youtube wp-embed-aspect-4-3 wp-has-aspect-ratio\"><div class=\"wp-block-embed__wrapper\">\n<p class=\"responsive-video-wrap clr\"><iframe title=\"Saiba mais - Arte - Dan\u00e7a. Dan\u00e7as Urbanas.\" width=\"1200\" height=\"900\" src=\"https:\/\/www.youtube.com\/embed\/q6sErKrQ4eU?feature=oembed\" frameborder=\"0\" allow=\"accelerometer; autoplay; clipboard-write; encrypted-media; gyroscope; picture-in-picture; web-share\" referrerpolicy=\"strict-origin-when-cross-origin\" allowfullscreen><\/iframe><\/p>\n<\/div><figcaption class=\"wp-element-caption\">&nbsp;Eurim Pablo &#8211; Arte Educa\u00e7\u00e3o &#8211; Saiba mais &#8211; Arte &#8211; Dan\u00e7a. Dan\u00e7as Urbanas. Dispon\u00edvel em: &lt;https:\/\/www.youtube.com\/watch?v=q6sErKrQ4eU&gt;<\/figcaption><\/figure>\n\n\n\n<hr class=\"wp-block-separator has-css-opacity\"\/>\n\n\n\n<div style=\"height:21px\" aria-hidden=\"true\" class=\"wp-block-spacer\"><\/div>\n\n\n\n<figure class=\"wp-block-table is-style-regular\"><table><tbody><tr><td><strong>Autoria:&nbsp;<\/strong><\/td><td>Ariadiny C\u00e2ndido Morais<\/td><\/tr><tr><td><strong>Forma\u00e7\u00e3o:<\/strong><\/td><td>Pedagoga e Mestre em Educa\u00e7\u00e3o<\/td><\/tr><tr><td><strong>Componente Curricular<\/strong><\/td><td>Arte<\/td><\/tr><tr><td><strong>Objetivos de aprendizagem e desenvolvimento<\/strong><br>Contextos e Pr\u00e1ticas: Manifesta\u00e7\u00f5es das dan\u00e7as tradicionais, sociais e contempor\u00e2neas Repert\u00f3rio corporal Produ\u00e7\u00f5es em dan\u00e7a<\/td><td><strong>Habilidade<\/strong>:<br>(GO-EF04AR08-A) Contextualizar, apreciar e experimentar manifesta\u00e7\u00f5es das dan\u00e7as tradicionais, sociais e contempor\u00e2neas, cultivando a percep\u00e7\u00e3o, o imagin\u00e1rio, a dimens\u00e3o brincante, a capacidade de simbolizar e ampliar o repert\u00f3rio corporal. Valorizar as express\u00f5es das tradi\u00e7\u00f5es e das culturas contempor\u00e2neas e perif\u00e9ricas, em \u00e2mbito regional e nacional.<\/td><\/tr><tr><td><strong>Refer\u00eancias:&nbsp;<\/strong><\/td><td>BRANCHES, Neiva Santana R e VIEIRA, Luiz Carlos Rabel. A dan\u00e7a no ensino fundamental de 1\u00ba ao 5\u00ba ano. Dispon\u00edvel em: &lt;<a href=\"https:\/\/efdeportes.com\/efd195\/a-danca-no-ensino-fundamental.htm\">https:\/\/efdeportes.com\/efd195\/a-danca-no-ensino-fundamental.htm<\/a>> Acessado em 10\/06\/2022.<br><br>GOI\u00c2NIA. Documento Curricular para Goi\u00e1s &#8211; Ampliado &#8211; Cortes Temporais.pdf. Dispon\u00edvel em: <a href=\"https:\/\/sme.goiania.go.gov.br\/site\/index.php\/institucional\/documentos-oficiais-2\">https:\/sme.goiania.go.gov.br\/site\/index.php\/institucional\/documentos-oficiais-2\/<\/a>\u00a0<br><br>GOI\u00c1S. Documento Curricular para Goi\u00e1s Ampliado_vol II.pdf. Goi\u00e2nia\/GO: CONSED\/ UNDIME Goi\u00e1s, 2018.\u00a0<br><br>LIMA, Ruth Regina Melo de. Dan\u00e7a: linguagem do corpo. Dispon\u00edvel em:\u00a0 &lt;<a href=\"http:\/\/portaldoprofessor.mec.gov.br\/fichaTecnicaAula.html?aula=28120#:~:text=O%20que%20o%20aluno%20poder%C3%A1%20aprender%20com%20esta%20aula&amp;text=Valorizar%20e%20aprender%20a%20se,movimentos%20e%20organizar%20em%20sequ%C3%AAncias\">http:\/\/portaldoprofessor.mec.gov.br\/fichaTecnicaAula.html?aula=28120#:~:text=O%20que%20o%20aluno%20poder%C3%A1%20aprender%20com%20esta%20aula&amp;text=Valorizar%20e%20aprender%20a%20se,movimentos%20e%20organizar%20em%20sequ%C3%AAncias<\/a>>. Acessado em 25, jan. 22.<br><br>OLIVEIRA, Andr\u00e9a. A import\u00e2ncia do movimento para as crian\u00e7as. Dispon\u00edvel em:\u00a0 &lt;<a href=\"https:\/\/www.cpt.com.br\/cursos-educacao-infantil\/artigos\/a-importancia-do-movimento-para-as-criancas#:~:text=O%20movimento%20%C3%A9%20muito%20importante%20para%20o%20pleno%20desenvolvimento%20da%20crian%C3%A7a.&amp;text=Enfim%2C%20a%20crian%C3%A7as%20utilizam%20o,se%20comunicar%20com%20as%20pessoas\">www.cpt.com.br\/cursos-educacao-infantil\/artigos\/a-importancia-do-movimento-para-as-criancas#:~:text=O%20movimento%20%C3%A9%20muito%20importante%20para%20o%20pleno%20desenvolvimento%20da%20crian%C3%A7a.&amp;text=Enfim%2C%20a%20crian%C3%A7as%20utilizam%20o,se%20comunicar%20com%20as%20pessoas<\/a>>. Acessado em 25,\u00a0 jan. 22.<\/td><\/tr><\/tbody><\/table><\/figure>\n","protected":false},"author":12,"featured_media":145826,"template":"","ef_categoria":[14,22],"ef_ano":[87],"ef_componente":[99],"class_list":["post-145825","ensino_fundamental","type-ensino_fundamental","status-publish","has-post-thumbnail","hentry","ef_categoria-ciclo-da-infancia-de","ef_categoria-corpo-e-movimento-ciclo-da-infancia-de","ef_ano-4o-ano","ef_componente-arte-ef","entry","has-media"],"acf":[],"_links":{"self":[{"href":"https:\/\/sme.goiania.go.gov.br\/conexaoescola\/wp-json\/wp\/v2\/ensino_fundamental\/145825","targetHints":{"allow":["GET"]}}],"collection":[{"href":"https:\/\/sme.goiania.go.gov.br\/conexaoescola\/wp-json\/wp\/v2\/ensino_fundamental"}],"about":[{"href":"https:\/\/sme.goiania.go.gov.br\/conexaoescola\/wp-json\/wp\/v2\/types\/ensino_fundamental"}],"author":[{"embeddable":true,"href":"https:\/\/sme.goiania.go.gov.br\/conexaoescola\/wp-json\/wp\/v2\/users\/12"}],"version-history":[{"count":3,"href":"https:\/\/sme.goiania.go.gov.br\/conexaoescola\/wp-json\/wp\/v2\/ensino_fundamental\/145825\/revisions"}],"predecessor-version":[{"id":181074,"href":"https:\/\/sme.goiania.go.gov.br\/conexaoescola\/wp-json\/wp\/v2\/ensino_fundamental\/145825\/revisions\/181074"}],"wp:featuredmedia":[{"embeddable":true,"href":"https:\/\/sme.goiania.go.gov.br\/conexaoescola\/wp-json\/wp\/v2\/media\/145826"}],"wp:attachment":[{"href":"https:\/\/sme.goiania.go.gov.br\/conexaoescola\/wp-json\/wp\/v2\/media?parent=145825"}],"wp:term":[{"taxonomy":"ef_categoria","embeddable":true,"href":"https:\/\/sme.goiania.go.gov.br\/conexaoescola\/wp-json\/wp\/v2\/ef_categoria?post=145825"},{"taxonomy":"ef_ano","embeddable":true,"href":"https:\/\/sme.goiania.go.gov.br\/conexaoescola\/wp-json\/wp\/v2\/ef_ano?post=145825"},{"taxonomy":"ef_componente","embeddable":true,"href":"https:\/\/sme.goiania.go.gov.br\/conexaoescola\/wp-json\/wp\/v2\/ef_componente?post=145825"}],"curies":[{"name":"wp","href":"https:\/\/api.w.org\/{rel}","templated":true}]}}