{"id":145295,"date":"2022-06-06T17:04:20","date_gmt":"2022-06-06T20:04:20","guid":{"rendered":"https:\/\/sme.goiania.go.gov.br\/conexaoescola\/?post_type=ensino_fundamental&#038;p=145295"},"modified":"2024-02-23T08:52:09","modified_gmt":"2024-02-23T11:52:09","slug":"geografia-eua-potencia","status":"publish","type":"ensino_fundamental","link":"https:\/\/sme.goiania.go.gov.br\/conexaoescola\/ensino_fundamental\/geografia-eua-potencia\/","title":{"rendered":"Geografia &#8211; EUA: Pot\u00eancia mundial"},"content":{"rendered":"\n<p class=\"has-black-color has-text-color has-background has-medium-font-size\" style=\"background-color:#dee0e2\">Esta proposta de atividade de <strong>GEOGRAFIA<\/strong> \u00e9 destinada aos estudantes do <strong>8\u00b0 Ano<\/strong> do Ensino Fundamental Anos Finais.<\/p>\n\n\n\n<div class=\"wp-block-buttons is-content-justification-center is-layout-flex wp-container-core-buttons-is-layout-16018d1d wp-block-buttons-is-layout-flex\">\n<div class=\"wp-block-button has-custom-font-size has-medium-font-size\"><a class=\"wp-block-button__link has-white-color has-black-background-color has-text-color has-background wp-element-button\" href=\"https:\/\/drive.google.com\/uc?export=download&amp;id=1NP3lvtdgqtqjFT25F43PsKfthQSq8bN_\" target=\"_blank\" rel=\"noreferrer noopener\">Baixe atividade<\/a><\/div>\n\n\n\n<div class=\"wp-block-button has-custom-font-size has-medium-font-size\"><a class=\"wp-block-button__link has-white-color has-black-background-color has-text-color has-background wp-element-button\" href=\"https:\/\/drive.google.com\/uc?export=download&amp;id=1oVffPgsRNYyFlzf6UXrQo6wv15gy9tnP\" target=\"_blank\" rel=\"noreferrer noopener\">Baixe os slides<\/a><\/div>\n\n\n\n<div class=\"wp-block-button has-custom-font-size has-medium-font-size\"><a class=\"wp-block-button__link has-white-color has-black-background-color has-text-color has-background wp-element-button\" href=\"https:\/\/drive.google.com\/uc?export=download&amp;id=1yNmEgJOOaSWuI938WQhF_MxmcH3ZDebI\" target=\"_blank\" rel=\"noreferrer noopener\">Baixe o texto<\/a><\/div>\n<\/div>\n\n\n\n<p><\/p>\n\n\n\n<figure class=\"wp-block-image size-large is-style-rounded\"><img fetchpriority=\"high\" decoding=\"async\" width=\"1024\" height=\"675\" src=\"https:\/\/sme.goiania.go.gov.br\/conexaoescola\/wp-content\/uploads\/2022\/06\/america-3889148_1920-e1654545496661-1024x675.jpg\" alt=\"\" class=\"wp-image-145296\" srcset=\"https:\/\/sme.goiania.go.gov.br\/conexaoescola\/wp-content\/uploads\/2022\/06\/america-3889148_1920-e1654545496661-1024x675.jpg 1024w, https:\/\/sme.goiania.go.gov.br\/conexaoescola\/wp-content\/uploads\/2022\/06\/america-3889148_1920-e1654545496661-300x198.jpg 300w, https:\/\/sme.goiania.go.gov.br\/conexaoescola\/wp-content\/uploads\/2022\/06\/america-3889148_1920-e1654545496661-768x506.jpg 768w, https:\/\/sme.goiania.go.gov.br\/conexaoescola\/wp-content\/uploads\/2022\/06\/america-3889148_1920-e1654545496661-1536x1012.jpg 1536w, https:\/\/sme.goiania.go.gov.br\/conexaoescola\/wp-content\/uploads\/2022\/06\/america-3889148_1920-e1654545496661.jpg 1920w\" sizes=\"(max-width: 1024px) 100vw, 1024px\" \/><figcaption class=\"wp-element-caption\">Mapa estadunidense &#8211; Fonte:<a href=\"https:\/\/pixabay.com\/pt\/photos\/bola-de-quebra-cabe%C3%A7a-globo-1728983\/\"> https:\/\/pixabay.com\/pt\/illustrations\/am%c3%a9rica-mapa-pa%c3%ads-eua-isolado-3889148\/<\/a><\/figcaption><\/figure>\n\n\n\n<p class=\"has-text-align-center has-white-color has-pale-cyan-blue-background-color has-text-color has-background has-medium-font-size\"><strong>EUA: Potencia Mundial <\/strong><\/p>\n\n\n\n<p class=\"has-black-color has-text-color has-medium-font-size\">Atualmente os Estados Unidos da Am\u00e9rica (EUA) \u00e9 a maior economia do globo, o terceiro pa\u00eds mais populoso do mundo com mais de 330 milh\u00f5es de habitantes, em 2023, apresenta Produto Interno Bruto (2021) de 23,32 trilh\u00f5es de d\u00f3lares. N\u00e3o \u00e9 incomum recebermos not\u00edcias dos Estados Unidos, seja informa\u00e7\u00f5es econ\u00f4micas, pol\u00edticas, turismo ou as novas tend\u00eancias da moda. Mas, voc\u00ea sabe como foi formado o territ\u00f3rio estadunidense?&nbsp;<\/p>\n\n\n\n<p class=\"has-black-color has-text-color has-medium-font-size\">A coloniza\u00e7\u00e3o dos EUA tem in\u00edcio em 1607 quando os ingleses estabelecem o Assentamento de Jamestown que em 1614 \u00e9 ocupado pelos holandeses e passa a se chamar Nova Amsterd\u00e3. Por\u00e9m, em 1664, com a retomada dos ingleses, essa regi\u00e3o \u00e9 renomeada para Nova York, com a expans\u00e3o do n\u00famero de ingleses puritanos fugindo da persegui\u00e7\u00e3o religiosa, dos problemas econ\u00f4micos vivenciados na Inglaterra e ocupando a costa leste dos Estados Unidos essa regi\u00e3o passa a ser conhecida por Treze Col\u00f4nias.<\/p>\n\n\n\n<p class=\"has-black-color has-text-color has-medium-font-size\">As Treze Col\u00f4nias foram divididas de acordo com suas caracter\u00edsticas em:&nbsp;<\/p>\n\n\n\n<p class=\"has-black-color has-text-color has-medium-font-size\"><strong>Col\u00f4nias do Norte:<\/strong> col\u00f4nias de povoamento, desenvolvendo- se com m\u00e3o- de- obra assalariada, agricultura familiar e forte articula\u00e7\u00e3o comercial com as manufaturas.&nbsp;<\/p>\n\n\n\n<p class=\"has-black-color has-text-color has-medium-font-size\"><strong>Col\u00f4nias do Sul<\/strong>: atendiam aos interesses da metr\u00f3pole, com modelo semelhante \u00e0s col\u00f4nias de explora\u00e7\u00e3o utilizando m\u00e3o de obra escrava e agricultura baseada nos <em>plantation<\/em>.<\/p>\n\n\n\n<p class=\"has-black-color has-text-color has-medium-font-size\">A independ\u00eancia dos Estados Unidos ocorreu em 4 de julho de 1776, Thomas Jefferson foi o redator da carta de independ\u00eancia lida durante o Congresso Continental. No entanto, os ingleses v\u00e3o reconhecer a independ\u00eancia apenas em 1783 atrav\u00e9s do Tratado de Paris. Revolu\u00e7\u00e3o Americana foi o nome dado ao movimento de independ\u00eancia dos EUA.<\/p>\n\n\n\n<p class=\"has-black-color has-text-color has-medium-font-size\">Com objetivo de ocupar o oeste dos Estados Unidos, a pol\u00edtica do <strong>Ato de Propriedade Rural<\/strong> (<em>Homestead Act<\/em>), concedia 640.000 m\u00b2 de terra, para quem a cultivasse por no m\u00ednimo cinco anos, nesse per\u00edodo os EUA receberam principalmente irlandeses e ingleses. Havia tamb\u00e9m o\u00a0 <strong>Destino Manifesto<\/strong>, a cren\u00e7a em que os brancos puritanos haviam recebido a miss\u00e3o divina de ocupa\u00e7\u00e3o do territ\u00f3rio estadunidense, estabelecendo sobre esse uma sociedade modelo para o restante da Am\u00e9rica, levavam em considera\u00e7\u00e3o que os nativos falharam nessa miss\u00e3o. Entre 1861 e 1865 houve a Guerra da Secess\u00e3o ou Guerra Civil, com a vit\u00f3ria dos estados do Norte, sobre os estados do Sul, a organiza\u00e7\u00e3o social, econ\u00f4mica e pol\u00edtica dos Estados do Norte prevaleceu sobre todo territ\u00f3rio estadunidense.<\/p>\n\n\n\n<p class=\"has-white-color has-pale-cyan-blue-background-color has-text-color has-background has-medium-font-size\"><strong>Quest\u00e3o 01<\/strong><\/p>\n\n\n\n<p class=\"has-black-color has-text-color has-medium-font-size\">A coloniza\u00e7\u00e3o dos Estados Unidos ocorreu no in\u00edcio do S\u00e9c. XVII, por volta de 1607, com a ocupa\u00e7\u00e3o do territ\u00f3rio pelos brit\u00e2nicos formando o assentamento de Jamestown e em 1614 holandeses ocuparam a regi\u00e3o nordeste dos EUA, dando o nome de Nova Amsterd\u00e3. Em 1664 os ingleses v\u00e3o assumir o controle da Nova Amsterd\u00e3, que passar\u00e1 a se chamar Nova York e posteriormente com o controle dos ingleses sobre os dois territ\u00f3rios, esse \u00e9 batizado como:\u00a0<\/p>\n\n\n\n<p class=\"has-black-color has-text-color has-medium-font-size\">(A) Estados Unidos da Am\u00e9rica&nbsp;<\/p>\n\n\n\n<p class=\"has-black-color has-text-color has-medium-font-size\">(B) Amsted\u00e3&nbsp;<\/p>\n\n\n\n<p class=\"has-black-color has-text-color has-medium-font-size\">(C) Nova Inglaterra<\/p>\n\n\n\n<p class=\"has-black-color has-text-color has-medium-font-size\">(D) Treze col\u00f4nias<\/p>\n\n\n\n<p class=\"has-white-color has-pale-cyan-blue-background-color has-text-color has-background has-medium-font-size\"><strong>Quest\u00e3o 02<\/strong><\/p>\n\n\n<div class=\"wp-block-image\">\n<figure class=\"aligncenter is-resized\"><img decoding=\"async\" src=\"https:\/\/lh5.googleusercontent.com\/DMm4g2s5MZxrkRhATuwOslDkQSmNU-prbGu73ZrZo8uygdJqgLeTIUwzuwo3VZv-D-iEs72N18SM-3SeHpDz3sPAyKFMHBc7wXM_Sb5kpLfYN3uLDM7NMesuok5GGVaCpI-h98bihxKXMQwUQQ\" alt=\"\" width=\"372\" height=\"411\"\/><figcaption class=\"wp-element-caption\"> Capit\u00e3o Am\u00e9rica: Guerra Civil&nbsp; &#8211;<strong> Fonte:<\/strong> <em>https:\/\/www.papodecinema.com.br\/filmes\/capitao-america-guerra-civil\/<\/em> <\/figcaption><\/figure><\/div>\n\n\n<p class=\"has-medium-font-size\"><strong>O filme Capit\u00e3o Am\u00e9rica: Guerra Civil, da Marvel, faz alus\u00e3o ao importante evento hist\u00f3rico ocorrido nos Estados Unidos entre 1861 e 1865. Sabendo disso, descreva qual \u00e9 o evento evidenciado na produ\u00e7\u00e3o cinematogr\u00e1fica e suas consequ\u00eancias para a forma\u00e7\u00e3o do territ\u00f3rio estadunidense.<\/strong><\/p>\n\n\n\n<p class=\"has-white-color has-pale-cyan-blue-background-color has-text-color has-background has-medium-font-size\"><strong>Quest\u00e3o 03<\/strong><\/p>\n\n\n\n<p class=\"has-medium-font-size\">Com o fim da Guerra Fria (1989), se instala uma nova ordem mundial onde os Estados Unidos \u00e9 a maior pot\u00eancia pol\u00edtica e militar, dividindo a posi\u00e7\u00e3o de pot\u00eancia econ\u00f4mica com a Uni\u00e3o Europeia e o Jap\u00e3o. \u00c9 importante ressaltar que nesse mesmo s\u00e9culo as ind\u00fastrias estadunidenses, pautadas pela produ\u00e7\u00e3o flex\u00edvel, levam seu parque industrial para diversos pa\u00edses do globo. Por consequ\u00eancia, os Estados Unidos passaram a abrigar ind\u00fastrias de ponta em tecnopolos produtores de alta tecnologia, al\u00e9m de grandes centros financeiros.&nbsp;<\/p>\n\n\n\n<p class=\"has-medium-font-size\">Aponte produtos de ind\u00fastrias estadunidenses que s\u00e3o comumente comercializados aqui no Brasil. Lembrando que os produtos n\u00e3o precisam necessariamente serem produzidos em territ\u00f3rio estadunidense.\u00a0<\/p>\n\n\n\n<p class=\"has-white-color has-pale-cyan-blue-background-color has-text-color has-background has-medium-font-size\"><strong>Quest\u00e3o 04<\/strong> <\/p>\n\n\n\n<p class=\"has-black-color has-text-color has-medium-font-size\">Qual das seguintes afirmativas melhor descreve a motiva\u00e7\u00e3o principal dos colonizadores ingleses que chegaram \u00e0 Am\u00e9rica do Norte no s\u00e9culo XVII?<\/p>\n\n\n\n<p class=\"has-black-color has-text-color has-medium-font-size\">(A) Expandir o com\u00e9rcio de especiarias com o Oriente.<\/p>\n\n\n\n<p class=\"has-black-color has-text-color has-medium-font-size\">(B) Estabelecer col\u00f4nias para explorar os recursos naturais da Am\u00e9rica.<\/p>\n\n\n\n<p class=\"has-black-color has-text-color has-medium-font-size\">(C) Escapar das persegui\u00e7\u00f5es religiosas na Europa.<\/p>\n\n\n\n<p class=\"has-black-color has-text-color has-medium-font-size\">(D) Procurar por novas rotas mar\u00edtimas para a \u00c1sia.<\/p>\n\n\n\n<p class=\"has-white-color has-pale-cyan-blue-background-color has-text-color has-background has-medium-font-size\"><strong>SAIBA MAIS<\/strong><\/p>\n\n\n\n<p class=\"has-black-color has-text-color has-medium-font-size\">Chega o dedo no play e curte esse v\u00eddeo!<\/p>\n\n\n\n<figure class=\"wp-block-embed is-type-video is-provider-youtube wp-block-embed-youtube wp-embed-aspect-16-9 wp-has-aspect-ratio\"><div class=\"wp-block-embed__wrapper\">\n<p class=\"responsive-video-wrap clr\"><iframe title=\"Atividade 8 - Estados Unidos: Pot\u00eancia mundial - 8\u00b0 Ano\" width=\"1200\" height=\"675\" src=\"https:\/\/www.youtube.com\/embed\/8FkrH5_8sEA?feature=oembed\" frameborder=\"0\" allow=\"accelerometer; autoplay; clipboard-write; encrypted-media; gyroscope; picture-in-picture; web-share\" allowfullscreen><\/iframe><\/p>\n<\/div><figcaption class=\"wp-element-caption\">Canal Geo Power &#8220;Atividade 08 &#8211; Estados Unidos: Pot\u00eancia mundial &#8211; 8\u00b0 Ano&#8221;. Dispon\u00edvel em:  &lt;<a rel=\"noreferrer noopener\" href=\"https:\/\/www.youtube.com\/watch?v=64IfJFM_OPU\" target=\"_blank\">https:\/\/www.youtube.com\/watch?v=8FkrH5_8sEA<\/a>&gt;. Acesso em: 20, maio.  2022.<\/figcaption><\/figure>\n\n\n\n<p class=\"has-black-color has-text-color has-background has-medium-font-size\" style=\"background-color:#fff5d8\"><strong>Acesse os materiais referentes a essa atividade clicando aqui:<\/strong><a href=\"https:\/\/sme.goiania.go.gov.br\/conexaoescola\/propostas_didaticas\/propostas-didaticas-geografia-8o-ano\/\"> <\/a><a href=\"https:\/\/sme.goiania.go.gov.br\/conexaoescola\/propostas_didaticas\/propostas-didaticas-geografia-8o-ano\/\" target=\"_blank\" rel=\"noreferrer noopener\">https:\/\/sme.goiania.go.gov.br\/conexaoescola\/propostas_didaticas\/propostas-didaticas-geografia-8o-ano\/<\/a><\/p>\n\n\n\n<hr class=\"wp-block-separator has-css-opacity\"\/>\n\n\n\n<figure class=\"wp-block-table is-style-stripes\"><table><tbody><tr><td><strong>Habilidade:<\/strong><\/td><td>(EF08GE07-A) Conhecer o processo hist\u00f3rico, at\u00e9 o final do s\u00e9culo XX, do fortalecimento pol\u00edtico-econ\u00f4mico estadunidense no cen\u00e1rio mundial.<\/td><\/tr><tr><td><strong>Referencial Te\u00f3rico:&nbsp;<\/strong><\/td><td>ADAS, M; ADAS, S. <em>Expedi\u00e7\u00f5es Geogr\u00e1ficas: 8\u00b0 ano<\/em>. 3\u00b0 Edi\u00e7\u00e3o. S\u00e3o Paulo: Moderna, 2018.<br><br>MARASCIULO, M. O que voc\u00ea precisa saber sobre a guerra de independ\u00eancia dos Estados Unidos. Dispon\u00edvel em:&lt;https:\/\/revistagalileu.globo.com\/sociedade\/historia\/noticia\/2019\/07\/o-que-voce-precisa-saber-sobre-guerra-de-independencia-dos-estados-unidos.ghtml>. Acesso em: 5 de junho de 2022.<br><br>IBGE. <em>Pa\u00edses<\/em>. Dispon\u00edvel em: &lt;<a href=\"https:\/\/paises.ibge.gov.br\/#\/mapa\/estados-unidos-da-america\">https:\/\/paises.ibge.gov.br\/#\/mapa\/estados-unidos-da-america<\/a>>. Acesso em: 5 de junho de 2022.<br><\/td><\/tr><\/tbody><\/table><\/figure>\n","protected":false},"author":52,"featured_media":145296,"template":"","ef_categoria":[],"ef_ano":[91],"ef_componente":[96],"class_list":["post-145295","ensino_fundamental","type-ensino_fundamental","status-publish","has-post-thumbnail","hentry","ef_ano-8o-ano","ef_componente-geografia","entry","has-media"],"acf":[],"_links":{"self":[{"href":"https:\/\/sme.goiania.go.gov.br\/conexaoescola\/wp-json\/wp\/v2\/ensino_fundamental\/145295","targetHints":{"allow":["GET"]}}],"collection":[{"href":"https:\/\/sme.goiania.go.gov.br\/conexaoescola\/wp-json\/wp\/v2\/ensino_fundamental"}],"about":[{"href":"https:\/\/sme.goiania.go.gov.br\/conexaoescola\/wp-json\/wp\/v2\/types\/ensino_fundamental"}],"author":[{"embeddable":true,"href":"https:\/\/sme.goiania.go.gov.br\/conexaoescola\/wp-json\/wp\/v2\/users\/52"}],"version-history":[{"count":1,"href":"https:\/\/sme.goiania.go.gov.br\/conexaoescola\/wp-json\/wp\/v2\/ensino_fundamental\/145295\/revisions"}],"predecessor-version":[{"id":177616,"href":"https:\/\/sme.goiania.go.gov.br\/conexaoescola\/wp-json\/wp\/v2\/ensino_fundamental\/145295\/revisions\/177616"}],"wp:featuredmedia":[{"embeddable":true,"href":"https:\/\/sme.goiania.go.gov.br\/conexaoescola\/wp-json\/wp\/v2\/media\/145296"}],"wp:attachment":[{"href":"https:\/\/sme.goiania.go.gov.br\/conexaoescola\/wp-json\/wp\/v2\/media?parent=145295"}],"wp:term":[{"taxonomy":"ef_categoria","embeddable":true,"href":"https:\/\/sme.goiania.go.gov.br\/conexaoescola\/wp-json\/wp\/v2\/ef_categoria?post=145295"},{"taxonomy":"ef_ano","embeddable":true,"href":"https:\/\/sme.goiania.go.gov.br\/conexaoescola\/wp-json\/wp\/v2\/ef_ano?post=145295"},{"taxonomy":"ef_componente","embeddable":true,"href":"https:\/\/sme.goiania.go.gov.br\/conexaoescola\/wp-json\/wp\/v2\/ef_componente?post=145295"}],"curies":[{"name":"wp","href":"https:\/\/api.w.org\/{rel}","templated":true}]}}