{"id":145278,"date":"2022-06-06T11:16:45","date_gmt":"2022-06-06T14:16:45","guid":{"rendered":"https:\/\/sme.goiania.go.gov.br\/conexaoescola\/?post_type=ensino_fundamental&#038;p=145278"},"modified":"2023-08-08T19:12:11","modified_gmt":"2023-08-08T22:12:11","slug":"lingua-portuguesa-o-genero-textual-blog","status":"publish","type":"ensino_fundamental","link":"https:\/\/sme.goiania.go.gov.br\/conexaoescola\/ensino_fundamental\/lingua-portuguesa-o-genero-textual-blog\/","title":{"rendered":"L\u00edngua Portuguesa &#8211; O g\u00eanero textual blog"},"content":{"rendered":"\n<p class=\"has-black-color has-text-color has-background has-medium-font-size\" style=\"background-color:#d1d8de\">Esta atividade de<strong>&nbsp;L\u00edngua Portuguesa<\/strong>&nbsp;tem como base as sequ\u00eancias did\u00e1ticas propostas pelo&nbsp;<strong>Programa Aprender Sempre<\/strong>, da SME-Goi\u00e2nia, com base no DC\/GO \u2013 Ampliado e est\u00e1 destinada a estudantes do<strong>&nbsp;8\u00ba ano<\/strong>&nbsp;do Ensino Fundamental.  <\/p>\n\n\n\n<div class=\"wp-block-buttons is-content-justification-center is-layout-flex wp-container-core-buttons-is-layout-16018d1d wp-block-buttons-is-layout-flex\">\n<div class=\"wp-block-button\"><a class=\"wp-block-button__link wp-element-button\" href=\"https:\/\/drive.google.com\/uc?export=download&amp;id=1QIoE5Dg38HypnQ63Kj2oDpT6_d0sWUpX\" target=\"_blank\" rel=\"noreferrer noopener\">BAIXE A ATIVIDADE<\/a><\/div>\n\n\n\n<div class=\"wp-block-button\"><a class=\"wp-block-button__link wp-element-button\" href=\"https:\/\/drive.google.com\/uc?export=download&amp;id=1y_Yr0CSgBzbu50_X03PdAy895OHSSjF1\" target=\"_blank\" rel=\"noreferrer noopener\">BAIXE OS SLIDES<\/a><\/div>\n\n\n\n<div class=\"wp-block-button\"><a class=\"wp-block-button__link wp-element-button\" href=\"https:\/\/drive.google.com\/uc?export=download&amp;id=1hEkWP4smXA_0QIva3ibNi1mnuaf1n2N8\" target=\"_blank\" rel=\"noreferrer noopener\">BAIXE O TEXTO<\/a><\/div>\n<\/div>\n\n\n\n<p><\/p>\n\n\n\n<figure class=\"wp-block-image size-large\"><img fetchpriority=\"high\" decoding=\"async\" width=\"1024\" height=\"683\" src=\"https:\/\/sme.goiania.go.gov.br\/conexaoescola\/wp-content\/uploads\/2022\/06\/man-791049_1920-e1654521665625-1024x683.jpg\" alt=\"\" class=\"wp-image-145280\" srcset=\"https:\/\/sme.goiania.go.gov.br\/conexaoescola\/wp-content\/uploads\/2022\/06\/man-791049_1920-e1654521665625-1024x683.jpg 1024w, https:\/\/sme.goiania.go.gov.br\/conexaoescola\/wp-content\/uploads\/2022\/06\/man-791049_1920-e1654521665625-300x200.jpg 300w, https:\/\/sme.goiania.go.gov.br\/conexaoescola\/wp-content\/uploads\/2022\/06\/man-791049_1920-e1654521665625-768x512.jpg 768w, https:\/\/sme.goiania.go.gov.br\/conexaoescola\/wp-content\/uploads\/2022\/06\/man-791049_1920-e1654521665625-1536x1024.jpg 1536w, https:\/\/sme.goiania.go.gov.br\/conexaoescola\/wp-content\/uploads\/2022\/06\/man-791049_1920-e1654521665625.jpg 1920w\" sizes=\"(max-width: 1024px) 100vw, 1024px\" \/><\/figure>\n\n\n\n<p class=\"has-black-color has-text-color has-medium-font-size\">O <strong>blog<\/strong> \u00e9 um g\u00eanero textual digital, logo, circula na internet. O termo, de origem inglesa, \u00e9 uma abrevia\u00e7\u00e3o de <em>\u201cweblog\u201d<\/em>: <em>\u201cweb\u201d<\/em> (teia) e <em>\u201clog\u201d<\/em> (di\u00e1rio de bordo). O conte\u00fado de um blog pode ser muito variado: desde informa\u00e7\u00f5es e relatos pessoais, textos liter\u00e1rios, at\u00e9 servi\u00e7os, por exemplo. A intera\u00e7\u00e3o \u00e9 de extrema import\u00e2ncia nas rotinas de um blog, sendo uma das principais caracter\u00edsticas desse g\u00eanero. Por meio dos coment\u00e1rios, o p\u00fablico pode tecer elogios, cr\u00edticas, sugest\u00f5es, dialogar com o blogueiro e outros leitores. As pessoas que produzem blogs s\u00e3o chamadas de blogueiras.&nbsp;<\/p>\n\n\n\n<p class=\"has-black-color has-text-color has-medium-font-size\">A linguagem empregada na constru\u00e7\u00e3o dos textos de um blog varia muito conforme o p\u00fablico a que se dirige e ao seu pr\u00f3prio grau de formalidade. Contudo, a linguagem formal costuma ser mais usada. H\u00e1 o uso da linguagem verbal e tamb\u00e9m da linguagem n\u00e3o verbal, uma vez que podem ser associados aos textos, imagens, v\u00eddeos, anima\u00e7\u00f5es, entre outros.&nbsp;<\/p>\n\n\n\n<p class=\"has-black-color has-text-color has-medium-font-size\"><strong>A estrutura do blog<\/strong><\/p>\n\n\n\n<p class=\"has-black-color has-text-color has-medium-font-size\">Em um blog, as postagens s\u00e3o dispostas de forma cronol\u00f3gica, podendo ser divididas em meses e anos de publica\u00e7\u00e3o. O blogueiro personaliza o ambiente virtual de acordo com sua finalidade e estilo. Mesmo assim, h\u00e1 algumas caracter\u00edsticas que n\u00e3o se alteram. Por exemplo, no cabe\u00e7alho \u00e9 comum apresentar o t\u00edtulo do blog e alguma descri\u00e7\u00e3o sobre ele.<\/p>\n\n\n\n<p class=\"has-black-color has-text-color has-medium-font-size\">Os textos do blog podem ser assinados pelo autor e abaixo de cada postagem aparece a data e o hor\u00e1rio em que foi realizada a atividade. Ap\u00f3s a publica\u00e7\u00e3o do texto, h\u00e1 um espa\u00e7o para que os leitores possam fazer coment\u00e1rios. Essa parte \u00e9 muito importante, pois esse mecanismo \u00e9 uma forma de promover intera\u00e7\u00e3o e engajamento com os leitores.<\/p>\n\n\n\n<p class=\"has-black-color has-text-color has-medium-font-size\"><strong>Planejando um blog<\/strong><\/p>\n\n\n\n<p class=\"has-black-color has-text-color has-medium-font-size\">Para planejar um blog, \u00e9 preciso ter claro alguns requisitos b\u00e1sicos, tais como: Qual ser\u00e1 o nome do blog, seu objetivo, o formato, qual conte\u00fado ser\u00e1 produzido para alcan\u00e7ar os objetivos, qual \u00e9 o p\u00fablico-alvo.<\/p>\n\n\n\n<p class=\"has-black-color has-text-color has-medium-font-size\">Que tal planejar um blog bem interessante para compartilhar experi\u00eancias com sua classe?<\/p>\n\n\n\n<p class=\"has-black-color has-text-color has-medium-font-size\"> <\/p>\n\n\n\n<p class=\"has-text-align-center has-black-color has-text-color has-background has-medium-font-size\" style=\"background-color:#d1d8de\">Assista \u00e0 videoaula do professor Marlon Santos com essa tem\u00e1tica. <\/p>\n\n\n\n<figure class=\"wp-block-embed is-type-video is-provider-youtube wp-block-embed-youtube wp-embed-aspect-16-9 wp-has-aspect-ratio\"><div class=\"wp-block-embed__wrapper\">\n<p class=\"responsive-video-wrap clr\"><iframe title=\"Aprender Sempre   8\u00ba ano   L  Portuguesa   1\u00baBim   Videoaula 4   O G\u00caNERO TEXTUAL BLOG\" width=\"1200\" height=\"675\" src=\"https:\/\/www.youtube.com\/embed\/QSeYnG4Fkt4?feature=oembed\" frameborder=\"0\" allow=\"accelerometer; autoplay; clipboard-write; encrypted-media; gyroscope; picture-in-picture; web-share\" allowfullscreen><\/iframe><\/p>\n<\/div><figcaption class=\"wp-element-caption\">Canal Portal Conex\u00e3o Escola &#8211; Aprender Sempre 8\u00ba ano L Portuguesa 1\u00baBim Videoaula 4 O G\u00caNERO TEXTUAL BLOG &#8211; Dispon\u00edvel em: &lt;https:\/\/www.youtube.com\/watch?v=QSeYnG4Fkt4&gt; Acesso em: 17, mai. 22<\/figcaption><\/figure>\n\n\n\n<p class=\"has-text-align-center has-black-color has-text-color has-background has-medium-font-size\" style=\"background-color:#d1d8de\"><strong>Responda \u00e0s quest\u00f5es a seguir.<\/strong><\/p>\n\n\n\n<p class=\"has-black-color has-text-color has-background has-medium-font-size\" style=\"background-color:#d1d8de\"><strong>QUEST\u00c3O 1<\/strong><\/p>\n\n\n\n<p class=\"has-black-color has-text-color has-medium-font-size\">Existe uma \u00fanica maneira de estruturar um blog? Por qu\u00ea?<\/p>\n\n\n\n<p class=\"has-black-color has-text-color has-background has-medium-font-size\" style=\"background-color:#d1d8de\"><strong>QUEST\u00c3O 2 <\/strong><\/p>\n\n\n\n<p class=\"has-black-color has-text-color has-medium-font-size\">Leia o seguinte trecho:<\/p>\n\n\n\n<p class=\"has-black-color has-text-color has-medium-font-size\"><em>Para planejar um blog, \u00e9 preciso ter claro alguns requisitos b\u00e1sicos, tais como: Qual ser\u00e1 o nome do blog, seu objetivo, o formato, qual conte\u00fado ser\u00e1 produzido para alcan\u00e7ar os objetivos, qual \u00e9 o p\u00fablico-alvo.<\/em><\/p>\n\n\n\n<p class=\"has-black-color has-text-color has-medium-font-size\"><em>Que tal planejar um blog bem interessante para compartilhar experi\u00eancias com sua classe?<\/em><\/p>\n\n\n\n<p class=\"has-black-color has-text-color has-medium-font-size\">De acordo com o texto, al\u00e9m de definir o p\u00fablico-alvo e o conte\u00fado a ser produzido, quais outros aspectos devem ser considerados para garantir requisitos b\u00e1sicos para o planejamento de um blog?<\/p>\n\n\n\n<p class=\"has-black-color has-text-color has-medium-font-size\">(A) A contrata\u00e7\u00e3o de um web designer para criar um layout atraente.&nbsp;<\/p>\n\n\n\n<p class=\"has-black-color has-text-color has-medium-font-size\">(B) A divulga\u00e7\u00e3o do blog em redes sociais para aumentar a visibilidade.&nbsp;<\/p>\n\n\n\n<p class=\"has-black-color has-text-color has-medium-font-size\">(C) A defini\u00e7\u00e3o do nome e do objetivo do blog.<\/p>\n\n\n\n<p class=\"has-black-color has-text-color has-medium-font-size\">(D) A monetiza\u00e7\u00e3o do blog atrav\u00e9s de an\u00fancios e parcerias.<\/p>\n\n\n\n<p class=\"has-black-color has-text-color has-background has-medium-font-size\" style=\"background-color:#d1d8de\"><strong>QUEST\u00c3O 3 <\/strong><\/p>\n\n\n\n<p class=\"has-black-color has-text-color has-medium-font-size\">Como os coment\u00e1rios dos leitores podem contribuir para um blog?&nbsp;<\/p>\n\n\n\n<p class=\"has-black-color has-text-color has-medium-font-size\">(A) Aumentando a velocidade de carregamento das p\u00e1ginas do blog&nbsp;<\/p>\n\n\n\n<p class=\"has-black-color has-text-color has-medium-font-size\">(B) Fornecendo informa\u00e7\u00f5es para melhorar o design do blog<\/p>\n\n\n\n<p class=\"has-black-color has-text-color has-medium-font-size\">(C) Criando um ambiente de intera\u00e7\u00e3o e engajamento com os leitores&nbsp;<\/p>\n\n\n\n<p class=\"has-black-color has-text-color has-medium-font-size\">(D) Ajudando a ocultar o conte\u00fado do blog dos mecanismos de busca<\/p>\n\n\n\n<p class=\"has-black-color has-text-color has-background has-medium-font-size\" style=\"background-color:#d1d8de\"><strong>QUEST\u00c3O 4<\/strong> <\/p>\n\n\n\n<p class=\"has-black-color has-text-color has-medium-font-size\">O blog, a p\u00e1gina da internet, \u00e9 organizado por postagens de forma cronol\u00f3gica, podendo ser divididas em meses e anos de publica\u00e7\u00e3o. O blogueiro, isto \u00e9, quem administra e produz o conte\u00fado do blog, personaliza o ambiente virtual&nbsp; de acordo com sua finalidade e estilo. No cabe\u00e7alho, \u00e9 comum apresentar o t\u00edtulo do blog e alguma descri\u00e7\u00e3o sobre ele. Os textos do blog podem ser assinados pelo autor e abaixo de cada postagem aparece a data e o hor\u00e1rio em que foi realizada a atividade. Ap\u00f3s a publica\u00e7\u00e3o do texto, h\u00e1 um espa\u00e7o para que os leitores possam fazer coment\u00e1rios.<\/p>\n\n\n\n<p class=\"has-black-color has-text-color has-medium-font-size\">Que tal produzir o seu pr\u00f3prio&nbsp; blog? Antes de criar a p\u00e1gina na internet, fa\u00e7a um modelo em uma folha de papel A4.<\/p>\n\n\n\n<p class=\"has-black-color has-text-color has-medium-font-size\">Qual ser\u00e1 o nome do blog?<\/p>\n\n\n\n<p class=\"has-black-color has-text-color has-medium-font-size\">Qual ser\u00e1 o objetivo do blog?<\/p>\n\n\n\n<p class=\"has-black-color has-text-color has-medium-font-size\">Qual ser\u00e1 o formato?<\/p>\n\n\n\n<p class=\"has-black-color has-text-color has-medium-font-size\">Que conte\u00fado seu blog apresentar\u00e1?<\/p>\n\n\n\n<p class=\"has-black-color has-text-color has-medium-font-size\">Quem \u00e9 seu p\u00fablico-alvo?<\/p>\n\n\n\n<hr class=\"wp-block-separator has-css-opacity\"\/>\n\n\n\n<figure class=\"wp-block-table is-style-stripes\"><table><tbody><tr><td><strong>Autoria:<\/strong><\/td><td>Marlon Santos<\/td><\/tr><tr><td><strong>Forma\u00e7\u00e3o:<\/strong><\/td><td>Letras &#8211; Portugu\u00eas<\/td><\/tr><tr><td><strong>Componente curricular:<\/strong><\/td><td>L\u00edngua Portuguesa<\/td><\/tr><tr><td><strong>Habilidades estruturantes:<\/strong><\/td><td>(EF69LP06-C) Considerar como o contexto da Web 2.0\/4.0 amplia a possibilidade de circula\u00e7\u00e3o dos textos jornal\u00edstico-midi\u00e1ticos e \u201cfunde\u201d os pap\u00e9is de leitor e autor, de consumidor e produtor.&nbsp;<br>(EF69LP07-A) Produzir textos em diferentes g\u00eaneros (not\u00edcias, cartas do leitor, cr\u00f4nicas, entrevistas, entre outros), considerando sua adequa\u00e7\u00e3o ao contexto de produ\u00e7\u00e3o e circula\u00e7\u00e3o \u2013 os enunciadores envolvidos, os objetivos, o g\u00eanero, o suporte, a circula\u00e7\u00e3o &#8211; ao modo (escrito ou oral; imagem est\u00e1tica ou em movimento etc.), \u00e0 variedade lingu\u00edstica e\/ou semi\u00f3tica apropriada a esse contexto, \u00e0 constru\u00e7\u00e3o da textualidade relacionada \u00e0s propriedades textuais e do g\u00eanero.<br>(EF69LP10-B) Produzir textos orais noticiosos, culturais e de opini\u00e3o, orientando-se por roteiro ou texto, considerando o contexto de produ\u00e7\u00e3o e demonstrando dom\u00ednio dos g\u00eaneros.<\/td><\/tr><tr><td><strong>Refer\u00eancias:<\/strong><\/td><td>GOI\u00c2NIA. Secretaria Municipal de Educa\u00e7\u00e3o. Aprender Sempre. 6\u00b0 ao 9\u00ba ano &#8211; Ensino Fundamental; L\u00edngua Portuguesa; 1\u00b0 Bimestre; Goi\u00e2nia, 2022.<br>Blog. <a href=\"https:\/\/www.educamaisbrasil.com.br\/enem\/lingua-portuguesa\/blog\">https:\/\/www.educamaisbrasil.com.br\/enem\/lingua-portuguesa\/blog<\/a> Acesso em: 09, mai. 22<br>Blog.&nbsp; <a href=\"https:\/\/www.todamateria.com.br\/genero-textual-blog\/\">https:\/\/www.todamateria.com.br\/genero-textual-blog\/<\/a> Acesso em: 09, mai. 22<br>Blog.&nbsp; <a href=\"https:\/\/www.todoestudo.com.br\/portugues\/blog-como-genero-textual\">https:\/\/www.todoestudo.com.br\/portugues\/blog-como-genero-textual<\/a> Acesso em: 09, mai. 22<br>Vlog. <a href=\"https:\/\/www.significados.com.br\/vlog\/\">https:\/\/www.significados.com.br\/vlog\/<\/a> Acesso em: 09, mai. 22<br><\/td><\/tr><\/tbody><\/table><\/figure>\n","protected":false},"author":42,"featured_media":145280,"template":"","ef_categoria":[16],"ef_ano":[91],"ef_componente":[93],"class_list":["post-145278","ensino_fundamental","type-ensino_fundamental","status-publish","has-post-thumbnail","hentry","ef_categoria-ciclo-da-adolescencia-hi","ef_ano-8o-ano","ef_componente-portugues","entry","has-media"],"acf":[],"_links":{"self":[{"href":"https:\/\/sme.goiania.go.gov.br\/conexaoescola\/wp-json\/wp\/v2\/ensino_fundamental\/145278","targetHints":{"allow":["GET"]}}],"collection":[{"href":"https:\/\/sme.goiania.go.gov.br\/conexaoescola\/wp-json\/wp\/v2\/ensino_fundamental"}],"about":[{"href":"https:\/\/sme.goiania.go.gov.br\/conexaoescola\/wp-json\/wp\/v2\/types\/ensino_fundamental"}],"author":[{"embeddable":true,"href":"https:\/\/sme.goiania.go.gov.br\/conexaoescola\/wp-json\/wp\/v2\/users\/42"}],"version-history":[{"count":2,"href":"https:\/\/sme.goiania.go.gov.br\/conexaoescola\/wp-json\/wp\/v2\/ensino_fundamental\/145278\/revisions"}],"predecessor-version":[{"id":166820,"href":"https:\/\/sme.goiania.go.gov.br\/conexaoescola\/wp-json\/wp\/v2\/ensino_fundamental\/145278\/revisions\/166820"}],"wp:featuredmedia":[{"embeddable":true,"href":"https:\/\/sme.goiania.go.gov.br\/conexaoescola\/wp-json\/wp\/v2\/media\/145280"}],"wp:attachment":[{"href":"https:\/\/sme.goiania.go.gov.br\/conexaoescola\/wp-json\/wp\/v2\/media?parent=145278"}],"wp:term":[{"taxonomy":"ef_categoria","embeddable":true,"href":"https:\/\/sme.goiania.go.gov.br\/conexaoescola\/wp-json\/wp\/v2\/ef_categoria?post=145278"},{"taxonomy":"ef_ano","embeddable":true,"href":"https:\/\/sme.goiania.go.gov.br\/conexaoescola\/wp-json\/wp\/v2\/ef_ano?post=145278"},{"taxonomy":"ef_componente","embeddable":true,"href":"https:\/\/sme.goiania.go.gov.br\/conexaoescola\/wp-json\/wp\/v2\/ef_componente?post=145278"}],"curies":[{"name":"wp","href":"https:\/\/api.w.org\/{rel}","templated":true}]}}