{"id":145270,"date":"2022-06-06T10:12:48","date_gmt":"2022-06-06T13:12:48","guid":{"rendered":"https:\/\/sme.goiania.go.gov.br\/conexaoescola\/?post_type=ensino_fundamental&#038;p=145270"},"modified":"2023-08-07T21:01:31","modified_gmt":"2023-08-08T00:01:31","slug":"lingua-portuguesa-o-genero-memoria-literaria","status":"publish","type":"ensino_fundamental","link":"https:\/\/sme.goiania.go.gov.br\/conexaoescola\/ensino_fundamental\/lingua-portuguesa-o-genero-memoria-literaria\/","title":{"rendered":"L\u00edngua Portuguesa &#8211; O g\u00eanero mem\u00f3ria liter\u00e1ria"},"content":{"rendered":"\n<p class=\"has-black-color has-light-green-cyan-background-color has-text-color has-background has-medium-font-size\">Esta atividade de<strong>&nbsp;L\u00edngua Portuguesa<\/strong>&nbsp;tem como base as sequ\u00eancias did\u00e1ticas propostas pelo&nbsp;<strong>Programa Aprender Sempre<\/strong>, da SME-Goi\u00e2nia, com base no DC\/GO \u2013 Ampliado e est\u00e1 destinada a estudantes do<strong>&nbsp;7\u00ba ano<\/strong>&nbsp;do Ensino Fundamental. <\/p>\n\n\n\n<div class=\"wp-block-buttons is-content-justification-center is-layout-flex wp-container-core-buttons-is-layout-16018d1d wp-block-buttons-is-layout-flex\">\n<div class=\"wp-block-button\"><a class=\"wp-block-button__link wp-element-button\" href=\"https:\/\/drive.google.com\/uc?export=download&amp;id=10z4IwaxRSNLGc737x2w0X2Eo_K1Mlc6T\" target=\"_blank\" rel=\"noreferrer noopener\">BAIXE A ATIVIDADE<\/a><\/div>\n\n\n\n<div class=\"wp-block-button\"><a class=\"wp-block-button__link wp-element-button\" href=\"https:\/\/drive.google.com\/uc?export=download&amp;id=1gB7PVJRjT61Vx2f7CsUJThnXL7fT6bxa\" target=\"_blank\" rel=\"noreferrer noopener\">BAIXE OS SLIDES<\/a><\/div>\n\n\n\n<div class=\"wp-block-button\"><a class=\"wp-block-button__link wp-element-button\" href=\"https:\/\/drive.google.com\/uc?export=download&amp;id=1i70VDrvDcE0b53Y27d4tptnqn3nSduWr\" target=\"_blank\" rel=\"noreferrer noopener\">BAIXE O TEXTO<\/a><\/div>\n<\/div>\n\n\n\n<p><\/p>\n\n\n\n<figure class=\"wp-block-image size-large\"><img fetchpriority=\"high\" decoding=\"async\" width=\"1024\" height=\"640\" src=\"https:\/\/sme.goiania.go.gov.br\/conexaoescola\/wp-content\/uploads\/2022\/06\/vintage-4169862_1920-e1654519894345-1024x640.jpg\" alt=\"\" class=\"wp-image-145271\" srcset=\"https:\/\/sme.goiania.go.gov.br\/conexaoescola\/wp-content\/uploads\/2022\/06\/vintage-4169862_1920-e1654519894345-1024x640.jpg 1024w, https:\/\/sme.goiania.go.gov.br\/conexaoescola\/wp-content\/uploads\/2022\/06\/vintage-4169862_1920-e1654519894345-300x188.jpg 300w, https:\/\/sme.goiania.go.gov.br\/conexaoescola\/wp-content\/uploads\/2022\/06\/vintage-4169862_1920-e1654519894345-768x480.jpg 768w, https:\/\/sme.goiania.go.gov.br\/conexaoescola\/wp-content\/uploads\/2022\/06\/vintage-4169862_1920-e1654519894345-1536x960.jpg 1536w, https:\/\/sme.goiania.go.gov.br\/conexaoescola\/wp-content\/uploads\/2022\/06\/vintage-4169862_1920-e1654519894345.jpg 1920w\" sizes=\"(max-width: 1024px) 100vw, 1024px\" \/><figcaption class=\"wp-element-caption\">Dispon\u00edvel em: &lt;<a href=\"https:\/\/pixabay.com\/images\/id-4169862\/\">https:\/\/pixabay.com\/images\/id-4169862\/<\/a>&gt; Acesso em: 02, mai. 22 <\/figcaption><\/figure>\n\n\n\n<p class=\"has-black-color has-text-color has-medium-font-size\">Segundo Ecl\u00e9a Bosi, &#8220;a lembran\u00e7a \u00e9 uma imagem constru\u00edda pelos materiais que est\u00e3o, agora, \u00e0 nossa disposi\u00e7\u00e3o, no conjunto de representa\u00e7\u00f5es que povoam nossa consci\u00eancia atual\u201c. O g\u00eanero <strong>mem\u00f3ria liter\u00e1ria<\/strong> \u00e9 um texto narrativo em que o produtor procura resgatar mem\u00f3rias, permitindo compartilhar valores de uma dada cultura. Esse g\u00eanero discursivo desempenha, portanto, um papel significativo na preserva\u00e7\u00e3o da hist\u00f3ria, identidades, sociedades e culturas. Por meio da escrita e da narra\u00e7\u00e3o de hist\u00f3rias, esse g\u00eanero permite que as pessoas compartilhem suas experi\u00eancias e reflex\u00f5es sobre eventos passados, possibilitando que as gera\u00e7\u00f5es futuras conhe\u00e7am e compreendam o passado de uma maneira mais profunda.<\/p>\n\n\n\n<p class=\"has-black-color has-text-color has-medium-font-size\">A <strong>fun\u00e7\u00e3o social<\/strong> da mem\u00f3ria liter\u00e1ria \u00e9 manter viva a mem\u00f3ria coletiva de uma comunidade ou sociedade. Ao registrar e transmitir relatos pessoais, eventos hist\u00f3ricos, tradi\u00e7\u00f5es e valores culturais, esse g\u00eanero contribui para a preserva\u00e7\u00e3o e a transmiss\u00e3o do patrim\u00f4nio cultural de um povo. Al\u00e9m disso, tamb\u00e9m pode servir como uma forma de resist\u00eancia contra a marginaliza\u00e7\u00e3o e o apagamento de certos grupos sociais, permitindo que suas vozes sejam ouvidas e valorizadas.<\/p>\n\n\n\n<p class=\"has-black-color has-text-color has-medium-font-size\">A <strong>estrutura<\/strong> da mem\u00f3ria liter\u00e1ria varia, mas geralmente inclui elementos como introdu\u00e7\u00e3o, desenvolvimento e conclus\u00e3o. A introdu\u00e7\u00e3o estabelece o contexto hist\u00f3rico e social em que a narrativa se desenrola, apresentando o autor e a \u00e9poca em que os eventos ocorreram. O desenvolvimento \u00e9 onde os detalhes do enredo s\u00e3o explorados, com descri\u00e7\u00f5es v\u00edvidas e di\u00e1logos que ajudam a recriar os acontecimentos passados. A conclus\u00e3o pode refletir sobre o significado mais amplo da mem\u00f3ria e seu impacto na identidade, sociedade ou cultura.<\/p>\n\n\n\n<p class=\"has-black-color has-text-color has-medium-font-size\">Uma das caracter\u00edsticas mais interessantes desse g\u00eanero \u00e9 a perspectiva \u00fanica de cada autor baseada em suas experi\u00eancias pessoais, sua posi\u00e7\u00e3o social e hist\u00f3rica. Ao ler v\u00e1rias mem\u00f3rias liter\u00e1rias, os leitores s\u00e3o expostos a diferentes pontos de vista, o que enriquece sua compreens\u00e3o da diversidade humana e ajuda a construir empatia.<\/p>\n\n\n\n<p class=\"has-black-color has-text-color has-medium-font-size\">\u00c9 importante considerar a <strong>autoria<\/strong> e o <strong>contexto<\/strong> social e hist\u00f3rico de uma mem\u00f3ria liter\u00e1ria ao analis\u00e1-la. A autoria nos ajuda a compreender as motiva\u00e7\u00f5es e as influ\u00eancias pessoais do autor, bem como a avaliar sua credibilidade como narrador. O contexto social e hist\u00f3rico nos permite entender como os eventos descritos na mem\u00f3ria se encaixam em um quadro mais amplo e como foram influenciados por fatores pol\u00edticos, econ\u00f4micos e culturais da \u00e9poca.<\/p>\n\n\n\n<p class=\"has-text-align-center has-black-color has-light-green-cyan-background-color has-text-color has-background has-medium-font-size\">Assista \u00e0 videoaula do professor Marlon Santos com essa tem\u00e1tica.<\/p>\n\n\n\n<figure class=\"wp-block-embed is-type-video is-provider-youtube wp-block-embed-youtube wp-embed-aspect-16-9 wp-has-aspect-ratio\"><div class=\"wp-block-embed__wrapper\">\n<p class=\"responsive-video-wrap clr\"><iframe title=\"Aprender Sempre - L. Portuguesa - 7\u00ba Ano - 1\u00ba Bim - Videoaula 4 - O G\u00eanero Mem\u00f3ria Liter\u00e1ria.\" width=\"1200\" height=\"675\" src=\"https:\/\/www.youtube.com\/embed\/ZFalRAabVLM?feature=oembed\" frameborder=\"0\" allow=\"accelerometer; autoplay; clipboard-write; encrypted-media; gyroscope; picture-in-picture; web-share\" allowfullscreen><\/iframe><\/p>\n<\/div><figcaption class=\"wp-element-caption\">Canal Portal Conex\u00e3o Escola &#8211; Aprender Sempre &#8211; L. Portuguesa &#8211; 7\u00ba Ano &#8211; 1\u00ba Bim &#8211; Videoaula 4 &#8211; O G\u00eanero Mem\u00f3ria Liter\u00e1ria &#8211; Dispon\u00edvel em: &lt;https:\/\/www.youtube.com\/watch?v=ZFalRAabVLM&gt; Acesso em:  08, mai. 22<\/figcaption><\/figure>\n\n\n\n<p class=\"has-text-align-center has-black-color has-text-color has-background has-medium-font-size\" style=\"background-color:#f2dca1\"><strong>Responda \u00e0s quest\u00f5es a seguir.<\/strong><\/p>\n\n\n\n<p class=\"has-text-align-center has-black-color has-text-color has-medium-font-size\"><strong>Leia o texto a seguir para responder \u00e0s quest\u00f5es 1 a 4.<\/strong><\/p>\n\n\n\n<p class=\"has-text-align-center has-black-color has-text-color has-background has-medium-font-size\" style=\"background-color:#f2dca1\"><strong>A estrada de ferro<\/strong><\/p>\n\n\n\n<p class=\"has-black-color has-text-color has-medium-font-size\">A estrada de ferro passava no outro lado do rio. Do engenho n\u00f3s ouv\u00edamos o trem apitar, e fazia-se de sua passagem uma esp\u00e9cie de rel\u00f3gio de todas as atividades: antes do trem das dez, depois do trem das duas.<\/p>\n\n\n\n<p class=\"has-black-color has-text-color has-medium-font-size\">Costum\u00e1vamos ir&nbsp; para a beira da linha ver de perto os trens de passageiros. E fic\u00e1vamos de cima dos cortes olhando como se fossem uma coisa nunca vista os hor\u00e1rios que vinham de Recife e voltavam da Para\u00edba. Mas nos proibiam esse espet\u00e1culo com medo de nossas traquinagens pelo leito da estrada. E tinha raz\u00e3o de ser tanta cautela: um dos lances mais agoniados da minha inf\u00e2ncia eu passei numa dessas esperas de um trem. O meu primo Silvino combinara em fazer virar a m\u00e1quina na rampa do Caboclo. J\u00e1 outra vez, com um pano vermelho que um moleque pregara num pau, um maquinista parara o hor\u00e1rio das dez. Agora o que meu primo queria era um desastre. E botou uma pedra bem na curva da rampa.<\/p>\n\n\n\n<p class=\"has-black-color has-text-color has-medium-font-size\">N\u00f3s ficamos de espreita, esperando a hora. Quando vi o trem se aproximar como um bicho comprido que viesse para uma armadilha, deu-me uma agonia dentro de mim que eu n\u00e3o soube explicar. Parecia que eu ia ver ali perto de mim peda\u00e7os de gente morta, cabe\u00e7as rolando pelo ch\u00e3o, sangue correndo no meio de ferros desmantelados. E num \u00edmpeto, com o trem que vinha roncando pertinho, corri para a pedra e com toda a minha for\u00e7a empurrei-a pra fora. Um instante mais ouvi o ru\u00eddo da m\u00e1quina que passava. Fiquei sozinho, ali no ermo da estrada de ferro. Os meus primos e os moleques tinham corrido. Meu cora\u00e7\u00e3o batia apressado. Parecia que eu era o \u00fanico culpado daquela desgra\u00e7a que n\u00e3o acontecera. Comecei a chorar, com medo do sil\u00eancio. Muito de longe, o trem apitava. E banhado pelas l\u00e1grimas andei para casa. Nunca mais em minha vida o hero\u00edsmo me tentaria por essa forma.<\/p>\n\n\n\n<p class=\"has-text-align-right has-black-color has-text-color has-small-font-size\">(REGO, Jos\u00e9 Lins do<em>. Menino de Engenho<\/em>. Rio de Janeiro: Jos\u00e9 Olympio, 1972, p. 24-6)<\/p>\n\n\n\n<p class=\"has-black-color has-text-color has-background has-medium-font-size\" style=\"background-color:#f2dca1\"><strong>QUEST\u00c3O 1 <\/strong><\/p>\n\n\n\n<p class=\"has-black-color has-text-color has-medium-font-size\">No relato do narrador, em que cen\u00e1rio se passa a hist\u00f3ria? <\/p>\n\n\n\n<p class=\"has-black-color has-text-color has-background has-medium-font-size\" style=\"background-color:#f2dca1\"><strong>QUEST\u00c3O 2 <\/strong><\/p>\n\n\n\n<p class=\"has-black-color has-text-color has-medium-font-size\">Quais caracter\u00edsticas do g\u00eanero mem\u00f3ria liter\u00e1ria s\u00e3o encontradas no texto lido? <\/p>\n\n\n\n<p class=\"has-black-color has-text-color has-background has-medium-font-size\" style=\"background-color:#f2dca1\"><strong>QUEST\u00c3O 3 <\/strong><\/p>\n\n\n\n<p class=\"has-black-color has-text-color has-medium-font-size\">Leia o seguinte fragmento do texto: <\/p>\n\n\n\n<p class=\"has-black-color has-text-color has-background has-medium-font-size\" style=\"background-color:#efefef\">\u201cFiquei sozinho, ali no ermo da estrada de ferro. Os meus primos e os moleques tinham corrido. Meu cora\u00e7\u00e3o batia apressado. Parecia que eu era o \u00fanico culpado daquela desgra\u00e7a que n\u00e3o acontecera. Comecei a chorar, com medo do sil\u00eancio. Muito de longe, o trem apitava. E banhado pelas l\u00e1grimas andei para casa. Nunca mais em minha vida o hero\u00edsmo me tentaria por essa forma\u201d. <\/p>\n\n\n\n<p class=\"has-black-color has-text-color has-medium-font-size\">A) Retire do fragmento um trecho que revele uma impress\u00e3o do narrador a respeito de alguma a\u00e7\u00e3o. <\/p>\n\n\n\n<p class=\"has-black-color has-text-color has-medium-font-size\">B) Retire do fragmento um trecho que demonstra uma reflex\u00e3o do narrador. <\/p>\n\n\n\n<p class=\"has-black-color has-text-color has-background has-medium-font-size\" style=\"background-color:#f2dca1\"><strong>QUEST\u00c3O 4 <\/strong><\/p>\n\n\n\n<p class=\"has-black-color has-text-color has-medium-font-size\">Na constru\u00e7\u00e3o da mem\u00f3ria, voc\u00ea percebeu que h\u00e1 a mistura de descri\u00e7\u00e3o de a\u00e7\u00f5es, impress\u00f5es do narrador a respeito das a\u00e7\u00f5es e relato das sensa\u00e7\u00f5es obtidas a partir dessas impress\u00f5es. Sabendo disso, revisite suas mem\u00f3rias e produza uma mem\u00f3ria liter\u00e1ria que remeta a algum momento de sua inf\u00e2ncia.<\/p>\n\n\n\n<p class=\"has-black-color has-text-color has-background has-medium-font-size\" style=\"background-color:#f2dca1\"><strong>QUEST\u00c3O 5 <\/strong><\/p>\n\n\n\n<p class=\"has-black-color has-text-color has-medium-font-size\">Por que \u00e9 importante considerar a autoria ao analisar mem\u00f3rias liter\u00e1rias?<\/p>\n\n\n\n<p class=\"has-black-color has-text-color has-medium-font-size\">(A) Para desvalorizar a diversidade de perspectivas.&nbsp;<\/p>\n\n\n\n<p class=\"has-black-color has-text-color has-medium-font-size\">(B) Para avaliar a credibilidade do autor como narrador.&nbsp;<\/p>\n\n\n\n<p class=\"has-black-color has-text-color has-medium-font-size\">(C) Para estabelecer um \u00fanico ponto de vista sobre os eventos.&nbsp;<\/p>\n\n\n\n<p class=\"has-black-color has-text-color has-medium-font-size\">(D) Para ignorar o contexto social e hist\u00f3rico da produ\u00e7\u00e3o.<\/p>\n\n\n\n<p class=\"has-black-color has-text-color has-background has-medium-font-size\" style=\"background-color:#f2dca1\"><strong>QUEST\u00c3O 6<\/strong><\/p>\n\n\n\n<p class=\"has-black-color has-text-color has-medium-font-size\">Como as mem\u00f3rias liter\u00e1rias estabelecem m\u00faltiplos olhares sobre identidades, sociedades e culturas?&nbsp;<\/p>\n\n\n\n<p class=\"has-black-color has-text-color has-medium-font-size\">(A) Apresentando apenas um ponto de vista dominante.&nbsp;<\/p>\n\n\n\n<p class=\"has-black-color has-text-color has-medium-font-size\">(B) Ignorando as experi\u00eancias pessoais dos autores.&nbsp;<\/p>\n\n\n\n<p class=\"has-black-color has-text-color has-medium-font-size\">(C) Mostrando perspectivas \u00fanicas e diversas dos autores.&nbsp;<\/p>\n\n\n\n<p class=\"has-black-color has-text-color has-medium-font-size\">(D) Refor\u00e7ando estere\u00f3tipos e preconceitos. <\/p>\n\n\n\n<hr class=\"wp-block-separator has-css-opacity\"\/>\n\n\n\n<figure class=\"wp-block-table is-style-stripes\"><table><tbody><tr><td><strong>Autoria<\/strong><\/td><td>Marlon Santos<\/td><\/tr><tr><td><strong>Forma\u00e7\u00e3o:<\/strong><\/td><td>Letras &#8211; Portugu\u00eas<\/td><\/tr><tr><td><strong>Componente curricular:<\/strong><\/td><td>L\u00edngua Portuguesa<\/td><\/tr><tr><td><strong>Habilidades estruturantes:<\/strong><\/td><td>(EF69LP44-A) Inferir a presen\u00e7a de valores sociais, culturais e humanos e de diferentes vis\u00f5es de mundo, em textos liter\u00e1rios.<br>(EF69LP44-B) Reconhecer, em textos liter\u00e1rios, formas de estabelecer m\u00faltiplos olhares sobre as identidades, sociedades e culturas, considerando a autoria e o contexto social e hist\u00f3rico de sua produ\u00e7\u00e3o.<br>(EF69LP47-A) Analisar, em textos narrativos ficcionais, as diferentes formas de composi\u00e7\u00e3o pr\u00f3prias de cada g\u00eanero, os recursos coesivos que constroem a passagem do tempo e articulam suas partes, as escolhas lexicais t\u00edpicas de cada g\u00eanero para a caracteriza\u00e7\u00e3o dos cen\u00e1rios e dos personagens e os efeitos de sentido decorrentes dos tempos verbais, dos tipos de discurso, dos verbos de enuncia\u00e7\u00e3o e das variedades lingu\u00edsticas (no discurso direto, se houver) empregados, identificando o enredo e o foco narrativo<br>(EF67LP30-B) Observar os elementos da estrutura narrativa pr\u00f3prios ao g\u00eanero pretendido, tais como enredo, personagens, tempo, espa\u00e7o e narrador.<\/td><\/tr><tr><td><strong>Refer\u00eancias:<\/strong><\/td><td>BOSI, Ecl\u00e9a. <em>Mem\u00f3ria e sociedade<\/em>: lembran\u00e7as de velhos. S\u00e3o Paulo: T.A. Queiroz, 1979.<br>GOI\u00c2NIA. Secretaria Municipal de Educa\u00e7\u00e3o. Aprender Sempre. 6\u00b0 ao 9\u00ba ano &#8211; Ensino Fundamental; L\u00edngua Portuguesa; 1\u00b0 Bimestre; Goi\u00e2nia, 2022.<br>REGO, Jos\u00e9 Lins do. <em>Menino de Engenho<\/em>. Rio de Janeiro: Jos\u00e9 Olympio, 1972.<\/td><\/tr><\/tbody><\/table><\/figure>\n","protected":false},"author":42,"featured_media":145271,"template":"","ef_categoria":[15,30],"ef_ano":[90],"ef_componente":[93],"class_list":["post-145270","ensino_fundamental","type-ensino_fundamental","status-publish","has-post-thumbnail","hentry","ef_categoria-ciclo-da-adolescencia-fg","ef_categoria-etica-e-cidadania-ciclo-da-adolescencia-fg","ef_ano-7o-ano","ef_componente-portugues","entry","has-media"],"acf":[],"_links":{"self":[{"href":"https:\/\/sme.goiania.go.gov.br\/conexaoescola\/wp-json\/wp\/v2\/ensino_fundamental\/145270","targetHints":{"allow":["GET"]}}],"collection":[{"href":"https:\/\/sme.goiania.go.gov.br\/conexaoescola\/wp-json\/wp\/v2\/ensino_fundamental"}],"about":[{"href":"https:\/\/sme.goiania.go.gov.br\/conexaoescola\/wp-json\/wp\/v2\/types\/ensino_fundamental"}],"author":[{"embeddable":true,"href":"https:\/\/sme.goiania.go.gov.br\/conexaoescola\/wp-json\/wp\/v2\/users\/42"}],"version-history":[{"count":4,"href":"https:\/\/sme.goiania.go.gov.br\/conexaoescola\/wp-json\/wp\/v2\/ensino_fundamental\/145270\/revisions"}],"predecessor-version":[{"id":166687,"href":"https:\/\/sme.goiania.go.gov.br\/conexaoescola\/wp-json\/wp\/v2\/ensino_fundamental\/145270\/revisions\/166687"}],"wp:featuredmedia":[{"embeddable":true,"href":"https:\/\/sme.goiania.go.gov.br\/conexaoescola\/wp-json\/wp\/v2\/media\/145271"}],"wp:attachment":[{"href":"https:\/\/sme.goiania.go.gov.br\/conexaoescola\/wp-json\/wp\/v2\/media?parent=145270"}],"wp:term":[{"taxonomy":"ef_categoria","embeddable":true,"href":"https:\/\/sme.goiania.go.gov.br\/conexaoescola\/wp-json\/wp\/v2\/ef_categoria?post=145270"},{"taxonomy":"ef_ano","embeddable":true,"href":"https:\/\/sme.goiania.go.gov.br\/conexaoescola\/wp-json\/wp\/v2\/ef_ano?post=145270"},{"taxonomy":"ef_componente","embeddable":true,"href":"https:\/\/sme.goiania.go.gov.br\/conexaoescola\/wp-json\/wp\/v2\/ef_componente?post=145270"}],"curies":[{"name":"wp","href":"https:\/\/api.w.org\/{rel}","templated":true}]}}