{"id":145139,"date":"2022-06-06T07:17:00","date_gmt":"2022-06-06T10:17:00","guid":{"rendered":"https:\/\/sme.goiania.go.gov.br\/conexaoescola\/?post_type=ensino_fundamental&#038;p=145139"},"modified":"2024-03-20T14:35:02","modified_gmt":"2024-03-20T17:35:02","slug":"arte-teatro-expressoes-faciais-e-a-mimica-2","status":"publish","type":"ensino_fundamental","link":"https:\/\/sme.goiania.go.gov.br\/conexaoescola\/ensino_fundamental\/arte-teatro-expressoes-faciais-e-a-mimica-2\/","title":{"rendered":"Arte &#8211; Teatro: Express\u00f5es faciais e a m\u00edmica"},"content":{"rendered":"\n<p class=\"has-background has-medium-font-size\" style=\"background-color:#ffdbe4\">Esta proposta de atividade de <strong>Arte<\/strong>, \u00e9 destinada a estudantes de <strong>1\u00ba ano<\/strong> do <strong>Ensino Fundamental.<\/strong><\/p>\n\n\n\n<div class=\"wp-block-buttons is-content-justification-center is-layout-flex wp-container-core-buttons-is-layout-16018d1d wp-block-buttons-is-layout-flex\">\n<div class=\"wp-block-button has-custom-font-size has-medium-font-size\"><a class=\"wp-block-button__link wp-element-button\" href=\"https:\/\/drive.google.com\/uc?export=download&amp;id=1L1UCnLugAlmsGQVHin4-c35b4JnQ3P0C\">BAIXE A ATIVIDADE<\/a><\/div>\n\n\n\n<div class=\"wp-block-button has-custom-font-size has-medium-font-size\"><a class=\"wp-block-button__link wp-element-button\" href=\"https:\/\/drive.google.com\/uc?export=download&amp;id=16uSAhCJWNyquYzwMG4EIcilluyvTKIVL\">BAIXE OS SLIDES<\/a><\/div>\n\n\n\n<div class=\"wp-block-button has-custom-font-size has-medium-font-size\"><a class=\"wp-block-button__link wp-element-button\" href=\"https:\/\/drive.google.com\/uc?export=download&amp;id=1bKSmec1ini1QxIhpR2wOkKArcaR2Y2DC\">BAIXE O TEXTO<\/a><\/div>\n<\/div>\n\n\n\n<div style=\"height:23px\" aria-hidden=\"true\" class=\"wp-block-spacer\"><\/div>\n\n\n\n<p class=\"has-medium-font-size\">VOC\u00ca J\u00c1 FOI AO TEATRO?<\/p>\n\n\n\n<figure class=\"wp-block-image size-full is-style-rounded\"><img fetchpriority=\"high\" decoding=\"async\" width=\"800\" height=\"533\" src=\"https:\/\/sme.goiania.go.gov.br\/conexaoescola\/wp-content\/uploads\/2022\/06\/Edipo_Rei_7.jpg\" alt=\"\" class=\"wp-image-145146\" srcset=\"https:\/\/sme.goiania.go.gov.br\/conexaoescola\/wp-content\/uploads\/2022\/06\/Edipo_Rei_7.jpg 800w, https:\/\/sme.goiania.go.gov.br\/conexaoescola\/wp-content\/uploads\/2022\/06\/Edipo_Rei_7-300x200.jpg 300w, https:\/\/sme.goiania.go.gov.br\/conexaoescola\/wp-content\/uploads\/2022\/06\/Edipo_Rei_7-768x512.jpg 768w\" sizes=\"(max-width: 800px) 100vw, 800px\" \/><figcaption class=\"wp-element-caption\">\u00c9dipo Rei, Festival de Lugo Grupo S.V. Producciones de Madrid<br>Autor: Luis Miguel Bugallo S\u00e1nchez<\/figcaption><\/figure>\n\n\n\n<p class=\"has-medium-font-size\">O TEATRO, UMA FORMA DE ARTE ANCESTRAL COM RA\u00cdZES NA GR\u00c9CIA ANTIGA, ABRANGE UM CONJUNTO DIVERSIFICADO DE PE\u00c7AS DESTINADAS \u00c0 APRESENTA\u00c7\u00c3O DIANTE DO P\u00daBLICO.&nbsp;<\/p>\n\n\n\n<p class=\"has-medium-font-size\">DESDE OS SEUS PRIM\u00d3RDIOS, O TEATRO TEM SIDO UM MEIO PODEROSO DE EXPRESS\u00c3O CULTURAL E SOCIAL. NELE, AS EXPRESS\u00d5ES FACIAIS E CORPORAIS DESEMPENHAM UM PAPEL FUNDAMENTAL NA TRANSMISS\u00c3O DAS EMO\u00c7\u00d5ES E NA EFIC\u00c1CIA DA PERFORMANCE, PERMITINDO QUE O P\u00daBLICO SE ENVOLVA DE FORMA MAIS PROFUNDA COM A NARRATIVA E OS PERSONAGENS.<\/p>\n\n\n\n<p class=\"has-medium-font-size\">EXPLORAR AS EXPRESS\u00d5ES FACIAIS \u00c9 UMA PARTE ESSENCIAL DA PREPARA\u00c7\u00c3O E EXECU\u00c7\u00c3O DE UMA PE\u00c7A TEATRAL BEM-SUCEDIDA. CADA GESTO, CADA OLHAR, CARREGA CONSIGO O PESO DOS SENTIMENTOS E DAS INTEN\u00c7\u00d5ES DO PERSONAGEM, DANDO VIDA \u00c0 HIST\u00d3RIA DE UMA FORMA \u00daNICA E CATIVANTE.&nbsp;<\/p>\n\n\n\n<div style=\"height:25px\" aria-hidden=\"true\" class=\"wp-block-spacer\"><\/div>\n\n\n\n<p class=\"has-background has-medium-font-size\" style=\"background-color:#ffdbe4\"><strong>QUEST\u00c3O<\/strong> <strong>1<\/strong><\/p>\n\n\n\n<p class=\"has-medium-font-size\">O TEATRO SURGIU <\/p>\n\n\n\n<p class=\"has-medium-font-size\">A) NO BRASIL A POUCO TEMPO<br>B) A MUITO S\u00c9CULOS ATR\u00c1S<br>C) A POUCO TEMPO<br>D) NENHUMA DAS ANTERIORES<\/p>\n\n\n\n<p class=\"has-background has-medium-font-size\" style=\"background-color:#ffdbe4\"><strong>QUEST\u00c3O<\/strong> <strong>2<\/strong><\/p>\n\n\n\n<p class=\"has-medium-font-size\">AS EXPRESS\u00d5ES FACIAIS E CORPORAIS S\u00c3O<\/p>\n\n\n\n<p class=\"has-medium-font-size\">A) IMPORTANTES PARA A MATEM\u00c1TICA<br>B) IMPORTANTES PARA O TEATRO<br>C) IMPORTANTES PARA A GEOGRAFIA<br>D) NENHUMA DAS ANTERIORES<\/p>\n\n\n\n<p class=\"has-background has-medium-font-size\" style=\"background-color:#ffdbe4\"><strong>QUEST\u00c3O<\/strong> <strong>3<\/strong><\/p>\n\n\n\n<p class=\"has-medium-font-size\">NO TEATRO AS EXPRESS\u00d5ES FACIAIS E CORPORAIS S\u00c3O FUNDAMENTAIS PARA QUE A PE\u00c7A SEJA UM SUCESSO.&nbsp;<\/p>\n\n\n\n<p class=\"has-medium-font-size\">POR ISSO, VAMOS APRENDER UM POUCO SOBRE AS EXPRESS\u00d5ES FACIAIS E OS SENTIMENTOS REPRESENTADOS POR ELAS.<\/p>\n\n\n<div class=\"wp-block-image is-style-default\">\n<figure class=\"aligncenter size-large is-resized\"><img decoding=\"async\" width=\"724\" height=\"1024\" src=\"https:\/\/sme.goiania.go.gov.br\/conexaoescola\/wp-content\/uploads\/2022\/05\/1-26-724x1024.jpg\" alt=\"\" class=\"wp-image-144517\" style=\"width:543px;height:768px\" srcset=\"https:\/\/sme.goiania.go.gov.br\/conexaoescola\/wp-content\/uploads\/2022\/05\/1-26-724x1024.jpg 724w, https:\/\/sme.goiania.go.gov.br\/conexaoescola\/wp-content\/uploads\/2022\/05\/1-26-212x300.jpg 212w, https:\/\/sme.goiania.go.gov.br\/conexaoescola\/wp-content\/uploads\/2022\/05\/1-26-768x1086.jpg 768w, https:\/\/sme.goiania.go.gov.br\/conexaoescola\/wp-content\/uploads\/2022\/05\/1-26-1086x1536.jpg 1086w, https:\/\/sme.goiania.go.gov.br\/conexaoescola\/wp-content\/uploads\/2022\/05\/1-26.jpg 1414w\" sizes=\"(max-width: 724px) 100vw, 724px\" \/><figcaption class=\"wp-element-caption\">Atividade constru\u00edda no Canva Educacional<\/figcaption><\/figure><\/div>\n\n\n<p class=\"has-medium-font-size\"><strong>OBS.:<\/strong> SE POSS\u00cdVEL IMPRIMA A FOLHA ABAIXO, SE N\u00c3O FOR POSS\u00cdVEL IDENTIFIQUE ORALMENTE.<\/p>\n\n\n\n<div style=\"height:57px\" aria-hidden=\"true\" class=\"wp-block-spacer\"><\/div>\n\n\n\n<p class=\"has-background has-medium-font-size\" style=\"background-color:#ffdbe4\"><strong>QUEST\u00c3O 4<\/strong><\/p>\n\n\n\n<p class=\"has-medium-font-size\">AGORA USE SEU DESENHO PARA DAR VIDA \u00c0S EXPRESS\u00d5ES DAS CRIAN\u00c7AS.<\/p>\n\n\n<div class=\"wp-block-image is-style-default\">\n<figure class=\"aligncenter size-large is-resized\"><img decoding=\"async\" width=\"724\" height=\"1024\" src=\"https:\/\/sme.goiania.go.gov.br\/conexaoescola\/wp-content\/uploads\/2022\/05\/Preto-e-Branco-Alinhado-Emocoes-Folha-de-Atividade-de-Colorir-724x1024.png\" alt=\"\" class=\"wp-image-144518\" style=\"width:543px;height:768px\" srcset=\"https:\/\/sme.goiania.go.gov.br\/conexaoescola\/wp-content\/uploads\/2022\/05\/Preto-e-Branco-Alinhado-Emocoes-Folha-de-Atividade-de-Colorir-724x1024.png 724w, https:\/\/sme.goiania.go.gov.br\/conexaoescola\/wp-content\/uploads\/2022\/05\/Preto-e-Branco-Alinhado-Emocoes-Folha-de-Atividade-de-Colorir-212x300.png 212w, https:\/\/sme.goiania.go.gov.br\/conexaoescola\/wp-content\/uploads\/2022\/05\/Preto-e-Branco-Alinhado-Emocoes-Folha-de-Atividade-de-Colorir-768x1086.png 768w, https:\/\/sme.goiania.go.gov.br\/conexaoescola\/wp-content\/uploads\/2022\/05\/Preto-e-Branco-Alinhado-Emocoes-Folha-de-Atividade-de-Colorir-1086x1536.png 1086w, https:\/\/sme.goiania.go.gov.br\/conexaoescola\/wp-content\/uploads\/2022\/05\/Preto-e-Branco-Alinhado-Emocoes-Folha-de-Atividade-de-Colorir.png 1414w\" sizes=\"(max-width: 724px) 100vw, 724px\" \/><\/figure><\/div>\n\n\n<p class=\"has-medium-font-size\"><strong>OBS: <\/strong>SE N\u00c3O FOR POSS\u00cdVEL IMPRIMIR DESENHE NO CADERNO.&nbsp;<\/p>\n\n\n\n<div style=\"height:57px\" aria-hidden=\"true\" class=\"wp-block-spacer\"><\/div>\n\n\n\n<p class=\"has-background has-medium-font-size\" style=\"background-color:#ffdbe4\"><strong>QUEST\u00c3O 5<\/strong><\/p>\n\n\n\n<p class=\"has-medium-font-size\">VAMOS BRINCAR?<\/p>\n\n\n\n<figure class=\"wp-block-embed is-type-video is-provider-youtube wp-block-embed-youtube wp-embed-aspect-16-9 wp-has-aspect-ratio\"><div class=\"wp-block-embed__wrapper\">\n<p class=\"responsive-video-wrap clr\"><iframe title=\"M\u00edmica\" width=\"1200\" height=\"675\" src=\"https:\/\/www.youtube.com\/embed\/8LKMMLLfyWc?feature=oembed\" frameborder=\"0\" allow=\"accelerometer; autoplay; clipboard-write; encrypted-media; gyroscope; picture-in-picture; web-share\" allowfullscreen><\/iframe><\/p>\n<\/div><\/figure>\n\n\n\n<p class=\"has-medium-font-size\">FA\u00c7A EM DUPLA OU EM PEQUENO GRUPO A REPRESENTA\u00c7\u00c3O DAS FRASES A SEGUIR.<\/p>\n\n\n\n<p class=\"has-medium-font-size\">CADA CRIAN\u00c7A DEVER\u00c1 ESCOLHER UM SENTIMENTO PARA REPRESENTAR POR VEZ. TODOS DEVEM PARTICIPAR.<\/p>\n\n\n\n<figure class=\"wp-block-table is-style-stripes\"><table><tbody><tr><td>QUANDO GANHO UM BRINQUEDO QUE QUERIA MUITO.<\/td><td>FELIZ<\/td><\/tr><tr><td>QUANDO VOU AO DENTISTA.<\/td><td>S\u00c9RIO(A)<\/td><\/tr><tr><td>QUANDO ENCONTRO ALGU\u00c9M QUE GOSTO<\/td><td>SORRIDENTE<\/td><\/tr><tr><td>QUANDO ALGO MUITO ENGRA\u00c7ADO ACONTECE.<\/td><td>GARGALHANDO<\/td><\/tr><tr><td>QUANDO UM BRINQUEDO QUE GOSTO MUITO ESTRAGA.<\/td><td>TRISTE<\/td><\/tr><tr><td>QUANDO ME MACHUCO GRAVEMENTE.<\/td><td>CHORANDO<\/td><\/tr><tr><td>QUANDO VEJO ALGO NOJENTO<\/td><td>NOJO<\/td><\/tr><tr><td>QUANDO ALGO QUE N\u00c3O TENHO CONTROLE ACONTECE E EU N\u00c3O GOSTO.<\/td><td>NERVOSO(A)<\/td><\/tr><tr><td>QUANDO EU BRIGO COM ALGU\u00c9M QUE GOSTO.<\/td><td>BRAVO(A)<\/td><\/tr><\/tbody><\/table><\/figure>\n\n\n\n<div style=\"height:28px\" aria-hidden=\"true\" class=\"wp-block-spacer\"><\/div>\n\n\n\n<p class=\"has-background has-medium-font-size\" style=\"background-color:#ffdbe4\"><strong>QUEST\u00c3O 6 <\/strong><\/p>\n\n\n\n<p class=\"has-medium-font-size\">POR FIM, VAMOS VER UMA PEQUENA CENA DE TEATRO COM M\u00cdMICA E IMPROVISO.<\/p>\n\n\n\n<figure class=\"wp-block-embed is-type-video is-provider-youtube wp-block-embed-youtube wp-embed-aspect-16-9 wp-has-aspect-ratio\"><div class=\"wp-block-embed__wrapper\">\n<p class=\"responsive-video-wrap clr\"><iframe title=\"M\u00edmica &amp; Improvisos\" width=\"1200\" height=\"675\" src=\"https:\/\/www.youtube.com\/embed\/y8gb5ZSCgRo?feature=oembed\" frameborder=\"0\" allow=\"accelerometer; autoplay; clipboard-write; encrypted-media; gyroscope; picture-in-picture; web-share\" allowfullscreen><\/iframe><\/p>\n<\/div><figcaption class=\"wp-element-caption\"><a href=\"https:\/\/www.youtube.com\/user\/phproducao2012\">Ph Party Produ\u00e7\u00f5es e Eventos<\/a> &#8211; M\u00edmica &amp; Improvisos. Dispon\u00edvel em: &lt;<a href=\"https:\/\/www.youtube.com\/watch?v=y8gb5ZSCgRo\">https:\/\/www.youtube.com\/watch?v=y8gb5ZSCgRo<\/a>&gt;<\/figcaption><\/figure>\n\n\n\n<div style=\"height:57px\" aria-hidden=\"true\" class=\"wp-block-spacer\"><\/div>\n\n\n\n<p class=\"has-background has-medium-font-size\" style=\"background-color:#ffdbe4\"><strong>SABER MAIS<\/strong><\/p>\n\n\n\n<p class=\"has-medium-font-size\">M\u00edmica, <em>Por <\/em><a href=\"https:\/\/www.infoescola.com\/autor\/ana-lucia-santana\/3\/\"><em>Ana Lucia Santana<\/em><\/a>. Dispon\u00edvel em: &lt;<a href=\"https:\/\/www.infoescola.com\/artes\/mimica\/\">https:\/\/www.infoescola.com\/artes\/mimica\/<\/a>&gt; <\/p>\n\n\n\n<figure class=\"wp-block-embed is-type-video is-provider-youtube wp-block-embed-youtube wp-embed-aspect-16-9 wp-has-aspect-ratio\"><div class=\"wp-block-embed__wrapper\">\n<p class=\"responsive-video-wrap clr\"><iframe title=\"Teatro\" width=\"1200\" height=\"675\" src=\"https:\/\/www.youtube.com\/embed\/LyUx1Y5ezqE?feature=oembed\" frameborder=\"0\" allow=\"accelerometer; autoplay; clipboard-write; encrypted-media; gyroscope; picture-in-picture; web-share\" allowfullscreen><\/iframe><\/p>\n<\/div><\/figure>\n\n\n\n<figure class=\"wp-block-embed is-type-video is-provider-youtube wp-block-embed-youtube wp-embed-aspect-16-9 wp-has-aspect-ratio\"><div class=\"wp-block-embed__wrapper\">\n<p class=\"responsive-video-wrap clr\"><iframe title=\"Exerc\u00edcios de teatro \/ Jogos teatrais - Telefone sem fio com gestos\" width=\"1200\" height=\"675\" src=\"https:\/\/www.youtube.com\/embed\/Nw4na75u8zg?feature=oembed\" frameborder=\"0\" allow=\"accelerometer; autoplay; clipboard-write; encrypted-media; gyroscope; picture-in-picture; web-share\" allowfullscreen><\/iframe><\/p>\n<\/div><figcaption class=\"wp-element-caption\"> Exerc\u00edcios de teatro \/ Jogos teatrais &#8211; Telefone sem fio com gestos. Dispon\u00edvel em: &lt;<a href=\"https:\/\/www.youtube.com\/watch?v=Nw4na75u8zg\">https:\/\/www.youtube.com\/watch?v=Nw4na75u8zg<\/a>&gt; <\/figcaption><\/figure>\n\n\n\n<div style=\"height:33px\" aria-hidden=\"true\" class=\"wp-block-spacer\"><\/div>\n\n\n\n<hr class=\"wp-block-separator has-css-opacity\"\/>\n\n\n\n<p><\/p>\n\n\n\n<figure class=\"wp-block-table is-style-stripes\"><table><tbody><tr><td><strong>Autoria:&nbsp;<\/strong><\/td><td>Ariadiny C\u00e2ndido Morais<\/td><\/tr><tr><td><strong>Forma\u00e7\u00e3o:<\/strong><\/td><td>Pedagoga e Mestre em educa\u00e7\u00e3o<\/td><\/tr><tr><td><strong>Componente Curricular<\/strong><\/td><td>Arte<\/td><\/tr><tr><td><strong>Objetivos de aprendizagem e desenvolvimento<\/strong><br><br>Processos de Cria\u00e7\u00e3o: Improvisa\u00e7\u00e3o teatral e processos narrativos \/criativos em teatro<br><br>Contextos e Pr\u00e1ticas: Hist\u00f3rias dramatizadas<br><br>Processos de Cria\u00e7\u00e3o: Uso de objetos concretos e imagin\u00e1rios na composi\u00e7\u00e3o c\u00eanica<\/td><td><br><br><br><br>(GO-EF01AR20) Experimentar o trabalho colaborativo, coletivo e autoral em improvisa\u00e7\u00f5es teatrais e processos narrativos\/criativos em teatro, explorando desde a teatralidade dos gestos e das a\u00e7\u00f5es do cotidiano at\u00e9 elementos de diferentes matrizes est\u00e9ticas e culturais.<br><br>(GO-EF01AR18-C) Desenvolver a multisensorialidade ao experi\u00eancia hist\u00f3rias dramatizadas, cultivando a percep\u00e7\u00e3o, o imagin\u00e1rio, a mem\u00f3ria, a intui\u00e7\u00e3o, a reflex\u00e3o, a emo\u00e7\u00e3o, a capacidade de simbolizar, o repert\u00f3rio real e ficcional.<br><br>(GO-EF01AR21-A) Explorar objetos concretos e imagin\u00e1rios na composi\u00e7\u00e3o c\u00eanica individual e coletiva, estabelecendo diferentes rela\u00e7\u00f5es, conex\u00f5es, significa\u00e7\u00f5es e ressignifica\u00e7\u00f5es.<br><br><\/td><\/tr><tr><td><strong>Refer\u00eancia&nbsp;<\/strong><\/td><td>Documento Curricular para Goi\u00e1s &#8211; Ampliado &#8211; Cortes Temporais.pdf. Dispon\u00edvel em: &lt;<a href=\"https:\/\/sme.goiania.go.gov.br\/site\/index.php\/institucional\/documentos-oficiais-2\">https:\/sme.goiania.go.gov.br\/site\/index.php\/institucional\/documentos-oficiais-2\/<\/a>&gt;<br><br>Documento Curricular para Goi\u00e1s Ampliado_vol II.pdf. Goi\u00e2nia\/GO: CONSED\/ UNDIME Goi\u00e1s, 2018.&nbsp;<br><br>Viver de Teatro &#8211; Exerc\u00edcios de teatro \/ Jogos teatrais &#8211; Telefone sem fio com gestos. Dispon\u00edvel em: &lt;<a href=\"https:\/\/www.youtube.com\/watch?v=Nw4na75u8zg\">https:\/\/www.youtube.com\/watch?v=Nw4na75u8zg<\/a>&gt;<\/td><\/tr><\/tbody><\/table><\/figure>\n","protected":false},"author":12,"featured_media":145146,"template":"","ef_categoria":[13,17],"ef_ano":[84],"ef_componente":[99],"class_list":["post-145139","ensino_fundamental","type-ensino_fundamental","status-publish","has-post-thumbnail","hentry","ef_categoria-ciclo-da-infancia-abc","ef_categoria-corpo-e-movimento","ef_ano-1o-ano","ef_componente-arte-ef","entry","has-media"],"acf":[],"_links":{"self":[{"href":"https:\/\/sme.goiania.go.gov.br\/conexaoescola\/wp-json\/wp\/v2\/ensino_fundamental\/145139","targetHints":{"allow":["GET"]}}],"collection":[{"href":"https:\/\/sme.goiania.go.gov.br\/conexaoescola\/wp-json\/wp\/v2\/ensino_fundamental"}],"about":[{"href":"https:\/\/sme.goiania.go.gov.br\/conexaoescola\/wp-json\/wp\/v2\/types\/ensino_fundamental"}],"author":[{"embeddable":true,"href":"https:\/\/sme.goiania.go.gov.br\/conexaoescola\/wp-json\/wp\/v2\/users\/12"}],"version-history":[{"count":4,"href":"https:\/\/sme.goiania.go.gov.br\/conexaoescola\/wp-json\/wp\/v2\/ensino_fundamental\/145139\/revisions"}],"predecessor-version":[{"id":179378,"href":"https:\/\/sme.goiania.go.gov.br\/conexaoescola\/wp-json\/wp\/v2\/ensino_fundamental\/145139\/revisions\/179378"}],"wp:featuredmedia":[{"embeddable":true,"href":"https:\/\/sme.goiania.go.gov.br\/conexaoescola\/wp-json\/wp\/v2\/media\/145146"}],"wp:attachment":[{"href":"https:\/\/sme.goiania.go.gov.br\/conexaoescola\/wp-json\/wp\/v2\/media?parent=145139"}],"wp:term":[{"taxonomy":"ef_categoria","embeddable":true,"href":"https:\/\/sme.goiania.go.gov.br\/conexaoescola\/wp-json\/wp\/v2\/ef_categoria?post=145139"},{"taxonomy":"ef_ano","embeddable":true,"href":"https:\/\/sme.goiania.go.gov.br\/conexaoescola\/wp-json\/wp\/v2\/ef_ano?post=145139"},{"taxonomy":"ef_componente","embeddable":true,"href":"https:\/\/sme.goiania.go.gov.br\/conexaoescola\/wp-json\/wp\/v2\/ef_componente?post=145139"}],"curies":[{"name":"wp","href":"https:\/\/api.w.org\/{rel}","templated":true}]}}