{"id":144983,"date":"2022-06-06T06:59:00","date_gmt":"2022-06-06T09:59:00","guid":{"rendered":"https:\/\/sme.goiania.go.gov.br\/conexaoescola\/?post_type=ensino_fundamental&#038;p=144983"},"modified":"2024-09-24T16:11:32","modified_gmt":"2024-09-24T19:11:32","slug":"ciencias-da-natureza-o-que-sao-areas-verdes-e-por-que-sao-tao-importantes","status":"publish","type":"ensino_fundamental","link":"https:\/\/sme.goiania.go.gov.br\/conexaoescola\/ensino_fundamental\/ciencias-da-natureza-o-que-sao-areas-verdes-e-por-que-sao-tao-importantes\/","title":{"rendered":"Ci\u00eancias da Natureza \u2013 \u00c1reas verdes"},"content":{"rendered":"\n<p class=\"has-text-align-center has-background has-medium-font-size\" style=\"background-color:#3a9f7a\">Esta proposta de atividade de&nbsp;<strong>Ci\u00eancias da Natureza<\/strong>&nbsp;\u00e9 destinada aos estudantes do<strong>&nbsp;9\u00ba ano&nbsp;<\/strong>dos anos finais do Ensino Fundamental<\/p>\n\n\n\n<div class=\"wp-block-buttons has-custom-font-size has-medium-font-size is-content-justification-center is-layout-flex wp-container-core-buttons-is-layout-16018d1d wp-block-buttons-is-layout-flex\">\n<div class=\"wp-block-button\"><a class=\"wp-block-button__link wp-element-button\" href=\"https:\/\/drive.google.com\/uc?export=download&amp;id=1e09hPeeL9Cvf6_tfGff6WVt93SGKRTJk\"><strong>BAIXE A ATIVIDADE<\/strong><\/a><\/div>\n\n\n\n<div class=\"wp-block-button\"><a class=\"wp-block-button__link wp-element-button\" href=\"https:\/\/drive.google.com\/uc?export=download&amp;id=1UE5Jk7FY4K3i76vkPcwMsioAqQ_-lh0h\"><strong>BAIXE OS SLIDES<\/strong><\/a><\/div>\n\n\n\n<div class=\"wp-block-button\"><a class=\"wp-block-button__link wp-element-button\" href=\"https:\/\/drive.google.com\/uc?export=download&amp;id=1Tb5NYoJWAKjFNPlPSSVz1K2Tbvf3vkbt\"><strong>BAIXE O TEXTO<\/strong><\/a><\/div>\n<\/div>\n\n\n\n<hr class=\"wp-block-separator has-alpha-channel-opacity\"\/>\n\n\n\n<figure class=\"wp-block-image size-large\"><img fetchpriority=\"high\" decoding=\"async\" width=\"1024\" height=\"768\" src=\"https:\/\/sme.goiania.go.gov.br\/conexaoescola\/wp-content\/uploads\/2022\/05\/Palacio_da_Cultura_Praca_Universitaria_Goiania_Brasil_-e1654033276781-1024x768.jpg\" alt=\"\" class=\"wp-image-144984\" srcset=\"https:\/\/sme.goiania.go.gov.br\/conexaoescola\/wp-content\/uploads\/2022\/05\/Palacio_da_Cultura_Praca_Universitaria_Goiania_Brasil_-e1654033276781-1024x768.jpg 1024w, https:\/\/sme.goiania.go.gov.br\/conexaoescola\/wp-content\/uploads\/2022\/05\/Palacio_da_Cultura_Praca_Universitaria_Goiania_Brasil_-e1654033276781-300x225.jpg 300w, https:\/\/sme.goiania.go.gov.br\/conexaoescola\/wp-content\/uploads\/2022\/05\/Palacio_da_Cultura_Praca_Universitaria_Goiania_Brasil_-e1654033276781-768x576.jpg 768w, https:\/\/sme.goiania.go.gov.br\/conexaoescola\/wp-content\/uploads\/2022\/05\/Palacio_da_Cultura_Praca_Universitaria_Goiania_Brasil_-e1654033276781-1536x1152.jpg 1536w, https:\/\/sme.goiania.go.gov.br\/conexaoescola\/wp-content\/uploads\/2022\/05\/Palacio_da_Cultura_Praca_Universitaria_Goiania_Brasil_-e1654033276781.jpg 1632w\" sizes=\"(max-width: 1024px) 100vw, 1024px\" \/><figcaption class=\"wp-element-caption\"><strong>Imagem 1. <\/strong>EUGENIO Hansen, OFS. Pal\u00e1cio da Cultura (Pra\u00e7a Universit\u00e1ria, Goi\u00e2nia, Brasil). Wikimedia Commons. Dispon\u00edvel em <a href=\"https:\/\/commons.m.wikimedia.org\/wiki\/File:Pal%C3%A1cio_da_Cultura_(Pra%C3%A7a_Universit%C3%A1ria,_Goi%C3%A2nia,_Brasil)_.jpg\">https:\/\/commons.m.wikimedia.org\/wiki\/File:Pal%C3%A1cio_da_Cultura_(Pra%C3%A7a_Universit%C3%A1ria,_Goi%C3%A2nia,_Brasil)_.jpg<\/a>. Acesso em 23\/09\/2024.<\/figcaption><\/figure>\n\n\n\n<h1 class=\"wp-block-heading has-text-align-center\"><strong>\u00c1REAS VERDES<\/strong><\/h1>\n\n\n\n<p class=\"has-text-align-left has-medium-font-size\">A conserva\u00e7\u00e3o da biodiversidade est\u00e1 intimamente ligada \u00e0s a\u00e7\u00f5es humanas, uma vez que muitas perturba\u00e7\u00f5es em popula\u00e7\u00f5es de seres vivos s\u00e3o causadas por atividades n\u00e3o naturais. Neste contexto, as \u00e1reas verdes se destacam como espa\u00e7os cruciais para a conserva\u00e7\u00e3o de esp\u00e9cies nativas, al\u00e9m de proporcionarem qualidade de vida, lazer e sensibiliza\u00e7\u00e3o para os seres humanos. Entre essas \u00e1reas, as unidades de conserva\u00e7\u00e3o (UCs) s\u00e3o essenciais para a prote\u00e7\u00e3o da biodiversidade e de seus ecossistemas.<\/p>\n\n\n\n<p class=\"has-text-align-left has-medium-font-size\">As UCs s\u00e3o divididas em duas categorias principais: as de prote\u00e7\u00e3o integral e as de uso sustent\u00e1vel. As unidades de prote\u00e7\u00e3o integral s\u00e3o aquelas onde se busca a conserva\u00e7\u00e3o da natureza sem interfer\u00eancia humana direta, permitindo apenas o uso indireto dos recursos naturais. Um exemplo disso em Goi\u00e1s \u00e9 o Parque Nacional da Chapada dos Veadeiros, situado entre os Munic\u00edpios de Alto Para\u00edso de Goi\u00e1s, Cavalcante, Teresina de Goi\u00e1s, Nova Roma e S\u00e3o Jo\u00e3o d&#8217;Alian\u00e7a. Ele protege uma extensa \u00e1rea de Cerrado e sua biodiversidade \u00fanica. Por outro lado, as UCs de uso sustent\u00e1vel permitem a utiliza\u00e7\u00e3o dos recursos naturais de forma controlada e planejada, visando a sustentabilidade ambiental e econ\u00f4mica. Um exemplo \u00e9 a \u00c1rea de Prote\u00e7\u00e3o Ambiental (APA) do Pouso Alto, abrangendo os munic\u00edpios de Alto Para\u00edso de Goi\u00e1s, Cavalcante, Colinas do Sul, Nova Roma, S\u00e3o Jo\u00e3o D&#8217;Alian\u00e7a e Teresina de Goi\u00e1s. Nele \u00e9 permitido o uso consciente dos recursos.<\/p>\n\n\n\n<p class=\"has-text-align-left has-medium-font-size\">Em Goi\u00e2nia, Goi\u00e1s, parques urbanos como o Parque Flamboyant e o Bosque dos Buritis tamb\u00e9m desempenham um papel vital. Esses espa\u00e7os n\u00e3o s\u00f3 oferecem ref\u00fagio para a flora e a fauna local, mas tamb\u00e9m funcionam como \u00e1reas de recrea\u00e7\u00e3o, educa\u00e7\u00e3o ambiental e melhoram o bem-estar da popula\u00e7\u00e3o. Eles s\u00e3o fundamentais para mitigar as ilhas de calor, melhorar a qualidade do ar e proporcionar benef\u00edcios para a sa\u00fade mental e f\u00edsica dos habitantes.<\/p>\n\n\n\n<p class=\"has-text-align-left has-medium-font-size\">Finalmente, \u00e9 crucial entender a diferen\u00e7a entre preserva\u00e7\u00e3o e conserva\u00e7\u00e3o ambiental. A preserva\u00e7\u00e3o ambiental busca proteger a natureza de qualquer uso ou altera\u00e7\u00e3o, mantendo ecossistemas intocados, enquanto a conserva\u00e7\u00e3o ambiental permite um uso respons\u00e1vel e sustent\u00e1vel dos recursos naturais, buscando manter a funcionalidade dos ecossistemas ao longo do tempo.<\/p>\n\n\n\n<p class=\"has-text-align-left has-medium-font-size\">Apesar dos benef\u00edcios das \u00e1reas verdes e UCs para a conserva\u00e7\u00e3o da biodiversidade, elas enfrentam desafios como press\u00e3o urbana, explora\u00e7\u00e3o irregular de recursos e falta de conscientiza\u00e7\u00e3o sobre sua import\u00e2ncia. Portanto, iniciativas de educa\u00e7\u00e3o ambiental e participa\u00e7\u00e3o comunit\u00e1ria s\u00e3o essenciais para fortalecer a gest\u00e3o dessas \u00e1reas e promover a conscientiza\u00e7\u00e3o sobre a import\u00e2ncia de cuidar do nosso patrim\u00f4nio natural.<\/p>\n\n\n\n<p class=\"has-background has-medium-font-size\" style=\"background-color:#ffbb7c\"><strong>QUEST\u00c3O 1<\/strong><\/p>\n\n\n\n<p class=\"has-medium-font-size\">Leia a seguir o conte\u00fado de uma das v\u00e1rias placas situadas no Parque Carmo Bernardes, em Goi\u00e2nia, cuja autoria \u00e9 de <a rel=\"noreferrer noopener\" href=\"https:\/\/instagram.com\/poetadoparque?igshid=YmMyMTA2M2Y=\" data-type=\"URL\" data-id=\"https:\/\/instagram.com\/poetadoparque?igshid=YmMyMTA2M2Y=\" target=\"_blank\">Walter Poeta<\/a>:<\/p>\n\n\n\n<blockquote class=\"wp-block-quote is-layout-flow wp-block-quote-is-layout-flow\">\n<p class=\"has-text-align-left has-medium-font-size\">&#8220;Somos indefesos, mas n\u00e3o estamos sozinhos.<br>Somos protegidos pela pol\u00edcia, pela AMMA, a popula\u00e7\u00e3o e os vizinhos.<br>Quero um minuto da sua aten\u00e7\u00e3o.<br>N\u00e3o trabalhamos, n\u00e3o conhecemos dinheiro e vivemos de doa\u00e7\u00e3o. E precisamos de alimenta\u00e7\u00e3o.<br>Vamos dar um voto de confian\u00e7a.<br>Quando trouxer milho para n\u00f3s, jogue na grama e fique a cinco metros de dist\u00e2ncia.<br>Voc\u00ea \u00e9 a nossa esperan\u00e7a.&#8221;<\/p>\n\n\n\n<p class=\"has-text-align-left has-medium-font-size\">[Walter Poeta]<\/p>\n<\/blockquote>\n\n\n\n<figure class=\"wp-block-image size-large is-resized\"><img decoding=\"async\" width=\"1024\" height=\"769\" src=\"https:\/\/sme.goiania.go.gov.br\/conexaoescola\/wp-content\/uploads\/2022\/06\/IMG-20220531-WA0032-e1654035366177-1024x769.jpg\" alt=\"\" class=\"wp-image-144995\" style=\"width:840px;height:auto\" srcset=\"https:\/\/sme.goiania.go.gov.br\/conexaoescola\/wp-content\/uploads\/2022\/06\/IMG-20220531-WA0032-e1654035366177-1024x769.jpg 1024w, https:\/\/sme.goiania.go.gov.br\/conexaoescola\/wp-content\/uploads\/2022\/06\/IMG-20220531-WA0032-e1654035366177-300x225.jpg 300w, https:\/\/sme.goiania.go.gov.br\/conexaoescola\/wp-content\/uploads\/2022\/06\/IMG-20220531-WA0032-e1654035366177-768x577.jpg 768w, https:\/\/sme.goiania.go.gov.br\/conexaoescola\/wp-content\/uploads\/2022\/06\/IMG-20220531-WA0032-e1654035366177.jpg 1156w\" sizes=\"(max-width: 1024px) 100vw, 1024px\" \/><figcaption class=\"wp-element-caption\"><strong>Imagem 2.<\/strong> ARAGUAIA, Mariana. Santu\u00e1rio dos patos &#8211; @poeta_do_parque. Acervo pessoal. Download em 23\/09\/2024.<\/figcaption><\/figure>\n\n\n\n<p class=\"has-medium-font-size\">As a\u00e7\u00f5es de prote\u00e7\u00e3o ao meio ambiente realizadas em um parque urbano est\u00e3o relacionadas \u00e0 preserva\u00e7\u00e3o ou \u00e0 conserva\u00e7\u00e3o? Explique a sua resposta.<\/p>\n\n\n\n<p class=\"has-background has-medium-font-size\" style=\"background-color:#ffbb7c\"><strong>QUEST\u00c3O 2<\/strong><\/p>\n\n\n\n<p class=\"has-medium-font-size\">Os benef\u00edcios dos parques urbanos e \u00e1reas verdes em geral s\u00e3o<\/p>\n\n\n\n<p class=\"has-medium-font-size\">(A) limitados \u00e0 melhoria est\u00e9tica do bairro e da regi\u00e3o da cidade.<\/p>\n\n\n\n<p class=\"has-medium-font-size\">(B) relacionados ao aumento do valor imobili\u00e1rio nas \u00e1reas pr\u00f3ximas.<\/p>\n\n\n\n<p class=\"has-medium-font-size\">(C) relacionados ao lazer, quando h\u00e1 infraestrutura adequada.<\/p>\n\n\n\n<p class=\"has-medium-font-size\">(D) a promo\u00e7\u00e3o do bem-estar, al\u00e9m da prote\u00e7\u00e3o \u00e0 biodiversidade.<\/p>\n\n\n\n<p class=\"has-background has-medium-font-size\" style=\"background-color:#ffbb7c\"><strong>QUEST\u00c3O 3<\/strong><\/p>\n\n\n\n<p class=\"has-medium-font-size\">Pense em uma \u00e1rea verde na qual voc\u00ea frequenta e\/ou que est\u00e1 situada pr\u00f3xima \u00e0 sua resid\u00eancia ou escola.&nbsp;<\/p>\n\n\n\n<p class=\"has-medium-font-size\">A) Cite duas atividades que podem ser desenvolvidas ali, pela popula\u00e7\u00e3o em geral.<\/p>\n\n\n\n<p class=\"has-medium-font-size\">B) Cite duas provid\u00eancias que poderiam ser tomadas pelo poder p\u00fablico, e duas que poderiam ser tomadas pela popula\u00e7\u00e3o; para que essa \u00e1rea verde fosse ainda melhor.<\/p>\n\n\n\n<p class=\"has-background has-medium-font-size\" style=\"background-color:#ffbb7c\"><strong>QUEST\u00c3O 4<\/strong><\/p>\n\n\n\n<p class=\"has-medium-font-size\">\u00c1reas verdes e Unidades de Conserva\u00e7\u00e3o (UC) s\u00e3o espa\u00e7os que t\u00eam em comum, em seus devidos contextos e propor\u00e7\u00f5es, a garantia de melhor qualidade de vida \u00e0s popula\u00e7\u00f5es. Sobre ambas, analise as frases a seguir, preenchendo os par\u00eantesis com &#8220;V&#8221; para verdadeiro e &#8220;F&#8221; para falso.<\/p>\n\n\n\n<p class=\"has-medium-font-size\"><em>( ) Ambas s\u00e3o reservadas para o desenvolvimento de ind\u00fastrias de baixo impacto ambiental.<\/em><\/p>\n\n\n\n<p class=\"has-medium-font-size\"><em>( ) Ambas s\u00e3o zonas comerciais onde a legisla\u00e7\u00e3o ambiental \u00e9 aplicada de forma mais flex\u00edvel.<\/em><\/p>\n\n\n\n<p class=\"has-medium-font-size\"><em>( ) \u00c1reas verdes s\u00e3o espa\u00e7os geralmente urbanos, para lazer e bem-estar para a popula\u00e7\u00e3o.<\/em><\/p>\n\n\n\n<p class=\"has-medium-font-size\"><em>( ) UC s\u00e3o reservas naturais protegidas, com objetivo de conserva\u00e7\u00e3o da biodiversidade.<\/em><\/p>\n\n\n\n<p class=\"has-medium-font-size\"><strong>Os par\u00eantesis devem ser preenchidos de forma correta a partir da sequ\u00eancia<\/strong><\/p>\n\n\n\n<p class=\"has-medium-font-size\">(A) V, V, V e V.<br>(B) V, V, F e F.<br>(C) F, F, V e V.<br>(D) F, F, F e F.<\/p>\n\n\n\n<p class=\"has-background has-medium-font-size\" style=\"background-color:#ffbb7c\"><strong>QUEST\u00c3O 4<\/strong><\/p>\n\n\n\n<p class=\"has-medium-font-size\">Leia o texto a seguir:<\/p>\n\n\n\n<blockquote class=\"wp-block-quote is-layout-flow wp-block-quote-is-layout-flow\">\n<p class=\"has-medium-font-size\">Os Jardins Zool\u00f3gicos s\u00e3o espa\u00e7os que abrigam uma variedade de animais silvestres, mantidos em cativeiro ou semi-liberdade. Esses locais permitem a visita\u00e7\u00e3o p\u00fablica e t\u00eam como objetivo proteger indiv\u00edduos que, por diversas raz\u00f5es, n\u00e3o podem ser reintroduzidos na natureza. Entre os residentes t\u00edpicos h\u00e1 os animais ex\u00f3ticos (ou seja: que n\u00e3o s\u00e3o nativos da fauna local), animais que foram domesticados (incluindo aqueles que antes viviam em circos), al\u00e9m de animais feridos ou \u00f3rf\u00e3os. \u00c9 importante destacar que esses animais n\u00e3o s\u00e3o removidos de seus habitats para viverem no zool\u00f3gico. Eles geralmente s\u00e3o designados por \u00f3rg\u00e3os ambientais que determinam a impossibilidade de retorno ao seu ambiente natural, ou s\u00e3o transferidos entre zool\u00f3gicos. Conforme a Resolu\u00e7\u00e3o n\u00ba 11, de 3 de dezembro de 1987, do Conselho Nacional do Meio Ambiente (CONAMA), os zool\u00f3gicos tamb\u00e9m s\u00e3o classificados como Unidades de Conserva\u00e7\u00e3o.<\/p>\n<\/blockquote>\n\n\n\n<p class=\"has-medium-font-size\">Com base no que voc\u00ea estudou sobre \u00e1reas verdes e Unidades de Conserva\u00e7\u00e3o, escreva de que maneira os Zool\u00f3gicos podem contribuir na conserva\u00e7\u00e3o ambiental.<\/p>\n\n\n\n<hr class=\"wp-block-separator has-css-opacity\"\/>\n\n\n\n<p class=\"has-background has-medium-font-size\" style=\"background-color:#3a9f7a\"><strong>SAIBA MAIS<\/strong><\/p>\n\n\n\n<p class=\"has-medium-font-size\">Voc\u00ea j\u00e1 visitou o Parque Zool\u00f3gico de Goi\u00e2nia? No v\u00eddeo a seguir, voc\u00ea encontrar\u00e1 informa\u00e7\u00f5es sobre essa \u00e1rea verde capaz de resguardar a sobreviv\u00eancia de indiv\u00edduos que n\u00e3o podem ser (re)introduzidos na natureza. Bons estudos!<\/p>\n\n\n\n<figure class=\"wp-block-embed is-type-video is-provider-youtube wp-block-embed-youtube wp-embed-aspect-16-9 wp-has-aspect-ratio\"><div class=\"wp-block-embed__wrapper\">\n<p class=\"responsive-video-wrap clr\"><iframe title=\"[Zool\u00f3gicos]\" width=\"1200\" height=\"675\" src=\"https:\/\/www.youtube.com\/embed\/eUiJys2WG48?feature=oembed\" frameborder=\"0\" allow=\"accelerometer; autoplay; clipboard-write; encrypted-media; gyroscope; picture-in-picture; web-share\" referrerpolicy=\"strict-origin-when-cross-origin\" allowfullscreen><\/iframe><\/p>\n<\/div><figcaption class=\"wp-element-caption\">Canal Mariana Araguaia. Zool\u00f3gicos. Dispon\u00edvel em &lt;<a href=\"https:\/\/youtu.be\/eUiJys2WG48\">https:\/\/youtu.be\/eUiJys2WG48&gt;<\/a>. Acesso em abr. 2022.<\/figcaption><\/figure>\n\n\n\n<hr class=\"wp-block-separator has-css-opacity\"\/>\n\n\n\n<figure class=\"wp-block-table is-style-stripes\"><table class=\"has-fixed-layout\"><tbody><tr><td><strong>Autoria<\/strong><\/td><td>Mariana Araguaia<\/td><\/tr><tr><td><strong>Forma\u00e7\u00e3o<\/strong><\/td><td>Ci\u00eancias Biol\u00f3gicas<\/td><\/tr><tr><td><strong>Componente curricular<\/strong><\/td><td>Ci\u00eancias da Natureza<\/td><\/tr><tr><td><strong>Habilidade<\/strong><\/td><td>(EF09CI12-A) Definir unidades de conserva\u00e7\u00e3o, sua origem e localiza\u00e7\u00e3o, destacando as que est\u00e3o no territ\u00f3rio goiano.<br>(EF09CI12-B\/C) Identificar os diferentes tipos de \u00e1reas verdes (parques urbanos, unidades de conserva\u00e7\u00e3o etc.), justificando a import\u00e2ncia destas para a preserva\u00e7\u00e3o da biodiversidade, dos ecossistemas, como patrim\u00f4nio nacional e para as popula\u00e7\u00f5es humanas e atividades a elas relacionadas.<\/td><\/tr><tr><td><strong>Refer\u00eancias<\/strong><\/td><td>BRASIL. Resolu\u00e7\u00e3o CONAMA n\u00ba 11, de 3 de dezembro de 1987. Dispon\u00edvel em &lt;https:\/\/conama.mma.gov.br\/?option=com_sisconama&amp;task=arquivo.download&amp;id=62#:~:text=Disp%C3%B5e%20sobre%20a%20declara%C3%A7%C3%A3o%2C%20como,S%C3%ADtios%20Ecol%C3%B3gicos%20de%20Relev%C3%A2ncia%20Cultural.&gt;. Acesso em 23\/09\/2024.<br><br>CARNEVALLE, M. R. Ararib\u00e1 mais Ci\u00eancias: 9\u00ba ano: ensino fundamental: anos finais. 1. ed. S\u00e3o Paulo: Moderna, 2018. 272 p.<br><br>GOI\u00c1S. Documento Curricular para Goi\u00e1s \u2013 Ampliado. Volume III Ensino Fundamental Anos Finais. Dispon\u00edvel em &lt;https:\/\/sme.goiania.go.gov.br\/site\/index.php\/institucional\/documentos-oficiais-2\/category\/27-documentos-gerais&gt;. Acesso em 09\/04\/2024.<br><br>______. Documento Curricular para Goi\u00e1s \u2013 Ampliado &#8211; Cortes Temporais. CONSED; UNDIME, 2019. p. 143. Dispon\u00edvel em: &lt;sme.goiania.go.gov.br\/site\/index.php\/institucional\/documentos-oficiais-2&gt;. Acesso em 09\/04\/2024.<br><br>HIRANAKA. R. A. B.; HORTENCIO, T. M. A. Inspire Ci\u00eancias: 9\u00ba ano: ensino fundamental: anos finais. 1. ed. S\u00e3o Paulo: FTD, 2018. 256 p.<br><br>WIKIPARQUES. \u00c1rea de Prote\u00e7\u00e3o Ambiental de Pouso Alto. Dispon\u00edvel em <a href=\"https:\/\/www.wikiparques.org\/wiki\/%C3%81rea_de_Prote%C3%A7%C3%A3o_Ambiental_de_Pouso_Alto\">https:\/\/www.wikiparques.org\/wiki\/%C3%81rea_de_Prote%C3%A7%C3%A3o_Ambiental_de_Pouso_Alto<\/a>. Acesso em 24\/09\/2024.<\/td><\/tr><\/tbody><\/table><\/figure>\n","protected":false},"author":44,"featured_media":144984,"template":"","ef_categoria":[16],"ef_ano":[92],"ef_componente":[98],"class_list":["post-144983","ensino_fundamental","type-ensino_fundamental","status-publish","has-post-thumbnail","hentry","ef_categoria-ciclo-da-adolescencia-hi","ef_ano-9o-ano","ef_componente-ciencia-da-natureza-ef","entry","has-media"],"acf":[],"_links":{"self":[{"href":"https:\/\/sme.goiania.go.gov.br\/conexaoescola\/wp-json\/wp\/v2\/ensino_fundamental\/144983","targetHints":{"allow":["GET"]}}],"collection":[{"href":"https:\/\/sme.goiania.go.gov.br\/conexaoescola\/wp-json\/wp\/v2\/ensino_fundamental"}],"about":[{"href":"https:\/\/sme.goiania.go.gov.br\/conexaoescola\/wp-json\/wp\/v2\/types\/ensino_fundamental"}],"author":[{"embeddable":true,"href":"https:\/\/sme.goiania.go.gov.br\/conexaoescola\/wp-json\/wp\/v2\/users\/44"}],"version-history":[{"count":12,"href":"https:\/\/sme.goiania.go.gov.br\/conexaoescola\/wp-json\/wp\/v2\/ensino_fundamental\/144983\/revisions"}],"predecessor-version":[{"id":188022,"href":"https:\/\/sme.goiania.go.gov.br\/conexaoescola\/wp-json\/wp\/v2\/ensino_fundamental\/144983\/revisions\/188022"}],"wp:featuredmedia":[{"embeddable":true,"href":"https:\/\/sme.goiania.go.gov.br\/conexaoescola\/wp-json\/wp\/v2\/media\/144984"}],"wp:attachment":[{"href":"https:\/\/sme.goiania.go.gov.br\/conexaoescola\/wp-json\/wp\/v2\/media?parent=144983"}],"wp:term":[{"taxonomy":"ef_categoria","embeddable":true,"href":"https:\/\/sme.goiania.go.gov.br\/conexaoescola\/wp-json\/wp\/v2\/ef_categoria?post=144983"},{"taxonomy":"ef_ano","embeddable":true,"href":"https:\/\/sme.goiania.go.gov.br\/conexaoescola\/wp-json\/wp\/v2\/ef_ano?post=144983"},{"taxonomy":"ef_componente","embeddable":true,"href":"https:\/\/sme.goiania.go.gov.br\/conexaoescola\/wp-json\/wp\/v2\/ef_componente?post=144983"}],"curies":[{"name":"wp","href":"https:\/\/api.w.org\/{rel}","templated":true}]}}