{"id":144856,"date":"2024-01-12T14:22:06","date_gmt":"2024-01-12T17:22:06","guid":{"rendered":"https:\/\/sme.goiania.go.gov.br\/conexaoescola\/?post_type=ensino_fundamental&#038;p=144856"},"modified":"2024-01-12T14:22:29","modified_gmt":"2024-01-12T17:22:29","slug":"historia-amerindios-conhecimentos-e-consideracoes","status":"publish","type":"ensino_fundamental","link":"https:\/\/sme.goiania.go.gov.br\/conexaoescola\/ensino_fundamental\/historia-amerindios-conhecimentos-e-consideracoes\/","title":{"rendered":"Hist\u00f3ria \u2013 Amer\u00edndios: conhecimentos e considera\u00e7\u00f5es"},"content":{"rendered":"\n<p class=\"has-black-color has-text-color has-background has-medium-font-size\" style=\"background-color:#049d65\">Esta proposta de atividade de&nbsp;<strong>HIST\u00d3RIA<\/strong>&nbsp;baseada no <strong>DOC GO Ampliado<\/strong> e \u00e9 destinada aos estudantes do<strong>&nbsp;6\u00b0 Ano<\/strong>&nbsp;do Ensino Fundamental Anos Finais.<\/p>\n\n\n\n<p class=\"has-black-color has-text-color has-medium-font-size\"><\/p>\n\n\n\n<div class=\"wp-block-buttons is-content-justification-center is-layout-flex wp-container-core-buttons-is-layout-16018d1d wp-block-buttons-is-layout-flex\">\n<div class=\"wp-block-button has-custom-font-size has-medium-font-size\"><a class=\"wp-block-button__link has-white-color has-black-background-color has-text-color has-background wp-element-button\" href=\"https:\/\/drive.google.com\/uc?export=download&amp;id=1_1tXjuU9KTVVfZ1UuSIoms_2XFEXIcrs\" target=\"_blank\" rel=\"noreferrer noopener\"><strong>Baixe os Slides<\/strong><\/a><\/div>\n\n\n\n<div class=\"wp-block-button has-custom-font-size has-medium-font-size\"><a class=\"wp-block-button__link has-white-color has-black-background-color has-text-color has-background wp-element-button\" href=\"https:\/\/drive.google.com\/uc?export=download&amp;id=12m4HH9NqTGHUm8bpo1T_H59tOKbGBWMX\" target=\"_blank\" rel=\"noreferrer noopener\"><strong>Baixe a Atividade<\/strong><\/a><\/div>\n\n\n\n<div class=\"wp-block-button has-custom-font-size has-medium-font-size\"><a class=\"wp-block-button__link has-white-color has-black-background-color has-text-color has-background wp-element-button\" href=\"https:\/\/drive.google.com\/uc?export=download&amp;id=1Uma69I20Ge7QXrnp1p4D0uRZ0hm09kqm\" target=\"_blank\" rel=\"noreferrer noopener\"><strong>Baixe o Texto<\/strong><\/a><\/div>\n<\/div>\n\n\n\n<p class=\"has-text-align-center has-medium-font-size\"><\/p>\n\n\n<div class=\"wp-block-image is-style-rounded\">\n<figure class=\"aligncenter size-full\"><img fetchpriority=\"high\" decoding=\"async\" width=\"570\" height=\"380\" src=\"https:\/\/sme.goiania.go.gov.br\/conexaoescola\/wp-content\/uploads\/2022\/05\/Geoglifo-e1653672637522.jpg\" alt=\"\" class=\"wp-image-144858\" srcset=\"https:\/\/sme.goiania.go.gov.br\/conexaoescola\/wp-content\/uploads\/2022\/05\/Geoglifo-e1653672637522.jpg 570w, https:\/\/sme.goiania.go.gov.br\/conexaoescola\/wp-content\/uploads\/2022\/05\/Geoglifo-e1653672637522-300x200.jpg 300w\" sizes=\"(max-width: 570px) 100vw, 570px\" \/><figcaption class=\"wp-element-caption\">Dispon\u00edvel em:&lt;<a href=\"https:\/\/oeco.org.br\/reportagens\/uma-viagem-visual-aos-geoglifos-sua-importancia-e-seus-misterios\/\" data-type=\"URL\" data-id=\"https:\/\/oeco.org.br\/reportagens\/uma-viagem-visual-aos-geoglifos-sua-importancia-e-seus-misterios\/\">https:\/\/oeco.org.br\/reportagens\/uma-viagem-visual-aos-geoglifos-sua-importancia-e-seus-misterios\/<\/a>&gt;. Acesso em: 27, mai. 22.<\/figcaption><\/figure><\/div>\n\n\n<p class=\"has-text-align-center has-black-color has-pale-cyan-blue-background-color has-text-color has-background\" style=\"font-size:30px\"><strong>Amer\u00edndios: conhecimentos e considera\u00e7\u00f5es<\/strong>.<\/p>\n\n\n\n<p class=\"has-black-color has-text-color has-medium-font-size\">As civiliza\u00e7\u00f5es dos astecas, maias e incas s\u00e3o consideradas algumas das mais not\u00e1veis da Am\u00e9rica pr\u00e9-colombiana. Cada uma delas deixou um legado cultural e arquitet\u00f4nico impressionante, revelando a complexidade e a riqueza dessas sociedades antigas.<\/p>\n\n\n\n<p class=\"has-black-color has-text-color has-medium-font-size\">Os astecas foram um povo que floresceu na regi\u00e3o central do M\u00e9xico entre os s\u00e9culos XIV e XVI. Eles constru\u00edram uma cidade not\u00e1vel chamada Tenochtitl\u00e1n, localizada onde hoje est\u00e1 a Cidade do M\u00e9xico. Os astecas eram conhecidos por seu impressionante sistema agr\u00edcola, que envolvia a constru\u00e7\u00e3o de chinampas (ilhas artificiais) para cultivo de alimentos. Al\u00e9m disso, eles desenvolveram uma sociedade altamente hierarquizada, com uma classe dominante de guerreiros, sacerdotes e governantes. Suas realiza\u00e7\u00f5es art\u00edsticas incluem esculturas em pedra, cer\u00e2mica e pinturas murais, que retratam sua mitologia, rituais e hist\u00f3ria.<\/p>\n\n\n\n<p class=\"has-black-color has-text-color has-medium-font-size\">Os maias habitavam uma vasta regi\u00e3o que abrangia o sul do M\u00e9xico, Guatemala, Belize, Honduras e El Salvador. Eles constru\u00edram impressionantes cidades-estado, como Tikal, Palenque e Chich\u00e9n Itz\u00e1, conhecidas por suas imponentes pir\u00e2mides, templos e observat\u00f3rios astron\u00f4micos. Os maias eram famosos por sua escrita hierogl\u00edfica, calend\u00e1rios precisos e conhecimentos astron\u00f4micos avan\u00e7ados. Suas realiza\u00e7\u00f5es culturais tamb\u00e9m inclu\u00edam a produ\u00e7\u00e3o de cer\u00e2micas intrincadas, esculturas em pedra e tecidos coloridos, al\u00e9m de um rico sistema de cren\u00e7as religiosas e rituais complexos.<\/p>\n\n\n\n<p class=\"has-black-color has-text-color has-medium-font-size\">Os incas foram uma civiliza\u00e7\u00e3o que se estabeleceu na regi\u00e3o dos Andes, no Peru, entre os s\u00e9culos XIII e XVI. Eles constru\u00edram um vasto imp\u00e9rio, conhecido como Tawantinsuyu, que se estendia por mais de 5.000 quil\u00f4metros. A capital inca, Cuzco, era um centro pol\u00edtico, religioso e cultural impressionante, cercado por imponentes fortalezas, como Machu Picchu. Os incas eram excelentes engenheiros e construtores, conhecidos por seus avan\u00e7ados sistemas agr\u00edcolas em terra\u00e7os, estradas complexas e a not\u00e1vel arquitetura de pedra que caracteriza seus templos e pal\u00e1cios.<\/p>\n\n\n\n<p class=\"has-black-color has-text-color has-medium-font-size\">No Brasil, tamb\u00e9m podemos encontrar vest\u00edgios arqueol\u00f3gicos fascinantes, como os geoglifos, que s\u00e3o grandes figuras desenhadas no solo. Essas formas geom\u00e9tricas e representa\u00e7\u00f5es de animais foram criadas por povos ind\u00edgenas pr\u00e9-colombianos, como os antigos habitantes da Amaz\u00f4nia. Os geoglifos brasileiros, como os encontrados em Acre e no estado do Mato Grosso, s\u00e3o um testemunho da habilidade e do conhecimento dessas culturas ancestrais em transformar a paisagem em express\u00f5es art\u00edsticas duradouras.<\/p>\n\n\n\n<p class=\"has-black-color has-text-color has-medium-font-size\">Al\u00e9m disso, no norte do Brasil, temos as culturas Marajoara e Tapaj\u00f4nica, que se destacaram na regi\u00e3o amaz\u00f4nica. A cultura Marajoara, que prosperou entre os s\u00e9culos V e XIV na ilha de Maraj\u00f3, apresentava uma cer\u00e2mica de incr\u00edvel sofistica\u00e7\u00e3o, com elaboradas representa\u00e7\u00f5es figurativas e geom\u00e9tricas. A cultura Tapaj\u00f4nica, por sua vez, desenvolveu-se nas margens dos rios Tapaj\u00f3s e Amazonas, entre os s\u00e9culos VIII e XIV, deixando um legado de cer\u00e2micas ricamente decoradas.<\/p>\n\n\n\n<p class=\"has-black-color has-text-color has-medium-font-size\">As culturas Marajoara e Tapaj\u00f4nica, assim como os geoglifos brasileiros, s\u00e3o importantes elementos do patrim\u00f4nio cultural do Brasil, demonstrando a diversidade e a riqueza das antigas sociedades ind\u00edgenas que habitavam o territ\u00f3rio antes da chegada dos europeus. Esses vest\u00edgios arqueol\u00f3gicos nos permitem conhecer e apreciar a complexidade e a criatividade dessas culturas, al\u00e9m de ressaltar a import\u00e2ncia de preservar e valorizar o legado cultural ind\u00edgena em nosso pa\u00eds.<\/p>\n\n\n\n<p class=\"has-text-align-center has-black-color has-vivid-green-cyan-background-color has-text-color has-background\" style=\"font-size:30px\"><strong>Responda \u00e0s Quest\u00f5es<\/strong>.<\/p>\n\n\n\n<p class=\"has-black-color has-vivid-green-cyan-background-color has-text-color has-background has-medium-font-size\"><strong>Quest\u00e3o 1<\/strong><\/p>\n\n\n\n<p class=\"has-black-color has-text-color has-medium-font-size\">Observe as imagens abaixo e depois fa\u00e7a o que se pede.<\/p>\n\n\n<div class=\"wp-block-image is-style-default\">\n<figure class=\"aligncenter size-full\"><img decoding=\"async\" width=\"782\" height=\"319\" src=\"https:\/\/sme.goiania.go.gov.br\/conexaoescola\/wp-content\/uploads\/2022\/05\/Amerindios-e1653673552373.jpg\" alt=\"\" class=\"wp-image-144861\" srcset=\"https:\/\/sme.goiania.go.gov.br\/conexaoescola\/wp-content\/uploads\/2022\/05\/Amerindios-e1653673552373.jpg 782w, https:\/\/sme.goiania.go.gov.br\/conexaoescola\/wp-content\/uploads\/2022\/05\/Amerindios-e1653673552373-300x122.jpg 300w, https:\/\/sme.goiania.go.gov.br\/conexaoescola\/wp-content\/uploads\/2022\/05\/Amerindios-e1653673552373-768x313.jpg 768w\" sizes=\"(max-width: 782px) 100vw, 782px\" \/><figcaption class=\"wp-element-caption\">Imagem 1Templo Asteca. Dispon\u00edvel em:&lt; <a href=\"https:\/\/www.todoestudo.com.br\/historia\/astecas\" data-type=\"URL\" data-id=\"https:\/\/www.todoestudo.com.br\/historia\/astecas\">https:\/\/www.todoestudo.com.br\/historia\/astecas<\/a>&gt;. Acesso em: 27, mai.22.   Imagem 2 Imp\u00e9rio Asteca. Dispon\u00edvel em:&lt;<a href=\"https:\/\/es.wikipedia.org\/wiki\/Imperio_azteca#\/media\/Archivo:Aztec_Empire_-_es.svg\" data-type=\"URL\" data-id=\"https:\/\/es.wikipedia.org\/wiki\/Imperio_azteca#\/media\/Archivo:Aztec_Empire_-_es.svg\">https:\/\/es.wikipedia.org\/wiki\/Imperio_azteca#\/media\/Archivo:Aztec_Empire_-_es.svg<\/a>&gt;. Acesso em: 25, mai, 22.   <\/figcaption><\/figure><\/div>\n\n\n<p class=\"has-black-color has-text-color has-medium-font-size\">Observando a imagem 1 e a imagem 2 sobre as culturas amer\u00edndias, responda:<\/p>\n\n\n\n<ol class=\"has-black-color has-text-color has-medium-font-size wp-block-list\">\n<li>Voc\u00ea considera que sejam civiliza\u00e7\u00f5es sem cultura? Argumente.<\/li>\n\n\n\n<li>Observe a imagem 2 (Cultura Asteca) quais conhecimentos\/t\u00e9cnicas s\u00e3o necess\u00e1rios para a constru\u00e7\u00e3o deste edif\u00edcio?<\/li>\n<\/ol>\n\n\n\n<p class=\"has-black-color has-vivid-green-cyan-background-color has-text-color has-background has-medium-font-size\"><strong>Quest\u00e3o 2<\/strong><\/p>\n\n\n\n<p class=\"has-black-color has-text-color has-medium-font-size\">Leia o texto abaixo:<\/p>\n\n\n\n<p class=\"has-black-color has-text-color\" style=\"font-size:18px\"><em>\u201cAt\u00e9 a d\u00e9cada de 1990, achava-se que as sociedades amaz\u00f4nicas fossem simples, limitadas a explorar os recursos obtidos na natureza e isoladas. No entanto, estudos das \u00faltimas d\u00e9cadas mostraram que grande parte da Amaz\u00f4nia foi densamente povoada, e de maneira organizada\u201d.<\/em><\/p>\n\n\n\n<ol class=\"has-black-color has-text-color has-medium-font-size wp-block-list\">\n<li>Escreva quais informa\u00e7\u00f5es podemos identificar ao ler o texto.<\/li>\n\n\n\n<li>Qual a import\u00e2ncia do estudo, da pesquisa na constru\u00e7\u00e3o do conhecimento?<\/li>\n<\/ol>\n\n\n\n<p><\/p>\n\n\n\n<p class=\"has-black-color has-vivid-green-cyan-background-color has-text-color has-background has-medium-font-size\"><strong>Questao 3<\/strong><\/p>\n\n\n\n<p class=\"has-black-color has-text-color has-medium-font-size\">Os geoglifos s\u00e3o grandes desenhos feitos no solo, geralmente compostos por valas ou montes de terra, que formam figuras geom\u00e9tricas ou representa\u00e7\u00f5es de animais e objetos. Essas estruturas arqueol\u00f3gicas s\u00e3o encontradas em diversas partes do mundo, e o Brasil n\u00e3o \u00e9 exce\u00e7\u00e3o. Uma das regi\u00f5es do pa\u00eds que abriga uma quantidade significativa de geoglifos \u00e9 o estado do Acre, localizado na regi\u00e3o Norte.<\/p>\n\n\n\n<p class=\"has-black-color has-text-color has-medium-font-size\">Agora, vamos \u00e0 pergunta:<\/p>\n\n\n\n<p class=\"has-black-color has-text-color has-medium-font-size\">Qual \u00e9 a hip\u00f3tese mais aceita sobre a origem dos geoglifos no Acre?<\/p>\n\n\n\n<p class=\"has-black-color has-text-color has-medium-font-size\">(A) Constru\u00eddos por povos ind\u00edgenas como marcos territoriais.<\/p>\n\n\n\n<p class=\"has-black-color has-text-color has-medium-font-size\">(B) Resultado da a\u00e7\u00e3o de fen\u00f4menos naturais, como eros\u00e3o e movimenta\u00e7\u00e3o tect\u00f4nica.<\/p>\n\n\n\n<p class=\"has-black-color has-text-color has-medium-font-size\">(C) Cria\u00e7\u00f5es de alien\u00edgenas que visitaram a regi\u00e3o no passado.<\/p>\n\n\n\n<p class=\"has-black-color has-text-color has-medium-font-size\">(D) Artefatos deixados por civiliza\u00e7\u00f5es perdidas, como a Atl\u00e2ntida.<\/p>\n\n\n\n<p><\/p>\n\n\n\n<p class=\"has-black-color has-vivid-green-cyan-background-color has-text-color has-background has-medium-font-size\"><strong>Quest\u00e3o 4<\/strong><\/p>\n\n\n\n<p class=\"has-black-color has-text-color has-medium-font-size\">A cultura Tapaj\u00f4nica e Marajoara s\u00e3o duas das mais impressionantes e complexas culturas pr\u00e9-colombianas que se desenvolveram na regi\u00e3o amaz\u00f4nica, no Brasil. Ambas as culturas deixaram um legado marcante em termos de arte, cer\u00e2mica e organiza\u00e7\u00e3o social.<\/p>\n\n\n\n<p class=\"has-black-color has-text-color has-medium-font-size\">Qual \u00e9 a principal caracter\u00edstica da cer\u00e2mica produzida pelas culturas Tapaj\u00f4nica e Marajoara?<\/p>\n\n\n\n<p class=\"has-black-color has-text-color has-medium-font-size\">(A) Utiliza\u00e7\u00e3o de t\u00e9cnicas avan\u00e7adas de metalurgia.<\/p>\n\n\n\n<p class=\"has-black-color has-text-color has-medium-font-size\">(B) Pinturas detalhadas representando cenas do cotidiano.<\/p>\n\n\n\n<p class=\"has-black-color has-text-color has-medium-font-size\">(C) Presen\u00e7a de estatuetas em pedra representando deuses e deusas.<\/p>\n\n\n\n<p class=\"has-black-color has-text-color has-medium-font-size\">(D) Ornamenta\u00e7\u00e3o com desenhos geom\u00e9tricos e zoom\u00f3rficos.<\/p>\n\n\n\n<p><\/p>\n\n\n\n<p class=\"has-text-align-center has-black-color has-vivid-cyan-blue-background-color has-text-color has-background has-medium-font-size\"><strong>&nbsp;&nbsp;&nbsp;&nbsp;&nbsp; SAIBA MAIS<\/strong><\/p>\n\n\n\n<p class=\"has-black-color has-text-color has-medium-font-size\">Aperte o play e se divirta com o conhecimento, descobertas e desafios propostos neste v\u00eddeo.<\/p>\n\n\n\n<figure class=\"wp-block-embed is-type-video is-provider-youtube wp-block-embed-youtube wp-embed-aspect-16-9 wp-has-aspect-ratio\"><div class=\"wp-block-embed__wrapper\">\n<p class=\"responsive-video-wrap clr\"><iframe title=\"Atividade 8 6\u00b0 Ano - Saberes n\u00e3o europeus\" width=\"1200\" height=\"675\" src=\"https:\/\/www.youtube.com\/embed\/n_mtzoS59xw?feature=oembed\" frameborder=\"0\" allow=\"accelerometer; autoplay; clipboard-write; encrypted-media; gyroscope; picture-in-picture; web-share\" allowfullscreen><\/iframe><\/p>\n<\/div><figcaption class=\"wp-element-caption\">Canal Uilson Duarte. &#8220;Atividade 8 6\u00b0 Ano Saberes n\u00e3o europeus.&#8221;. Dispon\u00edvel em:&lt;<a href=\"https:\/\/youtu.be\/n_mtzoS59xw\" data-type=\"URL\" data-id=\"https:\/\/youtu.be\/n_mtzoS59xw\">https:\/\/youtu.be\/n_mtzoS59xw<\/a>&gt;. Acesso em: 03, jun. 22.<\/figcaption><\/figure>\n\n\n\n<p class=\"has-black-color has-text-color has-background has-medium-font-size\" style=\"background-color:#0bbabc\"><strong><strong>Acesse os materiais referentes a essa atividade clicando aqui<\/strong><\/strong>: <a rel=\"noreferrer noopener\" href=\"https:\/\/sme.goiania.go.gov.br\/conexaoescola\/propostas_didaticas\/propostas-didaticas-historia-6-ano\/\" data-type=\"URL\" data-id=\"https:\/\/sme.goiania.go.gov.br\/conexaoescola\/propostas_didaticas\/propostas-didaticas-historia-6-ano\/\" target=\"_blank\">https:\/\/sme.goiania.go.gov.br\/conexaoescola\/propostas_didaticas\/propostas-didaticas-historia-6-ano\/<\/a><\/p>\n\n\n\n<figure class=\"wp-block-table is-style-stripes\"><table><tbody><tr><td><strong>Autoria:<\/strong><\/td><td><strong>Prof. Esp.: Uilson Silva Duarte<\/strong><\/td><\/tr><tr><td><strong>Forma\u00e7\u00e3o:<\/strong><\/td><td><strong>Hist\u00f3ria<\/strong><\/td><\/tr><tr><td><strong>Componente Curricular:<\/strong><\/td><td><strong>Hist\u00f3ria<\/strong><\/td><\/tr><tr><td><strong>Habilidade:<\/strong><\/td><td><strong>(GO-EF06HI09-A)<\/strong> Identificar e comparar os aportes culturais, cient\u00edficos, sociais e econ\u00f4micos do Ocidente Cl\u00e1ssico com as antigas civiliza\u00e7\u00f5es da Antiguidade Africana, do Oriente e das Am\u00e9ricas.<\/td><\/tr><tr><td><strong>Refer\u00eancias:<\/strong><\/td><td><strong>PAIVA, <\/strong>Eduardo Fran\u00e7a. Hist\u00f3ria &amp; Imagens. 2. ed. Belo Horizonte: Aut\u00eantica, 2006. p. 17-19. (Hist\u00f3ria &amp;&#8230; Reflex\u00f5es).<br><strong>PINSKY<\/strong>, Carla Bassanezi. Introdu\u00e7\u00e3o. In: PINSKY, Carla Bassanezi (Org.). Novos temas nas aulas de hist\u00f3ria. S\u00e3o Paulo: Contexto, 2009. p. 7.<\/td><\/tr><\/tbody><\/table><\/figure>\n","protected":false},"author":51,"featured_media":144858,"template":"","ef_categoria":[],"ef_ano":[89],"ef_componente":[95],"class_list":["post-144856","ensino_fundamental","type-ensino_fundamental","status-publish","has-post-thumbnail","hentry","ef_ano-6o-ano","ef_componente-historia","entry","has-media"],"acf":[],"_links":{"self":[{"href":"https:\/\/sme.goiania.go.gov.br\/conexaoescola\/wp-json\/wp\/v2\/ensino_fundamental\/144856","targetHints":{"allow":["GET"]}}],"collection":[{"href":"https:\/\/sme.goiania.go.gov.br\/conexaoescola\/wp-json\/wp\/v2\/ensino_fundamental"}],"about":[{"href":"https:\/\/sme.goiania.go.gov.br\/conexaoescola\/wp-json\/wp\/v2\/types\/ensino_fundamental"}],"author":[{"embeddable":true,"href":"https:\/\/sme.goiania.go.gov.br\/conexaoescola\/wp-json\/wp\/v2\/users\/51"}],"version-history":[{"count":3,"href":"https:\/\/sme.goiania.go.gov.br\/conexaoescola\/wp-json\/wp\/v2\/ensino_fundamental\/144856\/revisions"}],"predecessor-version":[{"id":175582,"href":"https:\/\/sme.goiania.go.gov.br\/conexaoescola\/wp-json\/wp\/v2\/ensino_fundamental\/144856\/revisions\/175582"}],"wp:featuredmedia":[{"embeddable":true,"href":"https:\/\/sme.goiania.go.gov.br\/conexaoescola\/wp-json\/wp\/v2\/media\/144858"}],"wp:attachment":[{"href":"https:\/\/sme.goiania.go.gov.br\/conexaoescola\/wp-json\/wp\/v2\/media?parent=144856"}],"wp:term":[{"taxonomy":"ef_categoria","embeddable":true,"href":"https:\/\/sme.goiania.go.gov.br\/conexaoescola\/wp-json\/wp\/v2\/ef_categoria?post=144856"},{"taxonomy":"ef_ano","embeddable":true,"href":"https:\/\/sme.goiania.go.gov.br\/conexaoescola\/wp-json\/wp\/v2\/ef_ano?post=144856"},{"taxonomy":"ef_componente","embeddable":true,"href":"https:\/\/sme.goiania.go.gov.br\/conexaoescola\/wp-json\/wp\/v2\/ef_componente?post=144856"}],"curies":[{"name":"wp","href":"https:\/\/api.w.org\/{rel}","templated":true}]}}