{"id":144640,"date":"2022-05-26T15:13:43","date_gmt":"2022-05-26T18:13:43","guid":{"rendered":"https:\/\/sme.goiania.go.gov.br\/conexaoescola\/?post_type=ensino_fundamental&#038;p=144640"},"modified":"2024-02-22T09:51:40","modified_gmt":"2024-02-22T12:51:40","slug":"geografia-ciclos-naturais-e-a-vida-cotidiana","status":"publish","type":"ensino_fundamental","link":"https:\/\/sme.goiania.go.gov.br\/conexaoescola\/ensino_fundamental\/geografia-ciclos-naturais-e-a-vida-cotidiana\/","title":{"rendered":"GEOGRAFIA &#8211; CICLOS NATURAIS E A VIDA COTIDIANA"},"content":{"rendered":"\n<p class=\"has-text-align-center has-background has-medium-font-size\" style=\"background-color:#f8fbf1\"> ESTA PROPOSTA DE ATIVIDADE DE&nbsp;<strong>GEOGRAFIA<\/strong>&nbsp;\u00c9 DESTINADA AOS ESTUDANTES DO&nbsp;<strong>1\u00ba ANO DOS ANOS INICIAIS DO ENSINO FUNDAMENTAL<\/strong>.<\/p>\n\n\n\n<div class=\"wp-block-buttons is-content-justification-center is-layout-flex wp-container-core-buttons-is-layout-16018d1d wp-block-buttons-is-layout-flex\">\n<div class=\"wp-block-button has-custom-font-size has-medium-font-size\"><a class=\"wp-block-button__link wp-element-button\" href=\"https:\/\/docs.google.com\/document\/d\/1-ka_Nqq3wHcZS9PCFMI3Q9NKdR7Ctd5h\/copy\" target=\"_blank\" rel=\"noreferrer noopener\">BAIXE A ATIVIDADE<\/a><\/div>\n\n\n\n<div class=\"wp-block-button has-custom-font-size has-medium-font-size\"><a class=\"wp-block-button__link wp-element-button\" href=\"https:\/\/docs.google.com\/presentation\/d\/1yBv_hAl8szkoe3Fw67e3VIBOQrFsrKrj\/copy\" target=\"_blank\" rel=\"noreferrer noopener\">BAIXE OS SLIDES<\/a><\/div>\n<\/div>\n\n\n\n<p class=\"has-text-align-center\"><img decoding=\"async\" src=\"https:\/\/lh5.googleusercontent.com\/SnRG-8pQCNRhmj-q8b754FlR-yINgcBGTWJOmsPfCcGXXltTmzZgOaw00tAmQbz1ijYpC3pL8399kMphpN5qjTif7hEQoAzBeg3AeOT7laUK5RmTO3sjF9EYMNtg0e3TrD1EYHSEqAU\" style=\"width: 650px;\"><\/p>\n\n\n\n<hr class=\"wp-block-separator has-css-opacity\"\/>\n\n\n\n<p class=\"has-text-align-center has-black-color has-text-color has-background has-medium-font-size\" style=\"background-color:#e8f1f0\">OS FEN\u00d4MENOS NATURAIS S\u00c3O&nbsp; ACONTECIMENTOS OCORRIDOS NA NATUREZA SEM A INTERVEN\u00c7\u00c3O DO HOMEM. <\/p>\n\n\n\n<p class=\"has-text-align-center has-black-color has-text-color has-background has-medium-font-size\" style=\"background-color:#e8f1f0\">PODENDO SER UMA SIMPLES CHUVA OU AT\u00c9 MESMO UMA GRANDE TEMPESTADE, A GRANDEZA DO FEN\u00d4MENO DEPENDE DAS CONDI\u00c7\u00d5ES NATURAIS.<\/p>\n\n\n\n<p class=\"has-medium-font-size\">EXEMPLOS DE FEN\u00d4MENOS NATURAIS:<\/p>\n\n\n\n<div class=\"wp-block-group\" style=\"letter-spacing:px\"><div class=\"wp-block-group__inner-container is-layout-constrained wp-block-group-is-layout-constrained\">\n<p class=\"has-text-align-center has-medium-font-size\">CHUVA<\/p>\n\n\n\n<p class=\"has-text-align-center has-medium-font-size\">VENTO<\/p>\n\n\n\n<p class=\"has-text-align-center has-medium-font-size\">RAIOS<\/p>\n\n\n\n<p class=\"has-text-align-center has-medium-font-size\">ARCO-\u00cdRIS<\/p>\n\n\n\n<p class=\"has-text-align-center has-medium-font-size\">SOL&nbsp;<\/p>\n\n\n\n<p class=\"has-text-align-center has-medium-font-size\">DIA E NOITE<\/p>\n\n\n\n<p class=\"has-text-align-center has-medium-font-size\">ESTA\u00c7\u00d5ES DO ANO<\/p>\n<\/div><\/div>\n\n\n\n<hr class=\"wp-block-separator has-css-opacity\"\/>\n\n\n\n<p class=\"has-text-align-center has-background has-medium-font-size\" style=\"background-color:#e9f6f0\">VAMOS VER O V\u00cdDEO?<\/p>\n\n\n\n<figure class=\"wp-block-embed is-type-video is-provider-youtube wp-block-embed-youtube wp-embed-aspect-16-9 wp-has-aspect-ratio\"><div class=\"wp-block-embed__wrapper\">\n<p class=\"responsive-video-wrap clr\"><iframe title=\"Esta\u00e7\u00f5es do ano\" width=\"1200\" height=\"675\" src=\"https:\/\/www.youtube.com\/embed\/90w83RgaqBc?feature=oembed\" frameborder=\"0\" allow=\"accelerometer; autoplay; clipboard-write; encrypted-media; gyroscope; picture-in-picture; web-share\" allowfullscreen><\/iframe><\/p>\n<\/div><figcaption class=\"wp-element-caption\">Canal Khan Academy Brasil &#8220;Esta\u00e7\u00f5es do ano&#8221;. Dispon\u00edvel em: &lt;<a href=\"https:\/\/youtu.be\/90w83RgaqBc\">https:\/\/youtu.be\/90w83RgaqBc<\/a>&gt;. Acesso em: 26 Mai 2022.<br><\/figcaption><\/figure>\n\n\n\n<hr class=\"wp-block-separator has-css-opacity\"\/>\n\n\n\n<p class=\"has-text-align-center has-black-color has-text-color has-background has-medium-font-size\" style=\"background-color:#f4eff9\"><strong>HORA DA ATIVIDADE<\/strong><\/p>\n\n\n\n<p class=\"has-black-color has-text-color has-background has-medium-font-size\" style=\"background-color:#edf6f9\"><strong>QUEST\u00c3O 1<\/strong><\/p>\n\n\n\n<p class=\"has-medium-font-size\">RECORTE E COLE A O NOME DA ESTA\u00c7\u00c3O DO ANO E COLE-A NA IMAGEM CORRESPONDENTE.<\/p>\n\n\n<div class=\"wp-block-image\">\n<figure class=\"aligncenter size-large is-resized\"><img fetchpriority=\"high\" decoding=\"async\" src=\"https:\/\/sme.goiania.go.gov.br\/conexaoescola\/wp-content\/uploads\/2023\/02\/pasted-image-0-2-1024x428.jpg\" alt=\"\" class=\"wp-image-157016\" width=\"768\" height=\"321\" srcset=\"https:\/\/sme.goiania.go.gov.br\/conexaoescola\/wp-content\/uploads\/2023\/02\/pasted-image-0-2-1024x428.jpg 1024w, https:\/\/sme.goiania.go.gov.br\/conexaoescola\/wp-content\/uploads\/2023\/02\/pasted-image-0-2-300x125.jpg 300w, https:\/\/sme.goiania.go.gov.br\/conexaoescola\/wp-content\/uploads\/2023\/02\/pasted-image-0-2-768x321.jpg 768w, https:\/\/sme.goiania.go.gov.br\/conexaoescola\/wp-content\/uploads\/2023\/02\/pasted-image-0-2.jpg 1454w\" sizes=\"(max-width: 768px) 100vw, 768px\" \/><\/figure><\/div>\n\n<div class=\"wp-block-image\">\n<figure class=\"aligncenter size-large is-resized\"><img decoding=\"async\" src=\"https:\/\/sme.goiania.go.gov.br\/conexaoescola\/wp-content\/uploads\/2023\/02\/pasted-image-0-1-2-1024x502.jpg\" alt=\"\" class=\"wp-image-157018\" width=\"768\" height=\"377\" srcset=\"https:\/\/sme.goiania.go.gov.br\/conexaoescola\/wp-content\/uploads\/2023\/02\/pasted-image-0-1-2-1024x502.jpg 1024w, https:\/\/sme.goiania.go.gov.br\/conexaoescola\/wp-content\/uploads\/2023\/02\/pasted-image-0-1-2-300x147.jpg 300w, https:\/\/sme.goiania.go.gov.br\/conexaoescola\/wp-content\/uploads\/2023\/02\/pasted-image-0-1-2-768x377.jpg 768w, https:\/\/sme.goiania.go.gov.br\/conexaoescola\/wp-content\/uploads\/2023\/02\/pasted-image-0-1-2-1536x753.jpg 1536w, https:\/\/sme.goiania.go.gov.br\/conexaoescola\/wp-content\/uploads\/2023\/02\/pasted-image-0-1-2.jpg 1593w\" sizes=\"(max-width: 768px) 100vw, 768px\" \/><\/figure><\/div>\n\n\n<figure class=\"wp-block-table is-style-regular\"><table><tbody><tr><td class=\"has-text-align-center\" data-align=\"center\">VER\u00c3O<\/td><td class=\"has-text-align-center\" data-align=\"center\">PRIMAVERA<\/td><\/tr><tr><td class=\"has-text-align-center\" data-align=\"center\">INVERNO<\/td><td class=\"has-text-align-center\" data-align=\"center\">OUTONO<\/td><\/tr><\/tbody><\/table><\/figure>\n\n\n\n<hr class=\"wp-block-separator has-css-opacity\"\/>\n\n\n\n<p class=\"has-black-color has-text-color has-background has-medium-font-size\" style=\"background-color:#f3f8fb\"><strong>QUEST\u00c3O 2<\/strong><\/p>\n\n\n\n<p class=\"has-medium-font-size\">OBSERVE AS IMAGENS E ESCREVA OS NOMES DAS ESTA\u00c7\u00d5ES CORRESPONDENTES:<\/p>\n\n\n<div class=\"wp-block-image\">\n<figure class=\"aligncenter is-resized\"><img decoding=\"async\" src=\"https:\/\/lh3.googleusercontent.com\/iGTn9IpQtrg8jwmAXGqxbZzFaK5V4NGqWw4G_fIrZNynlQBeJfWgkSjo62iWg3G01TFL9U8SG0G_dcjK_dvuivxeokphORNNOYqpVH6ICTtVcmJn7cJVOaLnKvDSu-l8JgU9colTpWhduQ8WMQ\" alt=\"\" width=\"800\" height=\"450\"\/><figcaption class=\"wp-element-caption\">________________________________________________________________________________________________________________________<\/figcaption><\/figure><\/div>\n\n\n<hr class=\"wp-block-separator has-css-opacity\"\/>\n\n\n\n<p class=\"has-black-color has-text-color has-background has-medium-font-size\" style=\"background-color:#e5edf1\"><strong>QUEST\u00c3O 3<\/strong><\/p>\n\n\n\n<p class=\"has-medium-font-size\">VAMOS JOGAR?<\/p>\n\n\n\n<figure class=\"wp-block-embed is-type-wp-embed is-provider-wordwall wp-block-embed-wordwall\"><div class=\"wp-block-embed__wrapper\">\n<div class=\"oceanwp-oembed-wrap clr\"><iframe class=\"wp-embedded-content\" sandbox=\"allow-scripts\" security=\"restricted\" title=\"ESTA\u00c7\u00d5ES DO ANO\" src=\"https:\/\/wordwall.net\/pt\/embed\/362d84de41644c1c9936ce8b4a337663?themeId=0&#038;ref=oembed#?secret=PKLu2y28Rk\" data-secret=\"PKLu2y28Rk\" width=\"500\" height=\"380\" frameborder=\"0\"><\/iframe><\/div>\n<\/div><figcaption class=\"wp-element-caption\">FONTE: ATIVIDADE AUTORAL &#8211; https:\/\/wordwall.net\/pt\/resource\/32904948<\/figcaption><\/figure>\n\n\n\n<hr class=\"wp-block-separator has-css-opacity\"\/>\n\n\n\n<figure class=\"wp-block-table is-style-stripes\"><table><tbody><tr><td><strong>Autoria:<\/strong><\/td><td>Maria da Luz Santos Ramos<\/td><\/tr><tr><td><strong>Forma\u00e7\u00e3o:<\/strong><\/td><td>Professora Pedagoga, Doutora em Educa\u00e7\u00e3o<\/td><\/tr><tr><td><strong>Componente Curricular:<\/strong><\/td><td>GEOGRAFIA<\/td><\/tr><tr><td><strong>Habilidade:<\/strong><\/td><td>(EF01GE05-A). Observar e conhecer os fen\u00f4menos naturais.<br>(EF01GE05-C). Comparar e descrever as din\u00e2micas dos fen\u00f4menos naturais, como dia e noite, varia\u00e7\u00e3o de temperatura e umidade, em diferentes escalas espaciais e temporais, comparando a sua realidade com outras.&nbsp;<br>(EF01GE10-B). Observar e descrever caracter\u00edsticas de seus lugares de viv\u00eancia relacionadas aos fen\u00f4menos da natureza, como chuva, vento, calor, temperatura e umidade.<\/td><\/tr><tr><td><strong>Refer\u00eancias:<\/strong><\/td><td>GOI\u00c1S, Governo do Estado de. Secret\u00e1ria de Estado de Educa\u00e7\u00e3o \u2013 Seduc\/Consed. Documento Curricular para Goi\u00e1s \u2013 Ampliado: Volume II Ensino Fundamental Anos Iniciais.<br><strong>Imagens de:<\/strong> Canva.com<\/td><\/tr><\/tbody><\/table><\/figure>\n","protected":false},"author":39,"featured_media":144779,"template":"","ef_categoria":[28,30],"ef_ano":[84],"ef_componente":[96],"class_list":["post-144640","ensino_fundamental","type-ensino_fundamental","status-publish","has-post-thumbnail","hentry","ef_categoria-educacao-ambiental-e-saude-ciclo-da-adolescencia-fg","ef_categoria-etica-e-cidadania-ciclo-da-adolescencia-fg","ef_ano-1o-ano","ef_componente-geografia","entry","has-media"],"acf":[],"_links":{"self":[{"href":"https:\/\/sme.goiania.go.gov.br\/conexaoescola\/wp-json\/wp\/v2\/ensino_fundamental\/144640","targetHints":{"allow":["GET"]}}],"collection":[{"href":"https:\/\/sme.goiania.go.gov.br\/conexaoescola\/wp-json\/wp\/v2\/ensino_fundamental"}],"about":[{"href":"https:\/\/sme.goiania.go.gov.br\/conexaoescola\/wp-json\/wp\/v2\/types\/ensino_fundamental"}],"author":[{"embeddable":true,"href":"https:\/\/sme.goiania.go.gov.br\/conexaoescola\/wp-json\/wp\/v2\/users\/39"}],"version-history":[{"count":5,"href":"https:\/\/sme.goiania.go.gov.br\/conexaoescola\/wp-json\/wp\/v2\/ensino_fundamental\/144640\/revisions"}],"predecessor-version":[{"id":177512,"href":"https:\/\/sme.goiania.go.gov.br\/conexaoescola\/wp-json\/wp\/v2\/ensino_fundamental\/144640\/revisions\/177512"}],"wp:featuredmedia":[{"embeddable":true,"href":"https:\/\/sme.goiania.go.gov.br\/conexaoescola\/wp-json\/wp\/v2\/media\/144779"}],"wp:attachment":[{"href":"https:\/\/sme.goiania.go.gov.br\/conexaoescola\/wp-json\/wp\/v2\/media?parent=144640"}],"wp:term":[{"taxonomy":"ef_categoria","embeddable":true,"href":"https:\/\/sme.goiania.go.gov.br\/conexaoescola\/wp-json\/wp\/v2\/ef_categoria?post=144640"},{"taxonomy":"ef_ano","embeddable":true,"href":"https:\/\/sme.goiania.go.gov.br\/conexaoescola\/wp-json\/wp\/v2\/ef_ano?post=144640"},{"taxonomy":"ef_componente","embeddable":true,"href":"https:\/\/sme.goiania.go.gov.br\/conexaoescola\/wp-json\/wp\/v2\/ef_componente?post=144640"}],"curies":[{"name":"wp","href":"https:\/\/api.w.org\/{rel}","templated":true}]}}