{"id":144555,"date":"2022-05-19T20:47:00","date_gmt":"2022-05-19T23:47:00","guid":{"rendered":"https:\/\/sme.goiania.go.gov.br\/conexaoescola\/?post_type=ensino_fundamental&#038;p=144555"},"modified":"2025-06-11T10:32:49","modified_gmt":"2025-06-11T13:32:49","slug":"geografia-fontes-de-energia","status":"publish","type":"ensino_fundamental","link":"https:\/\/sme.goiania.go.gov.br\/conexaoescola\/ensino_fundamental\/geografia-fontes-de-energia\/","title":{"rendered":"Geografia &#8211; Fontes de Energia"},"content":{"rendered":"\n<p class=\"has-text-align-center has-black-color has-text-color has-background has-medium-font-size\" style=\"background-color:#f0f0f0\"><strong>Esta proposta de atividade de&nbsp;GEOGRAFIA \u00e9 destinada aos estudantes do 5\u00ba ano&nbsp;do Ensino Fundamental.<\/strong><\/p>\n\n\n\n<div class=\"wp-block-buttons is-content-justification-center is-layout-flex wp-container-core-buttons-is-layout-16018d1d wp-block-buttons-is-layout-flex\">\n<div class=\"wp-block-button\"><a class=\"wp-block-button__link has-white-color has-black-background-color has-text-color has-background has-medium-font-size has-custom-font-size wp-element-button\" href=\"https:\/\/drive.google.com\/uc?export=download&amp;id=1TzlOZDYhbI5XWm-ieLmm2MvXgNponuit\" target=\"_blank\" rel=\"noreferrer noopener\">BAIXE A ATIVIDADE<\/a><\/div>\n\n\n\n<div class=\"wp-block-button\"><a class=\"wp-block-button__link has-white-color has-black-background-color has-text-color has-background has-medium-font-size has-custom-font-size wp-element-button\" href=\"https:\/\/drive.google.com\/uc?export=download&amp;id=1HHU6Xv4DtKUWvjnxmILminUHlBjNIdkR\" target=\"_blank\" rel=\"noreferrer noopener\">BAIXE OS SLIDES<\/a><\/div>\n\n\n\n<div class=\"wp-block-button\"><a class=\"wp-block-button__link has-white-color has-black-background-color has-text-color has-background has-medium-font-size has-custom-font-size wp-element-button\" href=\"https:\/\/drive.google.com\/uc?export=download&amp;id=1RzQyKvQDWHhzUIPoRnpROFya1dFFHwgK\" target=\"_blank\" rel=\"noreferrer noopener\">BAIXE O TEXTO<\/a><\/div>\n<\/div>\n\n\n\n<p><\/p>\n\n\n\n<p class=\"has-text-align-center has-black-color has-text-color\" style=\"font-size:25px\"><strong>FONTES DE ENERGIA<\/strong><\/p>\n\n\n\n<p class=\"has-text-align-center has-medium-font-size\">A eletricidade est\u00e1 presente em nosso dia a dia. Na l\u00e2mpada, na geladeira e no ventilador. Mas voc\u00ea j\u00e1 pensou de onde vem a energia que chega em nossas casas? A eletricidade pode ser produzida de v\u00e1rias fontes. <\/p>\n\n\n\n<p class=\"has-text-align-center has-medium-font-size\"><strong>Vamos conhec\u00ea-las?<\/strong><\/p>\n\n\n<div class=\"wp-block-image is-style-default\">\n<figure class=\"aligncenter size-full\"><img fetchpriority=\"high\" decoding=\"async\" width=\"705\" height=\"613\" src=\"https:\/\/sme.goiania.go.gov.br\/conexaoescola\/wp-content\/uploads\/2022\/05\/image-43.png\" alt=\"\" class=\"wp-image-144558\" srcset=\"https:\/\/sme.goiania.go.gov.br\/conexaoescola\/wp-content\/uploads\/2022\/05\/image-43.png 705w, https:\/\/sme.goiania.go.gov.br\/conexaoescola\/wp-content\/uploads\/2022\/05\/image-43-300x261.png 300w\" sizes=\"(max-width: 705px) 100vw, 705px\" \/><figcaption class=\"wp-element-caption\">Fonte da imagem: https:\/\/www.freepik.com\/free-vector\/energy-power-flat-icons-set_4376486.htm <\/figcaption><\/figure><\/div>\n\n\n<div class=\"wp-block-group\"><div class=\"wp-block-group__inner-container is-layout-constrained wp-block-group-is-layout-constrained\">\n<ul class=\"wp-block-list has-medium-font-size\">\n<li class=\"has-medium-font-size\"><strong>SOLAR<\/strong><\/li>\n<\/ul>\n\n\n\n<p class=\"has-medium-font-size\">A energia solar \u00e9 uma forma de energia boa e limpa <strong>que vem do sol<\/strong>. Ela \u00e9 capturada por <strong>pain\u00e9is solares<\/strong> especiais, que tamb\u00e9m s\u00e3o chamados de c\u00e9lulas fotovoltaicas. Quando os <strong>raios do sol<\/strong> atingem esses pain\u00e9is, acontece um processo bem legal: <strong>liberam <\/strong>pequenas part\u00edculas chamadas <strong>el\u00e9trons<\/strong>. Esses el\u00e9trons formam uma corrente el\u00e9trica, que <strong>chega at\u00e9 as nossas casas.<\/strong><\/p>\n<\/div><\/div>\n\n\n\n<p class=\"has-small-font-size\"><mark style=\"background-color:rgba(0, 0, 0, 0)\" class=\"has-inline-color has-white-color\">.<\/mark><\/p>\n\n\n\n<div class=\"wp-block-group\"><div class=\"wp-block-group__inner-container is-layout-constrained wp-block-group-is-layout-constrained\">\n<ul class=\"wp-block-list\">\n<li class=\"has-medium-font-size\"><strong>H\u00cdDRICA<\/strong><\/li>\n<\/ul>\n\n\n\n<p class=\"has-medium-font-size\">A <strong>for\u00e7a da \u00e1gua<\/strong> dos rios faz <strong>girar <\/strong>uma <strong>turbina<\/strong>, que ent\u00e3o gira um eixo de metal em um <strong>gerador <\/strong>que <strong>produz eletricidade<\/strong>. As usinas hidrel\u00e9tricas usam dutos de \u00e1gua de alta press\u00e3o localizados na base das barragens para alimentar as turbinas.&nbsp;<\/p>\n\n\n\n<p class=\"has-small-font-size\"><mark style=\"background-color:rgba(0, 0, 0, 0)\" class=\"has-inline-color has-white-color\">.<\/mark><\/p>\n\n\n\n<ul class=\"wp-block-list\">\n<li class=\"has-medium-font-size\"><strong>CARV\u00c3O MINERAL<\/strong><\/li>\n<\/ul>\n\n\n\n<p class=\"has-medium-font-size\">\u00c9 uma fonte n\u00e3o-renov\u00e1vel. Que gera energia por meio da <strong>queima do p\u00f3 do carv\u00e3o<\/strong>. Mas n\u00e3o \u00e9 o carv\u00e3o feito da madeira. \u00c9 um carv\u00e3o retirado do subsolo. Os <strong>gases e a energia t\u00e9rmica<\/strong> produzidos convertem a \u00e1gua em <strong>vapor<\/strong>. Este vapor <strong>faz a turbina girar<\/strong> e assim o gerador produz energia.<\/p>\n\n\n\n<p class=\"has-small-font-size\"><mark style=\"background-color:rgba(0, 0, 0, 0)\" class=\"has-inline-color has-white-color\">.<\/mark><\/p>\n\n\n\n<ul class=\"wp-block-list\">\n<li class=\"has-medium-font-size\"><strong>E\u00d3LICA &#8211; VENTO<\/strong><\/li>\n<\/ul>\n\n\n\n<p class=\"has-medium-font-size\">\u00c9 uma fonte renov\u00e1vel, que gera energia a partir de <strong>turbinas e\u00f3licas<\/strong> que a convertem em eletricidade. O <strong>vento gira as p\u00e1s<\/strong> que giram um eixo que est\u00e1 conectado a um <strong>gerador <\/strong>e <strong>produz eletricidade<\/strong>.<\/p>\n\n\n\n<p class=\"has-small-font-size\"><mark style=\"background-color:rgba(0, 0, 0, 0)\" class=\"has-inline-color has-white-color\">.<\/mark><\/p>\n\n\n\n<ul class=\"wp-block-list\">\n<li class=\"has-medium-font-size\"><strong>BIOMASSA<\/strong><\/li>\n<\/ul>\n\n\n\n<p class=\"has-medium-font-size\">\u00c9 um recurso energ\u00e9tico de <strong>material animal ou vegetal<\/strong>, por exemplo, madeira ou res\u00edduos alimentares. \u00c9 uma fonte renov\u00e1vel de energia. A biomassa <strong>\u00e9 queimada<\/strong> e pode ser usada para transformar <strong>\u00e1gua em vapor<\/strong>. O vapor gira as turbinas. As turbinas acionam <strong>geradores de eletricidade<\/strong>.<\/p>\n\n\n\n<p class=\"has-small-font-size\"><mark style=\"background-color:rgba(0, 0, 0, 0)\" class=\"has-inline-color has-white-color\">.<\/mark><\/p>\n\n\n\n<p class=\"has-medium-font-size\"><strong>OUTRAS FONTES DE ENERGIA<\/strong><\/p>\n\n\n\n<p class=\"has-medium-font-size\">Al\u00e9m das <strong>5 fontes de energia<\/strong> que voc\u00ea aprendeu, tamb\u00e9m h\u00e1 outras como:<\/p>\n\n\n\n<ul class=\"wp-block-list\">\n<li class=\"has-medium-font-size\"><strong>Geot\u00e9rmica<\/strong><\/li>\n\n\n\n<li class=\"has-medium-font-size\"><strong>Das<\/strong> <strong>mar\u00e9s<\/strong><\/li>\n\n\n\n<li class=\"has-medium-font-size\"><strong>Nuclear<\/strong><\/li>\n\n\n\n<li class=\"has-medium-font-size\"><strong>G\u00e1s natural<\/strong><\/li>\n<\/ul>\n<\/div><\/div>\n\n\n\n<p class=\"has-text-align-center has-vivid-red-color has-text-color has-link-color has-medium-font-size wp-elements-2bd6c199d60e06db7fddb470296ee776\"><\/p>\n\n\n\n<p class=\"has-black-color has-text-color has-background has-medium-font-size\" style=\"background-color:#eceeef\"><strong> QUEST\u00c3O 1<\/strong><\/p>\n\n\n\n<p class=\"has-text-align-center has-medium-font-size\"><strong><em>FONTE DE ENERGIA: BIOMASSA<\/em><\/strong><\/p>\n\n\n\n<p class=\"has-text-align-center has-medium-font-size\"><em>A biomassa como fonte de energia refere-se ao uso de materiais org\u00e2nicos, como res\u00edduos agr\u00edcolas, restos de madeira, culturas energ\u00e9ticas, entre outros, para a produ\u00e7\u00e3o de energia. Esses materiais org\u00e2nicos s\u00e3o queimados ou convertidos em biocombust\u00edveis, como o biodiesel ou o bioetanol, por exemplo, para gerar eletricidade, calor ou combust\u00edvel para ve\u00edculos.<\/em><\/p>\n\n\n\n<p class=\"has-text-align-right has-small-font-size\">Autora: Prof\u00aa Ma. Amarolina Ribeiro&nbsp;<\/p>\n\n\n\n<p class=\"has-medium-font-size\">A biomassa \u00e9 considerada uma fonte de energia renov\u00e1vel, pois<\/p>\n\n\n\n<p class=\"has-medium-font-size\">(A) a queima de res\u00edduos org\u00e2nicos n\u00e3o emite gases de efeito estufa.<\/p>\n\n\n\n<p class=\"has-medium-font-size\">(B) os res\u00edduos de biomassa s\u00e3o facilmente recicl\u00e1veis e reutiliz\u00e1veis.<\/p>\n\n\n\n<p class=\"has-medium-font-size\">(C) a biomassa \u00e9 constantemente regenerada atrav\u00e9s do ciclo natural de decomposi\u00e7\u00e3o e crescimento de plantas.<\/p>\n\n\n\n<p class=\"has-medium-font-size\">(D) a biomassa \u00e9 uma fonte limpa e inesgot\u00e1vel de energia, j\u00e1 que ela n\u00e3o gera impactos ambientais.<\/p>\n\n\n\n<p><\/p>\n\n\n\n<p class=\"has-black-color has-text-color has-background has-medium-font-size\" style=\"background-color:#eceeef\"><strong> QUEST\u00c3O 2<\/strong><\/p>\n\n\n\n<p class=\"has-text-align-center has-medium-font-size\">\u2022 Observe as imagens abaixo e indique no seu caderno \u2013 conforme o modelo abaixo \u2013 se a fonte de energia \u00e9 <span class=\"has-inline-color has-vivid-green-cyan-color\"><strong>RENOV\u00c1VEL<\/strong> <\/span>ou <span class=\"has-inline-color has-vivid-red-color\"><strong>N\u00c3O-RENOV\u00c1VEL<\/strong>.<\/span><\/p>\n\n\n\n<figure class=\"wp-block-image size-full is-style-default\"><img decoding=\"async\" width=\"906\" height=\"856\" src=\"https:\/\/sme.goiania.go.gov.br\/conexaoescola\/wp-content\/uploads\/2022\/05\/image-44.png\" alt=\"\" class=\"wp-image-144559\" srcset=\"https:\/\/sme.goiania.go.gov.br\/conexaoescola\/wp-content\/uploads\/2022\/05\/image-44.png 906w, https:\/\/sme.goiania.go.gov.br\/conexaoescola\/wp-content\/uploads\/2022\/05\/image-44-300x283.png 300w, https:\/\/sme.goiania.go.gov.br\/conexaoescola\/wp-content\/uploads\/2022\/05\/image-44-768x726.png 768w\" sizes=\"(max-width: 906px) 100vw, 906px\" \/><figcaption class=\"wp-element-caption\">Fonte: https:\/\/www.freepik.com Edi\u00e7\u00e3o: Amarolina Ribeiro<\/figcaption><\/figure>\n\n\n\n<p class=\"has-black-color has-text-color has-background has-medium-font-size\" style=\"background-color:#eceeef\"><strong>  QUEST\u00c3O 3<\/strong><\/p>\n\n\n\n<p class=\"has-text-align-center has-medium-font-size\"><strong><span class=\"has-inline-color has-vivid-red-color\">HORA DA PESQUISA<\/span><\/strong><\/p>\n\n\n\n<p class=\"has-text-align-center has-medium-font-size\"><strong>PE\u00c7A A AJUDA DE UM ADULTO E PESQUISE EM LIVROS OU NA INTERNET.<br>RESPONDA \u00c0S QUEST\u00d5ES A SEGUIR NO SEU CADERNO.<\/strong><\/p>\n\n\n\n<p><\/p>\n\n\n\n<p class=\"has-medium-font-size\">1. Qual a fonte da energia que voc\u00ea utiliza em sua casa? (h\u00eddrica, solar, t\u00e9rmica ou outra).<\/p>\n\n\n\n<p class=\"has-medium-font-size\">2. Como essa energia \u00e9 produzida? Explique as etapas da produ\u00e7\u00e3o.<\/p>\n\n\n\n<p class=\"has-medium-font-size\">3. Qual \u00e9 a empresa respons\u00e1vel por fornecer a eletricidade para a sua casa?<\/p>\n\n\n\n<p class=\"has-medium-font-size\">4. Pesquise quais s\u00e3o os aparelhos que mais consomem energia el\u00e9trica em resid\u00eancias.<\/p>\n\n\n\n<p class=\"has-medium-font-size\">5. O que podemos fazer para economizar energia el\u00e9trica em nossas casas?<\/p>\n\n\n\n<p class=\"has-black-color has-text-color has-background has-medium-font-size\" style=\"background-color:#eceeef\"><strong>  QUEST\u00c3O 4<\/strong><\/p>\n\n\n\n<p class=\"has-medium-font-size\">A afirma\u00e7\u00e3o que melhor descreve o processo de gera\u00e7\u00e3o de energia e\u00f3lica \u00e9<\/p>\n\n\n\n<figure class=\"wp-block-image\"><img decoding=\"async\" src=\"https:\/\/lh7-us.googleusercontent.com\/fgEaYeG1PuJX8yV7nwfZQFYRGPUmPoyduFB6zPhmYugdFlfuTx7hnoRK2aVImHg0o3XxY-RpsIKqwzMnRuIRAiJ_1ipk2aqtlj-yZA3TqBuAtqh2VCVpUxcquaqn-Ym1Kx3MQj2vLVn_\" alt=\"\"\/><\/figure>\n\n\n\n<p class=\"has-text-align-center has-small-font-size\"><a href=\"https:\/\/img.freepik.com\/vetores-gratis\/diagrama-mostrando-turbinas-eolicas-gerando-eletricidade-para-uso-domestico_1308-41816.jpg\" target=\"_blank\" rel=\"noreferrer noopener\">Fonte da imagem: https:\/\/img.freepik.com\/vetores-gratis\/diagrama-mostrando-turbinas-eolicas-gerando-eletricidade-para-uso-domestico_1308-41816.jpg<\/a><\/p>\n\n\n\n<p class=\"has-medium-font-size\">(A) o calor do sol \u00e9 capturado por pain\u00e9is solares e convertido em eletricidade por meio de um processo de fotoss\u00edntese.<\/p>\n\n\n\n<p class=\"has-medium-font-size\">(B) a energia cin\u00e9tica do vento \u00e9 capturada por turbinas e\u00f3licas, que a convertem diretamente em eletricidade por um gerador.<\/p>\n\n\n\n<p class=\"has-medium-font-size\">(C) a \u00e1gua dos rios \u00e9 direcionada para turbinas hidr\u00e1ulicas, onde sua press\u00e3o \u00e9 convertida em eletricidade por meio de um processo de magnetiza\u00e7\u00e3o.<\/p>\n\n\n\n<p class=\"has-medium-font-size\">(D) a biomassa \u00e9 queimada em caldeiras especiais para gerar vapor, que ent\u00e3o aciona turbinas conectadas a geradores para produzir eletricidade.<\/p>\n\n\n\n<hr class=\"wp-block-separator has-css-opacity\"\/>\n\n\n\n<p class=\"has-black-color has-text-color has-background has-medium-font-size\" style=\"background-color:#eceeef\"> <strong>SAIBA MAIS<\/strong><\/p>\n\n\n\n<p class=\"has-text-align-center has-medium-font-size\">AGORA, QUE TAL ASSISTIR O V\u00cdDEO: <strong>ZERO DESPERD\u00cdCIO<\/strong>?<\/p>\n\n\n\n<p class=\"has-medium-font-size\">CONHE\u00c7A O MOVIMENTO GLOBAL EM FAVOR DO MEIO AMBIENTE<\/p>\n\n\n\n<figure class=\"wp-block-embed is-type-video is-provider-youtube wp-block-embed-youtube wp-embed-aspect-16-9 wp-has-aspect-ratio\"><div class=\"wp-block-embed__wrapper\">\n<p class=\"responsive-video-wrap clr\"><iframe title=\"Desperd\u00edcio Zero - Prof\u00aa Ma. Amarolina Ribeiro - Geografia EF1\" width=\"1200\" height=\"675\" src=\"https:\/\/www.youtube.com\/embed\/51VQ-Pf0RF4?feature=oembed\" frameborder=\"0\" allow=\"accelerometer; autoplay; clipboard-write; encrypted-media; gyroscope; picture-in-picture; web-share\" referrerpolicy=\"strict-origin-when-cross-origin\" allowfullscreen><\/iframe><\/p>\n<\/div><figcaption class=\"wp-element-caption\">Canal Amarolina Ribeiro &#8220;<a rel=\"noreferrer noopener\" target=\"_blank\" href=\"https:\/\/www.youtube.com\/watch?v=51VQ-Pf0RF4\">Desperd\u00edcio Zero &#8211; Prof\u00aa Ma. Amarolina Ribeiro &#8211; Geografia EF1<\/a>&#8220;. Dispon\u00edvel em: &lt;https:\/\/youtu.be\/51VQ-Pf0RF4&gt;. Acesso em: 19 Mai 2022.<\/figcaption><\/figure>\n\n\n\n<hr class=\"wp-block-separator has-alpha-channel-opacity\"\/>\n\n\n\n<figure class=\"wp-block-table is-style-stripes\" style=\"font-size:15px\"><table class=\"has-black-color has-text-color\"><tbody><tr><td><strong>Autoria:<\/strong><\/td><td>Prof. Ma. Amarolina Ribeiro<\/td><\/tr><tr><td><strong>Forma\u00e7\u00e3o:<\/strong><\/td><td>Mestrado em Ensino na Educa\u00e7\u00e3o B\u00e1sica &#8211; UFG<br>Licenciatura em Geografia e Pedagogia<\/td><\/tr><tr><td><strong>Componente Curricular:<\/strong><\/td><td>Geografia<\/td><\/tr><tr><td><strong>Habilidades:<\/strong><\/td><td>(EF05GE07) &#8211; Identificar os diferentes tipos de energia utilizados na produ\u00e7\u00e3o industrial, agr\u00edcola e extrativa e no cotidiano das popula\u00e7\u00f5es.<\/td><\/tr><tr><td><strong>Refer\u00eancia bibliogr\u00e1fica:<\/strong><\/td><td>CALLAI, Helena Copetti. Aprendendo a ler o mundo: a Geografia nos anos iniciais do Ensino Fundamental. Cad. Cedes, Campinas, v. 25, n. 66, 2005.<br><br><strong><em>_<\/em>_______<\/strong>. Educa\u00e7\u00e3o Geogr\u00e1fica: reflex\u00e3o e pr\u00e1tica. Iju\u00ed: Uniju\u00ed, 2011.<br><br>CAVALCANTI, Lana de Souza (Org.). Geografia, escola e constru\u00e7\u00e3o de conhecimentos. Campinas: Papirus, 2010.<br><br>MONTOYA, M. A. &amp; FINAMORE, E. F. A. (2019b). Os recursos h\u00eddricos no agroneg\u00f3cio brasileiro: uma an\u00e1lise insumo-produto do uso, consumo, efici\u00eancia e intensidade. Texto para discuss\u00e3o, n. 10, 2019b. Dispon\u00edvel em https:\/\/www.scielo.br\/j\/rbe\/a\/TPk46KwNrcCw5jGPY6Hhyfw\/?lang=pt Acesso em: 10 set. 2022.<\/td><\/tr><\/tbody><\/table><\/figure>\n\n\n\n<p><\/p>\n","protected":false},"author":61,"featured_media":144558,"template":"","ef_categoria":[],"ef_ano":[88],"ef_componente":[96],"class_list":["post-144555","ensino_fundamental","type-ensino_fundamental","status-publish","has-post-thumbnail","hentry","ef_ano-5o-ano","ef_componente-geografia","entry","has-media"],"acf":[],"_links":{"self":[{"href":"https:\/\/sme.goiania.go.gov.br\/conexaoescola\/wp-json\/wp\/v2\/ensino_fundamental\/144555","targetHints":{"allow":["GET"]}}],"collection":[{"href":"https:\/\/sme.goiania.go.gov.br\/conexaoescola\/wp-json\/wp\/v2\/ensino_fundamental"}],"about":[{"href":"https:\/\/sme.goiania.go.gov.br\/conexaoescola\/wp-json\/wp\/v2\/types\/ensino_fundamental"}],"author":[{"embeddable":true,"href":"https:\/\/sme.goiania.go.gov.br\/conexaoescola\/wp-json\/wp\/v2\/users\/61"}],"version-history":[{"count":20,"href":"https:\/\/sme.goiania.go.gov.br\/conexaoescola\/wp-json\/wp\/v2\/ensino_fundamental\/144555\/revisions"}],"predecessor-version":[{"id":197207,"href":"https:\/\/sme.goiania.go.gov.br\/conexaoescola\/wp-json\/wp\/v2\/ensino_fundamental\/144555\/revisions\/197207"}],"wp:featuredmedia":[{"embeddable":true,"href":"https:\/\/sme.goiania.go.gov.br\/conexaoescola\/wp-json\/wp\/v2\/media\/144558"}],"wp:attachment":[{"href":"https:\/\/sme.goiania.go.gov.br\/conexaoescola\/wp-json\/wp\/v2\/media?parent=144555"}],"wp:term":[{"taxonomy":"ef_categoria","embeddable":true,"href":"https:\/\/sme.goiania.go.gov.br\/conexaoescola\/wp-json\/wp\/v2\/ef_categoria?post=144555"},{"taxonomy":"ef_ano","embeddable":true,"href":"https:\/\/sme.goiania.go.gov.br\/conexaoescola\/wp-json\/wp\/v2\/ef_ano?post=144555"},{"taxonomy":"ef_componente","embeddable":true,"href":"https:\/\/sme.goiania.go.gov.br\/conexaoescola\/wp-json\/wp\/v2\/ef_componente?post=144555"}],"curies":[{"name":"wp","href":"https:\/\/api.w.org\/{rel}","templated":true}]}}