{"id":144515,"date":"2022-05-23T02:12:48","date_gmt":"2022-05-23T05:12:48","guid":{"rendered":"https:\/\/sme.goiania.go.gov.br\/conexaoescola\/?post_type=ensino_fundamental&#038;p=144515"},"modified":"2024-01-31T11:33:29","modified_gmt":"2024-01-31T14:33:29","slug":"arte-teatro-expressoes-faciais","status":"publish","type":"ensino_fundamental","link":"https:\/\/sme.goiania.go.gov.br\/conexaoescola\/ensino_fundamental\/arte-teatro-expressoes-faciais\/","title":{"rendered":"Arte &#8211; Teatro: Express\u00f5es faciais"},"content":{"rendered":"\n<p class=\"has-black-color has-text-color has-background has-medium-font-size\" style=\"background-color:#ffdbe4\">Esta proposta de atividade de<strong> Arte, <\/strong>\u00e9 destinada a estudantes d<strong>e 3\u00ba ano<\/strong> do Ensino Fundamental.<\/p>\n\n\n\n<div class=\"wp-block-buttons is-content-justification-center is-layout-flex wp-container-core-buttons-is-layout-16018d1d wp-block-buttons-is-layout-flex\">\n<div class=\"wp-block-button has-custom-font-size has-medium-font-size\"><a class=\"wp-block-button__link wp-element-button\" href=\"https:\/\/drive.google.com\/uc?export=download&amp;id=1Lc-P1nKhCQZDjy1FIy86sxQ1Mmuwf7FR\">BAIXE A ATIVIDADE<\/a><\/div>\n\n\n\n<div class=\"wp-block-button has-custom-font-size has-medium-font-size\"><a class=\"wp-block-button__link wp-element-button\" href=\"https:\/\/drive.google.com\/uc?export=download&amp;id=1roaCj232UqkH9B6KPVvO9fWvGfv74143\">BAIXE OS SLIDES<\/a><\/div>\n\n\n\n<div class=\"wp-block-button has-custom-font-size has-medium-font-size\"><a class=\"wp-block-button__link wp-element-button\" href=\"https:\/\/drive.google.com\/uc?export=download&amp;id=1crp-c0J4HdT1Sfq3CwfNjgJ3DxtgMdoG\">BAIXE O TEXTO<\/a><\/div>\n<\/div>\n\n\n\n<div style=\"height:26px\" aria-hidden=\"true\" class=\"wp-block-spacer\"><\/div>\n\n\n\n<p class=\"has-medium-font-size\">Voc\u00ea j\u00e1 foi ao teatro?<\/p>\n\n\n\n<p class=\"has-medium-font-size\">Sabe de onde ele surgiu?<\/p>\n\n\n<div class=\"wp-block-image is-style-rounded\">\n<figure class=\"aligncenter size-large is-resized\"><img fetchpriority=\"high\" decoding=\"async\" src=\"https:\/\/sme.goiania.go.gov.br\/conexaoescola\/wp-content\/uploads\/2022\/05\/comedy-157719_1280-1024x1024.png\" alt=\"\" class=\"wp-image-144516\" width=\"512\" height=\"512\" srcset=\"https:\/\/sme.goiania.go.gov.br\/conexaoescola\/wp-content\/uploads\/2022\/05\/comedy-157719_1280-1024x1024.png 1024w, https:\/\/sme.goiania.go.gov.br\/conexaoescola\/wp-content\/uploads\/2022\/05\/comedy-157719_1280-300x300.png 300w, https:\/\/sme.goiania.go.gov.br\/conexaoescola\/wp-content\/uploads\/2022\/05\/comedy-157719_1280-150x150.png 150w, https:\/\/sme.goiania.go.gov.br\/conexaoescola\/wp-content\/uploads\/2022\/05\/comedy-157719_1280-768x768.png 768w, https:\/\/sme.goiania.go.gov.br\/conexaoescola\/wp-content\/uploads\/2022\/05\/comedy-157719_1280.png 1280w\" sizes=\"(max-width: 512px) 100vw, 512px\" \/><figcaption class=\"wp-element-caption\">Foto di OpenClipart-Vectors da Pixabay. Dispon\u00edvel em: https:\/\/pixabay.com\/it\/vectors\/commedia-faccia-teatro-tragedia-157719<\/figcaption><\/figure><\/div>\n\n\n<p class=\"has-medium-font-size\">O teatro, tem suas ra\u00edzes na Gr\u00e9cia antiga, \u00e9 mais do que um simples palco; \u00e9 um local onde a arte ganha vida. A palavra &#8220;teatro&#8221; n\u00e3o representa s\u00f3 um espa\u00e7o f\u00edsico, mas tamb\u00e9m a arte que nele se desenrola. Essa forma de express\u00e3o art\u00edstica compreende um conjunto de pe\u00e7as teatrais destinadas \u00e0 apresenta\u00e7\u00e3o a um p\u00fablico, onde atores, por meio de suas habilidades, d\u00e3o vida a personagens e hist\u00f3rias que despertam diversos sentimentos na plateia.<\/p>\n\n\n\n<p class=\"has-medium-font-size\">No teatro, as express\u00f5es faciais e corporais s\u00e3o ferramentas fundamentais para o sucesso de uma pe\u00e7a. \u00c9 atrav\u00e9s dessas express\u00f5es que os atores conseguem transmitir emo\u00e7\u00f5es, conectar-se com o p\u00fablico e contar uma hist\u00f3ria de forma convincente. As express\u00f5es faciais, por exemplo, s\u00e3o capazes de revelar alegria, tristeza, surpresa, medo e uma variedade de outros sentimentos.<\/p>\n\n\n\n<p class=\"has-medium-font-size\">\u00c9 incr\u00edvel como a m\u00edmica \u00e9 usada no teatro, uma forma de express\u00e3o que utiliza gestos e movimentos corporais para comunicar ideias e sentimentos sem o uso de palavras. As m\u00edmicas s\u00e3o um exemplo importante de como a linguagem corporal \u00e9 poderosa, criando uma comunica\u00e7\u00e3o rica e cativante.<\/p>\n\n\n\n<div style=\"height:33px\" aria-hidden=\"true\" class=\"wp-block-spacer\"><\/div>\n\n\n\n<p class=\"has-black-color has-text-color has-background has-medium-font-size\" style=\"background-color:#ffdbe4\"><strong>Quest\u00e3o<\/strong> <strong>1<\/strong><\/p>\n\n\n\n<p class=\"has-medium-font-size\">O que o texto destaca como uma ferramenta fundamental para o sucesso de uma pe\u00e7a de teatro?<\/p>\n\n\n\n<div class=\"wp-block-group is-vertical is-layout-flex wp-container-core-group-is-layout-8cf370e7 wp-block-group-is-layout-flex\">\n<p class=\"has-medium-font-size\">A) Uso intensivo de efeitos especiais.<\/p>\n\n\n\n<p class=\"has-medium-font-size\">B) A escolha do local de apresenta\u00e7\u00e3o.<\/p>\n\n\n\n<p class=\"has-medium-font-size\">C) Express\u00f5es faciais e corporais dos atores.<\/p>\n\n\n\n<p class=\"has-medium-font-size\">D) N\u00famero de atores envolvidos na pe\u00e7a.<\/p>\n\n\n\n<div style=\"height:25px\" aria-hidden=\"true\" class=\"wp-block-spacer\"><\/div>\n<\/div>\n\n\n\n<p class=\"has-black-color has-text-color has-background has-medium-font-size\" style=\"background-color:#ffdbe4\"><strong>Quest\u00e3o 2<\/strong><\/p>\n\n\n\n<p class=\"has-medium-font-size\">Qual \u00e9 o objetivo das express\u00f5es faciais e corporais no teatro, de acordo com o texto?<\/p>\n\n\n\n<div class=\"wp-block-group is-vertical is-layout-flex wp-container-core-group-is-layout-8cf370e7 wp-block-group-is-layout-flex\">\n<p class=\"has-medium-font-size\">A) Apenas decorar o roteiro da pe\u00e7a.<\/p>\n\n\n\n<p class=\"has-medium-font-size\">B) Transmitir emo\u00e7\u00f5es, conectar-se com o p\u00fablico e tornar a hist\u00f3ria convincente.<\/p>\n\n\n\n<p class=\"has-medium-font-size\">C) Agradar apenas os jornalistas e cr\u00edticos de teatro.<\/p>\n\n\n\n<p class=\"has-medium-font-size\">D) Apenas reduzir a quantidade de conversas na pe\u00e7a.<\/p>\n\n\n\n<div style=\"height:25px\" aria-hidden=\"true\" class=\"wp-block-spacer\"><\/div>\n<\/div>\n\n\n\n<p class=\"has-black-color has-text-color has-background has-medium-font-size\" style=\"background-color:#ffdbe4\"><strong>Quest\u00e3o 3<\/strong><\/p>\n\n\n\n<p class=\"has-medium-font-size\">No Teatro as express\u00f5es faciais e corporais s\u00e3o fundamentais para que a pe\u00e7a seja um sucesso.&nbsp;<\/p>\n\n\n\n<p class=\"has-medium-font-size\">Por isso, vamos aprender um pouco sobre as express\u00f5es faciais e os sentimentos representados por elas.&nbsp;<\/p>\n\n\n<div class=\"wp-block-image is-style-default\">\n<figure class=\"aligncenter size-large is-resized\"><img decoding=\"async\" src=\"https:\/\/sme.goiania.go.gov.br\/conexaoescola\/wp-content\/uploads\/2022\/05\/1-26-724x1024.jpg\" alt=\"\" class=\"wp-image-144517\" width=\"543\" height=\"768\" srcset=\"https:\/\/sme.goiania.go.gov.br\/conexaoescola\/wp-content\/uploads\/2022\/05\/1-26-724x1024.jpg 724w, https:\/\/sme.goiania.go.gov.br\/conexaoescola\/wp-content\/uploads\/2022\/05\/1-26-212x300.jpg 212w, https:\/\/sme.goiania.go.gov.br\/conexaoescola\/wp-content\/uploads\/2022\/05\/1-26-768x1086.jpg 768w, https:\/\/sme.goiania.go.gov.br\/conexaoescola\/wp-content\/uploads\/2022\/05\/1-26-1086x1536.jpg 1086w, https:\/\/sme.goiania.go.gov.br\/conexaoescola\/wp-content\/uploads\/2022\/05\/1-26.jpg 1414w\" sizes=\"(max-width: 543px) 100vw, 543px\" \/><figcaption class=\"wp-element-caption\">Atividade constru\u00edda no Canva Educacional<\/figcaption><\/figure><\/div>\n\n\n<p class=\"has-medium-font-size\"><strong><em>Obs.:<\/em><\/strong><em> Se poss\u00edvel imprima a folha abaixo, se n\u00e3o for poss\u00edvel identifique e registre no caderno<\/em>.<\/p>\n\n\n\n<div style=\"height:57px\" aria-hidden=\"true\" class=\"wp-block-spacer\"><\/div>\n\n\n\n<p class=\"has-black-color has-text-color has-background has-medium-font-size\" style=\"background-color:#ffdbe4\"><strong>Quest\u00e3o 4<\/strong><\/p>\n\n\n\n<p class=\"has-medium-font-size\">Agora use seu desenho para dar vida \u00e0s express\u00f5es das crian\u00e7as.&nbsp;<\/p>\n\n\n<div class=\"wp-block-image is-style-default\">\n<figure class=\"aligncenter size-large is-resized\"><img decoding=\"async\" src=\"https:\/\/sme.goiania.go.gov.br\/conexaoescola\/wp-content\/uploads\/2022\/05\/Preto-e-Branco-Alinhado-Emocoes-Folha-de-Atividade-de-Colorir-724x1024.png\" alt=\"\" class=\"wp-image-144518\" width=\"543\" height=\"768\" srcset=\"https:\/\/sme.goiania.go.gov.br\/conexaoescola\/wp-content\/uploads\/2022\/05\/Preto-e-Branco-Alinhado-Emocoes-Folha-de-Atividade-de-Colorir-724x1024.png 724w, https:\/\/sme.goiania.go.gov.br\/conexaoescola\/wp-content\/uploads\/2022\/05\/Preto-e-Branco-Alinhado-Emocoes-Folha-de-Atividade-de-Colorir-212x300.png 212w, https:\/\/sme.goiania.go.gov.br\/conexaoescola\/wp-content\/uploads\/2022\/05\/Preto-e-Branco-Alinhado-Emocoes-Folha-de-Atividade-de-Colorir-768x1086.png 768w, https:\/\/sme.goiania.go.gov.br\/conexaoescola\/wp-content\/uploads\/2022\/05\/Preto-e-Branco-Alinhado-Emocoes-Folha-de-Atividade-de-Colorir-1086x1536.png 1086w, https:\/\/sme.goiania.go.gov.br\/conexaoescola\/wp-content\/uploads\/2022\/05\/Preto-e-Branco-Alinhado-Emocoes-Folha-de-Atividade-de-Colorir.png 1414w\" sizes=\"(max-width: 543px) 100vw, 543px\" \/><\/figure><\/div>\n\n\n<p class=\"has-medium-font-size\"><strong>Obs.: <\/strong>Se n\u00e3o for poss\u00edvel imprimir desenhe no caderno.<\/p>\n\n\n\n<div style=\"height:57px\" aria-hidden=\"true\" class=\"wp-block-spacer\"><\/div>\n\n\n\n<p class=\"has-black-color has-text-color has-background has-medium-font-size\" style=\"background-color:#ffdbe4\"><strong>Quest\u00e3o 5<\/strong><\/p>\n\n\n\n<p class=\"has-medium-font-size\">Vamos brincar?<\/p>\n\n\n\n<p class=\"has-medium-font-size\">Antes de iniciarmos a brincadeira \u00e9 importante relembrar que esta \u00e9 uma atividade importante referente a uma Arte milenar.&nbsp;<\/p>\n\n\n\n<p class=\"has-medium-font-size\">Fa\u00e7a em dupla ou em pequeno grupo a representa\u00e7\u00e3o dos sentimentos\/a\u00e7\u00e3o a seguir.<\/p>\n\n\n\n<p class=\"has-medium-font-size\">Cada crian\u00e7a dever\u00e1 escolher um sentimento para representar por vez. Todos devem participar.<\/p>\n\n\n<div class=\"wp-block-image\">\n<figure class=\"aligncenter size-full is-resized\"><img loading=\"lazy\" decoding=\"async\" src=\"https:\/\/sme.goiania.go.gov.br\/conexaoescola\/wp-content\/uploads\/2024\/01\/tabela-1.png\" alt=\"\" class=\"wp-image-176493\" width=\"373\" height=\"410\" srcset=\"https:\/\/sme.goiania.go.gov.br\/conexaoescola\/wp-content\/uploads\/2024\/01\/tabela-1.png 421w, https:\/\/sme.goiania.go.gov.br\/conexaoescola\/wp-content\/uploads\/2024\/01\/tabela-1-273x300.png 273w\" sizes=\"(max-width: 373px) 100vw, 373px\" \/><\/figure><\/div>\n\n\n<div style=\"height:57px\" aria-hidden=\"true\" class=\"wp-block-spacer\"><\/div>\n\n\n\n<p class=\"has-black-color has-text-color has-background has-medium-font-size\" style=\"background-color:#ffdbe4\"><strong>Quest\u00e3o 6<\/strong><\/p>\n\n\n\n<p class=\"has-medium-font-size\">Por fim, dialogue sobre a atividade j\u00e1 pensando em como seria contar uma hist\u00f3ria usando essas express\u00f5es faciais e qual hist\u00f3ria gostaria de encenar.<\/p>\n\n\n\n<div style=\"height:57px\" aria-hidden=\"true\" class=\"wp-block-spacer\"><\/div>\n\n\n\n<hr class=\"wp-block-separator has-css-opacity\"\/>\n\n\n\n<p class=\"has-black-color has-text-color has-background has-medium-font-size\" style=\"background-color:#ffdbe4\"><strong>Saber Mais<\/strong><\/p>\n\n\n\n<p class=\"has-medium-font-size\">M\u00edmica, <em>Por <\/em><a href=\"https:\/\/www.infoescola.com\/autor\/ana-lucia-santana\/3\/\"><em>Ana Lucia Santana<\/em><\/a>. Dispon\u00edvel em: &lt;<a href=\"https:\/\/www.infoescola.com\/artes\/mimica\/\">https:\/\/www.infoescola.com\/artes\/mimica\/<\/a>&gt; <\/p>\n\n\n\n<p class=\"has-medium-font-size\"><\/p>\n\n\n\n<figure class=\"wp-block-embed is-type-video is-provider-youtube wp-block-embed-youtube wp-embed-aspect-16-9 wp-has-aspect-ratio\"><div class=\"wp-block-embed__wrapper\">\n<p class=\"responsive-video-wrap clr\"><iframe title=\"Exerc\u00edcios de teatro \/ Jogos teatrais - Telefone sem fio com gestos\" width=\"1200\" height=\"675\" src=\"https:\/\/www.youtube.com\/embed\/Nw4na75u8zg?feature=oembed\" frameborder=\"0\" allow=\"accelerometer; autoplay; clipboard-write; encrypted-media; gyroscope; picture-in-picture; web-share\" allowfullscreen><\/iframe><\/p>\n<\/div><figcaption class=\"wp-element-caption\"> Canal Viver de Teatro &#8220;Exerc\u00edcios de teatro \/ Jogos teatrais &#8211; Telefone sem fio com gestos&#8221;. Dispon\u00edvel em: &lt;<a href=\"https:\/\/www.youtube.com\/watch?v=Nw4na75u8zg\">https:\/\/www.youtube.com\/watch?v=Nw4na75u8zg<\/a>&gt;. Acesso em: 23 Mai 2022.<\/figcaption><\/figure>\n\n\n\n<div style=\"height:25px\" aria-hidden=\"true\" class=\"wp-block-spacer\"><\/div>\n\n\n\n<hr class=\"wp-block-separator has-css-opacity\"\/>\n\n\n\n<figure class=\"wp-block-table is-style-stripes\"><table><tbody><tr><td><strong>Autoria:\u00a0<\/strong><\/td><td>Ariadiny C\u00e2ndido Morais<\/td><\/tr><tr><td><strong>Forma\u00e7\u00e3o:<\/strong><\/td><td>Pedagoga e Mestre em Educa\u00e7\u00e3o<\/td><\/tr><tr><td><strong>Componente Curricular<\/strong><\/td><td>Arte<\/td><\/tr><tr><td><strong>Objetivos de aprendizagem e desenvolvimento<\/strong>:<br>Contextos e Pr\u00e1ticas: Hist\u00f3rias dramatizadas e outras narrativas &#8211; repert\u00f3rio real e ficcional<br><br>Processos de Cria\u00e7\u00e3o: Trabalho colaborativo, coletivo e autoral\/ improvisa\u00e7\u00f5es teatrais e processos narrativos<br><br>Processos de Cria\u00e7\u00e3o: Composi\u00e7\u00e3o c\u00eanica\u00a0<\/td><td><br><br><br>(GO-EF03AR18-C) Desenvolver a multisensorialidade ao ver, ouvir e contar hist\u00f3rias dramatizadas e outras narrativas, exercitando a percep\u00e7\u00e3o, o imagin\u00e1rio, a mem\u00f3ria, a intui\u00e7\u00e3o, a reflex\u00e3o, a emo\u00e7\u00e3o, a capacidade de simbolizar, o repert\u00f3rio real e ficcional.<br><br>(GO-EF03AR20) Investigar e experimentar as possibilidades do trabalho colaborativo, coletivo e autoral em improvisa\u00e7\u00f5es teatrais e processos narrativos \/criativos em teatro, explorando desde a teatralidade dos gestos e das a\u00e7\u00f5es do cotidiano e extra-cotidiano at\u00e9 elementos de diferentes matrizes est\u00e9ticas e culturais.<br><br>(GO-EF03AR21-A) Explorar objetos concretos e imagin\u00e1rios na composi\u00e7\u00e3o c\u00eanica, individual e coletivamente, buscando estabelecer diferentes rela\u00e7\u00f5es, conex\u00f5es, significa\u00e7\u00f5es e ressignifica\u00e7\u00f5es, bem como fazer s\u00ednteses e registros verbais e\/ou n\u00e3o verbais sobre as experi\u00eancias vivenciadas.<\/td><\/tr><tr><td><strong>Refer\u00eancias<\/strong><\/td><td>Documento Curricular para Goi\u00e1s &#8211; Ampliado &#8211; Cortes Temporais.pdf. Dispon\u00edvel em: &lt;<a href=\"https:\/\/sme.goiania.go.gov.br\/site\/index.php\/institucional\/documentos-oficiais-2\">https:\/sme.goiania.go.gov.br\/site\/index.php\/institucional\/documentos-oficiais-2\/<\/a>&gt;<br><br>Documento Curricular para Goi\u00e1s Ampliado_vol II.pdf. Goi\u00e2nia\/GO: CONSED\/ UNDIME Goi\u00e1s, 2018.&nbsp;<\/td><\/tr><\/tbody><\/table><\/figure>\n","protected":false},"author":12,"featured_media":144516,"template":"","ef_categoria":[13,17],"ef_ano":[86],"ef_componente":[99],"class_list":["post-144515","ensino_fundamental","type-ensino_fundamental","status-publish","has-post-thumbnail","hentry","ef_categoria-ciclo-da-infancia-abc","ef_categoria-corpo-e-movimento","ef_ano-3o-ano","ef_componente-arte-ef","entry","has-media"],"acf":[],"_links":{"self":[{"href":"https:\/\/sme.goiania.go.gov.br\/conexaoescola\/wp-json\/wp\/v2\/ensino_fundamental\/144515","targetHints":{"allow":["GET"]}}],"collection":[{"href":"https:\/\/sme.goiania.go.gov.br\/conexaoescola\/wp-json\/wp\/v2\/ensino_fundamental"}],"about":[{"href":"https:\/\/sme.goiania.go.gov.br\/conexaoescola\/wp-json\/wp\/v2\/types\/ensino_fundamental"}],"author":[{"embeddable":true,"href":"https:\/\/sme.goiania.go.gov.br\/conexaoescola\/wp-json\/wp\/v2\/users\/12"}],"version-history":[{"count":3,"href":"https:\/\/sme.goiania.go.gov.br\/conexaoescola\/wp-json\/wp\/v2\/ensino_fundamental\/144515\/revisions"}],"predecessor-version":[{"id":176502,"href":"https:\/\/sme.goiania.go.gov.br\/conexaoescola\/wp-json\/wp\/v2\/ensino_fundamental\/144515\/revisions\/176502"}],"wp:featuredmedia":[{"embeddable":true,"href":"https:\/\/sme.goiania.go.gov.br\/conexaoescola\/wp-json\/wp\/v2\/media\/144516"}],"wp:attachment":[{"href":"https:\/\/sme.goiania.go.gov.br\/conexaoescola\/wp-json\/wp\/v2\/media?parent=144515"}],"wp:term":[{"taxonomy":"ef_categoria","embeddable":true,"href":"https:\/\/sme.goiania.go.gov.br\/conexaoescola\/wp-json\/wp\/v2\/ef_categoria?post=144515"},{"taxonomy":"ef_ano","embeddable":true,"href":"https:\/\/sme.goiania.go.gov.br\/conexaoescola\/wp-json\/wp\/v2\/ef_ano?post=144515"},{"taxonomy":"ef_componente","embeddable":true,"href":"https:\/\/sme.goiania.go.gov.br\/conexaoescola\/wp-json\/wp\/v2\/ef_componente?post=144515"}],"curies":[{"name":"wp","href":"https:\/\/api.w.org\/{rel}","templated":true}]}}