{"id":144485,"date":"2022-05-21T12:55:54","date_gmt":"2022-05-21T15:55:54","guid":{"rendered":"https:\/\/sme.goiania.go.gov.br\/conexaoescola\/?post_type=ensino_fundamental&#038;p=144485"},"modified":"2023-08-14T14:03:40","modified_gmt":"2023-08-14T17:03:40","slug":"historia-a-construcao-de-brasilia","status":"publish","type":"ensino_fundamental","link":"https:\/\/sme.goiania.go.gov.br\/conexaoescola\/ensino_fundamental\/historia-a-construcao-de-brasilia\/","title":{"rendered":"Hist\u00f3ria &#8211; A constru\u00e7\u00e3o de Bras\u00edlia"},"content":{"rendered":"\n<p class=\"has-text-align-center has-black-color has-text-color has-background has-medium-font-size\" style=\"background-color:#d9dfe4\"> <strong>ESTA PROPOSTA DE ATIVIDADE DE HIST\u00d3RIA\u00a0\u00c9 DESTINADA AOS ESTUDANTES<\/strong>\u00a0<strong>DO<\/strong>\u00a0<strong>4\u00ba ANO DO ENSINO FUNDAMENTAL<\/strong>.<\/p>\n\n\n\n<div class=\"wp-block-buttons is-content-justification-center is-layout-flex wp-container-core-buttons-is-layout-16018d1d wp-block-buttons-is-layout-flex\">\n<div class=\"wp-block-button\"><a class=\"wp-block-button__link wp-element-button\" href=\"https:\/\/drive.google.com\/uc?export=download&amp;id=1mh8oF7s_kgMrBNhgp9hXw2S207QBxR_l\" target=\"_blank\" rel=\"noreferrer noopener\">BAIXE A ATIVIDADE<\/a><\/div>\n\n\n\n<div class=\"wp-block-button\"><a class=\"wp-block-button__link wp-element-button\" href=\"https:\/\/drive.google.com\/uc?export=download&amp;id=14F2m7yHO_SXuqfF3E_LvwTW7mxv_UL4F\" target=\"_blank\" rel=\"noreferrer noopener\">BAIXE OS SLIDES<\/a><\/div>\n\n\n\n<div class=\"wp-block-button\"><a class=\"wp-block-button__link wp-element-button\" href=\"https:\/\/drive.google.com\/uc?export=download&amp;id=1ItGN8yN2O8wvZxkLm-HjG_rO75_KSL9t\" target=\"_blank\" rel=\"noreferrer noopener\">BAIXE O TEXTO<\/a><\/div>\n<\/div>\n\n\n\n<p class=\"has-text-align-left has-medium-font-size\">A constru\u00e7\u00e3o de Bras\u00edlia \u00e9 um marco nos movimentos de interioriza\u00e7\u00e3o do Brasil. A proposta de uma capital no planalto central foi motivada pela ideia de desenvolvimento de todo territ\u00f3rio nacional. O presidente Juscelino Kubitschek efetivou o plano da nova capital, que foi inteiramente planejada.<\/p>\n\n\n\n<p class=\"has-text-align-center has-medium-font-size\"><strong>A CONSTRU\u00c7\u00c3O DE BRAS\u00cdLIA<\/strong><\/p>\n\n\n\n<figure class=\"wp-block-image size-large\"><img decoding=\"async\" src=\"https:\/\/sme.goiania.go.gov.br\/conexaoescola\/wp-content\/uploads\/2022\/05\/brasilia-g5b4d3fa35_1920-1024x633.jpg\" alt=\"\" class=\"wp-image-144486\"\/><figcaption class=\"wp-element-caption\">Fonte: pixabay.com<\/figcaption><\/figure>\n\n\n\n<p><\/p>\n\n\n\n<p><\/p>\n\n\n\n<p class=\"has-medium-font-size\">Bras\u00edlia \u00e9 a capital do Brasil e sua constru\u00e7\u00e3o representou um marco para o movimento de interioriza\u00e7\u00e3o do pa\u00eds. As primeiras ocupa\u00e7\u00f5es do territ\u00f3rio brasileiro pelos portugueses ocorreram nas regi\u00f5es litor\u00e2neas<\/p>\n\n\n\n<p class=\"has-medium-font-size\">A expans\u00e3o para o interior do Brasil se deu pela busca de novas fontes de explora\u00e7\u00e3o de riquezas e amplia\u00e7\u00e3o do dom\u00ednio sobre as terras. Antes de Bras\u00edlia ser a capital, Salvador e Rio de Janeiro ocuparam a fun\u00e7\u00e3o.&nbsp;<\/p>\n\n\n\n<p class=\"has-medium-font-size\">A ideia de se transferir a capital para o interior do pa\u00eds j\u00e1 existia desde o s\u00e9culo XIX, por\u00e9m somente no governo de Juscelino Kubitschek, na d\u00e9cada de 1950, \u00e9 que o projeto foi efetivado.&nbsp;<\/p>\n\n\n\n<p class=\"has-medium-font-size\">O in\u00edcio da constru\u00e7\u00e3o de Bras\u00edlia se deu em 1956, sendo conclu\u00edda somente em 21 de abril de 1960. A cidade foi planejada pelo urbanista L\u00facio Costa e pelo arquiteto Oscar Niemeyer, seguindo princ\u00edpios e ideias modernistas.&nbsp;<\/p>\n\n\n\n<p class=\"has-medium-font-size\">O processo de constru\u00e7\u00e3o envolveu a contrata\u00e7\u00e3o de milhares de trabalhadores Muitos desses trabalhadores vieram das regi\u00f5es Norte e Nordeste do Brasil, sendo apelidados de candangos. A cidade foi inaugurada em grande estilo e at\u00e9 hoje \u00e9 considerada um destaque na arquitetura e urbanismo brasileiros.<\/p>\n\n\n\n<p class=\"has-medium-font-size\">Bras\u00edlia abriga as sedes dos Poderes Executivo, Judici\u00e1rio e Legislativo brasileiro. As decis\u00f5es pol\u00edticas e judiciais que impactam toda a sociedade brasileira saem de l\u00e1, al\u00e9m de ser um verdadeiro museu a c\u00e9u aberto com diversas constru\u00e7\u00f5es ic\u00f4nicas.<\/p>\n\n\n\n<p class=\"has-text-align-center has-medium-font-size\"><strong>Agora \u00e9 com voc\u00ea, vamos responder algumas quest\u00f5es?<\/strong><\/p>\n\n\n\n<p class=\"has-black-color has-text-color has-background has-medium-font-size\" style=\"background-color:#d9dfe4\"><strong>QUEST\u00c3O 1<\/strong><\/p>\n\n\n\n<p class=\"has-medium-font-size\">Observe as imagens que representam Bras\u00edlia em dois per\u00edodos distintos:<\/p>\n\n\n\n<p class=\"has-text-align-center\"><img fetchpriority=\"high\" decoding=\"async\" src=\"https:\/\/lh4.googleusercontent.com\/lMYvqYXyYLVWbsHKaI_dits9QaKNPz_WD5GeuM2glGbOiedg8f04Id3D76u0aMv4sjHWI-cPcOfITW6j-JJafsT0d96GUYfTv8VcQtZd-YLtBu94GQYZxP69K_CoHVQbTjRMKEQh0NM5zFo-wA\" width=\"506\" height=\"434\"><\/p>\n\n\n\n<p class=\"has-text-align-center has-small-font-size\">Dispon\u00edvel em:https:\/\/commons.wikimedia.org\/wiki\/File:Bras%C3%ADlia-em-1964.jpg Acesso em 04 mai. 2022<\/p>\n\n\n\n<p class=\"has-text-align-center\"><img decoding=\"async\" src=\"https:\/\/lh4.googleusercontent.com\/5LTU0E-sjJy7oPYSAxSy4qoDiWU2mFxBI0O9PExU0Tn4e5WyRimwws8Hpf4b4Ab5FC9RWnkKfTgjXT5XMUB9S71ktyqpkRe6W2W55CSt7gweMo818kJatKLQTUEM9HNHiZR_w9lDCzesMJXMlA\" width=\"564\" height=\"375\"><\/p>\n\n\n\n<p class=\"has-text-align-center has-small-font-size\">Dispon\u00edvel em: https:\/\/commons.wikimedia.org\/wiki\/File:Bras%C3%ADlia-em-1964.jpg Acesso em 04 mai. 2022<\/p>\n\n\n\n<p class=\"has-medium-font-size\">Quais s\u00e3o as modifica\u00e7\u00f5es que voc\u00ea consegue perceber no espa\u00e7o urbano de Bras\u00edlia ao comparar as duas imagens?<\/p>\n\n\n\n<p class=\"has-black-color has-text-color has-background has-medium-font-size\" style=\"background-color:#d9dfe4\"><strong>QUEST\u00c3O 2<\/strong><\/p>\n\n\n\n<p class=\"has-medium-font-size\">Bras\u00edlia possui v\u00e1rios monumentos e pr\u00e9dios com representa\u00e7\u00e3o de s\u00edmbolos importantes. Por meio das constru\u00e7\u00f5es, esculturas e obras \u00e9 poss\u00edvel revisitar a hist\u00f3ria da capital.<\/p>\n\n\n\n<p class=\"has-medium-font-size\">Assinale a alternativa que indica corretamente um marco da constru\u00e7\u00e3o de Bras\u00edlia.<\/p>\n\n\n\n<p class=\"has-medium-font-size\">(a) Bras\u00edlia foi inaugurada pelo presidente Get\u00falio Vargas.<\/p>\n\n\n\n<p class=\"has-medium-font-size\">(b) Bras\u00edlia \u00e9 um s\u00edmbolo da expans\u00e3o para o litoral brasileiro.<\/p>\n\n\n\n<p class=\"has-medium-font-size\">(c) Bras\u00edlia foi planejada com a ideia de que cada espa\u00e7o possui uma utilidade.<\/p>\n\n\n\n<p class=\"has-medium-font-size\">(d) Bras\u00edlia foi planejada pelo arquiteto Jos\u00e9 Bandeira.<\/p>\n\n\n\n<p class=\"has-black-color has-text-color has-background has-medium-font-size\" style=\"background-color:#d9dfe4\"><strong>QUEST\u00c3O 3<\/strong><\/p>\n\n\n\n<p class=\"has-medium-font-size\">Bras\u00edlia foi constru\u00edda em tr\u00eas anos e meio, o que \u00e9 um tempo recorde para uma obra t\u00e3o grandiosa. No processo de constru\u00e7\u00e3o foi \u00e1rdua e complexa a tarefa dos trabalhadores.<\/p>\n\n\n\n<p class=\"has-medium-font-size\">Veja algumas imagens dos trabalhadores na constru\u00e7\u00e3o de Bras\u00edlia:<\/p>\n\n\n\n<p class=\"has-text-align-center\"><img decoding=\"async\" src=\"https:\/\/lh4.googleusercontent.com\/MMOruarL6HwHwB1WxD8r0g8gkAJlaxayULClO_nGg1oGXYsDTz46s6d8rMjIapYbKCNGjomUAe3Dw38mGAVczkcEF1MpuDsFdhgaD9l7u-LRaizQ3P8m7uJE2G3y0hucxEUsuMP4UBI620NHng\" width=\"685\" height=\"455\"><\/p>\n\n\n\n<p class=\"has-text-align-center has-small-font-size\">Dispon\u00edvel em:https:\/\/www12.senado.leg.br\/noticias\/infomaterias\/2020\/04\/brasilia-60-anos-2014-candangos-na-construcao-da-capital Acesso em 04 mai. 2022<\/p>\n\n\n\n<p class=\"has-text-align-center\"><img loading=\"lazy\" decoding=\"async\" src=\"https:\/\/lh5.googleusercontent.com\/S4S5GAlcYkUSs0m2zosB2iYjyvl1LvYyF7E8x-C7Oj05lCUtyR-W3mzJOzcD3o_GO1hx80pqT3EJcUnpTHrysVvJafBSU_RQ_EKrXN0Usam5tzEyEba1nLMovmA8BB8sywranB3AcL2TO0i9Mg\" width=\"685\" height=\"455\"><\/p>\n\n\n\n<p class=\"has-text-align-center has-small-font-size\">Dispon\u00edvel em:https:\/\/www12.senado.leg.br\/noticias\/infomaterias\/2020\/04\/brasilia-60-anos-2014-candangos-na-construcao-da-capital Acesso em 04 mai. 202<\/p>\n\n\n\n<p class=\"has-text-align-left has-medium-font-size\">Ap\u00f3s a observa\u00e7\u00e3o das imagens, como eram as condi\u00e7\u00f5es de trabalho das pessoas que auxiliaram na constru\u00e7\u00e3o de Bras\u00edlia? O que isso representava na qualidade de vida dos trabalhadores?<\/p>\n\n\n\n<p class=\"has-black-color has-text-color has-background has-medium-font-size\" style=\"background-color:#d9dfe4\"><strong>QUEST\u00c3O<\/strong> <strong>4<\/strong><\/p>\n\n\n\n<p class=\"has-medium-font-size\">A capital de um pa\u00eds representa o centro das decis\u00f5es de ordem pol\u00edtica e jur\u00eddica, impactando toda a sociedade.<\/p>\n\n\n\n<p class=\"has-medium-font-size\">Quais cidades foram capitais do Brasil, antes de Bras\u00edlia?<\/p>\n\n\n\n<p class=\"has-medium-font-size\">(a) Florian\u00f3polis e S\u00e3o Paulo.<\/p>\n\n\n\n<p class=\"has-medium-font-size\">(b) Salvador e Rio de Janeiro.<\/p>\n\n\n\n<p class=\"has-medium-font-size\">(c) Recife e Manaus.<\/p>\n\n\n\n<p class=\"has-medium-font-size\">(d) S\u00e3o Paulo e Curitiba.<\/p>\n\n\n\n<hr class=\"wp-block-separator has-css-opacity\"\/>\n\n\n\n<p class=\"has-black-color has-text-color has-background has-medium-font-size\" style=\"background-color:#d9dfe4\"><strong>SAIBA MAIS<\/strong><\/p>\n\n\n\n<figure class=\"wp-block-embed is-type-video is-provider-youtube wp-block-embed-youtube wp-embed-aspect-4-3 wp-has-aspect-ratio\"><div class=\"wp-block-embed__wrapper\">\n<p class=\"responsive-video-wrap clr\"><iframe title=\"Oscar Niemeyer\" width=\"1200\" height=\"900\" src=\"https:\/\/www.youtube.com\/embed\/m1SKuCn3KVw?feature=oembed\" frameborder=\"0\" allow=\"accelerometer; autoplay; clipboard-write; encrypted-media; gyroscope; picture-in-picture; web-share\" allowfullscreen><\/iframe><\/p>\n<\/div><figcaption class=\"wp-element-caption\">Canal Lorena Guimar\u00e3es de Oliveira \u201cOscar Niemeyer\u201d. Dispon\u00edvel em: &lt;https:\/\/www.youtube.com\/watch?v=m1SKuCn3KVw&gt;. Acesso em: 21 Mai 2022.<\/figcaption><\/figure>\n\n\n\n<figure class=\"wp-block-embed is-type-video is-provider-youtube wp-block-embed-youtube wp-embed-aspect-16-9 wp-has-aspect-ratio\"><div class=\"wp-block-embed__wrapper\">\n<p class=\"responsive-video-wrap clr\"><iframe title=\"Entrevista com uma ARQUITETA\" width=\"1200\" height=\"675\" src=\"https:\/\/www.youtube.com\/embed\/9LfBNcfrTbs?feature=oembed\" frameborder=\"0\" allow=\"accelerometer; autoplay; clipboard-write; encrypted-media; gyroscope; picture-in-picture; web-share\" allowfullscreen><\/iframe><\/p>\n<\/div><figcaption class=\"wp-element-caption\">Canal Lorena Guimar\u00e3es de Oliveira \u201cEntrevista com uma arquiteta\u201d &lt;https:\/\/www.youtube.com\/watch?v=9LfBNcfrTbs&gt;. Acesso em: 21 Mai 2022.<\/figcaption><\/figure>\n\n\n\n<hr class=\"wp-block-separator has-css-opacity\"\/>\n\n\n\n<p class=\"has-medium-font-size\"><strong>SAIBA UM POUCO MAIS: <\/strong><\/p>\n\n\n\n<p class=\"has-black-color has-text-color has-background has-medium-font-size\" style=\"background-color:#ece6d7\"><a href=\"https:\/\/docs.google.com\/presentation\/d\/1Ul_HX9gQJKDCQaX0hED6RqaE2Q_KGLuP\/edit?usp=sharing&amp;ouid=116433041127365683807&amp;rtpof=true&amp;sd=true\">\/\/docs.google.com\/presentation\/d\/1Ul_HX9gQJKDCQaX0hED6RqaE2Q_KGLuP\/edit?usp=sharing&amp;ouid=116433041127365683807&amp;rtpof=true&amp;sd=true<\/a><\/p>\n\n\n\n<hr class=\"wp-block-separator has-css-opacity\"\/>\n\n\n\n<figure class=\"wp-block-table is-style-stripes\"><table><tbody><tr><td><strong>Autoria:<\/strong><\/td><td>Lorena Guimar\u00e3es<\/td><\/tr><tr><td><strong>Forma\u00e7\u00e3o:<\/strong><\/td><td>Formada em Pedagogia e Letras<\/td><\/tr><tr><td><strong>Componente<\/strong>:<\/td><td>Hist\u00f3ria<\/td><\/tr><tr><td><strong>Habilidade<\/strong>:<\/td><td>(GO-EF04HI11-B) Compreender a constru\u00e7\u00e3o de Bras\u00edlia, identificando as novas rela\u00e7\u00f5es de poder estabelecidas e seus desdobramentos na organiza\u00e7\u00e3o espacial, social, fluxo migrat\u00f3rio e econ\u00f4mico no territ\u00f3rio goiano.<\/td><\/tr><tr><td><strong>Refer\u00eancias:<\/strong><\/td><td>AG\u00caNCIA BRAS\u00cdLIA. Bruno Giorgi e suas esculturas ajudam a contar a hist\u00f3ria de Bras\u00edlia. Dispon\u00edvel em:https:\/\/www.agenciabrasilia.df.gov.br\/2019\/09\/05\/bruno-giorgi-e-suas-esculturas-ajudam-a-contar-a-historia-de-brasilia\/. Acesso em: 04 mai. 2022.<br><br>BRASIL PARALELO. A Hist\u00f3ria da constru\u00e7\u00e3o de Bras\u00edlia, a capital moderna s\u00edmbolo do progresso. Dispon\u00edvel em: https:\/\/www.brasilparalelo.com.br\/artigos\/historia-da-construcao-de-brasilia?gclid=Cj0KCQjwspKUBhCvARIsAB2IYus5UsEjlkYvS7oB-m8j49BqF_oG9Rb32SVhuEIDC__XANfG1C-85-UaAgEKEALw_wcB. Acesso em 04 mai. 2022.\u00a0<br><br>GOI\u00c1S. Documento Curricular para Goi\u00e1s \u2013 Ampliado. Volume II. Ensino Fundamental Anos Finais. CONSED; UNDIME, 2018. 433 p. Dispon\u00edvel em &lt;<a href=\"https:\/\/sme.goiania.go.gov.br\/site\/index.php\/institucional\/documentos-oficiais-2\/category\/27-documentos-gerais&amp;gt&amp;gt\">sme.goiania.go.gov.br\/site\/index.php\/institucional\/documentos-oficiais-2\/category\/27-documentos-gerais&amp;gt&amp;gt<\/a>;. Acesso em 23\/03\/2023.<br><br>GOI\u00c1S. Documento Curricular para Goi\u00e1s \u2013 Ampliado. Cortes Temporais. CONSED; UNDIME, 2019. p. 143. Dispon\u00edvel em: &lt;<a href=\"https:\/\/sme.goiania.go.gov.br\/site\/index.php\/institucional\/documentos-oficiais-2\">sme.goiania.go.gov.br\/site\/index.php\/institucional\/documentos-oficiais-2 >\u00a0<\/a>. Acesso em 23\/03\/2023.<br><br>SENADO FEDERAL. Conhe\u00e7a as escalas urbanas que fazem de Bras\u00edlia uma cidade \u00fanica. Dispon\u00edvel em: https:\/\/www.youtube.com\/watch?v=sgtwKWwtdCk. Acesso em 04 mai. 2022<br><\/td><\/tr><\/tbody><\/table><\/figure>\n","protected":false},"author":59,"featured_media":144486,"template":"","ef_categoria":[13,20],"ef_ano":[87],"ef_componente":[95],"class_list":["post-144485","ensino_fundamental","type-ensino_fundamental","status-publish","has-post-thumbnail","hentry","ef_categoria-ciclo-da-infancia-abc","ef_categoria-etica-e-cidadania","ef_ano-4o-ano","ef_componente-historia","entry","has-media"],"acf":[],"_links":{"self":[{"href":"https:\/\/sme.goiania.go.gov.br\/conexaoescola\/wp-json\/wp\/v2\/ensino_fundamental\/144485","targetHints":{"allow":["GET"]}}],"collection":[{"href":"https:\/\/sme.goiania.go.gov.br\/conexaoescola\/wp-json\/wp\/v2\/ensino_fundamental"}],"about":[{"href":"https:\/\/sme.goiania.go.gov.br\/conexaoescola\/wp-json\/wp\/v2\/types\/ensino_fundamental"}],"author":[{"embeddable":true,"href":"https:\/\/sme.goiania.go.gov.br\/conexaoescola\/wp-json\/wp\/v2\/users\/59"}],"version-history":[{"count":1,"href":"https:\/\/sme.goiania.go.gov.br\/conexaoescola\/wp-json\/wp\/v2\/ensino_fundamental\/144485\/revisions"}],"predecessor-version":[{"id":167369,"href":"https:\/\/sme.goiania.go.gov.br\/conexaoescola\/wp-json\/wp\/v2\/ensino_fundamental\/144485\/revisions\/167369"}],"wp:featuredmedia":[{"embeddable":true,"href":"https:\/\/sme.goiania.go.gov.br\/conexaoescola\/wp-json\/wp\/v2\/media\/144486"}],"wp:attachment":[{"href":"https:\/\/sme.goiania.go.gov.br\/conexaoescola\/wp-json\/wp\/v2\/media?parent=144485"}],"wp:term":[{"taxonomy":"ef_categoria","embeddable":true,"href":"https:\/\/sme.goiania.go.gov.br\/conexaoescola\/wp-json\/wp\/v2\/ef_categoria?post=144485"},{"taxonomy":"ef_ano","embeddable":true,"href":"https:\/\/sme.goiania.go.gov.br\/conexaoescola\/wp-json\/wp\/v2\/ef_ano?post=144485"},{"taxonomy":"ef_componente","embeddable":true,"href":"https:\/\/sme.goiania.go.gov.br\/conexaoescola\/wp-json\/wp\/v2\/ef_componente?post=144485"}],"curies":[{"name":"wp","href":"https:\/\/api.w.org\/{rel}","templated":true}]}}