{"id":144415,"date":"2022-05-20T16:33:13","date_gmt":"2022-05-20T19:33:13","guid":{"rendered":"https:\/\/sme.goiania.go.gov.br\/conexaoescola\/?post_type=ensino_fundamental&#038;p=144415"},"modified":"2022-05-20T16:33:14","modified_gmt":"2022-05-20T19:33:14","slug":"historia-rebelioes-na-america-portuguesa","status":"publish","type":"ensino_fundamental","link":"https:\/\/sme.goiania.go.gov.br\/conexaoescola\/ensino_fundamental\/historia-rebelioes-na-america-portuguesa\/","title":{"rendered":"Hist\u00f3ria &#8211; Rebeli\u00f5es na Am\u00e9rica Portuguesa"},"content":{"rendered":"\n<p class=\"has-black-color has-luminous-vivid-amber-background-color has-text-color has-background has-medium-font-size\">Esta proposta de atividade de\u00a0<strong>HIST\u00d3RIA<\/strong>\u00a0\u00e9 destinada aos estudantes do\u00a0<strong>8\u00b0 Ano<\/strong>\u00a0do Ensino Fundamental Anos Finais.<\/p>\n\n\n\n<p class=\"has-black-color has-text-color has-medium-font-size\">Compreender a influ\u00eancia do iluminismo, da Independ\u00eancia das 13 Col\u00f4nias e da Revolu\u00e7\u00e3o Francesa nas revoltas ocorridas na Am\u00e9rica Portuguesa \u00e9 nossa discuss\u00e3o nesta atividade. Ent\u00e3o,<\/p>\n\n\n\n<p class=\"has-text-align-center has-black-color has-text-color has-medium-font-size\"><strong>VAMOS RESPONDER ALGUMAS QUEST\u00d5ES?<\/strong><\/p>\n\n\n\n<div class=\"wp-block-image is-style-rounded\"><figure class=\"aligncenter size-full\"><img fetchpriority=\"high\" decoding=\"async\" width=\"509\" height=\"385\" src=\"https:\/\/sme.goiania.go.gov.br\/conexaoescola\/wp-content\/uploads\/2022\/05\/Revoltas-Emancipacionistas-e1653073641510.jpg\" alt=\"\" class=\"wp-image-144416\" srcset=\"https:\/\/sme.goiania.go.gov.br\/conexaoescola\/wp-content\/uploads\/2022\/05\/Revoltas-Emancipacionistas-e1653073641510.jpg 509w, https:\/\/sme.goiania.go.gov.br\/conexaoescola\/wp-content\/uploads\/2022\/05\/Revoltas-Emancipacionistas-e1653073641510-300x227.jpg 300w\" sizes=\"(max-width: 509px) 100vw, 509px\" \/><figcaption>Dispon\u00edvel em:&lt;<a href=\"http:\/\/www.blogdofariasjunior.com\/2018\/10\/coluna-do-professor-pixote-brasil.html\" data-type=\"URL\" data-id=\"http:\/\/www.blogdofariasjunior.com\/2018\/10\/coluna-do-professor-pixote-brasil.html\">http:\/\/www.blogdofariasjunior.com\/2018\/10\/coluna-do-professor-pixote-brasil.html<\/a>>. Acesso em: 20, mai. 22.<\/figcaption><\/figure><\/div>\n\n\n\n<p class=\"has-black-color has-luminous-vivid-orange-background-color has-text-color has-background has-medium-font-size\"><strong>Quest\u00e3o 1<\/strong><\/p>\n\n\n\n<p class=\"has-black-color has-text-color has-medium-font-size\">Diferencie as \u201c<strong><em>Revoltas Nativistas das Revoltas Emancipacionistas<\/em><\/strong>\u201d e d\u00ea um exemplo de cada.\u00a0<\/p>\n\n\n\n<p class=\"has-black-color has-luminous-vivid-orange-background-color has-text-color has-background has-medium-font-size\"><strong>Quest\u00e3o 2<\/strong><\/p>\n\n\n\n<p class=\"has-black-color has-text-color has-medium-font-size\">As Revoltas Emancipacionistas foram influenciadas por quais movimentos?\u00a0<\/p>\n\n\n\n<hr class=\"wp-block-separator is-style-wide\"\/>\n\n\n\n<p class=\"has-black-color has-text-color has-medium-font-size\"><strong>Observe o gr\u00e1fico abaixo para responder \u00e0s quest\u00f5es 3 e 4.<\/strong><\/p>\n\n\n\n<div class=\"wp-block-image\"><figure class=\"aligncenter size-full\"><img decoding=\"async\" width=\"646\" height=\"402\" src=\"https:\/\/sme.goiania.go.gov.br\/conexaoescola\/wp-content\/uploads\/2022\/05\/Producao-de-OUro-Minas-e1653073947593.jpg\" alt=\"\" class=\"wp-image-144417\" srcset=\"https:\/\/sme.goiania.go.gov.br\/conexaoescola\/wp-content\/uploads\/2022\/05\/Producao-de-OUro-Minas-e1653073947593.jpg 646w, https:\/\/sme.goiania.go.gov.br\/conexaoescola\/wp-content\/uploads\/2022\/05\/Producao-de-OUro-Minas-e1653073947593-300x187.jpg 300w\" sizes=\"(max-width: 646px) 100vw, 646px\" \/><figcaption>Dispon\u00edvel em:&lt;<a href=\"http:\/\/rosangelal.blogspot.com\/2017\/03\/dialogando-p-58-59-e-60-8-ano.html\">http:\/\/rosangelal.blogspot.com\/2017\/03\/dialogando-p-58-59-e-60-8-ano.htm<\/a>>. Acesso em: 20, mai. 22.<\/figcaption><\/figure><\/div>\n\n\n\n<p class=\"has-black-color has-luminous-vivid-orange-background-color has-text-color has-background has-medium-font-size\"><strong>Quest\u00e3o 3<\/strong><\/p>\n\n\n\n<p class=\"has-black-color has-text-color has-medium-font-size\">Identifique e dscreva o que o gr\u00e1fico representa.<\/p>\n\n\n\n<p class=\"has-black-color has-luminous-vivid-orange-background-color has-text-color has-background has-medium-font-size\"><strong>Quest\u00e3o 4<\/strong><\/p>\n\n\n\n<p class=\"has-black-color has-text-color has-medium-font-size\">O que podemos inferir no gr\u00e1fico que nos anos de 1751 em diante o que ocorre com a produ\u00e7\u00e3o de ouro nas Minas Gerais? Observando os dados referentes \u00e0 produ\u00e7\u00e3o de outro de 1761 a 1800 faz sentido a cobran\u00e7a da Derrama? Justifique.<\/p>\n\n\n\n<p class=\"has-text-align-center has-black-color has-vivid-green-cyan-background-color has-text-color has-background has-medium-font-size\"><strong>SAIBA MAIS<\/strong><\/p>\n\n\n\n<p class=\"has-black-color has-text-color has-medium-font-size\">Somente aperte e play e veja esse v\u00eddeo com informa\u00e7\u00f5es para melhorar seu entendimento sobre o que foi estudado.<\/p>\n\n\n\n<figure class=\"wp-block-embed aligncenter is-type-video is-provider-youtube wp-block-embed-youtube wp-embed-aspect-16-9 wp-has-aspect-ratio\"><div class=\"wp-block-embed__wrapper\">\n<p class=\"responsive-video-wrap clr\"><iframe title=\"Atividade 7   8\u00b0 Ano Revoltas Emancipacionistas\" width=\"1200\" height=\"675\" src=\"https:\/\/www.youtube.com\/embed\/CFj-kDwDGrU?feature=oembed\" frameborder=\"0\" allow=\"accelerometer; autoplay; clipboard-write; encrypted-media; gyroscope; picture-in-picture\" allowfullscreen><\/iframe><\/p>\n<\/div><figcaption>Canal Uilson Duarte. &#8220;Atividade 7 &#8211; 8\u00b0 Ano As Revoltas Emancipacionistas. Dispon\u00edvel em:&lt;<a href=\"https:\/\/youtu.be\/CFj-kDwDGrU\" data-type=\"URL\" data-id=\"https:\/\/youtu.be\/CFj-kDwDGrU\">https:\/\/youtu.be\/CFj-kDwDGrU<\/a>>. Acesso em: 20, mai. 22.<\/figcaption><\/figure>\n\n\n\n<p class=\"has-black-color has-text-color has-background has-medium-font-size\" style=\"background-color:#e09d6d\"><strong>Acesse os materiais referentes a essa atividade clicando aqui:<\/strong><a href=\"https:\/\/sme.goiania.go.gov.br\/conexaoescola\/propostas_didaticas\/propostas-didaticas-historia-8o-ano\/\" data-type=\"URL\" data-id=\"https:\/\/sme.goiania.go.gov.br\/conexaoescola\/propostas_didaticas\/propostas-didaticas-historia-8o-ano\/\" target=\"_blank\" rel=\"noreferrer noopener\">https:\/\/sme.goiania.go.gov.br\/conexaoescola\/propostas_didaticas\/propostas-didaticas-historia-8o-ano\/<\/a><\/p>\n\n\n\n<figure class=\"wp-block-table is-style-stripes\"><table><tbody><tr><td><strong>Habilidade:<\/strong><\/td><td><strong>(GO-EF08HI05)<\/strong> Explicar os movimentos e as rebeli\u00f5es da Am\u00e9rica portuguesa, articulando as tem\u00e1ticas locais e suas interfaces com processos ocorridos na Europa e nas Am\u00e9ricas.<strong>(GO-EF08HI05-A)<\/strong> Perceber como as ideias iluministas influenciaram o sentimento anticolonial e as rebeli\u00f5es da Am\u00e9rica Portuguesa, em especial as Conjura\u00e7\u00f5es Mineira, Baiana e a Insurrei\u00e7\u00e3o Pernambucana.<br><strong>(GO-EF08HI05-B)<\/strong> Analisar o contexto pol\u00edtico, econ\u00f4mico e social no Brasil Imp\u00e9rio, frente aos interesses coloniais e os movimentos de resist\u00eancia.<\/td><\/tr><\/tbody><\/table><\/figure>\n\n\n\n<figure class=\"wp-block-table\"><table><tbody><tr><td><strong>Referencial te\u00f3rico\u00a0<\/strong><br><\/td><td><strong>MACHADO<\/strong>, Carlos Roberto (2021, June 8). MOVIMENTOS SOCIAIS DO BRASIL COLONIAL: REVOLTA NACIONALISTA, NATIVISTAS, SEPARATISTAS, E SUAS CONSEQU\u00caNCIAS<\/td><\/tr><\/tbody><\/table><\/figure>\n","protected":false},"author":51,"featured_media":144416,"template":"","ef_categoria":[],"ef_ano":[91],"ef_componente":[95],"class_list":["post-144415","ensino_fundamental","type-ensino_fundamental","status-publish","has-post-thumbnail","hentry","ef_ano-8o-ano","ef_componente-historia","entry","has-media"],"acf":[],"_links":{"self":[{"href":"https:\/\/sme.goiania.go.gov.br\/conexaoescola\/wp-json\/wp\/v2\/ensino_fundamental\/144415","targetHints":{"allow":["GET"]}}],"collection":[{"href":"https:\/\/sme.goiania.go.gov.br\/conexaoescola\/wp-json\/wp\/v2\/ensino_fundamental"}],"about":[{"href":"https:\/\/sme.goiania.go.gov.br\/conexaoescola\/wp-json\/wp\/v2\/types\/ensino_fundamental"}],"author":[{"embeddable":true,"href":"https:\/\/sme.goiania.go.gov.br\/conexaoescola\/wp-json\/wp\/v2\/users\/51"}],"version-history":[{"count":0,"href":"https:\/\/sme.goiania.go.gov.br\/conexaoescola\/wp-json\/wp\/v2\/ensino_fundamental\/144415\/revisions"}],"wp:featuredmedia":[{"embeddable":true,"href":"https:\/\/sme.goiania.go.gov.br\/conexaoescola\/wp-json\/wp\/v2\/media\/144416"}],"wp:attachment":[{"href":"https:\/\/sme.goiania.go.gov.br\/conexaoescola\/wp-json\/wp\/v2\/media?parent=144415"}],"wp:term":[{"taxonomy":"ef_categoria","embeddable":true,"href":"https:\/\/sme.goiania.go.gov.br\/conexaoescola\/wp-json\/wp\/v2\/ef_categoria?post=144415"},{"taxonomy":"ef_ano","embeddable":true,"href":"https:\/\/sme.goiania.go.gov.br\/conexaoescola\/wp-json\/wp\/v2\/ef_ano?post=144415"},{"taxonomy":"ef_componente","embeddable":true,"href":"https:\/\/sme.goiania.go.gov.br\/conexaoescola\/wp-json\/wp\/v2\/ef_componente?post=144415"}],"curies":[{"name":"wp","href":"https:\/\/api.w.org\/{rel}","templated":true}]}}