{"id":144288,"date":"2022-05-19T10:36:37","date_gmt":"2022-05-19T13:36:37","guid":{"rendered":"https:\/\/sme.goiania.go.gov.br\/conexaoescola\/?post_type=ensino_fundamental&#038;p=144288"},"modified":"2024-02-06T16:28:14","modified_gmt":"2024-02-06T19:28:14","slug":"lingua-portuguesa-tradicoes-populares-contos-e-cordeis","status":"publish","type":"ensino_fundamental","link":"https:\/\/sme.goiania.go.gov.br\/conexaoescola\/ensino_fundamental\/lingua-portuguesa-tradicoes-populares-contos-e-cordeis\/","title":{"rendered":"L\u00edngua Portuguesa \u2013 Tradi\u00e7\u00f5es populares: contos e cord\u00e9is"},"content":{"rendered":"\n<p class=\"has-background has-medium-font-size\" style=\"background-color:#f2dbe1\"><strong>Esta atividade tem como base as sequ\u00eancias did\u00e1ticas propostas pelo Programa Aprender Sempre, da SME-Goi\u00e2nia, com base no DC\/GO &#8211; Ampliado e est\u00e1 destinada a estudantes do 3\u00ba ano do Ensino Fundamental.<\/strong><\/p>\n\n\n\n<div class=\"wp-block-buttons is-content-justification-center is-layout-flex wp-container-core-buttons-is-layout-16018d1d wp-block-buttons-is-layout-flex\">\n<div class=\"wp-block-button\"><a class=\"wp-block-button__link wp-element-button\" href=\"https:\/\/drive.google.com\/uc?export=download&amp;id=1HqhO_XwgjGIFuct9r3e_fJ9VRQogOzba\" target=\"_blank\" rel=\"noreferrer noopener\">Baixe a atividade<\/a><\/div>\n\n\n\n<div class=\"wp-block-button\"><a class=\"wp-block-button__link wp-element-button\" href=\"https:\/\/docs.google.com\/presentation\/d\/14pGYiS1WIspYRYgwBtRLbVDaueNfI8FC\/edit?usp=sharing&amp;ouid=105738930395044584170&amp;rtpof=true&amp;sd=true\" target=\"_blank\" rel=\"noreferrer noopener\">Baixe os slides<\/a><\/div>\n\n\n\n<div class=\"wp-block-button\"><a class=\"wp-block-button__link wp-element-button\" href=\"https:\/\/docs.google.com\/document\/d\/1CqcX5BsBPz3-2WTBuej0oE9zXzULq0w3\/edit?usp=sharing&amp;ouid=105738930395044584170&amp;rtpof=true&amp;sd=true\" target=\"_blank\" rel=\"noreferrer noopener\">Baixe o texto<\/a><\/div>\n<\/div>\n\n\n\n<p><\/p>\n\n\n\n<figure class=\"wp-block-image size-full is-resized\"><img fetchpriority=\"high\" decoding=\"async\" src=\"https:\/\/sme.goiania.go.gov.br\/conexaoescola\/wp-content\/uploads\/2022\/05\/capa-1-e1652966710614.jpg\" alt=\"\" class=\"wp-image-144289\" width=\"833\" height=\"357\" srcset=\"https:\/\/sme.goiania.go.gov.br\/conexaoescola\/wp-content\/uploads\/2022\/05\/capa-1-e1652966710614.jpg 634w, https:\/\/sme.goiania.go.gov.br\/conexaoescola\/wp-content\/uploads\/2022\/05\/capa-1-e1652966710614-300x129.jpg 300w\" sizes=\"(max-width: 833px) 100vw, 833px\" \/><figcaption class=\"wp-element-caption\">Dispon\u00edvel em: &lt;https:\/\/br.freepik.com\/vetores-gratis\/personagem-de-desenho-animado-de-um-menino-tocando-violao-com-simbolos-de-melodia_18616513.htm#query=crian%C3%A7a%20com%20viol%C3%A3o&amp;position=3&amp;from_view=search&gt; Acesso em 18, abril. 2022&nbsp;<br>&nbsp;Dispon\u00edvel em: &lt;https:\/\/www.grimmstories.com\/pt\/grimm_contos\/capuchinho_vermelho&gt; Acesso em 18, abril. 2022<br><\/figcaption><\/figure>\n\n\n\n<p class=\"has-text-align-center has-background has-medium-font-size\" style=\"background-color:#f2dbe1\"><strong>ASSISTA A VIDEOAULA A SEGUIR<\/strong>:<\/p>\n\n\n\n<figure class=\"wp-block-embed is-type-video is-provider-youtube wp-block-embed-youtube wp-embed-aspect-16-9 wp-has-aspect-ratio\"><div class=\"wp-block-embed__wrapper\">\n<p class=\"responsive-video-wrap clr\"><iframe title=\"Aprender Sempre - L. Portuguesa - 3\u00ba Ano - 2\u00ba Bim - Videoaula 5 - Tradi\u00e7\u00f5es Populares: Contos e Cord\" width=\"1200\" height=\"675\" src=\"https:\/\/www.youtube.com\/embed\/27mL6giFxMY?feature=oembed\" frameborder=\"0\" allow=\"accelerometer; autoplay; clipboard-write; encrypted-media; gyroscope; picture-in-picture; web-share\" allowfullscreen><\/iframe><\/p>\n<\/div><figcaption class=\"wp-element-caption\">Canal Portal Conex\u00e3o Escola &#8220;Aprender Sempre &#8211; L. Portuguesa &#8211; 3\u00ba Ano &#8211; 2\u00ba Bim &#8211; Videoaula 5 &#8211; Tradi\u00e7\u00f5es Populares: Contos e Cord&#8221;. Dispon\u00edvel em: &lt;https:\/\/youtu.be\/27mL6giFxMY&gt;. Acesso em: 19 mai 2022.<\/figcaption><\/figure>\n\n\n\n<p class=\"has-text-align-center has-background has-medium-font-size\" style=\"background-color:#f2dbe1\"><strong>Tradi\u00e7\u00f5es populares: contos e cord\u00e9is:<\/strong><\/p>\n\n\n\n<p class=\"has-medium-font-size\">&nbsp;OL\u00c1 ESTUDANTE!<\/p>\n\n\n\n<p class=\"has-medium-font-size\">VOC\u00ca CONHECE ESSE TIPO DE TEXTO APRESENTADO? VOC\u00ca J\u00c1 OUVIU FALAR EM CORD\u00c9IS?<\/p>\n\n\n\n<p class=\"has-medium-font-size\">A LITERATURA DE CORDEL TAMB\u00c9M CONHECIDA NO BRASIL COMO FOLHETO, LITERATURA POPULAR EM VERSO OU SIMPLESMENTE CORDEL, \u00c9 UMA FORMA POPULAR DE POESIA TRADICIONALMENTE ENCONTRADA NAS REGI\u00d5ES DO NORDESTE DO BRASIL.<\/p>\n\n\n\n<p class=\"has-medium-font-size\">RECEBE ESSE NOME PORQUE INICIALMENTE OS POEMAS ERAM EXPOSTOS EM CORDAS, PENDURADOS EM CORD\u00c9IS OU BARBANTES EM PORTUGAL; ERAM ENCONTRADOS NAS FEIRAS E MERCADOS, PARA SEREM VENDIDOS.<\/p>\n\n\n\n<p class=\"has-medium-font-size\">OS CORD\u00c9IS S\u00c3O DECLAMADOS EM VOZ ALTA POR REPENTISTAS OU CANTADORES, EM APRESENTA\u00c7\u00d5ES CONHECIDAS COMO &#8220;CANTORIAS&#8221;, ONDE A POESIA \u00c9 COMPARTILHADA COM O P\u00daBLICO DE FORMA ORAL.<\/p>\n\n\n\n<p class=\"has-medium-font-size\">E O QUE VOC\u00ca SABE CONTOS?<\/p>\n\n\n\n<p class=\"has-medium-font-size\">OS CONTOS TRADICIONAIS S\u00c3O HIST\u00d3RIAS CURTAS QUE FORAM TRANSMITIDAS ORALMENTE AO LONGO DE GERA\u00c7\u00d5ES E QUE FAZEM PARTE DO FOLCLORE E DA CULTURA.<\/p>\n\n\n\n<p class=\"has-medium-font-size\">ESSAS HIST\u00d3RIAS FORAM SENDO CONTADAS E RECONTADAS, PODEM VARIAR DE UMA CULTURA PARA OUTRA E S\u00c3O FREQUENTEMENTE ADAPTADOS E REINTERPRETADOS AO LONGO DO TEMPO.<\/p>\n\n\n\n<p class=\"has-medium-font-size\">O CONTO \u00c9 UM G\u00caNERO QUE APRESENTA COME\u00c7O, MEIO E FIM. TEM PERSONAGEM, NARRADOR, TEMPO, ESPA\u00c7O, ENREDO, CONFLITO.<\/p>\n\n\n\n<p class=\"has-medium-font-size\">CONHE\u00c7A UM PASSO A PASSO PARA ELABORAR UM CONTO:<\/p>\n\n\n\n<p class=\"has-background has-medium-font-size\" style=\"background-color:#d98f5a\">1- INICIE O TEXTO ESCOLHENDO O TEMA CENTRAL DO SEU CONTO.<\/p>\n\n\n\n<p class=\"has-background has-medium-font-size\" style=\"background-color:#d98f5a\">2- EM SEGUIDA, DESENVOLVA PERSONAGENS INTERESSANTES E PENSE EM SUAS CARACTER\u00cdSTICAS.<\/p>\n\n\n\n<p class=\"has-background has-medium-font-size\" style=\"background-color:#d98f5a\">3- DESCREVA SOBRE O CONFLITO (SITUA\u00c7\u00c3O-PROBLEMA) QUE FAR\u00c1 AS PERSONAGENS AGIREM PARA RESOLV\u00ca-LO.<\/p>\n\n\n\n<p class=\"has-background has-medium-font-size\" style=\"background-color:#d98f5a\">4- NA SEQU\u00caNCIA, ESCREVA SOBRE O CL\u00cdMAX.<\/p>\n\n\n\n<p class=\"has-background has-medium-font-size\" style=\"background-color:#d98f5a\">5- POR FIM, FA\u00c7A O ENCERRAMENTO DA NARRATIVA.<\/p>\n\n\n\n<p><\/p>\n\n\n\n<p class=\"has-text-align-center has-background has-medium-font-size\" style=\"background-color:#f2dbe1\"><strong>Atividades<\/strong><\/p>\n\n\n\n<p class=\"has-text-align-left has-background has-medium-font-size\" style=\"background-color:#deeaf2\"><strong>QUEST\u00c3O 1<\/strong><\/p>\n\n\n\n<p class=\"has-medium-font-size\">O CONTO \u00c9 UMA NARRATIVA LITER\u00c1RIA CURTA, TENDO COME\u00c7O, MEIO E FIM. APRESENTA PERSONAGEM, NARRADOR, TEMPO, ESPA\u00c7O, ENREDO, CONFLITO. SABENDO DISSO, RESOLVA A ATIVIDADE:<\/p>\n\n\n\n<p class=\"has-medium-font-size\">NO CONTO CHAPEUZINHO VERMELHO PODEMOS IDENTIFICAR OS ELEMENTOS DO CONTO. RECORDE A HIST\u00d3RIA E EM SEGUIDA IDENTIFIQUE OS ELEMENTOS DESTE CONTO.<\/p>\n\n\n<div class=\"wp-block-image\">\n<figure class=\"aligncenter size-full is-resized\"><img decoding=\"async\" src=\"https:\/\/sme.goiania.go.gov.br\/conexaoescola\/wp-content\/uploads\/2022\/05\/1-23-e1652967042977.jpg\" alt=\"\" class=\"wp-image-144290\" width=\"837\" height=\"546\" srcset=\"https:\/\/sme.goiania.go.gov.br\/conexaoescola\/wp-content\/uploads\/2022\/05\/1-23-e1652967042977.jpg 672w, https:\/\/sme.goiania.go.gov.br\/conexaoescola\/wp-content\/uploads\/2022\/05\/1-23-e1652967042977-300x196.jpg 300w\" sizes=\"(max-width: 837px) 100vw, 837px\" \/><\/figure><\/div>\n\n\n<figure class=\"wp-block-image size-full is-resized\"><img decoding=\"async\" src=\"https:\/\/sme.goiania.go.gov.br\/conexaoescola\/wp-content\/uploads\/2022\/05\/1-24-e1652967109779.jpg\" alt=\"\" class=\"wp-image-144291\" width=\"806\" height=\"489\" srcset=\"https:\/\/sme.goiania.go.gov.br\/conexaoescola\/wp-content\/uploads\/2022\/05\/1-24-e1652967109779.jpg 712w, https:\/\/sme.goiania.go.gov.br\/conexaoescola\/wp-content\/uploads\/2022\/05\/1-24-e1652967109779-300x182.jpg 300w\" sizes=\"(max-width: 806px) 100vw, 806px\" \/><figcaption class=\"wp-element-caption\">Dispon\u00edvel em: &lt;https:\/\/www.grimmstories.com\/pt\/grimm_contos\/capuchinho_vermelho &gt;. Acesso em 18, abril. 2022.<\/figcaption><\/figure>\n\n\n\n<p class=\"has-text-align-left has-background has-medium-font-size\" style=\"background-color:#deeaf2\"><strong>QUEST\u00c3O 2<\/strong><\/p>\n\n\n\n<p class=\"has-medium-font-size\">SOBRE O CONTO, ASSINALE A ALTERNATIVA CORRETA:<\/p>\n\n\n\n<p class=\"has-medium-font-size\">(A) O CONTO \u00c9 UMA HIST\u00d3RIA LONGA COM COME\u00c7O, MEIO E FIM.<\/p>\n\n\n\n<p class=\"has-medium-font-size\">(B) O CONTO \u00c9 UM\u00a0 POEMA.<\/p>\n\n\n\n<p class=\"has-medium-font-size\">(C) ESSAS HIST\u00d3RIAS FORAM SENDO CONTADAS E RECONTADAS, PODEM VARIAR DE UMA CULTURA PARA OUTRA.<\/p>\n\n\n\n<p class=\"has-medium-font-size\">(D) PARA ELABORAR UM CONTO DEVE INICIAR ESCOLHENDO O CL\u00cdMAX.<\/p>\n\n\n\n<p class=\"has-medium-font-size\">(E) OS CONTOS TRADICIONAIS S\u00c3O HIST\u00d3RIAS CURTAS E QUE N\u00c3O FAZEM PARTE DO FOLCLORE BRASILEIRO.<\/p>\n\n\n\n<p><\/p>\n\n\n\n<p class=\"has-text-align-left has-background has-medium-font-size\" style=\"background-color:#deeaf2\"><strong>QUEST\u00c3O 3<\/strong><\/p>\n\n\n\n<p class=\"has-medium-font-size\">SOBRE OS CORD\u00c9IS, MARQUE A AFIRMA\u00c7\u00c3O INCORRETA:<\/p>\n\n\n\n<p class=\"has-medium-font-size\">(A) OS CORD\u00c9IS ERAM ORIGINALMENTE EXPOSTOS PARA VENDA PENDURADOS EM CORDAS OU BARBANTES.<\/p>\n\n\n\n<p class=\"has-medium-font-size\">(B) OS CORD\u00c9IS S\u00c3O COMPARTILHADOS COM O P\u00daBLICO ATRAV\u00c9S DE CANTORIAS, DECLAMADOS EM VOZ ALTA POR REPENTISTAS OU CANTADORES.<\/p>\n\n\n\n<p class=\"has-medium-font-size\">(C) A LITERATURA DE CORDEL \u00c9 UMA FORMA POPULAR DE POESIA TRADICIONALMENTE ENCONTRADA NAS REGI\u00d5ES DO SUL DO BRASIL.<\/p>\n\n\n\n<p class=\"has-medium-font-size\">(D) OS CORD\u00c9IS S\u00c3O COMPOSTOS POR VERSOS RIMADOS.<\/p>\n\n\n\n<p class=\"has-medium-font-size\">(E) OS CORD\u00c9IS MUITAS VEZES NARRAM HIST\u00d3RIAS DO COTIDIANO, LENDAS, EPIS\u00d3DIOS HIST\u00d3RICOS, AVENTURAS E CR\u00cdTICAS SOCIAIS.<\/p>\n\n\n\n<p><\/p>\n\n\n\n<p class=\"has-text-align-left has-background has-medium-font-size\" style=\"background-color:#deeaf2\"><strong>QUEST\u00c3O 4<\/strong><\/p>\n\n\n\n<p class=\"has-medium-font-size\">VOC\u00ca SABIA QUE OS CORD\u00c9IS INICIALMENTE ERAM ENCONTRADOS NAS FEIRAS E MERCADOS, PARA SEREM VENDIDOS?ALGUNS DE SEUS POEMAS S\u00c3O ILUSTRADOS COM XILOGRAVURAS, TAMB\u00c9M USADAS NAS CAPAS. SABENDO DISSO, FA\u00c7A A LEITURA DE UM CORDEL QUE NARRA A HIST\u00d3RIA DE JO\u00c3O E MARIA EM VERSO, SEM REVELAR O FINAL. VOC\u00ca DEVER\u00c1 CRIAR UM FINAL QUE COMBINE COM A NOVA VERS\u00c3O DA HIST\u00d3RIA.<\/p>\n\n\n<div class=\"wp-block-image\">\n<figure class=\"aligncenter size-full is-resized\"><img loading=\"lazy\" decoding=\"async\" src=\"https:\/\/sme.goiania.go.gov.br\/conexaoescola\/wp-content\/uploads\/2022\/05\/1-25-e1652967236276.jpg\" alt=\"\" class=\"wp-image-144292\" width=\"832\" height=\"592\" srcset=\"https:\/\/sme.goiania.go.gov.br\/conexaoescola\/wp-content\/uploads\/2022\/05\/1-25-e1652967236276.jpg 638w, https:\/\/sme.goiania.go.gov.br\/conexaoescola\/wp-content\/uploads\/2022\/05\/1-25-e1652967236276-300x213.jpg 300w\" sizes=\"(max-width: 832px) 100vw, 832px\" \/><figcaption class=\"wp-element-caption\">Dispon\u00edvel em:GOI\u00c2NIA. Secretaria Municipal de Educa\u00e7\u00e3o. Aprender sempre. 3\u00b0. Ano &#8211; Ensino Fundamental; L\u00edngua Portuguesa e Matem\u00e1tica; 2\u00b0. Bimestre; Goi\u00e2nia, 2022.<\/figcaption><\/figure><\/div>\n\n\n<hr class=\"wp-block-separator has-css-opacity\"\/>\n\n\n\n<figure class=\"wp-block-table is-style-stripes\"><table><tbody><tr><td><strong>Componente Curricular:<\/strong><\/td><td>L\u00cdNGUA PORTUGUESA<\/td><\/tr><tr><td><strong>Habilidade:<\/strong><\/td><td>(EF15LP02) Estabelecer expectativas em rela\u00e7\u00e3o ao texto que vai ler (pressuposi\u00e7\u00f5es antecipadoras dos sentidos, da forma e da fun\u00e7\u00e3o social do texto), apoiando-se em seus conhecimentos pr\u00e9vios sobre as condi\u00e7\u00f5es de produ\u00e7\u00e3o e recep\u00e7\u00e3o desse texto, o g\u00eanero, o suporte e o universo tem\u00e1tico, bem como sobre sali\u00eancias textuais, recursos gr\u00e1ficos, imagens, dados da pr\u00f3pria obra (\u00edndice, pref\u00e1cio etc.), confirmando antecipa\u00e7\u00f5es e infer\u00eancias realizadas antes e durante a leitura de textos, checando a adequa\u00e7\u00e3o das hip\u00f3teses realizada.<br>(EF35LP21) Ler e compreender, de forma aut\u00f4noma, textos liter\u00e1rios de diferentes g\u00eaneros e extens\u00f5es, inclusive aqueles sem ilustra\u00e7\u00f5es, estabelecendo prefer\u00eancias por g\u00eaneros, temas, autores, por meio digital ou impresso.<br>(EF02LP28) Reconhecer o conflito gerador de uma narrativa ficcional e sua resolu\u00e7\u00e3o, al\u00e9m de palavras, express\u00f5es e frases que caracterizam personagens e ambiente.<br>(EF02LP28-A) Identificar trechos de textos lidos que possam caracterizar elementos das narrativas ficcionais liter\u00e1rias.<br>(GO-EF12LP20) Identificar in\u00edcio, meio e fim em narrativa lida ou escutada.<\/td><\/tr><tr><td><strong>Refer\u00eancias:<\/strong><\/td><td>GOI\u00c2NIA. Secretaria Municipal de Educa\u00e7\u00e3o. Aprender sempre. 3\u00b0. Ano &#8211; Ensino Fundamental; L\u00edngua Portuguesa e Matem\u00e1tica; 2\u00b0. Bimestre; Goi\u00e2nia, 2022.Projeto Buriti. Portugu\u00eas. (Cole\u00e7\u00e3o do 2\u00ba ao 5\u00ba ano). S\u00e3o Paulo: Moderna, 2017.<\/td><\/tr><\/tbody><\/table><\/figure>\n","protected":false},"author":45,"featured_media":144289,"template":"","ef_categoria":[13,25],"ef_ano":[86],"ef_componente":[93],"class_list":["post-144288","ensino_fundamental","type-ensino_fundamental","status-publish","has-post-thumbnail","hentry","ef_categoria-ciclo-da-infancia-abc","ef_categoria-etica-e-cidadania-ciclo-da-infancia-de","ef_ano-3o-ano","ef_componente-portugues","entry","has-media"],"acf":[],"_links":{"self":[{"href":"https:\/\/sme.goiania.go.gov.br\/conexaoescola\/wp-json\/wp\/v2\/ensino_fundamental\/144288","targetHints":{"allow":["GET"]}}],"collection":[{"href":"https:\/\/sme.goiania.go.gov.br\/conexaoescola\/wp-json\/wp\/v2\/ensino_fundamental"}],"about":[{"href":"https:\/\/sme.goiania.go.gov.br\/conexaoescola\/wp-json\/wp\/v2\/types\/ensino_fundamental"}],"author":[{"embeddable":true,"href":"https:\/\/sme.goiania.go.gov.br\/conexaoescola\/wp-json\/wp\/v2\/users\/45"}],"version-history":[{"count":7,"href":"https:\/\/sme.goiania.go.gov.br\/conexaoescola\/wp-json\/wp\/v2\/ensino_fundamental\/144288\/revisions"}],"predecessor-version":[{"id":176818,"href":"https:\/\/sme.goiania.go.gov.br\/conexaoescola\/wp-json\/wp\/v2\/ensino_fundamental\/144288\/revisions\/176818"}],"wp:featuredmedia":[{"embeddable":true,"href":"https:\/\/sme.goiania.go.gov.br\/conexaoescola\/wp-json\/wp\/v2\/media\/144289"}],"wp:attachment":[{"href":"https:\/\/sme.goiania.go.gov.br\/conexaoescola\/wp-json\/wp\/v2\/media?parent=144288"}],"wp:term":[{"taxonomy":"ef_categoria","embeddable":true,"href":"https:\/\/sme.goiania.go.gov.br\/conexaoescola\/wp-json\/wp\/v2\/ef_categoria?post=144288"},{"taxonomy":"ef_ano","embeddable":true,"href":"https:\/\/sme.goiania.go.gov.br\/conexaoescola\/wp-json\/wp\/v2\/ef_ano?post=144288"},{"taxonomy":"ef_componente","embeddable":true,"href":"https:\/\/sme.goiania.go.gov.br\/conexaoescola\/wp-json\/wp\/v2\/ef_componente?post=144288"}],"curies":[{"name":"wp","href":"https:\/\/api.w.org\/{rel}","templated":true}]}}