{"id":144272,"date":"2022-06-07T14:56:13","date_gmt":"2022-06-07T17:56:13","guid":{"rendered":"https:\/\/sme.goiania.go.gov.br\/conexaoescola\/?post_type=ensino_fundamental&#038;p=144272"},"modified":"2024-02-26T09:23:36","modified_gmt":"2024-02-26T12:23:36","slug":"lingua-portuguesa-genero-textual-poemas-e-poesias","status":"publish","type":"ensino_fundamental","link":"https:\/\/sme.goiania.go.gov.br\/conexaoescola\/ensino_fundamental\/lingua-portuguesa-genero-textual-poemas-e-poesias\/","title":{"rendered":"L\u00cdNGUA PORTUGUESA &#8211; G\u00caNERO TEXTUAL: POEMAS E POESIAS"},"content":{"rendered":"\n<p class=\"has-text-align-center has-background has-medium-font-size\" style=\"background-color:#eef6ee\">ESTA ATIVIDADE TEM COMO BASE AS SEQU\u00caNCIAS DID\u00c1TICAS PROPOSTAS PELO <strong>PROGRAMA APRENDER SEMPRE<\/strong>, DA SME-GOI\u00c2NIA, COM BASE NO DC\/GO &#8211; AMPLIADO E EST\u00c1 DESTINADA A ESTUDANTES DO <strong>1\u00ba ANO DO ENSINO FUNDAMENTAL<\/strong>.&nbsp;   <\/p>\n\n\n\n<p class=\"has-text-align-center\"><img decoding=\"async\" width=\"965px;\" height=\"543px;\" src=\"https:\/\/lh3.googleusercontent.com\/ZBHeRQbI0zgmc56NLdWojtMy4P38_drrNLKYQsflMbn_LtgyZYvXh-vjUDWySBcx_kCCCw0zYbRsBxYFoA504htTm1pGQHl9ZWa-LUcSawGHP0kSdH3dE1jdKI_0CSEb8uqAD707Hkg\"><\/p>\n\n\n\n<div class=\"wp-block-buttons is-content-justification-center is-layout-flex wp-container-core-buttons-is-layout-16018d1d wp-block-buttons-is-layout-flex\">\n<div class=\"wp-block-button\"><a class=\"wp-block-button__link wp-element-button\" href=\"https:\/\/docs.google.com\/document\/d\/1QlIPdiLXSO9_G2ef9OsR2zpUgVhItt3g\/copy\" target=\"_blank\" rel=\"noreferrer noopener\">BAIXE AS ATIVIDADES<\/a><\/div>\n\n\n\n<div class=\"wp-block-button\"><a class=\"wp-block-button__link wp-element-button\" href=\"https:\/\/docs.google.com\/presentation\/d\/1fZ499VER-DGO8PVSUr9vkPuM_H10OYEQ\/copy\" target=\"_blank\" rel=\"noreferrer noopener\">BAIXE OS SLIDES<\/a><\/div>\n<\/div>\n\n\n\n<hr class=\"wp-block-separator has-css-opacity\"\/>\n\n\n\n<p class=\"has-text-align-center has-background has-medium-font-size\" style=\"background-color:#eaf2fb\">O POEMA TRADUZ EM PALAVRAS UM UNIVERSO DESCONHECIDO JUNTO \u00c0S EMO\u00c7\u00d5ES E PERMITE CRIAR POSSIBILIDADES DE COMPOR PENSAMENTOS. <\/p>\n\n\n\n<p class=\"has-text-align-center has-background has-medium-font-size\" style=\"background-color:#eaf2fb\">O PROCESSO DE CRIA\u00c7\u00c3O DE UM POEMA LEVA EM CONTA AS SONORIDADES, PULSA\u00c7\u00d5ES E RITMOS QUE O POETA DESEJA ALCAN\u00c7AR E A IDEOLOGIA QUE ELE PRETENDE REPRODUZIR FAZENDO COM QUE A CRIATIVIDADE TENHA ESPA\u00c7O DENTRO DAS PRODU\u00c7\u00d5ES.<\/p>\n\n\n\n<p class=\"has-text-align-center has-background has-medium-font-size\" style=\"background-color:#eaf2fb\">O <strong>POEMA<\/strong> \u00c9 UMA FORMA ESPEC\u00cdFICA DE TEXTO, ORGANIZADO EM VERSOS, PODENDO TER M\u00c9TRICA DE RIMAS, OU N\u00c3O. <\/p>\n\n\n\n<p class=\"has-text-align-center has-background has-medium-font-size\" style=\"background-color:#eaf2fb\"> A <strong>POESIA<\/strong> \u00c9 COMO UMA M\u00c1GICA DAS PALAVRAS, CHEIA DE SURPRESAS E MIST\u00c9RIOS. ELA PODE SIGIFICAR MUITAS COISAS AO MESMO TEMPO, DEIXANDO NOSSA IMAGINA\u00c7\u00c3O VOAR.<\/p>\n\n\n\n<hr class=\"wp-block-separator has-css-opacity\"\/>\n\n\n\n<p class=\"has-background has-medium-font-size\" style=\"background-color:#f4eef1\">VAMOS VER A VIDEOAULA?<\/p>\n\n\n\n<figure class=\"wp-block-embed is-type-video is-provider-youtube wp-block-embed-youtube wp-embed-aspect-16-9 wp-has-aspect-ratio\"><div class=\"wp-block-embed__wrapper\">\n<p class=\"responsive-video-wrap clr\"><iframe title=\"Aprender Sempre - L. Portuguesa - 1\u00ba Ano - 2\u00ba Bim - Videoaula 5 - G\u00eaneros Textuais: Poemas e Poesia\" width=\"1200\" height=\"675\" src=\"https:\/\/www.youtube.com\/embed\/Gk0fh2UvE7M?feature=oembed\" frameborder=\"0\" allow=\"accelerometer; autoplay; clipboard-write; encrypted-media; gyroscope; picture-in-picture; web-share\" allowfullscreen><\/iframe><\/p>\n<\/div><figcaption class=\"wp-element-caption\">CANAL: PORTAL CONEX\u00c3O ESCOLA &#8211; https:\/\/youtu.be\/Gk0fh2UvE7M<\/figcaption><\/figure>\n\n\n\n<hr class=\"wp-block-separator has-css-opacity\"\/>\n\n\n\n<p class=\"has-text-align-center has-background has-medium-font-size\" style=\"background-color:#ede1e8\">HORA DA ATIVIDADE<\/p>\n\n\n\n<p class=\"has-background has-medium-font-size\" style=\"background-color:#f3f7f9\">QUEST\u00c3O 1<\/p>\n\n\n\n<p class=\"has-medium-font-size\">RELEIA O POEMA \u201cCOLO DE AV\u00d3\u201d &#8211; ROSEANA MURRAY E FA\u00c7A UMA ILUSTRA\u00c7\u00c3O BEM BONITA.<\/p>\n\n\n\n<p class=\"has-medium-font-size\"><strong>PASSARINHOS<\/strong><\/p>\n\n\n\n<p class=\"has-text-align-center\"><img decoding=\"async\" width=\"862px;\" height=\"485px;\" src=\"https:\/\/lh4.googleusercontent.com\/OJHrEfP7hAM3dmXuu8j2V_pfKWDlpkrtxmRCxr7x0H_d-xNwM1FE_-czIfah8jTcuEs3G0AuRTka64Gzc8D2GOFE_OjZAivE9gjXbHoVZXBKZchMjb8Dolt1lkxlYfn5C5GM2qo-jwo\">ROSEANA MURRAY &#8211;<\/p>\n\n\n\n<p class=\"has-medium-font-size\">A AV\u00d3 \u00c9 AMESTRADORA<\/p>\n\n\n\n<p class=\"has-medium-font-size\">DE PASSARINHOS.<\/p>\n\n\n\n<p class=\"has-medium-font-size\">ELA CANTA, ASSOVIA.<\/p>\n\n\n\n<p class=\"has-medium-font-size\">DO SEU CORPO O AMOR ESCAPA<\/p>\n\n\n\n<p class=\"has-medium-font-size\">E ENLA\u00c7A O AR.<\/p>\n\n\n\n<p class=\"has-medium-font-size\">ENT\u00c3O OS PASSARINHOS<\/p>\n\n\n\n<p class=\"has-medium-font-size\">VOAM PARA SEUS BRA\u00c7OS<\/p>\n\n\n\n<p class=\"has-medium-font-size\">E ELA VIRA NINHO.<\/p>\n\n\n\n<hr class=\"wp-block-separator has-css-opacity\"\/>\n\n\n\n<p class=\"has-background has-medium-font-size\" style=\"background-color:#e0ecf1\">QUEST\u00c3O 2<\/p>\n\n\n\n<p class=\"has-medium-font-size\">TENTE COMPLETAR A CANTIGA COM AS PALAVRAS QUE EST\u00c3O FALTANDO:<\/p>\n\n\n\n<p class=\"has-text-align-center\"><img decoding=\"async\" width=\"1071px;\" height=\"603px;\" src=\"https:\/\/lh4.googleusercontent.com\/-9a6B-QTn6MwRmyaSJUVDJn2TObqffjYdoLGqGmmoMKWHKKhc0GoU49o7l1NCiz08-0WXOIIADVi--PJ_sVs83W36Nq6-fVxB4Zt11VimjNqWXk28nxOist3l9SgyihzGG0GX5Mq7uc\"><\/p>\n\n\n\n<p class=\"has-medium-font-size\"><strong>A L\u00cdNGUA DO NHEM<\/strong><\/p>\n\n\n\n<p class=\"has-medium-font-size\">&nbsp;&nbsp;&nbsp;&nbsp;&nbsp;&nbsp;&nbsp;&nbsp;&nbsp;&nbsp;&nbsp;&nbsp;&nbsp;&nbsp;&nbsp;&nbsp;&nbsp;&nbsp;&nbsp;&nbsp;&nbsp;&nbsp;&nbsp;&nbsp;&nbsp;&nbsp;&nbsp;&nbsp;&nbsp;&nbsp;&nbsp;&nbsp;&nbsp;&nbsp;&nbsp;&nbsp;&nbsp; CEC\u00cdLIA MEIRELES<\/p>\n\n\n\n<p class=\"has-medium-font-size\">\u2014-<\/p>\n\n\n\n<p class=\"has-medium-font-size\">HAVIA UMA ________________________________<\/p>\n\n\n\n<p class=\"has-medium-font-size\">QUE ANDAVA ABORRECIDA<\/p>\n\n\n\n<p class=\"has-medium-font-size\">POIS DAVA A SUA VIDA<\/p>\n\n\n\n<p class=\"has-medium-font-size\">PARA FALAR COM ALGU\u00c9M.<\/p>\n\n\n\n<p class=\"has-medium-font-size\">E ESTAVA SEMPRE EM _______________________________<\/p>\n\n\n\n<p class=\"has-medium-font-size\">A BOA VELHINHA<\/p>\n\n\n\n<p class=\"has-medium-font-size\">RESMUNGANDO SOZINHA:<\/p>\n\n\n\n<p class=\"has-medium-font-size\">NHEM-NHEM-NHEM-NHEM-NHEM-NHEM\u2026<\/p>\n\n\n\n<p class=\"has-medium-font-size\">O ___________________ QUE DORMIA<\/p>\n\n\n\n<p class=\"has-medium-font-size\">NO CANTO DA COZINHA<\/p>\n\n\n\n<p class=\"has-medium-font-size\">ESCUTANDO A VELHINHA,<\/p>\n\n\n\n<p class=\"has-medium-font-size\">PRINCIPIOU TAMB\u00c9M<\/p>\n\n\n\n<p class=\"has-medium-font-size\">A MIAR NESSA L\u00cdNGUA<\/p>\n\n\n\n<p class=\"has-medium-font-size\">E SE ELA RESMUNGAVA,<\/p>\n\n\n\n<p class=\"has-medium-font-size\">O ______________________________&nbsp; A ACOMPANHAVA:<\/p>\n\n\n\n<p class=\"has-medium-font-size\">NHEM-NHEM-NHEM-NHEM-NHEM\u2026<\/p>\n\n\n\n<hr class=\"wp-block-separator has-css-opacity\"\/>\n\n\n\n<p class=\"has-background has-medium-font-size\" style=\"background-color:#e6ecef\">QUEST\u00c3O 3<\/p>\n\n\n\n<p class=\"has-medium-font-size\">AGORA OBSERVE AS PALAVRAS ABAIXO E COLOQUE-AS NO LUGAR CERTO.<\/p>\n\n\n\n<p class=\"has-text-align-center has-medium-font-size\"><strong>VELHINHA &#8211;&nbsp; CASA &#8211; GATO &#8211; GATINHO<\/strong><\/p>\n\n\n\n<p class=\"has-medium-font-size\">QUANTAS LETRAS TEM A PALAVRAS ABAIXO?<\/p>\n\n\n\n<p class=\"has-text-align-center has-medium-font-size\">VELHINHA<\/p>\n\n\n\n<p class=\"has-text-align-center has-medium-font-size\">_________________________<\/p>\n\n\n\n<p class=\"has-text-align-center has-medium-font-size\">CASA E GATO?<\/p>\n\n\n\n<p class=\"has-text-align-center has-medium-font-size\">_________________________<\/p>\n\n\n\n<p class=\"has-text-align-center has-medium-font-size\">GATINHO?<\/p>\n\n\n\n<p class=\"has-text-align-center has-medium-font-size\">__________________________<\/p>\n\n\n\n<hr class=\"wp-block-separator has-css-opacity\"\/>\n\n\n\n<p class=\"has-background has-medium-font-size\" style=\"background-color:#ebf7fc\"><strong>Para acessar o material desta atividade clique no link:<\/strong> <a href=\"https:\/\/sme.goiania.go.gov.br\/conexaoescola\/propostas_didaticas\/propostas-didaticas-lingua-portuguesa-1o-ano\/\" target=\"_blank\" rel=\"noreferrer noopener\">https:\/\/sme.goiania.go.gov.br\/conexaoescola\/propostas_didaticas\/propostas-didaticas-lingua-portuguesa-1o-ano\/<\/a><\/p>\n\n\n\n<hr class=\"wp-block-separator has-css-opacity\"\/>\n\n\n\n<figure class=\"wp-block-table is-style-stripes\"><table><tbody><tr><td><strong>Componente Curricular:<\/strong><\/td><td>L\u00edngua Portuguesa<\/td><\/tr><tr><td><strong>Habilidade:<\/strong><\/td><td>(GO-EF01LP40) Reconhecer, a partir de textos como quadrinhas, cantigas, parlendas, entre outros g\u00eaneros as caracter\u00edsticas do sistema de escrita: letras e palavras; rela\u00e7\u00e3o entre fala e escrita.(EF12LP18) Apreciar poemas e outros textos versificados, observando rimas, sonoridades, jogos de palavras, reconhecendo seu pertencimento ao mundo imagin\u00e1rio e sua dimens\u00e3o de encantamento, jogo e frui\u00e7\u00e3o.(EF15LP17) Apreciar poemas visuais, entre outros, observando efeitos de sentido criados pelo formato do texto na p\u00e1gina, distribui\u00e7\u00e3o e diagrama\u00e7\u00e3o das letras, pelas ilustra\u00e7\u00f5es e por outros efeitos visuais.(EF15LP03) Localizar informa\u00e7\u00f5es expl\u00edcitas em textos.<\/td><\/tr><\/tbody><\/table><\/figure>\n\n\n\n<hr class=\"wp-block-separator has-css-opacity\"\/>\n\n\n\n<figure class=\"wp-block-table is-style-stripes\"><table><tbody><tr><td>REFER\u00caNCIAS<\/td><td>GOI\u00c2NIA. Secretaria Municipal de Educa\u00e7\u00e3o. <strong>Aprender sempre. <\/strong>1o. Ano &#8211; Ensino Fundamental; L\u00edngua Portuguesa e Matem\u00e1tica; 2o. Bimestre; Goi\u00e2nia, 2022.<br>GOVERNO DO ESTADO DE GOI\u00c1S. SECRET\u00c1RIA DE ESTADO DE EDUCA\u00c7\u00c3O \u2013 SEDUC\/CONSED. DOCUMENTO CURRICULAR PARA GOI\u00c1S \u2013 AMPLIADO: <strong>VOLUME II ENSINO FUNDAMENTAL ANOS INICIAIS<\/strong>.&nbsp;<br>MEIRELES, CEC\u00cdLIA.<strong> OU ISTO, OU AQUILO.<\/strong> Rio de Janeiro: Nova Fronteira, 2002.&nbsp;<br>MURRAY, Roseana. <strong>Colo de av\u00f3.<\/strong> S\u00e3o Paulo: Brinque-book, 2016.&nbsp;<br>IMAGENS RETIRADAS DO SITE:<br>CANVA<\/td><\/tr><\/tbody><\/table><\/figure>\n\n\n\n<hr class=\"wp-block-separator has-css-opacity\"\/>\n","protected":false},"author":39,"featured_media":145323,"template":"","ef_categoria":[30],"ef_ano":[84],"ef_componente":[93],"class_list":["post-144272","ensino_fundamental","type-ensino_fundamental","status-publish","has-post-thumbnail","hentry","ef_categoria-etica-e-cidadania-ciclo-da-adolescencia-fg","ef_ano-1o-ano","ef_componente-portugues","entry","has-media"],"acf":[],"_links":{"self":[{"href":"https:\/\/sme.goiania.go.gov.br\/conexaoescola\/wp-json\/wp\/v2\/ensino_fundamental\/144272","targetHints":{"allow":["GET"]}}],"collection":[{"href":"https:\/\/sme.goiania.go.gov.br\/conexaoescola\/wp-json\/wp\/v2\/ensino_fundamental"}],"about":[{"href":"https:\/\/sme.goiania.go.gov.br\/conexaoescola\/wp-json\/wp\/v2\/types\/ensino_fundamental"}],"author":[{"embeddable":true,"href":"https:\/\/sme.goiania.go.gov.br\/conexaoescola\/wp-json\/wp\/v2\/users\/39"}],"version-history":[{"count":5,"href":"https:\/\/sme.goiania.go.gov.br\/conexaoescola\/wp-json\/wp\/v2\/ensino_fundamental\/144272\/revisions"}],"predecessor-version":[{"id":177702,"href":"https:\/\/sme.goiania.go.gov.br\/conexaoescola\/wp-json\/wp\/v2\/ensino_fundamental\/144272\/revisions\/177702"}],"wp:featuredmedia":[{"embeddable":true,"href":"https:\/\/sme.goiania.go.gov.br\/conexaoescola\/wp-json\/wp\/v2\/media\/145323"}],"wp:attachment":[{"href":"https:\/\/sme.goiania.go.gov.br\/conexaoescola\/wp-json\/wp\/v2\/media?parent=144272"}],"wp:term":[{"taxonomy":"ef_categoria","embeddable":true,"href":"https:\/\/sme.goiania.go.gov.br\/conexaoescola\/wp-json\/wp\/v2\/ef_categoria?post=144272"},{"taxonomy":"ef_ano","embeddable":true,"href":"https:\/\/sme.goiania.go.gov.br\/conexaoescola\/wp-json\/wp\/v2\/ef_ano?post=144272"},{"taxonomy":"ef_componente","embeddable":true,"href":"https:\/\/sme.goiania.go.gov.br\/conexaoescola\/wp-json\/wp\/v2\/ef_componente?post=144272"}],"curies":[{"name":"wp","href":"https:\/\/api.w.org\/{rel}","templated":true}]}}