{"id":144192,"date":"2022-05-17T11:34:18","date_gmt":"2022-05-17T14:34:18","guid":{"rendered":"https:\/\/sme.goiania.go.gov.br\/conexaoescola\/?post_type=ensino_fundamental&#038;p=144192"},"modified":"2023-05-18T09:42:25","modified_gmt":"2023-05-18T12:42:25","slug":"arte-teatro-texto-dramatico-2","status":"publish","type":"ensino_fundamental","link":"https:\/\/sme.goiania.go.gov.br\/conexaoescola\/ensino_fundamental\/arte-teatro-texto-dramatico-2\/","title":{"rendered":"Arte\/Teatro &#8211; Texto Dram\u00e1tico"},"content":{"rendered":"\n<p class=\"has-text-align-center has-black-color has-text-color has-background\" style=\"background-color:#d5b95d\">Esta proposta de atividade de<strong>&nbsp;Arte\/Teatro&nbsp;<\/strong>\u00e9 destinada aos estudantes do 9<strong>\u00ba ANO&nbsp;<\/strong>do Ensino Fundamental \u2013 Anos Finais.<\/p>\n\n\n<div class=\"wp-block-image\">\n<figure class=\"aligncenter size-large is-resized\"><img fetchpriority=\"high\" decoding=\"async\" src=\"https:\/\/sme.goiania.go.gov.br\/conexaoescola\/wp-content\/uploads\/2023\/04\/2-8-1024x1024.png\" alt=\"\" class=\"wp-image-161649\" width=\"347\" height=\"347\" srcset=\"https:\/\/sme.goiania.go.gov.br\/conexaoescola\/wp-content\/uploads\/2023\/04\/2-8-1024x1024.png 1024w, https:\/\/sme.goiania.go.gov.br\/conexaoescola\/wp-content\/uploads\/2023\/04\/2-8-300x300.png 300w, https:\/\/sme.goiania.go.gov.br\/conexaoescola\/wp-content\/uploads\/2023\/04\/2-8-150x150.png 150w, https:\/\/sme.goiania.go.gov.br\/conexaoescola\/wp-content\/uploads\/2023\/04\/2-8-768x768.png 768w, https:\/\/sme.goiania.go.gov.br\/conexaoescola\/wp-content\/uploads\/2023\/04\/2-8.png 1080w\" sizes=\"(max-width: 347px) 100vw, 347px\" \/><\/figure><\/div>\n\n\n<div class=\"wp-block-buttons is-content-justification-center is-layout-flex wp-container-core-buttons-is-layout-16018d1d wp-block-buttons-is-layout-flex\">\n<div class=\"wp-block-button has-custom-font-size has-small-font-size\"><a class=\"wp-block-button__link wp-element-button\" href=\"https:\/\/docs.google.com\/document\/d\/1zp_uazq72Vow4C-VSAp6TYs9i2sAGnqx7echbJ2f-mU\/copy\" target=\"_blank\" rel=\"noreferrer noopener\">Baixe a atividade<\/a><\/div>\n\n\n\n<div class=\"wp-block-button has-custom-font-size has-small-font-size\"><a class=\"wp-block-button__link wp-element-button\" href=\"https:\/\/docs.google.com\/presentation\/d\/1qpJz8NbiDTl2PKd_DF_C4DyMrl_7wEKT86Ns5gfOj4s\/copy\" target=\"_blank\" rel=\"noreferrer noopener\">Baixe os slides<\/a><\/div>\n\n\n\n<div class=\"wp-block-button has-custom-font-size has-small-font-size\"><a class=\"wp-block-button__link wp-element-button\" href=\"https:\/\/docs.google.com\/document\/d\/1G3c-nNNn75BUyEMV2oBPn6jJZBTFHfAOoaORwwfACsE\/copy\" target=\"_blank\" rel=\"noreferrer noopener\">Baixe o texto<\/a><\/div>\n<\/div>\n\n\n\n<p class=\"has-black-color has-white-background-color has-text-color has-background has-medium-font-size\">Um <strong>texto dram\u00e1tico <\/strong>\u00e9 uma forma de escrita que tem como objetivo apresentar uma hist\u00f3ria ou situa\u00e7\u00e3o por meio de di\u00e1logos entre personagens. O texto dram\u00e1tico \u00e9 geralmente escrito para ser encenado, o que significa que a a\u00e7\u00e3o \u00e9 expressa por meio das falas e movimentos dos personagens em um palco.<\/p>\n\n\n<div class=\"wp-block-image\">\n<figure class=\"aligncenter size-full is-resized\"><img decoding=\"async\" src=\"https:\/\/sme.goiania.go.gov.br\/conexaoescola\/wp-content\/uploads\/2023\/05\/image-131.png\" alt=\"\" class=\"wp-image-163028\" width=\"478\" height=\"319\" srcset=\"https:\/\/sme.goiania.go.gov.br\/conexaoescola\/wp-content\/uploads\/2023\/05\/image-131.png 711w, https:\/\/sme.goiania.go.gov.br\/conexaoescola\/wp-content\/uploads\/2023\/05\/image-131-300x200.png 300w\" sizes=\"(max-width: 478px) 100vw, 478px\" \/><\/figure><\/div>\n\n\n<p class=\"has-text-align-center\" style=\"font-size:8px\">Dispon\u00edvel em<a href=\"https:\/\/www.flickr.com\/photos\/portalpbh\/6674590059\/in\/photostream\/\"> https:\/\/www.flickr.com\/photos\/portalpbh\/6674590059\/in\/photostream\/<\/a>&nbsp;<\/p>\n\n\n\n<p class=\"has-text-align-center\" style=\"font-size:8px\">Acesso em 24, abr. 2023<\/p>\n\n\n\n<p class=\"has-medium-font-size\">A finalidade do texto dram\u00e1tico \u00e9 entreter e provocar emo\u00e7\u00f5es no p\u00fablico, seja por meio da com\u00e9dia, trag\u00e9dia, drama ou suspense. Atrav\u00e9s dos di\u00e1logos, o texto dram\u00e1tico pode abordar temas como amor, amizade, conflitos sociais e pol\u00edticos, al\u00e9m de quest\u00f5es filos\u00f3ficas e existenciais.<br>Existem diversos g\u00eaneros que podem ser apresentados no texto dram\u00e1tico, como a com\u00e9dia, a trag\u00e9dia, o drama hist\u00f3rico, a farsa, a com\u00e9dia rom\u00e2ntica, o melodrama, o teatro de revista, o teatro de rua, o teatro de bonecos, entre outros.<\/p>\n\n\n<div class=\"wp-block-image\">\n<figure class=\"aligncenter size-full is-resized\"><img decoding=\"async\" src=\"https:\/\/sme.goiania.go.gov.br\/conexaoescola\/wp-content\/uploads\/2023\/05\/image-132.png\" alt=\"\" class=\"wp-image-163030\" width=\"378\" height=\"349\" srcset=\"https:\/\/sme.goiania.go.gov.br\/conexaoescola\/wp-content\/uploads\/2023\/05\/image-132.png 567w, https:\/\/sme.goiania.go.gov.br\/conexaoescola\/wp-content\/uploads\/2023\/05\/image-132-300x277.png 300w\" sizes=\"(max-width: 378px) 100vw, 378px\" \/><\/figure><\/div>\n\n\n<p class=\"has-text-align-center\" style=\"font-size:8px\">Dispon\u00edvel em<a href=\"https:\/\/www.flickr.com\/photos\/universoproducao\/42711976020%20Acesso%20em%2024\"> https:\/\/www.flickr.com\/photos\/universoproducao\/42711976020 Acesso em 24<\/a>, abr. 2023<\/p>\n\n\n\n<p class=\"has-medium-font-size\">Cada g\u00eanero possui caracter\u00edsticas pr\u00f3prias em rela\u00e7\u00e3o \u00e0 estrutura narrativa, estilo dos di\u00e1logos, personagens e tom. Na <strong>com\u00e9dia<\/strong>, por exemplo, o texto \u00e9 mais leve e divertido, com di\u00e1logos bem-humorados e personagens caricatos.<\/p>\n\n\n<div class=\"wp-block-image\">\n<figure class=\"aligncenter size-full is-resized\"><img loading=\"lazy\" decoding=\"async\" src=\"https:\/\/sme.goiania.go.gov.br\/conexaoescola\/wp-content\/uploads\/2023\/05\/image-133.png\" alt=\"\" class=\"wp-image-163031\" width=\"521\" height=\"292\" srcset=\"https:\/\/sme.goiania.go.gov.br\/conexaoescola\/wp-content\/uploads\/2023\/05\/image-133.png 641w, https:\/\/sme.goiania.go.gov.br\/conexaoescola\/wp-content\/uploads\/2023\/05\/image-133-300x168.png 300w\" sizes=\"(max-width: 521px) 100vw, 521px\" \/><\/figure><\/div>\n\n\n<p class=\"has-text-align-center\" style=\"font-size:8px\">Dispon\u00edvel em<a href=\"https:\/\/www.flickr.com\/photos\/festivalinternacionaldeteatroclasicodealmagro\/33605251380%20Acesso%20em%2024\"> https:\/\/www.flickr.com\/photos\/festivalinternacionaldeteatroclasicodealmagro\/33605251380&nbsp;<\/a><\/p>\n\n\n\n<p class=\"has-text-align-center\" style=\"font-size:8px\"><a href=\"https:\/\/www.flickr.com\/photos\/festivalinternacionaldeteatroclasicodealmagro\/33605251380%20Acesso%20em%2024\">Acesso em 24<\/a>, abr. 2023<\/p>\n\n\n\n<p class=\"has-medium-font-size\">J\u00e1 na <strong>trag\u00e9dia<\/strong>, a hist\u00f3ria geralmente \u00e9 tolerante e triste, com personagens que enfrentam grandes dilemas e conflitos morais.<\/p>\n\n\n<div class=\"wp-block-image\">\n<figure class=\"aligncenter size-full is-resized\"><img loading=\"lazy\" decoding=\"async\" src=\"https:\/\/sme.goiania.go.gov.br\/conexaoescola\/wp-content\/uploads\/2023\/05\/image-134.png\" alt=\"\" class=\"wp-image-163032\" width=\"523\" height=\"348\" srcset=\"https:\/\/sme.goiania.go.gov.br\/conexaoescola\/wp-content\/uploads\/2023\/05\/image-134.png 764w, https:\/\/sme.goiania.go.gov.br\/conexaoescola\/wp-content\/uploads\/2023\/05\/image-134-300x200.png 300w\" sizes=\"(max-width: 523px) 100vw, 523px\" \/><\/figure><\/div>\n\n\n<p class=\"has-text-align-center\" style=\"font-size:8px\">Dispon\u00edvel em<a href=\"https:\/\/pixabay.com\/es\/photos\/%C3%B3pera-tragedia-dido-teatro-4517721\/\"> https:\/\/pixabay.com\/es\/photos\/%C3%B3pera-tragedia-dido-teatro-4517721\/<\/a>&nbsp;Acesso em 24, abr. 2023<\/p>\n\n\n\n<p class=\"has-medium-font-size\">O <strong>drama<\/strong> hist\u00f3rico aborda eventos reais do passado, enquanto o melodrama usa emo\u00e7\u00f5es exageradas para criar tens\u00e3o e suspense. A <strong>farsa <\/strong>\u00e9 um g\u00eanero que utiliza a com\u00e9dia para fazer uma cr\u00edtica social, muitas vezes de forma sat\u00edrica e exagerada.<\/p>\n\n\n<div class=\"wp-block-image\">\n<figure class=\"aligncenter size-full is-resized\"><img loading=\"lazy\" decoding=\"async\" src=\"https:\/\/sme.goiania.go.gov.br\/conexaoescola\/wp-content\/uploads\/2023\/05\/image-135.png\" alt=\"\" class=\"wp-image-163033\" width=\"531\" height=\"352\" srcset=\"https:\/\/sme.goiania.go.gov.br\/conexaoescola\/wp-content\/uploads\/2023\/05\/image-135.png 756w, https:\/\/sme.goiania.go.gov.br\/conexaoescola\/wp-content\/uploads\/2023\/05\/image-135-300x199.png 300w\" sizes=\"(max-width: 531px) 100vw, 531px\" \/><\/figure><\/div>\n\n\n<p class=\"has-text-align-center\" style=\"font-size:8px\">Dispon\u00edvel em<a href=\"https:\/\/www.flickr.com\/photos\/culturaargentina\/13743294244%20Acesso%20em%2024\"> https:\/\/www.flickr.com\/photos\/culturaargentina\/13743294244 Acesso em 24<\/a>, abr. 2023<\/p>\n\n\n\n<p class=\"has-medium-font-size\">O texto dram\u00e1tico tem sido utilizado h\u00e1 s\u00e9culos para transmitir mensagens com ampla variedade de temas, quest\u00f5es sociais e culturais e provocar reflex\u00f5es sobre a natureza humana e a sociedade. &nbsp; &nbsp; &nbsp; &nbsp; &nbsp; &nbsp; &nbsp;<\/p>\n\n\n\n<p class=\"has-black-color has-text-color has-background\" style=\"background-color:#d5b95d\"><strong>QUEST\u00c3O 1<\/strong><\/p>\n\n\n\n<p class=\"has-medium-font-size\">A diferen\u00e7a entre o g\u00eanero com\u00e9dia e o g\u00eanero trag\u00e9dia no texto dram\u00e1tico est\u00e1<\/p>\n\n\n\n<p class=\"has-medium-font-size\">(A) &nbsp; na com\u00e9dia a hist\u00f3ria \u00e9 triste e na trag\u00e9dia a hist\u00f3ria \u00e9 divertida.&nbsp;<\/p>\n\n\n\n<p class=\"has-medium-font-size\">(B) na com\u00e9dia os di\u00e1logos s\u00e3o s\u00e9rios e na trag\u00e9dia os di\u00e1logos s\u00e3o bem-humorados.<\/p>\n\n\n\n<p class=\"has-medium-font-size\">(C) na com\u00e9dia a hist\u00f3ria \u00e9 leve e divertida, enquanto na trag\u00e9dia a hist\u00f3ria geralmente \u00e9 dolorosa e triste.<\/p>\n\n\n\n<p class=\"has-medium-font-size\">(D)&nbsp; na com\u00e9dia a hist\u00f3ria \u00e9 realista e na trag\u00e9dia a hist\u00f3ria \u00e9 fantasiosa.<\/p>\n\n\n\n<p class=\"has-black-color has-text-color has-background\" style=\"background-color:#d5b95d\"><strong>QUEST\u00c3O 2<\/strong><\/p>\n\n\n\n<p class=\"has-medium-font-size\">O texto dram\u00e1tico \u00e9 geralmente escrito para ser encenado, o que significa que a a\u00e7\u00e3o \u00e9 expressa por meio das falas e movimentos dos personagens em um palco. A finalidade do texto dram\u00e1tico \u00e9<\/p>\n\n\n\n<p class=\"has-medium-font-size\">(A) informar o p\u00fablico sobre uma hist\u00f3ria.&nbsp;<\/p>\n\n\n\n<p class=\"has-medium-font-size\">(B) divertir o p\u00fablico com di\u00e1logos bem-humorados.<\/p>\n\n\n\n<p class=\"has-medium-font-size\">(C) provocar emo\u00e7\u00f5es no p\u00fablico por meio do di\u00e1logo entre personagens.&nbsp;<\/p>\n\n\n\n<p class=\"has-medium-font-size\">(D) criticar a sociedade por meio de exageros e s\u00e1tiras.<\/p>\n\n\n\n<p class=\"has-black-color has-text-color has-background\" style=\"background-color:#d5b95d\"><strong>QUEST\u00c3O 3<\/strong><\/p>\n\n\n\n<p class=\"has-medium-font-size\">O que \u00e9 um texto dram\u00e1tico?<\/p>\n\n\n\n<p class=\"has-black-color has-text-color has-background\" style=\"background-color:#d5b95d\"><strong>QUEST\u00c3O 4<\/strong><\/p>\n\n\n\n<p class=\"has-medium-font-size\">Quais os g\u00eaneros que podem ser apresentados no texto dram\u00e1tico?<\/p>\n\n\n\n<figure class=\"wp-block-table is-style-stripes has-medium-font-size\"><table><tbody><tr><td><strong>Autoria<\/strong><\/td><td>Veruska Bettiol<\/td><\/tr><tr><td><strong>Forma\u00e7\u00e3o<\/strong><\/td><td>Arte<\/td><\/tr><tr><td><strong>Componente Curricular<\/strong><\/td><td>Arte\/Teatro<\/td><\/tr><tr><td><strong>Habilidade<\/strong><\/td><td>(GO-EF09AR30) Compor improvisa\u00e7\u00f5es e acontecimentos c\u00eanicos, individual e coletivamente, com base em textos dram\u00e1ticos ou outros est\u00edmulos: m\u00fasica, imagens, objetos. Conceber e caracterizar os personagens, com figurinos e adere\u00e7os, o cen\u00e1rio, a ilumina\u00e7\u00e3o e a sonoplastia, ressignificando espa\u00e7os dentro da institui\u00e7\u00e3o escolar e fora dela, explorando diferentes rela\u00e7\u00f5es com o espectador.<\/td><\/tr><tr><td><strong>Refer\u00eancias<\/strong><\/td><td><strong>FREIRE, <\/strong>Paulo. Pedagogia da Autonomia: Saberes Necess\u00e1rios \u00e0 Pr\u00e1ticas Educativas. S\u00e3o Paulo, Paz e Terra- 1996<br><strong>PAVIS,<\/strong> Patrice. 1947 &#8211; Dicion\u00e1rio do teatro\/Patrice Pavis. Tradu\u00e7\u00e3o para l\u00edngua portuguesa sob a dire\u00e7\u00e3o de J. Guinsburg e Maria L\u00facia Pereira. 3\u00aa ed. &#8211; S\u00e3o Paulo. Perspectiva. 2008.<br><strong>SPOLIN,<\/strong> Viola. Improvisa\u00e7\u00e3o para o teatro. Tradu\u00e7\u00e3o Ingrid Dormien Koudela, Eduardo Jos\u00e9 Almeida Amos. S\u00e3o Paulo: Perspectiva, 1979.<\/td><\/tr><\/tbody><\/table><\/figure>\n","protected":false},"author":62,"featured_media":161650,"template":"","ef_categoria":[16,32],"ef_ano":[92],"ef_componente":[99],"class_list":["post-144192","ensino_fundamental","type-ensino_fundamental","status-publish","has-post-thumbnail","hentry","ef_categoria-ciclo-da-adolescencia-hi","ef_categoria-corpo-e-movimento-ciclo-da-adolescencia-hi","ef_ano-9o-ano","ef_componente-arte-ef","entry","has-media"],"acf":[],"_links":{"self":[{"href":"https:\/\/sme.goiania.go.gov.br\/conexaoescola\/wp-json\/wp\/v2\/ensino_fundamental\/144192","targetHints":{"allow":["GET"]}}],"collection":[{"href":"https:\/\/sme.goiania.go.gov.br\/conexaoescola\/wp-json\/wp\/v2\/ensino_fundamental"}],"about":[{"href":"https:\/\/sme.goiania.go.gov.br\/conexaoescola\/wp-json\/wp\/v2\/types\/ensino_fundamental"}],"author":[{"embeddable":true,"href":"https:\/\/sme.goiania.go.gov.br\/conexaoescola\/wp-json\/wp\/v2\/users\/62"}],"version-history":[{"count":2,"href":"https:\/\/sme.goiania.go.gov.br\/conexaoescola\/wp-json\/wp\/v2\/ensino_fundamental\/144192\/revisions"}],"predecessor-version":[{"id":163034,"href":"https:\/\/sme.goiania.go.gov.br\/conexaoescola\/wp-json\/wp\/v2\/ensino_fundamental\/144192\/revisions\/163034"}],"wp:featuredmedia":[{"embeddable":true,"href":"https:\/\/sme.goiania.go.gov.br\/conexaoescola\/wp-json\/wp\/v2\/media\/161650"}],"wp:attachment":[{"href":"https:\/\/sme.goiania.go.gov.br\/conexaoescola\/wp-json\/wp\/v2\/media?parent=144192"}],"wp:term":[{"taxonomy":"ef_categoria","embeddable":true,"href":"https:\/\/sme.goiania.go.gov.br\/conexaoescola\/wp-json\/wp\/v2\/ef_categoria?post=144192"},{"taxonomy":"ef_ano","embeddable":true,"href":"https:\/\/sme.goiania.go.gov.br\/conexaoescola\/wp-json\/wp\/v2\/ef_ano?post=144192"},{"taxonomy":"ef_componente","embeddable":true,"href":"https:\/\/sme.goiania.go.gov.br\/conexaoescola\/wp-json\/wp\/v2\/ef_componente?post=144192"}],"curies":[{"name":"wp","href":"https:\/\/api.w.org\/{rel}","templated":true}]}}