{"id":144182,"date":"2022-05-17T10:56:39","date_gmt":"2022-05-17T13:56:39","guid":{"rendered":"https:\/\/sme.goiania.go.gov.br\/conexaoescola\/?post_type=ensino_fundamental&#038;p=144182"},"modified":"2023-04-20T09:06:56","modified_gmt":"2023-04-20T12:06:56","slug":"arte-teatro-texto-dramatico","status":"publish","type":"ensino_fundamental","link":"https:\/\/sme.goiania.go.gov.br\/conexaoescola\/ensino_fundamental\/arte-teatro-texto-dramatico\/","title":{"rendered":"Arte\/Teatro &#8211; Improvisa\u00e7\u00e3o Teatral"},"content":{"rendered":"\n<p class=\"has-text-align-center has-black-color has-text-color has-background\" style=\"background-color:#ff5555\">Esta proposta de atividade de<strong>&nbsp;Arte\/Teatro <\/strong>\u00e9 destinada aos estudantes do 8<strong>\u00ba ANO&nbsp;<\/strong>do Ensino Fundamental \u2013 Anos Finais.<\/p>\n\n\n<div class=\"wp-block-image\">\n<figure class=\"aligncenter size-large is-resized\"><img fetchpriority=\"high\" decoding=\"async\" src=\"https:\/\/sme.goiania.go.gov.br\/conexaoescola\/wp-content\/uploads\/2023\/04\/2-5-1024x1024.png\" alt=\"\" class=\"wp-image-161340\" width=\"340\" height=\"340\" srcset=\"https:\/\/sme.goiania.go.gov.br\/conexaoescola\/wp-content\/uploads\/2023\/04\/2-5-1024x1024.png 1024w, https:\/\/sme.goiania.go.gov.br\/conexaoescola\/wp-content\/uploads\/2023\/04\/2-5-300x300.png 300w, https:\/\/sme.goiania.go.gov.br\/conexaoescola\/wp-content\/uploads\/2023\/04\/2-5-150x150.png 150w, https:\/\/sme.goiania.go.gov.br\/conexaoescola\/wp-content\/uploads\/2023\/04\/2-5-768x768.png 768w, https:\/\/sme.goiania.go.gov.br\/conexaoescola\/wp-content\/uploads\/2023\/04\/2-5.png 1080w\" sizes=\"(max-width: 340px) 100vw, 340px\" \/><\/figure><\/div>\n\n\n<div class=\"wp-block-buttons is-content-justification-center is-layout-flex wp-container-core-buttons-is-layout-16018d1d wp-block-buttons-is-layout-flex\">\n<div class=\"wp-block-button has-custom-font-size has-small-font-size\"><a class=\"wp-block-button__link wp-element-button\" href=\"https:\/\/docs.google.com\/document\/d\/1pdWb15r7HXemz8R8xEwIfWr_dceLtJzs_nVTZaicTig\/copy\" target=\"_blank\" rel=\"noreferrer noopener\">Baixe a atividade<\/a><\/div>\n\n\n\n<div class=\"wp-block-button has-custom-font-size has-small-font-size\"><a class=\"wp-block-button__link wp-element-button\" href=\"https:\/\/docs.google.com\/presentation\/d\/13zoWP_3z7O6lNT1DDFrYjA5lAvG1YBVVuZYweC8aSuY\/copy\" target=\"_blank\" rel=\"noreferrer noopener\">Baixe os slides<\/a><\/div>\n\n\n\n<div class=\"wp-block-button has-custom-font-size has-small-font-size\"><a class=\"wp-block-button__link wp-element-button\" href=\"https:\/\/docs.google.com\/document\/d\/1vZX7BCRsocge9SflDv2lE0qtBQrzw6ytqSNDaryfVlA\/copy\" target=\"_blank\" rel=\"noreferrer noopener\">Baixe o texto<\/a><\/div>\n<\/div>\n\n\n\n<p class=\"has-medium-font-size\">Compor improvisa\u00e7\u00f5es e acontecimentos c\u00eanicos \u00e9 uma arte que requer muita habilidade e criatividade por parte dos artistas envolvidos. Esses elementos podem ser baseados em textos dram\u00e1ticos, mas tamb\u00e9m em outras formas de est\u00edmulos, como m\u00fasica, imagens, poemas, v\u00eddeos e objetos.\u00a0<\/p>\n\n\n\n<p class=\"has-text-align-center\"><img decoding=\"async\" width=\"481\" height=\"321\" src=\"https:\/\/lh4.googleusercontent.com\/IFW7fpFjzWCmOYzk0Fuuqw977NdZJtg1RcaEmR1rjtg3JZ4m3dx3D0nxk-uas-2K1rIBcdl-TU6p-rbSejb-AFA6K2gnQ8zS8hFw9NguK5uVC5aC8TieG4jbq6O5lOLONCRy5drAVMw_jxKmb4t0qzI\"><\/p>\n\n\n\n<p class=\"has-text-align-center\" style=\"font-size:8px\">Dispon\u00edvel em<a href=\"https:\/\/www.freepik.com\/free-photo\/girl-standing-front-stage-light-performing_2948682.htm#query=improvisa%C3%A7%C3%A3o%20teatral&amp;position=41&amp;from_view=search&amp;track=ais\"> https:\/\/www.freepik.com\/free-photo\/girl-standing-front-stage-light-performing_2948682.htm#query=improvisa%C3%A7%C3%A3o%20teatral&amp;position=41&amp;from_view=search&amp;track=ais<\/a> Acesso em 19, abr. 2023<\/p>\n\n\n\n<p class=\"has-medium-font-size\">O objetivo \u00e9 criar uma performance \u00fanica e acompanhada, que combine as diversas influ\u00eancias e gere um resultado original e inesperado. A improvisa\u00e7\u00e3o \u00e9 uma forma de mergulhar em uma fonte de inspira\u00e7\u00e3o e deixar que ela guie a cria\u00e7\u00e3o art\u00edstica.<\/p>\n\n\n\n<p class=\"has-text-align-center\"><img decoding=\"async\" width=\"492\" height=\"328\" src=\"https:\/\/lh6.googleusercontent.com\/k220LSQIpTp26vYXIfzdESoQ0tkUn0KMqI9_F7MhYC_kaQjRDGab5v_KL1YmBI6-T_r3OV17s2700fvFNEPDcSNSv3DPBqMMkIeXqtq2ZnBBwdAnDUshnQE6Hykqjvync5ynrGuIm5f3sLT2MMZfLOA\"><\/p>\n\n\n\n<p class=\"has-text-align-center\" style=\"font-size:8px\">Dispon\u00edvel em<a href=\"https:\/\/www.flickr.com\/photos\/culturacdmx\/12999438634%20Acesso%20em%2019\"> https:\/\/www.flickr.com\/photos\/culturacdmx\/12999438634 Acesso em 19<\/a>, abr. 2023<\/p>\n\n\n\n<p class=\"has-medium-font-size\">O texto dram\u00e1tico pode ser utilizado como um roteiro, uma estrutura que guiar\u00e1 a improvisa\u00e7\u00e3o dos atores. A partir das falas dos personagens, os artistas podem criar novas cenas, di\u00e1logos e a\u00e7\u00f5es que amplificam e enriquecem o universo dram\u00e1tico.<\/p>\n\n\n\n<p class=\"has-text-align-center\"><img loading=\"lazy\" decoding=\"async\" width=\"449\" height=\"299\" src=\"https:\/\/lh4.googleusercontent.com\/b8_rHOsl58Yk6PpvMTTOp8GGTakjZl9tMlBI5AlkdHo9NtO7iSkRM7npykEYCmpmlQoNHoJ9Rv3NwXVrZ2azsM5ttYo-2j5KiRWIyvZzLgfjBzvs1Puf7QZj6kz_z5QGewSRXXToy032hSMzQHw7ojk\"><\/p>\n\n\n\n<p class=\"has-text-align-center\" style=\"font-size:8px\">Dispon\u00edvel em<a href=\"https:\/\/www.freepik.com\/free-photo\/side-view-female-mime-sitting-stage-reading-manuscript_2975756.htm#query=improvisa%C3%A7%C3%A3o%20teatral&amp;position=17&amp;from_view=search&amp;track=ais\"> https:\/\/www.freepik.com\/free-photo\/side-view-female-mime-sitting-stage-reading-manuscript_2975756.htm#query=improvisa%C3%A7%C3%A3o%20teatral&amp;position=17&amp;from_view=search&amp;track=ais<\/a> Acesso em 19, abr. 2023<\/p>\n\n\n\n<p class=\"has-medium-font-size\">\u00c9 importante lembrar que a improvisa\u00e7\u00e3o n\u00e3o significa simplesmente inventar o que n\u00e3o est\u00e1 no texto, mas sim explorar suas possibilidades e ampliar sua linguagem.<\/p>\n\n\n\n<p class=\"has-medium-font-size\">Para que a improvisa\u00e7\u00e3o se transforme em um acontecimento c\u00eanico, \u00e9 preciso que haja uma estrutura\u00e7\u00e3o que d\u00ea coes\u00e3o e unidade ao espet\u00e1culo.&nbsp;<\/p>\n\n\n\n<p class=\"has-text-align-center\"><img loading=\"lazy\" decoding=\"async\" width=\"458\" height=\"305\" src=\"https:\/\/lh5.googleusercontent.com\/IEFFnTZ9PBxLntD_cAA0Xv09XlFlOqHsUoIHbzxdCFd6Sv3ifAXEQdNsVWX95fDyzul6sDx6T3LltyBm9PkFHL3FO5T5WZuI4zFo_WfdXQ2ig2TQjb4NXxwYYi4WEh0BMpiJK04uZLPjnpK96JxCipY\"><\/p>\n\n\n\n<p class=\"has-text-align-center\" style=\"font-size:8px\">Dispon\u00edvel em<a href=\"https:\/\/www.flickr.com\/photos\/vivadancafestival\/26461947900%20Acesso%20em%2019\"> https:\/\/www.flickr.com\/photos\/vivadancafestival\/26461947900 Acesso em 19<\/a>, abr. 2023<\/p>\n\n\n\n<p class=\"has-medium-font-size\">Essa estrutura\u00e7\u00e3o pode se dar a partir de uma tem\u00e1tica, de uma narrativa ou de uma sequ\u00eancia de cenas que se complementam. \u00c9 importante que a improvisa\u00e7\u00e3o seja conduzida com cuidado para que n\u00e3o se torne dispersa e desorganizada.<\/p>\n\n\n\n<p class=\"has-black-color has-text-color has-background\" style=\"background-color:#ff5555\"><strong>QUEST\u00c3O 1<\/strong><\/p>\n\n\n\n<p class=\"has-medium-font-size\">A improvisa\u00e7\u00e3o e os acontecimentos c\u00eanicos podem estar baseados tanto em textos dram\u00e1ticos como em outras formas de est\u00edmulos. Qual a import\u00e2ncia do texto dram\u00e1tico na improvisa\u00e7\u00e3o c\u00eanica?<\/p>\n\n\n\n<p class=\"has-medium-font-size\">(A) O texto dram\u00e1tico \u00e9 necess\u00e1rio na improvisa\u00e7\u00e3o c\u00eanica.<\/p>\n\n\n\n<p class=\"has-medium-font-size\">(B) O texto dram\u00e1tico \u00e9 apenas um elemento decorativo na improvisa\u00e7\u00e3o c\u00eanica.<\/p>\n\n\n\n<p class=\"has-medium-font-size\">(C) O texto dram\u00e1tico serve como roteiro para guiar a improvisa\u00e7\u00e3o dos artistas.<\/p>\n\n\n\n<p class=\"has-medium-font-size\">(D) O texto dram\u00e1tico limita a criatividade dos artistas na improvisa\u00e7\u00e3o c\u00eanica.<\/p>\n\n\n\n<p class=\"has-black-color has-text-color has-background\" style=\"background-color:#ff5555\"><strong>QUEST\u00c3O 2<\/strong><\/p>\n\n\n\n<p class=\"has-medium-font-size\">Para que ocorra uma improvisa\u00e7\u00e3o, n\u00e3o basta apenas inventar o que n\u00e3o est\u00e1 no texto, mas sim explorar suas possibilidades e ampliar sua linguagem. Como deve ser a estrutura\u00e7\u00e3o da improvisa\u00e7\u00e3o para que se transforme em um acontecimento c\u00eanico?<\/p>\n\n\n\n<p class=\"has-medium-font-size\">(A) A improvisa\u00e7\u00e3o deve ser dispersa e desorganizada para gerar um espet\u00e1culo original.<\/p>\n\n\n\n<p class=\"has-medium-font-size\">(B) A improvisa\u00e7\u00e3o deve ocorrer de forma l\u00f3gica e espont\u00e2nea para gerar um resultado coerente.<\/p>\n\n\n\n<p class=\"has-medium-font-size\">(C) A improvisa\u00e7\u00e3o deve seguir uma tem\u00e1tica, uma narrativa ou uma sequ\u00eancia de cenas que se complementam.<\/p>\n\n\n\n<p class=\"has-medium-font-size\">(D) A improvisa\u00e7\u00e3o deve ser conduzida sem cuidado para gerar um resultado inesperado.<\/p>\n\n\n\n<p class=\"has-black-color has-text-color has-background\" style=\"background-color:#ff5555\"><strong>QUEST\u00c3O<\/strong> <strong>3<\/strong><\/p>\n\n\n\n<p class=\"has-medium-font-size\">De que forma a improvisa\u00e7\u00e3o c\u00eanica pode ser uma fonte de inspira\u00e7\u00e3o para artistas os envolvidos?<\/p>\n\n\n\n<p class=\"has-black-color has-text-color has-background\" style=\"background-color:#ff5555\"><strong>QUEST\u00c3O 4<\/strong><\/p>\n\n\n\n<p class=\"has-medium-font-size\">Qual a import\u00e2ncia da estrutura\u00e7\u00e3o na improvisa\u00e7\u00e3o c\u00eanica? Como essa estrutura pode contribuir para a qualidade do espet\u00e1culo?\u00a0<\/p>\n\n\n\n<p class=\"has-text-align-center has-black-color has-text-color has-background has-medium-font-size\" style=\"background-color:#ff5555\"><strong>SAIBA MAIS \u2013 ARTE\/TEATRO<\/strong><\/p>\n\n\n\n<figure class=\"wp-block-embed is-type-video is-provider-youtube wp-block-embed-youtube wp-embed-aspect-16-9 wp-has-aspect-ratio\"><div class=\"wp-block-embed__wrapper\">\n<p class=\"responsive-video-wrap clr\"><iframe title=\"Os elementos de um texto dram\u00e1tico\" width=\"1200\" height=\"675\" src=\"https:\/\/www.youtube.com\/embed\/SHQI1Fex2F4?feature=oembed\" frameborder=\"0\" allow=\"accelerometer; autoplay; clipboard-write; encrypted-media; gyroscope; picture-in-picture; web-share\" allowfullscreen><\/iframe><\/p>\n<\/div><figcaption class=\"wp-element-caption\"> Canal:  Khan Academy Brasil. &#8220;Os elementos de um texto dram\u00e1tico&#8221;. Dispon\u00edvel em https:\/\/www.youtube.com\/watch?v=SHQI1Fex2F4 Acesso em 20, abr. 2023<\/figcaption><\/figure>\n\n\n\n<figure class=\"wp-block-table is-style-stripes\"><table><tbody><tr><td><strong>Autoria<\/strong><\/td><td>Veruska Bettiol<\/td><\/tr><tr><td>Forma\u00e7\u00e3o<\/td><td>Arte<\/td><\/tr><tr><td><strong>Componente Curricular:<\/strong><\/td><td>Arte\/Teatro<\/td><\/tr><tr><td><strong>Habilidade:<\/strong><\/td><td>(GO-EF08AR30) Compor improvisa\u00e7\u00f5es e acontecimentos c\u00eanicos, individual e coletivamente, com base em textos dram\u00e1ticos ou outros est\u00edmulos: m\u00fasica, imagens, poemas, v\u00eddeos, objetos. Caracterizar os personagens, com figurinos e adere\u00e7os, o cen\u00e1rio, a ilumina\u00e7\u00e3o e a sonoplastia, explorando a rela\u00e7\u00e3o com o espectador e exercendo a capacidade autoral.<\/td><\/tr><tr><td><strong>Refer\u00eancias<\/strong><\/td><td><strong>FREIRE, <\/strong>Paulo. Pedagogia da Autonomia: Saberes Necess\u00e1rios \u00e0 Pr\u00e1ticas Educativas. S\u00e3o Paulo, Paz e Terra- 1996.<br><strong>PAVIS,<\/strong> Patrice. 1947 &#8211; Dicion\u00e1rio do teatro\/Patrice Pavis. Tradu\u00e7\u00e3o para l\u00edngua portuguesa sob a dire\u00e7\u00e3o de J. Guinsburg e Maria L\u00facia Pereira. 3\u00aa ed. &#8211; S\u00e3o Paulo. Perspectiva. 2008.<br><strong>SPOLIN,<\/strong> Viola. Improvisa\u00e7\u00e3o para o teatro. Tradu\u00e7\u00e3o Ingrid Dormien Koudela, Eduardo Jos\u00e9 Almeida Amos. S\u00e3o Paulo: Perspectiva, 1979.<\/td><\/tr><\/tbody><\/table><\/figure>\n","protected":false},"author":62,"featured_media":161342,"template":"","ef_categoria":[16,32],"ef_ano":[91],"ef_componente":[99],"class_list":["post-144182","ensino_fundamental","type-ensino_fundamental","status-publish","has-post-thumbnail","hentry","ef_categoria-ciclo-da-adolescencia-hi","ef_categoria-corpo-e-movimento-ciclo-da-adolescencia-hi","ef_ano-8o-ano","ef_componente-arte-ef","entry","has-media"],"acf":[],"_links":{"self":[{"href":"https:\/\/sme.goiania.go.gov.br\/conexaoescola\/wp-json\/wp\/v2\/ensino_fundamental\/144182","targetHints":{"allow":["GET"]}}],"collection":[{"href":"https:\/\/sme.goiania.go.gov.br\/conexaoescola\/wp-json\/wp\/v2\/ensino_fundamental"}],"about":[{"href":"https:\/\/sme.goiania.go.gov.br\/conexaoescola\/wp-json\/wp\/v2\/types\/ensino_fundamental"}],"author":[{"embeddable":true,"href":"https:\/\/sme.goiania.go.gov.br\/conexaoescola\/wp-json\/wp\/v2\/users\/62"}],"version-history":[{"count":1,"href":"https:\/\/sme.goiania.go.gov.br\/conexaoescola\/wp-json\/wp\/v2\/ensino_fundamental\/144182\/revisions"}],"predecessor-version":[{"id":161345,"href":"https:\/\/sme.goiania.go.gov.br\/conexaoescola\/wp-json\/wp\/v2\/ensino_fundamental\/144182\/revisions\/161345"}],"wp:featuredmedia":[{"embeddable":true,"href":"https:\/\/sme.goiania.go.gov.br\/conexaoescola\/wp-json\/wp\/v2\/media\/161342"}],"wp:attachment":[{"href":"https:\/\/sme.goiania.go.gov.br\/conexaoescola\/wp-json\/wp\/v2\/media?parent=144182"}],"wp:term":[{"taxonomy":"ef_categoria","embeddable":true,"href":"https:\/\/sme.goiania.go.gov.br\/conexaoescola\/wp-json\/wp\/v2\/ef_categoria?post=144182"},{"taxonomy":"ef_ano","embeddable":true,"href":"https:\/\/sme.goiania.go.gov.br\/conexaoescola\/wp-json\/wp\/v2\/ef_ano?post=144182"},{"taxonomy":"ef_componente","embeddable":true,"href":"https:\/\/sme.goiania.go.gov.br\/conexaoescola\/wp-json\/wp\/v2\/ef_componente?post=144182"}],"curies":[{"name":"wp","href":"https:\/\/api.w.org\/{rel}","templated":true}]}}