{"id":144153,"date":"2022-03-11T09:35:00","date_gmt":"2022-03-11T12:35:00","guid":{"rendered":"https:\/\/sme.goiania.go.gov.br\/conexaoescola\/?post_type=ensino_fundamental&#038;p=144153"},"modified":"2023-12-20T20:38:05","modified_gmt":"2023-12-20T23:38:05","slug":"lingua-portuguesa-as-fake-news","status":"publish","type":"ensino_fundamental","link":"https:\/\/sme.goiania.go.gov.br\/conexaoescola\/ensino_fundamental\/lingua-portuguesa-as-fake-news\/","title":{"rendered":"L\u00edngua Portuguesa &#8211; As fake news"},"content":{"rendered":"\n<p class=\"has-black-color has-light-green-cyan-background-color has-text-color has-background has-medium-font-size\">Esta atividade de<strong>&nbsp;L\u00edngua Portuguesa<\/strong>&nbsp;tem como base as sequ\u00eancias did\u00e1ticas propostas pelo&nbsp;<strong>Programa Aprender Sempre<\/strong>, da SME-Goi\u00e2nia, com base no DC\/GO \u2013 Ampliado e est\u00e1 destinada a estudantes do<strong>&nbsp;9\u00ba ano<\/strong>&nbsp;do Ensino Fundamental.<\/p>\n\n\n\n<div class=\"wp-block-buttons is-content-justification-center is-layout-flex wp-container-core-buttons-is-layout-16018d1d wp-block-buttons-is-layout-flex\">\n<div class=\"wp-block-button\"><a class=\"wp-block-button__link wp-element-button\" href=\"https:\/\/drive.google.com\/uc?export=download&amp;id=1MkbE7Yebu6lOm2t9xM4Ds2g_vltNH3M_\" target=\"_blank\" rel=\"noreferrer noopener\">BAIXE A ATIVIDADE<\/a><\/div>\n\n\n\n<div class=\"wp-block-button\"><a class=\"wp-block-button__link wp-element-button\" href=\"https:\/\/drive.google.com\/uc?export=download&amp;id=1XJgjNMlxDFMIcaJY1PT6CalLnUeKgx6j\" target=\"_blank\" rel=\"noreferrer noopener\">BAIXE OS SLIDES<\/a><\/div>\n\n\n\n<div class=\"wp-block-button\"><a class=\"wp-block-button__link wp-element-button\" href=\"https:\/\/drive.google.com\/uc?export=download&amp;id=1wv6Lp6ZX4JUYanui-EtI9F0c0eIpVa8-\" target=\"_blank\" rel=\"noreferrer noopener\">BAIXE O TEXTO<\/a><\/div>\n<\/div>\n\n\n\n<p><\/p>\n\n\n<div class=\"wp-block-image\">\n<figure class=\"aligncenter size-large is-resized\"><img fetchpriority=\"high\" decoding=\"async\" src=\"https:\/\/sme.goiania.go.gov.br\/conexaoescola\/wp-content\/uploads\/2022\/07\/fake-news-g56772075a_1920-e1658233772783-1024x683.jpg\" alt=\"\" class=\"wp-image-146386\" width=\"705\" height=\"470\" srcset=\"https:\/\/sme.goiania.go.gov.br\/conexaoescola\/wp-content\/uploads\/2022\/07\/fake-news-g56772075a_1920-e1658233772783-1024x683.jpg 1024w, https:\/\/sme.goiania.go.gov.br\/conexaoescola\/wp-content\/uploads\/2022\/07\/fake-news-g56772075a_1920-e1658233772783-300x200.jpg 300w, https:\/\/sme.goiania.go.gov.br\/conexaoescola\/wp-content\/uploads\/2022\/07\/fake-news-g56772075a_1920-e1658233772783-768x512.jpg 768w, https:\/\/sme.goiania.go.gov.br\/conexaoescola\/wp-content\/uploads\/2022\/07\/fake-news-g56772075a_1920-e1658233772783-1536x1024.jpg 1536w, https:\/\/sme.goiania.go.gov.br\/conexaoescola\/wp-content\/uploads\/2022\/07\/fake-news-g56772075a_1920-e1658233772783.jpg 1920w\" sizes=\"(max-width: 705px) 100vw, 705px\" \/><figcaption class=\"wp-element-caption\">Dispon\u00edvel em: &lt;<a href=\"https:\/\/pixabay.com\/images\/id-4881488\/\">https:\/\/pixabay.com\/images\/id-4881488\/<\/a>&gt; Acesso em 30, mai. 2022<br><\/figcaption><\/figure><\/div>\n\n\n<p class=\"has-black-color has-text-color has-medium-font-size\">Voc\u00ea j\u00e1 ouviu falar em fake news? Esse termo se popularizou nos \u00faltimos anos, mas o que realmente significa?&nbsp; <em>Fake news<\/em> \u00e9 uma express\u00e3o utilizada para designar, de modo geral, not\u00edcias falsas ou boatos que circulam em diversos suportes. As <em>fake news<\/em> existem h\u00e1 muito tempo, mas elas se popularizaram com o advento da internet e das redes sociais. Elas t\u00eam por objetivo influenciar o posicionamento dos indiv\u00edduos, a partir da cria\u00e7\u00e3o de not\u00edcias totalmente falsas ou distor\u00e7\u00e3o de not\u00edcias j\u00e1 existentes, sob a forma de manchetes sensacionalistas, exageradas ou evidentemente falsas para chamar a aten\u00e7\u00e3o das pessoas e, dessa forma, obter vantagens sobre isso.<\/p>\n\n\n\n<p class=\"has-black-color has-text-color has-medium-font-size\">As <em>fake news<\/em> podem ser criadas por diversas raz\u00f5es, como para obter vantagens pol\u00edticas, prejudicar a imagem de algu\u00e9m, ganhar dinheiro ou, simplesmente, por divers\u00e3o. Por\u00e9m, o perigo dessas not\u00edcias falsas est\u00e1 no fato de que elas podem influenciar negativamente a opini\u00e3o das pessoas e at\u00e9 mesmo afetar a vida delas.<\/p>\n\n\n\n<p class=\"has-black-color has-text-color has-medium-font-size\">Mas, como podemos identificar as <em>fake news<\/em>? Primeiramente, \u00e9 importante verificar a fonte da not\u00edcia. Sites desconhecidos, que n\u00e3o possuem um hist\u00f3rico confi\u00e1vel, podem ser um sinal de alerta. Al\u00e9m disso, \u00e9 fundamental conferir se a not\u00edcia foi divulgada em outros ve\u00edculos de comunica\u00e7\u00e3o confi\u00e1veis. Outro ponto importante \u00e9 analisar o conte\u00fado da not\u00edcia em si. Geralmente, not\u00edcias falsas tendem a utilizar t\u00edtulos sensacionalistas, erros gramaticais e informa\u00e7\u00f5es vagas ou exageradas. Se algo parecer duvidoso, \u00e9 sempre bom pesquisar mais antes de acreditar e compartilhar.<\/p>\n\n\n\n<p class=\"has-black-color has-text-color has-medium-font-size\">Para evitar o compartilhamento de <em>fake news<\/em> \u00e9 essencial pensar antes de compartilhar qualquer not\u00edcia. Muitas vezes, a pressa em disseminar uma informa\u00e7\u00e3o pode levar ao compartilhamento de algo falso. Por isso, \u00e9 importante refletir sobre a veracidade da not\u00edcia, se ela realmente faz sentido e checar as informa\u00e7\u00f5es antes de compartilh\u00e1-las. Pesquisar em sites confi\u00e1veis, verificar se a not\u00edcia \u00e9 recente e se outros ve\u00edculos de comunica\u00e7\u00e3o tamb\u00e9m est\u00e3o divulgando s\u00e3o passos essenciais para evitar a dissemina\u00e7\u00e3o de <em>fake news<\/em>. Compartilhar not\u00edcias falsas pode prejudicar outras pessoas e contribuir para a propaga\u00e7\u00e3o da desinforma\u00e7\u00e3o.<\/p>\n\n\n\n<p class=\"has-black-color has-text-color has-medium-font-size\">Tamb\u00e9m, \u00e9 v\u00e1lido lembrar que a educa\u00e7\u00e3o e a conscientiza\u00e7\u00e3o s\u00e3o armas poderosas contra as <em>fake news<\/em>. \u00c9 importante aprender a filtrar as informa\u00e7\u00f5es que recebemos e desenvolver o senso cr\u00edtico. Participar de programas educacionais que ensinam sobre o tema, buscar conhecimento e estar atento aos sinais de desinforma\u00e7\u00e3o s\u00e3o pr\u00e1ticas que nos tornam mais preparados para lidar com essa onda de desinforma\u00e7\u00e3o.<\/p>\n\n\n\n<p class=\"has-black-color has-text-color has-medium-font-size\">N\u00f3s, juntos, podemos combater a desinforma\u00e7\u00e3o e contribuir para um ambiente online mais seguro e confi\u00e1vel.<\/p>\n\n\n\n<p class=\"has-text-align-center has-black-color has-light-green-cyan-background-color has-text-color has-background has-medium-font-size\">Assista \u00e0 videoaula do professor Marlon Santos com essa tem\u00e1tica. <\/p>\n\n\n\n<figure class=\"wp-block-embed is-type-video is-provider-youtube wp-block-embed-youtube wp-embed-aspect-16-9 wp-has-aspect-ratio\"><div class=\"wp-block-embed__wrapper\">\n<p class=\"responsive-video-wrap clr\"><iframe title=\"Aprender Sempre - L\u00edngua Portuguesa - 9\u00ba Ano - 1\u00ba Bim - Videoaula 3 - As fake news\" width=\"1200\" height=\"675\" src=\"https:\/\/www.youtube.com\/embed\/S_84IP0_4N0?feature=oembed\" frameborder=\"0\" allow=\"accelerometer; autoplay; clipboard-write; encrypted-media; gyroscope; picture-in-picture; web-share\" allowfullscreen><\/iframe><\/p>\n<\/div><figcaption class=\"wp-element-caption\">Canal Portal Conex\u00e3o Escola &#8211; Aprender Sempre &#8211; L\u00edngua Portuguesa &#8211; 9\u00ba Ano &#8211; 1\u00ba Bim &#8211; Videoaula 3 &#8211; As fake news &#8211; Dispon\u00edvel em: &lt;https:\/\/www.youtube.com\/watch?v=S_84IP0_4N0&gt; Acesso em: 16, mai. 22<\/figcaption><\/figure>\n\n\n\n<p class=\"has-text-align-center has-black-color has-light-green-cyan-background-color has-text-color has-background has-medium-font-size\"><strong>Responda \u00e0s quest\u00f5es a seguir<\/strong>.<\/p>\n\n\n\n<p class=\"has-black-color has-text-color has-background has-medium-font-size\" style=\"background-color:#ecddd2\"><strong>QUEST\u00c3O 1<\/strong><\/p>\n\n\n\n<p class=\"has-black-color has-text-color has-medium-font-size\">Voc\u00ea j\u00e1 recebeu <em>fake news<\/em> pelas redes sociais? Se sim, qual era o conte\u00fado dessa not\u00edcia falsa? <\/p>\n\n\n\n<p class=\"has-black-color has-text-color has-background has-medium-font-size\" style=\"background-color:#ecddd2\"><strong>QUEST\u00c3O 2<\/strong> <\/p>\n\n\n\n<p class=\"has-black-color has-text-color has-medium-font-size\">Na sua opini\u00e3o, o que leva as pessoas a produzirem <em>fake news<\/em>? Voc\u00ea acha que as <em>fake news<\/em> podem interferir na vida das pessoas?  <\/p>\n\n\n\n<p class=\"has-black-color has-text-color has-background has-medium-font-size\" style=\"background-color:#ecddd2\"><strong>QUEST\u00c3O 3 <\/strong><\/p>\n\n\n\n<p class=\"has-black-color has-text-color has-medium-font-size\">Fa\u00e7a uma pesquisa na internet sobre os efeitos das <em>fake news<\/em> na sociedade. Em seguida, anote os resultados dessa busca e socialize com sua classe.  <\/p>\n\n\n\n<p class=\"has-black-color has-text-color has-background has-medium-font-size\" style=\"background-color:#ecddd2\"><strong>QUEST\u00c3O 4 <\/strong><\/p>\n\n\n\n<p class=\"has-black-color has-text-color has-medium-font-size\">Apresente sugest\u00f5es que possam colaborar para reduzir ou evitar a dissemina\u00e7\u00e3o ou divulga\u00e7\u00e3o das <em>fake news<\/em>. <\/p>\n\n\n\n<p class=\"has-black-color has-text-color has-background has-medium-font-size\" style=\"background-color:#ecddd2\"><strong>QUEST\u00c3O 5 <\/strong><\/p>\n\n\n\n<p class=\"has-black-color has-text-color has-medium-font-size\">O que devemos fazer antes de compartilhar uma not\u00edcia?&nbsp;<\/p>\n\n\n\n<p class=\"has-black-color has-text-color has-medium-font-size\">(A) Refletir sobre sua veracidade e relev\u00e2ncia.&nbsp;<\/p>\n\n\n\n<p class=\"has-black-color has-text-color has-medium-font-size\">(B) Compartilhar imediatamente para informar a todos.&nbsp;<\/p>\n\n\n\n<p class=\"has-black-color has-text-color has-medium-font-size\">(C) N\u00e3o se preocupar com a autenticidade, apenas compartilhar.&nbsp;<\/p>\n\n\n\n<p class=\"has-black-color has-text-color has-medium-font-size\">(D) Repassar para o maior n\u00famero de pessoas poss\u00edvel.<\/p>\n\n\n\n<p class=\"has-black-color has-text-color has-background has-medium-font-size\" style=\"background-color:#ecddd2\"><strong>QUEST\u00c3O 6 <\/strong><\/p>\n\n\n\n<p class=\"has-black-color has-text-color has-medium-font-size\">Quais s\u00e3o algumas caracter\u00edsticas comuns das fake news?&nbsp;<\/p>\n\n\n\n<p class=\"has-black-color has-text-color has-medium-font-size\">(A) T\u00edtulos sensacionalistas e erros gramaticais.&nbsp;<\/p>\n\n\n\n<p class=\"has-black-color has-text-color has-medium-font-size\">(B) Dados precisos e verificados.&nbsp;<\/p>\n\n\n\n<p class=\"has-black-color has-text-color has-medium-font-size\">(C) Fontes confi\u00e1veis e informa\u00e7\u00f5es atualizadas.&nbsp;<\/p>\n\n\n\n<p class=\"has-black-color has-text-color has-medium-font-size\">(D) Conte\u00fado imparcial e baseado em fatos comprovados.<\/p>\n\n\n\n<hr class=\"wp-block-separator has-css-opacity\"\/>\n\n\n\n<figure class=\"wp-block-table is-style-stripes\"><table><tbody><tr><td><strong>Autoria:<\/strong><\/td><td>Marlon Santos<\/td><\/tr><tr><td><strong>Forma\u00e7\u00e3o:<\/strong><\/td><td>Letras &#8211; Portugu\u00eas<\/td><\/tr><tr><td><strong>Componente curricular:<\/strong><\/td><td>L\u00edngua Portuguesa<\/td><\/tr><tr><td><strong>Habilidades estruturantes:<\/strong><\/td><td>(EF09LP01) Analisar o fen\u00f4meno da dissemina\u00e7\u00e3o de not\u00edcias falsas nas redes sociais e desenvolver estrat\u00e9gias para reconhec\u00ea-las, a partir da verifica\u00e7\u00e3o\/avalia\u00e7\u00e3o do ve\u00edculo, fonte, data e local da publica\u00e7\u00e3o, autoria, URL, da an\u00e1lise da formata\u00e7\u00e3o, da compara\u00e7\u00e3o de diferentes fontes, da consulta a sites de curadoria que atestam a fidedignidade do relato dos fatos e denunciam boatos etc.<\/td><\/tr><tr><td><strong>Refer\u00eancias:<\/strong><\/td><td>GOI\u00c2NIA. Secretaria Municipal de Educa\u00e7\u00e3o. Aprender Sempre. 6\u00b0 ao 9\u00ba ano &#8211; Ensino Fundamental; L\u00edngua Portuguesa; 1\u00b0 Bimestre; Goi\u00e2nia, 2022.<br><\/td><\/tr><\/tbody><\/table><\/figure>\n","protected":false},"author":42,"featured_media":146386,"template":"","ef_categoria":[16,36],"ef_ano":[92],"ef_componente":[93],"class_list":["post-144153","ensino_fundamental","type-ensino_fundamental","status-publish","has-post-thumbnail","hentry","ef_categoria-ciclo-da-adolescencia-hi","ef_categoria-etica-e-cidadania-ciclo-da-adolescencia-hi","ef_ano-9o-ano","ef_componente-portugues","entry","has-media"],"acf":[],"_links":{"self":[{"href":"https:\/\/sme.goiania.go.gov.br\/conexaoescola\/wp-json\/wp\/v2\/ensino_fundamental\/144153","targetHints":{"allow":["GET"]}}],"collection":[{"href":"https:\/\/sme.goiania.go.gov.br\/conexaoescola\/wp-json\/wp\/v2\/ensino_fundamental"}],"about":[{"href":"https:\/\/sme.goiania.go.gov.br\/conexaoescola\/wp-json\/wp\/v2\/types\/ensino_fundamental"}],"author":[{"embeddable":true,"href":"https:\/\/sme.goiania.go.gov.br\/conexaoescola\/wp-json\/wp\/v2\/users\/42"}],"version-history":[{"count":6,"href":"https:\/\/sme.goiania.go.gov.br\/conexaoescola\/wp-json\/wp\/v2\/ensino_fundamental\/144153\/revisions"}],"predecessor-version":[{"id":174620,"href":"https:\/\/sme.goiania.go.gov.br\/conexaoescola\/wp-json\/wp\/v2\/ensino_fundamental\/144153\/revisions\/174620"}],"wp:featuredmedia":[{"embeddable":true,"href":"https:\/\/sme.goiania.go.gov.br\/conexaoescola\/wp-json\/wp\/v2\/media\/146386"}],"wp:attachment":[{"href":"https:\/\/sme.goiania.go.gov.br\/conexaoescola\/wp-json\/wp\/v2\/media?parent=144153"}],"wp:term":[{"taxonomy":"ef_categoria","embeddable":true,"href":"https:\/\/sme.goiania.go.gov.br\/conexaoescola\/wp-json\/wp\/v2\/ef_categoria?post=144153"},{"taxonomy":"ef_ano","embeddable":true,"href":"https:\/\/sme.goiania.go.gov.br\/conexaoescola\/wp-json\/wp\/v2\/ef_ano?post=144153"},{"taxonomy":"ef_componente","embeddable":true,"href":"https:\/\/sme.goiania.go.gov.br\/conexaoescola\/wp-json\/wp\/v2\/ef_componente?post=144153"}],"curies":[{"name":"wp","href":"https:\/\/api.w.org\/{rel}","templated":true}]}}