{"id":144134,"date":"2022-05-16T16:15:02","date_gmt":"2022-05-16T19:15:02","guid":{"rendered":"https:\/\/sme.goiania.go.gov.br\/conexaoescola\/?post_type=ensino_fundamental&#038;p=144134"},"modified":"2024-03-11T10:43:18","modified_gmt":"2024-03-11T13:43:18","slug":"lingua-portuguesa-textos-de-divulgacao-cientifica","status":"publish","type":"ensino_fundamental","link":"https:\/\/sme.goiania.go.gov.br\/conexaoescola\/ensino_fundamental\/lingua-portuguesa-textos-de-divulgacao-cientifica\/","title":{"rendered":"L\u00edngua Portuguesa &#8211; Textos de divulga\u00e7\u00e3o cient\u00edfica"},"content":{"rendered":"\n<p class=\"has-text-align-left has-black-color has-pale-cyan-blue-background-color has-text-color has-background has-medium-font-size\">Esta atividade de\u00a0<strong>L\u00edngua Portuguesa<\/strong>\u00a0tem como base as sequ\u00eancias did\u00e1ticas propostas pelo\u00a0<strong>Programa Aprender Sempre<\/strong>, da SME-Goi\u00e2nia, com base no DC\/GO \u2013 Ampliado e est\u00e1 destinada a estudantes do\u00a0<strong>9\u00ba ano<\/strong>\u00a0do Ensino Fundamental.<\/p>\n\n\n\n<div class=\"wp-block-buttons is-content-justification-center is-layout-flex wp-container-core-buttons-is-layout-16018d1d wp-block-buttons-is-layout-flex\">\n<div class=\"wp-block-button\"><a class=\"wp-block-button__link wp-element-button\" href=\"https:\/\/drive.google.com\/uc?export=download&amp;id=1144TdCfN_5pkjrqHhGSQw6_8jMvpcL3Q\" target=\"_blank\" rel=\"noreferrer noopener\">BAIXE A ATIVIDADE<\/a><\/div>\n\n\n\n<div class=\"wp-block-button\"><a class=\"wp-block-button__link wp-element-button\" href=\"https:\/\/drive.google.com\/uc?export=download&amp;id=1UH-lN-4SVLdt8veQ3H3fL5sSjjnuNpWB\" target=\"_blank\" rel=\"noreferrer noopener\">BAIXE OS SLIDES<\/a><\/div>\n\n\n\n<div class=\"wp-block-button\"><a class=\"wp-block-button__link wp-element-button\" href=\"https:\/\/drive.google.com\/uc?export=download&amp;id=1s7s855sXRWuxuRyQ33PoqTptGTpetRE_\" target=\"_blank\" rel=\"noreferrer noopener\">BAIXE O TEXTO<\/a><\/div>\n<\/div>\n\n\n\n<p><\/p>\n\n\n<div class=\"wp-block-image\">\n<figure class=\"aligncenter size-large is-resized\"><img fetchpriority=\"high\" decoding=\"async\" src=\"https:\/\/sme.goiania.go.gov.br\/conexaoescola\/wp-content\/uploads\/2022\/05\/vaccine-g48aceabdf_1920-e1652727358406-1024x522.jpg\" alt=\"\" class=\"wp-image-144135\" width=\"661\" height=\"337\" srcset=\"https:\/\/sme.goiania.go.gov.br\/conexaoescola\/wp-content\/uploads\/2022\/05\/vaccine-g48aceabdf_1920-e1652727358406-1024x522.jpg 1024w, https:\/\/sme.goiania.go.gov.br\/conexaoescola\/wp-content\/uploads\/2022\/05\/vaccine-g48aceabdf_1920-e1652727358406-300x153.jpg 300w, https:\/\/sme.goiania.go.gov.br\/conexaoescola\/wp-content\/uploads\/2022\/05\/vaccine-g48aceabdf_1920-e1652727358406-768x391.jpg 768w, https:\/\/sme.goiania.go.gov.br\/conexaoescola\/wp-content\/uploads\/2022\/05\/vaccine-g48aceabdf_1920-e1652727358406-1536x782.jpg 1536w, https:\/\/sme.goiania.go.gov.br\/conexaoescola\/wp-content\/uploads\/2022\/05\/vaccine-g48aceabdf_1920-e1652727358406.jpg 1920w\" sizes=\"(max-width: 661px) 100vw, 661px\" \/><figcaption class=\"wp-element-caption\">Dispon\u00edvel em: &lt;<a href=\"https:\/\/pixabay.com\/images\/id-4892048\/\">https:\/\/pixabay.com\/images\/id-4892048\/<\/a>&gt; Acesso em: 04, abr. 22 <\/figcaption><\/figure><\/div>\n\n\n<p class=\"has-black-color has-text-color has-medium-font-size\">H\u00e1 g\u00eaneros textuais cujo prop\u00f3sito comunicativo \u00e9 divulgar a ci\u00eancia de uma forma simples, de modo que todas as pessoas tenham acesso. Os <strong>textos de divulga\u00e7\u00e3o cient\u00edfica<\/strong> est\u00e3o relacionados \u00e0 dissemina\u00e7\u00e3o do saber. Eles trazem explica\u00e7\u00f5es sobre uma tem\u00e1tica e est\u00e3o voltados para o p\u00fablico leitor geral.&nbsp;<\/p>\n\n\n\n<p class=\"has-black-color has-text-color has-medium-font-size\">A escrita do texto de divulga\u00e7\u00e3o cient\u00edfica tende a \u201csuavizar\u201d a linguagem, ou seja, n\u00e3o utilizar a linguagem t\u00e9cnica, para atingir o prop\u00f3sito comunicativo. Dessa forma, esse tipo de texto precisa ser claro e objetivo.&nbsp;<\/p>\n\n\n\n<p class=\"has-black-color has-text-color has-medium-font-size\">Geralmente, o enunciador tende a marcar a impessoalidade, utilizando sempre os verbos em 3\u00aa pessoa para imprimir distanciamento daquilo que relata.<\/p>\n\n\n\n<p class=\"has-black-color has-text-color has-medium-font-size\">A estrutura desse texto se assemelha bastante com a estrutura dos textos dissertativos em geral, tendo como diferencial o seu conte\u00fado e os argumentos voltados para a apresenta\u00e7\u00e3o dos dados obtidos atrav\u00e9s do estudo que est\u00e1 sendo apresentado.<\/p>\n\n\n\n<p class=\"has-black-color has-text-color has-medium-font-size\">Na introdu\u00e7\u00e3o de um artigo de divulga\u00e7\u00e3o cient\u00edfica, por exemplo, o autor deve apresentar o conceito, afirma\u00e7\u00e3o ou a pergunta norteadora da pesquisa para divulgar o estudo cient\u00edfico. Na parte do desenvolvimento do texto, \u00e9 preciso apresentar as provas, os resultados de experi\u00eancia, fala de especialistas e dados estat\u00edsticos relacionados \u00e0 ideia da introdu\u00e7\u00e3o, objetivando comprov\u00e1-la. Na conclus\u00e3o, o produtor do texto deve sintetizar a ideia, encerrando sua discuss\u00e3o, reafirmando o tema ou respondendo a pergunta norteadora do texto.<\/p>\n\n\n\n<p class=\"has-text-align-center has-black-color has-pale-cyan-blue-background-color has-text-color has-background has-medium-font-size\">Assista \u00e0 videoaula do professor Marlon Santos com essa tem\u00e1tica. <\/p>\n\n\n\n<figure class=\"wp-block-embed is-type-video is-provider-youtube wp-block-embed-youtube wp-embed-aspect-16-9 wp-has-aspect-ratio\"><div class=\"wp-block-embed__wrapper\">\n<p class=\"responsive-video-wrap clr\"><iframe title=\"Aprender Sempre - L\u00edngua Portuguesa - 9\u00ba ano - 2\u00ba Bim - Videoaula 3 - Textos de divulga\u00e7\u00e3o cient\u00edfi\" width=\"1200\" height=\"675\" src=\"https:\/\/www.youtube.com\/embed\/htvcCN5TPH0?feature=oembed\" frameborder=\"0\" allow=\"accelerometer; autoplay; clipboard-write; encrypted-media; gyroscope; picture-in-picture; web-share\" allowfullscreen><\/iframe><\/p>\n<\/div><figcaption class=\"wp-element-caption\">Canal Portal Conex\u00e3o Escola  &#8220;Aprender Sempre &#8211; L\u00edngua Portuguesa &#8211; 9\u00ba ano &#8211; 2\u00ba Bim &#8211; Videoaula 3 &#8211; Textos de div&#8221; Dispon\u00edvel em: &lt;https:\/\/www.youtube.com\/watch?v=htvcCN5TPH0&gt; Acesso em: 16, mai. 22<\/figcaption><\/figure>\n\n\n\n<p class=\"has-text-align-center has-black-color has-pale-cyan-blue-background-color has-text-color has-background has-medium-font-size\"><strong>Leia o texto a seguir para responder \u00e0s quest\u00f5es 1 a 5.<\/strong><\/p>\n\n\n\n<p class=\"has-text-align-center has-black-color has-text-color has-background has-medium-font-size\" style=\"background-color:#dfeaf2\"><strong>Vacinas contra a Covid-19 aceleram pesquisas para imunizantes inovadores<\/strong> <\/p>\n\n\n\n<p class=\"has-text-align-center has-black-color has-text-color has-medium-font-size\"><strong>Novas tecnologias devem permitir avan\u00e7os no combate a diferentes doen\u00e7as<\/strong><\/p>\n\n\n\n<p class=\"has-black-color has-text-color has-medium-font-size\">Vacinas feitas com RNA mensageiro (mRNA), imunizantes que empregam uma sequ\u00eancia gen\u00e9tica do v\u00edrus para emular no corpo humano uma resposta imune contra determinado pat\u00f3geno, s\u00e3o uma conquista recente, com resultados promissores. Antes usada apenas para procedimentos de pesquisa, essa tecnologia foi aprimorada pelas farmac\u00eauticas Pfizer e Moderna para a imuniza\u00e7\u00e3o humana durante a pandemia do novo coronav\u00edrus.<\/p>\n\n\n\n<p class=\"has-black-color has-text-color has-medium-font-size\">Dispon\u00edveis desde 2020, as vacinas baseadas em RNA mensageiro demonstraram efic\u00e1cia contra a Covid-19. Durante a pandemia, pesquisas para vacinas com RNA mensageiro foram aceleradas, revelando o potencial dessa tecnologia para uso em imunizantes voltados tamb\u00e9m \u00e0 preven\u00e7\u00e3o de outras doen\u00e7as.<\/p>\n\n\n\n<p class=\"has-black-color has-text-color has-medium-font-size\">O tema foi debatido no evento online \u201cA vacina do futuro\u201d, promovido em 7 de abril pelo jornal O Globo com a microbiologista Natalia Pasternak, do Instituto Quest\u00e3o de Ci\u00eancia, o imunologista da USP Gustavo Cabral, o chefe do Laborat\u00f3rio de Virologia da Faculdade de Medicina de S\u00e3o Jos\u00e9 do Rio Preto, Maur\u00edcio Lacerda Nogueira, o imunologista, pesquisador da Fiocruz e professor da UFMG Ricardo Gazzinelli e o virologista e biof\u00edsico da UFRJ R\u00f4mulo Neris.<\/p>\n\n\n\n<p class=\"has-black-color has-text-color has-medium-font-size\">Os pesquisadores discutiram como os estudos para uma vacina contra a Covid-19 podem impactar o futuro dos imunizantes, visto que o uso bem-sucedido da plataforma de RNA mensageiro, por permitir combater variantes virais a partir de altera\u00e7\u00f5es no c\u00f3digo gen\u00e9tico de diferentes v\u00edrus, al\u00e9m de sua sintetiza\u00e7\u00e3o molecular em laborat\u00f3rio, \u00e9 considerado um dos principais avan\u00e7os na \u00e1rea.<\/p>\n\n\n\n<p class=\"has-black-color has-text-color has-medium-font-size\">De acordo com os pesquisadores, uma s\u00e9rie de estrat\u00e9gias inovadoras contra a Covid-19 deve representar avan\u00e7os tamb\u00e9m contra outras doen\u00e7as. Ali\u00e1s, algumas vacinas em desenvolvimento empregando novas t\u00e9cnicas j\u00e1 come\u00e7aram a ser testadas.<\/p>\n\n\n\n<p class=\"has-black-color has-text-color has-medium-font-size\">No Imperial College de Londres est\u00e1 em desenvolvimento uma vacina de RNA de auto-amplifica\u00e7\u00e3o, similar \u00e0s vacinas de mRNA j\u00e1 aprovadas, mas que insere material gen\u00e9tico do v\u00edrus dentro das c\u00e9lulas humanas, fazendo com que o corpo produza a prote\u00edna spike sobre a superf\u00edcie do SARS-CoV-2 de forma continua, sem a necessidade de uma segunda dose.<\/p>\n\n\n\n<p class=\"has-black-color has-text-color has-medium-font-size\">Nos Estados Unidos, pesquisadores da farmac\u00eautica Novavax criaram uma vacina de subunidade proteica manipulando c\u00e9lulas de mariposas para conterem as prote\u00ednas spike como biorreatores com um adjuvante que aumenta a resposta do sistema imunol\u00f3gico. Sua produ\u00e7\u00e3o \u00e9 mais lenta, mas permite armazena-la em temperatura comum de refrigera\u00e7\u00e3o, entre dois e oito graus Celsius, o que poderia diminuir seu custo e tornar mais pr\u00e1tica sua distribui\u00e7\u00e3o.<\/p>\n\n\n\n<p class=\"has-black-color has-text-color has-medium-font-size\">J\u00e1 em fase 1 de testes em humanos, uma vacina desenvolvida por pesquisadores da Universidade de Washington a partir do dom\u00ednio de liga\u00e7\u00e3o receptor (RBD), por\u00e7\u00e3o da prote\u00edna spike que se conecta diretamente \u00e0s c\u00e9lulas humanas, usa nanopart\u00edculas esf\u00e9ricas de prote\u00edna que, ao se fixarem no RBD, provocam respostas de anticorpos pelo menos 10 vezes maiores do que aquelas que utilizam a prote\u00edna spike inteira e natural.<\/p>\n\n\n\n<p class=\"has-black-color has-text-color has-medium-font-size\">Ainda que sem resultados definitivos, essas tecnologias dever\u00e3o contribuir para um controle mais eficaz da Covid-19 e de outras doen\u00e7as. <\/p>\n\n\n\n<p class=\"has-text-align-right has-black-color has-text-color\" style=\"font-size:14px\">IPEA. Dispon\u00edvel em: &lt;<a href=\"https:\/\/www.ipea.gov.br\/cts\/en\/central-de-conteudo\/noticias\/noticias\/246-vacinas-contra-a-covid-19-aceleram-pesquisas-para-imunizantes-inovadores\">https:\/\/www.ipea.gov.br\/cts\/en\/central-de-conteudo\/noticias\/noticias\/246-vacinas-contra-a-covid-19-aceleram-pesquisas-para-imunizantes-inovadores<\/a>&gt; Acesso em 04, abr. 22<\/p>\n\n\n\n<p class=\"has-black-color has-pale-cyan-blue-background-color has-text-color has-background has-medium-font-size\"><strong>QUEST\u00c3O 1<\/strong><\/p>\n\n\n\n<p class=\"has-black-color has-text-color has-medium-font-size\">Qual \u00e9 a principal tecnologia utilizada nas vacinas mencionadas no texto?<\/p>\n\n\n\n<p class=\"has-black-color has-text-color has-medium-font-size\">(A) Sequ\u00eancia gen\u00e9tica do v\u00edrus.<br>(B) RNA mensageiro.<br>(C) Vacina de subunidade proteica.<br>(D) Nanopart\u00edculas esf\u00e9ricas de prote\u00edna.<\/p>\n\n\n\n<p class=\"has-black-color has-pale-cyan-blue-background-color has-text-color has-background has-medium-font-size\"><strong>QUEST\u00c3O 2<\/strong> <\/p>\n\n\n\n<p class=\"has-black-color has-text-color has-medium-font-size\">Segundo o texto, qual \u00e9 um dos principais avan\u00e7os na \u00e1rea de imunizantes que utiliza a plataforma de RNA Messenger?<\/p>\n\n\n\n<p class=\"has-black-color has-text-color has-medium-font-size\">(A) A possibilidade de produzir vacinas em casa.<br>(B) A cria\u00e7\u00e3o de vacinas de autoamplifica\u00e7\u00e3o de mRNA.<br>(C) Combater variantes virais a partir de altera\u00e7\u00f5es no c\u00f3digo gen\u00e9tico.<br>(D) Utiliza\u00e7\u00e3o de mariposas para manipula\u00e7\u00e3o das prote\u00ednas spike.<\/p>\n\n\n\n<p class=\"has-black-color has-pale-cyan-blue-background-color has-text-color has-background has-medium-font-size\"><strong>QUEST\u00c3O 3<\/strong> <\/p>\n\n\n\n<p class=\"has-black-color has-text-color has-medium-font-size\">O texto acima divulga uma pesquisa relacionada aos efeitos das pesquisas de vacina contra a Covid-19. Selecione do texto suas informa\u00e7\u00f5es mais importantes para que voc\u00ea possa divulg\u00e1-las. <\/p>\n\n\n\n<p class=\"has-black-color has-pale-cyan-blue-background-color has-text-color has-background has-medium-font-size\"><strong>QUEST\u00c3O 4<\/strong><\/p>\n\n\n\n<p class=\"has-black-color has-text-color has-medium-font-size\">O texto lido foi veiculado no site do IPEA no segundo semestre de 2021. O que ser\u00e1 que j\u00e1 foi descoberto a respeito de vacinas e pesquisas sobre imunizantes inovadores de l\u00e1 para c\u00e1? Pesquise na internet outros textos que abordam e divulgam fatos associados a esse tema. Na sequ\u00eancia, associe os dados do novo texto com o texto acima. <\/p>\n\n\n\n<p class=\"has-black-color has-pale-cyan-blue-background-color has-text-color has-background has-medium-font-size\"><strong>QUEST\u00c3O 5<\/strong><\/p>\n\n\n\n<p class=\"has-black-color has-text-color has-medium-font-size\">Agora que voc\u00ea j\u00e1 leu e selecionou dados e informa\u00e7\u00f5es, elabore seu texto divulgando as pesquisas encontradas. Lembre-se de empregar uma linguagem formal e acess\u00edvel, al\u00e9m de escrever o texto na 3\u00aa pessoa e de maneira impessoal, isto \u00e9, sem opinar a respeito do tema.<\/p>\n\n\n\n<hr class=\"wp-block-separator has-css-opacity\"\/>\n\n\n\n<figure class=\"wp-block-table is-style-stripes\"><table><tbody><tr><td><strong>Autoria:<\/strong><\/td><td>Marlon Santos<\/td><\/tr><tr><td><strong>Forma\u00e7\u00e3o:<\/strong><\/td><td>Letras &#8211; Portugu\u00eas<\/td><\/tr><tr><td><strong>Componente curricular:<\/strong><\/td><td>L\u00edngua Portuguesa<\/td><\/tr><tr><td><strong>Habilidades estruturantes:<\/strong><\/td><td>(EF69LP42-A) Analisar a constru\u00e7\u00e3o composicional dos textos pertencentes a g\u00eaneros relacionados \u00e0 divulga\u00e7\u00e3o de conhecimentos: t\u00edtulo, (olho e\/ou janela), introdu\u00e7\u00e3o, divis\u00e3o do texto em subt\u00edtulos, imagens ilustrativas de conceitos, rela\u00e7\u00f5es, ou resultados complexos (fotos, ilustra\u00e7\u00f5es, esquemas, gr\u00e1ficos, infogr\u00e1ficos, diagramas, figuras, tabelas, mapas) etc., exposi\u00e7\u00e3o, contendo defini\u00e7\u00f5es, descri\u00e7\u00f5es, compara\u00e7\u00f5es, enumera\u00e7\u00f5es, exemplifica\u00e7\u00f5es e remiss\u00f5es a conceitos e rela\u00e7\u00f5es por meio de notas de rodap\u00e9, boxes ou links; ou t\u00edtulo, contextualiza\u00e7\u00e3o do campo, ordena\u00e7\u00e3o temporal ou tem\u00e1tica por tema ou subtema, intercala\u00e7\u00e3o de trechos verbais com fotos, ilustra\u00e7\u00f5es, \u00e1udios, v\u00eddeos etc.<br>(EF69LP29-A) Refletir sobre a rela\u00e7\u00e3o entre os contextos de produ\u00e7\u00e3o dos g\u00eaneros de divulga\u00e7\u00e3o cient\u00edfica \u2013 texto did\u00e1tico, reportagem de divulga\u00e7\u00e3o cient\u00edfica, verbete de enciclop\u00e9dia, impressa e digital, esquema, infogr\u00e1fico, est\u00e1tico e animado, relato multimidi\u00e1tico de campo, podcasts e v\u00eddeos variados de divulga\u00e7\u00e3o cient\u00edfica etc.\u00a0<br>(EF69LP29-B) Analisar os aspectos relativos \u00e0 constru\u00e7\u00e3o composicional e as marcas lingu\u00edsticas caracter\u00edsticas dos g\u00eaneros de divulga\u00e7\u00e3o cient\u00edfica de forma a ampliar as possibilidades de compreens\u00e3o e produ\u00e7\u00e3o desses g\u00eaneros.<br>(EF69LP36) Produzir, revisar e editar textos voltados para a divulga\u00e7\u00e3o do conhecimento e de dados e resultados de pesquisas, tais como verbete de enciclop\u00e9dia, considerando o contexto de produ\u00e7\u00e3o e as regularidades dos g\u00eaneros em termos de suas constru\u00e7\u00f5es composicionais e estilos.<\/td><\/tr><tr><td><strong>Refer\u00eancias:<\/strong><\/td><td>GOI\u00c2NIA. Secretaria Municipal de Educa\u00e7\u00e3o. Aprender Sempre. 6\u00b0 ao 9\u00ba ano \u2013 Ensino Fundamental; L\u00edngua Portuguesa; 2\u00b0 Bimestre; Goi\u00e2nia, 2022.<br><\/td><\/tr><\/tbody><\/table><\/figure>\n","protected":false},"author":42,"featured_media":144135,"template":"","ef_categoria":[16,36],"ef_ano":[92],"ef_componente":[93],"class_list":["post-144134","ensino_fundamental","type-ensino_fundamental","status-publish","has-post-thumbnail","hentry","ef_categoria-ciclo-da-adolescencia-hi","ef_categoria-etica-e-cidadania-ciclo-da-adolescencia-hi","ef_ano-9o-ano","ef_componente-portugues","entry","has-media"],"acf":[],"_links":{"self":[{"href":"https:\/\/sme.goiania.go.gov.br\/conexaoescola\/wp-json\/wp\/v2\/ensino_fundamental\/144134","targetHints":{"allow":["GET"]}}],"collection":[{"href":"https:\/\/sme.goiania.go.gov.br\/conexaoescola\/wp-json\/wp\/v2\/ensino_fundamental"}],"about":[{"href":"https:\/\/sme.goiania.go.gov.br\/conexaoescola\/wp-json\/wp\/v2\/types\/ensino_fundamental"}],"author":[{"embeddable":true,"href":"https:\/\/sme.goiania.go.gov.br\/conexaoescola\/wp-json\/wp\/v2\/users\/42"}],"version-history":[{"count":2,"href":"https:\/\/sme.goiania.go.gov.br\/conexaoescola\/wp-json\/wp\/v2\/ensino_fundamental\/144134\/revisions"}],"predecessor-version":[{"id":178383,"href":"https:\/\/sme.goiania.go.gov.br\/conexaoescola\/wp-json\/wp\/v2\/ensino_fundamental\/144134\/revisions\/178383"}],"wp:featuredmedia":[{"embeddable":true,"href":"https:\/\/sme.goiania.go.gov.br\/conexaoescola\/wp-json\/wp\/v2\/media\/144135"}],"wp:attachment":[{"href":"https:\/\/sme.goiania.go.gov.br\/conexaoescola\/wp-json\/wp\/v2\/media?parent=144134"}],"wp:term":[{"taxonomy":"ef_categoria","embeddable":true,"href":"https:\/\/sme.goiania.go.gov.br\/conexaoescola\/wp-json\/wp\/v2\/ef_categoria?post=144134"},{"taxonomy":"ef_ano","embeddable":true,"href":"https:\/\/sme.goiania.go.gov.br\/conexaoescola\/wp-json\/wp\/v2\/ef_ano?post=144134"},{"taxonomy":"ef_componente","embeddable":true,"href":"https:\/\/sme.goiania.go.gov.br\/conexaoescola\/wp-json\/wp\/v2\/ef_componente?post=144134"}],"curies":[{"name":"wp","href":"https:\/\/api.w.org\/{rel}","templated":true}]}}