{"id":143977,"date":"2022-05-15T11:10:51","date_gmt":"2022-05-15T14:10:51","guid":{"rendered":"https:\/\/sme.goiania.go.gov.br\/conexaoescola\/?post_type=ensino_fundamental&#038;p=143977"},"modified":"2024-01-16T08:06:46","modified_gmt":"2024-01-16T11:06:46","slug":"regionalizacao-bra","status":"publish","type":"ensino_fundamental","link":"https:\/\/sme.goiania.go.gov.br\/conexaoescola\/ensino_fundamental\/regionalizacao-bra\/","title":{"rendered":"Geografia &#8211; Regionaliza\u00e7\u00e3o brasileira"},"content":{"rendered":"\n<p class=\"has-black-color has-text-color has-background has-medium-font-size\" style=\"background-color:#fca2a2\">Esta proposta de atividade de <strong>GEOGRAFIA<\/strong> \u00e9 destinada aos estudantes do <strong>7\u00b0 Ano<\/strong> do Ensino Fundamental Anos Finais.<\/p>\n\n\n\n<div class=\"wp-block-buttons is-content-justification-center is-layout-flex wp-container-core-buttons-is-layout-16018d1d wp-block-buttons-is-layout-flex\">\n<div class=\"wp-block-button has-custom-font-size has-medium-font-size\"><a class=\"wp-block-button__link has-white-color has-black-background-color has-text-color has-background wp-element-button\">Baixe a atividade<\/a><\/div>\n\n\n\n<div class=\"wp-block-button has-custom-font-size has-medium-font-size\"><a class=\"wp-block-button__link has-white-color has-black-background-color has-text-color has-background wp-element-button\">Baixe os slides<\/a><\/div>\n\n\n\n<div class=\"wp-block-button has-custom-font-size has-medium-font-size\"><a class=\"wp-block-button__link has-white-color has-black-background-color has-text-color has-background wp-element-button\">Baixe o texto<\/a><\/div>\n<\/div>\n\n\n\n<p><\/p>\n\n\n\n<figure class=\"wp-block-image size-large is-resized is-style-rounded\"><img fetchpriority=\"high\" decoding=\"async\" src=\"https:\/\/sme.goiania.go.gov.br\/conexaoescola\/wp-content\/uploads\/2022\/05\/the-globe-ga03658f00_1920-e1652623786422-1024x685.jpg\" alt=\"\" class=\"wp-image-143978\" width=\"840\" height=\"561\" srcset=\"https:\/\/sme.goiania.go.gov.br\/conexaoescola\/wp-content\/uploads\/2022\/05\/the-globe-ga03658f00_1920-e1652623786422-1024x685.jpg 1024w, https:\/\/sme.goiania.go.gov.br\/conexaoescola\/wp-content\/uploads\/2022\/05\/the-globe-ga03658f00_1920-e1652623786422-300x201.jpg 300w, https:\/\/sme.goiania.go.gov.br\/conexaoescola\/wp-content\/uploads\/2022\/05\/the-globe-ga03658f00_1920-e1652623786422-768x514.jpg 768w, https:\/\/sme.goiania.go.gov.br\/conexaoescola\/wp-content\/uploads\/2022\/05\/the-globe-ga03658f00_1920-e1652623786422-1536x1028.jpg 1536w, https:\/\/sme.goiania.go.gov.br\/conexaoescola\/wp-content\/uploads\/2022\/05\/the-globe-ga03658f00_1920-e1652623786422.jpg 1920w\" sizes=\"(max-width: 840px) 100vw, 840px\" \/><figcaption class=\"wp-element-caption\">Brazil maps &#8211; Fonte:<a href=\"https:\/\/pixabay.com\/pt\/photos\/o-globo-terra-am%c3%a9rica-do-sul-oceano-609225\/\">https:\/\/pixabay.com\/pt\/photos\/o-globo-terra-am%c3%a9rica-do-sul-oceano-609225\/https:\/\/pixabay.com\/pt\/photos\/o-globo-terra-am%c3%a9rica-do-sul-oceano-609225\/<\/a><\/figcaption><\/figure>\n\n\n\n<hr class=\"wp-block-separator has-css-opacity\"\/>\n\n\n\n<p class=\"has-text-align-center has-white-color has-vivid-cyan-blue-background-color has-text-color has-background has-medium-font-size\"><strong>Regionaliza\u00e7\u00e3o brasileira<\/strong><\/p>\n\n\n\n<p class=\"has-black-color has-text-color has-medium-font-size\">Atualmente o Brasil \u00e9 composto por 27 unidades da federa\u00e7\u00e3o (26 estados e o distrito federal) que est\u00e3o distribu\u00eddas em cinco Grandes Regi\u00f5es, tamb\u00e9m conhecidas como Macrorregi\u00f5es, o Instituto Brasileiro de Geografia e Estat\u00edstica (IBGE) foi o \u00f3rg\u00e3o federal respons\u00e1vel por estabelecer a regionaliza\u00e7\u00e3o oficial do Brasil. No entanto, o territ\u00f3rio brasileiro nem sempre apresentou a atual regionaliza\u00e7\u00e3o.<\/p>\n\n\n\n<p class=\"has-black-color has-text-color has-medium-font-size\">Compreendemos que regionaliza\u00e7\u00e3o \u00e9 o agrupamento de elementos semelhantes do espa\u00e7o geogr\u00e1fico a partir de crit\u00e9rios, \u00e9 como dividir o espa\u00e7o em partes que abrigam elementos iguais ou semelhantes, e ao dividir o espa\u00e7o em partes formamos as regi\u00f5es.&nbsp;<\/p>\n\n\n\n<p class=\"has-black-color has-text-color has-medium-font-size\">Com 8.516.000 km\u00b2 de extens\u00e3o, o Brasil \u00e9 chamado de pa\u00eds continente. Com exce\u00e7\u00e3o da R\u00fassia, todos os pa\u00edses europeus caberiam dentro do territ\u00f3rio brasileiro. Por apresentar grande extens\u00e3o territorial e diversidade cultural, a regionaliza\u00e7\u00e3o do Brasil facilita a administra\u00e7\u00e3o, desenvolvimento de pol\u00edticas p\u00fablicas e a coleta e divulga\u00e7\u00e3o de dados estat\u00edsticos.<\/p>\n\n\n\n<p class=\"has-black-color has-text-color has-medium-font-size\">Em 1534 as Capitanias Heredit\u00e1rias foram a primeira regionaliza\u00e7\u00e3o brasileira, ainda no per\u00edodo colonial, o Brasil n\u00e3o apresentava atual dimens\u00e3o territorial. As capitanias eram um modelo de administra\u00e7\u00e3o que a metr\u00f3pole empregava nas col\u00f4nias.&nbsp;<\/p>\n\n\n\n<p class=\"has-black-color has-text-color has-medium-font-size\">O IBGE surge em 1937 e em 1940 j\u00e1 apresenta uma possibilidade de regionaliza\u00e7\u00e3o do territ\u00f3rio brasileiro, ainda que seja poss\u00edvel regionalizar o Brasil de diferentes formas, a regionaliza\u00e7\u00e3o do IBGE \u00e9 a oficial. Em 1940 o Brasil ainda n\u00e3o apresentava as 27 unidades da federa\u00e7\u00e3o e o seu territ\u00f3rio era um pouco menor, mesmo assim o IBGE prop\u00f4s cinco grandes regi\u00f5es (Norte, Nordeste, Centro, Este e Sul), levando em considera\u00e7\u00e3o crit\u00e9rios f\u00edsicos e econ\u00f4micos.<\/p>\n\n\n\n<p class=\"has-black-color has-text-color has-medium-font-size\">A partir de crit\u00e9rios naturais, sociais e econ\u00f4micos, em 1960 o IBGE apresenta uma nova possibilidade de regionaliza\u00e7\u00e3o brasileira, dividindo o Brasil em cinco macrorregi\u00f5es (Norte, Nordeste, Centro- Oeste, Leste e Sul). A regionaliza\u00e7\u00e3o oficial do Brasil respeita os limites territoriais de cada unidade da federa\u00e7\u00e3o, no in\u00edcio dos anos 60 os estados de Goi\u00e1s e Mato Grosso ainda n\u00e3o eram divididos.&nbsp;<\/p>\n\n\n\n<p class=\"has-black-color has-text-color has-medium-font-size\">Em 1990, com as altera\u00e7\u00f5es da nova Constitui\u00e7\u00e3o Federal, o Brasil passa a ter a regionaliza\u00e7\u00e3o que utilizamos atualmente. Levando em considera\u00e7\u00e3o crit\u00e9rios naturais, sociais e econ\u00f4micos, o Brasil est\u00e1 regionalizado em:<\/p>\n\n\n\n<p class=\"has-black-color has-text-color has-medium-font-size\"><strong>Norte:<\/strong> Acre (AC), Amazonas (AM), Amap\u00e1 (AP), Par\u00e1 (PA), Roraima (RR), Rond\u00f4nia (RO), e Tocantins (TO).<\/p>\n\n\n\n<p class=\"has-black-color has-text-color has-medium-font-size\"><strong>Nordeste:<\/strong> Alagoas (AL), Bahia (BA), Cear\u00e1 (CE), Maranh\u00e3o (MA), Piau\u00ed (PI), Para\u00edba (PB), Pernambuco (PE), Rio Grande do Norte (RN) e Sergipe (SE).<\/p>\n\n\n\n<p class=\"has-black-color has-text-color has-medium-font-size\"><strong>Centro- Oeste:<\/strong> Distrito Federal (DF), Goi\u00e1s (GO), Mato Grosso (MT) e Mato Grosso do Sul (MS).<\/p>\n\n\n\n<p class=\"has-black-color has-text-color has-medium-font-size\"><strong>Sudeste:<\/strong> &nbsp;Esp\u00edrito Santo (ES), Minas Gerais (MG), Rio de Janeiro (RJ) e S\u00e3o Paulo (SP).<strong>Sul:<\/strong> &nbsp;Paran\u00e1 (PR), Rio Grande do Sul (RS) e Santa Catarina (SC).<\/p>\n\n\n\n<p class=\"has-white-color has-vivid-cyan-blue-background-color has-text-color has-background has-medium-font-size\"><strong>Quest\u00e3o 01<\/strong><\/p>\n\n\n\n<p class=\"has-black-color has-text-color has-medium-font-size\"><strong>Seguindo crit\u00e9rios naturais, sociais e econ\u00f4micos, o Instituto Brasileiro de Geografia e Estat\u00edstica (IBGE) regionalizou as 27 Unidades da Federa\u00e7\u00e3o brasileiras em cinco Macrorregi\u00f5es. Assinale alternativa que justifique a import\u00e2ncia de regionalizar o Brasil.&nbsp;<\/strong><\/p>\n\n\n\n<p class=\"has-black-color has-text-color has-medium-font-size\">(A) Considerando fatores de ordem econ\u00f4mica, a regionaliza\u00e7\u00e3o do Brasil permite que as pessoas tenham mobilidade social, ascendendo economicamente de acordo com a regi\u00e3o que escolhem viver.&nbsp;&nbsp;<\/p>\n\n\n\n<p class=\"has-black-color has-text-color has-medium-font-size\">(B) Durante o per\u00edodo das grandes guerras mundiais o Brasil se viu ref\u00e9m dos interesses explorat\u00f3rios de outras na\u00e7\u00f5es e a regionaliza\u00e7\u00e3o surge como possibilidade de ocupa\u00e7\u00e3o do territ\u00f3rio a fim de garantir a supremacia nacional.&nbsp;<\/p>\n\n\n\n<p class=\"has-black-color has-text-color has-medium-font-size\">(C) Por apresentar grande extens\u00e3o territorial e diversidade cultural, a regionaliza\u00e7\u00e3o do Brasil facilita a administra\u00e7\u00e3o, o desenvolvimento de pol\u00edticas p\u00fablicas, a coleta e divulga\u00e7\u00e3o de dados estat\u00edsticos.<\/p>\n\n\n\n<p class=\"has-black-color has-text-color has-medium-font-size\">(D) A regionaliza\u00e7\u00e3o brasileira foi proposta apenas para dar alguma finalidade ao ent\u00e3o criado Instituto Brasileiro de Geografia e Estat\u00edstica, a necessidade de justificar a fun\u00e7\u00e3o dessa institui\u00e7\u00e3o motivou a regionaliza\u00e7\u00e3o.<\/p>\n\n\n\n<p class=\"has-white-color has-vivid-cyan-blue-background-color has-text-color has-background has-medium-font-size\"><strong>Quest\u00e3o 02<\/strong><\/p>\n\n\n\n<hr class=\"wp-block-separator has-css-opacity\"\/>\n\n\n\n<p class=\"has-medium-font-size\"><strong>Ap\u00f3s observar os mapas brasileiros de 1940 e 1960 aponte quais s\u00e3o as altera\u00e7\u00f5es territoriais percept\u00edveis.&nbsp;<\/strong><\/p>\n\n\n\n<p class=\"has-text-align-center has-medium-font-size\"><strong>Brasil 1940<\/strong><\/p>\n\n\n\n<p class=\"has-text-align-center\"><strong><img decoding=\"async\" width=\"360\" height=\"315\" src=\"https:\/\/lh7-us.googleusercontent.com\/OBBy3yVewN0KtZttBjuRm_5e2Eap1K4cC1Vrde-W4XR485uUNNztNw1Rkqgqo1BQlxHkTuYYbk_-LAq2YkbQNzCsWTdJInTpGh01s8NldqhtnQWWkQza0AZyS7wRWMqgY1yulA90HTI5\"><\/strong><\/p>\n\n\n\n<p class=\"has-text-align-center has-small-font-size\">Brasil 1940 &#8211;<strong> Fonte: <\/strong><a href=\"https:\/\/agenciadenoticias.ibge.gov.br\/agencia-noticias\/2012-agencia-de-noticias\/noticias\/19383-dividir-para-conhecer-as-diversas-divisoes-regionais-do-brasil\">https:\/\/agenciadenoticias.ibge.gov.br\/agencia-noticias\/2012-agencia-de-noticias\/noticias\/19383-dividir-para-conhecer-as-diversas-divisoes-regionais-do-brasil<\/a><\/p>\n\n\n\n<p class=\"has-text-align-center has-medium-font-size\"> <strong> Brasil &#8211; 1960<\/strong> <\/p>\n\n\n\n<p class=\"has-text-align-center\"><img decoding=\"async\" width=\"373\" height=\"323\" src=\"https:\/\/lh7-us.googleusercontent.com\/KDG64tNPLgR5gp-xwxZTQnyT9i8WJCIz6EFFZ4-ww0X02pCi1v2zR2mmXrEtbYsI4cXpppEormcs7s3_GZPioDS_cILNuYKe-DyAXo3M_iNMi9bqmOWbsLMGSycvd9Bf2VG1szn4MRvh\"><\/p>\n\n\n\n<p class=\"has-text-align-center has-small-font-size\">Brasil 1960 &#8211;<strong> Fonte: <\/strong><a href=\"https:\/\/agenciadenoticias.ibge.gov.br\/agencia-noticias\/2012-agencia-de-noticias\/noticias\/19383-dividir-para-conhecer-as-diversas-divisoes-regionais-do-brasil\">https:\/\/agenciadenoticias.ibge.gov.br\/agencia-noticias\/2012-agencia-de-noticias\/noticias\/19383-dividir-para-conhecer-as-diversas-divisoes-regionais-do-brasil<\/a><\/p>\n\n\n\n<p class=\"has-white-color has-vivid-cyan-blue-background-color has-text-color has-background has-medium-font-size\"><strong>Quest\u00e3o 03<\/strong><\/p>\n\n\n\n<hr class=\"wp-block-separator has-css-opacity\"\/>\n\n\n\n<p class=\"has-text-align-left has-medium-font-size\"><strong>Complete o mapa do Brasil com as Unidades da Federa\u00e7\u00e3o correspondentes e organize os estados em suas respectivas regi\u00f5es. Se poss\u00edvel, voc\u00ea pode colorir o mapa e criar uma legenda para diferenciar cada Macrorregi\u00e3o brasileira.<\/strong><\/p>\n\n\n<div class=\"wp-block-image\">\n<figure class=\"aligncenter\"><img decoding=\"async\" src=\"https:\/\/lh4.googleusercontent.com\/hSDy4FcM31Ob5d0xdN07rqvhYlNf1nzLHK44qpmuMfiJuTirwC0P-VXCLVp01-gvHh5U5E_WrkFYE3xeEYWvUAYUhdfPFLR0lV6hlqq4vMphwfMtq24tl9Zh5EdTMYR-1-DtyagD92onLlB68A\" alt=\"\"\/><figcaption class=\"wp-element-caption\"><strong> Brasil vetor. Dispon\u00edvel em: &lt;https:\/\/publicdomainvectors.org\/pt\/vetorial-gratis\/Mapa-do-vetor-de-regi%C3%B5es-do-Brasil\/11544.html&gt;. Acesso em: 28, abr. 22. <\/strong><\/figcaption><\/figure><\/div>\n\n\n<p class=\"has-white-color has-vivid-cyan-blue-background-color has-text-color has-background has-medium-font-size\"><strong>Quest\u00e3o 04<\/strong><\/p>\n\n\n\n<p class=\"has-black-color has-text-color has-medium-font-size\"><strong>Em 1990, com as altera\u00e7\u00f5es da nova Constitui\u00e7\u00e3o Federal (1988), o IBGE prop\u00f4s a regionaliza\u00e7\u00e3o do territ\u00f3rio brasileiro que utilizamos atualmente. Levando em considera\u00e7\u00e3o crit\u00e9rios naturais, sociais e econ\u00f4micos, o Brasil est\u00e1 regionalizado em:<\/strong><\/p>\n\n\n\n<p class=\"has-black-color has-text-color has-medium-font-size\">(A) 5 macrorregi\u00f5es<\/p>\n\n\n\n<p class=\"has-black-color has-text-color has-medium-font-size\">(B) 3 macrorregi\u00f5es<\/p>\n\n\n\n<p class=\"has-black-color has-text-color has-medium-font-size\">(C) 6 macrorregi\u00f5es<\/p>\n\n\n\n<p class=\"has-black-color has-text-color has-medium-font-size\">(D) 4 macrorregi\u00f5es<\/p>\n\n\n\n<p class=\"has-vivid-cyan-blue-color has-black-background-color has-text-color has-background has-medium-font-size\"><strong>SAIBA MAIS<\/strong><\/p>\n\n\n\n<p class=\"has-black-color has-text-color has-medium-font-size\">Chega o dedo no play e curte esse v\u00eddeo!<\/p>\n\n\n\n<figure class=\"wp-block-embed is-type-video is-provider-youtube wp-block-embed-youtube wp-embed-aspect-16-9 wp-has-aspect-ratio\"><div class=\"wp-block-embed__wrapper\">\n<p class=\"responsive-video-wrap clr\"><iframe title=\"Atividade 07 - Regionaliza\u00e7\u00e3o brasileira - 7\u00b0 Ano\" width=\"1200\" height=\"675\" src=\"https:\/\/www.youtube.com\/embed\/lc1wkTWgn8o?feature=oembed\" frameborder=\"0\" allow=\"accelerometer; autoplay; clipboard-write; encrypted-media; gyroscope; picture-in-picture; web-share\" allowfullscreen><\/iframe><\/p>\n<\/div><figcaption class=\"wp-element-caption\">Canal Geo Power &#8220;Atividade 07 &#8211; Regionaliza\u00e7\u00e3o brasileira &#8211; 7\u00b0 Ano&#8221;. Dispon\u00edvel em:  &lt;<a rel=\"noreferrer noopener\" href=\"https:\/\/www.youtube.com\/watch?v=lc1wkTWgn8o\" target=\"_blank\">https:\/\/www.youtube.com\/watch?v=Jgj641dyhOo<\/a>&gt;. Acesso em: 15, maio.  2022.<\/figcaption><\/figure>\n\n\n\n<p class=\"has-black-color has-text-color has-background has-medium-font-size\" style=\"background-color:#ffe9a5\"><strong>Acesse os materiais referentes a essa atividade clicando aqui:<\/strong> <a href=\"https:\/\/sme.goiania.go.gov.br\/conexaoescola\/propostas_didaticas\/propostas-didaticas-geografia-7o-ano\/\" target=\"_blank\" rel=\"noreferrer noopener\">https:\/\/sme.goiania.go.gov.br\/conexaoescola\/propostas_didaticas\/propostas-didaticas-geografia-7o-ano\/<\/a><\/p>\n\n\n\n<hr class=\"wp-block-separator has-css-opacity\"\/>\n\n\n\n<figure class=\"wp-block-table is-style-stripes\"><table><tbody><tr><td><strong>Habilidade:<\/strong><\/td><td>(GO-EF07GE13) Compreender a import\u00e2ncia e os diferentes crit\u00e9rios de regionalizar o Brasil e o estado de Goi\u00e1s, considerando os aspectos pol\u00edticos, econ\u00f4micos, sociais, culturais e f\u00edsico-naturais.<\/td><\/tr><tr><td><strong>Referencial Te\u00f3rico:&nbsp;<\/strong><\/td><td><br>ADAS, M; ADAS, S. <em>Expedi\u00e7\u00f5es Geogr\u00e1ficas: 7\u00b0 ano<\/em>. 3\u00b0 Edi\u00e7\u00e3o. S\u00e3o Paulo: Moderna, 2018.&nbsp;<br>ARRAIS, T. <em>Goi\u00e1s: Novas regi\u00f5es, ou novas formas de olhar velhas regi\u00f5es.<\/em> Dispon\u00edvel em:&lt;<a href=\"https:\/\/files.cercomp.ufg.br\/weby\/up\/215\/o\/arrais_tadeu_alencar_goi_s_novas_regi_es.pdf\">https:\/\/files.cercomp.ufg.br\/weby\/up\/215\/o\/arrais_tadeu_alencar_goi_s_novas_regi_es.pdf<\/a>&gt;. Acesso em: 20 de abril de 2022.<br>EDITORA MODERNA. MAESTU J. (Org.) OBRA COLETIVA. <em>Projeto Buriti Geografia 5\u00ba ano<\/em>. 4\u00aa ed. S\u00e3o Paulo: Moderna, 2019.<br>IBGE. <em>Divis\u00e3o Regional do Brasil em Regi\u00f5es Geogr\u00e1ficas Imediatas e Regi\u00f5es Geogr\u00e1ficas Intermedi\u00e1rias 2017<\/em> .Dispon\u00edvel em:&lt;<a href=\"https:\/\/biblioteca.ibge.gov.br\/visualizacao\/livros\/liv100600.pdf\">https:\/\/biblioteca.ibge.gov.br\/visualizacao\/livros\/liv100600.pdf<\/a>&gt;. Acesso em: 20 de abril de 2022.<br>SALGADO, T. <em>O processo hist\u00f3rico de regionaliza\u00e7\u00e3o administrativa do estado de Goi\u00e1s: Experi\u00eancias de 1956 a 1989<\/em>. Dispon\u00edvel em:&lt;<a href=\"https:\/\/www.revistas.ufg.br\/bgg\/article\/view\/18959\/11176\">https:\/\/www.revistas.ufg.br\/bgg\/article\/view\/18959\/11176<\/a>&gt;. Acesso em: 20 de abril de 2022.<br><br><\/td><\/tr><\/tbody><\/table><\/figure>\n\n\n\n<p><\/p>\n","protected":false},"author":52,"featured_media":143978,"template":"","ef_categoria":[],"ef_ano":[90],"ef_componente":[96],"class_list":["post-143977","ensino_fundamental","type-ensino_fundamental","status-publish","has-post-thumbnail","hentry","ef_ano-7o-ano","ef_componente-geografia","entry","has-media"],"acf":[],"_links":{"self":[{"href":"https:\/\/sme.goiania.go.gov.br\/conexaoescola\/wp-json\/wp\/v2\/ensino_fundamental\/143977","targetHints":{"allow":["GET"]}}],"collection":[{"href":"https:\/\/sme.goiania.go.gov.br\/conexaoescola\/wp-json\/wp\/v2\/ensino_fundamental"}],"about":[{"href":"https:\/\/sme.goiania.go.gov.br\/conexaoescola\/wp-json\/wp\/v2\/types\/ensino_fundamental"}],"author":[{"embeddable":true,"href":"https:\/\/sme.goiania.go.gov.br\/conexaoescola\/wp-json\/wp\/v2\/users\/52"}],"version-history":[{"count":3,"href":"https:\/\/sme.goiania.go.gov.br\/conexaoescola\/wp-json\/wp\/v2\/ensino_fundamental\/143977\/revisions"}],"predecessor-version":[{"id":175686,"href":"https:\/\/sme.goiania.go.gov.br\/conexaoescola\/wp-json\/wp\/v2\/ensino_fundamental\/143977\/revisions\/175686"}],"wp:featuredmedia":[{"embeddable":true,"href":"https:\/\/sme.goiania.go.gov.br\/conexaoescola\/wp-json\/wp\/v2\/media\/143978"}],"wp:attachment":[{"href":"https:\/\/sme.goiania.go.gov.br\/conexaoescola\/wp-json\/wp\/v2\/media?parent=143977"}],"wp:term":[{"taxonomy":"ef_categoria","embeddable":true,"href":"https:\/\/sme.goiania.go.gov.br\/conexaoescola\/wp-json\/wp\/v2\/ef_categoria?post=143977"},{"taxonomy":"ef_ano","embeddable":true,"href":"https:\/\/sme.goiania.go.gov.br\/conexaoescola\/wp-json\/wp\/v2\/ef_ano?post=143977"},{"taxonomy":"ef_componente","embeddable":true,"href":"https:\/\/sme.goiania.go.gov.br\/conexaoescola\/wp-json\/wp\/v2\/ef_componente?post=143977"}],"curies":[{"name":"wp","href":"https:\/\/api.w.org\/{rel}","templated":true}]}}