{"id":143973,"date":"2022-05-15T10:54:01","date_gmt":"2022-05-15T13:54:01","guid":{"rendered":"https:\/\/sme.goiania.go.gov.br\/conexaoescola\/?post_type=ensino_fundamental&#038;p=143973"},"modified":"2023-09-19T10:41:58","modified_gmt":"2023-09-19T13:41:58","slug":"geografia-bacias","status":"publish","type":"ensino_fundamental","link":"https:\/\/sme.goiania.go.gov.br\/conexaoescola\/ensino_fundamental\/geografia-bacias\/","title":{"rendered":"Geografia &#8211; Bacias Hidrogr\u00e1ficas"},"content":{"rendered":"\n<p class=\"has-black-color has-text-color has-background has-medium-font-size\" style=\"background-color:#e3e9ed\">Esta proposta de atividade de <strong>GEOGRAFIA<\/strong> \u00e9 destinada aos estudantes do <strong>6\u00b0 Ano<\/strong> do Ensino Fundamental Anos Finais.<\/p>\n\n\n\n<div class=\"wp-block-buttons is-content-justification-center is-layout-flex wp-container-core-buttons-is-layout-16018d1d wp-block-buttons-is-layout-flex\">\n<div class=\"wp-block-button has-custom-font-size has-medium-font-size\"><a class=\"wp-block-button__link has-white-color has-black-background-color has-text-color has-background wp-element-button\" href=\"https:\/\/drive.google.com\/uc?export=download&amp;id=1KCd6HGneiqfhNu6gbQa4kfeziXAbgYIg\" target=\"_blank\" rel=\"noreferrer noopener\">Baixe atividade<\/a><\/div>\n\n\n\n<div class=\"wp-block-button has-custom-font-size has-medium-font-size\"><a class=\"wp-block-button__link has-white-color has-black-background-color has-text-color has-background wp-element-button\" href=\"https:\/\/drive.google.com\/uc?export=download&amp;id=1ApcXL9aTK3TzQrFcsANpAkd1cq53MZRo\" target=\"_blank\" rel=\"noreferrer noopener\">Baixe os slides <\/a><\/div>\n\n\n\n<div class=\"wp-block-button has-custom-font-size has-medium-font-size\"><a class=\"wp-block-button__link has-white-color has-black-background-color has-text-color has-background wp-element-button\" href=\"https:\/\/drive.google.com\/uc?export=download&amp;id=1I8788hodhfbfLrvUCarqawTIpY5nEBhR\" target=\"_blank\" rel=\"noreferrer noopener\">Baixe o texto<\/a><\/div>\n<\/div>\n\n\n\n<p><\/p>\n\n\n\n<figure class=\"wp-block-image size-large is-style-rounded\"><img fetchpriority=\"high\" decoding=\"async\" width=\"1024\" height=\"671\" src=\"https:\/\/sme.goiania.go.gov.br\/conexaoescola\/wp-content\/uploads\/2022\/05\/water-g1cf00c2d1_1920-e1652622683915-1024x671.jpg\" alt=\"\" class=\"wp-image-143974\" srcset=\"https:\/\/sme.goiania.go.gov.br\/conexaoescola\/wp-content\/uploads\/2022\/05\/water-g1cf00c2d1_1920-e1652622683915-1024x671.jpg 1024w, https:\/\/sme.goiania.go.gov.br\/conexaoescola\/wp-content\/uploads\/2022\/05\/water-g1cf00c2d1_1920-e1652622683915-300x197.jpg 300w, https:\/\/sme.goiania.go.gov.br\/conexaoescola\/wp-content\/uploads\/2022\/05\/water-g1cf00c2d1_1920-e1652622683915-768x504.jpg 768w, https:\/\/sme.goiania.go.gov.br\/conexaoescola\/wp-content\/uploads\/2022\/05\/water-g1cf00c2d1_1920-e1652622683915-1536x1007.jpg 1536w, https:\/\/sme.goiania.go.gov.br\/conexaoescola\/wp-content\/uploads\/2022\/05\/water-g1cf00c2d1_1920-e1652622683915.jpg 1920w\" sizes=\"(max-width: 1024px) 100vw, 1024px\" \/><figcaption class=\"wp-element-caption\">\u00c1gua &#8211; Fonte:<a href=\"https:\/\/pixabay.com\/pt\/illustrations\/reserva-natural-responsabilidade-480985\/\">https:\/\/pixabay.com\/pt\/photos\/agua-jato-de-%c3%a1gua-fonte-molhado-5245599\/<\/a><\/figcaption><\/figure>\n\n\n\n<hr class=\"wp-block-separator has-css-opacity\"\/>\n\n\n\n<p class=\"has-text-align-center has-white-color has-vivid-cyan-blue-background-color has-text-color has-background has-medium-font-size\"><strong>Bacias hidrogr\u00e1ficas<\/strong><\/p>\n\n\n\n<p class=\"has-black-color has-text-color has-medium-font-size\">Antes de falar sobre bacias hidrogr\u00e1ficas \u00e9 importante destacar que a hidrografia estuda e classifica as \u00e1guas distribu\u00eddas pelo globo seja em estado l\u00edquido, s\u00f3lido ou gasoso a \u00e1gua \u00e9 objeto de estudo da Hidrografia. A \u00e1gua \u00e9 distribu\u00edda pelo nosso planeta em oceanos, mares, rios, lagos, na atmosfera, em reservat\u00f3rios subterr\u00e2neos, nas geleiras, dentre outros.&nbsp;&nbsp;<\/p>\n\n\n\n<p class=\"has-black-color has-text-color has-medium-font-size\">Aproximadamente 70% da superf\u00edcie terrestre est\u00e1 coberta por \u00e1gua, 97% da \u00e1gua do nosso planeta est\u00e1 nos oceanos e apenas 3% \u00e9 o que conhecemos por \u00e1gua doce e destes apenas 1% est\u00e1 nos rios, lagos e aqu\u00edferos subterr\u00e2neos \u00e9 a \u00e1gua doce dispon\u00edvel para o uso humano.<\/p>\n\n\n\n<p class=\"has-black-color has-text-color has-medium-font-size\">O Brasil \u00e9 um pa\u00eds rico em \u00e1gua, que abriga cerca de 11% de toda \u00e1gua doce do mundo. A Regi\u00e3o Norte sozinha representa 40% de toda \u00e1gua presente no territ\u00f3rio brasileiro e a Bacia Amaz\u00f4nica \u00e9 a maior bacia hidrogr\u00e1fica do mundo em volume de \u00e1gua.\u00a0<\/p>\n\n\n\n<p class=\"has-black-color has-text-color has-medium-font-size\">Mas, o que s\u00e3o bacias hidrogr\u00e1ficas? S\u00e3o \u00e1reas ou conjunto de terras que s\u00e3o drenadas por um sistema interligado de cursos d&#8217;\u00e1gua (Rio principal e seus afluentes) que fazem a recep\u00e7\u00e3o natural d\u2019\u00e1gua da chuva que escoa na superf\u00edcie terrestre e s\u00e3o descarregadas por uma \u00fanica sa\u00edda no ponto com menor altitude da paisagem. <\/p>\n\n\n\n<p class=\"has-black-color has-text-color has-medium-font-size\">As Bacias Hidrogr\u00e1ficas comp\u00f5em um sistema natural de drenagem da \u00e1gua, s\u00e3o formadas por diversos elementos, como: Divisor d\u2019\u00e1gua, Vertente, Plan\u00edcie de Inunda\u00e7\u00e3o, Rede hidrogr\u00e1fica, Nascente e foz dos rios.<\/p>\n\n\n\n<p class=\"has-text-align-center has-white-color has-black-background-color has-text-color has-background has-medium-font-size\"><strong>RENPONDA \u00c0S QUEST\u00d5ES<\/strong><\/p>\n\n\n\n<p class=\"has-white-color has-vivid-cyan-blue-background-color has-text-color has-background has-medium-font-size\"><strong>Quest\u00e3o 01<\/strong><\/p>\n\n\n\n<p class=\"has-black-color has-text-color has-medium-font-size\">A seca hist\u00f3rica deste ano j\u00e1 faz pelo menos 53 munic\u00edpios de cinco Estados racionarem \u00e1gua, afeta a navega\u00e7\u00e3o e ainda contribui para o desequil\u00edbrio do ecossistema nas Regi\u00f5es Sul, Sudeste e Centro-Oeste do pa\u00eds. Na lista de cidades com rod\u00edzio no abastecimento aparecem at\u00e9 centros urbanos grandes, como Curitiba e a regi\u00e3o metropolitana.<\/p>\n\n\n\n<p class=\"has-black-color has-text-color has-medium-font-size\">As bacias dos Rios Grande, Paran\u00e1, Paranapanema e Paraguai \u2013 que banham S\u00e3o Paulo, Paran\u00e1, Minas, Mato Grosso e Mato Grosso do Sul \u2013 est\u00e3o sob os efeitos da estiagem severa.<\/p>\n\n\n\n<p class=\"has-text-align-right has-black-color has-text-color\" style=\"font-size:12px\">TORMAZELA, J. M; LIMA, J. C. Seca hist\u00f3rica faz 53 munic\u00edpios do Sudeste, Sul e Centro-Oeste racionarem \u00e1gua. Dispon\u00edvel em: &lt;https:\/\/www.cnnbrasil.com.br\/business\/seca-historica-faz-53-municipios-do-sudeste-sul-e-centro-oeste-racionarem-agua\/&gt;. Acesso em: 25, abr. 2022.<\/p>\n\n\n\n<p class=\"has-black-color has-text-color has-medium-font-size\"><strong>Considerando que o Brasil abriga 11% de toda \u00e1gua doce dispon\u00edvel no mundo, quais fatores justificam a seca retratada na reportagem acima?<\/strong><\/p>\n\n\n\n<p class=\"has-white-color has-vivid-cyan-blue-background-color has-text-color has-background has-medium-font-size\"><strong>Quest\u00e3o 02<\/strong><\/p>\n\n\n\n<hr class=\"wp-block-separator has-css-opacity\"\/>\n\n\n<div class=\"wp-block-image\">\n<figure class=\"aligncenter is-resized\"><img decoding=\"async\" src=\"https:\/\/lh3.googleusercontent.com\/ipI8NOX-5wEZNIoHPENqcvX897pdlbJ3BCq6wcLVDSGDJQDSsqwIki1juyjUeG0G6vVkLdOnQ9L-clrAs88Pf2U2W2efrR6B1PcaPyFeHpy5uCFIfWElfWIvhXIIpsGNVUDGJNL6ZfNWmHQUBw\" alt=\"\" width=\"562\" height=\"314\"\/><figcaption class=\"wp-element-caption\"> Donga desenhos &#8211; <strong>Fonte:<\/strong> http:\/\/dongadesenhos.blogspot.com\/2010\/02\/charge-da-semana_27.html <\/figcaption><\/figure><\/div>\n\n\n<p class=\"has-black-color has-text-color has-medium-font-size\"><strong>A Lagoa de Merin est\u00e1 localizada entre o Brasil e o Uruguai, a charge salienta a necessidade da preserva\u00e7\u00e3o ambiental para manuten\u00e7\u00e3o deste recurso h\u00eddrico. Aponte quais medidas podem ser adotadas para preservar os recursos h\u00eddricos, mencione as atitudes que devem ser tomadas pelos seres humanos como pol\u00edticas p\u00fablicas ou a\u00e7\u00f5es individuais.<\/strong><\/p>\n\n\n\n<p class=\"has-white-color has-vivid-cyan-blue-background-color has-text-color has-background has-medium-font-size\"><strong>Quest\u00e3o 03<\/strong><\/p>\n\n\n\n<hr class=\"wp-block-separator has-css-opacity\"\/>\n\n\n\n<p class=\"has-black-color has-text-color has-medium-font-size\">Com extens\u00e3o de aproximadamente 3 milh\u00f5es de km\u00b2 essa regi\u00e3o hidrogr\u00e1fica brasileira \u00e9 conhecida por abrigar em torno de 40% de toda \u00e1gua presente em territ\u00f3rio nacional, seus rios intermitentes s\u00e3o fonte de alimento, geram energia el\u00e9trica e s\u00e3o utilizados para navega\u00e7\u00e3o. Assinale a alternativa que apresenta a regi\u00e3o hidrogr\u00e1fica mencionada no texto.&nbsp;<\/p>\n\n\n\n<p class=\"has-black-color has-text-color has-medium-font-size\">(A) Amaz\u00f4nica&nbsp;&nbsp;&nbsp;&nbsp;&nbsp;&nbsp;&nbsp;&nbsp;&nbsp;&nbsp;&nbsp;&nbsp;&nbsp;&nbsp;&nbsp;&nbsp;&nbsp;&nbsp;&nbsp;&nbsp;&nbsp;&nbsp;&nbsp;&nbsp;&nbsp;&nbsp;&nbsp;&nbsp;&nbsp;&nbsp;&nbsp;<\/p>\n\n\n\n<p class=\"has-black-color has-text-color has-medium-font-size\">(B) S\u00e3o Francisco<\/p>\n\n\n\n<p class=\"has-black-color has-text-color has-medium-font-size\">(C) Parna\u00edba&nbsp;<\/p>\n\n\n\n<p class=\"has-black-color has-text-color has-medium-font-size\">(D) Tocantins Araguaia<\/p>\n\n\n\n<p class=\"has-white-color has-vivid-cyan-blue-background-color has-text-color has-background has-medium-font-size\"><strong>Quest\u00e3o 04<\/strong> <\/p>\n\n\n\n<p class=\"has-black-color has-text-color has-medium-font-size\">Qual das seguintes afirmativas \u00e9 verdadeira sobre uma bacia hidrogr\u00e1fica?&nbsp;<\/p>\n\n\n\n<p class=\"has-black-color has-text-color has-medium-font-size\">(A) \u00c9 uma \u00e1rea onde n\u00e3o ocorre o escoamento da \u00e1gua.&nbsp;<\/p>\n\n\n\n<p class=\"has-black-color has-text-color has-medium-font-size\">(B) \u00c9 uma regi\u00e3o que coleta e direciona \u00e1gua de forma natural para um \u00fanico ponto de sa\u00edda.&nbsp;<\/p>\n\n\n\n<p class=\"has-black-color has-text-color has-medium-font-size\">(C) \u00c9 um sistema de esgoto subterr\u00e2neo que remove a \u00e1gua da superf\u00edcie.&nbsp;<\/p>\n\n\n\n<p class=\"has-black-color has-text-color has-medium-font-size\">(D) \u00c9 uma \u00e1rea onde a \u00e1gua flui apenas de maneira aleat\u00f3ria.<\/p>\n\n\n\n<p class=\"has-vivid-cyan-blue-color has-black-background-color has-text-color has-background has-medium-font-size\"><strong>SAIBA MAIS<\/strong><\/p>\n\n\n\n<p class=\"has-black-color has-text-color has-medium-font-size\">Chega o dedo no play e curte esse v\u00eddeo!<\/p>\n\n\n\n<figure class=\"wp-block-embed is-type-video is-provider-youtube wp-block-embed-youtube wp-embed-aspect-16-9 wp-has-aspect-ratio\"><div class=\"wp-block-embed__wrapper\">\n<p class=\"responsive-video-wrap clr\"><iframe title=\"Atividade 07 - Bacias Hidrogr\u00e1ficas - 6\u00b0 Ano\" width=\"1200\" height=\"675\" src=\"https:\/\/www.youtube.com\/embed\/DDMG6KDhQCY?feature=oembed\" frameborder=\"0\" allow=\"accelerometer; autoplay; clipboard-write; encrypted-media; gyroscope; picture-in-picture; web-share\" allowfullscreen><\/iframe><\/p>\n<\/div><figcaption class=\"wp-element-caption\">Canal Geo Power &#8220;Atividade 07 &#8211; Bacias Hidrogr\u00e1ficas &#8211; 7\u00b0 Ano&#8221;. Dispon\u00edvel em:  &lt;<a href=\"https:\/\/www.youtube.com\/watch?v=DDMG6KDhQCY\">https:\/\/www.youtube.com\/watch?v=v92Q2biHoUo<\/a>&gt;. Acesso em: 15, maio.  2022.<\/figcaption><\/figure>\n\n\n\n<p class=\"has-black-color has-text-color has-background has-medium-font-size\" style=\"background-color:#fceec2\"><strong>Acesse os materiais referentes a essa atividade clicando aqui: <a href=\"https:\/\/sme.goiania.go.gov.br\/conexaoescola\/propostas_didaticas\/geografia-6o-ano\/\" target=\"_blank\" rel=\"noreferrer noopener\">https:\/\/sme.goiania.go.gov.br\/conexaoescola\/propostas_didaticas\/geografia-6o-ano\/<\/a><\/strong><\/p>\n\n\n\n<hr class=\"wp-block-separator has-css-opacity\"\/>\n\n\n\n<figure class=\"wp-block-table is-style-stripes\"><table><tbody><tr><td><strong>Habilidade:<\/strong><\/td><td>(EF06GE04-B) Reconhecer as principais caracter\u00edsticas que constituem uma bacia hidrogr\u00e1fica.<\/td><\/tr><tr><td><strong>Referencial Te\u00f3rico:&nbsp;<\/strong><\/td><td><br>ADAS, M; ADAS, S. <em>Expedi\u00e7\u00f5es Geogr\u00e1ficas<\/em>: 6\u00b0 ano. 3\u00b0 Edi\u00e7\u00e3o. S\u00e3o Paulo: Moderna, 2018.&nbsp;&nbsp;<br>IRGEB. A estreita rela\u00e7\u00e3o da bacia hidrogr\u00e1fica com o manejo e a conserva\u00e7\u00e3o do solo e da \u00e1gua. Dispon\u00edvel em:&lt;https:\/\/www.ufrgs.br\/irgeb\/2020\/08\/26\/a-estreita-relacao-da-bacia-hidrografica-com-o-manejo-e-a-conservacao-do-solo-e-da-agua\/&gt;. Acesso em: 22, abr. 2022.<br>LIMA, R. S; HANAI, F. Y. <em>Abrang\u00eancia do conceito de ciclo hidrol\u00f3gico e abordagens das rela\u00e7\u00f5es humanas com a \u00e1gua na pesquisa cient\u00edfica<\/em>. Dispon\u00edvel em:&lt;https:\/\/www.revistaespacios.com\/a17v38n09\/a17v38n09p07.pdf&gt;. Acesso em: 25, abr. 2022.<br>MANNARINO, L. O que \u00e9 uma Bacia Hidrogr\u00e1fica. Dispon\u00edvel em: &lt;https:\/\/geoverdade.com\/2018\/05\/10\/o-que-e-uma-bacia-hidrografica\/&gt;. Acesso em: 21, abr. 2022.<br><\/td><\/tr><\/tbody><\/table><\/figure>\n","protected":false},"author":52,"featured_media":143974,"template":"","ef_categoria":[],"ef_ano":[89],"ef_componente":[96],"class_list":["post-143973","ensino_fundamental","type-ensino_fundamental","status-publish","has-post-thumbnail","hentry","ef_ano-6o-ano","ef_componente-geografia","entry","has-media"],"acf":[],"_links":{"self":[{"href":"https:\/\/sme.goiania.go.gov.br\/conexaoescola\/wp-json\/wp\/v2\/ensino_fundamental\/143973","targetHints":{"allow":["GET"]}}],"collection":[{"href":"https:\/\/sme.goiania.go.gov.br\/conexaoescola\/wp-json\/wp\/v2\/ensino_fundamental"}],"about":[{"href":"https:\/\/sme.goiania.go.gov.br\/conexaoescola\/wp-json\/wp\/v2\/types\/ensino_fundamental"}],"author":[{"embeddable":true,"href":"https:\/\/sme.goiania.go.gov.br\/conexaoescola\/wp-json\/wp\/v2\/users\/52"}],"version-history":[{"count":1,"href":"https:\/\/sme.goiania.go.gov.br\/conexaoescola\/wp-json\/wp\/v2\/ensino_fundamental\/143973\/revisions"}],"predecessor-version":[{"id":169970,"href":"https:\/\/sme.goiania.go.gov.br\/conexaoescola\/wp-json\/wp\/v2\/ensino_fundamental\/143973\/revisions\/169970"}],"wp:featuredmedia":[{"embeddable":true,"href":"https:\/\/sme.goiania.go.gov.br\/conexaoescola\/wp-json\/wp\/v2\/media\/143974"}],"wp:attachment":[{"href":"https:\/\/sme.goiania.go.gov.br\/conexaoescola\/wp-json\/wp\/v2\/media?parent=143973"}],"wp:term":[{"taxonomy":"ef_categoria","embeddable":true,"href":"https:\/\/sme.goiania.go.gov.br\/conexaoescola\/wp-json\/wp\/v2\/ef_categoria?post=143973"},{"taxonomy":"ef_ano","embeddable":true,"href":"https:\/\/sme.goiania.go.gov.br\/conexaoescola\/wp-json\/wp\/v2\/ef_ano?post=143973"},{"taxonomy":"ef_componente","embeddable":true,"href":"https:\/\/sme.goiania.go.gov.br\/conexaoescola\/wp-json\/wp\/v2\/ef_componente?post=143973"}],"curies":[{"name":"wp","href":"https:\/\/api.w.org\/{rel}","templated":true}]}}