{"id":143749,"date":"2022-05-16T14:12:27","date_gmt":"2022-05-16T17:12:27","guid":{"rendered":"https:\/\/sme.goiania.go.gov.br\/conexaoescola\/?post_type=ensino_fundamental&#038;p=143749"},"modified":"2024-02-23T14:55:10","modified_gmt":"2024-02-23T17:55:10","slug":"lingua-portuguesa-generos-textuais-quadrinhas-e-trava-linguas","status":"publish","type":"ensino_fundamental","link":"https:\/\/sme.goiania.go.gov.br\/conexaoescola\/ensino_fundamental\/lingua-portuguesa-generos-textuais-quadrinhas-e-trava-linguas\/","title":{"rendered":"L\u00cdNGUA PORTUGUESA &#8211; G\u00caNEROS TEXTUAIS: QUADRINHAS E TRAVA-L\u00cdNGUAS"},"content":{"rendered":"\n<p class=\"has-text-align-center has-background has-medium-font-size\" style=\"background-color:#d3dbdf\"><strong>ESTA ATIVIDADE TEM COMO BASE AS SEQU\u00caNCIAS DID\u00c1TICAS PROPOSTAS PELO PROGRAMA APRENDER SEMPRE, DA SME-GOI\u00c2NIA, COM BASE NO DC\/GO &#8211; AMPLIADO E EST\u00c1 DESTINADA A ESTUDANTES DO 1\u00ba ANO DO ENSINO FUNDAMENTAL.<\/strong><\/p>\n\n\n\n<p class=\"has-text-align-center\"><img decoding=\"async\" width=\"924px;\" height=\"520px;\" src=\"https:\/\/lh3.googleusercontent.com\/dsBkrUfzW9cqB5Ej_kyMqsQBzg36FeXzN8JVcaiDtIvUu4zC-uDTORVaH1lik-dldNXsJas0KvO1kaMiYXnt4LcahODA57tLZdlmt3DikqxbOG5aVgB-AkIzuZaG0RhuxHWCXxiDHRc\"><\/p>\n\n\n\n<div class=\"wp-block-buttons is-content-justification-center is-layout-flex wp-container-core-buttons-is-layout-16018d1d wp-block-buttons-is-layout-flex\">\n<div class=\"wp-block-button\"><a class=\"wp-block-button__link wp-element-button\" href=\"https:\/\/docs.google.com\/document\/d\/1S1uCJq2FeC22stWA5xd8jnNoVo5vi12V\/copy\" target=\"_blank\" rel=\"noreferrer noopener\">BAIXE AS ATIVIDADES<\/a><\/div>\n\n\n\n<div class=\"wp-block-button\"><a class=\"wp-block-button__link wp-element-button\" href=\"https:\/\/docs.google.com\/presentation\/d\/1Bb2vAnL0YX2DMHK4b6757s278z7usG0O\/copy\" target=\"_blank\" rel=\"noreferrer noopener\">BAIXE OS SLIDES<\/a><\/div>\n<\/div>\n\n\n\n<hr class=\"wp-block-separator has-css-opacity\"\/>\n\n\n\n<p class=\"has-text-align-center has-black-color has-text-color has-background has-medium-font-size\" style=\"background-color:#f6e7eb\">TAMB\u00c9M CONHECIDAS COMO POESIAS OU QUADRINHAS <strong>POPULARES<\/strong>.  <\/p>\n\n\n\n<p class=\"has-text-align-center has-black-color has-text-color has-background has-medium-font-size\" style=\"background-color:#f3e6e6\"><strong>QUADRINHAS S\u00c3O<\/strong> TROVAS SIMPLES CRIADAS PELO POVO E PASSADAS DE GERA\u00c7\u00c3O EM GERA\u00c7\u00c3O. <\/p>\n\n\n\n<p class=\"has-text-align-center has-black-color has-text-color has-background has-medium-font-size\" style=\"background-color:#f9f1eb\">AS <strong>PRINCIPAIS CARACTER\u00cdSTICAS<\/strong> DESSE TIPO DE POEMA \u00c9 QUE <strong>QUE S\u00c3O<\/strong> POEMAS POPULARES CURTOS, COM QUATROS VERSOS,QUE NO SEGUNDO E QUARTO VERSOS TERMINAM COM PALAVRAS QUE T\u00caM O SOM FINAL PARECIDOS, AS RIMAS.<\/p>\n\n\n\n<hr class=\"wp-block-separator has-css-opacity\"\/>\n\n\n\n<p class=\"has-text-align-center has-black-color has-text-color has-background has-medium-font-size\" style=\"background-color:#f6f4ec\">VAMOS VER A VIDEOAULA?<\/p>\n\n\n\n<figure class=\"wp-block-embed is-type-video is-provider-youtube wp-block-embed-youtube wp-embed-aspect-16-9 wp-has-aspect-ratio\"><div class=\"wp-block-embed__wrapper\">\n<p class=\"responsive-video-wrap clr\"><iframe title=\"Aprender Sempre - Lin. Port - 1\u00ba ano - 2\u00ba Bim - Videoaula 2 - G\u00eaneros textuais: Quadrinhas e trav\" width=\"1200\" height=\"675\" src=\"https:\/\/www.youtube.com\/embed\/Qu1eWV0xjLo?feature=oembed\" frameborder=\"0\" allow=\"accelerometer; autoplay; clipboard-write; encrypted-media; gyroscope; picture-in-picture; web-share\" allowfullscreen><\/iframe><\/p>\n<\/div><figcaption class=\"wp-element-caption\">Canal Portal Conex\u00e3o Escola &#8220;<a rel=\"noreferrer noopener\" target=\"_blank\" href=\"https:\/\/www.youtube.com\/watch?v=Qu1eWV0xjLo\">Aprender Sempre &#8211; Lin. Port &#8211; 1\u00ba ano &#8211; 2\u00ba Bim &#8211; Videoaula 2 &#8211; G\u00eaneros textuais: Quad<\/a>&#8220;. Dispon\u00edvel em: &lt;https:\/\/youtu.be\/Qu1eWV0xjLo&gt;. Acesso em: 16 Mai 2022.<br><\/figcaption><\/figure>\n\n\n\n<hr class=\"wp-block-separator has-css-opacity\"\/>\n\n\n\n<p class=\"has-text-align-center has-background has-medium-font-size\" style=\"background-color:#f8f0f9\">HORA DA ATIVIDADE<\/p>\n\n\n\n<p class=\"has-black-color has-text-color has-background has-medium-font-size\" style=\"background-color:#e0ebef\"><strong>QUEST\u00c3O 1<\/strong><\/p>\n\n\n\n<p class=\"has-medium-font-size\">VAMOS ESCREVER OS NOMES ABAIXO? LEMBRE-SE DAS QUADRINHAS E TRAVA-L\u00cdNGUAS LIDAS PELA PROFESSORA.<\/p>\n\n\n\n<figure class=\"wp-block-table is-style-regular\"><table><tbody><tr><td><img fetchpriority=\"high\" decoding=\"async\" src=\"https:\/\/lh5.googleusercontent.com\/PNqyK_EW1kCD5k3Wgll0hEuZEgQarAHi1WWXoboCCcHaT0HJXF7ClVktQsVOWIIbWXmKd5536Vg0UO2zXRHw6TO3b_q26hnDL8MQP_f5vOAsAxp7XF8gq5bJSKiheNT6IASb52hHztYsJr9TNg\" width=\"327\" height=\"184\"><\/td><td><br><br><br><br>________________________________<\/td><\/tr><tr><td><img decoding=\"async\" src=\"https:\/\/lh4.googleusercontent.com\/OlcFXsDxMC9LDYuFhPooMDlwUYoG25xN_Zx4ujudW707HKmKBoONWg6Wi85b2rzAHlR5PpJKtwgrSfuTQh6yEEbKV909yr0_mv9-N0F4fTAtLHwuaUBpP1Hiwyz-sqRCsxbe55CgUnBSSLJipw\" width=\"327\" height=\"184\"><\/td><td><br><br><br><br>________________________________<\/td><\/tr><tr><td><img decoding=\"async\" src=\"https:\/\/lh5.googleusercontent.com\/uQPIS_QNodwLqTbwPEt2SiMgFB3-FR33417v54IDJfKvt8NwOTJOPb_ipjqxL0X6clFs3vcsMpRpZRCld-lr7PhYAFNGqdPTSgJyxzewYzy2T1cy6js9uK-BUPmhCTLQJ3L37GqgyKr_XC8PMA\" width=\"327\" height=\"184\"><\/td><td><br><br><br><br>________________________________<\/td><\/tr><tr><td><img loading=\"lazy\" decoding=\"async\" src=\"https:\/\/lh4.googleusercontent.com\/tnvVopzd-IIP5Ei-DYZh_8pPJCGri6uCB4CVhixIu9fRFyXk2Zkw1xVEMiCRnqKuK4JX0I_4XTVvHkJhSsniuMYyJ2FMNA9Qb__nrPlXuXZpbhYaB__F44Dxg7mO3r7B0m1niaSz9bLIDhGxYA\" width=\"327\" height=\"184\"><\/td><td><br><br><br><br>________________________________<\/td><\/tr><tr><td><img loading=\"lazy\" decoding=\"async\" src=\"https:\/\/lh6.googleusercontent.com\/r-y1cLfn8RjRCLqAkp3eh0QmFN6j3o4xzP_sbiREIwgjsFvymxgDdk6SYEdA2qf-w1avJJuk01WgTcEy4cO3ZJr4k5CTc5URQf7gt8gk2Ck-rSA6sVuif3e7k249A_yLmBbFFO0eBmGFbRhmHQ\" width=\"327\" height=\"184\"><\/td><td><br><br><br><br>________________________________<\/td><\/tr><\/tbody><\/table><\/figure>\n\n\n\n<hr class=\"wp-block-separator has-css-opacity\"\/>\n\n\n\n<p class=\"has-black-color has-text-color has-background has-medium-font-size\" style=\"background-color:#e9f3f7\"><strong>QUEST\u00c3O 2<\/strong><\/p>\n\n\n\n<p class=\"has-medium-font-size\">VAMOS LER O TRAVA- L\u00cdNGUA ABAIXO E, EM SEGUIDA, FAZER UMA ILUSTRA\u00c7\u00c3O BEM BONITA.<\/p>\n\n\n\n<p class=\"has-text-align-center\"><img decoding=\"async\" width=\"825px;\" height=\"464px;\" src=\"https:\/\/lh4.googleusercontent.com\/CVVBv8mvuI--tVuKjpGg6PC3NpxB1mDGTgbkY_ONeOZNq-xR9nT8jiCbyN44VzG7FGIX0dLrlyh-FSw1PTKug0NrGhRpEUSXD41BCxNW5uc_MCtGNlDkXseGD7XscemKO4kwKnSpiqE\"><\/p>\n\n\n\n<p class=\"has-text-align-center has-medium-font-size\">O DOCE PERGUNTOU PRO DOCE<\/p>\n\n\n\n<p class=\"has-text-align-center has-medium-font-size\">QUAL \u00c9 O DOCE MAIS DOCE<\/p>\n\n\n\n<p class=\"has-text-align-center has-medium-font-size\">QUE O DOCE DE BATATA-DOCE.<\/p>\n\n\n\n<p class=\"has-text-align-center has-medium-font-size\">O DOCE RESPONDEU PRO DOCE<\/p>\n\n\n\n<p class=\"has-text-align-center has-medium-font-size\">QUE O DOCE MAIS DOCE QUE<\/p>\n\n\n\n<p class=\"has-text-align-center has-medium-font-size\">O DOCE DE BATATA-DOCE<\/p>\n\n\n\n<p class=\"has-text-align-center has-medium-font-size\">\u00c9 O DOCE DE DOCE DE BATATA-DOCE.<\/p>\n\n\n\n<p class=\"has-medium-font-size\">QUANTAS VEZES APARECE A PALAVRA <strong>DOCE<\/strong> NO TRAVA\u2013L\u00cdNGUA QUE VOC\u00ca ACABOU DE LER?<\/p>\n\n\n\n<p class=\"has-text-align-center has-medium-font-size\">__________________________________________________________________<\/p>\n\n\n\n<p class=\"has-medium-font-size\">ILUSTRE!<\/p>\n\n\n\n<figure class=\"wp-block-table is-style-regular\"><table><tbody><tr><td><br><br><br><br><br><br><br><br><br><br><\/td><\/tr><\/tbody><\/table><\/figure>\n\n\n\n<hr class=\"wp-block-separator has-css-opacity\"\/>\n\n\n\n<p class=\"has-background has-medium-font-size\" style=\"background-color:#e3eff4\"><strong>Para acessar o material desta atividade clique no link:<\/strong> <a href=\"https:\/\/sme.goiania.go.gov.br\/conexaoescola\/propostas_didaticas\/propostas-didaticas-lingua-portuguesa-1o-ano\/\" target=\"_blank\" rel=\"noreferrer noopener\">https:\/\/sme.goiania.go.gov.br\/conexaoescola\/propostas_didaticas\/propostas-didaticas-lingua-portuguesa-1o-ano\/<\/a><\/p>\n\n\n\n<figure class=\"wp-block-table is-style-stripes\"><table><tbody><tr><td><strong>Componente Curricular:<\/strong><\/td><td>L\u00edngua Portuguesa<\/td><\/tr><tr><td><strong>Habilidade:<\/strong><\/td><td>(EF01LP19-A) Recitar parlendas, quadras, quadrinhas, traval\u00ednguas, dentre outros, com entona\u00e7\u00e3o adequada e observando as rimas, em sala de aula e em apresenta\u00e7\u00f5es p\u00fablicas.&nbsp;(EF01LP19-B) Compreender os sentidos do texto a ser recitado e\/ou declamado.&nbsp;(EF01LP19-D) Refletir sobre o sistema de escrita, observando as rimas.&nbsp;(EF12LP03) Copiar textos breves, mantendo suas caracter\u00edsticas e voltando para o texto sempre que tiver d\u00favidas sobre sua distribui\u00e7\u00e3o gr\u00e1fica, espa\u00e7amento entre as palavras, escrita das palavras e pontua\u00e7\u00e3o.&nbsp;(EF01LP02) Escrever, espontaneamente ou por ditado, palavras e frases de forma alfab\u00e9tica \u2013 usando letras\/grafemas que representem fonemas.&nbsp;(EF01LP04) Distinguir as letras do alfabeto de outros sinais gr\u00e1ficos.&nbsp;(EF01LP10) Nomear as letras do alfabeto e recit\u00e1-lo na ordem das letras.&nbsp;(GO-EF01LP28) Conhecer e identificar, a partir da leitura e escrita de textos, diferentes tipos de fontes e caracteres usados para escrever..<\/td><\/tr><tr><td>REFER\u00caNCIAS<\/td><td>GOI\u00c2NIA. Secretaria Municipal de Educa\u00e7\u00e3o. <strong>Aprender sempre. <\/strong>1o. Ano &#8211; Ensino Fundamental; L\u00edngua Portuguesa e Matem\u00e1tica; 1o. Bimestre; Goi\u00e2nia, 2022.<br>GOVERNO DO ESTADO DE GOI\u00c1S. SECRET\u00c1RIA DE ESTADO DE EDUCA\u00c7\u00c3O \u2013 SEDUC\/CONSED. DOCUMENTO CURRICULAR PARA GOI\u00c1S \u2013 AMPLIADO: <strong>VOLUME II ENSINO FUNDAMENTAL ANOS INICIAIS<\/strong>.&nbsp;<br>Caderno de orienta\u00e7\u00f5es: Hist\u00f3rias cl\u00e1ssicas. S\u00e3o Paulo, 2011. 24 p,: il,; 28cm. (Trilhas; vol 06).<br>BUARQUE, CHICO. <strong>Chapeuzinho Amarelo.<\/strong> 37a. ed. Rio de Janeiro: Jos\u00e9 Olympio, 2015.<br>AZEVEDO, Ricardo. <strong>A casa do meu av\u00f4.<\/strong> S\u00e3o Paulo: \u00c1tica,1998.<br>BUARQUE, Chico. <strong>Acalanto para Helena.<\/strong> 1971 \u00a9 by Cara Nova Editora Musical Ltda. Av. Rebou\u00e7as, 1700 CEP 057402-200 &#8211; S\u00e3o Paulo &#8211; SP &#8211; Todos os direitos reservados. Copyright Internacional Assegurado. Impresso no Brasil.<br>IMAGENS RETIRADAS DO SITE:<br>CANVA<\/td><\/tr><\/tbody><\/table><\/figure>\n\n\n\n<hr class=\"wp-block-separator has-css-opacity\"\/>\n","protected":false},"author":39,"featured_media":126332,"template":"","ef_categoria":[30],"ef_ano":[84],"ef_componente":[93],"class_list":["post-143749","ensino_fundamental","type-ensino_fundamental","status-publish","has-post-thumbnail","hentry","ef_categoria-etica-e-cidadania-ciclo-da-adolescencia-fg","ef_ano-1o-ano","ef_componente-portugues","entry","has-media"],"acf":[],"_links":{"self":[{"href":"https:\/\/sme.goiania.go.gov.br\/conexaoescola\/wp-json\/wp\/v2\/ensino_fundamental\/143749","targetHints":{"allow":["GET"]}}],"collection":[{"href":"https:\/\/sme.goiania.go.gov.br\/conexaoescola\/wp-json\/wp\/v2\/ensino_fundamental"}],"about":[{"href":"https:\/\/sme.goiania.go.gov.br\/conexaoescola\/wp-json\/wp\/v2\/types\/ensino_fundamental"}],"author":[{"embeddable":true,"href":"https:\/\/sme.goiania.go.gov.br\/conexaoescola\/wp-json\/wp\/v2\/users\/39"}],"version-history":[{"count":3,"href":"https:\/\/sme.goiania.go.gov.br\/conexaoescola\/wp-json\/wp\/v2\/ensino_fundamental\/143749\/revisions"}],"predecessor-version":[{"id":177659,"href":"https:\/\/sme.goiania.go.gov.br\/conexaoescola\/wp-json\/wp\/v2\/ensino_fundamental\/143749\/revisions\/177659"}],"wp:featuredmedia":[{"embeddable":true,"href":"https:\/\/sme.goiania.go.gov.br\/conexaoescola\/wp-json\/wp\/v2\/media\/126332"}],"wp:attachment":[{"href":"https:\/\/sme.goiania.go.gov.br\/conexaoescola\/wp-json\/wp\/v2\/media?parent=143749"}],"wp:term":[{"taxonomy":"ef_categoria","embeddable":true,"href":"https:\/\/sme.goiania.go.gov.br\/conexaoescola\/wp-json\/wp\/v2\/ef_categoria?post=143749"},{"taxonomy":"ef_ano","embeddable":true,"href":"https:\/\/sme.goiania.go.gov.br\/conexaoescola\/wp-json\/wp\/v2\/ef_ano?post=143749"},{"taxonomy":"ef_componente","embeddable":true,"href":"https:\/\/sme.goiania.go.gov.br\/conexaoescola\/wp-json\/wp\/v2\/ef_componente?post=143749"}],"curies":[{"name":"wp","href":"https:\/\/api.w.org\/{rel}","templated":true}]}}