{"id":143725,"date":"2022-05-12T11:41:03","date_gmt":"2022-05-12T14:41:03","guid":{"rendered":"https:\/\/sme.goiania.go.gov.br\/conexaoescola\/?post_type=ensino_fundamental&#038;p=143725"},"modified":"2023-04-13T08:40:21","modified_gmt":"2023-04-13T11:40:21","slug":"arte-teatro-leitura-dramatica-2","status":"publish","type":"ensino_fundamental","link":"https:\/\/sme.goiania.go.gov.br\/conexaoescola\/ensino_fundamental\/arte-teatro-leitura-dramatica-2\/","title":{"rendered":"Arte\/Teatro \u2013 Possibilidades Interpretativas"},"content":{"rendered":"\n<p class=\"has-text-align-center has-black-color has-text-color has-background\" style=\"background-color:#f2cc4c\">Esta proposta de atividade de<strong>&nbsp;Arte\/Teatro&nbsp;<\/strong>\u00e9 destinada aos estudantes do<strong>&nbsp;7\u00ba ANO&nbsp;<\/strong>do Ensino Fundamental \u2013 Anos Finais.<\/p>\n\n\n<div class=\"wp-block-image\">\n<figure class=\"aligncenter size-large is-resized\"><img fetchpriority=\"high\" decoding=\"async\" src=\"https:\/\/sme.goiania.go.gov.br\/conexaoescola\/wp-content\/uploads\/2023\/04\/2-3-1024x1024.png\" alt=\"\" class=\"wp-image-160841\" width=\"294\" height=\"294\" srcset=\"https:\/\/sme.goiania.go.gov.br\/conexaoescola\/wp-content\/uploads\/2023\/04\/2-3-1024x1024.png 1024w, https:\/\/sme.goiania.go.gov.br\/conexaoescola\/wp-content\/uploads\/2023\/04\/2-3-300x300.png 300w, https:\/\/sme.goiania.go.gov.br\/conexaoescola\/wp-content\/uploads\/2023\/04\/2-3-150x150.png 150w, https:\/\/sme.goiania.go.gov.br\/conexaoescola\/wp-content\/uploads\/2023\/04\/2-3-768x768.png 768w, https:\/\/sme.goiania.go.gov.br\/conexaoescola\/wp-content\/uploads\/2023\/04\/2-3.png 1080w\" sizes=\"(max-width: 294px) 100vw, 294px\" \/><\/figure><\/div>\n\n\n<div class=\"wp-block-buttons is-content-justification-center is-layout-flex wp-container-core-buttons-is-layout-16018d1d wp-block-buttons-is-layout-flex\">\n<div class=\"wp-block-button has-custom-font-size has-small-font-size\"><a class=\"wp-block-button__link wp-element-button\" href=\"https:\/\/docs.google.com\/document\/d\/1jY8IAS2RKazZPgQf7By8M3Bf1uvCPOthQk2J8319T6I\/copy\" target=\"_blank\" rel=\"noreferrer noopener\">Baixe a atividade<\/a><\/div>\n\n\n\n<div class=\"wp-block-button has-custom-font-size has-small-font-size\"><a class=\"wp-block-button__link wp-element-button\" href=\"https:\/\/docs.google.com\/presentation\/d\/1qbA-J0dHkc4j-j8ZLtbzmqRikuoYXZyN\/copy\" target=\"_blank\" rel=\"noreferrer noopener\">Baixe os slides<\/a><\/div>\n\n\n\n<div class=\"wp-block-button has-custom-font-size has-small-font-size\"><a class=\"wp-block-button__link wp-element-button\" href=\"https:\/\/docs.google.com\/document\/d\/14eN7qFJdGtPgP6mqxI4h6t7L7GszVKC7xOaxwUfGJis\/copy\" target=\"_blank\" rel=\"noreferrer noopener\">Baixe o texto<\/a><\/div>\n<\/div>\n\n\n\n<p class=\"has-medium-font-size\">O teatro \u00e9 uma forma de arte que, desde os tempos antigos, tem como objetivo entreter, informar e provocar reflex\u00f5es no p\u00fablico. Uma das caracter\u00edsticas mais fascinantes do teatro \u00e9 a sua capacidade de oferecer diversas possibilidades interpretativas, tanto para os palcos quanto para o p\u00fablico.<\/p>\n\n\n\n<p class=\"has-medium-font-size\">Uma das raz\u00f5es para isso \u00e9 que o teatro \u00e9 uma forma de arte que envolve a presen\u00e7a f\u00edsica dos atores no palco. Cada ator traz consigo sua pr\u00f3pria personalidade, seus sentimentos, suas experi\u00eancias de vida e tudo isso influencia a forma como ele interpreta seu personagem.&nbsp;<\/p>\n\n\n\n<p class=\"has-medium-font-size\">Mesmo que um roteiro seja seguido \u00e0 risca, cada apresenta\u00e7\u00e3o pode ser \u00fanica e diferente da anterior, gra\u00e7as \u00e0s interpreta\u00e7\u00f5es individuais dos atores.<\/p>\n\n\n\n<p class=\"has-text-align-center\"><img decoding=\"async\" width=\"413\" height=\"467\" src=\"https:\/\/lh3.googleusercontent.com\/HGS-wMCcvW5OsHOqZYWKCWvAzKqehsKfTvN0fnIa8bnCMFDFjYVetMav71YADDVaJhaRb8LCdipQDysbsZiSXOzedpDJxgvP0l6Smeit6PXhDtP9BDtqX5v4sYUscVeKZvVJOi6R4J5FvhEHR5QqRS0\"><\/p>\n\n\n\n<p class=\"has-text-align-center\" style=\"font-size:8px\">Dispon\u00edvel em <a href=\"https:\/\/pixabay.com\/pt\/photos\/artistas-de-rua-franja-de-edimburgo-870119\/\">https:\/\/pixabay.com\/pt\/photos\/artistas-de-rua-franja-de-edimburgo-870119\/<\/a>&nbsp;<\/p>\n\n\n\n<p class=\"has-text-align-center\" style=\"font-size:8px\">Acesso em 12, abr. 2022<\/p>\n\n\n\n<p class=\"has-medium-font-size\">Muitas pe\u00e7as teatrais s\u00e3o escritas de forma a deixar espa\u00e7o para interpreta\u00e7\u00f5es diversas. Os di\u00e1logos podem ser amb\u00edguos, as a\u00e7\u00f5es dos personagens podem ser subjetivas, e o final da pe\u00e7a pode ser aberto, deixando espa\u00e7o para diferentes interpreta\u00e7\u00f5es do p\u00fablico.<\/p>\n\n\n\n<p class=\"has-medium-font-size\">A arte do teatro tamb\u00e9m \u00e9 permeada por uma grande dose de subjetividade. Cada pessoa tem suas pr\u00f3prias experi\u00eancias de vida, suas pr\u00f3prias vis\u00f5es de mundo e sua pr\u00f3pria sensibilidade est\u00e9tica, o que pode influenciar na forma como interpreta uma pe\u00e7a teatral.<\/p>\n\n\n\n<p class=\"has-medium-font-size\">Em resumo, as possibilidades interpretativas no teatro s\u00e3o muitas e distribu\u00eddas. Cada ator, cada p\u00fablico e cada \u00e9poca podem oferecer interpreta\u00e7\u00f5es diferentes de uma mesma pe\u00e7a, o que torna o teatro uma forma de arte viva, em constante muta\u00e7\u00e3o e adapta\u00e7\u00e3o \u00e0s diferentes formas de ver e sentir o mundo<strong>.<\/strong><\/p>\n\n\n\n<p class=\"has-text-align-center\"><img decoding=\"async\" width=\"481\" height=\"286\" src=\"https:\/\/lh6.googleusercontent.com\/vkYD0A-Zhl-RjA4gVtcfHJf0lR2Oe0mRRfY9pfj5PTMfHmfazietiQ4Wd6Jwm_KQ39evNcPJT1dwvP_i7G_BQXYu0C9QmnNUjH5nWT-o1XHBr3VVyZTcc0IEuu5mujwYPJAzn4-9Fhf-_jKNIkE7o0U\"><\/p>\n\n\n\n<p class=\"has-text-align-center\" style=\"font-size:8px\">Dispon\u00edvel em <a href=\"https:\/\/pixabay.com\/pt\/photos\/bal%c3%a9-don-quijote-teatro-atua%c3%a7%c3%a3o-895062\/\">https:\/\/pixabay.com\/pt\/photos\/bal%c3%a9-don-quijote-teatro-atua%c3%a7%c3%a3o-895062\/<\/a>&nbsp;<\/p>\n\n\n\n<p class=\"has-text-align-center\" style=\"font-size:8px\">Acesso em 20, abr. 2022<\/p>\n\n\n\n<p class=\"has-black-color has-text-color has-background\" style=\"background-color:#f2cc4c\"><strong>QUEST\u00c3O 1<\/strong><\/p>\n\n\n\n<p class=\"has-medium-font-size\">O teatro \u00e9 uma forma de arte que envolve a presen\u00e7a f\u00edsica dos atores no palco. Cada ator traz consigo sua pr\u00f3pria personalidade, seus sentimentos, suas experi\u00eancias de vida e tudo isso influencia a forma como ele interpreta seu personagem. Cada apresenta\u00e7\u00e3o pode ser \u00fanica e diferente da anterior, devido \u00e0s<\/p>\n\n\n\n<p class=\"has-medium-font-size\">(A) interpreta\u00e7\u00f5es individuais dos atores<\/p>\n\n\n\n<p class=\"has-medium-font-size\">(B) atua\u00e7\u00f5es coletivas dos atores<\/p>\n\n\n\n<p class=\"has-medium-font-size\">(C) intera\u00e7\u00f5es como os espectadores<\/p>\n\n\n\n<p class=\"has-medium-font-size\">(D) caracter\u00edsticas pessoais dos atores\u00a0<\/p>\n\n\n\n<p class=\"has-black-color has-text-color has-background\" style=\"background-color:#f2cc4c\"><strong>QUEST\u00c3O 2<\/strong><\/p>\n\n\n\n<p class=\"has-medium-font-size\">No teatro, os di\u00e1logos entre os atores podem ocorrer de forma amb\u00edgua, as a\u00e7\u00f5es dos personagens podem ser subjetivas, deixando espa\u00e7o para&nbsp;<\/p>\n\n\n\n<p class=\"has-medium-font-size\">(A) diferentes interpreta\u00e7\u00f5es do p\u00fablico<\/p>\n\n\n\n<p class=\"has-medium-font-size\">(B) aplausos e sentimentos do p\u00fablico<\/p>\n\n\n\n<p class=\"has-medium-font-size\">(C) manifesta\u00e7\u00f5es ideol\u00f3gicas do p\u00fablico<\/p>\n\n\n\n<p class=\"has-medium-font-size\">(D) viv\u00eancias positivas do p\u00fablico<\/p>\n\n\n\n<p class=\"has-black-color has-text-color has-background\" style=\"background-color:#f2cc4c\"><strong>QUEST\u00c3O 3<\/strong><\/p>\n\n\n\n<p class=\"has-medium-font-size\">Qual \u00e9 uma das principais caracter\u00edsticas do teatro?<\/p>\n\n\n\n<p class=\"has-black-color has-text-color has-background\" style=\"background-color:#f2cc4c\"><strong>QUEST\u00c3O 4<\/strong><\/p>\n\n\n\n<p class=\"has-medium-font-size\">Quais s\u00e3o as possibilidades interpretativas no teatro?<\/p>\n\n\n\n<p class=\"has-text-align-center has-black-color has-text-color has-background\" style=\"background-color:#f2cc4c\"><strong>SAIBA MAIS \u2013 ARTE\/TEATRO &#8211; POSSIBILIDADES INTERPRETATIVAS<\/strong><\/p>\n\n\n\n<figure class=\"wp-block-embed is-type-video is-provider-youtube wp-block-embed-youtube wp-embed-aspect-16-9 wp-has-aspect-ratio\"><div class=\"wp-block-embed__wrapper\">\n<p class=\"responsive-video-wrap clr\"><iframe title=\"Saiba Mais - ARTE - Teatro - Leitura dram\u00e1tica.\" width=\"1200\" height=\"675\" src=\"https:\/\/www.youtube.com\/embed\/hnwmn_TloW0?feature=oembed\" frameborder=\"0\" allow=\"accelerometer; autoplay; clipboard-write; encrypted-media; gyroscope; picture-in-picture; web-share\" allowfullscreen><\/iframe><\/p>\n<\/div><figcaption class=\"wp-element-caption\">Canal Eurim Pablo &#8211; Arte Educa\u00e7\u00e3o. &#8220;Saiba Mais &#8211; ARTE &#8211; Teatro &#8211; Leitura dram\u00e1tica.&#8221;. Dispon\u00edvel em https:\/\/www.youtube.com\/watch?v=hnwmn_TloW0&amp;t=1s Acesso em 20, abr. 2022.<\/figcaption><\/figure>\n\n\n\n<p><\/p>\n\n\n\n<figure class=\"wp-block-table is-style-stripes has-medium-font-size\"><table><tbody><tr><td><strong>Autoria:<\/strong><\/td><td>Veruska Bettiol<\/td><\/tr><tr><td><strong>Forma\u00e7\u00e3o:<\/strong><\/td><td>Arte<\/td><\/tr><tr><td><strong>Componente Curricular:<\/strong><\/td><td>Arte\/Teatro<\/td><\/tr><tr><td><strong>Habilidade:<\/strong><\/td><td>(GO-EF07AR26-A) Exercitar a leitura dram\u00e1tica, perceber as diferentes possibilidades interpretativas do texto e diferentes composi\u00e7\u00f5es vocais na leitura das falas: entona\u00e7\u00e3o, ritmo, timbre, volume e intensidade.<\/td><\/tr><tr><td><strong>Refer\u00eancias: <\/strong><\/td><td><strong>DUARTE JUNIOR, <\/strong>Jo\u00e3o Francisco. Por que arte-educa\u00e7\u00e3o?.-6.ed.- Campinas,Sp:Papirus,2007.<br><br><strong>FREIRE, <\/strong>Paulo. Pedagogia da Autonomia: Saberes Necess\u00e1rios \u00e0 Pr\u00e1ticas Educativas. S\u00e3o Paulo, Paz e Terra- 1996<br><br><strong>SPOLIN,<\/strong> Viola. Improvisa\u00e7\u00e3o para o teatro. Tradu\u00e7\u00e3o Ingrid Dormien Koudela, Eduardo Jos\u00e9 Almeida Amos. S\u00e3o Paulo: Perspectiva, 1979.<\/td><\/tr><\/tbody><\/table><\/figure>\n\n\n\n<p style=\"font-size:12px\"><\/p>\n","protected":false},"author":33,"featured_media":160851,"template":"","ef_categoria":[15,27],"ef_ano":[90],"ef_componente":[99],"class_list":["post-143725","ensino_fundamental","type-ensino_fundamental","status-publish","has-post-thumbnail","hentry","ef_categoria-ciclo-da-adolescencia-fg","ef_categoria-corpo-e-movimento-ciclo-da-adolescencia-fg","ef_ano-7o-ano","ef_componente-arte-ef","entry","has-media"],"acf":[],"_links":{"self":[{"href":"https:\/\/sme.goiania.go.gov.br\/conexaoescola\/wp-json\/wp\/v2\/ensino_fundamental\/143725","targetHints":{"allow":["GET"]}}],"collection":[{"href":"https:\/\/sme.goiania.go.gov.br\/conexaoescola\/wp-json\/wp\/v2\/ensino_fundamental"}],"about":[{"href":"https:\/\/sme.goiania.go.gov.br\/conexaoescola\/wp-json\/wp\/v2\/types\/ensino_fundamental"}],"author":[{"embeddable":true,"href":"https:\/\/sme.goiania.go.gov.br\/conexaoescola\/wp-json\/wp\/v2\/users\/33"}],"version-history":[{"count":1,"href":"https:\/\/sme.goiania.go.gov.br\/conexaoescola\/wp-json\/wp\/v2\/ensino_fundamental\/143725\/revisions"}],"predecessor-version":[{"id":160853,"href":"https:\/\/sme.goiania.go.gov.br\/conexaoescola\/wp-json\/wp\/v2\/ensino_fundamental\/143725\/revisions\/160853"}],"wp:featuredmedia":[{"embeddable":true,"href":"https:\/\/sme.goiania.go.gov.br\/conexaoescola\/wp-json\/wp\/v2\/media\/160851"}],"wp:attachment":[{"href":"https:\/\/sme.goiania.go.gov.br\/conexaoescola\/wp-json\/wp\/v2\/media?parent=143725"}],"wp:term":[{"taxonomy":"ef_categoria","embeddable":true,"href":"https:\/\/sme.goiania.go.gov.br\/conexaoescola\/wp-json\/wp\/v2\/ef_categoria?post=143725"},{"taxonomy":"ef_ano","embeddable":true,"href":"https:\/\/sme.goiania.go.gov.br\/conexaoescola\/wp-json\/wp\/v2\/ef_ano?post=143725"},{"taxonomy":"ef_componente","embeddable":true,"href":"https:\/\/sme.goiania.go.gov.br\/conexaoescola\/wp-json\/wp\/v2\/ef_componente?post=143725"}],"curies":[{"name":"wp","href":"https:\/\/api.w.org\/{rel}","templated":true}]}}