{"id":143644,"date":"2022-05-11T11:00:12","date_gmt":"2022-05-11T14:00:12","guid":{"rendered":"https:\/\/sme.goiania.go.gov.br\/conexaoescola\/?post_type=ensino_fundamental&#038;p=143644"},"modified":"2024-02-06T15:38:12","modified_gmt":"2024-02-06T18:38:12","slug":"lingua-portuguesa-avisos-e-recados","status":"publish","type":"ensino_fundamental","link":"https:\/\/sme.goiania.go.gov.br\/conexaoescola\/ensino_fundamental\/lingua-portuguesa-avisos-e-recados\/","title":{"rendered":"L\u00edngua Portuguesa \u2013 Avisos e recados"},"content":{"rendered":"\n<p class=\"has-text-align-center has-background has-medium-font-size\" style=\"background-color:#e1e7ed\"><strong>Esta atividade tem como base as sequ\u00eancias did\u00e1ticas propostas pelo Programa Aprender Sempre, da SME-Goi\u00e2nia, com base no DC\/GO &#8211; Ampliado e est\u00e1 destinada a estudantes do 3\u00ba ano do Ensino Fundamental.<\/strong><\/p>\n\n\n\n<div class=\"wp-block-buttons is-content-justification-center is-layout-flex wp-container-core-buttons-is-layout-16018d1d wp-block-buttons-is-layout-flex\">\n<div class=\"wp-block-button\"><a class=\"wp-block-button__link wp-element-button\" href=\"https:\/\/drive.google.com\/uc?export=download&amp;id=1RmvxVUPoxyUGwExDjH_Ea5y4GlDuWgWP\" target=\"_blank\" rel=\"noreferrer noopener\">Baixe a atividade<\/a><\/div>\n\n\n\n<div class=\"wp-block-button\"><a class=\"wp-block-button__link wp-element-button\" href=\"https:\/\/drive.google.com\/uc?export=download&amp;id=1FN-JaJmBqReTNACZydmAVV9y68K8bC6b\" target=\"_blank\" rel=\"noreferrer noopener\">Baixe os slides<\/a><\/div>\n\n\n\n<div class=\"wp-block-button\"><a class=\"wp-block-button__link wp-element-button\" href=\"https:\/\/drive.google.com\/uc?export=download&amp;id=1Em7fvhyBWKq9XaKQj7UiKEtizbzSm9mO\" target=\"_blank\" rel=\"noreferrer noopener\">Baixe o texto<\/a><\/div>\n<\/div>\n\n\n\n<p><\/p>\n\n\n<div class=\"wp-block-image\">\n<figure class=\"aligncenter size-full is-resized\"><img fetchpriority=\"high\" decoding=\"async\" src=\"https:\/\/sme.goiania.go.gov.br\/conexaoescola\/wp-content\/uploads\/2022\/05\/1-3-e1652276574617.png\" alt=\"\" class=\"wp-image-143646\" width=\"500\" height=\"461\" srcset=\"https:\/\/sme.goiania.go.gov.br\/conexaoescola\/wp-content\/uploads\/2022\/05\/1-3-e1652276574617.png 320w, https:\/\/sme.goiania.go.gov.br\/conexaoescola\/wp-content\/uploads\/2022\/05\/1-3-e1652276574617-300x277.png 300w\" sizes=\"(max-width: 500px) 100vw, 500px\" \/><figcaption class=\"wp-element-caption\">Dispon\u00edvel em: GOI\u00c2NIA. Secretaria Municipal de Educa\u00e7\u00e3o. Aprender sempre. 3\u00b0. Ano &#8211; Ensino Fundamental; L\u00edngua Portuguesa e Matem\u00e1tica; 2\u00b0. Bimestre; Goi\u00e2nia, 2022.<\/figcaption><\/figure><\/div>\n\n\n<p class=\"has-text-align-center has-background has-medium-font-size\" style=\"background-color:#e1e7ed\"><strong>ASSISTA A VIDEOAULA A SEGUIR<\/strong>:<\/p>\n\n\n\n<figure class=\"wp-block-embed is-type-video is-provider-youtube wp-block-embed-youtube wp-embed-aspect-16-9 wp-has-aspect-ratio\"><div class=\"wp-block-embed__wrapper\">\n<p class=\"responsive-video-wrap clr\"><iframe title=\"Aprender Sempre - Ling. Port. - 3\u00aa Ano - 2\u00ba Bim - Videoaula 3 - Avisos e recados: Palavras que comu.\" width=\"1200\" height=\"675\" src=\"https:\/\/www.youtube.com\/embed\/KMoiDirAAn0?feature=oembed\" frameborder=\"0\" allow=\"accelerometer; autoplay; clipboard-write; encrypted-media; gyroscope; picture-in-picture; web-share\" allowfullscreen><\/iframe><\/p>\n<\/div><figcaption class=\"wp-element-caption\">Canal Portal Conex\u00e3o Escola &#8220;Aprender Sempre &#8211; Ling. Port. &#8211; 3\u00aa Ano &#8211; 2\u00ba Bim &#8211; Videoaula 3 &#8211; Avisos e recados: Pal&#8221;. Dispon\u00edvel em: &lt;https:\/\/youtu.be\/KMoiDirAAn0&gt;. Acesso em: 11 mai 2022.<\/figcaption><\/figure>\n\n\n\n<p class=\"has-text-align-center has-background has-medium-font-size\" style=\"background-color:#e1e7ed\"><strong>Avisos e recados<\/strong><\/p>\n\n\n\n<p class=\"has-medium-font-size\">OL\u00c1 ESTUDANTE!<\/p>\n\n\n\n<p class=\"has-medium-font-size\">VOC\u00ca SABE O QUE \u00c9 UM AVISO? E RECADO?<\/p>\n\n\n\n<p class=\"has-medium-font-size\">O AVISO \u00c9 UMA FORMA DE COMUNICA\u00c7\u00c3O ESCRITA QUE INFORMA, ALERTA OU NOTIFICA.<\/p>\n\n\n\n<p class=\"has-medium-font-size\">ESSE TEXTO DEVE TRANSMITIR INFORMA\u00c7\u00d5ES IMPORTANTES DE MANEIRA BREVE, DIRETA E CLARA.<\/p>\n\n\n\n<p class=\"has-medium-font-size\">O AVISO \u00c9 GERAL E IMPESSOAL, DESTINA-SE A MUITAS PESSOAS.<\/p>\n\n\n\n<p class=\"has-medium-font-size\">O AVISO, PODE SER ENCONTRADO EM AMBIENTES ESCOLARES, LOCAIS DE TRABALHO, ESPA\u00c7OS P\u00daBLICOS, SITES, ENTRE OUTROS.<\/p>\n\n\n\n<p class=\"has-medium-font-size\">EXISTEM AVISOS QUE INFORMAM SOBRE UM PERIGO. OUTROS INFORMAM SOBRE NORMAS OU PROIBI\u00c7\u00d5ES. H\u00c1 AVISOS QUE APRESENTAM MENSAGENS DIVERSAS.<\/p>\n\n\n\n<p class=\"has-medium-font-size\">O RECADO \u00c9 UMA MENSAGEM CURTA E INFORMAL COM O OBJETIVO DE COMUNICAR SOBRE ALGO.<\/p>\n\n\n\n<p class=\"has-medium-font-size\">PODE TER DIVERSAS FINALIDADES, COMO INFORMAR SOBRE UM COMPROMISSO, FAZER UM CONVITE, EXPRESSAR PREOCUPA\u00c7\u00c3O, DAR UM AVISO OU AT\u00c9 MESMO TRANSMITIR SENTIMENTOS DE CARINHO.&nbsp;<\/p>\n\n\n\n<p class=\"has-medium-font-size\">O RECADO APRESENTA UMA ESTRUTURA SEMELHANTE AO DO BILHETE, COM DATA, DESTINAT\u00c1RIO, MENSAGEM, DESPEDIDA E REMETENTE.<\/p>\n\n\n\n<p class=\"has-medium-font-size\">ESSA ESTRUTURA B\u00c1SICA PODE VARIAR DEPENDENDO DA NATUREZA DO RECADO E DO RELACIONAMENTO ENTRE AS PESSOAS ENVOLVIDAS.<\/p>\n\n\n\n<p class=\"has-medium-font-size\">VEJA A ESTRUTURA DESTE RECADO:<\/p>\n\n\n<div class=\"wp-block-image\">\n<figure class=\"aligncenter size-full is-resized\"><img decoding=\"async\" src=\"https:\/\/sme.goiania.go.gov.br\/conexaoescola\/wp-content\/uploads\/2022\/05\/2-4-e1652277172950.png\" alt=\"\" class=\"wp-image-143650\" width=\"784\" height=\"385\" srcset=\"https:\/\/sme.goiania.go.gov.br\/conexaoescola\/wp-content\/uploads\/2022\/05\/2-4-e1652277172950.png 564w, https:\/\/sme.goiania.go.gov.br\/conexaoescola\/wp-content\/uploads\/2022\/05\/2-4-e1652277172950-300x147.png 300w\" sizes=\"(max-width: 784px) 100vw, 784px\" \/><figcaption class=\"wp-element-caption\">Dispon\u00edvel em: GOI\u00c2NIA. Secretaria Municipal de Educa\u00e7\u00e3o. Aprender sempre. 3\u00b0. Ano &#8211; Ensino Fundamental; L\u00edngua Portuguesa e Matem\u00e1tica; 2\u00b0. Bimestre; Goi\u00e2nia, 2022.<\/figcaption><\/figure><\/div>\n\n\n<p class=\"has-text-align-center has-background has-medium-font-size\" style=\"background-color:#e1e7ed\"><strong>Atividades<\/strong><\/p>\n\n\n\n<p class=\"has-text-align-left has-background has-medium-font-size\" style=\"background-color:#f8c7d3\"><strong>QUEST\u00c3O 1<\/strong><\/p>\n\n\n\n<p class=\"has-medium-font-size\">VOC\u00ca SABIA QUE O AVISO\u00a0 TEM UM CUNHO MAIS GERAL E IMPESSOAL? O AVISO, PODE SER ENCONTRADO EM AMBIENTES ESCOLARES, LOCAIS DE TRABALHO, ESPA\u00c7OS P\u00daBLICOS, SITES, ENTRE OUTROS. VEJA O AVISO ABAIXO E RESOLVA A ATIVIDADE SEGUINTE.<\/p>\n\n\n<div class=\"wp-block-image\">\n<figure class=\"aligncenter size-full is-resized\"><img decoding=\"async\" src=\"https:\/\/sme.goiania.go.gov.br\/conexaoescola\/wp-content\/uploads\/2022\/05\/2-3-e1652276805502.png\" alt=\"\" class=\"wp-image-143647\" width=\"586\" height=\"580\" srcset=\"https:\/\/sme.goiania.go.gov.br\/conexaoescola\/wp-content\/uploads\/2022\/05\/2-3-e1652276805502.png 416w, https:\/\/sme.goiania.go.gov.br\/conexaoescola\/wp-content\/uploads\/2022\/05\/2-3-e1652276805502-300x297.png 300w\" sizes=\"(max-width: 586px) 100vw, 586px\" \/><figcaption class=\"wp-element-caption\">Dispon\u00edvel em: &lt;https:\/\/www.canva.com\/design\/&gt;Acesso em 8, abril. 2022<\/figcaption><\/figure><\/div>\n\n\n<figure class=\"wp-block-image size-full is-resized\"><img loading=\"lazy\" decoding=\"async\" src=\"https:\/\/sme.goiania.go.gov.br\/conexaoescola\/wp-content\/uploads\/2022\/05\/1-54-e1707244216673.jpg\" alt=\"\" class=\"wp-image-176789\" width=\"770\" height=\"486\" srcset=\"https:\/\/sme.goiania.go.gov.br\/conexaoescola\/wp-content\/uploads\/2022\/05\/1-54-e1707244216673.jpg 616w, https:\/\/sme.goiania.go.gov.br\/conexaoescola\/wp-content\/uploads\/2022\/05\/1-54-e1707244216673-300x189.jpg 300w\" sizes=\"(max-width: 770px) 100vw, 770px\" \/><figcaption class=\"wp-element-caption\">Dispon\u00edvel em: &lt;https:\/\/br.freepik.com\/vetores-gratis\/criancas-e-pensao_1296813.htm#query=CRIAN%C3%87A%20ESCOLAR 20DESENHO&amp;position=3&amp;from_view=search>Acesso em 8, abril. 2022.<\/figcaption><\/figure>\n\n\n\n<p class=\"has-text-align-left has-background has-medium-font-size\" style=\"background-color:#f8c7d3\"><strong>QUEST\u00c3O 2<\/strong><\/p>\n\n\n\n<p class=\"has-medium-font-size\">SOBRE O G\u00caNERO AVISO, ASSINALE A ALTERNATIVA ERRADA:<\/p>\n\n\n\n<p><\/p>\n\n\n\n<p class=\"has-medium-font-size\">(A) O AVISO \u00c9 UMA FORMA DE COMUNICA\u00c7\u00c3O ESCRITA QUE INFORMA, ALERTA OU NOTIFICA.<\/p>\n\n\n\n<p class=\"has-medium-font-size\">(B) O AVISO TRANSMITE INFORMA\u00c7\u00d5ES IMPORTANTES DE MANEIRA BREVE, DIRETA E CLARA.<\/p>\n\n\n\n<p class=\"has-medium-font-size\">(C) O AVISO \u00c9 GERAL E IMPESSOAL, DESTINA-SE A MUITAS PESSOAS.<\/p>\n\n\n\n<p class=\"has-medium-font-size\">(D) O AVISO, PODE SER ENCONTRADO EM AMBIENTES ESCOLARES, LOCAIS DE TRABALHO, ESPA\u00c7OS P\u00daBLICOS, SITES, ENTRE OUTROS.<\/p>\n\n\n\n<p class=\"has-medium-font-size\">(E) OS AVISOS QUE INFORMAM APENAS SOBRE NORMAS OU PROIBI\u00c7\u00d5ES.&nbsp;<\/p>\n\n\n\n<p><\/p>\n\n\n\n<p class=\"has-text-align-left has-background has-medium-font-size\" style=\"background-color:#f8c7d3\"><strong>QUEST\u00c3O 3<\/strong><\/p>\n\n\n\n<p class=\"has-medium-font-size\">SOBRE O G\u00caNERO RECADO, ASSINALE A ALTERNATIVA CORRETA:<\/p>\n\n\n\n<p class=\"has-medium-font-size\">(A) O RECADO \u00c9 UMA MENSAGEM LONGA E FORMAL COM O OBJETIVO DE COMUNICAR SOBRE ALGO.<\/p>\n\n\n\n<p class=\"has-medium-font-size\">(B) O RECADO APRESENTA UMA FINALIDADE APENAS.<\/p>\n\n\n\n<p class=\"has-medium-font-size\">(C) O RECADO APRESENTA UMA ESTRUTURA, COM DATA, DESTINAT\u00c1RIO, MENSAGEM, DESPEDIDA E REMETENTE.<\/p>\n\n\n\n<p class=\"has-medium-font-size\">(D) A ESTRUTURA B\u00c1SICA DO RECADO N\u00c3O VARIA QUANTO A SUA NATUREZA.<\/p>\n\n\n\n<p class=\"has-medium-font-size\">(E) A ESTRUTURA B\u00c1SICA DO RECADO N\u00c3O VARIA DE ACORDO COM O RELACIONAMENTO ENTRE AS PESSOAS ENVOLVIDAS.<\/p>\n\n\n\n<p><\/p>\n\n\n\n<p class=\"has-text-align-left has-background has-medium-font-size\" style=\"background-color:#f8c7d3\"><strong>QUEST\u00c3O 4<\/strong><\/p>\n\n\n\n<p class=\"has-medium-font-size\">ESCREVA AVISOS PARA CADA SITUA\u00c7\u00c3O:<\/p>\n\n\n\n<p class=\"has-medium-font-size\"><strong>A) IMAGINE QUE ACABAR\u00c1 A \u00c1GUA NO CONDOM\u00cdNIO NA SEXTA-FEIRA E OS COND\u00d4MINOS PRECISAM SER AVISADOS. REESCREVA O AVISO, SEGUINDO AS NOVAS ORIENTA\u00c7\u00d5ES<\/strong>.<\/p>\n\n\n<div class=\"wp-block-image\">\n<figure class=\"aligncenter size-full is-resized\"><img loading=\"lazy\" decoding=\"async\" src=\"https:\/\/sme.goiania.go.gov.br\/conexaoescola\/wp-content\/uploads\/2022\/05\/1-4-e1652277017175.png\" alt=\"\" class=\"wp-image-143649\" width=\"736\" height=\"573\" srcset=\"https:\/\/sme.goiania.go.gov.br\/conexaoescola\/wp-content\/uploads\/2022\/05\/1-4-e1652277017175.png 592w, https:\/\/sme.goiania.go.gov.br\/conexaoescola\/wp-content\/uploads\/2022\/05\/1-4-e1652277017175-300x234.png 300w\" sizes=\"(max-width: 736px) 100vw, 736px\" \/><figcaption class=\"wp-element-caption\">Dispon\u00edvel em: &lt;https:\/\/www.canva.com\/design\/&gt;Acesso em 8, abril. 2022.<\/figcaption><\/figure><\/div>\n\n<div class=\"wp-block-image\">\n<figure class=\"aligncenter size-full is-resized\"><img loading=\"lazy\" decoding=\"async\" src=\"https:\/\/sme.goiania.go.gov.br\/conexaoescola\/wp-content\/uploads\/2022\/05\/1-6-e1652277368903.png\" alt=\"\" class=\"wp-image-143652\" width=\"761\" height=\"489\" srcset=\"https:\/\/sme.goiania.go.gov.br\/conexaoescola\/wp-content\/uploads\/2022\/05\/1-6-e1652277368903.png 509w, https:\/\/sme.goiania.go.gov.br\/conexaoescola\/wp-content\/uploads\/2022\/05\/1-6-e1652277368903-300x193.png 300w\" sizes=\"(max-width: 761px) 100vw, 761px\" \/><\/figure><\/div>\n\n<div class=\"wp-block-image\">\n<figure class=\"aligncenter size-full is-resized\"><img loading=\"lazy\" decoding=\"async\" src=\"https:\/\/sme.goiania.go.gov.br\/conexaoescola\/wp-content\/uploads\/2022\/05\/1-7-e1652277433793.png\" alt=\"\" class=\"wp-image-143653\" width=\"783\" height=\"505\" srcset=\"https:\/\/sme.goiania.go.gov.br\/conexaoescola\/wp-content\/uploads\/2022\/05\/1-7-e1652277433793.png 571w, https:\/\/sme.goiania.go.gov.br\/conexaoescola\/wp-content\/uploads\/2022\/05\/1-7-e1652277433793-300x193.png 300w\" sizes=\"(max-width: 783px) 100vw, 783px\" \/><figcaption class=\"wp-element-caption\">Dispon\u00edvel em: GOI\u00c2NIA. Secretaria Municipal de Educa\u00e7\u00e3o. Aprender sempre. 3\u00b0. Ano &#8211; Ensino Fundamental; L\u00edngua Portuguesa e Matem\u00e1tica; 2\u00b0. Bimestre; Goi\u00e2nia, 2022.<\/figcaption><\/figure><\/div>\n\n\n<hr class=\"wp-block-separator has-css-opacity\"\/>\n\n\n\n<figure class=\"wp-block-table is-style-stripes\"><table><tbody><tr><td><strong>Componente Curricular:<\/strong><\/td><td>L\u00cdNGUA PORTUGUESA<\/td><\/tr><tr><td><strong>Habilidade:<\/strong><\/td><td>(EF12LP19) Reconhecer, em textos versificados, rimas, sonoridades, jogos de palavras, palavras, express\u00f5es, compara\u00e7\u00f5es, relacionando-as com sensa\u00e7\u00f5es e associa\u00e7\u00f5es<br>(EF02LP07) Escrever palavras, frases, textos curtos nas formas imprensa e cursiva.<br>(EF02LP16) Identificar e (re)produzir, em recados, cartas, receitas (modo de fazer), relatos (digitais e impressos), entre outros, a formata\u00e7\u00e3o e diagrama\u00e7\u00e3o espec\u00edfica de cada um desses g\u00eaneros.<br>(EF12LP04) Ler e compreender, em colabora\u00e7\u00e3o com os colegas e com a ajuda do professor ou j\u00e1 com certa autonomia, listas, agendas, calend\u00e1rios, receitas, instru\u00e7\u00f5es de montagem (digitais ou impressos), entre outros g\u00eaneros, considerando a situa\u00e7\u00e3o comunicativa e o tema\/assunto do texto e relacionando sua forma de organiza\u00e7\u00e3o \u00e0 sua finalidade.<\/td><\/tr><tr><td><strong>Refer\u00eancias:<\/strong><\/td><td>GOI\u00c2NIA. Secretaria Municipal de Educa\u00e7\u00e3o. Aprender sempre. 3\u00b0. Ano &#8211; Ensino Fundamental; L\u00edngua Portuguesa e Matem\u00e1tica; 2\u00b0. Bimestre; Goi\u00e2nia, 2022.<br>Projeto Buriti. Portugu\u00eas. (Cole\u00e7\u00e3o do 2\u00ba ao 5\u00ba ano). S\u00e3o Paulo: Moderna, 2017.<\/td><\/tr><\/tbody><\/table><\/figure>\n","protected":false},"author":45,"featured_media":143646,"template":"","ef_categoria":[30],"ef_ano":[86],"ef_componente":[93],"class_list":["post-143644","ensino_fundamental","type-ensino_fundamental","status-publish","has-post-thumbnail","hentry","ef_categoria-etica-e-cidadania-ciclo-da-adolescencia-fg","ef_ano-3o-ano","ef_componente-portugues","entry","has-media"],"acf":[],"_links":{"self":[{"href":"https:\/\/sme.goiania.go.gov.br\/conexaoescola\/wp-json\/wp\/v2\/ensino_fundamental\/143644","targetHints":{"allow":["GET"]}}],"collection":[{"href":"https:\/\/sme.goiania.go.gov.br\/conexaoescola\/wp-json\/wp\/v2\/ensino_fundamental"}],"about":[{"href":"https:\/\/sme.goiania.go.gov.br\/conexaoescola\/wp-json\/wp\/v2\/types\/ensino_fundamental"}],"author":[{"embeddable":true,"href":"https:\/\/sme.goiania.go.gov.br\/conexaoescola\/wp-json\/wp\/v2\/users\/45"}],"version-history":[{"count":6,"href":"https:\/\/sme.goiania.go.gov.br\/conexaoescola\/wp-json\/wp\/v2\/ensino_fundamental\/143644\/revisions"}],"predecessor-version":[{"id":176794,"href":"https:\/\/sme.goiania.go.gov.br\/conexaoescola\/wp-json\/wp\/v2\/ensino_fundamental\/143644\/revisions\/176794"}],"wp:featuredmedia":[{"embeddable":true,"href":"https:\/\/sme.goiania.go.gov.br\/conexaoescola\/wp-json\/wp\/v2\/media\/143646"}],"wp:attachment":[{"href":"https:\/\/sme.goiania.go.gov.br\/conexaoescola\/wp-json\/wp\/v2\/media?parent=143644"}],"wp:term":[{"taxonomy":"ef_categoria","embeddable":true,"href":"https:\/\/sme.goiania.go.gov.br\/conexaoescola\/wp-json\/wp\/v2\/ef_categoria?post=143644"},{"taxonomy":"ef_ano","embeddable":true,"href":"https:\/\/sme.goiania.go.gov.br\/conexaoescola\/wp-json\/wp\/v2\/ef_ano?post=143644"},{"taxonomy":"ef_componente","embeddable":true,"href":"https:\/\/sme.goiania.go.gov.br\/conexaoescola\/wp-json\/wp\/v2\/ef_componente?post=143644"}],"curies":[{"name":"wp","href":"https:\/\/api.w.org\/{rel}","templated":true}]}}