{"id":143627,"date":"2022-05-12T13:20:59","date_gmt":"2022-05-12T16:20:59","guid":{"rendered":"https:\/\/sme.goiania.go.gov.br\/conexaoescola\/?post_type=ensino_fundamental&#038;p=143627"},"modified":"2024-02-23T07:40:55","modified_gmt":"2024-02-23T10:40:55","slug":"matematica-medidas-de-tempo","status":"publish","type":"ensino_fundamental","link":"https:\/\/sme.goiania.go.gov.br\/conexaoescola\/ensino_fundamental\/matematica-medidas-de-tempo\/","title":{"rendered":"MATEM\u00c1TICA &#8211; MEDIDAS DE TEMPO"},"content":{"rendered":"\n<p class=\"has-text-align-center has-background has-medium-font-size\" style=\"background-color:#f7f7ee\"><strong> ESTA ATIVIDADE TEM COMO BASE AS SEQU\u00caNCIAS DID\u00c1TICAS PROPOSTAS PELO <strong>PROGRAMA APRENDER SEMPRE<\/strong>, DA SME-GOI\u00c2NIA, COM BASE NO DC\/GO &#8211; AMPLIADO E EST\u00c1 DESTINADA A ESTUDANTES DO <strong>1\u00ba ANO DO ENSINO FUNDAMENTAL<\/strong>.<\/strong><\/p>\n\n\n\n<p class=\"has-text-align-center\"><img decoding=\"async\" width=\"852px;\" height=\"479px;\" src=\"https:\/\/lh3.googleusercontent.com\/Tz5hanN---sQfDeKttc82Gg8avGhrbCNijNQE2IL9VcwBq6OUpgx00cqXaXzyNjyTWCKAp0N_ej8zAvJS3I7rMcPI9hpyU4E7h6-0zl9x3HptVT1qeq1Dx7iKQ54ey7hJLx5LlR2a7Y\"><\/p>\n\n\n\n<div class=\"wp-block-buttons is-content-justification-center is-layout-flex wp-container-core-buttons-is-layout-16018d1d wp-block-buttons-is-layout-flex\">\n<div class=\"wp-block-button\"><a class=\"wp-block-button__link wp-element-button\" href=\"https:\/\/docs.google.com\/document\/d\/1z8e9-2RNWHC6xfoUF4FGQ4MvokC2QFTk\/copy\" target=\"_blank\" rel=\"noreferrer noopener\">BAIXE AS ATIVIDADES<\/a><\/div>\n\n\n\n<div class=\"wp-block-button\"><a class=\"wp-block-button__link wp-element-button\" href=\"https:\/\/docs.google.com\/presentation\/d\/1T6GFmLT00ciqCy9jiGgaofLGo3lOrpro\/copy\" target=\"_blank\" rel=\"noreferrer noopener\">BAIXE OS SLIDES<\/a><\/div>\n<\/div>\n\n\n\n<p class=\"has-text-align-center has-background has-medium-font-size\" style=\"background-color:#f8f0f0\">AS MEDIDAS DE TEMPO SURGIRAM PARA ATENDER A DIVERSAS NECESSIDADES DOS SERES HUMANOS. <\/p>\n\n\n\n<p class=\"has-text-align-center has-background has-medium-font-size\" style=\"background-color:#eff7fb\">O HOMEM PRECISAVA OBSERVAR O TEMPO PARA REALIZAR SUAS ATIVIDADES DI\u00c1RIAS COMO: CA\u00c7AR, PLANTAR, COLHER, PESCAR (COMPREENDENDO O PER\u00cdODO DE TEMPO ENTRE CULTIVO E A COLHEITA).<\/p>\n\n\n\n<p class=\"has-text-align-center has-background has-medium-font-size\" style=\"background-color:#f0f6f3\">EXISTEM V\u00c1RIAS UNIDADES DE <strong>MEDIDA DE TEMPO<\/strong>, COMO A HORA, MINUTO, SEGUNDO, SEMANA, DIA, ANO, D\u00c9CADA, S\u00c9CULO, ENTRE OUTRAS. <\/p>\n\n\n\n<p class=\"has-text-align-center has-background has-medium-font-size\" style=\"background-color:#f5f1f9\">INSTRUMENTOS UTILIZADOS PARA MEDI\u00c7\u00c3O DE <strong>TEMPO<\/strong>.<\/p>\n\n\n\n<hr class=\"wp-block-separator has-css-opacity\"\/>\n\n\n\n<p class=\"has-background has-medium-font-size\" style=\"background-color:#f3fbf4\">VAMOS VER A VIDEOAULA?<\/p>\n\n\n\n<figure class=\"wp-block-embed is-type-video is-provider-youtube wp-block-embed-youtube wp-embed-aspect-16-9 wp-has-aspect-ratio\"><div class=\"wp-block-embed__wrapper\">\n<p class=\"responsive-video-wrap clr\"><iframe title=\"Aprender Sempre - Matem\u00e1tica - 1\u00ba ano - 2\u00ba Bim. - Videoaula 3 - Matem\u00e1tica no dia a dia e medidas\" width=\"1200\" height=\"675\" src=\"https:\/\/www.youtube.com\/embed\/AEaocQgCchk?feature=oembed\" frameborder=\"0\" allow=\"accelerometer; autoplay; clipboard-write; encrypted-media; gyroscope; picture-in-picture; web-share\" allowfullscreen><\/iframe><\/p>\n<\/div><figcaption class=\"wp-element-caption\">Canal Portal Conex\u00e3o Escola &#8220;Aprender Sempre &#8211; Matem\u00e1tica &#8211; 1\u00ba ano &#8211; 2\u00ba Bim. &#8211; Videoaula 3 &#8211; Matem\u00e1tica no dia&#8221;. Dispon\u00edvel em: &lt;https:\/\/youtu.be\/AEaocQgCchk&gt;. Acesso em: 12 Mai 2022.<\/figcaption><\/figure>\n\n\n\n<hr class=\"wp-block-separator has-css-opacity\"\/>\n\n\n\n<p class=\"has-text-align-center has-background has-medium-font-size\" style=\"background-color:#f9eff9\">HORA DA ATIVIDADE<\/p>\n\n\n\n<p class=\"has-background has-medium-font-size\" style=\"background-color:#f2f9fc\"><strong>QUEST\u00c3O 1<\/strong><\/p>\n\n\n\n<p class=\"has-medium-font-size\">VAMOS ENUMERAR OS DIAS DA SEMANA SEGUINDO A SEQU\u00caNCIA:<\/p>\n\n\n\n<figure class=\"wp-block-image\"><img decoding=\"async\" src=\"https:\/\/lh6.googleusercontent.com\/t9NaIq2ph6d1jMQLX2Wo0Rxd813S-mLkFUWf-e8yHnzF9-3Ce8OtELYMCQcjgBNdp-w8g2at4lf6g1NpnFCI051PnCP4Le2nKZlFXMflklOce6caVZ12ARO10id6JYFlq7T0YSAdHN9qD85aMw\" alt=\"\"\/><\/figure>\n\n\n\n<hr class=\"wp-block-separator has-css-opacity\"\/>\n\n\n\n<p class=\"has-background has-medium-font-size\" style=\"background-color:#edf4f7\"><strong>QUEST\u00c3O 2<\/strong><\/p>\n\n\n\n<p class=\"has-medium-font-size\">MARQUE O M\u00caS QUE N\u00d3S ESTAMOS:<\/p>\n\n\n\n<figure class=\"wp-block-image\"><img decoding=\"async\" src=\"https:\/\/lh4.googleusercontent.com\/Em6VrgDaz7GH6EtT7nd8FHUVjK68LT85XtCDSpvsi4V5klxh_rvm_MA_tvK3TIT7fmgSWBuF0v-tPLFKINXYddMdxEtkqPqehZ_zQ7G_offgF_rvStXpRUOf7NHNG-ehGaq1XwUaFS6UalutvQ\" alt=\"\"\/><\/figure>\n\n\n\n<hr class=\"wp-block-separator has-css-opacity\"\/>\n\n\n\n<p class=\"has-background has-medium-font-size\" style=\"background-color:#e2ecf1\"><strong>QUEST\u00c3O 3<\/strong><\/p>\n\n\n\n<p class=\"has-medium-font-size\">VAMOS FAZER A CRUZADINHA? SIGA AS PISTAS E COMPLETE OS NOMES DOS MESES DO ANO.<\/p>\n\n\n\n<figure class=\"wp-block-embed is-type-wp-embed is-provider-wordwall wp-block-embed-wordwall\"><div class=\"wp-block-embed__wrapper\">\n<div class=\"oceanwp-oembed-wrap clr\"><iframe class=\"wp-embedded-content\" sandbox=\"allow-scripts\" security=\"restricted\" title=\"CRUZADINHA MESES DO ANO\" src=\"https:\/\/wordwall.net\/pt\/embed\/61121f4785024d7c892a1ce50868ad53?themeId=0&#038;ref=oembed#?secret=IrQ7oVtpl3\" data-secret=\"IrQ7oVtpl3\" width=\"500\" height=\"380\" frameborder=\"0\"><\/iframe><\/div>\n<\/div><figcaption class=\"wp-element-caption\">FONTE: ATIVIDADE AUTORAL &#8211; https:\/\/wordwall.net\/pt\/resource\/32404137<\/figcaption><\/figure>\n\n\n\n<hr class=\"wp-block-separator has-css-opacity\"\/>\n\n\n\n<p class=\"has-background has-medium-font-size\" style=\"background-color:#ebf4f7\"><strong>QUEST\u00c3O 4<\/strong><\/p>\n\n\n\n<p class=\"has-medium-font-size\">VAMOS RECORTAR E COLAR NA ORDEM?<\/p>\n\n\n<div class=\"wp-block-image\">\n<figure class=\"aligncenter\"><img decoding=\"async\" src=\"https:\/\/lh5.googleusercontent.com\/yxyGOjL7MyJAzxZ_youGNyfGCerM33AkpN9mUgFI0rtVYw7Vj2vO0lgxebCHZp4p8GEvLlE3z-GxAjQ2oFDCxMk8uhp1kocaTC1ZQ8HjbTqFVCLtaJpMrKy48UPOXms3kKidBKwvjVSj56N8rA\" alt=\"\"\/><\/figure><\/div>\n\n<div class=\"wp-block-image\">\n<figure class=\"aligncenter\"><img decoding=\"async\" src=\"https:\/\/lh5.googleusercontent.com\/3y5RpCtmUPVmiM54xddEHI2leLhaxPP41T61fstxfVdXqPZwIlvuEsJXN-D7EE2re5Zn-5NDr2VaQa3my4LySK5H4zhYb9QaBso9kdhMbmBW_tgUS1uKEMFkfDL8xZ8GohIWoIngGtMq-aDVHg\" alt=\"\"\/><\/figure><\/div>\n\n\n<hr class=\"wp-block-separator has-css-opacity\"\/>\n\n\n\n<p class=\"has-text-align-center has-background has-medium-font-size\" style=\"background-color:#eaf1f4\"><strong>Para acessar o material desta atividade clique no link:<\/strong> <a href=\"https:\/\/sme.goiania.go.gov.br\/conexaoescola\/propostas_didaticas\/propostas-didaticas-matematica-1o-ano\/\" target=\"_blank\" rel=\"noreferrer noopener\">https:\/\/sme.goiania.go.gov.br\/conexaoescola\/propostas_didaticas\/propostas-didaticas-matematica-1o-ano\/<\/a><\/p>\n\n\n\n<hr class=\"wp-block-separator has-css-opacity\"\/>\n\n\n\n<figure class=\"wp-block-table is-style-stripes\"><table><tbody><tr><td><strong>Componente Curricular<\/strong><\/td><td>Matem\u00e1tica<\/td><\/tr><tr><td><strong>Habilidade<\/strong><\/td><td>(EF01MA17-B) Reconhecer que um dia tem 24 horas, uma semana tem 7 dias, um m\u00eas tem 28, 29, 30 ou 31 dias, um ano tem 12 meses, utilizando situa\u00e7\u00f5es cotidianas.&nbsp;<br>(EF01MA17-C) Nomear os dias da semana e os meses do ano. <br>(EF01MA17-E) Identificar datas significativas em calend\u00e1rios: anivers\u00e1rio, feriados, in\u00edcio e t\u00e9rmino do ano letivo, f\u00e9rias escolares.&nbsp;<\/td><\/tr><tr><td>REFER\u00caNCIAS<\/td><td>GOI\u00c2NIA. Secretaria Municipal de Educa\u00e7\u00e3o. <strong>Aprender sempre. <\/strong>1o. Ano &#8211; Ensino Fundamental; L\u00edngua Portuguesa e Matem\u00e1tica; 1o. Bimestre; Goi\u00e2nia, 2022.<br>GOVERNO DO ESTADO DE GOI\u00c1S. SECRET\u00c1RIA DE ESTADO DE EDUCA\u00c7\u00c3O \u2013 SEDUC\/CONSED. DOCUMENTO CURRICULAR PARA GOI\u00c1S \u2013 AMPLIADO: <strong>VOLUME II ENSINO FUNDAMENTAL ANOS INICIAIS<\/strong>.&nbsp;<br>WOOD, Audrey; WOOD Don. <strong>A bruxa Salom\u00e9.<\/strong> 9 ed. S\u00e3o Paulo: \u00c1tica, 2019.<br>IMAGENS RETIRADAS DO SITE:<br>CANVA<\/td><\/tr><\/tbody><\/table><\/figure>\n","protected":false},"author":39,"featured_media":143747,"template":"","ef_categoria":[29],"ef_ano":[84],"ef_componente":[94],"class_list":["post-143627","ensino_fundamental","type-ensino_fundamental","status-publish","has-post-thumbnail","hentry","ef_categoria-educacao-financeira-e-empreendedorismo-ciclo-da-adolescencia-fg","ef_ano-1o-ano","ef_componente-matematica","entry","has-media"],"acf":[],"_links":{"self":[{"href":"https:\/\/sme.goiania.go.gov.br\/conexaoescola\/wp-json\/wp\/v2\/ensino_fundamental\/143627","targetHints":{"allow":["GET"]}}],"collection":[{"href":"https:\/\/sme.goiania.go.gov.br\/conexaoescola\/wp-json\/wp\/v2\/ensino_fundamental"}],"about":[{"href":"https:\/\/sme.goiania.go.gov.br\/conexaoescola\/wp-json\/wp\/v2\/types\/ensino_fundamental"}],"author":[{"embeddable":true,"href":"https:\/\/sme.goiania.go.gov.br\/conexaoescola\/wp-json\/wp\/v2\/users\/39"}],"version-history":[{"count":2,"href":"https:\/\/sme.goiania.go.gov.br\/conexaoescola\/wp-json\/wp\/v2\/ensino_fundamental\/143627\/revisions"}],"predecessor-version":[{"id":177596,"href":"https:\/\/sme.goiania.go.gov.br\/conexaoescola\/wp-json\/wp\/v2\/ensino_fundamental\/143627\/revisions\/177596"}],"wp:featuredmedia":[{"embeddable":true,"href":"https:\/\/sme.goiania.go.gov.br\/conexaoescola\/wp-json\/wp\/v2\/media\/143747"}],"wp:attachment":[{"href":"https:\/\/sme.goiania.go.gov.br\/conexaoescola\/wp-json\/wp\/v2\/media?parent=143627"}],"wp:term":[{"taxonomy":"ef_categoria","embeddable":true,"href":"https:\/\/sme.goiania.go.gov.br\/conexaoescola\/wp-json\/wp\/v2\/ef_categoria?post=143627"},{"taxonomy":"ef_ano","embeddable":true,"href":"https:\/\/sme.goiania.go.gov.br\/conexaoescola\/wp-json\/wp\/v2\/ef_ano?post=143627"},{"taxonomy":"ef_componente","embeddable":true,"href":"https:\/\/sme.goiania.go.gov.br\/conexaoescola\/wp-json\/wp\/v2\/ef_componente?post=143627"}],"curies":[{"name":"wp","href":"https:\/\/api.w.org\/{rel}","templated":true}]}}