{"id":143612,"date":"2022-05-17T13:05:41","date_gmt":"2022-05-17T16:05:41","guid":{"rendered":"https:\/\/sme.goiania.go.gov.br\/conexaoescola\/?post_type=ensino_fundamental&#038;p=143612"},"modified":"2024-02-23T14:58:08","modified_gmt":"2024-02-23T17:58:08","slug":"lingua-portuguesa-letras-e-palavras-nome-proprio","status":"publish","type":"ensino_fundamental","link":"https:\/\/sme.goiania.go.gov.br\/conexaoescola\/ensino_fundamental\/lingua-portuguesa-letras-e-palavras-nome-proprio\/","title":{"rendered":"L\u00cdNGUA PORTUGUESA &#8211; LETRAS E PALAVRAS: NOME PR\u00d3PRIO"},"content":{"rendered":"\n<p class=\"has-text-align-center has-background has-medium-font-size\" style=\"background-color:#ebf4e9\"><strong>ESTA ATIVIDADE TEM COMO BASE AS SEQU\u00caNCIAS DID\u00c1TICAS PROPOSTAS PELO PROGRAMA APRENDER SEMPRE, DA SME-GOI\u00c2NIA, COM BASE NO DC\/GO &#8211; AMPLIADO E EST\u00c1 DESTINADA A ESTUDANTES DO 1\u00ba ANO DO ENSINO FUNDAMENTAL.<\/strong><\/p>\n\n\n\n<p class=\"has-text-align-center\"><img decoding=\"async\" width=\"741px;\" height=\"417px;\" src=\"https:\/\/lh5.googleusercontent.com\/oNeBz9TcRN9HPqx68Z7atrFdDemlCsXkrZiNdF28DCxo1XjqL3YIL8CC6rQl9HA5T12OG5LekGROhfDGF2WryC98vK381lG265sX5raSrm54fDhktRgzsft72Ufj2KBoWgPgl4VoKdY\"><\/p>\n\n\n\n<div class=\"wp-block-buttons is-content-justification-center is-layout-flex wp-container-core-buttons-is-layout-16018d1d wp-block-buttons-is-layout-flex\">\n<div class=\"wp-block-button has-custom-font-size has-small-font-size\"><a class=\"wp-block-button__link wp-element-button\" href=\"https:\/\/docs.google.com\/document\/d\/1GwaOhNmy8_ibnMOo69Z9IJtwzFOXc2iK\/copy\" target=\"_blank\" rel=\"noreferrer noopener\">BAIXE A ATIVIDADE<\/a><\/div>\n\n\n\n<div class=\"wp-block-button has-custom-font-size has-small-font-size\"><a class=\"wp-block-button__link wp-element-button\" href=\"https:\/\/docs.google.com\/presentation\/d\/1Q496Srd5DQagUBXBhGCVvdASND-yfV_7\/copy\" target=\"_blank\" rel=\"noreferrer noopener\">BAIXE OS SLIDES<\/a><\/div>\n<\/div>\n\n\n\n<hr class=\"wp-block-separator has-css-opacity\"\/>\n\n\n\n<p class=\"has-text-align-center has-background has-medium-font-size\" style=\"background-color:#f6f2f7\">NOMES PR\u00d3PRIOS S\u00c3O PALAVRAS ESPECIAIS QUE USAMOS PARA IDENTIFICAR CADA PESSOA DE MANEIRA \u00daNICA. <\/p>\n\n\n\n<p class=\"has-text-align-center has-background has-medium-font-size\" style=\"background-color:#0792e30f\">CADA UM DE N\u00d3S TEM UM NOME PR\u00d3PRIO QUE NOS DIFERENCIA E NOS TORNA ESPECIAIS. OS NOMES PODEM SER CURTOS OU LONGOS, SIMPLES OU COMPOSTOS, E S\u00c3O ESCOLHIDOS COM MUITO CARINHO PELOS NOSSOS PAIS.<\/p>\n\n\n\n<p class=\"has-text-align-center has-background has-medium-font-size\" style=\"background-color:#f6f2f7\"> OS NOMES PR\u00d3PRIOS S\u00c3O UMA FORMA DE NOS RECONHECERMOS E DE NOS APRESENTARMOS AOS OUTROS. <\/p>\n\n\n\n<p class=\"has-text-align-center has-background has-medium-font-size\" style=\"background-color:#0792e312\">ELES S\u00c3O COMO UMA MARCA QUE NOS ACOMPANHA AO LONGO DA VIDA.<\/p>\n\n\n\n<hr class=\"wp-block-separator has-css-opacity\"\/>\n\n\n\n<p class=\"has-medium-font-size\">VAMOS VER A VIDEOAULA E APRENDER MAIS SOBRE ESSE ASSUNTO.<\/p>\n\n\n\n<figure class=\"wp-block-embed is-type-video is-provider-youtube wp-block-embed-youtube wp-embed-aspect-16-9 wp-has-aspect-ratio\"><div class=\"wp-block-embed__wrapper\">\n<p class=\"responsive-video-wrap clr\"><iframe title=\"Aprender Sempre - 1\u00ba ano - L. Portuguesa - 1\u00baBim - Videoaula 4 - LETRAS E PALAVRAS: O NOME PR\u00d3PRIO\" width=\"1200\" height=\"675\" src=\"https:\/\/www.youtube.com\/embed\/bv3QqjNln78?feature=oembed\" frameborder=\"0\" allow=\"accelerometer; autoplay; clipboard-write; encrypted-media; gyroscope; picture-in-picture; web-share\" allowfullscreen><\/iframe><\/p>\n<\/div><figcaption class=\"wp-element-caption\">Fonte: https:\/\/youtu.be\/bv3QqjNln78<\/figcaption><\/figure>\n\n\n\n<hr class=\"wp-block-separator has-css-opacity\"\/>\n\n\n\n<p class=\"has-text-align-center has-background has-medium-font-size\" style=\"background-color:#f7eeef\">HORA DE FAZER A ATIVIDADE<\/p>\n\n\n\n<p class=\"has-background has-medium-font-size\" style=\"background-color:#f1f9fc\">QUEST\u00c3O 1<\/p>\n\n\n\n<p class=\"has-medium-font-size\">PE\u00c7A AJUDA DE UM ADULTO E COMPLETE A FICHA COM SEUS DADOS:<\/p>\n\n\n\n<figure class=\"wp-block-table is-style-regular\"><table><tbody><tr><td><br><br><br><br><br><br><br><br><br><br><br><br><br><\/td><\/tr><\/tbody><\/table><figcaption class=\"wp-element-caption\">DESENHE OU COLE UMA FOTO DE VOC\u00ca<\/figcaption><\/figure>\n\n\n\n<hr class=\"wp-block-separator has-css-opacity\"\/>\n\n\n\n<p class=\"has-medium-font-size\">AGORA, COMPLETE SEUS DADOS COM A AJUDA DE UM ADULTO.<\/p>\n\n\n\n<p class=\"has-text-align-center has-medium-font-size\">NOME __________________________________________________________________________________________<\/p>\n\n\n\n<p class=\"has-text-align-center has-medium-font-size\">DATA DE NASCIMENTO _______\/_______\/_________<\/p>\n\n\n\n<p class=\"has-text-align-center has-medium-font-size\">NOME DOS PAIS<\/p>\n\n\n\n<p class=\"has-text-align-center has-medium-font-size\"> _______________________________________________________________________________________________<\/p>\n\n\n\n<p class=\"has-text-align-center has-medium-font-size\">_______________________________________________________________________________________________<\/p>\n\n\n\n<p class=\"has-text-align-center has-medium-font-size\">NOME DOS AV\u00d3S<\/p>\n\n\n\n<p class=\"has-text-align-center has-medium-font-size\"> _______________________________________________________________________________________________<\/p>\n\n\n\n<p class=\"has-text-align-center has-medium-font-size\">_______________________________________________________________________________________________<\/p>\n\n\n\n<p class=\"has-text-align-center has-medium-font-size\"> _______________________________________________________________________________________________<\/p>\n\n\n\n<p class=\"has-text-align-center has-medium-font-size\">_______________________________________________________________________________________________<\/p>\n\n\n\n<p class=\"has-text-align-center has-medium-font-size\">CIDADE ONDE NASCEU <\/p>\n\n\n\n<p class=\"has-text-align-center has-medium-font-size\">_______________________________________________________________________________________________<\/p>\n\n\n\n<p class=\"has-text-align-center has-medium-font-size\">HOR\u00c1RIO DO NASCIMENTO  _______________________<\/p>\n\n\n\n<hr class=\"wp-block-separator has-css-opacity\"\/>\n\n\n\n<p class=\"has-background has-medium-font-size\" style=\"background-color:#eaf6fb\">QUEST\u00c3O 3<\/p>\n\n\n\n<p class=\"has-medium-font-size\">AGORA, DESENHE VOC\u00ca E SUA FAM\u00cdLIA.<\/p>\n\n\n\n<figure class=\"wp-block-table is-style-regular\"><table><tbody><tr><td><br><br><br><br><br><br><br><br><br><br><br><br><br><br><br><br><\/td><\/tr><\/tbody><\/table><\/figure>\n\n\n\n<hr class=\"wp-block-separator has-css-opacity\"\/>\n\n\n\n<p class=\"has-background has-medium-font-size\" style=\"background-color:#e6f2f7\"><strong>Para acessar o material desta atividade clique no link:<\/strong> <a href=\"https:\/\/sme.goiania.go.gov.br\/conexaoescola\/propostas_didaticas\/propostas-didaticas-lingua-portuguesa-1o-ano\/\" target=\"_blank\" rel=\"noreferrer noopener\">https:\/\/sme.goiania.go.gov.br\/conexaoescola\/propostas_didaticas\/propostas-didaticas-lingua-portuguesa-1o-ano\/<\/a><\/p>\n\n\n\n<hr class=\"wp-block-separator has-css-opacity\"\/>\n\n\n\n<figure class=\"wp-block-table is-style-stripes\"><table><tbody><tr><td><strong>Componente Curricular:<\/strong><\/td><td>L\u00edngua Portuguesa<\/td><\/tr><tr><td><strong>Habilidade:<\/strong><\/td><td>(EF01LP07) Identificar fonemas e sua representa\u00e7\u00e3o por letras.<br>(EF01LP04) Distinguir as letras do alfabeto de outros sinais gr\u00e1ficos.<br>(EF01LP05) Reconhecer o sistema de escrita alfab\u00e9tica como representa\u00e7\u00e3o dos sons da fala.(EF12LP03) Copiar textos breves, mantendo suas caracter\u00edsticas e voltando para o texto sempre que tiver d\u00favidas sobre sua distribui\u00e7\u00e3o gr\u00e1fica, espa\u00e7amento entre as palavras, escrita das palavras e pontua\u00e7\u00e3o.<br>(EF01LP02) Escrever, espontaneamente ou por ditado, palavras e frases de forma alfab\u00e9tica \u2013 usando letras\/grafemas que representem fonemas.<br>(EF01LP04) Distinguir as letras do alfabeto de outros sinais gr\u00e1ficos.&nbsp;<br>(EF01LP10) Nomear as letras do alfabeto e recit\u00e1-lo na ordem das letras.&nbsp;<br>(GO-EF01LP28) Conhecer e identificar, a partir da leitura e escrita de textos, diferentes tipos de fontes e caracteres usados para escrever.<\/td><\/tr><\/tbody><\/table><\/figure>\n\n\n\n<hr class=\"wp-block-separator has-css-opacity\"\/>\n\n\n\n<figure class=\"wp-block-table is-style-stripes\"><table><tbody><tr><td>REFER\u00caNCIAS<\/td><td>GOI\u00c2NIA. Secretaria Municipal de Educa\u00e7\u00e3o. <strong>Aprender sempre. <\/strong>1o. Ano &#8211; Ensino Fundamental; L\u00edngua Portuguesa e Matem\u00e1tica; 1o. Bimestre; Goi\u00e2nia, 2022.<br>GOVERNO DO ESTADO DE GOI\u00c1S. SECRET\u00c1RIA DE ESTADO DE EDUCA\u00c7\u00c3O \u2013 SEDUC\/CONSED. DOCUMENTO CURRICULAR PARA GOI\u00c1S \u2013 AMPLIADO: <strong>VOLUME II ENSINO FUNDAMENTAL ANOS INICIAIS<\/strong>.&nbsp;<br>Diversidade textual: os g\u00eaneros na sala de aula \/ organizado por Carmi Ferraz Santos, M\u00e1rcia Mendon\u00e7a, Marianne C.B. Cavalcanti . 1.ed., 1. reimp. \u2014 Belo Horizonte : Aut\u00eantica , 2007. 136 p. ISBN 857526-190-8 1.Alfabetiza\u00e7\u00e3o. I.Santos, Carmi Ferraz. II.Mendon\u00e7a, M\u00e1rcia. III. Cavalcanti, Marianne C.B. IV. T\u00edtulo.<br>IMAGENS RETIRADAS DO SITE:<br><a href=\"https:\/\/br.freepik.com\/\">HTTPS:\/\/BR.FREEPIK.COM\/<\/a><br><a href=\"https:\/\/pixabay.com\/pt\/\">HTTPS:\/\/PIXABAY.COM\/PT\/<\/a><br>CANVA<\/td><\/tr><\/tbody><\/table><\/figure>\n","protected":false},"author":39,"featured_media":144207,"template":"","ef_categoria":[30],"ef_ano":[84],"ef_componente":[93],"class_list":["post-143612","ensino_fundamental","type-ensino_fundamental","status-publish","has-post-thumbnail","hentry","ef_categoria-etica-e-cidadania-ciclo-da-adolescencia-fg","ef_ano-1o-ano","ef_componente-portugues","entry","has-media"],"acf":[],"_links":{"self":[{"href":"https:\/\/sme.goiania.go.gov.br\/conexaoescola\/wp-json\/wp\/v2\/ensino_fundamental\/143612","targetHints":{"allow":["GET"]}}],"collection":[{"href":"https:\/\/sme.goiania.go.gov.br\/conexaoescola\/wp-json\/wp\/v2\/ensino_fundamental"}],"about":[{"href":"https:\/\/sme.goiania.go.gov.br\/conexaoescola\/wp-json\/wp\/v2\/types\/ensino_fundamental"}],"author":[{"embeddable":true,"href":"https:\/\/sme.goiania.go.gov.br\/conexaoescola\/wp-json\/wp\/v2\/users\/39"}],"version-history":[{"count":3,"href":"https:\/\/sme.goiania.go.gov.br\/conexaoescola\/wp-json\/wp\/v2\/ensino_fundamental\/143612\/revisions"}],"predecessor-version":[{"id":177661,"href":"https:\/\/sme.goiania.go.gov.br\/conexaoescola\/wp-json\/wp\/v2\/ensino_fundamental\/143612\/revisions\/177661"}],"wp:featuredmedia":[{"embeddable":true,"href":"https:\/\/sme.goiania.go.gov.br\/conexaoescola\/wp-json\/wp\/v2\/media\/144207"}],"wp:attachment":[{"href":"https:\/\/sme.goiania.go.gov.br\/conexaoescola\/wp-json\/wp\/v2\/media?parent=143612"}],"wp:term":[{"taxonomy":"ef_categoria","embeddable":true,"href":"https:\/\/sme.goiania.go.gov.br\/conexaoescola\/wp-json\/wp\/v2\/ef_categoria?post=143612"},{"taxonomy":"ef_ano","embeddable":true,"href":"https:\/\/sme.goiania.go.gov.br\/conexaoescola\/wp-json\/wp\/v2\/ef_ano?post=143612"},{"taxonomy":"ef_componente","embeddable":true,"href":"https:\/\/sme.goiania.go.gov.br\/conexaoescola\/wp-json\/wp\/v2\/ef_componente?post=143612"}],"curies":[{"name":"wp","href":"https:\/\/api.w.org\/{rel}","templated":true}]}}