{"id":143604,"date":"2022-05-11T07:49:40","date_gmt":"2022-05-11T10:49:40","guid":{"rendered":"https:\/\/sme.goiania.go.gov.br\/conexaoescola\/?post_type=ensino_fundamental&#038;p=143604"},"modified":"2024-02-23T14:49:34","modified_gmt":"2024-02-23T17:49:34","slug":"lingua-portuguesa-genero-textual-classicos-infantis","status":"publish","type":"ensino_fundamental","link":"https:\/\/sme.goiania.go.gov.br\/conexaoescola\/ensino_fundamental\/lingua-portuguesa-genero-textual-classicos-infantis\/","title":{"rendered":"L\u00cdNGUA PORTUGUESA &#8211; G\u00caNERO TEXTUAL: CL\u00c1SSICOS INFANTIS"},"content":{"rendered":"\n<p class=\"has-text-align-center has-background has-medium-font-size\" style=\"background-color:#fbfbf1\"><strong>ESTA ATIVIDADE TEM COMO BASE AS SEQU\u00caNCIAS DID\u00c1TICAS PROPOSTAS PELO PROGRAMA APRENDER SEMPRE, DA SME-GOI\u00c2NIA, COM BASE NO DC\/GO &#8211; AMPLIADO E EST\u00c1 DESTINADA A ESTUDANTES DO 1\u00ba ANO DO ENSINO FUNDAMENTAL.<\/strong><\/p>\n\n\n\n<p class=\"has-text-align-center\"><img decoding=\"async\" width=\"651px;\" height=\"455px;\" src=\"https:\/\/lh6.googleusercontent.com\/YtqJKhqEx4OzXijkl8kUjl6sSt09o6PuYqN-gUNty26kH90ObC8HwOKi44gVqYAQDZR3jjGGuYtUqim-8uYJIZXzG77N9aS5F35LS19I1CvFx2I4hrUu8wu8v-EF8UEqC4_OF8Lwdrc\"><\/p>\n\n\n\n<hr class=\"wp-block-separator has-alpha-channel-opacity\"\/>\n\n\n\n<div class=\"wp-block-buttons is-content-justification-center is-layout-flex wp-container-core-buttons-is-layout-16018d1d wp-block-buttons-is-layout-flex\">\n<div class=\"wp-block-button\"><a class=\"wp-block-button__link wp-element-button\">BAIXE AS ATIVIDADES<\/a><\/div>\n\n\n\n<div class=\"wp-block-button\"><a class=\"wp-block-button__link wp-element-button\">BAIXE OS SLIDES<\/a><\/div>\n<\/div>\n\n\n\n<p class=\"has-text-align-center has-background has-medium-font-size\" style=\"background-color:#f6dfe5\">CHAMAMOS DE CONTOS CL\u00c1SSICOS AQUELES CONTOS QUE PERSISTEM NO TEMPO, PASSAM DE GERA\u00c7\u00c3O EM GERA\u00c7\u00c3O TORNAM-SE INESQUEC\u00cdVEIS E FICAM NA NOSSA MEM\u00d3RIA INDIVIDUAL E COLETIVA. <\/p>\n\n\n\n<p class=\"has-text-align-center has-background has-medium-font-size\" style=\"background-color:#f7ede6\">ESSAS HIST\u00d3RIAS CARREGAM CONSIGO TRA\u00c7OS CULTURAIS, ELAS T\u00caM ORIGEM NA TRADI\u00c7\u00c3O ORAL E S\u00d3 VIERAM A SER ESCRITAS DEPOIS E SE MANTEM FIRMES EM NOSSOS DIAS EM DIFERENTES VERS\u00d5ES.<\/p>\n\n\n\n<hr class=\"wp-block-separator has-css-opacity\"\/>\n\n\n\n<p class=\"has-text-align-center has-black-color has-text-color has-background has-medium-font-size\" style=\"background-color:#f2eae9\">VAMOS VER A VIDEOAULA E APRENDER UM POUCO MAIS SOBRE CL\u00c1SSICOS INFANTIS?<\/p>\n\n\n\n<hr class=\"wp-block-separator has-css-opacity\"\/>\n\n\n\n<figure class=\"wp-block-embed is-type-video is-provider-youtube wp-block-embed-youtube wp-embed-aspect-16-9 wp-has-aspect-ratio\"><div class=\"wp-block-embed__wrapper\">\n<p class=\"responsive-video-wrap clr\"><iframe title=\"Aprender Sempre -  L. Portuguesa - 1\u00ba ano - 2\u00baBim - Videoaula 1 - G\u00caNEROS TEXTUAIS  CL\u00c1SSICOS INFANT\" width=\"1200\" height=\"675\" src=\"https:\/\/www.youtube.com\/embed\/W8X2jTxKg6E?feature=oembed\" frameborder=\"0\" allow=\"accelerometer; autoplay; clipboard-write; encrypted-media; gyroscope; picture-in-picture; web-share\" allowfullscreen><\/iframe><\/p>\n<\/div><figcaption class=\"wp-element-caption\">Canal Portal Conex\u00e3o Escola &#8220;Aprender Sempre &#8211; L. Portuguesa &#8211; 1\u00ba ano &#8211; 2\u00baBim &#8211; Videoaula 1 &#8211; G\u00caNEROS TEXTUA&#8221;. Dispon\u00edvel em: &lt;https:\/\/youtu.be\/W8X2jTxKg6E&gt;. Acesso em: 11 Mai 2022.<\/figcaption><\/figure>\n\n\n\n<hr class=\"wp-block-separator has-css-opacity\"\/>\n\n\n\n<p class=\"has-text-align-center has-medium-font-size\">AGORA VAMOS RESOLVER AS ATIVIDADES?<\/p>\n\n\n\n<p class=\"has-black-color has-text-color has-background has-medium-font-size\" style=\"background-color:#e9f2f6\"><strong>QUEST\u00c3O 1<\/strong><\/p>\n\n\n\n<p class=\"has-medium-font-size\"> ENTE ENCONTRAR UMA PALAVRA RIMADA NO FRAGMENTO DO TEXTO E COLOQUE-A NA COLUNA CERTA. (PODE SER A QUE VOC\u00ca ENCONTRAR PRIMEIRO) <\/p>\n\n\n\n<p> <\/p>\n\n\n<div class=\"wp-block-image\">\n<figure class=\"aligncenter\"><img decoding=\"async\" src=\"https:\/\/lh4.googleusercontent.com\/Q9Flwqn4E24ciAl3AXot4OUHLXISDJzcNghCX_d4AeJ0ACP4dPwOb2ZUNZPHOXMvu_OZ4SDStzazEdRngTUbjdezOSKSK_f1z6xfA9FiuIRQbZg-nKRE5EW8GL-o1MRWxQp2IGXdCbrDnzaL-A\" alt=\"\"\/><\/figure><\/div>\n\n\n<p class=\"has-text-align-center has-medium-font-size\">ERA A CHAPEUZINHO AMARELO.<\/p>\n\n\n\n<p class=\"has-text-align-center has-medium-font-size\">AMARELADA DE MEDO.<\/p>\n\n\n\n<p class=\"has-text-align-center has-medium-font-size\">TINHA MEDO DE TUDO,&nbsp;<\/p>\n\n\n\n<p class=\"has-text-align-center has-medium-font-size\">AQUELA CHAPEUZINHO.<\/p>\n\n\n\n<p class=\"has-text-align-center has-medium-font-size\">J\u00c1 N\u00c3O <strong>RIA<\/strong>.<\/p>\n\n\n\n<p class=\"has-text-align-center has-medium-font-size\">EM FESTA,&nbsp;<\/p>\n\n\n\n<p class=\"has-text-align-center has-medium-font-size\">N\u00c3O <strong>APARECIA<\/strong>.<\/p>\n\n\n\n<p class=\"has-text-align-center has-medium-font-size\">N\u00c3O SUBIA ESCADA,&nbsp;<\/p>\n\n\n\n<p class=\"has-text-align-center has-medium-font-size\">NEM <strong>DESCIA<\/strong>.<\/p>\n\n\n\n<p class=\"has-text-align-center has-medium-font-size\">N\u00c3O ESTAVA RESFRIADA,&nbsp;<\/p>\n\n\n\n<p class=\"has-text-align-center has-medium-font-size\">MAS <strong>TOSSIA<\/strong>.<\/p>\n\n\n\n<p class=\"has-text-align-center has-medium-font-size\">OUVIA CONTO DE FADA,&nbsp;<\/p>\n\n\n\n<p class=\"has-text-align-center has-medium-font-size\">E <strong>ESTREMECIA<\/strong>.<\/p>\n\n\n\n<p class=\"has-text-align-center has-medium-font-size\">N\u00c3O BRINCAVA MAIS DE NADA,&nbsp;<\/p>\n\n\n\n<p class=\"has-text-align-center has-medium-font-size\">NEM DE AMARELINHA.<\/p>\n\n\n\n<p class=\"has-text-align-center has-medium-font-size\">TINHA MEDO DE TROV\u00c3O.<\/p>\n\n\n\n<p class=\"has-text-align-center has-medium-font-size\">MINHOCA, PRA ELA,&nbsp;<\/p>\n\n\n\n<p class=\"has-text-align-center has-medium-font-size\">ERA <strong>COBRA<\/strong>.<\/p>\n\n\n\n<p class=\"has-text-align-center has-medium-font-size\">E NUNCA APANHAVA SOL,&nbsp;<\/p>\n\n\n\n<p class=\"has-text-align-center has-medium-font-size\">PORQUE TINHA MEDO&nbsp;<\/p>\n\n\n\n<p class=\"has-text-align-center has-medium-font-size\">DA <strong>SOMBRA<\/strong>.<\/p>\n\n\n\n<p class=\"has-text-align-center has-medium-font-size\">N\u00c3O IA PRA FORA&nbsp;<\/p>\n\n\n\n<p class=\"has-text-align-center has-medium-font-size\">PRA N\u00c3O SE <strong>SUJAR<\/strong>.<\/p>\n\n\n\n<p class=\"has-text-align-center has-medium-font-size\">N\u00c3O TOMAVA SOPA&nbsp;<\/p>\n\n\n\n<p class=\"has-text-align-center has-medium-font-size\">PRA N\u00c3O <strong>ENSOPAR<\/strong>.<\/p>\n\n\n\n<p class=\"has-text-align-center has-medium-font-size\">N\u00c3O TOMAVA BANHO&nbsp;<\/p>\n\n\n\n<p class=\"has-text-align-center has-medium-font-size\">PRA N\u00c3O <strong>DESCOLAR<\/strong>.<\/p>\n\n\n\n<p class=\"has-text-align-center has-medium-font-size\">N\u00c3O FALAVA NADA&nbsp;<\/p>\n\n\n\n<p class=\"has-text-align-center has-medium-font-size\">PRA N\u00c3O <strong>ENGASGAR<\/strong>.<\/p>\n\n\n\n<p class=\"has-text-align-center has-medium-font-size\">N\u00c3O FICAVA EM P\u00c9&nbsp;<\/p>\n\n\n\n<p class=\"has-text-align-center has-medium-font-size\">COM MEDO DE <strong>CAIR<\/strong>.<\/p>\n\n\n\n<p class=\"has-text-align-center has-medium-font-size\">ENT\u00c3O VIVIA PARADA,&nbsp;<\/p>\n\n\n\n<p class=\"has-text-align-center has-medium-font-size\">DEITADA,&nbsp;<\/p>\n\n\n\n<p class=\"has-text-align-center has-medium-font-size\">MAS SEM <strong>DORMIR<\/strong>,&nbsp;<\/p>\n\n\n\n<p class=\"has-text-align-center has-medium-font-size\">COM MEDO DE PESADELO.<\/p>\n\n\n\n<p class=\"has-text-align-center has-medium-font-size\">ERA A CHAPEUZINHO AMARELO\u2026<\/p>\n\n\n\n<p>FONTE: BUARQUE, CHICO. <strong>Chapeuzinho Amarelo.<\/strong> 37a. ed. Rio de Janeiro: Jos\u00e9 Olympio, 2015. FRAGMENTO DO TEXTO.<\/p>\n\n\n\n<p><\/p>\n\n\n\n<figure class=\"wp-block-table is-style-regular\"><table><tbody><tr><td>RIA<\/td><td><\/td><\/tr><tr><td>DESCOLAR<\/td><td><\/td><\/tr><tr><td>CAIR<\/td><td><\/td><\/tr><tr><td>COBRA<\/td><td><\/td><\/tr><\/tbody><\/table><\/figure>\n\n\n\n<hr class=\"wp-block-separator has-css-opacity\"\/>\n\n\n\n<p class=\"has-black-color has-text-color has-background has-medium-font-size\" style=\"background-color:#e6ecef\"><strong>QUEST\u00c3O 2<\/strong><\/p>\n\n\n\n<p class=\"has-medium-font-size\">PINTE A PALAVRA <strong>CHAPEUZINHO<\/strong> NO TEXTO. QUANTAS VEZES ELA APARECE?<\/p>\n\n\n\n<p class=\"has-text-align-center has-medium-font-size\">_________________ VEZES<\/p>\n\n\n\n<hr class=\"wp-block-separator has-css-opacity\"\/>\n\n\n\n<p class=\"has-black-color has-text-color has-background has-medium-font-size\" style=\"background-color:#f1f9fc\"><strong>QUEST\u00c3O 3<\/strong><\/p>\n\n\n\n<p class=\"has-medium-font-size\">VOC\u00ca CONHECE ESSES PERSONAGENS? ELES SEMPRE APARECEM NAS HIST\u00d3RIAS LIDAS NA SALA. ESCREVA SEUS NOMES:<\/p>\n\n\n\n<figure class=\"wp-block-table is-style-regular\"><table><tbody><tr><td><img fetchpriority=\"high\" decoding=\"async\" src=\"https:\/\/lh5.googleusercontent.com\/Xr6GXCPZtvrQfmZlVhrcF0uukgLiJi5Cd80wf3n8PG_rrNZpRav1B9A9TWDoW6nBMbp2kJ2vb-dEm59yOvKiUC4_i2z267m-CX_jdVf8YGcFwGe7NRFbyVduuxgtaROw4fNtSvMhiMcqnMMc8A\" width=\"327\" height=\"184\"><\/td><td><br><br><br><br>________________________________<\/td><\/tr><tr><td><img decoding=\"async\" src=\"https:\/\/lh6.googleusercontent.com\/BzSHngyhYRFjvCIMNt9lJbNNlE7vj4VNCu1xrZPLIlbgkzjrbO7Ko4_CRBBDtOLfC4Ts2s3CbF4HR-HjFVup0LX_rdM1-3O7YobJLYeWlifza9kdqEXI0u1NyvsuOwg2Z4br6HgiISA4RBWTzA\" width=\"327\" height=\"184\"><\/td><td><br><br><br><br>________________________________<\/td><\/tr><tr><td><img decoding=\"async\" src=\"https:\/\/lh5.googleusercontent.com\/dvD1gZwieSgSXDmSwgc40gb9EMgTbH3woL4Y8km2xgQ8Xso7S92FrA4wiJk3CaNrDZauGudq7P0916PjtbR2431xwWodkWGFUVUPCLfcLxiOkeDeenYnjjYyt_uly1272iCe4_wXKLgDQuLBNQ\" width=\"327\" height=\"184\"><\/td><td><br><br><br><br>________________________________<\/td><\/tr><tr><td><img loading=\"lazy\" decoding=\"async\" src=\"https:\/\/lh4.googleusercontent.com\/OOUrBGndiSzU24D0zRdZ2y5CefRQvRNGooLqO8Ao0I_fb6OF_jGqWJOXr3LdJT2kg9RIjjEsrN8R9zOGprTbx16BoUjVq54BTrAl2AfEkYqRluHPyIwTSUUI-Yj1GNLtQJZuJOguEZ-WJ4afsw\" width=\"327\" height=\"184\"><\/td><td><br><br><br><br>________________________________<\/td><\/tr><\/tbody><\/table><\/figure>\n\n\n\n<hr class=\"wp-block-separator has-css-opacity\"\/>\n\n\n\n<p class=\"has-background has-medium-font-size\" style=\"background-color:#eef6f9\"><strong>Para acessar o material desta atividade clique no link:<\/strong> <a href=\"https:\/\/sme.goiania.go.gov.br\/conexaoescola\/propostas_didaticas\/propostas-didaticas-lingua-portuguesa-1o-ano\/\" target=\"_blank\" rel=\"noreferrer noopener\">https:\/\/sme.goiania.go.gov.br\/conexaoescola\/propostas_didaticas\/propostas-didaticas-lingua-portuguesa-1o-ano\/<\/a><\/p>\n\n\n\n<figure class=\"wp-block-table is-style-stripes\"><table><tbody><tr><td><strong>Componente Curricular:<\/strong><\/td><td>L\u00edngua Portuguesa<\/td><\/tr><tr><td><strong>Habilidade:<\/strong><\/td><td>(EF01LP26) Identificar elementos de uma narrativa lida ou escutada, incluindo personagens, enredo, tempo e espa\u00e7o. <br>(EF15LP16) Ler e compreender, em colabora\u00e7\u00e3o com os colegas e com a ajuda do professor e, mais tarde, de maneira aut\u00f4noma, textos narrativos de maior porte como contos de fadas, entre outros. <br>(EF15LP15-A\/B\/C) Reconhecer que os textos liter\u00e1rios fazem parte do mundo do imagin\u00e1rio e apresentam uma dimens\u00e3o l\u00fadica, de encantamento, valorizando-os, em sua diversidade cultural, como patrim\u00f4nio art\u00edstico da humanidade, incluindo a literatura goiana. <br>(EF01LP07) Identificar fonemas e sua representa\u00e7\u00e3o por letras. <br>(EF15LP18) Relacionar textos com ilustra\u00e7\u00f5es e outros recursos gr\u00e1ficos (leitura multissemi\u00f3tica).<br>(EF15LP02) Estabelecer expectativas em rela\u00e7\u00e3o ao texto que vai ler (pressuposi\u00e7\u00f5es antecipadoras dos sentidos, da forma e da fun\u00e7\u00e3o social do texto apoiando-se em seus conhecimentos pr\u00e9vios sobre as condi\u00e7\u00f5es de produ\u00e7\u00e3o e recep\u00e7\u00e3o desse texto, o g\u00eanero, o suporte e o universo tem\u00e1tico , bem como sobre sali\u00eancias textuais, recursos gr\u00e1ficos, imagens, dados da pr\u00f3pria obra (\u00edndice, pref\u00e1cio etc.), confirmando antecipa\u00e7\u00f5es e infer\u00eancias realizadas antes e durante a leitura de textos, checando a adequa\u00e7\u00e3o das hip\u00f3teses realizadas.<\/td><\/tr><\/tbody><\/table><\/figure>\n\n\n\n<hr class=\"wp-block-separator has-css-opacity\"\/>\n\n\n\n<figure class=\"wp-block-table is-style-stripes\"><table><tbody><tr><td>REFER\u00caNCIAS<\/td><td>GOI\u00c2NIA. Secretaria Municipal de Educa\u00e7\u00e3o. <strong>Aprender sempre. <\/strong>1o. Ano &#8211; Ensino Fundamental; L\u00edngua Portuguesa e Matem\u00e1tica; 1o. Bimestre; Goi\u00e2nia, 2022.<br>GOVERNO DO ESTADO DE GOI\u00c1S. SECRET\u00c1RIA DE ESTADO DE EDUCA\u00c7\u00c3O \u2013 SEDUC\/CONSED. DOCUMENTO CURRICULAR PARA GOI\u00c1S \u2013 AMPLIADO: <strong>VOLUME II ENSINO FUNDAMENTAL ANOS INICIAIS<\/strong>.&nbsp;<br>Caderno de orienta\u00e7\u00f5es: Hist\u00f3rias cl\u00e1ssicas. S\u00e3o Paulo, 2011. 24 p,: il,; 28cm. (Trilhas; vol 06).<br>BUARQUE, CHICO. <strong>Chapeuzinho Amarelo.<\/strong> 37a. ed. Rio de Janeiro: Jos\u00e9 Olympio, 2015.<br>IMAGENS RETIRADAS DO SITE:<br>CANVA<br>&nbsp;<br><\/td><\/tr><\/tbody><\/table><\/figure>\n\n\n\n<hr class=\"wp-block-separator has-css-opacity\"\/>\n","protected":false},"author":39,"featured_media":129506,"template":"","ef_categoria":[30],"ef_ano":[84],"ef_componente":[93],"class_list":["post-143604","ensino_fundamental","type-ensino_fundamental","status-publish","has-post-thumbnail","hentry","ef_categoria-etica-e-cidadania-ciclo-da-adolescencia-fg","ef_ano-1o-ano","ef_componente-portugues","entry","has-media"],"acf":[],"_links":{"self":[{"href":"https:\/\/sme.goiania.go.gov.br\/conexaoescola\/wp-json\/wp\/v2\/ensino_fundamental\/143604","targetHints":{"allow":["GET"]}}],"collection":[{"href":"https:\/\/sme.goiania.go.gov.br\/conexaoescola\/wp-json\/wp\/v2\/ensino_fundamental"}],"about":[{"href":"https:\/\/sme.goiania.go.gov.br\/conexaoescola\/wp-json\/wp\/v2\/types\/ensino_fundamental"}],"author":[{"embeddable":true,"href":"https:\/\/sme.goiania.go.gov.br\/conexaoescola\/wp-json\/wp\/v2\/users\/39"}],"version-history":[{"count":3,"href":"https:\/\/sme.goiania.go.gov.br\/conexaoescola\/wp-json\/wp\/v2\/ensino_fundamental\/143604\/revisions"}],"predecessor-version":[{"id":177657,"href":"https:\/\/sme.goiania.go.gov.br\/conexaoescola\/wp-json\/wp\/v2\/ensino_fundamental\/143604\/revisions\/177657"}],"wp:featuredmedia":[{"embeddable":true,"href":"https:\/\/sme.goiania.go.gov.br\/conexaoescola\/wp-json\/wp\/v2\/media\/129506"}],"wp:attachment":[{"href":"https:\/\/sme.goiania.go.gov.br\/conexaoescola\/wp-json\/wp\/v2\/media?parent=143604"}],"wp:term":[{"taxonomy":"ef_categoria","embeddable":true,"href":"https:\/\/sme.goiania.go.gov.br\/conexaoescola\/wp-json\/wp\/v2\/ef_categoria?post=143604"},{"taxonomy":"ef_ano","embeddable":true,"href":"https:\/\/sme.goiania.go.gov.br\/conexaoescola\/wp-json\/wp\/v2\/ef_ano?post=143604"},{"taxonomy":"ef_componente","embeddable":true,"href":"https:\/\/sme.goiania.go.gov.br\/conexaoescola\/wp-json\/wp\/v2\/ef_componente?post=143604"}],"curies":[{"name":"wp","href":"https:\/\/api.w.org\/{rel}","templated":true}]}}