{"id":143388,"date":"2022-05-09T19:18:48","date_gmt":"2022-05-09T22:18:48","guid":{"rendered":"https:\/\/sme.goiania.go.gov.br\/conexaoescola\/?post_type=ensino_fundamental&#038;p=143388"},"modified":"2024-01-31T15:53:50","modified_gmt":"2024-01-31T18:53:50","slug":"lingua-portuguesa-estudando-a-pontuacao-em-lendas","status":"publish","type":"ensino_fundamental","link":"https:\/\/sme.goiania.go.gov.br\/conexaoescola\/ensino_fundamental\/lingua-portuguesa-estudando-a-pontuacao-em-lendas\/","title":{"rendered":"L\u00edngua Portuguesa &#8211; Estudando a pontua\u00e7\u00e3o em lendas"},"content":{"rendered":"\n<p class=\"has-background has-medium-font-size\" style=\"background-color:#dce5ea\"><strong>Esta atividade tem como base as sequ\u00eancias did\u00e1ticas propostas pelo Programa Aprender Sempre, da SME-Goi\u00e2nia, com base no DC\/GO &#8211; Ampliado e est\u00e1 destinada a estudantes do 5\u00ba ano do Ensino Fundamental.<\/strong><\/p>\n\n\n\n<div class=\"wp-block-buttons is-content-justification-center is-layout-flex wp-container-core-buttons-is-layout-16018d1d wp-block-buttons-is-layout-flex\">\n<div class=\"wp-block-button\"><a class=\"wp-block-button__link wp-element-button\" href=\"https:\/\/drive.google.com\/uc?export=download&amp;id=10waGIGzd5EVPIsmeHD-RXLxwqg5OEkpb\" target=\"_blank\" rel=\"noreferrer noopener\">Baixe a atividade<\/a><\/div>\n\n\n\n<div class=\"wp-block-button\"><a class=\"wp-block-button__link wp-element-button\" href=\"https:\/\/drive.google.com\/uc?export=download&amp;id=1snOKzLkm12DZU7xb_OSWQ4UUyw7QIsJv\" target=\"_blank\" rel=\"noreferrer noopener\">Baixe os slides<\/a><\/div>\n\n\n\n<div class=\"wp-block-button\"><a class=\"wp-block-button__link wp-element-button\" href=\"https:\/\/drive.google.com\/uc?export=download&amp;id=1VhHwGnex4lH9jx6xQO1czrQCSiISW1BU\" target=\"_blank\" rel=\"noreferrer noopener\">Baixe o texto<\/a><\/div>\n<\/div>\n\n\n\n<p><\/p>\n\n\n<div class=\"wp-block-image\">\n<figure class=\"aligncenter size-full is-resized\"><img fetchpriority=\"high\" decoding=\"async\" src=\"https:\/\/sme.goiania.go.gov.br\/conexaoescola\/wp-content\/uploads\/2022\/05\/1-6-e1651863053929.jpg\" alt=\"\" class=\"wp-image-143214\" width=\"475\" height=\"485\"\/><figcaption class=\"wp-element-caption\">Dispon\u00edvel em: &lt;https:\/\/www.canva.com\/design\/&gt;. Acesso em 6, abril de&nbsp; 2022.<\/figcaption><\/figure><\/div>\n\n\n<p class=\"has-text-align-center has-background has-medium-font-size\" style=\"background-color:#dce5ea\">&nbsp;&nbsp;<strong>ASSISTA A VIDEOAULA A SEGUIR<\/strong>:<\/p>\n\n\n\n<figure class=\"wp-block-embed is-type-video is-provider-youtube wp-block-embed-youtube wp-embed-aspect-16-9 wp-has-aspect-ratio\"><div class=\"wp-block-embed__wrapper\">\n<p class=\"responsive-video-wrap clr\"><iframe title=\"Aprender Sempre - L. Portuguesa - 5\u00ba Ano - 2\u00ba Bim - Videoaula 2 - Estudando a Pontua\u00e7\u00e3o em Lendas\" width=\"1200\" height=\"675\" src=\"https:\/\/www.youtube.com\/embed\/SESzJbJeSUM?feature=oembed\" frameborder=\"0\" allow=\"accelerometer; autoplay; clipboard-write; encrypted-media; gyroscope; picture-in-picture; web-share\" allowfullscreen><\/iframe><\/p>\n<\/div><figcaption class=\"wp-element-caption\">Canal Portal Conex\u00e3o Escola &#8220;Aprender Sempre &#8211; L. Portuguesa &#8211; 5\u00ba Ano &#8211; 2\u00ba Bim &#8211; Videoaula 2 &#8211; Estudando a Pont&#8221;. Dispon\u00edvel em: &lt;https:\/\/youtu.be\/SESzJbJeSUM&gt;. Acesso em: 09 Mai 2022.<\/figcaption><\/figure>\n\n\n\n<p class=\"has-text-align-center has-background has-medium-font-size\" style=\"background-color:#dce5ea\"><strong>Estudando a pontua\u00e7\u00e3o em lendas<\/strong><\/p>\n\n\n\n<p class=\"has-medium-font-size\">&nbsp;OL\u00c1 ESTUDANTE!<\/p>\n\n\n\n<p class=\"has-medium-font-size\">Voc\u00ea j\u00e1 ouviu falar em lendas?<\/p>\n\n\n\n<p class=\"has-medium-font-size\">A Lenda \u00e9 um g\u00eanero textual que se refere a uma narrativa tradicional que apresenta caracter\u00edsticas fant\u00e1sticas, misteriosas e muitas vezes sobrenaturais.<\/p>\n\n\n\n<p class=\"has-medium-font-size\">S\u00e3o transmitidas oralmente ao longo do tempo e t\u00eam como objetivo entreter, ensinar valores culturais, explicar fen\u00f4menos naturais ou transmitir ensinamentos morais.<\/p>\n\n\n\n<p class=\"has-medium-font-size\">Lendas frequentemente incluem elementos sobrenaturais, como criaturas m\u00edticas, seres m\u00e1gicos, deuses ou eventos extraordin\u00e1rios.<\/p>\n\n\n\n<p class=\"has-medium-font-size\">A palavra &#8220;lenda&#8221; tem origem no latim &#8220;legenda&#8221;, que significa\u201co que deve ser lido\u201d.<\/p>\n\n\n\n<p class=\"has-medium-font-size\">No folclore brasileiro, as lendas mais conhecidas s\u00e3o: Curupira, Saci-perer\u00ea, A sereia Iara, Mula-sem-cabe\u00e7a, Boto cor-de-rosa, Boitat\u00e1, entre outros.<\/p>\n\n\n\n<p class=\"has-medium-font-size\">E voc\u00ea sabia que ao escrever um texto precisamos ficar atentos quanto a pontua\u00e7\u00e3o?<\/p>\n\n\n\n<p class=\"has-medium-font-size\">A pontua\u00e7\u00e3o \u00e9 muito importante para que os leitores compreendam a hist\u00f3ria.<\/p>\n\n\n\n<p class=\"has-medium-font-size\">Os sinais de pontua\u00e7\u00e3o s\u00e3o elementos gr\u00e1ficos utilizados na escrita para indicar pausas, entona\u00e7\u00f5es, rela\u00e7\u00f5es sint\u00e1ticas e estrutura\u00e7\u00e3o do discurso. De acordo com a pontua\u00e7\u00e3o, muda-se o sentido.<\/p>\n\n\n\n<p class=\"has-medium-font-size\">Os sinais de pontua\u00e7\u00e3o que mais se destacam s\u00e3o: travess\u00e3o, dois pontos, ponto final, ponto de exclama\u00e7\u00e3o e ponto de interroga\u00e7\u00e3o.<\/p>\n\n\n\n<p class=\"has-text-align-center has-background has-medium-font-size\" style=\"background-color:#dce5ea\"><strong>Atividades<\/strong><\/p>\n\n\n\n<p class=\"has-text-align-left has-black-color has-text-color has-background has-medium-font-size\" style=\"background-color:#f3d9e0\"><strong>QUEST\u00c3O 1<\/strong><\/p>\n\n\n\n<p class=\"has-medium-font-size\">Voc\u00ea sabia que as lendas s\u00e3o relatos contados? Isso mesmo! Lenda \u00e9 um g\u00eanero textual que se refere a uma narrativa tradicional que apresenta caracter\u00edsticas fant\u00e1sticas, misteriosas e muitas vezes sobrenaturais. Observe a lenda seguinte e pontue corretamente para que o texto tenha sentido:<\/p>\n\n\n<div class=\"wp-block-image\">\n<figure class=\"aligncenter size-full is-resized\"><img decoding=\"async\" src=\"https:\/\/sme.goiania.go.gov.br\/conexaoescola\/wp-content\/uploads\/2022\/05\/1-7-e1651863337409.jpg\" alt=\"\" class=\"wp-image-143216\" width=\"859\" height=\"464\" srcset=\"https:\/\/sme.goiania.go.gov.br\/conexaoescola\/wp-content\/uploads\/2022\/05\/1-7-e1651863337409.jpg 738w, https:\/\/sme.goiania.go.gov.br\/conexaoescola\/wp-content\/uploads\/2022\/05\/1-7-e1651863337409-300x162.jpg 300w\" sizes=\"(max-width: 859px) 100vw, 859px\" \/><figcaption class=\"wp-element-caption\">Dispon\u00edvel em: &lt;https:\/\/www.canva.com\/design\/ &gt; Acesso em 6, abril&nbsp; 2022.<\/figcaption><\/figure><\/div>\n\n\n<p class=\"has-text-align-left has-black-color has-text-color has-background has-medium-font-size\" style=\"background-color:#f3d9e0\"><strong>QUEST\u00c3O 2<\/strong><\/p>\n\n\n\n<p class=\"has-medium-font-size\">Ao escrever um texto precisamos ficar atentos quanto a pontua\u00e7\u00e3o. A pontua\u00e7\u00e3o \u00e9 muito importante para que os leitores compreendam a hist\u00f3ria. Os sinais de pontua\u00e7\u00e3o s\u00e3o elementos gr\u00e1ficos utilizados na escrita para indicar pausas, entona\u00e7\u00f5es, rela\u00e7\u00f5es sint\u00e1ticas e estrutura\u00e7\u00e3o do discurso. Sabendo disso, em qual situa\u00e7\u00e3o voc\u00ea usaria ponto final?<\/p>\n\n\n\n<p class=\"has-medium-font-size\">(A) Ao separar itens em uma lista.<\/p>\n\n\n\n<p class=\"has-medium-font-size\">(B) Para indicar uma pausa breve.<\/p>\n\n\n\n<p class=\"has-medium-font-size\">(C) Ao finalizar uma frase declarativa.<\/p>\n\n\n\n<p class=\"has-medium-font-size\">(D) Ao marcar o in\u00edcio de uma pergunta.<\/p>\n\n\n\n<p class=\"has-medium-font-size\">(E) Para destacar fala direta ou cita\u00e7\u00f5es.<\/p>\n\n\n\n<p><\/p>\n\n\n\n<p class=\"has-text-align-left has-black-color has-text-color has-background has-medium-font-size\" style=\"background-color:#f3d9e0\"><strong>QUEST\u00c3O 3<\/strong><\/p>\n\n\n\n<p class=\"has-medium-font-size\">Assinale a op\u00e7\u00e3o que avalia corretamente a pontua\u00e7\u00e3o na seguinte afirma\u00e7\u00e3o sobre a lenda do Drag\u00e3o:<\/p>\n\n\n\n<p class=\"has-background has-medium-font-size\" style=\"background-color:#f6893b\">&#8220;Jo\u00e3o, o corajoso guerreiro, derrotou o drag\u00e3o, que amea\u00e7ava a aldeia com sua f\u00faria.&#8221;<\/p>\n\n\n\n<p class=\"has-medium-font-size\">(A) A pontua\u00e7\u00e3o est\u00e1 correta.<\/p>\n\n\n\n<p class=\"has-medium-font-size\">(B) Deveria haver uma v\u00edrgula ap\u00f3s &#8220;guerreiro&#8221;.<\/p>\n\n\n\n<p class=\"has-medium-font-size\">(C) O ponto final ap\u00f3s &#8220;drag\u00e3o&#8221; deveria ser substitu\u00eddo por dois-pontos.<\/p>\n\n\n\n<p class=\"has-medium-font-size\">(D) Uma v\u00edrgula deveria ser adicionada ap\u00f3s &#8220;aldeia&#8221;.<\/p>\n\n\n\n<p class=\"has-medium-font-size\">(E) Deveria ter v\u00edrgula, apenas ap\u00f3s \u201cguerreiro\u201d e ponto final ap\u00f3s \u201cf\u00faria\u201d<\/p>\n\n\n\n<p><\/p>\n\n\n\n<p class=\"has-text-align-left has-black-color has-text-color has-background has-medium-font-size\" style=\"background-color:#f3d9e0\"><strong>QUEST\u00c3O 4<\/strong><\/p>\n\n\n\n<p class=\"has-medium-font-size\">Nos textos narrativos, como por exemplo nas lendas, podemos usar o discurso direto ou indireto. Na lenda seguinte temos a presen\u00e7a do discurso indireto. Que tal passar o discurso indireto para discurso direto? Leia a lenda e depois, escreva-a transformando o discurso indireto em direto.<\/p>\n\n\n\n<p class=\"has-background has-medium-font-size\" style=\"background-color:#f1c2a1\">Lembre-se: <strong>O discurso direto \u00e9 a transcri\u00e7\u00e3o exata da fala das personagens, sem participa\u00e7\u00e3o do narrador.<\/strong> <strong>No discurso indireto, as informa\u00e7\u00f5es s\u00e3o apresentadas de forma indireta, pela interven\u00e7\u00e3o do narrador.<\/strong><\/p>\n\n\n<div class=\"wp-block-image\">\n<figure class=\"aligncenter size-full is-resized\"><img decoding=\"async\" src=\"https:\/\/sme.goiania.go.gov.br\/conexaoescola\/wp-content\/uploads\/2022\/05\/1-10-e1651863640391.jpg\" alt=\"\" class=\"wp-image-143220\" width=\"834\" height=\"448\" srcset=\"https:\/\/sme.goiania.go.gov.br\/conexaoescola\/wp-content\/uploads\/2022\/05\/1-10-e1651863640391.jpg 655w, https:\/\/sme.goiania.go.gov.br\/conexaoescola\/wp-content\/uploads\/2022\/05\/1-10-e1651863640391-300x161.jpg 300w\" sizes=\"(max-width: 834px) 100vw, 834px\" \/><figcaption class=\"wp-element-caption\">Dispon\u00edvel em: &lt;https:\/\/pixabay.com\/pt\/vectors\/porco-leit%c3%a3o-animal-beb%c3%aa-porco-6991345\/&gt;. Acesso em 6, abril 2022.<\/figcaption><\/figure><\/div>\n\n<div class=\"wp-block-image\">\n<figure class=\"aligncenter size-full is-resized\"><img loading=\"lazy\" decoding=\"async\" src=\"https:\/\/sme.goiania.go.gov.br\/conexaoescola\/wp-content\/uploads\/2022\/05\/1-11-e1651863777841.jpg\" alt=\"\" class=\"wp-image-143221\" width=\"810\" height=\"603\" srcset=\"https:\/\/sme.goiania.go.gov.br\/conexaoescola\/wp-content\/uploads\/2022\/05\/1-11-e1651863777841.jpg 525w, https:\/\/sme.goiania.go.gov.br\/conexaoescola\/wp-content\/uploads\/2022\/05\/1-11-e1651863777841-300x223.jpg 300w\" sizes=\"(max-width: 810px) 100vw, 810px\" \/><\/figure><\/div>\n\n\n<hr class=\"wp-block-separator has-css-opacity\"\/>\n\n\n\n<figure class=\"wp-block-table is-style-stripes\"><table><tbody><tr><td><strong>Componente Curricular:<\/strong><\/td><td>L\u00cdNGUA PORTUGUESA<\/td><\/tr><tr><td><strong>Habilidade:<\/strong><\/td><td>(EF35LP07) Utilizar, ao produzir um texto, conhecimentos lingu\u00edsticos e gramaticais, tais como ortografia, regras b\u00e1sicas de concord\u00e2ncia nominal e verbal, pontua\u00e7\u00e3o (ponto final, ponto de exclama\u00e7\u00e3o, ponto de interroga\u00e7\u00e3o, v\u00edrgulas em enumera\u00e7\u00f5es) e pontua\u00e7\u00e3o do discurso direto, quando for o caso, de acordo com as caracter\u00edsticas do g\u00eanero e a finalidade comunicativa.<br>(EF35LP26) Ler e compreender, com certa autonomia, narrativas ficcionais (contos, cr\u00f4nicas, pe\u00e7as teatrais, entre outros) observando os elementos da estrutura narrativa (enredo, tempo, espa\u00e7o, personagens, narrador) e a constru\u00e7\u00e3o do discurso indireto e discurso direto.<\/td><\/tr><tr><td><strong>Refer\u00eancias:<\/strong><\/td><td>GOI\u00c2NIA. Secretaria Municipal de Educa\u00e7\u00e3o. Aprender sempre. 5\u00b0. Ano &#8211; Ensino Fundamental; L\u00edngua Portuguesa e Matem\u00e1tica; 2\u00b0. Bimestre; Goi\u00e2nia, 2022.<br>Projeto Buriti. Portugu\u00eas. (Cole\u00e7\u00e3o do 2\u00ba ao 5\u00ba ano). S\u00e3o Paulo: Moderna, 2017.<\/td><\/tr><\/tbody><\/table><\/figure>\n","protected":false},"author":45,"featured_media":143214,"template":"","ef_categoria":[],"ef_ano":[88],"ef_componente":[93],"class_list":["post-143388","ensino_fundamental","type-ensino_fundamental","status-publish","has-post-thumbnail","hentry","ef_ano-5o-ano","ef_componente-portugues","entry","has-media"],"acf":[],"_links":{"self":[{"href":"https:\/\/sme.goiania.go.gov.br\/conexaoescola\/wp-json\/wp\/v2\/ensino_fundamental\/143388","targetHints":{"allow":["GET"]}}],"collection":[{"href":"https:\/\/sme.goiania.go.gov.br\/conexaoescola\/wp-json\/wp\/v2\/ensino_fundamental"}],"about":[{"href":"https:\/\/sme.goiania.go.gov.br\/conexaoescola\/wp-json\/wp\/v2\/types\/ensino_fundamental"}],"author":[{"embeddable":true,"href":"https:\/\/sme.goiania.go.gov.br\/conexaoescola\/wp-json\/wp\/v2\/users\/45"}],"version-history":[{"count":9,"href":"https:\/\/sme.goiania.go.gov.br\/conexaoescola\/wp-json\/wp\/v2\/ensino_fundamental\/143388\/revisions"}],"predecessor-version":[{"id":176554,"href":"https:\/\/sme.goiania.go.gov.br\/conexaoescola\/wp-json\/wp\/v2\/ensino_fundamental\/143388\/revisions\/176554"}],"wp:featuredmedia":[{"embeddable":true,"href":"https:\/\/sme.goiania.go.gov.br\/conexaoescola\/wp-json\/wp\/v2\/media\/143214"}],"wp:attachment":[{"href":"https:\/\/sme.goiania.go.gov.br\/conexaoescola\/wp-json\/wp\/v2\/media?parent=143388"}],"wp:term":[{"taxonomy":"ef_categoria","embeddable":true,"href":"https:\/\/sme.goiania.go.gov.br\/conexaoescola\/wp-json\/wp\/v2\/ef_categoria?post=143388"},{"taxonomy":"ef_ano","embeddable":true,"href":"https:\/\/sme.goiania.go.gov.br\/conexaoescola\/wp-json\/wp\/v2\/ef_ano?post=143388"},{"taxonomy":"ef_componente","embeddable":true,"href":"https:\/\/sme.goiania.go.gov.br\/conexaoescola\/wp-json\/wp\/v2\/ef_componente?post=143388"}],"curies":[{"name":"wp","href":"https:\/\/api.w.org\/{rel}","templated":true}]}}