{"id":143304,"date":"2022-05-08T21:01:53","date_gmt":"2022-05-09T00:01:53","guid":{"rendered":"https:\/\/sme.goiania.go.gov.br\/conexaoescola\/?post_type=ensino_fundamental&#038;p=143304"},"modified":"2023-08-16T19:30:18","modified_gmt":"2023-08-16T22:30:18","slug":"historia-estatuto-do-idoso","status":"publish","type":"ensino_fundamental","link":"https:\/\/sme.goiania.go.gov.br\/conexaoescola\/ensino_fundamental\/historia-estatuto-do-idoso\/","title":{"rendered":"Hist\u00f3ria &#8211; Estatuto do idoso"},"content":{"rendered":"\n<p class=\"has-text-align-center has-black-color has-text-color has-background has-medium-font-size\" style=\"background-color:#f3f3f3\"><strong>ESTA PROPOSTA DE ATIVIDADE DE HIST\u00d3RIA&nbsp;\u00c9 DESTINADA AOS ESTUDANTES<\/strong>&nbsp;<strong>DO<\/strong>&nbsp;<strong>5\u00ba ANO DO ENSINO FUNDAMENTAL<\/strong>.<\/p>\n\n\n\n<div class=\"wp-block-buttons is-content-justification-center is-layout-flex wp-container-core-buttons-is-layout-16018d1d wp-block-buttons-is-layout-flex\">\n<div class=\"wp-block-button\"><a class=\"wp-block-button__link wp-element-button\" href=\"https:\/\/drive.google.com\/uc?export=download&amp;id=18FTYjnsVqjSlhKwJZiJI5gODBC2Wb2N7\" target=\"_blank\" rel=\"noreferrer noopener\">BAIXE A ATIVIDADE<\/a><\/div>\n\n\n\n<div class=\"wp-block-button\"><a class=\"wp-block-button__link wp-element-button\" href=\"https:\/\/drive.google.com\/uc?export=download&amp;id=1L7tWFIC8aCRWRu-3-QcWRWH4P34UwtOe\" target=\"_blank\" rel=\"noreferrer noopener\">BAIXE OS SLIDES<\/a><\/div>\n\n\n\n<div class=\"wp-block-button\"><a class=\"wp-block-button__link wp-element-button\" href=\"https:\/\/drive.google.com\/uc?export=download&amp;id=1D8XHYD1lscBGCj1vvT2gqJb18N5l5r8w\" target=\"_blank\" rel=\"noreferrer noopener\">BAIXE O TEXTO<\/a><\/div>\n<\/div>\n\n\n\n<p class=\"has-medium-font-size\">Grande parte da popula\u00e7\u00e3o brasileira e mundial \u00e9 composta por pessoas com mais de sessenta anos. No Brasil, para se respeitar os direitos dos idosos foi criada a lei 10.741, no ano de 2003, que ficou conhecida como Estatuto do Idoso.<\/p>\n\n\n\n<p class=\"has-medium-font-size\">Os idosos t\u00eam direito \u00e0 dignidade e n\u00e3o podem ser exclu\u00eddos do conv\u00edvio social e familiar.<\/p>\n\n\n\n<p class=\"has-text-align-center has-black-color has-white-background-color has-text-color has-background has-medium-font-size\"><strong>ESTATUTO DO IDOSO<\/strong><\/p>\n\n\n<div class=\"wp-block-image\">\n<figure class=\"aligncenter size-large is-resized\"><img fetchpriority=\"high\" decoding=\"async\" src=\"https:\/\/sme.goiania.go.gov.br\/conexaoescola\/wp-content\/uploads\/2022\/05\/idoso-original-1024x767.png\" alt=\"\" class=\"wp-image-143309\" width=\"512\" height=\"384\"\/><figcaption class=\"wp-element-caption\"><strong>&nbsp;<\/strong>Dispon\u00edvel em: https:\/\/publicdomainvectors.org\/pt\/vetorial-gratis\/Casal-de-idosos-a-sorrir\/82033.html.Acesso em 04 mai. 2022<br><\/figcaption><\/figure><\/div>\n\n\n<p class=\"has-medium-font-size\">O Estatuto do Idoso que \u00e9 conhecido pela Lei 10.741, promulgada no ano de 2003, \u00e9 uma lei brasileira que estabelece direitos e garantias \u00e0s pessoas com idade igual ou superior a 60 anos.&nbsp;<\/p>\n\n\n\n<p class=\"has-medium-font-size\">Ele assegura, por exemplo, prote\u00e7\u00e3o \u00e0 vida, \u00e0 sa\u00fade, \u00e0 alimenta\u00e7\u00e3o, \u00e0 cultura, ao esporte e ao lazer, al\u00e9m de garantir atendimento de forma priorit\u00e1ria quando os idosos procuram \u00f3rg\u00e3os p\u00fablicos ou empresas privadas.&nbsp;<\/p>\n\n\n\n<p class=\"has-medium-font-size\">A elabora\u00e7\u00e3o do Estatuto do Idoso foi de grande import\u00e2ncia para a sociedade, porque \u00e9 o principal instrumento legal de prote\u00e7\u00e3o dos direitos das pessoas idosas no Brasil. O estatuto estabelece normas e garantias para que os idosos tenham uma vida digna e acessibilidade aos seus direitos fundamentais, como sa\u00fade, habita\u00e7\u00e3o, transporte, lazer, entre outros.&nbsp;<\/p>\n\n\n\n<p class=\"has-medium-font-size\">Para que os idosos sejam verdadeiramente inseridos nos espa\u00e7os sociais, o estatuto tamb\u00e9m prev\u00ea medidas de combate \u00e0 discrimina\u00e7\u00e3o. Infelizmente \u00e9 muito comum que as pessoas idosas tenham dificuldade de se inserir no mercado de trabalho: a idade acaba se tornando um fator que as empresas utilizam para reprovar candidatos.&nbsp;<\/p>\n\n\n\n<p class=\"has-medium-font-size\">A acessibilidade f\u00edsica \u00e9 um direito previsto pela legisla\u00e7\u00e3o e traduz-se na necessidade de que os espa\u00e7os contenham elevadores, rampas, vagas destinadas em estacionamentos e sinaliza\u00e7\u00e3o adequada. O respeito aos direitos dos idosos \u00e9 fundamental para uma sociedade mais inclusiva.<\/p>\n\n\n\n<p class=\"has-text-align-center has-medium-font-size\"><strong>Agora \u00e9 com voc\u00ea, vamos responder algumas quest\u00f5es?<\/strong><\/p>\n\n\n\n<p class=\"has-black-color has-text-color has-background has-medium-font-size\" style=\"background-color:#f3f3f3\"><strong>QUEST\u00c3O 1<\/strong><\/p>\n\n\n\n<p class=\"has-medium-font-size\">Leia a seguir o artigo 9\u00ba do Estatuto do Idoso:<\/p>\n\n\n\n<p class=\"has-medium-font-size\">Art. 9<sup>o<\/sup><strong> <\/strong>\u00c9 obriga\u00e7\u00e3o do Estado garantir \u00e0 pessoa idosa a prote\u00e7\u00e3o \u00e0 vida e \u00e0 sa\u00fade, mediante efetiva\u00e7\u00e3o de pol\u00edticas sociais p\u00fablicas que permitam um envelhecimento saud\u00e1vel e em condi\u00e7\u00f5es de dignidade.<\/p>\n\n\n\n<p class=\"has-medium-font-size\">\u00c9 considerada, pelo Estatuto do Idoso, a pessoa que possui mais de:<\/p>\n\n\n\n<p class=\"has-medium-font-size\">(a) 70 anos.<\/p>\n\n\n\n<p class=\"has-medium-font-size\">(b) 60 anos.<\/p>\n\n\n\n<p class=\"has-medium-font-size\">(c) 65 anos.<\/p>\n\n\n\n<p class=\"has-medium-font-size\">(d) 75 anos.<\/p>\n\n\n\n<p class=\"has-black-color has-text-color has-background has-medium-font-size\" style=\"background-color:#f3f3f3\"><strong>QUEST\u00c3O 2<\/strong><\/p>\n\n\n\n<p class=\"has-medium-font-size\">Fa\u00e7a uma breve entrevista com alguma pessoa idosa que voc\u00ea conhece e registre as informa\u00e7\u00f5es obtidas:<\/p>\n\n\n\n<ul class=\"has-medium-font-size wp-block-list\">\n<li class=\"has-medium-font-size\">Nome do entrevistado:<\/li>\n\n\n\n<li class=\"has-medium-font-size\">Idade do entrevistado:<\/li>\n\n\n\n<li class=\"has-medium-font-size\">O(a) senhor(a) conhece o Estatuto do Idoso?<\/li>\n\n\n\n<li class=\"has-medium-font-size\">Quais os direitos dos idosos que o(a) senhor(a) considera que s\u00e3o mais desrespeitados?<\/li>\n\n\n\n<li class=\"has-medium-font-size\">Quais as dificuldades os idosos encontram na vida em sociedade?<\/li>\n<\/ul>\n\n\n\n<p class=\"has-black-color has-text-color has-background has-medium-font-size\" style=\"background-color:#f3f3f3\"><strong>QUEST\u00c3O 3<\/strong><\/p>\n\n\n\n<p class=\"has-medium-font-size\">Observe a imagem a seguir de um estacionamento:<\/p>\n\n\n\n<p class=\"has-text-align-center\"><img decoding=\"async\" src=\"https:\/\/lh4.googleusercontent.com\/BSuTzaH1AIRiQl8xBG2-9eMxcOuDNI39SRseElxXSf4OMK9u1fmQ9PPJSd0iVqN3bglgJHNRb34wo5rsUG8V-1CUCpA9EZosjQXFuxP9eIPr04_GHJmqNgl1xuPLrP0f-wVy7YmEjCcewvXNjw\" width=\"600\" height=\"400\"><\/p>\n\n\n\n<p class=\"has-text-align-center has-small-font-size\">Dispon\u00edvel em:https:\/\/www.guarulhos.sp.gov.br\/article\/cartao-de-estacionamento-do-idoso-e-emitido-no-mesmo-dia-no-facil-transportesAcesso em 04 mai. 2022<\/p>\n\n\n\n<p class=\"has-medium-font-size\">a) O que a imagem representa?<\/p>\n\n\n\n<p class=\"has-medium-font-size\">b) Qual a import\u00e2ncia da situa\u00e7\u00e3o apresentada na imagem para os idosos?&nbsp;<\/p>\n\n\n\n<p class=\"has-medium-font-size\">c) Voc\u00ea considera que o direito representado na fotografia \u00e9 respeitado? Por qu\u00ea?<\/p>\n\n\n\n<p class=\"has-black-color has-text-color has-background has-medium-font-size\" style=\"background-color:#f3f3f3\"><strong>QUEST\u00c3O 4<\/strong><\/p>\n\n\n\n<p class=\"has-medium-font-size\">A acessibilidade \u00e9 um direito garantido aos idosos, proporcionando que as atividades cotidianas sejam realizadas com seguran\u00e7a e maior facilidade.<\/p>\n\n\n\n<p class=\"has-medium-font-size\">Assinale uma alternativa que indica uma medida de acessibilidade e seguran\u00e7a aos idosos:<\/p>\n\n\n\n<p class=\"has-medium-font-size\">(a) Colocar tapetes em portas.<\/p>\n\n\n\n<p class=\"has-medium-font-size\">(b) Instalar barras de apoio em sanit\u00e1rios.<\/p>\n\n\n\n<p class=\"has-medium-font-size\">(c) Exist\u00eancia exclusiva de escadas para andares superiores.<\/p>\n\n\n\n<p class=\"has-medium-font-size\">(d) Instala\u00e7\u00f5es com pisos deslizantes.<\/p>\n\n\n\n<hr class=\"wp-block-separator has-css-opacity\"\/>\n\n\n\n<p class=\"has-black-color has-text-color has-background has-medium-font-size\" style=\"background-color:#f3f3f3\"><strong>SAIBA MAIS<\/strong><\/p>\n\n\n\n<figure class=\"wp-block-embed is-type-video is-provider-youtube wp-block-embed-youtube wp-embed-aspect-16-9 wp-has-aspect-ratio\"><div class=\"wp-block-embed__wrapper\">\n<p class=\"responsive-video-wrap clr\"><iframe title=\"Ser idoso \u00e9...\" width=\"1200\" height=\"675\" src=\"https:\/\/www.youtube.com\/embed\/fTbFrKA_YSo?feature=oembed\" frameborder=\"0\" allow=\"accelerometer; autoplay; clipboard-write; encrypted-media; gyroscope; picture-in-picture; web-share\" allowfullscreen><\/iframe><\/p>\n<\/div><figcaption class=\"wp-element-caption\">Canal Lorena Guimar\u00e3es de Oliveira \u201cSer idoso \u00e9&#8230;\u201d. Dispon\u00edvel em: &lt;https:https:\/\/www.youtube.com\/watch?v=fTbFrKA_YSo&gt;. Acesso em: 06 Mai 2022.<\/figcaption><\/figure>\n\n\n\n<figure class=\"wp-block-embed is-type-video is-provider-youtube wp-block-embed-youtube wp-embed-aspect-16-9 wp-has-aspect-ratio\"><div class=\"wp-block-embed__wrapper\">\n<p class=\"responsive-video-wrap clr\"><iframe title=\"Direitos da Pessoa Idosa\" width=\"1200\" height=\"675\" src=\"https:\/\/www.youtube.com\/embed\/PDdSx8w8AYo?start=36&#038;feature=oembed\" frameborder=\"0\" allow=\"accelerometer; autoplay; clipboard-write; encrypted-media; gyroscope; picture-in-picture; web-share\" allowfullscreen><\/iframe><\/p>\n<\/div><figcaption class=\"wp-element-caption\">Canal Acervo Educa Play PR &#8220;Direitos da Pessoa Idosa&#8221;. Dispon\u00edvel em: &lt;https:\/\/www.youtube.com\/watch?v=PDdSx8w8AYo&amp;t=36s&gt;. Acesso em: 12 Jun 2022.<\/figcaption><\/figure>\n\n\n\n<hr class=\"wp-block-separator has-css-opacity\"\/>\n\n\n\n<figure class=\"wp-block-table is-style-stripes\"><table><tbody><tr><td><strong>Autoria:<\/strong><\/td><td>Lorena Guimar\u00e3es<\/td><\/tr><tr><td><strong>Forma\u00e7\u00e3o:<\/strong><\/td><td>Formada em Pedagogia e Letras<\/td><\/tr><tr><td><strong>Componente<\/strong>:<\/td><td>Hist\u00f3ria<\/td><\/tr><tr><td><strong>Habilidade<\/strong>:<\/td><td>(GO-EF05HI05-B) Conhecer os principais direitos e deveres contidos nos Estatutos Brasileiros, como Estatuto da Crian\u00e7a e do Adolescente (ECA), Estatuto do Idoso, Estatuto do Deficiente, Estatuto da Igualdade Racial, compreendendo-os como conquista de direito social hist\u00f3rico.<\/td><\/tr><tr><td><strong>Refer\u00eancias:<\/strong><\/td><td>ACERVO EDUCA PLAY PR. Direitos da Pessoa Idosa. Dispon\u00edvel em: https:\/\/www.youtube.com\/watch?v=PDdSx8w8AYo. Acesso em 05 mai. 2022.<br><br>CONGRESSO NACIONAL. O que \u00e9? Dispon\u00edvel em: https:\/\/www2.congressonacional.leg.br\/visite\/o-que-e Acesso em 05 mai. 2022.&nbsp;<br><br>C\u00c2MARA DOS DEPUTADOS. Viol\u00eancia contra o idoso. Dispon\u00edvel em: https:\/\/www.camara.leg.br\/tv\/524124-violencia-contra-o-idoso\/. Acesso em: 05 mai. 2022.<br><br>GOI\u00c1S. Documento Curricular para Goi\u00e1s \u2013 Ampliado. Volume II. Ensino Fundamental Anos Finais. CONSED; UNDIME, 2018. 433 p. Dispon\u00edvel em &lt;<a href=\"https:\/\/sme.goiania.go.gov.br\/site\/index.php\/institucional\/documentos-oficiais-2\/category\/27-documentos-gerais&amp;gt&amp;gt\">sme.goiania.go.gov.br\/site\/index.php\/institucional\/documentos-oficiais-2\/category\/27-documentos-gerais&amp;gt&amp;gt<\/a>;. Acesso em 23\/03\/2023.<br><br>GOI\u00c1S. Documento Curricular para Goi\u00e1s \u2013 Ampliado. Cortes Temporais. CONSED; UNDIME, 2019. p. 143. Dispon\u00edvel em: &lt;<a href=\"https:\/\/sme.goiania.go.gov.br\/site\/index.php\/institucional\/documentos-oficiais-2\">sme.goiania.go.gov.br\/site\/index.php\/institucional\/documentos-oficiais-2 &gt;&nbsp;<\/a>. Acesso em 23\/03\/2023.<br><br>PLANALTO. Estatuto do Idoso. Dispon\u00edvel em:http:\/\/www.planalto.gov.br\/ccivil_03\/leis\/2003\/l10.741.htm. Acesso em 05 mai. 2022.<br><br>UNIVERSIDADE DE S\u00c3O PAULO. Em 2030, Brasil ter\u00e1 a quinta popula\u00e7\u00e3o mais idosa do mundo. Dispon\u00edvel em: https:\/\/jornal.usp.br\/atualidades\/em-2030-brasil-tera-a-quinta-populacao-mais-idosa-do-mundo\/. Acesso em 05 mai. 2022.<\/td><\/tr><\/tbody><\/table><\/figure>\n\n\n\n<p><\/p>\n","protected":false},"author":59,"featured_media":143309,"template":"","ef_categoria":[13,20],"ef_ano":[88],"ef_componente":[95],"class_list":["post-143304","ensino_fundamental","type-ensino_fundamental","status-publish","has-post-thumbnail","hentry","ef_categoria-ciclo-da-infancia-abc","ef_categoria-etica-e-cidadania","ef_ano-5o-ano","ef_componente-historia","entry","has-media"],"acf":[],"_links":{"self":[{"href":"https:\/\/sme.goiania.go.gov.br\/conexaoescola\/wp-json\/wp\/v2\/ensino_fundamental\/143304","targetHints":{"allow":["GET"]}}],"collection":[{"href":"https:\/\/sme.goiania.go.gov.br\/conexaoescola\/wp-json\/wp\/v2\/ensino_fundamental"}],"about":[{"href":"https:\/\/sme.goiania.go.gov.br\/conexaoescola\/wp-json\/wp\/v2\/types\/ensino_fundamental"}],"author":[{"embeddable":true,"href":"https:\/\/sme.goiania.go.gov.br\/conexaoescola\/wp-json\/wp\/v2\/users\/59"}],"version-history":[{"count":2,"href":"https:\/\/sme.goiania.go.gov.br\/conexaoescola\/wp-json\/wp\/v2\/ensino_fundamental\/143304\/revisions"}],"predecessor-version":[{"id":167948,"href":"https:\/\/sme.goiania.go.gov.br\/conexaoescola\/wp-json\/wp\/v2\/ensino_fundamental\/143304\/revisions\/167948"}],"wp:featuredmedia":[{"embeddable":true,"href":"https:\/\/sme.goiania.go.gov.br\/conexaoescola\/wp-json\/wp\/v2\/media\/143309"}],"wp:attachment":[{"href":"https:\/\/sme.goiania.go.gov.br\/conexaoescola\/wp-json\/wp\/v2\/media?parent=143304"}],"wp:term":[{"taxonomy":"ef_categoria","embeddable":true,"href":"https:\/\/sme.goiania.go.gov.br\/conexaoescola\/wp-json\/wp\/v2\/ef_categoria?post=143304"},{"taxonomy":"ef_ano","embeddable":true,"href":"https:\/\/sme.goiania.go.gov.br\/conexaoescola\/wp-json\/wp\/v2\/ef_ano?post=143304"},{"taxonomy":"ef_componente","embeddable":true,"href":"https:\/\/sme.goiania.go.gov.br\/conexaoescola\/wp-json\/wp\/v2\/ef_componente?post=143304"}],"curies":[{"name":"wp","href":"https:\/\/api.w.org\/{rel}","templated":true}]}}