{"id":142933,"date":"2022-05-02T10:52:04","date_gmt":"2022-05-02T13:52:04","guid":{"rendered":"https:\/\/sme.goiania.go.gov.br\/conexaoescola\/?post_type=ensino_fundamental&#038;p=142933"},"modified":"2024-02-21T10:38:10","modified_gmt":"2024-02-21T13:38:10","slug":"historia-escola-e-familia-funcoes-e-papeis","status":"publish","type":"ensino_fundamental","link":"https:\/\/sme.goiania.go.gov.br\/conexaoescola\/ensino_fundamental\/historia-escola-e-familia-funcoes-e-papeis\/","title":{"rendered":"HIST\u00d3RIA &#8211; ESCOLA E FAM\u00cdLIA: FUN\u00c7\u00d5ES E PAP\u00c9IS"},"content":{"rendered":"\n<p class=\"has-text-align-center has-background has-medium-font-size\" style=\"background-color:#f8f6f1\"> ESTA PROPOSTA  DE ATIVIDADE DE\u00a0<strong>HIST\u00d3RIA<\/strong> \u00c9 DESTINADA AOS ESTUDANTES DO\u00a0<strong>1\u00ba ANO DOS ANOS INICIAIS DO ENSINO FUNDAMENTAL.<\/strong><\/p>\n\n\n\n<p class=\"has-text-align-center\"><img decoding=\"async\" width=\"1181px;\" height=\"664px;\" src=\"https:\/\/lh3.googleusercontent.com\/ZfyyBuD8fD8mvdSG_SZKC9PtR1ztlQATNK709DeQPkePXS57BXGbFplYOOVcaM5A8kH6nfj5QpVsIL5LW80zlPoUf4hdRQS4a_a75O_z5a4lf1X3Nj_3GcCP9Z5ksM4AESJ5QHiLW7A\"><\/p>\n\n\n\n<hr class=\"wp-block-separator has-css-opacity\"\/>\n\n\n\n<div class=\"wp-block-buttons is-content-justification-center is-layout-flex wp-container-core-buttons-is-layout-16018d1d wp-block-buttons-is-layout-flex\">\n<div class=\"wp-block-button\"><a class=\"wp-block-button__link wp-element-button\" href=\"https:\/\/docs.google.com\/document\/d\/1e8V36Uc7spmcTSjsempG13aBaZcHhLBb\/copy\" target=\"_blank\" rel=\"noreferrer noopener\">BAIXE AS ATIVIDADES<\/a><\/div>\n\n\n\n<div class=\"wp-block-button\"><a class=\"wp-block-button__link wp-element-button\" href=\"https:\/\/docs.google.com\/presentation\/d\/1LxaW5OjZ9D9BJ92Cozx5TQI3loZInlsI\/copy\" target=\"_blank\" rel=\"noreferrer noopener\">BAIXE OS SLIDES <\/a><\/div>\n<\/div>\n\n\n\n<p class=\"has-text-align-center has-black-color has-text-color has-background has-medium-font-size\" style=\"background-color:#f9e5e5\">ESCOLA \u00c9 A INSTITUI\u00c7\u00c3O QUE FORNECE O PROCESSO DE ENSINO PARA DISCENTES (ALUNOS), COM O OBJETIVO DE&nbsp;FORMAR E DESENVOLVER CADA INDIV\u00cdDUO EM SEU ASPECTO CULTURAL, SOCIAL E COGNITIVO. <\/p>\n\n\n\n<p class=\"has-text-align-center has-black-color has-text-color has-background has-medium-font-size\" style=\"background-color:#eaf7f2\">\u00c9 MUITO IMPORTANTE A PARCERIA ENTRE ESCOLA E FAM\u00cdLIA PARA O BOM DESENVOLVIMENTO DA CRIAN\u00c7A.<\/p>\n\n\n\n<hr class=\"wp-block-separator has-css-opacity\"\/>\n\n\n\n<p class=\"has-text-align-center has-background has-medium-font-size\" style=\"background-color:#f2e7f7\">VAMOS VER O VIDEO A SEGUIR E SABER UM POUCO MAIS SOBRE A FAM\u00cdLIA.<\/p>\n\n\n\n<figure class=\"wp-block-embed is-type-video is-provider-youtube wp-block-embed-youtube wp-embed-aspect-16-9 wp-has-aspect-ratio\"><div class=\"wp-block-embed__wrapper\">\n<p class=\"responsive-video-wrap clr\"><iframe title=\"FAM\u00cdLIA \/  M\u00c3ES  \/ DIFERENTES FAM\u00cdLIAS \/ V\u00cdDEO AULA EDUCA\u00c7\u00c3O INFANTIL\" width=\"1200\" height=\"675\" src=\"https:\/\/www.youtube.com\/embed\/MBB7prLdluI?feature=oembed\" frameborder=\"0\" allow=\"accelerometer; autoplay; clipboard-write; encrypted-media; gyroscope; picture-in-picture; web-share\" allowfullscreen><\/iframe><\/p>\n<\/div><figcaption class=\"wp-element-caption\">CANAL: VANESSA MENDES &#8220;<a rel=\"noreferrer noopener\" href=\"https:\/\/www.youtube.com\/watch?v=MBB7prLdluI\" target=\"_blank\">FAM\u00cdLIA \/ M\u00c3ES \/ DIFERENTES FAM\u00cdLIAS \/ V\u00cdDEO AULA EDUCA\u00c7\u00c3O IN<\/a>&#8220;. Dispon\u00edvel em:  &lt;<a href=\"https:\/\/youtu.be\/MBB7prLdluI\">https:\/\/youtu.be\/MBB7prLdluI<\/a>&gt; . Acesso em: 02 Mai. 2022.<\/figcaption><\/figure>\n\n\n\n<hr class=\"wp-block-separator has-css-opacity\"\/>\n\n\n\n<p class=\"has-text-align-center has-black-color has-text-color has-background has-medium-font-size\" style=\"background-color:#f7ede6\"><strong>ESCOLA<\/strong><\/p>\n\n\n\n<p class=\"has-text-align-center has-background has-medium-font-size\" style=\"background-color:#edf9f4\">\u00c9 A INSTITUI\u00c7\u00c3O QUE FORNECE O PROCESSO DE ENSINO PARA DISCENTES (ALUNOS), COM O OBJETIVO DE&nbsp;FORMAR E DESENVOLVER CADA INDIV\u00cdDUO EM SEU ASPECTO CULTURAL, SOCIAL E COGNITIVO;<\/p>\n\n\n\n<p class=\"has-text-align-center has-black-color has-text-color has-background has-medium-font-size\" style=\"background-color:#f3ecfa\">EXISTEM V\u00c1RIOS TIPOS DE CONSTITUI\u00c7\u00c3O FAMILIAR E CADA CRIAN\u00c7A TEM UM TIPO DE FAM\u00cdLIA; CADA FAMILIAR TEM UM FUN\u00c7\u00c3O E DESEMPENHA UM PAPEL IMPORTANTE NA VIDA DAS CRIAN\u00c7AS, TANTO NA SUA CONVIV\u00caNCIA EM FAM\u00cdLIA COMO NO AMBIENTE ESCOLAR<\/p>\n\n\n\n<p class=\"has-text-align-center has-black-color has-text-color has-background has-medium-font-size\" style=\"background-color:#f8f7f3\">A SINTONIA ENTRE FAM\u00cdLIA E ESCOLA \u00c9 IMPRESCIND\u00cdVEL PARA O DESENVOLVIMENTO DA CRIAN\u00c7A E O PROCESSO DE APRENDIZAGEM SEJAM AMPLIADOS.\u00a0<\/p>\n\n\n\n<hr class=\"wp-block-separator has-css-opacity\"\/>\n\n\n\n<p class=\"has-text-align-center has-black-color has-text-color has-medium-font-size\">HORA DA ATIVIDADE &#8211; VAMOS RESOLVER A ATIVIDADE A SEGUIR?<\/p>\n\n\n\n<p class=\"has-background has-medium-font-size\" style=\"background-color:#e0eef3\"><strong>QUEST\u00c3O 1<\/strong><\/p>\n\n\n\n<p class=\"has-medium-font-size\">HOJE VAMOS FAZER UMA LISTA DE TUDO QUE PODEMOS FAZER NA ESCOLA. VAMOS L\u00c1?<\/p>\n\n\n\n<figure class=\"wp-block-table is-style-regular\"><table><tbody><tr><td><br><img fetchpriority=\"high\" decoding=\"async\" width=\"327\" height=\"184\" src=\"https:\/\/lh4.googleusercontent.com\/5SkGiWgLKaoHpKp9JXvyl7fLsJe6oRjdaI4Z0nXyPt3K5MtbeztAbeqOgvbOnd_3r1dmEATytEwV2U0POYXM3hNdYdQO8Vp7Wcx9kOcMbVme0elalLXfcbsDWnMu1O2-rGEsjk91yRnZ0vnK7w\"><\/td><td class=\"has-text-align-center\" data-align=\"center\"><br>____________________________<br><br>____________________________<br><br>____________________________<br><br>____________________________<br><br>____________________________<br><br>____________________________<br><br>____________________________<br><br>____________________________<\/td><\/tr><\/tbody><\/table><\/figure>\n\n\n\n<hr class=\"wp-block-separator has-css-opacity\"\/>\n\n\n\n<p class=\"has-background has-medium-font-size\" style=\"background-color:#e9f1f4\"><a href=\"https:\/\/sme.goiania.go.gov.br\/conexaoescola\/propostas_didaticas\/propostas-didaticas-historia-1o-ano\/\" target=\"_blank\" rel=\"noreferrer noopener\">https:\/\/sme.goiania.go.gov.br\/conexaoescola\/propostas_didaticas\/propostas-didaticas-historia-1o-ano\/<\/a><strong>Acesse os materiais referentes a essa atividade clicando aqui:<\/strong> <\/p>\n\n\n\n<hr class=\"wp-block-separator has-css-opacity\"\/>\n\n\n\n<figure class=\"wp-block-table is-style-stripes\"><table><tbody><tr><td><strong>Componente Curricular:<\/strong><\/td><td>HIST\u00d3RIA<\/td><\/tr><tr><td><strong>Habilidade:<\/strong><\/td><td>(EF01HI06) CONHECER AS HIST\u00d3RIAS DA FAM\u00cdLIA E DA ESCOLA E IDENTIFICAR O PAPEL DESEMPENHADO POR DIFERENTES SUJEITOS EM DIFERENTES ESPA\u00c7OS;&nbsp;(GO-EF01HI06-A) REFLETIR SOBRE AS DIFERENTES FUN\u00c7\u00d5ES QUE AS PESSOAS DESEMPENHAM NA SOCIEDADE, FAM\u00cdLIA, COMUNIDADE E INSTITUI\u00c7\u00c3O ESCOLAR, NO \u00c2MBITO INDIVIDUAL E COLETIVO;&nbsp;(EF01HI07) IDENTIFICAR MUDAN\u00c7AS E PERMAN\u00caNCIAS NAS FORMAS DE ORGANIZA\u00c7\u00c3O FAMILIAR.<\/td><\/tr><\/tbody><\/table><\/figure>\n\n\n\n<hr class=\"wp-block-separator has-css-opacity\"\/>\n\n\n\n<figure class=\"wp-block-table is-style-stripes\"><table><tbody><tr><td>REFER\u00caNCIAS<\/td><td>GOVERNO DO ESTADO DE GOI\u00c1S. SECRET\u00c1RIA DE ESTADO DE EDUCA\u00c7\u00c3O \u2013 SEDUC\/CONSED. DOCUMENTO CURRICULAR PARA GOI\u00c1S \u2013 AMPLIADO: <strong>VOLUME II ENSINO FUNDAMENTAL ANOS INICIAIS<\/strong>.\u00a0<br>IMAGENS RETIRADAS DO SITE: CANVA<\/td><\/tr><\/tbody><\/table><\/figure>\n\n\n\n<p><\/p>\n","protected":false},"author":39,"featured_media":2269,"template":"","ef_categoria":[30],"ef_ano":[84],"ef_componente":[95],"class_list":["post-142933","ensino_fundamental","type-ensino_fundamental","status-publish","has-post-thumbnail","hentry","ef_categoria-etica-e-cidadania-ciclo-da-adolescencia-fg","ef_ano-1o-ano","ef_componente-historia","entry","has-media"],"acf":[],"_links":{"self":[{"href":"https:\/\/sme.goiania.go.gov.br\/conexaoescola\/wp-json\/wp\/v2\/ensino_fundamental\/142933","targetHints":{"allow":["GET"]}}],"collection":[{"href":"https:\/\/sme.goiania.go.gov.br\/conexaoescola\/wp-json\/wp\/v2\/ensino_fundamental"}],"about":[{"href":"https:\/\/sme.goiania.go.gov.br\/conexaoescola\/wp-json\/wp\/v2\/types\/ensino_fundamental"}],"author":[{"embeddable":true,"href":"https:\/\/sme.goiania.go.gov.br\/conexaoescola\/wp-json\/wp\/v2\/users\/39"}],"version-history":[{"count":2,"href":"https:\/\/sme.goiania.go.gov.br\/conexaoescola\/wp-json\/wp\/v2\/ensino_fundamental\/142933\/revisions"}],"predecessor-version":[{"id":177397,"href":"https:\/\/sme.goiania.go.gov.br\/conexaoescola\/wp-json\/wp\/v2\/ensino_fundamental\/142933\/revisions\/177397"}],"wp:featuredmedia":[{"embeddable":true,"href":"https:\/\/sme.goiania.go.gov.br\/conexaoescola\/wp-json\/wp\/v2\/media\/2269"}],"wp:attachment":[{"href":"https:\/\/sme.goiania.go.gov.br\/conexaoescola\/wp-json\/wp\/v2\/media?parent=142933"}],"wp:term":[{"taxonomy":"ef_categoria","embeddable":true,"href":"https:\/\/sme.goiania.go.gov.br\/conexaoescola\/wp-json\/wp\/v2\/ef_categoria?post=142933"},{"taxonomy":"ef_ano","embeddable":true,"href":"https:\/\/sme.goiania.go.gov.br\/conexaoescola\/wp-json\/wp\/v2\/ef_ano?post=142933"},{"taxonomy":"ef_componente","embeddable":true,"href":"https:\/\/sme.goiania.go.gov.br\/conexaoescola\/wp-json\/wp\/v2\/ef_componente?post=142933"}],"curies":[{"name":"wp","href":"https:\/\/api.w.org\/{rel}","templated":true}]}}