{"id":142917,"date":"2022-05-02T09:01:00","date_gmt":"2022-05-02T12:01:00","guid":{"rendered":"https:\/\/sme.goiania.go.gov.br\/conexaoescola\/?post_type=ensino_fundamental&#038;p=142917"},"modified":"2024-02-14T19:25:32","modified_gmt":"2024-02-14T22:25:32","slug":"lingua-portuguesa-ler-para-estudar-artigo-de-divulgacao-cientifica","status":"publish","type":"ensino_fundamental","link":"https:\/\/sme.goiania.go.gov.br\/conexaoescola\/ensino_fundamental\/lingua-portuguesa-ler-para-estudar-artigo-de-divulgacao-cientifica\/","title":{"rendered":"L\u00edngua Portuguesa &#8211; Ler para estudar: artigo de divulga\u00e7\u00e3o cient\u00edfica"},"content":{"rendered":"\n<p class=\"has-text-align-center has-black-color has-text-color has-background has-medium-font-size\" style=\"background-color:#ffedba\">Esta atividade de\u00a0<strong>L\u00edngua Portuguesa<\/strong>\u00a0tem como base as sequ\u00eancias did\u00e1ticas propostas pelo\u00a0<strong>Programa Aprender Sempre<\/strong>, da SME-Goi\u00e2nia, com base no DC\/GO \u2013 Ampliado e est\u00e1 destinada a estudantes do\u00a0<strong>6\u00ba ano<\/strong>\u00a0do Ensino Fundamental.<\/p>\n\n\n\n<div class=\"wp-block-buttons is-content-justification-center is-layout-flex wp-container-core-buttons-is-layout-16018d1d wp-block-buttons-is-layout-flex\">\n<div class=\"wp-block-button\"><a class=\"wp-block-button__link wp-element-button\" href=\"https:\/\/drive.google.com\/uc?export=download&amp;id=1CvkUcAetrtBk_Ht4Qp9PViQPJZXEDTRp\" target=\"_blank\" rel=\"noreferrer noopener\">BAIXE A ATIVIDADE<\/a><\/div>\n\n\n\n<div class=\"wp-block-button\"><a class=\"wp-block-button__link wp-element-button\" href=\"https:\/\/drive.google.com\/uc?export=download&amp;id=1brkDnYEmSaXDsPbZdmEnVSAW9oQYkjLH\" target=\"_blank\" rel=\"noreferrer noopener\">BAIXE OS SLIDES<\/a><\/div>\n\n\n\n<div class=\"wp-block-button\"><a class=\"wp-block-button__link wp-element-button\" href=\"https:\/\/drive.google.com\/uc?export=download&amp;id=1WyXJhm0WrRTRfHSXp7ASEOzo3WRJL-2y\" target=\"_blank\" rel=\"noreferrer noopener\">BAIXE O TEXTO<\/a><\/div>\n<\/div>\n\n\n<div class=\"wp-block-image\">\n<figure class=\"aligncenter size-large is-resized\"><img fetchpriority=\"high\" decoding=\"async\" src=\"https:\/\/sme.goiania.go.gov.br\/conexaoescola\/wp-content\/uploads\/2022\/05\/boys-ge1a25714e_1280-e1651491902274-810x1024.png\" alt=\"\" class=\"wp-image-142918\" width=\"362\" height=\"458\" srcset=\"https:\/\/sme.goiania.go.gov.br\/conexaoescola\/wp-content\/uploads\/2022\/05\/boys-ge1a25714e_1280-e1651491902274-810x1024.png 810w, https:\/\/sme.goiania.go.gov.br\/conexaoescola\/wp-content\/uploads\/2022\/05\/boys-ge1a25714e_1280-e1651491902274-237x300.png 237w, https:\/\/sme.goiania.go.gov.br\/conexaoescola\/wp-content\/uploads\/2022\/05\/boys-ge1a25714e_1280-e1651491902274-768x971.png 768w, https:\/\/sme.goiania.go.gov.br\/conexaoescola\/wp-content\/uploads\/2022\/05\/boys-ge1a25714e_1280-e1651491902274.png 1012w\" sizes=\"(max-width: 362px) 100vw, 362px\" \/><figcaption class=\"wp-element-caption\">Leitura. Dispon\u00edvel em: &lt;<a href=\"https:\/\/pixabay.com\/images\/id-1825416\/\">https:\/\/pixabay.com\/images\/id-1825416\/<\/a>&gt;&nbsp; Acesso em 30, mar. 22<\/figcaption><\/figure><\/div>\n\n\n<p class=\"has-medium-font-size\">Quando lemos algo, lemos com determinados objetivos, seja colher alguma informa\u00e7\u00e3o, relaxar, aprender a fazer algo ou, at\u00e9 mesmo, passar o tempo. Ao se preparar para uma apresenta\u00e7\u00e3o ou uma prova na escola, ou seja, para estudar um tema espec\u00edfico, a pessoa que l\u00ea para estudar utiliza estrat\u00e9gias de leitura diferentes daquelas usadas na leitura por lazer, por exemplo.<\/p>\n\n\n\n<p class=\"has-medium-font-size\">Veja, a seguir, algumas dicas para voc\u00ea organizar seus momentos de leitura com o objetivo de estudar e sistematizar informa\u00e7\u00f5es:<\/p>\n\n\n\n<ul class=\"wp-block-list\">\n<li class=\"has-medium-font-size\">Tenha um olhar investigativo para o texto;<\/li>\n\n\n\n<li class=\"has-medium-font-size\">Se poss\u00edvel, grife trechos, fa\u00e7a margin\u00e1lias (anota\u00e7\u00f5es nas margens do texto);&nbsp;<\/li>\n\n\n\n<li class=\"has-medium-font-size\">Extraia do texto as informa\u00e7\u00f5es principais e as organize em outro espa\u00e7o;<\/li>\n\n\n\n<li class=\"has-medium-font-size\">Analise as escolhas lexicais do autor no texto;<\/li>\n\n\n\n<li class=\"has-medium-font-size\">Cheque e compare fontes, dados.<\/li>\n<\/ul>\n\n\n\n<p class=\"has-black-color has-text-color has-medium-font-size\">Voc\u00ea j\u00e1 observou que textos que apresentam dados de experimentos ou pesquisas podem servir de fonte para nossas pesquisas sobre determinados temas? Quando voc\u00ea faz uma pesquisa, quais fontes\/textos costuma acessar? O artigo de divulga\u00e7\u00e3o cient\u00edfica pode ser uma fonte de consulta.<\/p>\n\n\n\n<p class=\"has-black-color has-text-color has-medium-font-size\">O g\u00eanero artigo de divulga\u00e7\u00e3o cient\u00edfica tem o objetivo de transmitir conte\u00fados de natureza cient\u00edfica, com o claro prop\u00f3sito de divulgar saberes cient\u00edficos \u00e0 popula\u00e7\u00e3o em geral.&nbsp;&nbsp;<\/p>\n\n\n\n<p class=\"has-black-color has-text-color has-medium-font-size\">Leia, a seguir, algumas caracter\u00edsticas do artigo de divulga\u00e7\u00e3o cient\u00edfica:<\/p>\n\n\n\n<ul class=\"wp-block-list\">\n<li class=\"has-medium-font-size\">\u00c9 impessoal, isto \u00e9, o autor n\u00e3o se posiciona pessoalmente, apenas revela dados;&nbsp;<\/li>\n\n\n\n<li class=\"has-medium-font-size\">O padr\u00e3o formal da l\u00edngua \u00e9 o que prevalece;&nbsp;<\/li>\n\n\n\n<li class=\"has-medium-font-size\">H\u00e1 o emprego dos verbos na terceira pessoa do singular e no tempo presente;&nbsp;<\/li>\n\n\n\n<li class=\"has-medium-font-size\">H\u00e1 a presen\u00e7a de termos t\u00e9cnicos da \u00e1rea espec\u00edfica do que \u00e9 divulgado no artigo;<\/li>\n\n\n\n<li class=\"has-medium-font-size\">Possui uma fun\u00e7\u00e3o social relevante, pois divulga conhecimentos variados com base em experimentos, estudos e, por isso, n\u00e3o tem espa\u00e7o para informalidades.<\/li>\n<\/ul>\n\n\n\n<p class=\"has-black-color has-text-color has-medium-font-size\">Quando voc\u00ea for investigar um texto, lembre-se dessas dicas valiosas.&nbsp;<\/p>\n\n\n\n<hr class=\"wp-block-separator has-css-opacity\"\/>\n\n\n\n<p class=\"has-text-align-center has-black-color has-text-color has-background has-medium-font-size\" style=\"background-color:#ffedba\">Assista \u00e0 videoaula do professor Marlon Santos com essa tem\u00e1tica. <\/p>\n\n\n\n<figure class=\"wp-block-embed is-type-video is-provider-youtube wp-block-embed-youtube wp-embed-aspect-16-9 wp-has-aspect-ratio\"><div class=\"wp-block-embed__wrapper\">\n<p class=\"responsive-video-wrap clr\"><iframe title=\"Aprender Sempre - L. Portuguesa - 6\u00ba Ano - 2\u00ba Bim - Videoaula 3 - Ler para estudar: Artigo de div...\" width=\"1200\" height=\"675\" src=\"https:\/\/www.youtube.com\/embed\/pD6i4ES4Gfw?feature=oembed\" frameborder=\"0\" allow=\"accelerometer; autoplay; clipboard-write; encrypted-media; gyroscope; picture-in-picture; web-share\" allowfullscreen><\/iframe><\/p>\n<\/div><figcaption class=\"wp-element-caption\">Canal Portal Conex\u00e3o Escola &#8220;<a rel=\"noreferrer noopener\" target=\"_blank\" href=\"https:\/\/www.youtube.com\/watch?v=pD6i4ES4Gfw\">Aprender Sempre &#8211; L. Portuguesa &#8211; 6\u00ba Ano &#8211; 2\u00ba Bim &#8211; Videoaula 3 &#8211; Ler para estudar:<\/a>&#8220;. Dispon\u00edvel em: &lt;https:\/\/www.youtube.com\/watch?v=pD6i4ES4Gfw&gt; Acesso em: 02 mai. 2022<\/figcaption><\/figure>\n\n\n\n<hr class=\"wp-block-separator has-css-opacity\"\/>\n\n\n\n<p class=\"has-text-align-center has-black-color has-text-color has-background has-medium-font-size\" style=\"background-color:#77cbfc\"><strong>Vamos responder algumas quest\u00f5es?<\/strong><\/p>\n\n\n\n<p class=\"has-black-color has-text-color has-medium-font-size\"><strong>Leia o texto a seguir para responder \u00e0s quest\u00f5es.<\/strong><\/p>\n\n\n\n<p class=\"has-text-align-center has-black-color has-text-color has-background has-medium-font-size\" style=\"background-color:#ebeced\"><strong>53% das casas brasileiras t\u00eam ao menos um animal de estima\u00e7\u00e3o, aponta pesquisa<\/strong><\/p>\n\n\n\n<p class=\"has-text-align-center has-black-color has-text-color has-medium-font-size\"><strong>O levantamento foi divulgado pela Comiss\u00e3o de Animais de Companhia, do Sindicato Nacional da Ind\u00fastria de Produtos Para Sa\u00fade Animal (Sindan)&nbsp;<\/strong><\/p>\n\n\n\n<p class=\"has-black-color has-text-color has-medium-font-size\">No Brasil, mais da metade das resid\u00eancias t\u00eam ao menos um bicho de estima\u00e7\u00e3o (c\u00e3o, gato ou outros), segundo pesquisa divulgada em 17 de setembro pela Comiss\u00e3o de Animais de Companhia, do Sindicato Nacional da Ind\u00fastria de Produtos Para Sa\u00fade Animal (Sindan). O levantamento mostra que 53% dos lares t\u00eam c\u00e3es e\/ou gatos, 1% das casas t\u00eam outros bichos e 46% n\u00e3o possuem animais de estima\u00e7\u00e3o.&nbsp;<\/p>\n\n\n\n<p class=\"has-black-color has-text-color has-medium-font-size\">Para a pesquisa, foram realizadas 2.002 entrevistas com cidad\u00e3os de mais de 16 anos, de todas as regi\u00f5es e classes sociais do pa\u00eds. Confira, a seguir, outros resultados obtidos. \u2009<\/p>\n\n\n\n<ul class=\"has-black-color has-text-color has-medium-font-size wp-block-list\">\n<li>44% dos domic\u00edlios com pets t\u00eam ao menos um cachorro.&nbsp;<\/li>\n\n\n\n<li>21% das resid\u00eancias com animais de estima\u00e7\u00e3o t\u00eam ao menos um gato.&nbsp;<\/li>\n\n\n\n<li>Para 95% dos entrevistados pelo estudo, a sa\u00fade do animal \u00e9 t\u00e3o importante quanto a da fam\u00edlia.&nbsp;<\/li>\n\n\n\n<li>Entre os tutores (ou seja, as pessoas que cuidam de pets), a maioria \u00e9 de fam\u00edlias com filhos.<\/li>\n<\/ul>\n\n\n\n<p class=\"has-black-color has-text-color has-medium-font-size\"><strong>Origem dos pets nos lares brasileiros<\/strong><\/p>\n\n\n\n<p class=\"has-black-color has-text-color has-medium-font-size\">De acordo com o levantamento, a ado\u00e7\u00e3o de animais de estima\u00e7\u00e3o se mostra como uma tend\u00eancia.<\/p>\n\n\n\n<p class=\"has-black-color has-text-color has-medium-font-size\"><strong>Foi presenteado&nbsp;<\/strong><\/p>\n\n\n\n<p class=\"has-black-color has-text-color has-medium-font-size\">Cachorro: 43% Gato: 29%&nbsp;<\/p>\n\n\n\n<p class=\"has-black-color has-text-color has-medium-font-size\"><strong>Encontrado abandonado<\/strong>&nbsp;<\/p>\n\n\n\n<p class=\"has-black-color has-text-color has-medium-font-size\">Cachorro: 17% Gato: 44%&nbsp;<\/p>\n\n\n\n<p class=\"has-black-color has-text-color has-medium-font-size\"><strong>Feira de ado\u00e7\u00e3o&nbsp;<\/strong><\/p>\n\n\n\n<p class=\"has-black-color has-text-color has-medium-font-size\">Cachorro: 9% Gato: 9%&nbsp;<\/p>\n\n\n\n<p class=\"has-black-color has-text-color has-medium-font-size\"><strong>Ado\u00e7\u00e3o de conhecidos<\/strong>&nbsp;<\/p>\n\n\n\n<p class=\"has-black-color has-text-color has-medium-font-size\">Cachorro: 5% Gato: 3%&nbsp;<\/p>\n\n\n\n<p class=\"has-black-color has-text-color has-medium-font-size\"><strong>ONG<\/strong>&nbsp;<\/p>\n\n\n\n<p class=\"has-black-color has-text-color has-medium-font-size\">Cachorro: 2% Gato: 3%&nbsp;<\/p>\n\n\n\n<p class=\"has-black-color has-text-color has-medium-font-size\"><strong>Filhote de um animal da fam\u00edlia&nbsp;<\/strong><\/p>\n\n\n\n<p class=\"has-black-color has-text-color has-medium-font-size\">Cachorro: 2% Gato: 3%&nbsp;<\/p>\n\n\n\n<p class=\"has-black-color has-text-color has-medium-font-size\"><strong>Criador&nbsp;<\/strong><\/p>\n\n\n\n<p class=\"has-black-color has-text-color has-medium-font-size\">Cachorro: 11% Gato: 5%&nbsp;<\/p>\n\n\n\n<p class=\"has-black-color has-text-color has-medium-font-size\"><strong>Loja\/petshop&nbsp;<\/strong><\/p>\n\n\n\n<p class=\"has-black-color has-text-color has-medium-font-size\">Cachorro: 10% Gato: 4%&nbsp;<\/p>\n\n\n\n<p class=\"has-black-color has-text-color has-medium-font-size\"><strong>Compra direta<\/strong>&nbsp;<\/p>\n\n\n\n<p class=\"has-black-color has-text-color has-medium-font-size\">Cachorro: 1% Gato: \u2013<\/p>\n\n\n\n<p class=\"has-black-color has-text-color has-medium-font-size\"><strong>Ra\u00e7a dos cachorros dos domic\u00edlios brasileiros&nbsp;<\/strong><\/p>\n\n\n\n<p class=\"has-black-color has-text-color has-medium-font-size\">De ra\u00e7a 53%&nbsp;<\/p>\n\n\n\n<p class=\"has-black-color has-text-color has-medium-font-size\">SRD (sem ra\u00e7a definida) 42%&nbsp;<\/p>\n\n\n\n<p class=\"has-black-color has-text-color has-medium-font-size\">N\u00e3o sabe 5%&nbsp;<\/p>\n\n\n\n<p class=\"has-black-color has-text-color has-medium-font-size\"><strong>Ra\u00e7a dos gatos dos domic\u00edlios brasileiros&nbsp;<\/strong><\/p>\n\n\n\n<p class=\"has-black-color has-text-color has-medium-font-size\">De ra\u00e7a 62%&nbsp;<\/p>\n\n\n\n<p class=\"has-black-color has-text-color has-medium-font-size\">SRD (sem ra\u00e7a definida) 22%&nbsp;<\/p>\n\n\n\n<p class=\"has-black-color has-text-color has-medium-font-size\">N\u00e3o sabe 16%&nbsp;<\/p>\n\n\n\n<p class=\"has-black-color has-text-color has-medium-font-size\">Fonte: Comiss\u00e3o de Animais de Companhia, do Sindicato Nacional da Ind\u00fastria de Produtos Para Sa\u00fade Animal (Sindan). <\/p>\n\n\n\n<p class=\"has-black-color has-text-color has-medium-font-size\">Esta mat\u00e9ria foi originalmente publicada na edi\u00e7\u00e3o 158 do jornal Joca.<\/p>\n\n\n\n<p class=\"has-text-align-right has-black-color has-text-color has-small-font-size\">53% das casas brasileiras t\u00eam ao menos um animal de estima\u00e7\u00e3o, aponta pesquisa. Jornal Joca, 2020. Dispon\u00edvel em:&nbsp; &lt;<a href=\"https:\/\/www.jornaljoca.com.br\/53-das-casas-brasileiras-tem-ao-menos-um-animal-de-estimacao-aponta-pesquisa\/\">https:\/\/www.jornaljoca.com.br\/53-das-casas-brasileiras-tem-ao-menos-um-animal-de-estimacao-aponta-pesquisa\/<\/a>&gt; Acesso em: 30, mar. 2022<\/p>\n\n\n\n<p class=\"has-black-color has-text-color has-background has-medium-font-size\" style=\"background-color:#77cbfc\"><strong>QUEST\u00c3O 1<\/strong><\/p>\n\n\n\n<p class=\"has-black-color has-text-color has-medium-font-size\">Qual \u00e9 o assunto do texto acima? <\/p>\n\n\n\n<p class=\"has-black-color has-text-color has-medium-font-size\">(A) Levantamento sobre animais de estima\u00e7\u00e3o nas casas brasileiras. <\/p>\n\n\n\n<p class=\"has-black-color has-text-color has-medium-font-size\">(B) Sindicato Nacional da Ind\u00fastria de Produtos Para Sa\u00fade Animal. <\/p>\n\n\n\n<p class=\"has-black-color has-text-color has-medium-font-size\">(C) A sa\u00fade dos animais. <\/p>\n\n\n\n<p class=\"has-black-color has-text-color has-medium-font-size\">(D) Ra\u00e7as de animais nos lares brasileiros.<\/p>\n\n\n\n<p class=\"has-black-color has-text-color has-background has-medium-font-size\" style=\"background-color:#77cbfc\"> <strong>QUEST\u00c3O 2<\/strong> <\/p>\n\n\n\n<p class=\"has-black-color has-text-color has-medium-font-size\">O texto acima apresenta v\u00e1rios dados a respeito de um levantamento realizado pela Comiss\u00e3o de Animais de Companhia, do Sindicato Nacional da Ind\u00fastria de Produtos Para Sa\u00fade Animal (Sindan). Crie um mapa mental para organizar as informa\u00e7\u00f5es sobre a origem dos cachorros nos lares.<\/p>\n\n\n\n<p class=\"has-black-color has-text-color has-background has-medium-font-size\" style=\"background-color:#77cbfc\"> <strong>QUEST\u00c3O 3<\/strong> <\/p>\n\n\n\n<p class=\"has-black-color has-text-color has-medium-font-size\">Para organizar as informa\u00e7\u00f5es sobre a origem dos gatos nos lares, crie um gr\u00e1fico.<\/p>\n\n\n\n<p class=\"has-black-color has-text-color has-background has-medium-font-size\" style=\"background-color:#77cbfc\"> <strong>QUEST\u00c3O 4 <\/strong> <\/p>\n\n\n\n<p class=\"has-black-color has-text-color has-medium-font-size\">Agora que voc\u00ea organizou informa\u00e7\u00f5es apresentadas no texto em forma de <strong>mapa mental<\/strong> e <strong>gr\u00e1fico<\/strong>, explique:<\/p>\n\n\n\n<p class=\"has-black-color has-text-color has-medium-font-size\">b) Qual das formas pode ficar mais f\u00e1cil de ser compreendida por outros leitores em um momento que voc\u00ea v\u00e1 apresentar os dados? Por qu\u00ea? <\/p>\n\n\n\n<p class=\"has-black-color has-text-color has-medium-font-size\">a) Qual das formas foi mais f\u00e1cil de voc\u00ea desenvolver? Quais estrat\u00e9gias voc\u00ea utilizou para construir cada uma delas? <\/p>\n\n\n\n<p class=\"has-black-color has-text-color has-background has-medium-font-size\" style=\"background-color:#77cbfc\"><strong>QUEST\u00c3O 5<\/strong><\/p>\n\n\n\n<p class=\"has-black-color has-text-color has-medium-font-size\">Assinale a alternativa em que todas as dicas s\u00e3o direcionadas para o efetivo estudo do texto de divulga\u00e7\u00e3o cient\u00edfica. <\/p>\n\n\n\n<p class=\"has-black-color has-text-color has-medium-font-size\">(A) Ilustrar o texto &#8211; criar uma HQ a partir do texto &#8211; copiar o texto no caderno. <\/p>\n\n\n\n<p class=\"has-black-color has-text-color has-medium-font-size\">(B) Grifar as partes importantes do texto &#8211; comparar os dados com outras fontes &#8211; criar infogr\u00e1ficos e mapas mentais. <\/p>\n\n\n\n<p class=\"has-black-color has-text-color has-medium-font-size\">(C) Criar mapas mentais, infogr\u00e1ficos e resumos &#8211; decorar o texto &#8211; fazer margem no texto.<\/p>\n\n\n\n<p class=\"has-black-color has-text-color has-medium-font-size\">(D) Produzir margin\u00e1lias &#8211; copiar o texto no caderno &#8211; comparar os dados com outras fontes.<\/p>\n\n\n\n<hr class=\"wp-block-separator has-alpha-channel-opacity\"\/>\n\n\n\n<figure class=\"wp-block-table is-style-stripes\"><table><tbody><tr><td><strong>Autoria:<\/strong><\/td><td>Marlon Santos<\/td><\/tr><tr><td><strong>Forma\u00e7\u00e3o:<\/strong><\/td><td>Letras \u2013 Portugu\u00eas<\/td><\/tr><tr><td><strong>Componente Curricular:<\/strong><\/td><td>L\u00edngua Portuguesa<\/td><\/tr><tr><td><strong>Habilidades:<\/strong><\/td><td>(EF67LP25) Reconhecer e utilizar os crit\u00e9rios de organiza\u00e7\u00e3o t\u00f3pica (do geral para o espec\u00edfico, do espec\u00edfico para o geral etc.), as marcas lingu\u00edsticas dessa organiza\u00e7\u00e3o (marcadores de ordena\u00e7\u00e3o e enumera\u00e7\u00e3o, de explica\u00e7\u00e3o, defini\u00e7\u00e3o e exemplifica\u00e7\u00e3o, por exemplo) e os mecanismos de par\u00e1frase, de maneira a organizar mais adequadamente a coes\u00e3o e a progress\u00e3o tem\u00e1tica de seus textos.<br>(EF67LP25-A) Reconhecer crit\u00e9rios de organiza\u00e7\u00e3o interna dos textos (do geral para o espec\u00edfico, do espec\u00edfico para o geral etc., como por exemplo, tema\/assunto).<br>(EF69LP34-A) Grifar as partes essenciais do texto, tendo em vista os objetivos de leitura, produzir margin\u00e1lias (ou tomar notas em outro suporte), s\u00ednteses organizadas em itens, esquema, resumo, infogr\u00e1fico, tabela, gr\u00e1fico ou ilustra\u00e7\u00f5es, dependendo do que for mais adequado.<\/td><\/tr><tr><td><strong>Refer\u00eancias:<\/strong><\/td><td>GOI\u00c2NIA. Secretaria Municipal de Educa\u00e7\u00e3o. Aprender Sempre. 6\u00b0 ao 9\u00ba ano &#8211; Ensino Fundamental; L\u00edngua Portuguesa; 2\u00b0 Bimestre; Goi\u00e2nia, 2022.<br>DIANA, D. Texto de Divulga\u00e7\u00e3o Cient\u00edfica. Toda Mat\u00e9ria, 2020. Dispon\u00edvel em: &lt;<a href=\"https:\/\/www.todamateria.com.br\/texto-de-divulgacao-cientifica\/\">https:\/\/www.todamateria.com.br\/texto-de-divulgacao-cientifica\/<\/a>>\u00a0 Acesso em: 30, mar. 22.<\/td><\/tr><\/tbody><\/table><\/figure>\n","protected":false},"author":42,"featured_media":142918,"template":"","ef_categoria":[15,30],"ef_ano":[89],"ef_componente":[93],"class_list":["post-142917","ensino_fundamental","type-ensino_fundamental","status-publish","has-post-thumbnail","hentry","ef_categoria-ciclo-da-adolescencia-fg","ef_categoria-etica-e-cidadania-ciclo-da-adolescencia-fg","ef_ano-6o-ano","ef_componente-portugues","entry","has-media"],"acf":[],"_links":{"self":[{"href":"https:\/\/sme.goiania.go.gov.br\/conexaoescola\/wp-json\/wp\/v2\/ensino_fundamental\/142917","targetHints":{"allow":["GET"]}}],"collection":[{"href":"https:\/\/sme.goiania.go.gov.br\/conexaoescola\/wp-json\/wp\/v2\/ensino_fundamental"}],"about":[{"href":"https:\/\/sme.goiania.go.gov.br\/conexaoescola\/wp-json\/wp\/v2\/types\/ensino_fundamental"}],"author":[{"embeddable":true,"href":"https:\/\/sme.goiania.go.gov.br\/conexaoescola\/wp-json\/wp\/v2\/users\/42"}],"version-history":[{"count":1,"href":"https:\/\/sme.goiania.go.gov.br\/conexaoescola\/wp-json\/wp\/v2\/ensino_fundamental\/142917\/revisions"}],"predecessor-version":[{"id":177092,"href":"https:\/\/sme.goiania.go.gov.br\/conexaoescola\/wp-json\/wp\/v2\/ensino_fundamental\/142917\/revisions\/177092"}],"wp:featuredmedia":[{"embeddable":true,"href":"https:\/\/sme.goiania.go.gov.br\/conexaoescola\/wp-json\/wp\/v2\/media\/142918"}],"wp:attachment":[{"href":"https:\/\/sme.goiania.go.gov.br\/conexaoescola\/wp-json\/wp\/v2\/media?parent=142917"}],"wp:term":[{"taxonomy":"ef_categoria","embeddable":true,"href":"https:\/\/sme.goiania.go.gov.br\/conexaoescola\/wp-json\/wp\/v2\/ef_categoria?post=142917"},{"taxonomy":"ef_ano","embeddable":true,"href":"https:\/\/sme.goiania.go.gov.br\/conexaoescola\/wp-json\/wp\/v2\/ef_ano?post=142917"},{"taxonomy":"ef_componente","embeddable":true,"href":"https:\/\/sme.goiania.go.gov.br\/conexaoescola\/wp-json\/wp\/v2\/ef_componente?post=142917"}],"curies":[{"name":"wp","href":"https:\/\/api.w.org\/{rel}","templated":true}]}}