{"id":142820,"date":"2022-05-01T10:21:14","date_gmt":"2022-05-01T13:21:14","guid":{"rendered":"https:\/\/sme.goiania.go.gov.br\/conexaoescola\/?post_type=ensino_fundamental&#038;p=142820"},"modified":"2023-10-16T19:36:25","modified_gmt":"2023-10-16T22:36:25","slug":"historia-o-trabalho-na-cidade","status":"publish","type":"ensino_fundamental","link":"https:\/\/sme.goiania.go.gov.br\/conexaoescola\/ensino_fundamental\/historia-o-trabalho-na-cidade\/","title":{"rendered":"Hist\u00f3ria &#8211; O trabalho na cidade"},"content":{"rendered":"\n<p class=\"has-text-align-center has-black-color has-text-color has-background has-medium-font-size\" style=\"background-color:#f1e8cb\"><strong>ESTA PROPOSTA DE ATIVIDADE DE HIST\u00d3RIA\u00a0\u00c9 DESTINADA AOS ESTUDANTES<\/strong>\u00a0<strong>DO<\/strong>\u00a0<strong>3\u00ba ANO DO ENSINO FUNDAMENTAL<\/strong>.<\/p>\n\n\n\n<div class=\"wp-block-buttons is-content-justification-center is-layout-flex wp-container-core-buttons-is-layout-16018d1d wp-block-buttons-is-layout-flex\">\n<div class=\"wp-block-button\"><a class=\"wp-block-button__link wp-element-button\" href=\"https:\/\/drive.google.com\/uc?export=download&amp;id=1kEGQwiZ7gMwtuf3rLOY9eVF1vLoVxF6j\" target=\"_blank\" rel=\"noreferrer noopener\">BAIXE A ATIVIDADE<\/a><\/div>\n\n\n\n<div class=\"wp-block-button\"><a class=\"wp-block-button__link wp-element-button\" href=\"https:\/\/drive.google.com\/uc?export=download&amp;id=1X-8dLEH1VefqgfRiyccbhMhTBi15rRiT\" target=\"_blank\" rel=\"noreferrer noopener\">BAIXE OS SLIDES<\/a><\/div>\n\n\n\n<div class=\"wp-block-button\"><a class=\"wp-block-button__link wp-element-button\" href=\"https:\/\/drive.google.com\/uc?export=download&amp;id=1p36B5w-5ggbvcCfXFUNeUMfnG1MulLVu\" target=\"_blank\" rel=\"noreferrer noopener\">BAIXE O TEXTO<\/a><\/div>\n<\/div>\n\n\n\n<p class=\"has-medium-font-size\">Historicamente, a Revolu\u00e7\u00e3o Industrial foi um grande marco que alterou o modo de produ\u00e7\u00e3o e possibilitou que muitos indiv\u00edduos mudassem do campo para a cidade a procura de empregos.&nbsp;<\/p>\n\n\n\n<p class=\"has-medium-font-size\">O trabalho na cidade pode ser executado em segmentos diferenciados: nas ind\u00fastrias e no com\u00e9rcio.<\/p>\n\n\n\n<p class=\"has-text-align-center has-medium-font-size\"><strong>O TRABALHO NA CIDADE<\/strong><\/p>\n\n\n\n<figure class=\"wp-block-image size-large\"><img decoding=\"async\" src=\"https:\/\/sme.goiania.go.gov.br\/conexaoescola\/wp-content\/uploads\/2022\/05\/industria-1024x686.png\" alt=\"\" class=\"wp-image-142821\"\/><figcaption class=\"wp-element-caption\">Fonte: pixabay.com<\/figcaption><\/figure>\n\n\n\n<p class=\"has-medium-font-size\">A Revolu\u00e7\u00e3o Industrial foi um evento hist\u00f3rico que mudou consideravelmente as formas de trabalho. Como as principais ind\u00fastrias localizavam-se na cidade houve uma intensa migra\u00e7\u00e3o dos trabalhadores do campo para as zonas urbanas \u00e0 procura de oportunidades profissionais.&nbsp;<\/p>\n\n\n\n<p class=\"has-medium-font-size\">\u00c9 importante observar que cada forma de trabalho tem suas particularidades e \u00e9 necess\u00e1rio conhecer as leis e regulamenta\u00e7\u00f5es aplic\u00e1veis em cada caso, para que o trabalho desempenhado n\u00e3o seja indigno. Mas nem sempre foi assim: no in\u00edcio da Revolu\u00e7\u00e3o Industrial era comum o trabalho infantil, a submiss\u00e3o a extensas jornadas de trabalho, sal\u00e1rios baixos e ambientes perigosos e nocivos para a sa\u00fade humana.&nbsp;<\/p>\n\n\n\n<p class=\"has-medium-font-size\">Nas cidades \u00e9 comum o desenvolvimento do trabalho no setor secund\u00e1rio que compreende as atividades relacionadas \u00e0 ind\u00fastria, transforma\u00e7\u00e3o de mat\u00e9rias-primas e produ\u00e7\u00e3o de bens. \u00c9 o setor respons\u00e1vel pela cria\u00e7\u00e3o e desenvolvimento de produtos em f\u00e1bricas, constru\u00e7\u00e3o civil e produ\u00e7\u00e3o de energia.<\/p>\n\n\n\n<p class=\"has-medium-font-size\">H\u00e1 tamb\u00e9m na cidade o trabalho no setor terci\u00e1rio que engloba as atividades de servi\u00e7os, como com\u00e9rcio, turismo, transportes, educa\u00e7\u00e3o, sa\u00fade, entre outros.<\/p>\n\n\n\n<p class=\"has-medium-font-size\">Com o desenvolvimento de novas tecnologias aplic\u00e1veis ao trabalho, a capacita\u00e7\u00e3o se torna fundamental, promovendo o desenvolvimento de habilidades, conhecimentos e compet\u00eancias necess\u00e1rias para dominar determinadas fun\u00e7\u00f5es de m\u00e1quinas ou tarefas digitais no ambiente de trabalho. Isso pode ser feito por meio de treinamentos, cursos e outras atividades de aprendizagem. A capacita\u00e7\u00e3o no trabalho \u00e9 importante para garantir um bom desempenho profissional e possibilitar o crescimento na carreira.<\/p>\n\n\n\n<p class=\"has-text-align-center has-medium-font-size\"><strong>AGORA \u00c9 COM VOC\u00caS, VAMOS RESPONDER ALGUMAS QUEST\u00d5ES?<\/strong><\/p>\n\n\n\n<p class=\"has-black-color has-text-color has-background has-medium-font-size\" style=\"background-color:#f1e8cb\"><strong>QUEST\u00c3O 1<\/strong><\/p>\n\n\n\n<p class=\"has-medium-font-size\">Entreviste algum familiar ou amigo que trabalha na cidade e conhe\u00e7a um pouco mais sobre a atividade exercida.<\/p>\n\n\n\n<p class=\"has-medium-font-size\">Fa\u00e7a as perguntas indicadas e registre as informa\u00e7\u00f5es obtidas.<\/p>\n\n\n\n<p class=\"has-medium-font-size\">a) Nome do entrevistado:<\/p>\n\n\n\n<p class=\"has-medium-font-size\">b) Qual \u00e9 o nome do trabalho que voc\u00ea realiza?<\/p>\n\n\n\n<p class=\"has-medium-font-size\">c) Em que local seu trabalho \u00e9 realizado?<\/p>\n\n\n\n<p class=\"has-medium-font-size\">d) Quais as principais atribui\u00e7\u00f5es ou fun\u00e7\u00f5es deste trabalho?<\/p>\n\n\n\n<p class=\"has-medium-font-size\">e) Voc\u00ea gosta de trabalhar em uma atividade urbana? Por quais motivos?<\/p>\n\n\n\n<p class=\"has-black-color has-text-color has-background has-medium-font-size\" style=\"background-color:#f1e8cb\"><strong>QUEST\u00c3O 2<\/strong><\/p>\n\n\n\n<p class=\"has-medium-font-size\">Observe a imagem a seguir que representa um t\u00edpico trabalho desenvolvido nas cidades:<\/p>\n\n\n\n<p class=\"has-text-align-center\"><img fetchpriority=\"high\" decoding=\"async\" src=\"https:\/\/lh6.googleusercontent.com\/6VjlUM-KRzpHawt-Z3CDB_aGGJTPXoLbHtGpX3ABvD6lNnLEg2uRGEDgrYMfSPYvh-8ubJMjBmvZTdZYYDUZyW41lT8gqwa4Z9NFupzcPWvpNBBKm5N9N0Wns_OZ3mB3zMjKgHJF\" width=\"585\" height=\"389\"><\/p>\n\n\n\n<p class=\"has-text-align-center has-small-font-size\">Dispon\u00edvel em:https:\/\/pixabay.com\/pt\/photos\/padaria-p%c3%a3o-artes%c3%a3o-padeiro-567380\/. Acesso em 26 abr. 2022.<\/p>\n\n\n\n<p class=\"has-medium-font-size\">A atividade representada na imagem \u00e9 uma atividade t\u00edpica do setor:<\/p>\n\n\n\n<p class=\"has-medium-font-size\">a) prim\u00e1rio.<\/p>\n\n\n\n<p class=\"has-medium-font-size\">b) secund\u00e1rio.<\/p>\n\n\n\n<p class=\"has-medium-font-size\">c) terci\u00e1rio.<\/p>\n\n\n\n<p class=\"has-medium-font-size\">d) quarten\u00e1rio.<\/p>\n\n\n\n<p class=\"has-black-color has-text-color has-background has-medium-font-size\" style=\"background-color:#f1e8cb\"><strong>QUEST\u00c3O 3<\/strong><\/p>\n\n\n\n<p class=\"has-medium-font-size\">Fa\u00e7a um quadro comparativo que apresenta as principais diferen\u00e7as entre o trabalho desenvolvido no campo e na cidade.&nbsp;<\/p>\n\n\n\n<p class=\"has-medium-font-size\">Para preencher o quadro voc\u00ea pode descrever as atividades mais comuns, instrumentos utilizados e uso de tecnologias.<\/p>\n\n\n\n<figure class=\"wp-block-image size-large\"><img decoding=\"async\" width=\"1024\" height=\"469\" src=\"https:\/\/sme.goiania.go.gov.br\/conexaoescola\/wp-content\/uploads\/2022\/05\/TABELA-ATUAL-1024x469.png\" alt=\"\" class=\"wp-image-142822\" srcset=\"https:\/\/sme.goiania.go.gov.br\/conexaoescola\/wp-content\/uploads\/2022\/05\/TABELA-ATUAL-1024x469.png 1024w, https:\/\/sme.goiania.go.gov.br\/conexaoescola\/wp-content\/uploads\/2022\/05\/TABELA-ATUAL-300x137.png 300w, https:\/\/sme.goiania.go.gov.br\/conexaoescola\/wp-content\/uploads\/2022\/05\/TABELA-ATUAL-768x352.png 768w, https:\/\/sme.goiania.go.gov.br\/conexaoescola\/wp-content\/uploads\/2022\/05\/TABELA-ATUAL.png 1210w\" sizes=\"(max-width: 1024px) 100vw, 1024px\" \/><\/figure>\n\n\n\n<p class=\"has-black-color has-text-color has-background has-medium-font-size\" style=\"background-color:#f1e8cb\"><strong>QUEST\u00c3O 4<\/strong><\/p>\n\n\n\n<p class=\"has-medium-font-size\">A revolu\u00e7\u00e3o industrial modificou consideravelmente o modo de trabalho nas cidades.<\/p>\n\n\n\n<p class=\"has-medium-font-size\">Qual pr\u00e1tica trabalhista era comum no in\u00edcio da Revolu\u00e7\u00e3o Industrial e que n\u00e3o \u00e9 mais permitida atualmente?<\/p>\n\n\n\n<p class=\"has-medium-font-size\">a) Realiza\u00e7\u00e3o de trabalho infantil.<\/p>\n\n\n\n<p class=\"has-medium-font-size\">b) Direito \u00e0 folga semanal.<\/p>\n\n\n\n<p class=\"has-medium-font-size\">c) Realiza\u00e7\u00e3o de horas extras.<\/p>\n\n\n\n<p class=\"has-medium-font-size\">d) Realiza\u00e7\u00e3o de trabalho noturno.<\/p>\n\n\n\n<p class=\"has-black-color has-text-color has-background has-medium-font-size\" style=\"background-color:#f1e8cb\"><strong>SAIBA MAIS<\/strong><\/p>\n\n\n\n<p class=\"has-medium-font-size\">H\u00e1 uma interconex\u00e3o entre o trabalho no campo e na cidade. Existe uma rela\u00e7\u00e3o de complementaridade e at\u00e9 de depend\u00eancia de um espa\u00e7o para com o outro. Em outras palavras, podemos dizer que as atividades econ\u00f4micas praticadas no campo dependem das pr\u00e1ticas realizadas nas cidades e vice-versa.<\/p>\n\n\n\n<figure class=\"wp-block-embed is-type-video is-provider-youtube wp-block-embed-youtube wp-embed-aspect-16-9 wp-has-aspect-ratio\"><div class=\"wp-block-embed__wrapper\">\n<p class=\"responsive-video-wrap clr\"><iframe title=\"Do campo at\u00e9 a sua casa (Leite)\" width=\"1200\" height=\"675\" src=\"https:\/\/www.youtube.com\/embed\/00wxpPqir3g?feature=oembed\" frameborder=\"0\" allow=\"accelerometer; autoplay; clipboard-write; encrypted-media; gyroscope; picture-in-picture; web-share\" allowfullscreen><\/iframe><\/p>\n<\/div><figcaption class=\"wp-element-caption\">Canal Lorena Guimar\u00e3es de Oliveira \u201cDo campo at\u00e9 a sua casa\u201d. Dispon\u00edvel em: &lt;https:\/\/www.youtube.com\/watch?v=00wxpPqir3g&gt;. Acesso em: 01 Mai. 2022<\/figcaption><\/figure>\n\n\n\n<hr class=\"wp-block-separator has-css-opacity\"\/>\n\n\n\n<figure class=\"wp-block-table is-style-stripes\"><table><tbody><tr><td><strong>Autoria:<\/strong><\/td><td>Lorena Guimar\u00e3es<\/td><\/tr><tr><td><strong>Forma\u00e7\u00e3o:<\/strong><\/td><td>Formada em Pedagogia e Letras<\/td><\/tr><tr><td><strong>Componente<\/strong>:<\/td><td>Hist\u00f3ria<\/td><\/tr><tr><td><strong>Habilidade<\/strong>:<\/td><td>(EF03HI11) Identificar diferen\u00e7as entre formas de trabalho realizadas na cidade e no campo, considerando tamb\u00e9m o uso da tecnologia nesses diferentes contextos.<\/td><\/tr><tr><td><strong>Refer\u00eancias:<\/strong><\/td><td><br>GOI\u00c1S. Documento Curricular para Goi\u00e1s \u2013 Ampliado. Volume II. Ensino Fundamental Anos Finais. CONSED; UNDIME, 2018. 433 p. Dispon\u00edvel em &lt;<a href=\"https:\/\/sme.goiania.go.gov.br\/site\/index.php\/institucional\/documentos-oficiais-2\/category\/27-documentos-gerais&amp;gt&amp;gt\">sme.goiania.go.gov.br\/site\/index.php\/institucional\/documentos-oficiais-2\/category\/27-documentos-gerais&amp;gt&amp;gt<\/a>;. Acesso em 23\/03\/2023.<br><br>GOI\u00c1S. Documento Curricular para Goi\u00e1s \u2013 Ampliado. Cortes Temporais. CONSED; UNDIME, 2019. p. 143. Dispon\u00edvel em: &lt;<a href=\"https:\/\/sme.goiania.go.gov.br\/site\/index.php\/institucional\/documentos-oficiais-2\">sme.goiania.go.gov.br\/site\/index.php\/institucional\/documentos-oficiais-2 >\u00a0<\/a>. Acesso em 23\/03\/2023.<br><br>EDUCA MAIS BRASIL. Setores da economia. Dispon\u00edvel em:https:\/\/www.educamaisbrasil.com.br\/enem\/matematica\/setores-da-economia. Acesso em: 26 abr. 2022.<br><br>HIST\u00d3RIA DO MUNDO. Revolu\u00e7\u00e3o Industrial. Dispon\u00edvel em https:\/\/www.historiadomundo.com.br\/idade-moderna\/revolucao-industrial.htm. Acesso em 26 abr. 2022.<br><br>INSTITUTO AKATU. De onde vem? Para onde vai? Dispon\u00edvel em: https:\/\/www.youtube.com\/watch?v=NU51FqioTp4. Acesso em 26 abr. 2022.<\/td><\/tr><\/tbody><\/table><\/figure>\n\n\n\n<p><\/p>\n","protected":false},"author":59,"featured_media":142821,"template":"","ef_categoria":[13,20],"ef_ano":[86],"ef_componente":[95],"class_list":["post-142820","ensino_fundamental","type-ensino_fundamental","status-publish","has-post-thumbnail","hentry","ef_categoria-ciclo-da-infancia-abc","ef_categoria-etica-e-cidadania","ef_ano-3o-ano","ef_componente-historia","entry","has-media"],"acf":[],"_links":{"self":[{"href":"https:\/\/sme.goiania.go.gov.br\/conexaoescola\/wp-json\/wp\/v2\/ensino_fundamental\/142820","targetHints":{"allow":["GET"]}}],"collection":[{"href":"https:\/\/sme.goiania.go.gov.br\/conexaoescola\/wp-json\/wp\/v2\/ensino_fundamental"}],"about":[{"href":"https:\/\/sme.goiania.go.gov.br\/conexaoescola\/wp-json\/wp\/v2\/types\/ensino_fundamental"}],"author":[{"embeddable":true,"href":"https:\/\/sme.goiania.go.gov.br\/conexaoescola\/wp-json\/wp\/v2\/users\/59"}],"version-history":[{"count":1,"href":"https:\/\/sme.goiania.go.gov.br\/conexaoescola\/wp-json\/wp\/v2\/ensino_fundamental\/142820\/revisions"}],"predecessor-version":[{"id":171474,"href":"https:\/\/sme.goiania.go.gov.br\/conexaoescola\/wp-json\/wp\/v2\/ensino_fundamental\/142820\/revisions\/171474"}],"wp:featuredmedia":[{"embeddable":true,"href":"https:\/\/sme.goiania.go.gov.br\/conexaoescola\/wp-json\/wp\/v2\/media\/142821"}],"wp:attachment":[{"href":"https:\/\/sme.goiania.go.gov.br\/conexaoescola\/wp-json\/wp\/v2\/media?parent=142820"}],"wp:term":[{"taxonomy":"ef_categoria","embeddable":true,"href":"https:\/\/sme.goiania.go.gov.br\/conexaoescola\/wp-json\/wp\/v2\/ef_categoria?post=142820"},{"taxonomy":"ef_ano","embeddable":true,"href":"https:\/\/sme.goiania.go.gov.br\/conexaoescola\/wp-json\/wp\/v2\/ef_ano?post=142820"},{"taxonomy":"ef_componente","embeddable":true,"href":"https:\/\/sme.goiania.go.gov.br\/conexaoescola\/wp-json\/wp\/v2\/ef_componente?post=142820"}],"curies":[{"name":"wp","href":"https:\/\/api.w.org\/{rel}","templated":true}]}}