{"id":142716,"date":"2022-04-29T10:22:57","date_gmt":"2022-04-29T13:22:57","guid":{"rendered":"https:\/\/sme.goiania.go.gov.br\/conexaoescola\/?post_type=ensino_fundamental&#038;p=142716"},"modified":"2024-02-22T10:35:00","modified_gmt":"2024-02-22T13:35:00","slug":"ciencias-da-natureza-o-tempo-e-o-ritmo-de-vida","status":"publish","type":"ensino_fundamental","link":"https:\/\/sme.goiania.go.gov.br\/conexaoescola\/ensino_fundamental\/ciencias-da-natureza-o-tempo-e-o-ritmo-de-vida\/","title":{"rendered":"CI\u00caNCIAS DA NATUREZA &#8211; O TEMPO E O RITMO DA VIDA"},"content":{"rendered":"\n<p class=\"has-text-align-center has-background has-medium-font-size\" style=\"background-color:#eceedf\"> ESTA PROPOSTA DE ATIVIDADE DE&nbsp;<strong>CI\u00caNCIAS DA NATUREZA<\/strong>&nbsp;\u00c9 DESTINADA AOS ESTUDANTES DO&nbsp;<strong>1\u00ba ANO DOS ANOS INICIAIS DO ENSINO FUNDAMENTAL<\/strong>.<\/p>\n\n\n\n<p class=\"has-text-align-center\"><img decoding=\"async\" width=\"1341px;\" height=\"754px;\" src=\"https:\/\/lh4.googleusercontent.com\/9KgPqUKUwDO1L9htxED_jywaa-oskiHOmYqS5CsQm9dOo_uN5GqHMPTFLqxLeMP38-VhwV0RsW4Bs_DHg_KxLI_BPdzGkzRxXHNH_Ee2D5j0Hpk58e8VpVMLcnhwF-110w\"><\/p>\n\n\n\n<div class=\"wp-block-buttons is-content-justification-center is-layout-flex wp-container-core-buttons-is-layout-16018d1d wp-block-buttons-is-layout-flex\">\n<div class=\"wp-block-button\"><a class=\"wp-block-button__link wp-element-button\" href=\"https:\/\/docs.google.com\/document\/d\/113WaY3gKdxArf04qiNn3uGSYNw4avpzp\/copy\" target=\"_blank\" rel=\"noreferrer noopener\">BAIXAR AS ATIVIDADES <\/a><\/div>\n\n\n\n<div class=\"wp-block-button\"><a class=\"wp-block-button__link wp-element-button\" href=\"https:\/\/docs.google.com\/presentation\/d\/1hJ1zsuhHPM7QRtfZ0CiTlbbSNP1XTq9T\/copy\" target=\"_blank\" rel=\"noreferrer noopener\">BAIXAR OS SLIDES<\/a><\/div>\n<\/div>\n\n\n\n<p class=\"has-text-align-center has-black-color has-text-color has-background has-medium-font-size\" style=\"background-color:#faedf0\">O CONCEITO DE TEMPO EST\u00c1 RELACIONADO A DURA\u00c7\u00c3O DOS FATOS; \u00c9 ELE QUE DETERMINA OS MOMENTOS, OS PER\u00cdODOS, AS \u00c9POCAS, AS HORAS, OS DIAS, AS SEMANAS, OS S\u00c9CULOS E, ASSIM POR DIANTE; PARA ORGANIZARMOS E MEDIR O TEMPO USAMOS OS PRINCIPAIS INSTRUMENTOS: <strong>O REL\u00d3GIO E O CALEND\u00c1RIO<\/strong>, E, OS RITMOS DE VIDA, DEFINEM A NOSSA ROTINA DI\u00c1RIA.<\/p>\n\n\n\n<p class=\"has-text-align-center has-black-color has-text-color has-background has-medium-font-size\" style=\"background-color:#f3ecfa\"><strong>ONTEM<\/strong> &#8211; \u00c9 O DIA QUE J\u00c1 PASSOU, PASSADO; <strong>HOJE<\/strong> &#8211;&nbsp; \u00c9 O DIA QUE ESTAMOS VIVENDO, PRESENTE; <strong>AMANH\u00c3<\/strong> &#8211; \u00c9 O DIA DEPOIS DE HOJE, FUTURO, S\u00c3O PALAVRAS QUE DEFINEM O TEMPO.<\/p>\n\n\n<div class=\"wp-block-image\">\n<figure class=\"aligncenter size-large\"><img fetchpriority=\"high\" decoding=\"async\" width=\"1024\" height=\"576\" src=\"https:\/\/sme.goiania.go.gov.br\/conexaoescola\/wp-content\/uploads\/2022\/04\/Inserir-um-subtitulo-1024x576.png\" alt=\"\" class=\"wp-image-142718\" srcset=\"https:\/\/sme.goiania.go.gov.br\/conexaoescola\/wp-content\/uploads\/2022\/04\/Inserir-um-subtitulo-1024x576.png 1024w, https:\/\/sme.goiania.go.gov.br\/conexaoescola\/wp-content\/uploads\/2022\/04\/Inserir-um-subtitulo-300x169.png 300w, https:\/\/sme.goiania.go.gov.br\/conexaoescola\/wp-content\/uploads\/2022\/04\/Inserir-um-subtitulo-768x432.png 768w, https:\/\/sme.goiania.go.gov.br\/conexaoescola\/wp-content\/uploads\/2022\/04\/Inserir-um-subtitulo-1536x864.png 1536w, https:\/\/sme.goiania.go.gov.br\/conexaoescola\/wp-content\/uploads\/2022\/04\/Inserir-um-subtitulo.png 1920w\" sizes=\"(max-width: 1024px) 100vw, 1024px\" \/><figcaption class=\"wp-element-caption\">IMAGEM AUTORAL CONSTRU\u00cdDA NO CANVA<\/figcaption><\/figure><\/div>\n\n\n<p class=\"has-text-align-center has-background has-medium-font-size\" style=\"background-color:#f7e9f2\">QUE EXISTEM ANIMAIS COM H\u00c1BITOS TOTALMENTE NOTURNOS?<\/p>\n\n\n\n<p class=\"has-text-align-center has-black-color has-text-color has-background has-medium-font-size\" style=\"background-color:#edf3f7\">EXISTEM ANIMAIS QUE DORMEM DURANTE O DIA E DESENVOLVEM SUAS A\u00c7\u00d5ES PREDOMINANTEMENTE A NOITE;<\/p>\n\n\n\n<p class=\"has-text-align-center has-black-color has-text-color has-background has-medium-font-size\" style=\"background-color:#f6f1ee\">COMO TAMB\u00c9M TEMOS ANIMAIS COMO N\u00d3S, SERES HUMANOS QUE DORMEM DURANTE A NOITE E FICAM ACORDADOS DURANTE O DIA, QUE S\u00c3O CHAMADOS DE ANIMAIS DIURNOS;<\/p>\n\n\n\n<p class=\"has-text-align-center has-black-color has-text-color has-background has-medium-font-size\" style=\"background-color:#e9f6f0\">ASSIM COMO OS SERES HUMANOS OU OUTROS SERES VIVOS TAMB\u00c9M. DETERMINAM SEUS RITMOS DE ATIVIDADES DI\u00c1RIAS DE ACORDO COM A SUCESS\u00c3O DE DIAS E NOITES.<\/p>\n\n\n\n<hr class=\"wp-block-separator has-css-opacity\"\/>\n\n\n\n<p class=\"has-medium-font-size\">VAMOS VER OS V\u00cdDEOS A SEGUIR PARA ENTENDER MELHOR OS H\u00c1BITOS DIURNOS E NOTURNOS DOS ANIMAIS. VAMOS L\u00c1?<\/p>\n\n\n\n<figure class=\"wp-block-embed is-type-video is-provider-youtube wp-block-embed-youtube wp-embed-aspect-16-9 wp-has-aspect-ratio\"><div class=\"wp-block-embed__wrapper\">\n<p class=\"responsive-video-wrap clr\"><iframe title=\"Animais diurnos | Parte II\" width=\"1200\" height=\"675\" src=\"https:\/\/www.youtube.com\/embed\/2sFZOQPPx3s?feature=oembed\" frameborder=\"0\" allow=\"accelerometer; autoplay; clipboard-write; encrypted-media; gyroscope; picture-in-picture; web-share\" allowfullscreen><\/iframe><\/p>\n<\/div><figcaption class=\"wp-element-caption\">Canal <a rel=\"noreferrer noopener\" href=\"https:\/\/www.youtube.com\/channel\/UCXj2oSzwg6G0iBjKg33joMQ?feature=emb_ch_name_ex\" target=\"_blank\">Khan Academy Brasil<\/a> &#8220;<a rel=\"noreferrer noopener\" href=\"https:\/\/www.youtube.com\/watch?v=2sFZOQPPx3s\" target=\"_blank\">Animais diurnos | Parte II<\/a>&#8220;. Dispon\u00edvel em: &lt;<a href=\"https:\/\/youtu.be\/2sFZOQPPx3s\">https:\/\/youtu.be\/2sFZOQPPx3s<\/a>&gt;. Acesso em: 29 Abr. 2022.<br><\/figcaption><\/figure>\n\n\n\n<figure class=\"wp-block-embed is-type-video is-provider-youtube wp-block-embed-youtube wp-embed-aspect-16-9 wp-has-aspect-ratio\"><div class=\"wp-block-embed__wrapper\">\n<p class=\"responsive-video-wrap clr\"><iframe title=\"Animais noturnos\" width=\"1200\" height=\"675\" src=\"https:\/\/www.youtube.com\/embed\/YDFbAegjUjE?feature=oembed\" frameborder=\"0\" allow=\"accelerometer; autoplay; clipboard-write; encrypted-media; gyroscope; picture-in-picture; web-share\" allowfullscreen><\/iframe><\/p>\n<\/div><figcaption class=\"wp-element-caption\"> Canal Khan Academy Brasil &#8220;Animais noturnos&#8221;. Dispon\u00edvel em: &lt;<a href=\"https:\/\/youtu.be\/YDFbAegjUjE\">https:\/\/youtu.be\/YDFbAegjUjE<\/a>&gt;. Acesso em: 20 Abr. 2022.<br><\/figcaption><\/figure>\n\n\n\n<hr class=\"wp-block-separator has-css-opacity\"\/>\n\n\n\n<p class=\"has-text-align-center has-background has-medium-font-size\" style=\"background-color:#ebfaed\">LEGAL! N\u00c3O \u00c9 MESMO?<\/p>\n\n\n\n<p class=\"has-medium-font-size\">AGORA, VAMOS FAZER AS ATIVIDADES.<\/p>\n\n\n\n<p class=\"has-black-color has-text-color has-background has-medium-font-size\" style=\"background-color:#febacb\"><strong>QUEST\u00c3O 1<\/strong><\/p>\n\n\n\n<p class=\"has-medium-font-size\">COMPLETE COM OS NOMES DE ANIMAIS:<\/p>\n\n\n\n<figure class=\"wp-block-image\"><img decoding=\"async\" src=\"https:\/\/lh5.googleusercontent.com\/BKa-xRlUAJ73GC1mYmmOcaTAZOr8XCZXOBZld3GJTc-G0iqfNRx1TBDa4JZJ4I6YM4rnOwElWN7IqiBAVeIoDA26sqtaoEODx2xE0dY-qMSqFB3LVklouTTduprfFK_jjtONhC2Y\" alt=\"\"\/><\/figure>\n\n\n\n<hr class=\"wp-block-separator has-css-opacity\"\/>\n\n\n\n<p class=\"has-black-color has-text-color has-background has-medium-font-size\" style=\"background-color:#febacb\"><strong>QUEST\u00c3O 2<\/strong><\/p>\n\n\n\n<p class=\"has-medium-font-size\">OBSERVE E ESCREVA COMO \u00c9 A SUA ROTINA DI\u00c1RIA:<\/p>\n\n\n<div class=\"wp-block-image\">\n<figure class=\"aligncenter is-resized\"><img decoding=\"async\" src=\"https:\/\/lh3.googleusercontent.com\/yygEVZdIK-n96-ezhGhMxb70N8kVKkqdObL197H_S5_1hp5TRyi75RO9OrbtCohzjSNF3a7KeOv--RGNaT7BObE6KrfARVbUKTwMSTDeqckGQPMe6FcIIZDJDvZogLMzsmRaU-H3vTMwqd8eTQ\" alt=\"\" width=\"460\" height=\"258\"\/><\/figure><\/div>\n\n\n<p class=\"has-text-align-center\">____________________________________________________________________________________________<\/p>\n\n\n<div class=\"wp-block-image\">\n<figure class=\"aligncenter is-resized\"><img decoding=\"async\" src=\"https:\/\/lh6.googleusercontent.com\/IZXMADOzWeqGGWJNLbGHTjiBN1TjGNgozpjV6_xPJ1Db0E2KTezsg53H8HrwMSTelTF5bAqbF6eV0yLSN2rE7Uf_MdggVqmYe6_fHBBPE22ijpDluPva6s9anVAnUZCxCSUN6zQT\" alt=\"\" width=\"369\" height=\"207\"\/><\/figure><\/div>\n\n\n<p class=\"has-text-align-center\">____________________________________________________________________________________________<\/p>\n\n\n<div class=\"wp-block-image\">\n<figure class=\"aligncenter is-resized\"><img loading=\"lazy\" decoding=\"async\" src=\"https:\/\/lh6.googleusercontent.com\/Mk2bCIn5xKPkvKuJLciLftmgMiL0aFil7XKiZVeayl06SPzvykWZUT3spAWmAudur368YNJKWEtpclygtFNq6fanExLXElTAhGCdsWbv-mJgJrKbKTXgPiwQu-97u0rk1LFk1dzd\" alt=\"\" width=\"462\" height=\"259\"\/><\/figure><\/div>\n\n\n<p class=\"has-text-align-center\">___________________________________________________________________________________________________<\/p>\n\n\n\n<p class=\"has-text-align-center\"><img loading=\"lazy\" decoding=\"async\" src=\"https:\/\/lh6.googleusercontent.com\/XiYLsVZUNlAQzHzLKyFo__SocRRFkusAUlu-M6xhLSPFOvk3t08bzOHAhLiruYleRSIU-R0mqcYgo9KuGv2d0POw7ovQFfQqwEztwbvPGtRracNkeNnLvLvSU_RGRSHw9J-Ezg6DWzB2vMilOg\" width=\"373\" height=\"210\"><\/p>\n\n\n\n<p class=\"has-text-align-center\">____________________________________________________________________________________________________<\/p>\n\n\n<div class=\"wp-block-image\">\n<figure class=\"aligncenter is-resized\"><img loading=\"lazy\" decoding=\"async\" src=\"https:\/\/lh5.googleusercontent.com\/DgyysO-VCdn4zlWpVnSmHm1B-BElOUbt9wZEePea43r3MMlxPuJKRerGV1ueubFovyA396FDPbgKEHc9-kaAM4LawmNfZF1wzhp_TIN9P622Fx7WY-h437L4snzu2cxrVojMmT5Bb7iCQoi33w\" alt=\"\" width=\"539\" height=\"303\"\/><\/figure><\/div>\n\n\n<p class=\"has-text-align-center\">_____________________________________________________________________________________________________________<\/p>\n\n\n<div class=\"wp-block-image\">\n<figure class=\"aligncenter is-resized\"><img loading=\"lazy\" decoding=\"async\" src=\"https:\/\/lh5.googleusercontent.com\/EEJHdHFcVUpeJUtO5QkW56LDM8t_dMeB0tf1V56EAUBsKjh9p-Bm9NEKF--oRtgcVTYBtjptoi_AGQ4cq3kMBLOb9TzHqYPbM049w0U23fBiBJBpDAC4BFcnmvIzYqsF_Ut8fOeH\" alt=\"\" width=\"360\" height=\"202\"\/><\/figure><\/div>\n\n\n<p class=\"has-text-align-center\">______________________________________________________________________________________________<\/p>\n\n\n\n<p class=\"has-text-align-center has-background has-medium-font-size\" style=\"background-color:#ebf5f9\"><a href=\"https:\/\/sme.goiania.go.gov.br\/conexaoescola\/propostas_didaticas\/propostas-didaticas-ciencias-da-natureza-1o-ano\/\" target=\"_blank\" rel=\"noreferrer noopener\">https:\/\/sme.goiania.go.gov.br\/conexaoescola\/propostas_didaticas\/propostas-didaticas-ciencias-da-natureza-1o-ano\/<\/a><strong>Acesse os materiais referentes a essa atividade clicando aqui:<\/strong> <\/p>\n\n\n\n<hr class=\"wp-block-separator has-css-opacity\"\/>\n\n\n\n<figure class=\"wp-block-table is-style-stripes\"><table><tbody><tr><td><strong>Componente Curricular:<\/strong><\/td><td>CI\u00caNCIAS DA NATUREZA<\/td><\/tr><tr><td><strong>Habilidade:<\/strong><\/td><td>(EF01CI06)&nbsp;SELECIONAR EXEMPLOS DE COMO A SUCESS\u00c3O DE DIAS E NOITES ORIENTA O RITMO DE ATIVIDADES DI\u00c1RIAS DE SERES HUMANOS E DE OUTROS SERES VIVOS.<\/td><\/tr><\/tbody><\/table><\/figure>\n\n\n\n<p>\ufeff<\/p>\n\n\n\n<figure class=\"wp-block-table is-style-stripes\"><table class=\"has-black-color has-text-color\"><tbody><tr><td>REFER\u00caNCIAS<\/td><td> GOVERNO DO ESTADO DE GOI\u00c1S. SECRET\u00c1RIA DE ESTADO DE EDUCA\u00c7\u00c3O \u2013 SEDUC\/CONSED. DOCUMENTO CURRICULAR PARA GOI\u00c1S \u2013 AMPLIADO: <strong>VOLUME II ENSINO FUNDAMENTAL ANOS INICIAIS<\/strong>.&nbsp;<br>IMAGENS RETIRADAS DO SITE:<br><a href=\"https:\/\/br.freepik.com\/\">HTTPS:\/\/BR.FREEPIK.COM\/<\/a><br><a href=\"https:\/\/pixabay.com\/pt\/\">HTTPS:\/\/PIXABAY.COM\/PT\/<\/a><br>CANVA <\/td><\/tr><\/tbody><\/table><\/figure>\n\n\n\n<hr class=\"wp-block-separator has-css-opacity\"\/>\n","protected":false},"author":39,"featured_media":139340,"template":"","ef_categoria":[28],"ef_ano":[84],"ef_componente":[98],"class_list":["post-142716","ensino_fundamental","type-ensino_fundamental","status-publish","has-post-thumbnail","hentry","ef_categoria-educacao-ambiental-e-saude-ciclo-da-adolescencia-fg","ef_ano-1o-ano","ef_componente-ciencia-da-natureza-ef","entry","has-media"],"acf":[],"_links":{"self":[{"href":"https:\/\/sme.goiania.go.gov.br\/conexaoescola\/wp-json\/wp\/v2\/ensino_fundamental\/142716","targetHints":{"allow":["GET"]}}],"collection":[{"href":"https:\/\/sme.goiania.go.gov.br\/conexaoescola\/wp-json\/wp\/v2\/ensino_fundamental"}],"about":[{"href":"https:\/\/sme.goiania.go.gov.br\/conexaoescola\/wp-json\/wp\/v2\/types\/ensino_fundamental"}],"author":[{"embeddable":true,"href":"https:\/\/sme.goiania.go.gov.br\/conexaoescola\/wp-json\/wp\/v2\/users\/39"}],"version-history":[{"count":6,"href":"https:\/\/sme.goiania.go.gov.br\/conexaoescola\/wp-json\/wp\/v2\/ensino_fundamental\/142716\/revisions"}],"predecessor-version":[{"id":177527,"href":"https:\/\/sme.goiania.go.gov.br\/conexaoescola\/wp-json\/wp\/v2\/ensino_fundamental\/142716\/revisions\/177527"}],"wp:featuredmedia":[{"embeddable":true,"href":"https:\/\/sme.goiania.go.gov.br\/conexaoescola\/wp-json\/wp\/v2\/media\/139340"}],"wp:attachment":[{"href":"https:\/\/sme.goiania.go.gov.br\/conexaoescola\/wp-json\/wp\/v2\/media?parent=142716"}],"wp:term":[{"taxonomy":"ef_categoria","embeddable":true,"href":"https:\/\/sme.goiania.go.gov.br\/conexaoescola\/wp-json\/wp\/v2\/ef_categoria?post=142716"},{"taxonomy":"ef_ano","embeddable":true,"href":"https:\/\/sme.goiania.go.gov.br\/conexaoescola\/wp-json\/wp\/v2\/ef_ano?post=142716"},{"taxonomy":"ef_componente","embeddable":true,"href":"https:\/\/sme.goiania.go.gov.br\/conexaoescola\/wp-json\/wp\/v2\/ef_componente?post=142716"}],"curies":[{"name":"wp","href":"https:\/\/api.w.org\/{rel}","templated":true}]}}