{"id":142681,"date":"2022-05-02T07:00:00","date_gmt":"2022-05-02T10:00:00","guid":{"rendered":"https:\/\/sme.goiania.go.gov.br\/conexaoescola\/?post_type=ensino_fundamental&#038;p=142681"},"modified":"2024-01-29T08:50:24","modified_gmt":"2024-01-29T11:50:24","slug":"arte-viola-e-catira","status":"publish","type":"ensino_fundamental","link":"https:\/\/sme.goiania.go.gov.br\/conexaoescola\/ensino_fundamental\/arte-viola-e-catira\/","title":{"rendered":"Arte &#8211; Viola e Catira"},"content":{"rendered":"\n<p class=\"has-text-align-center has-background has-medium-font-size\" style=\"background-color:#fbe8b4\">Esta proposta de atividade de<strong> Arte, <\/strong>\u00e9 destinada a estudantes de<strong> 2\u00ba ano <\/strong>do Ensino Fundamental.<\/p>\n\n\n\n<div class=\"wp-block-buttons is-content-justification-center is-layout-flex wp-container-core-buttons-is-layout-16018d1d wp-block-buttons-is-layout-flex\">\n<div class=\"wp-block-button has-custom-font-size has-medium-font-size\"><a class=\"wp-block-button__link wp-element-button\" href=\"https:\/\/drive.google.com\/uc?export=download&amp;id=1Lz8Xqu75z_fTCHY02Bhbr-ae60ck8Kag\">BAIXE A ATIVIDADE<\/a><\/div>\n\n\n\n<div class=\"wp-block-button has-custom-font-size has-medium-font-size\"><a class=\"wp-block-button__link wp-element-button\" href=\"https:\/\/drive.google.com\/uc?export=download&amp;id=1D-OFDjSiKf1i3tEk7fKzy-MERfylt0gs\">BAIXE OS SLIDES<\/a><\/div>\n\n\n\n<div class=\"wp-block-button has-custom-font-size has-medium-font-size\"><a class=\"wp-block-button__link wp-element-button\" href=\"https:\/\/drive.google.com\/uc?export=download&amp;id=1Y-O9QUQLTpCcVOlz9UaQKXzoNEVPwX6T\">BAIXE O TEXTO<\/a><\/div>\n<\/div>\n\n\n\n<div style=\"height:38px\" aria-hidden=\"true\" class=\"wp-block-spacer\"><\/div>\n\n\n<div class=\"wp-block-image is-style-default\">\n<figure class=\"aligncenter size-full is-resized\"><img fetchpriority=\"high\" decoding=\"async\" src=\"https:\/\/sme.goiania.go.gov.br\/conexaoescola\/wp-content\/uploads\/2022\/04\/Miniatura_Violeiros.jpg\" alt=\"\" class=\"wp-image-142682\" width=\"480\" height=\"360\" srcset=\"https:\/\/sme.goiania.go.gov.br\/conexaoescola\/wp-content\/uploads\/2022\/04\/Miniatura_Violeiros.jpg 640w, https:\/\/sme.goiania.go.gov.br\/conexaoescola\/wp-content\/uploads\/2022\/04\/Miniatura_Violeiros-300x225.jpg 300w\" sizes=\"(max-width: 480px) 100vw, 480px\" \/><figcaption class=\"wp-element-caption\">Imagem de uso livre: Rivanil Jos\u00e9 Paiva. Violeiros do Grupo Amigos Catireiros de Araras. Dispon\u00edvel em: &lt;<a href=\"https:\/\/commons.wikimedia.org\/wiki\/File:Miniatura_Violeiros.jpg\">https:\/\/commons.wikimedia.org\/wiki\/File:Miniatura_Violeiros.jpg<\/a>&gt;<\/figcaption><\/figure><\/div>\n\n\n<p class=\"has-medium-font-size\">VOC\u00ca CONHECE UM INSTRUMENTO CHAMADO VIOLA? ESSE \u00c9 UM INSTRUMENTO MUSICAL MUITO ESPECIAL, PRESENTE EM DIVERSAS MANIFESTA\u00c7\u00d5ES CULTURAIS BRASILEIRAS, COMO A CATIRA, O FANDANGO, A FOLIA DE REIS E MUITAS OUTRAS TRADI\u00c7\u00d5ES QUE OCORREM POR TODO O BRASIL.<\/p>\n\n\n\n<p class=\"has-medium-font-size\">A VIOLA CHEGOU AO BRASIL JUNTAMENTE COM AS PRIMEIRAS LEVAS DE COLONIZADORES PORTUGUESES E JESU\u00cdTAS. ELA SE TORNOU PARTE INTEGRANTE DA RICA TAPE\u00c7ARIA MUSICAL DO PA\u00cdS, CONTRIBUINDO PARA A DIVERSIDADE E A AUTENTICIDADE DAS EXPRESS\u00d5ES ART\u00cdSTICAS LOCAIS.<\/p>\n\n\n\n<p class=\"has-medium-font-size\">PORTANTO, AO EXPLORAR A PRESEN\u00c7A DA VIOLA EM DIVERSAS TRADI\u00c7\u00d5ES E AO OBSERVAR SUAS VARIA\u00c7\u00d5ES VISUAIS, PODEMOS APRECIAR A RIQUEZA CULTURAL E HIST\u00d3RICA QUE ESSE INSTRUMENTO TRAZ CONSIGO, REPRESENTANDO UMA PARTE IMPORTANTE DA MUSICALIDADE DO NOSSO PA\u00cdS.<\/p>\n\n\n\n<div style=\"height:38px\" aria-hidden=\"true\" class=\"wp-block-spacer wp-embed-aspect-16-9 wp-has-aspect-ratio\"><\/div>\n\n\n\n<p class=\"wp-embed-aspect-16-9 wp-has-aspect-ratio has-background has-medium-font-size\" style=\"background-color:#fbe8b4\"><strong>QUEST\u00c3O 1<\/strong><\/p>\n\n\n\n<h1 class=\"wp-block-heading has-medium-font-size\" style=\"font-style:normal;font-weight:400;text-transform:capitalize\">DE ACORDO COM O TEXTO, EM QUAIS MANIFESTA\u00c7\u00d5ES BRASILEIRAS A VIOLA EST\u00c1 PRESENTE?<\/h1>\n\n\n\n<div class=\"wp-block-group is-vertical is-layout-flex wp-container-core-group-is-layout-8cf370e7 wp-block-group-is-layout-flex\">\n<h1 class=\"wp-block-heading has-medium-font-size\" style=\"font-style:normal;font-weight:400;text-transform:capitalize\">A) SAMBA, AX\u00c9 E MARACATU<\/h1>\n\n\n\n<h1 class=\"wp-block-heading has-medium-font-size\" style=\"font-style:normal;font-weight:400;text-transform:capitalize\">B) CATIRA, FANDANGO E FOLIA DE REIS<\/h1>\n\n\n\n<h1 class=\"wp-block-heading has-medium-font-size\" style=\"font-style:normal;font-weight:400;text-transform:capitalize\">C) FREVO, FORR\u00d3 E CAPOEIRA<\/h1>\n\n\n\n<h1 class=\"wp-block-heading has-medium-font-size\" style=\"font-style:normal;font-weight:400;text-transform:capitalize\">D) BOSSA NOVA, CHORO E MANGUEBEAT<\/h1>\n<\/div>\n\n\n\n<p><\/p>\n\n\n\n<p class=\"wp-embed-aspect-16-9 wp-has-aspect-ratio has-background has-medium-font-size\" style=\"background-color:#fbe8b4\"><strong>QUEST\u00c3O 2<\/strong><\/p>\n\n\n\n<h1 class=\"wp-block-heading has-medium-font-size\" style=\"font-style:normal;font-weight:400;text-transform:capitalize\">COMO A VIOLA CHEGOU AO BRASIL, SEGUNDO O TEXTO?<\/h1>\n\n\n\n<div class=\"wp-block-group is-vertical is-layout-flex wp-container-core-group-is-layout-8cf370e7 wp-block-group-is-layout-flex\">\n<h1 class=\"wp-block-heading has-medium-font-size\" style=\"font-style:normal;font-weight:400;text-transform:capitalize\">A) POR MEIO DE TROCAS COMERCIAIS COM A \u00c1FRICA.<\/h1>\n\n\n\n<h1 class=\"wp-block-heading has-medium-font-size\" style=\"font-style:normal;font-weight:400;text-transform:capitalize\">B) FOI INVENTADA POR M\u00daSICOS BRASILEIROS.<\/h1>\n\n\n\n<h1 class=\"wp-block-heading has-medium-font-size\" style=\"font-style:normal;font-weight:400;text-transform:capitalize\">C) ACOMPANHOU AS LEVAS DE COLONIZADORES PORTUGUESES E JESU\u00cdTAS.<\/h1>\n\n\n\n<h1 class=\"wp-block-heading has-medium-font-size\" style=\"font-style:normal;font-weight:400;text-transform:capitalize\">D) FOI TRAZIDA PELOS IND\u00cdGENAS.<\/h1>\n<\/div>\n\n\n\n<p><\/p>\n\n\n\n<p class=\"wp-embed-aspect-16-9 wp-has-aspect-ratio has-background has-medium-font-size\" style=\"background-color:#fbe8b4\"><strong>QUEST\u00c3O<\/strong> <strong>3<\/strong><\/p>\n\n\n\n<p class=\"has-medium-font-size\">A <strong><em>VIOLA <\/em><\/strong>\u00c9 UM INSTRUMENTO QUE VEIO AO BRASIL COM AS PRIMEIRAS LEVAS DE COLONIZADORES PORTUGUESES E JESU\u00cdTAS.<\/p>\n\n\n\n<p class=\"has-medium-font-size\">COMPARE AS IMAGENS E APONTE O QUE V\u00ca DE DIFERENTE ENTRE OS DOIS INSTRUMENTOS.&nbsp;<\/p>\n\n\n\n<figure class=\"wp-block-image size-large is-resized is-style-rounded\"><img decoding=\"async\" src=\"https:\/\/sme.goiania.go.gov.br\/conexaoescola\/wp-content\/uploads\/2022\/04\/Violao-1024x791.png\" alt=\"\" class=\"wp-image-142571\" width=\"768\" height=\"593\" srcset=\"https:\/\/sme.goiania.go.gov.br\/conexaoescola\/wp-content\/uploads\/2022\/04\/Violao-1024x791.png 1024w, https:\/\/sme.goiania.go.gov.br\/conexaoescola\/wp-content\/uploads\/2022\/04\/Violao-300x232.png 300w, https:\/\/sme.goiania.go.gov.br\/conexaoescola\/wp-content\/uploads\/2022\/04\/Violao-768x593.png 768w, https:\/\/sme.goiania.go.gov.br\/conexaoescola\/wp-content\/uploads\/2022\/04\/Violao-1536x1187.png 1536w, https:\/\/sme.goiania.go.gov.br\/conexaoescola\/wp-content\/uploads\/2022\/04\/Violao.png 2000w\" sizes=\"(max-width: 768px) 100vw, 768px\" \/><figcaption class=\"wp-element-caption\">1 &#8211; Imagem Livre: Viola caipira &#8211; Dispon\u00edvel em: <a href=\"https:\/\/pt.wikipedia.org\/wiki\/Viola_caipira\">https:\/\/pt.wikipedia.org\/wiki\/Viola_caipira<\/a><br>2 &#8211; Imagem retirada do Canva educacional de Billion Photos &#8211; Dispon\u00edvel em: <a href=\"http:\/\/www.canva.com\">www.canva.com<\/a><\/figcaption><\/figure>\n\n\n\n<p class=\"has-medium-font-size\">VEJA O V\u00cdDEO DO PROFESSOR <strong><em>MAXWELL G. CEROZINO<\/em><\/strong> E OBSERVE.<\/p>\n\n\n\n<p class=\"has-medium-font-size\">DEPOIS DIALOGUE COM OS COLEGAS OU FAMILIARES SOBRE O QUE LHE CHAMOU ATEN\u00c7\u00c3O.<\/p>\n\n\n\n<figure class=\"wp-block-embed is-type-video is-provider-youtube wp-block-embed-youtube wp-embed-aspect-16-9 wp-has-aspect-ratio\"><div class=\"wp-block-embed__wrapper\">\n<p class=\"responsive-video-wrap clr\"><iframe title=\"VI\u00d3LA E VIOL\u00c3O (Um pouco da Hist\u00f3ria e Curiosidades) #violacaipira #viol\u00e3o #aulademusica\" width=\"1200\" height=\"675\" src=\"https:\/\/www.youtube.com\/embed\/mrO7JO_jEFk?start=61&#038;feature=oembed\" frameborder=\"0\" allow=\"accelerometer; autoplay; clipboard-write; encrypted-media; gyroscope; picture-in-picture; web-share\" allowfullscreen><\/iframe><\/p>\n<\/div><figcaption class=\"wp-element-caption\">Canal Maxwell Cerozino &#8220;VI\u00d3LA E VIOL\u00c3O (Um pouco da Hist\u00f3ria e Curiosidades) #violacaipira&#8221;. Dispon\u00edvel em: &lt;https:\/\/www.youtube.com\/watch?v=mrO7JO_jEFk&amp;t=61s&gt;. Acesso em: 02 Mai. 2022.<\/figcaption><\/figure>\n\n\n\n<div style=\"height:38px\" aria-hidden=\"true\" class=\"wp-block-spacer\"><\/div>\n\n\n\n<p class=\"has-background has-medium-font-size\" style=\"background-color:#fbe8b4\"><strong>QUEST\u00c3O 4 <\/strong><\/p>\n\n\n\n<p class=\"has-medium-font-size\">AGORA VAMOS CONHECER A CATIRA E O SOM DA VIOLA COMO TRILHA SONORA, PARA RESPONDER ESTA QUEST\u00c3O.<\/p>\n\n\n\n<figure class=\"wp-block-embed is-type-video is-provider-youtube wp-block-embed-youtube wp-embed-aspect-16-9 wp-has-aspect-ratio\"><div class=\"wp-block-embed__wrapper\">\n<p class=\"responsive-video-wrap clr\"><iframe title=\"Dois com Dois \u00e9 Quatro, por Os Favoritos da Catira\" width=\"1200\" height=\"675\" src=\"https:\/\/www.youtube.com\/embed\/2lZJBKXL2lc?feature=oembed\" frameborder=\"0\" allow=\"accelerometer; autoplay; clipboard-write; encrypted-media; gyroscope; picture-in-picture; web-share\" allowfullscreen><\/iframe><\/p>\n<\/div><\/figure>\n\n\n\n<p><em>(Sugerimos que seja apresentada apenas uma parte do v\u00eddeo, para n\u00e3o ficar cansativo.)<\/em><\/p>\n\n\n\n<p class=\"has-medium-font-size\"> A PARTIR DO QUE VIU, COMO SE DAN\u00c7A A CATIRA E QUAIS S\u00c3O OS PRINCIPAIS MOVIMENTOS? <\/p>\n\n\n\n<div style=\"height:26px\" aria-hidden=\"true\" class=\"wp-block-spacer\"><\/div>\n\n\n\n<p class=\"has-background has-medium-font-size\" style=\"background-color:#fbe8b4\"><strong>QUEST\u00c3O 5<\/strong><\/p>\n\n\n\n<p class=\"has-medium-font-size\">RESOLVA O QUEBRA CABE\u00c7A ABAIXO, COM ATEN\u00c7\u00c3O NOS ELEMENTOS CARACTER\u00cdSTICOS DA CATIRA E DOS CATIREIROS. <\/p>\n\n\n\n<p class=\"has-medium-font-size\"><strong>ATEN\u00c7\u00c3O<\/strong>: TER\u00c1 QUE ASSOCIAR A IMAGEM \u00c0 PALAVRA CORRESPONDENTE. <strong>JOGO &#8211; O QUE OS CATIREIROS USAM?<\/strong><\/p>\n\n\n\n<figure class=\"wp-block-embed is-type-wp-embed is-provider-wordwall wp-block-embed-wordwall\"><div class=\"wp-block-embed__wrapper\">\n<div class=\"oceanwp-oembed-wrap clr\"><iframe class=\"wp-embedded-content\" sandbox=\"allow-scripts\" security=\"restricted\" title=\"O QUE OS CATIREIROS USAM?\" src=\"https:\/\/wordwall.net\/pt\/embed\/2f2c7c82805b4ebca5820e179545a5e8?themeId=0&#038;ref=oembed#?secret=CFBvsIeaCy\" data-secret=\"CFBvsIeaCy\" width=\"500\" height=\"380\" frameborder=\"0\"><\/iframe><\/div>\n<\/div><figcaption class=\"wp-element-caption\">WORDWALL &#8211;  LINK: <a href=\"https:\/\/wordwall.net\/pt\/resource\/31868153\">https:\/\/wordwall.net\/pt\/resource\/31868153<\/a> <\/figcaption><\/figure>\n\n\n\n<div style=\"height:38px\" aria-hidden=\"true\" class=\"wp-block-spacer\"><\/div>\n\n\n\n<p class=\"has-background has-medium-font-size\" style=\"background-color:#fbe8b4\"><strong>QUEST\u00c3O 6<\/strong><\/p>\n\n\n\n<p class=\"has-medium-font-size\">AGORA, COM O PROFESSOR EURIM PABLO VAMOS DAN\u00c7AR UM POUQUINHO?<\/p>\n\n\n\n<p class=\"has-medium-font-size\">SE SOLTE!&nbsp;&nbsp;<\/p>\n\n\n\n<figure class=\"wp-block-embed is-type-video is-provider-youtube wp-block-embed-youtube wp-embed-aspect-16-9 wp-has-aspect-ratio\"><div class=\"wp-block-embed__wrapper\">\n<p class=\"responsive-video-wrap clr\"><iframe title=\"Prof  Eurim   Catira SME\" width=\"1200\" height=\"675\" src=\"https:\/\/www.youtube.com\/embed\/pxTxfoASqZg?feature=oembed\" frameborder=\"0\" allow=\"accelerometer; autoplay; clipboard-write; encrypted-media; gyroscope; picture-in-picture; web-share\" allowfullscreen><\/iframe><\/p>\n<\/div><figcaption class=\"wp-element-caption\"> <br>Canal: <a href=\"https:\/\/www.youtube.com\/channel\/UCtoYS7J0PS_iO3KMA1JsnCA\">Portal Conex\u00e3o Escola<\/a> &#8211; Prof Eurim Catira SME&nbsp; Link: &lt;<a href=\"https:\/\/youtu.be\/pxTxfoASqZg\">https:\/\/youtu.be\/pxTxfoASqZg<\/a>&gt; <\/figcaption><\/figure>\n\n\n\n<figure class=\"wp-block-embed is-type-video is-provider-youtube wp-block-embed-youtube wp-embed-aspect-16-9 wp-has-aspect-ratio\"><div class=\"wp-block-embed__wrapper\">\n<p class=\"responsive-video-wrap clr\"><iframe title=\"Passarinhando: Catira  do Passarinho\" width=\"1200\" height=\"675\" src=\"https:\/\/www.youtube.com\/embed\/AOOtiRfDLSc?feature=oembed\" frameborder=\"0\" allow=\"accelerometer; autoplay; clipboard-write; encrypted-media; gyroscope; picture-in-picture; web-share\" allowfullscreen><\/iframe><\/p>\n<\/div><figcaption class=\"wp-element-caption\">M\u00fasica Animada da TV Brasil apresenta o show infantil Passarinhando. Can\u00e7\u00e3o Catira do Passarinho composta por Celso Pan e Jacqueline Baumgratz. link: &lt;https:\/\/tvbrasil.ebc.com.br\/musica-animada\/2019\/04\/passarinhando-catira-de-passarinho&gt;<\/figcaption><\/figure>\n\n\n\n<p><\/p>\n\n\n\n<div style=\"height:38px\" aria-hidden=\"true\" class=\"wp-block-spacer\"><\/div>\n\n\n\n<p class=\"has-background has-medium-font-size\" style=\"background-color:#fbe8b4\"><strong>SABER MAIS<\/strong><\/p>\n\n\n\n<p class=\"has-medium-font-size\">PARA SABER MAIS ACESSE O CANAL: <a href=\"https:\/\/www.youtube.com\/channel\/UCsdIGtyuyiW--cidQQ6KUsw\">Record TV Goi\u00e1s<\/a> &#8211; CAMPINAS \u00c9 PALCO DE GRUPOS DE CATIRA. \u00a0Link: &lt;<a href=\"https:\/\/www.youtube.com\/watch?v=x5o8WOFmTNw\">https:\/\/www.youtube.com\/watch?v=x5o8WOFmTNw<\/a>>\u00a0<\/p>\n\n\n\n<p class=\"has-medium-font-size\">CATIRA &#8211; ESTILO DE DAN\u00c7A DO FOLCLORE BRASILEIRO. POSTADO POR AMANDA MARIA AZEVEDO EM: 29\/07\/2019. Link: &lt;<a href=\"https:\/\/www.educamaisbrasil.com.br\/enem\/artes\/catira\">https:\/\/www.educamaisbrasil.com.br\/enem\/artes\/catira<\/a>&gt; <\/p>\n\n\n\n<div style=\"height:38px\" aria-hidden=\"true\" class=\"wp-block-spacer\"><\/div>\n\n\n\n<p class=\"has-background has-medium-font-size\" style=\"background-color:#fbe8b4\"><strong>GABARITO DA QUEST\u00c3O 3: <\/strong><\/p>\n\n\n<div class=\"wp-block-image is-style-default\">\n<figure class=\"aligncenter size-full is-resized\"><img decoding=\"async\" src=\"https:\/\/sme.goiania.go.gov.br\/conexaoescola\/wp-content\/uploads\/2022\/04\/GABARITO.png\" alt=\"\" class=\"wp-image-142572\" width=\"378\" height=\"352\" srcset=\"https:\/\/sme.goiania.go.gov.br\/conexaoescola\/wp-content\/uploads\/2022\/04\/GABARITO.png 755w, https:\/\/sme.goiania.go.gov.br\/conexaoescola\/wp-content\/uploads\/2022\/04\/GABARITO-300x279.png 300w\" sizes=\"(max-width: 378px) 100vw, 378px\" \/><figcaption class=\"wp-element-caption\">Imagem constru\u00edda no Paint, a partir de imagens livres dos sites Commons.wikimedia.org e Canva Educacional.<\/figcaption><\/figure><\/div>\n\n\n<hr class=\"wp-block-separator has-alpha-channel-opacity\"\/>\n\n\n\n<figure class=\"wp-block-table is-style-stripes\"><table><tbody><tr><td><strong>Autoria:&nbsp;<\/strong><\/td><td>Ariadiny C\u00e2ndido Morais<\/td><\/tr><tr><td><strong>Forma\u00e7\u00e3o:<\/strong><\/td><td>Pedagoga E Mestre Em Educa\u00e7\u00e3o<\/td><\/tr><tr><td><strong>Componente Curricular:<\/strong><\/td><td>Arte<\/td><\/tr><tr><td><strong>Objetivos de aprendizagem e desenvolvimento<\/strong>Elementos da Linguagem: Espa\u00e7o, ritmos e tempo A\u00e7\u00f5es corporais Explora\u00e7\u00f5es plurais e multissensoriais<br>Contextos e Pr\u00e1ticas: Manifesta\u00e7\u00f5es das dan\u00e7as tradicionais, sociais e contempor\u00e2neas Repert\u00f3rio corporal Produ\u00e7\u00e3o goiana e seus contextos<br>Contextos e Pr\u00e1ticas: Patrim\u00f4nio cultural, material e imaterial, de culturas diversas Matrizes ind\u00edgenas, africanas e europeias, de diferentes \u00e9pocas<\/td><td>(GO-EF02AR10-A) Ampliar as experi\u00eancias de movimento potencializadas por explora\u00e7\u00f5es plurais e multissensoriais, na rela\u00e7\u00e3o com as diferentes formas de orienta\u00e7\u00e3o no espa\u00e7o e ritmos de movimento. Vivenciar diversas a\u00e7\u00f5es corporais no tempo\/espa\u00e7o e na intera\u00e7\u00e3o com objetos.<br><br>(GO-EF02AR08-A) Conhecer, reconhecer e experimentar diversas manifesta\u00e7\u00f5es das dan\u00e7as tradicionais, sociais e contempor\u00e2neas, cultivando a percep\u00e7\u00e3o, o imagin\u00e1rio, a dimens\u00e3o brincante e a capacidade de simbolizar e ampliar o repert\u00f3rio corporal, valorizando a produ\u00e7\u00e3o goiana e seus contextos.<br><br>(GO-EF02AR25) Conhecer e valorizar o patrim\u00f4nio e a mem\u00f3ria cultural, material e imaterial, de culturas diversas, especialmente da cultura brasileira, incluindo suas matrizes ind\u00edgenas, africanas e europeias, de diferentes \u00e9pocas, ampliando o vocabul\u00e1rio e repert\u00f3rio relativos \u00e0 linguagem musical e \u00e0s diferentes linguagens art\u00edsticas.<\/td><\/tr><tr><td><strong>Refer\u00eancia&nbsp;<\/strong><\/td><td>Documento Curricular para Goi\u00e1s &#8211; Ampliado &#8211; Cortes Temporais.pdf. Dispon\u00edvel em: <a href=\"https:\/\/sme.goiania.go.gov.br\/site\/index.php\/institucional\/documentos-oficiais-2\">https:\/\/sme.goiania.go.gov.br\/site\/index.php\/institucional\/documentos-oficiais-2<\/a>\u00a0<br>Documento Curricular para Goi\u00e1s Ampliado_vol II.pdf. Goi\u00e2nia\/GO: CONSED\/ UNDIME Goi\u00e1s, 2018.\u00a0<br>CATIRA &#8211; Estilo de dan\u00e7a do folclore brasileiro. Postado por Amanda Maria Azevedo em 29\/07\/2019. Link: &lt;https:\/\/www.educamaisbrasil.com.br\/enem\/artes\/catira><\/td><\/tr><\/tbody><\/table><\/figure>\n","protected":false},"author":12,"featured_media":142682,"template":"","ef_categoria":[13,17],"ef_ano":[85],"ef_componente":[99],"class_list":["post-142681","ensino_fundamental","type-ensino_fundamental","status-publish","has-post-thumbnail","hentry","ef_categoria-ciclo-da-infancia-abc","ef_categoria-corpo-e-movimento","ef_ano-2o-ano","ef_componente-arte-ef","entry","has-media"],"acf":[],"_links":{"self":[{"href":"https:\/\/sme.goiania.go.gov.br\/conexaoescola\/wp-json\/wp\/v2\/ensino_fundamental\/142681","targetHints":{"allow":["GET"]}}],"collection":[{"href":"https:\/\/sme.goiania.go.gov.br\/conexaoescola\/wp-json\/wp\/v2\/ensino_fundamental"}],"about":[{"href":"https:\/\/sme.goiania.go.gov.br\/conexaoescola\/wp-json\/wp\/v2\/types\/ensino_fundamental"}],"author":[{"embeddable":true,"href":"https:\/\/sme.goiania.go.gov.br\/conexaoescola\/wp-json\/wp\/v2\/users\/12"}],"version-history":[{"count":3,"href":"https:\/\/sme.goiania.go.gov.br\/conexaoescola\/wp-json\/wp\/v2\/ensino_fundamental\/142681\/revisions"}],"predecessor-version":[{"id":176346,"href":"https:\/\/sme.goiania.go.gov.br\/conexaoescola\/wp-json\/wp\/v2\/ensino_fundamental\/142681\/revisions\/176346"}],"wp:featuredmedia":[{"embeddable":true,"href":"https:\/\/sme.goiania.go.gov.br\/conexaoescola\/wp-json\/wp\/v2\/media\/142682"}],"wp:attachment":[{"href":"https:\/\/sme.goiania.go.gov.br\/conexaoescola\/wp-json\/wp\/v2\/media?parent=142681"}],"wp:term":[{"taxonomy":"ef_categoria","embeddable":true,"href":"https:\/\/sme.goiania.go.gov.br\/conexaoescola\/wp-json\/wp\/v2\/ef_categoria?post=142681"},{"taxonomy":"ef_ano","embeddable":true,"href":"https:\/\/sme.goiania.go.gov.br\/conexaoescola\/wp-json\/wp\/v2\/ef_ano?post=142681"},{"taxonomy":"ef_componente","embeddable":true,"href":"https:\/\/sme.goiania.go.gov.br\/conexaoescola\/wp-json\/wp\/v2\/ef_componente?post=142681"}],"curies":[{"name":"wp","href":"https:\/\/api.w.org\/{rel}","templated":true}]}}