{"id":142569,"date":"2022-05-02T07:13:00","date_gmt":"2022-05-02T10:13:00","guid":{"rendered":"https:\/\/sme.goiania.go.gov.br\/conexaoescola\/?post_type=ensino_fundamental&#038;p=142569"},"modified":"2024-03-20T14:32:16","modified_gmt":"2024-03-20T17:32:16","slug":"catira-e-a-cultura-goiana","status":"publish","type":"ensino_fundamental","link":"https:\/\/sme.goiania.go.gov.br\/conexaoescola\/ensino_fundamental\/catira-e-a-cultura-goiana\/","title":{"rendered":"Arte &#8211; A Viola, a Catira e a Cultura Goiana"},"content":{"rendered":"\n<p class=\"has-text-align-center has-background has-medium-font-size\" style=\"background-color:#fbe8b4\">Esta proposta de atividade de<strong> Arte,<\/strong> \u00e9 destinada a estudantes de<strong> 1\u00ba ano <\/strong>do Ensino Fundamental.<\/p>\n\n\n\n<div class=\"wp-block-buttons is-content-justification-center is-layout-flex wp-container-core-buttons-is-layout-16018d1d wp-block-buttons-is-layout-flex\">\n<div class=\"wp-block-button has-custom-font-size has-medium-font-size\"><a class=\"wp-block-button__link wp-element-button\" href=\"https:\/\/drive.google.com\/uc?export=download&amp;id=1aU0KRa3dwbF2mdJKN85cSp5QFiS66ZQB\">BAIXE A ATIVIDADE<\/a><\/div>\n\n\n\n<div class=\"wp-block-button has-custom-font-size has-medium-font-size\"><a class=\"wp-block-button__link wp-element-button\" href=\"https:\/\/drive.google.com\/uc?export=download&amp;id=1VSUfPLzHk-cYmwFicjobpGYPJ1XcSSZb\">BAIXE OS SLIDES<\/a><\/div>\n\n\n\n<div class=\"wp-block-button has-custom-font-size has-medium-font-size\"><a class=\"wp-block-button__link wp-element-button\" href=\"https:\/\/drive.google.com\/uc?export=download&amp;id=1XMJEdj-oolsABZ8Z9aUr3wpQpZIj5Rk3\">BAIXE O TEXTO<\/a><\/div>\n<\/div>\n\n\n\n<div style=\"height:26px\" aria-hidden=\"true\" class=\"wp-block-spacer\"><\/div>\n\n\n\n<p class=\"has-text-align-center has-medium-font-size\">VOC\u00ca CONHECE UM INSTRUMENTO CHAMADO <strong><em>VIOLA<\/em><\/strong>, ELA \u00c9 DIFERENTE DO VIOL\u00c3O E FAZ PARTE DA CULTURA GOIANA.<\/p>\n\n\n<div class=\"wp-block-image is-style-default\">\n<figure class=\"aligncenter size-full is-resized\"><img fetchpriority=\"high\" decoding=\"async\" width=\"300\" height=\"513\" src=\"https:\/\/sme.goiania.go.gov.br\/conexaoescola\/wp-content\/uploads\/2022\/04\/VIOLA.jpg\" alt=\"\" class=\"wp-image-142570\" style=\"aspect-ratio:0.5844155844155844;width:377px;height:auto\" srcset=\"https:\/\/sme.goiania.go.gov.br\/conexaoescola\/wp-content\/uploads\/2022\/04\/VIOLA.jpg 300w, https:\/\/sme.goiania.go.gov.br\/conexaoescola\/wp-content\/uploads\/2022\/04\/VIOLA-175x300.jpg 175w\" sizes=\"(max-width: 300px) 100vw, 300px\" \/><figcaption class=\"wp-element-caption\">Imagem Livre: Viola caipira com trabalho de <a href=\"https:\/\/pt.wikipedia.org\/wiki\/Marchetaria\">marchetaria<\/a> &#8211; Dispon\u00edvel em: <a href=\"https:\/\/pt.wikipedia.org\/wiki\/Viola_caipira\">https:\/\/pt.wikipedia.org\/wiki\/Viola_caipira<\/a><\/figcaption><\/figure><\/div>\n\n\n<p class=\"has-medium-font-size\">VOC\u00ca CONHECE UM INSTRUMENTO CHAMADO VIOLA, ELA \u00c9 DIFERENTE DO VIOL\u00c3O E FAZ PARTE DA CULTURA GOIANA.<br>VOC\u00ca J\u00c1 OUVIU OU DAN\u00c7OU UMA MODA DE VIOLA?<br>\u00c9 UM SOM T\u00c3O BONITO QUE PARECE QUE ESTAMOS DENTRO DE UMA HIST\u00d3RIA ANTIGA!<br>VOC\u00ca SABIA QUE TEM UMA DAN\u00c7A MUITO LEGAL QUE \u00c9 FEITA AO SOM DA VIOLA? CHAMA-SE CATIRA! NELA, AS PESSOAS BATEM PALMAS, SAPATEIAM E SE DIVERTEM MUITO AO RITMO DA M\u00daSICA.<br>A CATIRA \u00c9 UMA DAN\u00c7A BEM ANIMADA E CHEIA DE ENERGIA, ONDE TODO O MUNDO SE DIVERTE JUNTO. \u00c9 COMO SE A M\u00daSICA NOS LEVASSE PARA UM MUNDO DE BRINCADEIRAS E ALEGRIA, CONECTANDO A GENTE COM AS HIST\u00d3RIAS DO PASSADO E DO PRESENTE!<\/p>\n\n\n\n<hr class=\"wp-block-separator has-css-opacity\"\/>\n\n\n\n<p class=\"has-background has-medium-font-size\" style=\"background-color:#fbe8b4\"><strong>QUEST\u00c3O 1<\/strong><\/p>\n\n\n\n<p class=\"has-medium-font-size\">COMPARE AS IMAGENS E APONTE O QUE V\u00ca DE DIFERENTE ENTRE OS DOIS INSTRUMENTOS.&nbsp;<\/p>\n\n\n\n<figure class=\"wp-block-image size-large is-style-rounded\"><img decoding=\"async\" width=\"1024\" height=\"791\" src=\"https:\/\/sme.goiania.go.gov.br\/conexaoescola\/wp-content\/uploads\/2022\/04\/Violao-1024x791.png\" alt=\"\" class=\"wp-image-142571\" srcset=\"https:\/\/sme.goiania.go.gov.br\/conexaoescola\/wp-content\/uploads\/2022\/04\/Violao-1024x791.png 1024w, https:\/\/sme.goiania.go.gov.br\/conexaoescola\/wp-content\/uploads\/2022\/04\/Violao-300x232.png 300w, https:\/\/sme.goiania.go.gov.br\/conexaoescola\/wp-content\/uploads\/2022\/04\/Violao-768x593.png 768w, https:\/\/sme.goiania.go.gov.br\/conexaoescola\/wp-content\/uploads\/2022\/04\/Violao-1536x1187.png 1536w, https:\/\/sme.goiania.go.gov.br\/conexaoescola\/wp-content\/uploads\/2022\/04\/Violao.png 2000w\" sizes=\"(max-width: 1024px) 100vw, 1024px\" \/><figcaption class=\"wp-element-caption\">1 &#8211; Imagem Livre: Viola caipira &#8211; Dispon\u00edvel em: <a href=\"https:\/\/pt.wikipedia.org\/wiki\/Viola_caipira\">https:\/\/pt.wikipedia.org\/wiki\/Viola_caipira<\/a><br>2 &#8211; Imagem retirada do Canva educacional de Billion Photos &#8211; Dispon\u00edvel em: <a href=\"http:\/\/www.canva.com\">www.canva.com<\/a><\/figcaption><\/figure>\n\n\n\n<p class=\"has-medium-font-size\">VEJA O V\u00cdDEO DO PROFESSOR <strong><em>MAXWELL G. CEROZINO<\/em><\/strong> E OBSERVE.<\/p>\n\n\n\n<p class=\"has-medium-font-size\">DEPOIS DIALOGUE COM OS COLEGAS OU FAMILIARES SOBRE O QUE LHE CHAMOU ATEN\u00c7\u00c3O.<\/p>\n\n\n\n<figure class=\"wp-block-embed is-type-video is-provider-youtube wp-block-embed-youtube wp-embed-aspect-16-9 wp-has-aspect-ratio\"><div class=\"wp-block-embed__wrapper\">\n<p class=\"responsive-video-wrap clr\"><iframe title=\"VI\u00d3LA E VIOL\u00c3O (Um pouco da Hist\u00f3ria e Curiosidades) #violacaipira #viol\u00e3o #aulademusica\" width=\"1200\" height=\"675\" src=\"https:\/\/www.youtube.com\/embed\/mrO7JO_jEFk?start=61&#038;feature=oembed\" frameborder=\"0\" allow=\"accelerometer; autoplay; clipboard-write; encrypted-media; gyroscope; picture-in-picture; web-share\" allowfullscreen><\/iframe><\/p>\n<\/div><figcaption class=\"wp-element-caption\">Canal Maxwell Cerozino &#8220;VI\u00d3LA E VIOL\u00c3O (Um pouco da Hist\u00f3ria e Curiosidades) #violacaipira&#8221;. Dispon\u00edvel em: &lt;https:\/\/www.youtube.com\/watch?v=mrO7JO_jEFk&amp;t=61s&gt;. Acesso em: 02 Mai. 2022.<\/figcaption><\/figure>\n\n\n\n<p class=\"has-background has-medium-font-size\" style=\"background-color:#fbe8b4\"><strong>QUEST\u00c3O 2 <\/strong><\/p>\n\n\n\n<p class=\"has-medium-font-size\">AGORA VAMOS CONHECER A CATIRA E O SOM DA VIOLA COMO TRILHA SONORA, PARA RESPONDER ESTA QUEST\u00c3O.<\/p>\n\n\n\n<figure class=\"wp-block-embed is-type-video is-provider-youtube wp-block-embed-youtube wp-embed-aspect-16-9 wp-has-aspect-ratio\"><div class=\"wp-block-embed__wrapper\">\n<p class=\"responsive-video-wrap clr\"><iframe title=\"CATIRA (manifesta\u00e7\u00e3o cultural e regional)\" width=\"1200\" height=\"675\" src=\"https:\/\/www.youtube.com\/embed\/Jvep7w-kmS8?feature=oembed\" frameborder=\"0\" allow=\"accelerometer; autoplay; clipboard-write; encrypted-media; gyroscope; picture-in-picture; web-share\" allowfullscreen><\/iframe><\/p>\n<\/div><figcaption class=\"wp-element-caption\">Canal: PASSEANDOUNB \u2022 PAS 2024. CATIRA (manifesta\u00e7\u00e3o cultural e regional). Dispon\u00edvel em: &lt;<a href=\"https:\/\/www.youtube.com\/watch?v=Jvep7w-kmS8\">www.youtube.com\/watch?v=Jvep7w-kmS8<\/a>&gt;. Acesso em: 19 mar\u00e7o. 2024.<\/figcaption><\/figure>\n\n\n\n<p class=\"has-medium-font-size\">A PARTIR DO QUE VIU, AS PARTES DO CORPO QUE S\u00c3O MAIS USADAS NOS MOVIMENTOS DA DAN\u00c7A CATIRA S\u00c3O<\/p>\n\n\n\n<div class=\"wp-block-group is-vertical is-layout-flex wp-container-core-group-is-layout-8cf370e7 wp-block-group-is-layout-flex\">\n<p class=\"has-medium-font-size\">(A) CABE\u00c7A E P\u00c9S<\/p>\n\n\n\n<p class=\"has-medium-font-size\">(B) OLHOS E PERNAS<\/p>\n\n\n\n<p class=\"has-medium-font-size\">(C) M\u00c3OS E CABE\u00c7AS<\/p>\n\n\n\n<p class=\"has-medium-font-size\">(D) BRA\u00c7\u00d5ES E M\u00c3OS, PERNAS E P\u00c9S<\/p>\n<\/div>\n\n\n\n<div style=\"height:27px\" aria-hidden=\"true\" class=\"wp-block-spacer\"><\/div>\n\n\n\n<p class=\"has-background has-medium-font-size\" style=\"background-color:#fbe8b4\"><strong>QUEST\u00c3O  3<\/strong><\/p>\n\n\n\n<p class=\"has-medium-font-size\">A CATIRA \u00c9<\/p>\n\n\n\n<div class=\"wp-block-group is-vertical is-layout-flex wp-container-core-group-is-layout-8cf370e7 wp-block-group-is-layout-flex\">\n<p class=\"has-medium-font-size\">(A) UMA DAN\u00c7A URBANA<\/p>\n\n\n\n<p class=\"has-medium-font-size\">(B) UMA DAN\u00c7A SOLO S\u00d3 DE MULHERES<\/p>\n\n\n\n<p class=\"has-medium-font-size\">(C) UMA DAN\u00c7A TRADICIONALDO CENTROESTE BRASILEIRIRO<\/p>\n\n\n\n<p class=\"has-medium-font-size\">(D) UMA DAN\u00c7A TRADICIONALDO AFRICANA<\/p>\n<\/div>\n\n\n\n<p class=\"has-background has-medium-font-size\" style=\"background-color:#fbe8b4\"><strong>QUEST\u00c3O  3<\/strong><\/p>\n\n\n\n<p class=\"has-medium-font-size\">RESOLVA O QUEBRA CABE\u00c7A ABAIXO, COM ATEN\u00c7\u00c3O NOS ELEMENTOS CARACTER\u00cdSTICOS DA CATIRA E DOS CATIREIROS. <\/p>\n\n\n\n<p class=\"has-medium-font-size\"><strong>ATEN\u00c7\u00c3O<\/strong>: TER\u00c1 QUE ASSOCIAR A IMAGEM \u00c0 PALAVRA CORRESPONDENTE. <strong>JOGO &#8211; O QUE OS CATIREIROS USAM?<\/strong><\/p>\n\n\n\n<figure class=\"wp-block-embed aligncenter is-type-wp-embed is-provider-wordwall wp-block-embed-wordwall\"><div class=\"wp-block-embed__wrapper\">\n<div class=\"oceanwp-oembed-wrap clr\"><iframe class=\"wp-embedded-content\" sandbox=\"allow-scripts\" security=\"restricted\" title=\"O QUE OS CATIREIROS USAM?\" src=\"https:\/\/wordwall.net\/pt\/embed\/2f2c7c82805b4ebca5820e179545a5e8?themeId=0&#038;ref=oembed#?secret=8YVCHl23x4\" data-secret=\"8YVCHl23x4\" width=\"500\" height=\"380\" frameborder=\"0\"><\/iframe><\/div>\n<\/div><figcaption class=\"wp-element-caption\">WORDWALL &#8211;  LINK: <a href=\"https:\/\/wordwall.net\/pt\/resource\/31868153\">https:\/\/wordwall.net\/pt\/resource\/31868153<\/a> <\/figcaption><\/figure>\n\n\n\n<div style=\"height:38px\" aria-hidden=\"true\" class=\"wp-block-spacer\"><\/div>\n\n\n\n<p class=\"has-background has-medium-font-size\" style=\"background-color:#fbe8b4\"><strong>QUEST\u00c3O 4<\/strong><\/p>\n\n\n\n<p class=\"has-medium-font-size\">AGORA, VAMOS DAN\u00c7AR UM POUQUINHO?<\/p>\n\n\n\n<p class=\"has-medium-font-size\">SE SOLTE!&nbsp;&nbsp;<\/p>\n\n\n\n<figure class=\"wp-block-embed is-type-video is-provider-youtube wp-block-embed-youtube wp-embed-aspect-16-9 wp-has-aspect-ratio\"><div class=\"wp-block-embed__wrapper\">\n<p class=\"responsive-video-wrap clr\"><iframe title=\"Passarinhando: Catira  do Passarinho\" width=\"1200\" height=\"675\" src=\"https:\/\/www.youtube.com\/embed\/AOOtiRfDLSc?feature=oembed\" frameborder=\"0\" allow=\"accelerometer; autoplay; clipboard-write; encrypted-media; gyroscope; picture-in-picture; web-share\" allowfullscreen><\/iframe><\/p>\n<\/div><figcaption class=\"wp-element-caption\">Canal TV Brasil &#8220;Passarinhando: Catira do Passarinho&#8221;. Dispon\u00edvel em: &lt;https:\/\/www.youtube.com\/watch?v=AOOtiRfDLSc&gt;. Acesso em: 02 Mai. 2022.<\/figcaption><\/figure>\n\n\n\n<div style=\"height:38px\" aria-hidden=\"true\" class=\"wp-block-spacer\"><\/div>\n\n\n\n<hr class=\"wp-block-separator has-css-opacity\"\/>\n\n\n\n<p class=\"has-background has-medium-font-size\" style=\"background-color:#fbe8b4\"><strong>SABER MAIS<\/strong><\/p>\n\n\n\n<p class=\"has-medium-font-size\">V\u00eddeo Introdut\u00f3rio: https:\/\/youtu.be\/f202N-g5hFw<\/p>\n\n\n\n<p class=\"has-medium-font-size\">PARA SABER MAIS ACESSE O CANAL: <a href=\"https:\/\/www.youtube.com\/channel\/UCsdIGtyuyiW--cidQQ6KUsw\">Record TV Goi\u00e1s<\/a> &#8211; CAMPINAS \u00c9 PALCO DE GRUPOS DE CATIRA. &nbsp;Link: &lt;<a href=\"https:\/\/www.youtube.com\/watch?v=x5o8WOFmTNw\">https:\/\/www.youtube.com\/watch?v=x5o8WOFmTNw<\/a>&gt;&nbsp;<\/p>\n\n\n\n<p class=\"has-medium-font-size\">CATIRA &#8211; ESTILO DE DAN\u00c7A DO FOLCLORE BRASILEIRO. POSTADO POR AMANDA MARIA AZEVEDO EM: 29\/07\/2019. Link: &lt;<a href=\"https:\/\/www.educamaisbrasil.com.br\/enem\/artes\/catira\">https:\/\/www.educamaisbrasil.com.br\/enem\/artes\/catira<\/a>&gt; <\/p>\n\n\n\n<div style=\"height:38px\" aria-hidden=\"true\" class=\"wp-block-spacer\"><\/div>\n\n\n\n<p class=\"has-background has-medium-font-size\" style=\"background-color:#fbe8b4\"><strong>GABARITO DA QUEST\u00c3O 3: <\/strong><\/p>\n\n\n<div class=\"wp-block-image is-style-default\">\n<figure class=\"aligncenter size-full is-resized\"><img decoding=\"async\" width=\"755\" height=\"703\" src=\"https:\/\/sme.goiania.go.gov.br\/conexaoescola\/wp-content\/uploads\/2022\/04\/GABARITO.png\" alt=\"\" class=\"wp-image-142572\" style=\"width:378px;height:352px\" srcset=\"https:\/\/sme.goiania.go.gov.br\/conexaoescola\/wp-content\/uploads\/2022\/04\/GABARITO.png 755w, https:\/\/sme.goiania.go.gov.br\/conexaoescola\/wp-content\/uploads\/2022\/04\/GABARITO-300x279.png 300w\" sizes=\"(max-width: 755px) 100vw, 755px\" \/><figcaption class=\"wp-element-caption\">Imagem constru\u00edda no Paint, a partir de imagens livres dos sites Commons.wikimedia.org e Canva Educacional.<\/figcaption><\/figure><\/div>\n\n\n<hr class=\"wp-block-separator has-css-opacity\"\/>\n\n\n\n<figure class=\"wp-block-table is-style-stripes\"><table><tbody><tr><td><strong>Autoria:&nbsp;<\/strong><\/td><td>Ariadiny C\u00e2ndido Morais<\/td><\/tr><tr><td><strong>Forma\u00e7\u00e3o:<\/strong><\/td><td>Pedagoga e Mestre em educa\u00e7\u00e3o<\/td><\/tr><tr><td><strong>Componente Curricular<\/strong><\/td><td>Arte<\/td><\/tr><tr><td><strong>Objetivos&nbsp;<\/strong><br>Contextos e Pr\u00e1ticas: Manifesta\u00e7\u00f5es das dan\u00e7as tradicionais, sociais e contempor\u00e2neas.<br>Repert\u00f3rio corporal<br>Produ\u00e7\u00e3o goiana e seus contextos.<br><br>Elementos da Linguagem:<br>Espa\u00e7o, ritmos e tempo A\u00e7\u00f5es corporais Explora\u00e7\u00f5es plurais e multissensoriais<br><br>Contextos e Pr\u00e1ticas: Patrim\u00f4nio cultural, material e imaterial, de culturas diversas Matrizes ind\u00edgenas, africanas e europeias, de diferentes \u00e9pocas<\/td><td><strong>Habilidades:<\/strong><br>(GO-EF01AR08-A) Conhecer, reconhecer e experimentar diversas manifesta\u00e7\u00f5es das dan\u00e7as tradicionais, sociais e contempor\u00e2neas, cultivando a percep\u00e7\u00e3o, o imagin\u00e1rio, a dimens\u00e3o brincante e a capacidade de simbolizar e ampliar o repert\u00f3rio corporal, valorizando a produ\u00e7\u00e3o goiana e seus contextos.<br><br><br><br>(GO-EF01AR10-A) Ampliar as experi\u00eancias de movimento potencializadas por explora\u00e7\u00f5es plurais e multissensoriais, na rela\u00e7\u00e3o com as diferentes formas de orienta\u00e7\u00e3o no espa\u00e7o e ritmos de movimento. Vivenciar diversas a\u00e7\u00f5es corporais no tempo\/espa\u00e7o e na intera\u00e7\u00e3o com objetos.<br><br><br>(GO-EF01AR25) Conhecer e valorizar o patrim\u00f4nio e a mem\u00f3ria cultural, material e imaterial, de culturas diversas, especialmente da cultura brasileira, incluindo suas matrizes ind\u00edgenas, africanas e europeias, de diferentes \u00e9pocas, ampliando o vocabul\u00e1rio e repert\u00f3rio relativos \u00e0 linguagem musical e \u00e0s diferentes linguagens art\u00edsticas.<\/td><\/tr><tr><td><strong>Refer\u00eancias:&nbsp;<\/strong><\/td><td>Documento Curricular para Goi\u00e1s &#8211; Ampliado &#8211; Cortes Temporais.pdf. Dispon\u00edvel em: <a href=\"https:\/\/sme.goiania.go.gov.br\/site\/index.php\/institucional\/documentos-oficiais-2\">https:\/\/sme.goiania.go.gov.br\/site\/index.php\/institucional\/documentos-oficiais-2<\/a>&nbsp;<br>Documento Curricular para Goi\u00e1s Ampliado_vol II.pdf. Goi\u00e2nia\/GO: CONSED\/ UNDIME Goi\u00e1s, 2018.&nbsp;<br>CATIRA &#8211; Estilo de dan\u00e7a do folclore brasileiro. Postado por Amanda Maria Azevedo em 29\/07\/2019. Link: &lt;https:\/\/www.educamaisbrasil.com.br\/enem\/artes\/catira&gt;<\/td><\/tr><\/tbody><\/table><\/figure>\n","protected":false},"author":12,"featured_media":142571,"template":"","ef_categoria":[13,17],"ef_ano":[84],"ef_componente":[99],"class_list":["post-142569","ensino_fundamental","type-ensino_fundamental","status-publish","has-post-thumbnail","hentry","ef_categoria-ciclo-da-infancia-abc","ef_categoria-corpo-e-movimento","ef_ano-1o-ano","ef_componente-arte-ef","entry","has-media"],"acf":[],"_links":{"self":[{"href":"https:\/\/sme.goiania.go.gov.br\/conexaoescola\/wp-json\/wp\/v2\/ensino_fundamental\/142569","targetHints":{"allow":["GET"]}}],"collection":[{"href":"https:\/\/sme.goiania.go.gov.br\/conexaoescola\/wp-json\/wp\/v2\/ensino_fundamental"}],"about":[{"href":"https:\/\/sme.goiania.go.gov.br\/conexaoescola\/wp-json\/wp\/v2\/types\/ensino_fundamental"}],"author":[{"embeddable":true,"href":"https:\/\/sme.goiania.go.gov.br\/conexaoescola\/wp-json\/wp\/v2\/users\/12"}],"version-history":[{"count":5,"href":"https:\/\/sme.goiania.go.gov.br\/conexaoescola\/wp-json\/wp\/v2\/ensino_fundamental\/142569\/revisions"}],"predecessor-version":[{"id":179374,"href":"https:\/\/sme.goiania.go.gov.br\/conexaoescola\/wp-json\/wp\/v2\/ensino_fundamental\/142569\/revisions\/179374"}],"wp:featuredmedia":[{"embeddable":true,"href":"https:\/\/sme.goiania.go.gov.br\/conexaoescola\/wp-json\/wp\/v2\/media\/142571"}],"wp:attachment":[{"href":"https:\/\/sme.goiania.go.gov.br\/conexaoescola\/wp-json\/wp\/v2\/media?parent=142569"}],"wp:term":[{"taxonomy":"ef_categoria","embeddable":true,"href":"https:\/\/sme.goiania.go.gov.br\/conexaoescola\/wp-json\/wp\/v2\/ef_categoria?post=142569"},{"taxonomy":"ef_ano","embeddable":true,"href":"https:\/\/sme.goiania.go.gov.br\/conexaoescola\/wp-json\/wp\/v2\/ef_ano?post=142569"},{"taxonomy":"ef_componente","embeddable":true,"href":"https:\/\/sme.goiania.go.gov.br\/conexaoescola\/wp-json\/wp\/v2\/ef_componente?post=142569"}],"curies":[{"name":"wp","href":"https:\/\/api.w.org\/{rel}","templated":true}]}}