{"id":142263,"date":"2022-04-24T17:36:26","date_gmt":"2022-04-24T20:36:26","guid":{"rendered":"https:\/\/sme.goiania.go.gov.br\/conexaoescola\/?post_type=ensino_fundamental&#038;p=142263"},"modified":"2023-10-19T21:01:55","modified_gmt":"2023-10-20T00:01:55","slug":"historia-estatuto-da-crianca-e-do-adolescente","status":"publish","type":"ensino_fundamental","link":"https:\/\/sme.goiania.go.gov.br\/conexaoescola\/ensino_fundamental\/historia-estatuto-da-crianca-e-do-adolescente\/","title":{"rendered":"Hist\u00f3ria &#8211; Estatuto da crian\u00e7a e do adolescente"},"content":{"rendered":"\n<p class=\"has-text-align-center has-black-color has-text-color has-background has-medium-font-size\" style=\"background-color:#e8929245\"><strong>ESTA PROPOSTA DE ATIVIDADE DE HIST\u00d3RIA\u00a0\u00c9 DESTINADA AOS ESTUDANTES<\/strong>\u00a0<strong>DO<\/strong>\u00a0<strong>5\u00ba ANO DO ENSINO FUNDAMENTAL<\/strong>.<\/p>\n\n\n\n<div class=\"wp-block-buttons is-content-justification-center is-layout-flex wp-container-core-buttons-is-layout-16018d1d wp-block-buttons-is-layout-flex\">\n<div class=\"wp-block-button\"><a class=\"wp-block-button__link wp-element-button\" href=\"https:\/\/drive.google.com\/uc?export=download&amp;id=1MwFpz74aGcQ4taZZbrgAn15IRuBlGPCw\" target=\"_blank\" rel=\"noreferrer noopener\">BAIXE A ATIVIDADE<\/a><\/div>\n\n\n\n<div class=\"wp-block-button\"><a class=\"wp-block-button__link wp-element-button\" href=\"https:\/\/drive.google.com\/uc?export=download&amp;id=1nsYsvEqNK-12OAR67BF0u2nxqHy27umx\" target=\"_blank\" rel=\"noreferrer noopener\">BAIXE OS SLIDES<\/a><\/div>\n\n\n\n<div class=\"wp-block-button\"><a class=\"wp-block-button__link wp-element-button\" href=\"https:\/\/drive.google.com\/uc?export=download&amp;id=1QnLY5iA9R_bu-9QlHsEtETW-njNpbWfF\" target=\"_blank\" rel=\"noreferrer noopener\">BAIXE O TEXTO<\/a><\/div>\n<\/div>\n\n\n\n<p class=\"has-medium-font-size\">As crian\u00e7as e os adolescentes s\u00e3o sujeitos de direitos, ou seja, fam\u00edlia, Estado e sociedade devem assegurar meios para uma vida digna. O Estatuto da Crian\u00e7a e do Adolescente \u00e9 um documento que prev\u00ea v\u00e1rias garantias fundamentais, como lazer, educa\u00e7\u00e3o, sa\u00fade e liberdade.<\/p>\n\n\n\n<p class=\"has-text-align-center has-medium-font-size\"><strong>ESTATUTO DA CRIAN\u00c7A E DO ADOLESCENTE<\/strong><\/p>\n\n\n\n<figure class=\"wp-block-image size-large is-resized\"><img fetchpriority=\"high\" decoding=\"async\" src=\"https:\/\/sme.goiania.go.gov.br\/conexaoescola\/wp-content\/uploads\/2022\/04\/5-ano-ECA-1024x1024.jpg\" alt=\"\" class=\"wp-image-142264\" width=\"840\" height=\"840\"\/><figcaption class=\"wp-element-caption\">Fonte: pixabay.com<\/figcaption><\/figure>\n\n\n\n<p class=\"has-medium-font-size\">Um Estatuto \u00e9 entendido como um conjunto de normas que visam garantir a prote\u00e7\u00e3o dos indiv\u00edduos que s\u00e3o regulados por ele. No Brasil h\u00e1 o Estatuto da Crian\u00e7a e do Adolescente, que \u00e9 a Lei 8.069, de 13 de julho de 1990.<\/p>\n\n\n\n<p class=\"has-medium-font-size\">O Estatuto da Crian\u00e7a e do Adolescente (ECA) \u00e9 importante porque \u00e9 o principal instrumento legal que regula os direitos e a prote\u00e7\u00e3o de crian\u00e7as e adolescentes no Brasil.&nbsp;<\/p>\n\n\n\n<p class=\"has-medium-font-size\">Ele estabelece direitos fundamentais, como o direito \u00e0 vida, \u00e0 sa\u00fade, \u00e0 educa\u00e7\u00e3o, \u00e0 conviv\u00eancia familiar e comunit\u00e1ria, al\u00e9m de garantir medidas de prote\u00e7\u00e3o em casos de viol\u00eancia, abuso ou explora\u00e7\u00e3o.&nbsp;<\/p>\n\n\n\n<p class=\"has-medium-font-size\">O ECA reconhece a crian\u00e7a e o adolescente como sujeitos de direitos, promovendo sua participa\u00e7\u00e3o ativa na sociedade e visando garantir seu pleno desenvolvimento e inclus\u00e3o social.<\/p>\n\n\n\n<p class=\"has-medium-font-size\">No Brasil \u00e9 proibido o trabalho infantil, entendido como aquele realizado por menores de quatorze anos. O menor n\u00e3o deve ter como principal atividade o trabalho, mas sim a educa\u00e7\u00e3o para que possa se desenvolver com as melhores condi\u00e7\u00f5es.&nbsp;<\/p>\n\n\n\n<p class=\"has-medium-font-size\">O trabalho infantil \u00e9 considerado uma forma de explora\u00e7\u00e3o e pode ter consequ\u00eancias negativas para a sa\u00fade, educa\u00e7\u00e3o e futuras oportunidades das crian\u00e7as. Caso se depare com alguma crian\u00e7a trabalhando, denuncie.<\/p>\n\n\n\n<p class=\"has-text-align-center has-medium-font-size\"><strong>AGORA \u00c9 COM VOC\u00caS, VAMOS RESPONDER ALGUMAS QUEST\u00d5ES?<\/strong><\/p>\n\n\n\n<p class=\"has-black-color has-text-color has-background has-medium-font-size\" style=\"background-color:#e8929245\"><strong>QUEST\u00c3O 1<\/strong><\/p>\n\n\n\n<p class=\"has-medium-font-size\">O Estatuto da Crian\u00e7a e do Adolescente \u00e9 um documento fundamental que reconhece muitos direitos ao menor.&nbsp;<\/p>\n\n\n\n<p class=\"has-medium-font-size\">Leia o artigo 3\u00b0 do Estatuto da Crian\u00e7a e do adolescente:&nbsp;<\/p>\n\n\n\n<p class=\"has-medium-font-size\">\u201cArt. 3\u00ba A crian\u00e7a e o adolescente gozam de todos os direitos fundamentais inerentes \u00e0 pessoa humana, sem preju\u00edzo da prote\u00e7\u00e3o integral de que trata esta Lei, assegurando-se-lhes, por lei ou por outros meios, todas as oportunidades e facilidades, a fim de lhes facultar o desenvolvimento f\u00edsico, mental, moral, espiritual e social, em condi\u00e7\u00f5es de liberdade e de dignidade.\u201d<\/p>\n\n\n\n<p class=\"has-text-align-left has-small-font-size\">PLANALTO. Estatuto da Crian\u00e7a e do Adolescente.. Dispon\u00edvel em: http:\/\/www.planalto.gov.br\/ccivil_03\/leis\/l8069.htm. Acesso em 13 abr. 2022<\/p>\n\n\n\n<p class=\"has-medium-font-size\">Segundo o Estatuto da Crian\u00e7a e do Adolescente \u00e9 considerada crian\u00e7a:<\/p>\n\n\n\n<p class=\"has-medium-font-size\">a) a pessoa at\u00e9 doze anos de idade.<\/p>\n\n\n\n<p class=\"has-medium-font-size\">b) a pessoa at\u00e9 dez anos de idade.<\/p>\n\n\n\n<p class=\"has-medium-font-size\">c) a pessoa at\u00e9 dezesseis anos de idade.<\/p>\n\n\n\n<p class=\"has-medium-font-size\">d) a pessoa at\u00e9 dezoito anos de idade.<\/p>\n\n\n\n<p class=\"has-black-color has-text-color has-background has-medium-font-size\" style=\"background-color:#e8929245\"><strong>QUEST\u00c3O 2<\/strong><\/p>\n\n\n\n<p class=\"has-medium-font-size\">Observe a seguir o s\u00edmbolo do Conselho Tutelar:<\/p>\n\n\n\n<p class=\"has-text-align-center\"><img decoding=\"async\" src=\"https:\/\/lh6.googleusercontent.com\/vPxwDV-v4LYlQFkclD9ME-metnZnS0YR5OEvS-EKFVmWf9WsP2ZjD4WF2-Ah_T6750hJslOlG66u1rMOcCGPwsvuwkL2VedbW_cLNAhS4JMx0O23-lEmeIuPljbsbbQ1yFgmkiYv\" width=\"570\" height=\"380\"><\/p>\n\n\n\n<p class=\"has-text-align-center has-small-font-size\">Dispon\u00edvel em: http:\/\/www.mpgo.mp.br\/portal\/conteudo\/conselho-tutelar. Acesso em 13 abr. 2022.<\/p>\n\n\n\n<p class=\"has-medium-font-size\">Fa\u00e7a uma pesquisa sobre o Conselho Tutelar e registre as seguintes informa\u00e7\u00f5es:<\/p>\n\n\n\n<p class=\"has-medium-font-size\">a) Qual o papel do Conselho Tutelar na sociedade e a sua import\u00e2ncia para a prote\u00e7\u00e3o da inf\u00e2ncia?<\/p>\n\n\n\n<p class=\"has-medium-font-size\">b) Como o Conselho Tutelar pode ser acionado\/chamado para atuar?<\/p>\n\n\n\n<p class=\"has-medium-font-size\">c) Quem s\u00e3o os membros que comp\u00f5em o Conselho Tutelar?<\/p>\n\n\n\n<p class=\"has-black-color has-text-color has-background has-medium-font-size\" style=\"background-color:#e8929245\"><strong>QUEST\u00c3O 3<\/strong><\/p>\n\n\n\n<p class=\"has-medium-font-size\">Observe as imagens a seguir:<\/p>\n\n\n\n<p class=\"has-text-align-center\"><img decoding=\"async\" width=\"383\" height=\"287\" src=\"https:\/\/lh3.googleusercontent.com\/4hYuJsVD1iBZmntZcDLb-91nq28G2V_MPhC8zSXAEODuBuq6ka4ipHOngUgw2c80QvEXO1e9f1S53YC_tzmktOduZeC6Pp2kgY-Zrc5r1BKdmqudddr0dCTP86ULn8reJIcaf7D9\"><\/p>\n\n\n\n<p class=\"has-text-align-center has-small-font-size\">Dispon\u00edvel em:https:\/\/commons.wikimedia.org\/wiki\/File:Trabalho_infantil_em_s%C3%ADtio_de_coqueiral_(13899331484).jpg. Acesso em 13 abr. 2022<\/p>\n\n\n\n<p class=\"has-text-align-center\"><img loading=\"lazy\" decoding=\"async\" src=\"https:\/\/lh6.googleusercontent.com\/m14RiuF0vJizHy0SRUAAiF3lbjthK3rdtXy5X21RX_A38JI30GaFj22zw7RyB8aHlM29Q4QEn07sJ4k-eE8FEGgUSFEyvH7TlV2Ad5AjrXnroP998vtn8cqFI6SPPO_TuF6cJh_t\" width=\"394\" height=\"264\"><\/p>\n\n\n\n<p class=\"has-text-align-center has-small-font-size\">Dispon\u00edvel em:https:\/\/commons.wikimedia.org\/wiki\/File:EsgotoCeuAbertoValterCampanatoAgenciaBrasil.jpg. Acesso em 13 abr. 2022<\/p>\n\n\n\n<p class=\"has-medium-font-size\">Ap\u00f3s a observa\u00e7\u00e3o das imagens, pode-se afirmar que o Estatuto da Crian\u00e7a e do Adolescente est\u00e1 sendo respeitado nas situa\u00e7\u00f5es apresentadas? Como voc\u00ea chegou a essa conclus\u00e3o?<\/p>\n\n\n\n<p class=\"has-black-color has-text-color has-background has-medium-font-size\" style=\"background-color:#e8929245\"><strong>QUEST\u00c3O 4<\/strong><\/p>\n\n\n\n<p class=\"has-medium-font-size\">Quando se diz que, pelo Estatuto da Crian\u00e7a e do Adolescente, a crian\u00e7a tem o direito de ser criada e educada por sua fam\u00edlia, em um ambiente seguro e saud\u00e1vel, estamos nos referindo:<\/p>\n\n\n\n<p class=\"has-medium-font-size\">a) ao direito ao lazer.<\/p>\n\n\n\n<p class=\"has-medium-font-size\">b) ao direito \u00e0 sa\u00fade.<\/p>\n\n\n\n<p class=\"has-medium-font-size\">c) ao direito \u00e0 conviv\u00eancia familiar e comunit\u00e1ria.<\/p>\n\n\n\n<p class=\"has-medium-font-size\">d) ao direito \u00e0 escola.\u00a0\u00a0<\/p>\n\n\n\n<p class=\"has-black-color has-text-color has-background has-medium-font-size\" style=\"background-color:#efefef\"><strong>SAIBA MAIS<\/strong><\/p>\n\n\n\n<p>Lugar de crian\u00e7a \u00e9 na escola! <\/p>\n\n\n\n<figure class=\"wp-block-embed is-type-video is-provider-youtube wp-block-embed-youtube wp-embed-aspect-4-3 wp-has-aspect-ratio\"><div class=\"wp-block-embed__wrapper\">\n<p class=\"responsive-video-wrap clr\"><iframe title=\"Lugar de crian\u00e7a \u00e9 na escola!\" width=\"1200\" height=\"900\" src=\"https:\/\/www.youtube.com\/embed\/RelgYmcxi18?feature=oembed\" frameborder=\"0\" allow=\"accelerometer; autoplay; clipboard-write; encrypted-media; gyroscope; picture-in-picture; web-share\" allowfullscreen><\/iframe><\/p>\n<\/div><figcaption class=\"wp-element-caption\">Canal Lorena Guimar\u00e3es de Oliveira  https:\/\/www.youtube.com\/watch?v=RelgYmcxi18 Acesso em 24 abr 2022<\/figcaption><\/figure>\n\n\n\n<p><\/p>\n\n\n\n<figure class=\"wp-block-table\"><table><tbody><tr><td><strong>Autoria:<\/strong><\/td><td>Lorena Guimar\u00e3es<\/td><\/tr><tr><td><strong>Forma\u00e7\u00e3o:<\/strong><\/td><td>Formada em Pedagogia e Letras<\/td><\/tr><tr><td><strong>Componente<\/strong>:<\/td><td>Hist\u00f3ria<\/td><\/tr><tr><td><strong>Habilidade<\/strong>:<\/td><td>(GO-EF05HI04-B) Conhecer os marcos legais que garantem os direitos das crian\u00e7as e adolescentes, a Declara\u00e7\u00e3o dos Direitos Humanos, na perspectiva do exerc\u00edcio da cidadania.\u00a0<br>(GO-EF05HI05-B) Conhecer os principais direitos e deveres contidos nos Estatutos Brasileiros, como Estatuto da Crian\u00e7a e do Adolescente (ECA), Estatuto do Idoso, Estatuto do Deficiente, Estatuto da Igualdade Racial, compreendendo-os como conquista de direito social hist\u00f3rico.<br><\/td><\/tr><tr><td><strong>Refer\u00eancias:<\/strong><\/td><td>GOI\u00c1S. Documento Curricular para Goi\u00e1s \u2013 Ampliado. Volume II. Ensino Fundamental Anos Finais. CONSED; UNDIME, 2018. 433 p. Dispon\u00edvel em &lt;<a href=\"https:\/\/sme.goiania.go.gov.br\/site\/index.php\/institucional\/documentos-oficiais-2\/category\/27-documentos-gerais&amp;gt&amp;gt\">sme.goiania.go.gov.br\/site\/index.php\/institucional\/documentos-oficiais-2\/category\/27-documentos-gerais&amp;gt&amp;gt<\/a>;. Acesso em 23\/03\/2023.<br><br>GOI\u00c1S. Documento Curricular para Goi\u00e1s \u2013 Ampliado. Cortes Temporais. CONSED; UNDIME, 2019. p. 143. Dispon\u00edvel em: &lt;<a href=\"https:\/\/sme.goiania.go.gov.br\/site\/index.php\/institucional\/documentos-oficiais-2\">sme.goiania.go.gov.br\/site\/index.php\/institucional\/documentos-oficiais-2 >\u00a0<\/a>. Acesso em 23\/03\/2023.<br><br>BRASIL. Estatuto da Crian\u00e7a e do Adolescente. Dispon\u00edvel em: http:\/\/www.planalto.gov.br\/ccivil_03\/leis\/l8069.htm. Acesso em 20 abr. 2022.\u00a0<br><br>CIAR UFG. UFG Estatuto da Crian\u00e7a e do Adolescente. Dispon\u00edvel em: https:\/\/www.youtube.com\/watch?v=y5r6vThH_XU. Acesso em 20 abr. 2022.<br><br>UNICEF. Sobre o UNICEF. Dispon\u00edvel em https:\/\/www.unicef.org\/brazil\/sobre-o-unicef#:~:text=Criado%20pela%20Organiza%C3%A7%C3%A3o%20das%20Na%C3%A7%C3%B5es,presente%20no%20Brasil%20desde%201950. Acesso em 20 abr. 2022.<\/td><\/tr><\/tbody><\/table><\/figure>\n\n\n\n<p><\/p>\n\n\n\n<p><\/p>\n\n\n\n<p><\/p>\n","protected":false},"author":59,"featured_media":142264,"template":"","ef_categoria":[13,20],"ef_ano":[88],"ef_componente":[95],"class_list":["post-142263","ensino_fundamental","type-ensino_fundamental","status-publish","has-post-thumbnail","hentry","ef_categoria-ciclo-da-infancia-abc","ef_categoria-etica-e-cidadania","ef_ano-5o-ano","ef_componente-historia","entry","has-media"],"acf":[],"_links":{"self":[{"href":"https:\/\/sme.goiania.go.gov.br\/conexaoescola\/wp-json\/wp\/v2\/ensino_fundamental\/142263","targetHints":{"allow":["GET"]}}],"collection":[{"href":"https:\/\/sme.goiania.go.gov.br\/conexaoescola\/wp-json\/wp\/v2\/ensino_fundamental"}],"about":[{"href":"https:\/\/sme.goiania.go.gov.br\/conexaoescola\/wp-json\/wp\/v2\/types\/ensino_fundamental"}],"author":[{"embeddable":true,"href":"https:\/\/sme.goiania.go.gov.br\/conexaoescola\/wp-json\/wp\/v2\/users\/59"}],"version-history":[{"count":1,"href":"https:\/\/sme.goiania.go.gov.br\/conexaoescola\/wp-json\/wp\/v2\/ensino_fundamental\/142263\/revisions"}],"predecessor-version":[{"id":171715,"href":"https:\/\/sme.goiania.go.gov.br\/conexaoescola\/wp-json\/wp\/v2\/ensino_fundamental\/142263\/revisions\/171715"}],"wp:featuredmedia":[{"embeddable":true,"href":"https:\/\/sme.goiania.go.gov.br\/conexaoescola\/wp-json\/wp\/v2\/media\/142264"}],"wp:attachment":[{"href":"https:\/\/sme.goiania.go.gov.br\/conexaoescola\/wp-json\/wp\/v2\/media?parent=142263"}],"wp:term":[{"taxonomy":"ef_categoria","embeddable":true,"href":"https:\/\/sme.goiania.go.gov.br\/conexaoescola\/wp-json\/wp\/v2\/ef_categoria?post=142263"},{"taxonomy":"ef_ano","embeddable":true,"href":"https:\/\/sme.goiania.go.gov.br\/conexaoescola\/wp-json\/wp\/v2\/ef_ano?post=142263"},{"taxonomy":"ef_componente","embeddable":true,"href":"https:\/\/sme.goiania.go.gov.br\/conexaoescola\/wp-json\/wp\/v2\/ef_componente?post=142263"}],"curies":[{"name":"wp","href":"https:\/\/api.w.org\/{rel}","templated":true}]}}